{"id":1001,"date":"2017-05-15T18:10:39","date_gmt":"2017-05-15T16:10:39","guid":{"rendered":"https:\/\/le-clairon-nouveau.fr\/wordpress\/?page_id=1001"},"modified":"2020-07-23T13:49:06","modified_gmt":"2020-07-23T11:49:06","slug":"art-de-vivre","status":"publish","type":"page","link":"https:\/\/le-clairon-nouveau.fr\/wordpress\/pages-visibles\/art-de-vivre\/","title":{"rendered":"Art de Vivre"},"content":{"rendered":"<p style=\"text-align: justify;\"><span style=\"font-size: 10pt; color: #800000;\"><em>Tous les articles de la rubrique \u00ab\u00a0Art de Vivre\u00a0\u00bb sont d\u00e9sormais affich\u00e9s dans la liste ci-dessous, dans l\u2019ordre chronologique d\u00e9croissant.<br \/>\nVous pouvez s\u00e9lectionner un th\u00e8me particulier et \/ ou une \u00e9dition.<\/em><\/span><\/p>\n<div class=\"pt-cv-wrapper\"><div class=\"cvp-live-filter cvp-button \" id=\"\" data-name=\"tx_category\" data-sid=\"d63f11ejqd\"><label class=\"cvp-label\">Choisir le th\u00e8me :<\/label><div class=\"btn\"><label><input type=\"radio\" name=\"tx_category\" value=\"\" checked\/><div>Tous les th\u00e8mes<\/div><\/label><\/div><div class=\"btn\"><label><input type=\"radio\" name=\"tx_category\" value=\"rub_adv_cuisine\" \/><div>Cuisine &amp; Recettes<\/div><\/label><\/div><div class=\"btn\"><label><input type=\"radio\" name=\"tx_category\" value=\"rub_adv_gastro\" \/><div>Gastronomie<\/div><\/label><\/div><div class=\"btn\"><label><input type=\"radio\" name=\"tx_category\" value=\"rub_adv_prod\" \/><div>Produits &amp; Aliments<\/div><\/label><\/div><div class=\"btn\"><label><input type=\"radio\" name=\"tx_category\" value=\"rub_adv_jardin\" \/><div>Jardin<\/div><\/label><\/div><div class=\"btn\"><label><input type=\"radio\" name=\"tx_category\" value=\"rub_adv_maison\" \/><div>Maison &amp; Bricolage<\/div><\/label><\/div><\/div><div class=\"cvp-live-filter cvp-dropdown \" id=\"\" data-name=\"tx_edition\" data-sid=\"d63f11ejqd\"><label class=\"cvp-label\">Choisir le n\u00b0 de Parution :<\/label><select name=\"tx_edition\"><option value=\"\">Toutes les parutions<\/option><option value=\"edi_00126\" >Edition n\u00b0 126 D\u00e9cembre 2025 &#8211; Janvier 2026<span class=\"cvp-count\"> (1)<\/span><\/option><option value=\"edi_00125\" >Edition n\u00b0 125 Novembre-D\u00e9cembre 2025<span class=\"cvp-count\"> (1)<\/span><\/option><option value=\"edi_00123\" >Edition n\u00b0 123 Septembre-Octobre 2025<span class=\"cvp-count\"> (1)<\/span><\/option><option value=\"edi_00121\" >Edition n\u00b0 121 Juin-Juillet 2025<span class=\"cvp-count\"> (1)<\/span><\/option><option value=\"edi_00120\" >Edition n\u00b0 120 Mai-Juin 2025<span class=\"cvp-count\"> (1)<\/span><\/option><option value=\"edi_00118\" >Edition n\u00b0 118 Mars-Avril 2025<span class=\"cvp-count\"> (1)<\/span><\/option><option value=\"edi_00117\" >Edition n\u00b0 117 F\u00e9vrier-Mars 2025<span class=\"cvp-count\"> (1)<\/span><\/option><option value=\"edi_00116\" >Edition n\u00b0 116 Janvier-F\u00e9vrier 2025<span class=\"cvp-count\"> (1)<\/span><\/option><option value=\"edi_00115\" >Edition n\u00b0115 D\u00e9cembre 2024-Janvier 2025<span class=\"cvp-count\"> (1)<\/span><\/option><option value=\"edi_00114\" >Edition n\u00b0114 Novembre-D\u00e9cembre 2024<span class=\"cvp-count\"> (1)<\/span><\/option><option value=\"edi_00111\" >Edition n\u00b0 111 Juillet-Septembre 2024<span class=\"cvp-count\"> (1)<\/span><\/option><option value=\"edi_00110\" >Edition n\u00b0 110 Juin-Juillet 2024<span class=\"cvp-count\"> (1)<\/span><\/option><option value=\"edi_00109\" >Edition n\u00b0 109 Mai-Juin 2024<span class=\"cvp-count\"> (1)<\/span><\/option><option value=\"edi_00107\" >Edition n\u00b0 107 Mars-Avril 2024<span class=\"cvp-count\"> (2)<\/span><\/option><option value=\"edi_00106\" >Edition n\u00b0 106 F\u00e9vrier-Mars 2024<span class=\"cvp-count\"> (1)<\/span><\/option><option value=\"edi_00105\" >Edition n\u00b0 105 Janvier-F\u00e9vrier 2024<span class=\"cvp-count\"> (2)<\/span><\/option><option value=\"edi_00104\" >Edition n\u00b0 104 D\u00e9cembre 2023 &#8211; Janvier 2024<span class=\"cvp-count\"> (1)<\/span><\/option><option value=\"edi_00103\" >Edition N\u00b0 103 Novembre-D\u00e9cembre 2023<span class=\"cvp-count\"> (1)<\/span><\/option><option value=\"edi_00102\" >Edition n\u00b0 102 Octobre-Novembre 2023<span class=\"cvp-count\"> (1)<\/span><\/option><option value=\"edi_00101\" >Edition n\u00b0 101 Septembre-Octobre 2023<span class=\"cvp-count\"> (1)<\/span><\/option><option value=\"edi_00100\" >Edition n\u00b0 100 Juillet-Septembre 2023<span class=\"cvp-count\"> (1)<\/span><\/option><option value=\"edi_00099\" >Edition n\u00b0 99 Juin-Juillet 2023<span class=\"cvp-count\"> (1)<\/span><\/option><option value=\"edi_00098\" >Edition n\u00b0 98 Mai-Juin 2023<span class=\"cvp-count\"> (1)<\/span><\/option><option value=\"edi_00094\" >Edition n\u00b0 94 Janvier-F\u00e9vrier 2023<span class=\"cvp-count\"> (1)<\/span><\/option><option value=\"edi_00093\" >Edition n\u00b0 93 D\u00e9cembre 2022 &#8211; Janvier 2023<span class=\"cvp-count\"> (1)<\/span><\/option><option value=\"edi_00092\" >Edition n\u00b0 92 Novembre-D\u00e9cembre 2022<span class=\"cvp-count\"> (1)<\/span><\/option><option value=\"edi_00091\" >Edition n\u00b0 91 Octobre-Novembre 2022<span class=\"cvp-count\"> (1)<\/span><\/option><option value=\"edi_00090\" >Edition n\u00b0 90 Septembre-Octobre 2022<span class=\"cvp-count\"> (1)<\/span><\/option><option value=\"edi_00089\" >Edition n\u00b0 89 Juillet-Septembre 2022<span class=\"cvp-count\"> (1)<\/span><\/option><option value=\"edi_00088\" >Edition n\u00b0 88 Juin-Juillet 2022<span class=\"cvp-count\"> (1)<\/span><\/option><option value=\"edi_00087\" >Edition n\u00b0 87 Mai-Juin 2022<span class=\"cvp-count\"> (1)<\/span><\/option><option value=\"edi_00086\" >Edition n\u00b0 86 Avril-Mai 2022<span class=\"cvp-count\"> (1)<\/span><\/option><option value=\"edi_00085\" >Edition n\u00b0 85 Mars-Avril 2022<span class=\"cvp-count\"> (1)<\/span><\/option><option value=\"edi_00084\" >Edition n\u00b0 84 F\u00e9vrier-Mars 2022<span class=\"cvp-count\"> (2)<\/span><\/option><option value=\"edi_00083\" >Edition n\u00b0 83 Janvier-F\u00e9vrier 2022<span class=\"cvp-count\"> (1)<\/span><\/option><option value=\"edi_00082\" >Edition n\u00b0 82 D\u00e9cembre 2021 &#8211; Janvier 2022<span class=\"cvp-count\"> (1)<\/span><\/option><option value=\"edi_00081\" >Edition n\u00b0 81 Novembre-D\u00e9cembre 2021<span class=\"cvp-count\"> (1)<\/span><\/option><option value=\"edi_00080\" >Edition n\u00b0 80 Octobre-Novembre 2021<span class=\"cvp-count\"> (1)<\/span><\/option><option value=\"edi_00079\" >Edition n\u00b0 79 Septembre-Octobre 2021<span class=\"cvp-count\"> (1)<\/span><\/option><option value=\"edi_00078\" >Edition n\u00b0 78 Juillet-Septembre 2021<span class=\"cvp-count\"> (1)<\/span><\/option><option value=\"edi_00077\" >Edition n\u00b0 77 Juin-Juillet 2021<span class=\"cvp-count\"> (1)<\/span><\/option><option value=\"edi_00076\" >Edition n\u00b0 76 Mai-Juin 2021<span class=\"cvp-count\"> (1)<\/span><\/option><option value=\"edi_00075\" >Edition n\u00b0 75 Avril-Mai 2021<span class=\"cvp-count\"> (1)<\/span><\/option><option value=\"edi_00074\" >Edition n\u00b0 74 Mars-Avril 2021<span class=\"cvp-count\"> (2)<\/span><\/option><option value=\"edi_00073\" >Edition n\u00b0 73 F\u00e9vrier-Mars 2021<span class=\"cvp-count\"> (2)<\/span><\/option><option value=\"edi_00072\" >Edition n\u00b0 72 Janvier-F\u00e9vrier 2021<span class=\"cvp-count\"> (1)<\/span><\/option><option value=\"edi_00071\" >Edition n\u00b0 71 D\u00e9cembre 2020 &#8211; Janvier 2021<span class=\"cvp-count\"> (1)<\/span><\/option><option value=\"edi_00070\" >Edition n\u00b0 70 Novembre-D\u00e9cembre 2020<span class=\"cvp-count\"> (1)<\/span><\/option><option value=\"edi_00069\" >Edition n\u00b0 69 Octobre-Novembre 2020<span class=\"cvp-count\"> (1)<\/span><\/option><option value=\"edi_00067\" >Edition n\u00b0 67 Juillet-Septembre 2020<span class=\"cvp-count\"> (1)<\/span><\/option><option value=\"edi_00066\" >Edition n\u00b0 66 Juin-Juillet 2020<span class=\"cvp-count\"> (2)<\/span><\/option><option value=\"edi_00065\" >Edition n\u00b0 65 Mai-Juin 2020<span class=\"cvp-count\"> (1)<\/span><\/option><option value=\"edi_00064\" >Edition n\u00b0 64 Avril-Mai 2020<span class=\"cvp-count\"> (1)<\/span><\/option><option value=\"edi_00063\" >Edition n\u00b0 63 Mars-Avril 2020<span class=\"cvp-count\"> (1)<\/span><\/option><option value=\"edi_00062\" >Edition n\u00b0 62 F\u00e9vrier-Mars 2020<span class=\"cvp-count\"> (1)<\/span><\/option><option value=\"edi_00061\" >Edition n\u00b0 61 Janvier-F\u00e9vrier 2020<span class=\"cvp-count\"> (2)<\/span><\/option><option value=\"edi_00060\" >Edition n\u00b0 60 D\u00e9cembre 2019 &#8211; Janvier 2020<span class=\"cvp-count\"> (1)<\/span><\/option><option value=\"edi_00058\" >Edition n\u00b0 58 &#8211; Octobre-Novembre 2019<span class=\"cvp-count\"> (1)<\/span><\/option><\/select><\/div><div class=\"pt-cv-view pt-cv-grid pt-cv-colsys pt-cv-same-height pt-cv-content-hover effect-ud pt-cv-overlay-top pt-cv-pgregular\" id=\"pt-cv-view-d63f11ejqd\"><div data-id=\"pt-cv-page-1\" class=\"pt-cv-page\" data-cvc=\"3\" data-cvct=\"2\" data-cvcm=\"1\"><div class=\"col-md-4 col-sm-6 col-xs-12 pt-cv-content-item pt-cv-1-col\"  data-pid=\"32732\"><div class='pt-cv-ifield'><h4 class=\"pt-cv-title\"><a href=\"https:\/\/le-clairon-nouveau.fr\/wordpress\/blog\/2025\/12\/23\/pour-lapero-une-recette-de-tastsiky\/\" class=\"_self cvplbd\" target=\"_self\" >Pour l&rsquo;ap\u00e9ro : une recette de Tastsiky<\/a><\/h4>\n<div class=\"pt-cv-hover-wrapper\"><a href=\"https:\/\/le-clairon-nouveau.fr\/wordpress\/blog\/2025\/12\/23\/pour-lapero-une-recette-de-tastsiky\/\" class=\"_self pt-cv-href-thumbnail pt-cv-thumb-default cvplbd cvp-lazy-container cvp-responsive-image img-rounded\" target=\"_self\" data-iw=\"300\" data-ih=\"300\"><img decoding=\"async\" width=\"300\" src=\"https:\/\/le-clairon-nouveau.fr\/wordpress\/wp-content\/plugins\/pt-content-views-pro\/public\/assets\/images\/lazy_image.png\" class=\"pt-cv-thumbnail img-rounded cvp-substitute no-lazyload  cvplazy\" alt=\"Pour l&#039;ap\u00e9ro : une recette de Tastsiky\" title=\"\" data-no-lazy=\"1\" data-cvpsrc=\"https:\/\/i0.wp.com\/le-clairon-nouveau.fr\/wordpress\/wp-content\/uploads\/2025\/12\/Tsatsiky-126-2.jpg?resize=480%2C502&amp;ssl=1\" \/><\/a><div class=\"pt-cv-mask\"><div class=\"pt-cv-animation-left pt-cv-content\">Souvent les f\u00eates de fin d\u2019ann\u00e9e sont l&rsquo;occasion de multiplier les ap\u00e9ros. On y consomme toutes sortes de bouch\u00e9es, ou de mises en bouche ultra-transform\u00e9es. Pour pr\u00e9server sa sant\u00e9 (m\u00eame si de temps en temps on peut se laisser aller) voici une recette toute saine et facile \u00e0 r\u00e9aliser : le Tsatsiky,\u00a0 fait \u00e0 base de yaourt de brebis et de concombre. Ce n\u2019est pas cher et \u00e7a vient de ... <a href=\"https:\/\/le-clairon-nouveau.fr\/wordpress\/blog\/2025\/12\/23\/pour-lapero-une-recette-de-tastsiky\/\" class=\"_self pt-cv-readmore pt-cv-textlink cvplbd\" target=\"_self\" data-iw=\"300\" data-ih=\"300\">Lire la suite<\/a><\/div><\/div><\/div>\n<div class=\"pt-cv-meta-fields\"><span class=\"entry-date\"><span class=\"glyphicon glyphicon-calendar\"><\/span> <time datetime=\"2025-12-23T12:30:30+01:00\">23 d\u00e9cembre 2025<\/time><\/span><span class=\"author\"><span class=\"glyphicon glyphicon-user\"><\/span> <a href=\"https:\/\/le-clairon-nouveau.fr\/wordpress\/blog\/author\/hubert\/\" rel=\"author\">Hubert Reys<\/a><\/span><\/div><\/div><\/div>\n<div class=\"col-md-4 col-sm-6 col-xs-12 pt-cv-content-item pt-cv-1-col\"  data-pid=\"32620\"><div class='pt-cv-ifield'><h4 class=\"pt-cv-title\"><a href=\"https:\/\/le-clairon-nouveau.fr\/wordpress\/blog\/2025\/11\/23\/une-delicieuse-recette-de-cake\/\" class=\"_self cvplbd\" target=\"_self\" data-iw=\"300\" data-ih=\"300\">Une d\u00e9licieuse recette de cake<\/a><\/h4>\n<div class=\"pt-cv-hover-wrapper\"><a href=\"https:\/\/le-clairon-nouveau.fr\/wordpress\/blog\/2025\/11\/23\/une-delicieuse-recette-de-cake\/\" class=\"_self pt-cv-href-thumbnail pt-cv-thumb-default cvplbd cvp-lazy-container cvp-responsive-image img-rounded\" target=\"_self\" data-iw=\"300\" data-ih=\"300\"><img decoding=\"async\" width=\"300\" src=\"https:\/\/le-clairon-nouveau.fr\/wordpress\/wp-content\/plugins\/pt-content-views-pro\/public\/assets\/images\/lazy_image.png\" class=\"pt-cv-thumbnail img-rounded cvp-substitute no-lazyload  cvplazy\" alt=\"Une d\u00e9licieuse recette de cake\" title=\"\" data-no-lazy=\"1\" data-cvpsrc=\"https:\/\/i0.wp.com\/le-clairon-nouveau.fr\/wordpress\/wp-content\/uploads\/2025\/11\/Photo-Cake-citron-HR.jpg?resize=626%2C463&amp;ssl=1\" \/><\/a><div class=\"pt-cv-mask\"><div class=\"pt-cv-animation-left pt-cv-content\">\u00a0 \u00a0Le temps des f\u00eates de fin d\u2019ann\u00e9e approche. On se rend visite les uns, les autres, A cette occasion, il est bon de t\u00e9moigner aux visiteurs de l\u2019estime qu\u2019on leur porte. Par exemple en leur offrant autre chose qu\u2019une p\u00e2tisserie industrielle. Un cake maison peut faire l\u2019affaire : voici une recette toute simple de Catherine\u2026 CAKE AU CITRON ULTRA RAPIDE ET D\u00c9LICIEUX Photo HR Ingr\u00e9dients\u00a0: 150 gr de farine ... <a href=\"https:\/\/le-clairon-nouveau.fr\/wordpress\/blog\/2025\/11\/23\/une-delicieuse-recette-de-cake\/\" class=\"_self pt-cv-readmore pt-cv-textlink cvplbd\" target=\"_self\" data-iw=\"300\" data-ih=\"300\">Lire la suite<\/a><\/div><\/div><\/div>\n<div class=\"pt-cv-meta-fields\"><span class=\"entry-date\"><span class=\"glyphicon glyphicon-calendar\"><\/span> <time datetime=\"2025-11-23T12:30:01+01:00\">23 novembre 2025<\/time><\/span><span class=\"author\"><span class=\"glyphicon glyphicon-user\"><\/span> <a href=\"https:\/\/le-clairon-nouveau.fr\/wordpress\/blog\/author\/catburg\/\" rel=\"author\">Catherine Burger<\/a><\/span><\/div><\/div><\/div>\n<div class=\"col-md-4 col-sm-6 col-xs-12 pt-cv-content-item pt-cv-1-col\"  data-pid=\"32454\"><div class='pt-cv-ifield'><h4 class=\"pt-cv-title\"><a href=\"https:\/\/le-clairon-nouveau.fr\/wordpress\/blog\/2025\/09\/23\/a-marcorignan-lecologie-se-fete-et-se-construit-ensemble\/\" class=\"_self cvplbd\" target=\"_self\" data-iw=\"300\" data-ih=\"300\">A Marcorignan l&rsquo;\u00e9cologie se f\u00eate et se construit ensemble !<\/a><\/h4>\n<div class=\"pt-cv-hover-wrapper\"><a href=\"https:\/\/le-clairon-nouveau.fr\/wordpress\/blog\/2025\/09\/23\/a-marcorignan-lecologie-se-fete-et-se-construit-ensemble\/\" class=\"_self pt-cv-href-thumbnail pt-cv-thumb-default cvplbd cvp-lazy-container cvp-responsive-image img-rounded\" target=\"_self\" data-iw=\"300\" data-ih=\"300\"><img decoding=\"async\" width=\"300\" src=\"https:\/\/le-clairon-nouveau.fr\/wordpress\/wp-content\/plugins\/pt-content-views-pro\/public\/assets\/images\/lazy_image.png\" class=\"pt-cv-thumbnail img-rounded cvp-substitute no-lazyload  cvplazy\" alt=\"A Marcorignan l&#039;\u00e9cologie se f\u00eate et se construit ensemble !\" title=\"\" data-no-lazy=\"1\" data-cvpsrc=\"https:\/\/i0.wp.com\/le-clairon-nouveau.fr\/wordpress\/wp-content\/uploads\/2025\/09\/Capture-decran-2025-09-23-105808.png?resize=838%2C600&amp;ssl=1\" \/><\/a><div class=\"pt-cv-mask\"><div class=\"pt-cv-animation-left pt-cv-content\">A Marcorignan, la jeune association locale \"Le Collectif Bleu Occitanie\" organise avec le soutien du maire Eric Banos, un rendez- vous festif, familial et inclusif sera l\u2019occasion de c\u00e9l\u00e9brer les initiatives \u00e9cologiques et solidaires du territoire ... <a href=\"https:\/\/le-clairon-nouveau.fr\/wordpress\/blog\/2025\/09\/23\/a-marcorignan-lecologie-se-fete-et-se-construit-ensemble\/\" class=\"_self pt-cv-readmore pt-cv-textlink cvplbd\" target=\"_self\" data-iw=\"300\" data-ih=\"300\">Lire la suite<\/a><\/div><\/div><\/div>\n<div class=\"pt-cv-meta-fields\"><span class=\"entry-date\"><span class=\"glyphicon glyphicon-calendar\"><\/span> <time datetime=\"2025-09-23T12:30:47+02:00\">23 septembre 2025<\/time><\/span><span class=\"author\"><span class=\"glyphicon glyphicon-user\"><\/span> <a href=\"https:\/\/le-clairon-nouveau.fr\/wordpress\/blog\/author\/redact\/\" rel=\"author\">La R\u00e9daction du Clairon de l'Atax<\/a><\/span><\/div><\/div><\/div>\n<div class=\"col-md-4 col-sm-6 col-xs-12 pt-cv-content-item pt-cv-1-col\"  data-pid=\"32173\"><div class='pt-cv-ifield'><h4 class=\"pt-cv-title\"><a href=\"https:\/\/le-clairon-nouveau.fr\/wordpress\/blog\/2025\/06\/23\/cigares-de-courgettes-croustillants\/\" class=\"_self cvplbd\" target=\"_self\" data-iw=\"300\" data-ih=\"300\">Cigares de courgettes croustillants<\/a><\/h4>\n<div class=\"pt-cv-hover-wrapper\"><a href=\"https:\/\/le-clairon-nouveau.fr\/wordpress\/blog\/2025\/06\/23\/cigares-de-courgettes-croustillants\/\" class=\"_self pt-cv-href-thumbnail pt-cv-thumb-default cvplbd cvp-lazy-container cvp-responsive-image img-rounded\" target=\"_self\" data-iw=\"300\" data-ih=\"300\"><img decoding=\"async\" width=\"300\" src=\"https:\/\/le-clairon-nouveau.fr\/wordpress\/wp-content\/plugins\/pt-content-views-pro\/public\/assets\/images\/lazy_image.png\" class=\"pt-cv-thumbnail img-rounded cvp-substitute no-lazyload  cvplazy\" alt=\"Cigares de courgettes croustillants\" title=\"\" data-no-lazy=\"1\" data-cvpsrc=\"https:\/\/i0.wp.com\/le-clairon-nouveau.fr\/wordpress\/wp-content\/uploads\/2025\/06\/IMG_20250608_202858recette-brick.jpg?resize=717%2C538&amp;ssl=1\" \/><\/a><div class=\"pt-cv-mask\"><div class=\"pt-cv-animation-left pt-cv-content\">Voici une recette propos\u00e9e par Catherine. Elle est facile et rapide \u00e0 pr\u00e9parer, on la fait cuire au four le temps de prendre l\u2019ap\u00e9ro un soir d\u2019\u00e9t\u00e9&#8230; (Photo HR) Ingr\u00e9dients (pour 4 personnes)\u00a0: 2 ou 3 courgettes 100 gr de mozarella 100 gr de feta 1 paquet de feuilles de brick 1 \u0153uf 1 ou 2 carottes selon taille (facultatif) Huile d\u2019olive Sel \u2013 poivre \u2013 herbes de Provence Pr\u00e9paration\u00a0: ... <a href=\"https:\/\/le-clairon-nouveau.fr\/wordpress\/blog\/2025\/06\/23\/cigares-de-courgettes-croustillants\/\" class=\"_self pt-cv-readmore pt-cv-textlink cvplbd\" target=\"_self\" data-iw=\"300\" data-ih=\"300\">Lire la suite<\/a><\/div><\/div><\/div>\n<div class=\"pt-cv-meta-fields\"><span class=\"entry-date\"><span class=\"glyphicon glyphicon-calendar\"><\/span> <time datetime=\"2025-06-23T12:30:10+02:00\">23 juin 2025<\/time><\/span><span class=\"author\"><span class=\"glyphicon glyphicon-user\"><\/span> <a href=\"https:\/\/le-clairon-nouveau.fr\/wordpress\/blog\/author\/catburg\/\" rel=\"author\">Catherine Burger<\/a><\/span><\/div><\/div><\/div>\n<div class=\"col-md-4 col-sm-6 col-xs-12 pt-cv-content-item pt-cv-1-col\"  data-pid=\"31843\"><div class='pt-cv-ifield'><h4 class=\"pt-cv-title\"><a href=\"https:\/\/le-clairon-nouveau.fr\/wordpress\/blog\/2025\/05\/23\/une-recette-de-cuisine-polynesienne-tellement-delicieuse\/\" class=\"_self cvplbd\" target=\"_self\" data-iw=\"300\" data-ih=\"300\">Une recette de cuisine polyn\u00e9sienne tellement d\u00e9licieuse&#8230;<\/a><\/h4>\n<div class=\"pt-cv-hover-wrapper\"><a href=\"https:\/\/le-clairon-nouveau.fr\/wordpress\/blog\/2025\/05\/23\/une-recette-de-cuisine-polynesienne-tellement-delicieuse\/\" class=\"_self pt-cv-href-thumbnail pt-cv-thumb-default cvplbd cvp-lazy-container cvp-responsive-image img-rounded\" target=\"_self\" data-iw=\"300\" data-ih=\"300\"><img decoding=\"async\" width=\"300\" src=\"https:\/\/le-clairon-nouveau.fr\/wordpress\/wp-content\/plugins\/pt-content-views-pro\/public\/assets\/images\/lazy_image.png\" class=\"pt-cv-thumbnail img-rounded cvp-substitute no-lazyload  cvplazy\" alt=\"Une recette de cuisine polyn\u00e9sienne tellement d\u00e9licieuse...\" title=\"\" data-no-lazy=\"1\" data-cvpsrc=\"https:\/\/i0.wp.com\/le-clairon-nouveau.fr\/wordpress\/wp-content\/uploads\/2025\/05\/Thon-a-la-tahitienne-bis.jpg?resize=660%2C495&amp;ssl=1\" \/><\/a><div class=\"pt-cv-mask\"><div class=\"pt-cv-animation-left pt-cv-content\">Simple et sublime ... <a href=\"https:\/\/le-clairon-nouveau.fr\/wordpress\/blog\/2025\/05\/23\/une-recette-de-cuisine-polynesienne-tellement-delicieuse\/\" class=\"_self pt-cv-readmore pt-cv-textlink cvplbd\" target=\"_self\" data-iw=\"300\" data-ih=\"300\">Lire la suite<\/a><\/div><\/div><\/div>\n<div class=\"pt-cv-meta-fields\"><span class=\"entry-date\"><span class=\"glyphicon glyphicon-calendar\"><\/span> <time datetime=\"2025-05-23T12:30:44+02:00\">23 mai 2025<\/time><\/span><span class=\"author\"><span class=\"glyphicon glyphicon-user\"><\/span> <a href=\"https:\/\/le-clairon-nouveau.fr\/wordpress\/blog\/author\/hubert\/\" rel=\"author\">Hubert Reys<\/a><\/span><\/div><\/div><\/div>\n<div class=\"col-md-4 col-sm-6 col-xs-12 pt-cv-content-item pt-cv-1-col\"  data-pid=\"31392\"><div class='pt-cv-ifield'><h4 class=\"pt-cv-title\"><a href=\"https:\/\/le-clairon-nouveau.fr\/wordpress\/blog\/2025\/03\/23\/une-soupe-delicieuse-et-qui-cale-bien-lestomac\/\" class=\"_self cvplbd\" target=\"_self\" data-iw=\"300\" data-ih=\"300\">Une soupe d\u00e9licieuse et qui cale bien l&rsquo;estomac<\/a><\/h4>\n<div class=\"pt-cv-hover-wrapper\"><a href=\"https:\/\/le-clairon-nouveau.fr\/wordpress\/blog\/2025\/03\/23\/une-soupe-delicieuse-et-qui-cale-bien-lestomac\/\" class=\"_self pt-cv-href-thumbnail pt-cv-thumb-default cvplbd cvp-lazy-container cvp-responsive-image img-rounded\" target=\"_self\" data-iw=\"300\" data-ih=\"300\"><img decoding=\"async\" width=\"300\" src=\"https:\/\/le-clairon-nouveau.fr\/wordpress\/wp-content\/plugins\/pt-content-views-pro\/public\/assets\/images\/lazy_image.png\" class=\"pt-cv-thumbnail img-rounded cvp-substitute no-lazyload  cvplazy\" alt=\"Une soupe d\u00e9licieuse et qui cale bien l&#039;estomac\" title=\"\" data-no-lazy=\"1\" data-cvpsrc=\"https:\/\/i0.wp.com\/le-clairon-nouveau.fr\/wordpress\/wp-content\/uploads\/2025\/03\/Soupe-du-Ramadan-photo-HR.jpg?resize=675%2C506&amp;ssl=1\" \/><\/a><div class=\"pt-cv-mask\"><div class=\"pt-cv-animation-left pt-cv-content\">Elle avait gard\u00e9 mon bon vieux gros chien pendant que j&rsquo;assistais \u00e0 une r\u00e9union qui a dur\u00e9 plus longtemps que pr\u00e9vu . Quand je suis revenu \u00e0 21 heures tout honteux chercher mon chien, Colette avait souri&#8230;Elle avait dress\u00e9 des assiettes creuses dans lesquelles elle m&rsquo;a vers\u00e9 une soupe absolument d\u00e9licieuses aux parfums d&rsquo;orient.. Voici la Recette de la soupe du ramadan (Harira) Soupe du Ramadan (photo HR) \u00a0 Ingr\u00e9dients ... <a href=\"https:\/\/le-clairon-nouveau.fr\/wordpress\/blog\/2025\/03\/23\/une-soupe-delicieuse-et-qui-cale-bien-lestomac\/\" class=\"_self pt-cv-readmore pt-cv-textlink cvplbd\" target=\"_self\" data-iw=\"300\" data-ih=\"300\">Lire la suite<\/a><\/div><\/div><\/div>\n<div class=\"pt-cv-meta-fields\"><span class=\"entry-date\"><span class=\"glyphicon glyphicon-calendar\"><\/span> <time datetime=\"2025-03-23T12:30:15+01:00\">23 mars 2025<\/time><\/span><span class=\"author\"><span class=\"glyphicon glyphicon-user\"><\/span> <a href=\"https:\/\/le-clairon-nouveau.fr\/wordpress\/blog\/author\/hubert\/\" rel=\"author\">Hubert Reys<\/a><\/span><\/div><\/div><\/div>\n<div class=\"col-md-4 col-sm-6 col-xs-12 pt-cv-content-item pt-cv-1-col\"  data-pid=\"31292\"><div class='pt-cv-ifield'><h4 class=\"pt-cv-title\"><a href=\"https:\/\/le-clairon-nouveau.fr\/wordpress\/blog\/2025\/02\/23\/un-delice-insolite-et-peu-connu-les-spaghettis-a-la-poutarge\/\" class=\"_self cvplbd\" target=\"_self\" data-iw=\"300\" data-ih=\"300\">Un d\u00e9lice insolite et peu connu : les spaghettis \u00e0 la poutargue<\/a><\/h4>\n<div class=\"pt-cv-hover-wrapper\"><a href=\"https:\/\/le-clairon-nouveau.fr\/wordpress\/blog\/2025\/02\/23\/un-delice-insolite-et-peu-connu-les-spaghettis-a-la-poutarge\/\" class=\"_self pt-cv-href-thumbnail pt-cv-thumb-default cvplbd cvp-lazy-container cvp-responsive-image img-rounded\" target=\"_self\" data-iw=\"300\" data-ih=\"300\"><img decoding=\"async\" width=\"300\" src=\"https:\/\/le-clairon-nouveau.fr\/wordpress\/wp-content\/plugins\/pt-content-views-pro\/public\/assets\/images\/lazy_image.png\" class=\"pt-cv-thumbnail img-rounded cvp-substitute no-lazyload  cvplazy\" alt=\"Un d\u00e9lice insolite et peu connu : les spaghettis \u00e0 la poutargue\" title=\"\" data-no-lazy=\"1\" data-cvpsrc=\"https:\/\/i0.wp.com\/le-clairon-nouveau.fr\/wordpress\/wp-content\/uploads\/2025\/02\/Linguine-sauce-poutargue.jpg?resize=655%2C491&amp;ssl=1\" \/><\/a><div class=\"pt-cv-mask\"><div class=\"pt-cv-animation-left pt-cv-content\">C&rsquo;est une recette rapide et facile \u00e0 r\u00e9aliser Curd Nonsky (c\u2019est un pseudo) est un audois de haute couleur qui tente des exp\u00e9riences culinaires parfois r\u00e9ussies, parfois rat\u00e9es. Cette fois-ci, invit\u00e9s par lui, nous nous \u00e9tions pr\u00e9sent\u00e9s avec une certaine appr\u00e9hension\u2026 jour de chance\u00a0: cette fois l\u2019exp\u00e9rience \u00e9tait tr\u00e8s r\u00e9ussie au point q\u2019une fois rent\u00e9s chez-nous, nous l\u2019avons reproduite\u2026 (Photo tr\u00e8s amateur de HR) Ingr\u00e9dients\u00a0pour 4 personnes 300 gr de ... <a href=\"https:\/\/le-clairon-nouveau.fr\/wordpress\/blog\/2025\/02\/23\/un-delice-insolite-et-peu-connu-les-spaghettis-a-la-poutarge\/\" class=\"_self pt-cv-readmore pt-cv-textlink cvplbd\" target=\"_self\" data-iw=\"300\" data-ih=\"300\">Lire la suite<\/a><\/div><\/div><\/div>\n<div class=\"pt-cv-meta-fields\"><span class=\"entry-date\"><span class=\"glyphicon glyphicon-calendar\"><\/span> <time datetime=\"2025-02-23T12:30:08+01:00\">23 f\u00e9vrier 2025<\/time><\/span><span class=\"author\"><span class=\"glyphicon glyphicon-user\"><\/span> <a href=\"https:\/\/le-clairon-nouveau.fr\/wordpress\/blog\/author\/redact\/\" rel=\"author\">La R\u00e9daction du Clairon de l'Atax<\/a><\/span><\/div><\/div><\/div>\n<div class=\"col-md-4 col-sm-6 col-xs-12 pt-cv-content-item pt-cv-1-col\"  data-pid=\"31058\"><div class='pt-cv-ifield'><h4 class=\"pt-cv-title\"><a href=\"https:\/\/le-clairon-nouveau.fr\/wordpress\/blog\/2025\/01\/23\/une-delicieuse-poularde-de-bresse-cuite-en-terrine\/\" class=\"_self cvplbd\" target=\"_self\" data-iw=\"300\" data-ih=\"300\">Une d\u00e9licieuse poularde de Bresse cuite en terrine<\/a><\/h4>\n<div class=\"pt-cv-hover-wrapper\"><a href=\"https:\/\/le-clairon-nouveau.fr\/wordpress\/blog\/2025\/01\/23\/une-delicieuse-poularde-de-bresse-cuite-en-terrine\/\" class=\"_self pt-cv-href-thumbnail pt-cv-thumb-default cvplbd cvp-lazy-container cvp-responsive-image img-rounded\" target=\"_self\" data-iw=\"300\" data-ih=\"300\"><img decoding=\"async\" width=\"300\" src=\"https:\/\/le-clairon-nouveau.fr\/wordpress\/wp-content\/plugins\/pt-content-views-pro\/public\/assets\/images\/lazy_image.png\" class=\"pt-cv-thumbnail img-rounded cvp-substitute no-lazyload  cvplazy\" alt=\"Une d\u00e9licieuse poularde de Bresse cuite en terrine\" title=\"\" data-no-lazy=\"1\" data-cvpsrc=\"https:\/\/i0.wp.com\/le-clairon-nouveau.fr\/wordpress\/wp-content\/uploads\/2025\/01\/Poularde-West-Chris.jpg?resize=690%2C518&amp;ssl=1\" \/><\/a><div class=\"pt-cv-mask\"><div class=\"pt-cv-animation-left pt-cv-content\">Quand Christiane de Vallauris \/ Golfe Juan fait de la cuisine c&rsquo;est du s\u00e9rieux, du pr\u00e9cis et du cr\u00e9atif. Ce qui de l&#8217;emp\u00eache pas de reprendre des recettes c\u00e9l\u00e8bres et de les interpr\u00e9ter \u00e0 sa fa\u00e7on. Voici donc une recette festive : La poularde de Bresse cuite comme un baekeoffe La terrine entour\u00e9e de p\u00e2te \u00e0 luter (Photo C. Burger) Ingr\u00e9dients\u00a0: 1 poularde de Bresse ou un beau poulet label ... <a href=\"https:\/\/le-clairon-nouveau.fr\/wordpress\/blog\/2025\/01\/23\/une-delicieuse-poularde-de-bresse-cuite-en-terrine\/\" class=\"_self pt-cv-readmore pt-cv-textlink cvplbd\" target=\"_self\" data-iw=\"300\" data-ih=\"300\">Lire la suite<\/a><\/div><\/div><\/div>\n<div class=\"pt-cv-meta-fields\"><span class=\"entry-date\"><span class=\"glyphicon glyphicon-calendar\"><\/span> <time datetime=\"2025-01-23T12:30:42+01:00\">23 janvier 2025<\/time><\/span><span class=\"author\"><span class=\"glyphicon glyphicon-user\"><\/span> <a href=\"https:\/\/le-clairon-nouveau.fr\/wordpress\/blog\/author\/catburg\/\" rel=\"author\">Catherine Burger<\/a><\/span><\/div><\/div><\/div>\n<div class=\"col-md-4 col-sm-6 col-xs-12 pt-cv-content-item pt-cv-1-col\"  data-pid=\"30928\"><div class='pt-cv-ifield'><h4 class=\"pt-cv-title\"><a href=\"https:\/\/le-clairon-nouveau.fr\/wordpress\/blog\/2024\/12\/21\/une-recette-de-cuisine-simple-et-delicieuse-pour-les-fetes\/\" class=\"_self cvplbd\" target=\"_self\" data-iw=\"300\" data-ih=\"300\">Une recette de cuisine simple et d\u00e9licieuse pour les f\u00eates<\/a><\/h4>\n<div class=\"pt-cv-hover-wrapper\"><a href=\"https:\/\/le-clairon-nouveau.fr\/wordpress\/blog\/2024\/12\/21\/une-recette-de-cuisine-simple-et-delicieuse-pour-les-fetes\/\" class=\"_self pt-cv-href-thumbnail pt-cv-thumb-default cvplbd cvp-lazy-container cvp-responsive-image img-rounded\" target=\"_self\" data-iw=\"300\" data-ih=\"300\"><img decoding=\"async\" width=\"300\" src=\"https:\/\/le-clairon-nouveau.fr\/wordpress\/wp-content\/plugins\/pt-content-views-pro\/public\/assets\/images\/lazy_image.png\" class=\"pt-cv-thumbnail img-rounded cvp-substitute no-lazyload  cvplazy\" alt=\"Une recette de cuisine simple et d\u00e9licieuse pour les f\u00eates\" title=\"\" data-no-lazy=\"1\" data-cvpsrc=\"https:\/\/i0.wp.com\/le-clairon-nouveau.fr\/wordpress\/wp-content\/uploads\/2024\/12\/Quenelle-sauce-Nantua-2.jpg?resize=554%2C506&amp;ssl=1\" \/><\/a><div class=\"pt-cv-mask\"><div class=\"pt-cv-animation-left pt-cv-content\">Et pourquoi pas en cette p\u00e9riode de f\u00eates pr\u00e9parer un plat simple go\u00fbteux, rapide \u00e0 pr\u00e9parer et tout de m\u00eame un peu classe qui laisse le temps \u00e0 la cuisini\u00e8re ou au cuisinier d\u2019\u00eatre avec ses proches\u2026 Voici dans une version all\u00e9g\u00e9e (*) pr\u00e9sent\u00e9e par Sophie\u00a0: Les quenelles de brochet sauce Nantua \u00e0 la sortie du four (photo S.M) Ingr\u00e9dients\u00a0(pour 2 ou 3 personnes selon app\u00e9tit) : 6 quenelles achet\u00e9es ... <a href=\"https:\/\/le-clairon-nouveau.fr\/wordpress\/blog\/2024\/12\/21\/une-recette-de-cuisine-simple-et-delicieuse-pour-les-fetes\/\" class=\"_self pt-cv-readmore pt-cv-textlink cvplbd\" target=\"_self\" data-iw=\"300\" data-ih=\"300\">Lire la suite<\/a><\/div><\/div><\/div>\n<div class=\"pt-cv-meta-fields\"><span class=\"entry-date\"><span class=\"glyphicon glyphicon-calendar\"><\/span> <time datetime=\"2024-12-21T12:30:59+01:00\">21 d\u00e9cembre 2024<\/time><\/span><span class=\"author\"><span class=\"glyphicon glyphicon-user\"><\/span> <a href=\"https:\/\/le-clairon-nouveau.fr\/wordpress\/blog\/author\/sophie\/\" rel=\"author\">Sophie Masini<\/a><\/span><\/div><\/div><\/div>\n<div class=\"col-md-4 col-sm-6 col-xs-12 pt-cv-content-item pt-cv-1-col\"  data-pid=\"30811\"><div class='pt-cv-ifield'><h4 class=\"pt-cv-title\"><a href=\"https:\/\/le-clairon-nouveau.fr\/wordpress\/blog\/2024\/11\/23\/une-delicieuse-recette-dautomne\/\" class=\"_self cvplbd\" target=\"_self\" data-iw=\"300\" data-ih=\"300\">Une d\u00e9licieuse recette d&rsquo;automne<\/a><\/h4>\n<div class=\"pt-cv-hover-wrapper\"><a href=\"https:\/\/le-clairon-nouveau.fr\/wordpress\/blog\/2024\/11\/23\/une-delicieuse-recette-dautomne\/\" class=\"_self pt-cv-href-thumbnail pt-cv-thumb-default cvplbd cvp-lazy-container cvp-responsive-image img-rounded\" target=\"_self\" data-iw=\"300\" data-ih=\"300\"><img decoding=\"async\" width=\"300\" src=\"https:\/\/le-clairon-nouveau.fr\/wordpress\/wp-content\/plugins\/pt-content-views-pro\/public\/assets\/images\/lazy_image.png\" class=\"pt-cv-thumbnail img-rounded cvp-substitute no-lazyload  cvplazy\" alt=\"Une d\u00e9licieuse recette d&#039;automne\" title=\"\" data-no-lazy=\"1\" data-cvpsrc=\"https:\/\/i0.wp.com\/le-clairon-nouveau.fr\/wordpress\/wp-content\/uploads\/2024\/11\/butternut-recette-Catgerine-2.jpg?resize=561%2C421&amp;ssl=1\" \/><\/a><div class=\"pt-cv-mask\"><div class=\"pt-cv-animation-left pt-cv-content\">L&rsquo;automne est humide et de plus en plus frais\u00a0 sur les \u00e9tals courges, potirons et courges butternut remplacent les l\u00e9gumes de l&rsquo;\u00e9t\u00e9. Voici une recette \u00e0 la fois simple d\u00e9licieuse et roborative. Elle est propos\u00e9e et confectionn\u00e9e par Catherine : nous\u00a0 l&rsquo;avons go\u00fbt\u00e9e c&rsquo;est d\u00e9licieux ! BUTTERNUT FARCIE AUX LARDONS ET CH\u00c8VRE FONDANT (Photo HR) Ingr\u00e9dients\u00a0: 1 courge butternut* 150 gr de lardons 150 gr de fromage de ch\u00e8vre ( ... <a href=\"https:\/\/le-clairon-nouveau.fr\/wordpress\/blog\/2024\/11\/23\/une-delicieuse-recette-dautomne\/\" class=\"_self pt-cv-readmore pt-cv-textlink cvplbd\" target=\"_self\" data-iw=\"300\" data-ih=\"300\">Lire la suite<\/a><\/div><\/div><\/div>\n<div class=\"pt-cv-meta-fields\"><span class=\"entry-date\"><span class=\"glyphicon glyphicon-calendar\"><\/span> <time datetime=\"2024-11-23T12:30:20+01:00\">23 novembre 2024<\/time><\/span><span class=\"author\"><span class=\"glyphicon glyphicon-user\"><\/span> <a href=\"https:\/\/le-clairon-nouveau.fr\/wordpress\/blog\/author\/catburg\/\" rel=\"author\">Catherine Burger<\/a><\/span><\/div><\/div><\/div>\n<div class=\"col-md-4 col-sm-6 col-xs-12 pt-cv-content-item pt-cv-1-col\"  data-pid=\"30259\"><div class='pt-cv-ifield'><h4 class=\"pt-cv-title\"><a href=\"https:\/\/le-clairon-nouveau.fr\/wordpress\/blog\/2024\/07\/23\/le-bibelesskass-ques-aquo\/\" class=\"_self cvplbd\" target=\"_self\" data-iw=\"300\" data-ih=\"300\">Le bibelessk\u00e4ss qu\u2019es aqu\u00f2 ?<\/a><\/h4>\n<div class=\"pt-cv-hover-wrapper\"><a href=\"https:\/\/le-clairon-nouveau.fr\/wordpress\/blog\/2024\/07\/23\/le-bibelesskass-ques-aquo\/\" class=\"_self pt-cv-href-thumbnail pt-cv-thumb-default cvplbd cvp-lazy-container cvp-responsive-image img-rounded\" target=\"_self\" data-iw=\"300\" data-ih=\"300\"><img decoding=\"async\" width=\"300\" src=\"https:\/\/le-clairon-nouveau.fr\/wordpress\/wp-content\/plugins\/pt-content-views-pro\/public\/assets\/images\/lazy_image.png\" class=\"pt-cv-thumbnail img-rounded cvp-substitute no-lazyload  cvplazy\" alt=\"Le bibelessk\u00e4ss qu\u2019es aqu\u00f2 ?\" title=\"\" data-no-lazy=\"1\" data-cvpsrc=\"https:\/\/i0.wp.com\/le-clairon-nouveau.fr\/wordpress\/wp-content\/uploads\/2024\/07\/92B7822.jpg?resize=625%2C417&amp;ssl=1\" \/><\/a><div class=\"pt-cv-mask\"><div class=\"pt-cv-animation-left pt-cv-content\">C\u2019est Alsaco et quand il fait chaud c\u2019est rigolo\u00a0! Bibelessk\u00e4ss\u00a0: si on traduit litt\u00e9ralement en Alsaco (cette province qui ne s\u2019est jamais r\u00e9sign\u00e9e au jacobinisme francaoui) \u00e7a veut dire \u00ab\u00a0fromage de petites poules\u00a0\u00bb. Stup\u00e9fiant non\u00a0? A ceux qui ricanent et se moquent des expressions vernaculaires de ce beau terroir d\u2019Outre-Vosges, sachez que les Francaouis ont bien appel\u00e9 une de leurs potions \u00ab\u00a0lait de poule\u00a0\u00bb. Ce pr\u00e9alable id\u00e9ologique \u00e9tant d\u00e9blay\u00e9, voici ... <a href=\"https:\/\/le-clairon-nouveau.fr\/wordpress\/blog\/2024\/07\/23\/le-bibelesskass-ques-aquo\/\" class=\"_self pt-cv-readmore pt-cv-textlink cvplbd\" target=\"_self\" data-iw=\"300\" data-ih=\"300\">Lire la suite<\/a><\/div><\/div><\/div>\n<div class=\"pt-cv-meta-fields\"><span class=\"entry-date\"><span class=\"glyphicon glyphicon-calendar\"><\/span> <time datetime=\"2024-07-23T12:30:21+02:00\">23 juillet 2024<\/time><\/span><span class=\"author\"><span class=\"glyphicon glyphicon-user\"><\/span> <a href=\"https:\/\/le-clairon-nouveau.fr\/wordpress\/blog\/author\/redact\/\" rel=\"author\">La R\u00e9daction du Clairon de l'Atax<\/a><\/span><\/div><\/div><\/div>\n<div class=\"col-md-4 col-sm-6 col-xs-12 pt-cv-content-item pt-cv-1-col\"  data-pid=\"30116\"><div class='pt-cv-ifield'><h4 class=\"pt-cv-title\"><a href=\"https:\/\/le-clairon-nouveau.fr\/wordpress\/blog\/2024\/06\/23\/une-recette-de-pissaladiere\/\" class=\"_self cvplbd\" target=\"_self\" data-iw=\"300\" data-ih=\"300\">Une recette de pissaladi\u00e8re<\/a><\/h4>\n<div class=\"pt-cv-hover-wrapper\"><a href=\"https:\/\/le-clairon-nouveau.fr\/wordpress\/blog\/2024\/06\/23\/une-recette-de-pissaladiere\/\" class=\"_self pt-cv-href-thumbnail pt-cv-thumb-default cvplbd cvp-lazy-container cvp-responsive-image img-rounded\" target=\"_self\" data-iw=\"300\" data-ih=\"300\"><img decoding=\"async\" width=\"300\" src=\"https:\/\/le-clairon-nouveau.fr\/wordpress\/wp-content\/plugins\/pt-content-views-pro\/public\/assets\/images\/lazy_image.png\" class=\"pt-cv-thumbnail img-rounded cvp-substitute no-lazyload  cvplazy\" alt=\"Une recette de pissaladi\u00e8re\" title=\"\" data-no-lazy=\"1\" data-cvpsrc=\"https:\/\/i0.wp.com\/le-clairon-nouveau.fr\/wordpress\/wp-content\/uploads\/2024\/06\/Capture-decran-2024-06-20-231155.png?resize=593%2C479&amp;ssl=1\" \/><\/a><div class=\"pt-cv-mask\"><div class=\"pt-cv-animation-left pt-cv-content\">Avec l\u2019\u00e9t\u00e9 les plats du sud prennent une place pr\u00e9pond\u00e9rante dans nos envies. Alors pourquoi ne pas commencer par une bonne pissaladi\u00e8re ? Photo C. Burger Temps de pr\u00e9paration : 20 min\u00a0\u00a0\u00a0\u00a0\u00a0 Temps de cuisson : 6+8 min Ingr\u00e9dients\u00a0: 1 rouleau de p\u00e2te \u00e0 tarte, 6 oignons jaunes, 2 gousses d\u2019ail violet, 1 bo\u00eete ou 1 petit bocal de filets d\u2019anchois, (une quinzaine de filets) 15 \u00e0 20 olives noires ... <a href=\"https:\/\/le-clairon-nouveau.fr\/wordpress\/blog\/2024\/06\/23\/une-recette-de-pissaladiere\/\" class=\"_self pt-cv-readmore pt-cv-textlink cvplbd\" target=\"_self\" data-iw=\"300\" data-ih=\"300\">Lire la suite<\/a><\/div><\/div><\/div>\n<div class=\"pt-cv-meta-fields\"><span class=\"entry-date\"><span class=\"glyphicon glyphicon-calendar\"><\/span> <time datetime=\"2024-06-23T00:30:11+02:00\">23 juin 2024<\/time><\/span><span class=\"author\"><span class=\"glyphicon glyphicon-user\"><\/span> <a href=\"https:\/\/le-clairon-nouveau.fr\/wordpress\/blog\/author\/catburg\/\" rel=\"author\">Catherine Burger<\/a><\/span><\/div><\/div><\/div>\n<div class=\"col-md-4 col-sm-6 col-xs-12 pt-cv-content-item pt-cv-1-col\"  data-pid=\"29988\"><div class='pt-cv-ifield'><h4 class=\"pt-cv-title\"><a href=\"https:\/\/le-clairon-nouveau.fr\/wordpress\/blog\/2024\/05\/23\/une-salade-bien-printaniere\/\" class=\"_self cvplbd\" target=\"_self\" data-iw=\"300\" data-ih=\"300\">Une salade bien printani\u00e8re !<\/a><\/h4>\n<div class=\"pt-cv-hover-wrapper\"><a href=\"https:\/\/le-clairon-nouveau.fr\/wordpress\/blog\/2024\/05\/23\/une-salade-bien-printaniere\/\" class=\"_self pt-cv-href-thumbnail pt-cv-thumb-default cvplbd cvp-lazy-container cvp-responsive-image img-rounded\" target=\"_self\" data-iw=\"300\" data-ih=\"300\"><img decoding=\"async\" width=\"300\" src=\"https:\/\/le-clairon-nouveau.fr\/wordpress\/wp-content\/plugins\/pt-content-views-pro\/public\/assets\/images\/lazy_image.png\" class=\"pt-cv-thumbnail img-rounded cvp-substitute no-lazyload  cvplazy\" alt=\"Une salade bien printani\u00e8re !\" title=\"\" data-no-lazy=\"1\" data-cvpsrc=\"https:\/\/i0.wp.com\/le-clairon-nouveau.fr\/wordpress\/wp-content\/uploads\/2024\/05\/Salade-printaniere-2.jpg?resize=633%2C534&amp;ssl=1\" \/><\/a><div class=\"pt-cv-mask\"><div class=\"pt-cv-animation-left pt-cv-content\">C\u2019est le temps o\u00f9 le jardin fleurit. Cette ann\u00e9e de petites pluies sporadiques ont bien contribu\u00e9 \u00e0 l\u2019\u00e9closion des fleurs. Parmi elles la bourrache et les soucis, fleurs aussi jolies que bonnes \u00e0 manger. Catherine vous propose de les int\u00e9grer dans une salade qu\u2019elles rehaussent de leurs couleurs et parfum. En voici la recette. Photo CB Ingr\u00e9dients\u00a0: (4 personne) 2 \u00e0 3 sucrines achet\u00e9es chez le mara\u00eecher local Quelques pinc\u00e9es ... <a href=\"https:\/\/le-clairon-nouveau.fr\/wordpress\/blog\/2024\/05\/23\/une-salade-bien-printaniere\/\" class=\"_self pt-cv-readmore pt-cv-textlink cvplbd\" target=\"_self\" data-iw=\"300\" data-ih=\"300\">Lire la suite<\/a><\/div><\/div><\/div>\n<div class=\"pt-cv-meta-fields\"><span class=\"entry-date\"><span class=\"glyphicon glyphicon-calendar\"><\/span> <time datetime=\"2024-05-23T12:30:40+02:00\">23 mai 2024<\/time><\/span><span class=\"author\"><span class=\"glyphicon glyphicon-user\"><\/span> <a href=\"https:\/\/le-clairon-nouveau.fr\/wordpress\/blog\/author\/catburg\/\" rel=\"author\">Catherine Burger<\/a><\/span><\/div><\/div><\/div>\n<div class=\"col-md-4 col-sm-6 col-xs-12 pt-cv-content-item pt-cv-1-col\"  data-pid=\"29612\"><div class='pt-cv-ifield'><h4 class=\"pt-cv-title\"><a href=\"https:\/\/le-clairon-nouveau.fr\/wordpress\/blog\/2024\/03\/23\/gastronomie-a-strasbourg-une-winstub-qui-tient-bon\/\" class=\"_self cvplbd\" target=\"_self\" data-iw=\"300\" data-ih=\"300\">Gastronomie : \u00e0 Strasbourg il existe une winstub qui tient bon !<\/a><\/h4>\n<div class=\"pt-cv-hover-wrapper\"><a href=\"https:\/\/le-clairon-nouveau.fr\/wordpress\/blog\/2024\/03\/23\/gastronomie-a-strasbourg-une-winstub-qui-tient-bon\/\" class=\"_self pt-cv-href-thumbnail pt-cv-thumb-default cvplbd cvp-lazy-container cvp-responsive-image img-rounded\" target=\"_self\" data-iw=\"300\" data-ih=\"300\"><img decoding=\"async\" width=\"300\" src=\"https:\/\/le-clairon-nouveau.fr\/wordpress\/wp-content\/plugins\/pt-content-views-pro\/public\/assets\/images\/lazy_image.png\" class=\"pt-cv-thumbnail img-rounded cvp-substitute no-lazyload  cvplazy\" alt=\"Gastronomie : \u00e0 Strasbourg il existe une winstub qui tient bon !\" title=\"\" data-no-lazy=\"1\" data-cvpsrc=\"https:\/\/i0.wp.com\/le-clairon-nouveau.fr\/wordpress\/wp-content\/uploads\/2024\/03\/Pigeon-6.jpg?resize=188%2C371&amp;ssl=1\" \/><\/a><div class=\"pt-cv-mask\"><div class=\"pt-cv-animation-left pt-cv-content\">Au d\u00e9part les \u00ab\u00a0winstub\u00a0\u00bb strasbourgeoises (1) \u00e9taient des d\u00e9bits de boisson o\u00f9 l\u2019on servait surtout du vin, g\u00e9n\u00e9ralement en pichets. Beaucoup de ces \u00ab winstub \u00bb \u00e9coulaient autrefois le vin produit par la famille du tenancier ou issu de son village d\u2019origine. Ils \u00e9taient fr\u00e9quent\u00e9s par des habitu\u00e9s de toutes conditions sociales qui appr\u00e9ciaient leur cadre chaleureux. Souvent la patronne ou le patron, animaient le local et devenaient eux-m\u00eames une ... <a href=\"https:\/\/le-clairon-nouveau.fr\/wordpress\/blog\/2024\/03\/23\/gastronomie-a-strasbourg-une-winstub-qui-tient-bon\/\" class=\"_self pt-cv-readmore pt-cv-textlink cvplbd\" target=\"_self\" data-iw=\"300\" data-ih=\"300\">Lire la suite<\/a><\/div><\/div><\/div>\n<div class=\"pt-cv-meta-fields\"><span class=\"entry-date\"><span class=\"glyphicon glyphicon-calendar\"><\/span> <time datetime=\"2024-03-23T12:30:06+01:00\">23 mars 2024<\/time><\/span><span class=\"author\"><span class=\"glyphicon glyphicon-user\"><\/span> <a href=\"https:\/\/le-clairon-nouveau.fr\/wordpress\/blog\/author\/hubert\/\" rel=\"author\">Hubert Reys<\/a><\/span><\/div><\/div><\/div>\n<div class=\"col-md-4 col-sm-6 col-xs-12 pt-cv-content-item pt-cv-1-col\"  data-pid=\"29628\"><div class='pt-cv-ifield'><h4 class=\"pt-cv-title\"><a href=\"https:\/\/le-clairon-nouveau.fr\/wordpress\/blog\/2024\/03\/23\/une-recette-de-poulet-exotique\/\" class=\"_self cvplbd\" target=\"_self\" data-iw=\"300\" data-ih=\"300\">Une recette de poulet exotique<\/a><\/h4>\n<div class=\"pt-cv-hover-wrapper\"><a href=\"https:\/\/le-clairon-nouveau.fr\/wordpress\/blog\/2024\/03\/23\/une-recette-de-poulet-exotique\/\" class=\"_self pt-cv-href-thumbnail pt-cv-thumb-default cvplbd cvp-lazy-container cvp-responsive-image img-rounded\" target=\"_self\" data-iw=\"300\" data-ih=\"300\"><img decoding=\"async\" width=\"300\" src=\"https:\/\/le-clairon-nouveau.fr\/wordpress\/wp-content\/plugins\/pt-content-views-pro\/public\/assets\/images\/lazy_image.png\" class=\"pt-cv-thumbnail img-rounded cvp-substitute no-lazyload  cvplazy\" alt=\"Une recette de poulet exotique\" title=\"\" data-no-lazy=\"1\" data-cvpsrc=\"https:\/\/i0.wp.com\/le-clairon-nouveau.fr\/wordpress\/wp-content\/uploads\/2024\/03\/Poulet-exotique-2.jpg?resize=225%2C300&amp;ssl=1\" \/><\/a><div class=\"pt-cv-mask\"><div class=\"pt-cv-animation-left pt-cv-content\">Voici une recette simple, gouteuse, facile \u00e0 pr\u00e9parer et peu co\u00fbteuse. Elle convient aussi bien pour un repas familial que pour une grande tabl\u00e9e. Elle nous vient de Muriel, cheville ouvri\u00e8re des Compagnons de S\u00e9gure qui sait y faire lorsqu&rsquo;il s&rsquo;agit de nourrir des groupes d&rsquo;affam\u00e9s fins gourmets ! Le Poulet exotique selon Muriel (Photo HR) Ingr\u00e9dients : 4 filets de poulet d\u00e9coup\u00e9s en cubes 1 oignon et 4-6 carottes ... <a href=\"https:\/\/le-clairon-nouveau.fr\/wordpress\/blog\/2024\/03\/23\/une-recette-de-poulet-exotique\/\" class=\"_self pt-cv-readmore pt-cv-textlink cvplbd\" target=\"_self\" data-iw=\"300\" data-ih=\"300\">Lire la suite<\/a><\/div><\/div><\/div>\n<div class=\"pt-cv-meta-fields\"><span class=\"entry-date\"><span class=\"glyphicon glyphicon-calendar\"><\/span> <time datetime=\"2024-03-23T12:30:00+01:00\">23 mars 2024<\/time><\/span><span class=\"author\"><span class=\"glyphicon glyphicon-user\"><\/span> <a href=\"https:\/\/le-clairon-nouveau.fr\/wordpress\/blog\/author\/redact\/\" rel=\"author\">La R\u00e9daction du Clairon de l'Atax<\/a><\/span><\/div><\/div><\/div><\/div><\/div>\n<div class=\"text-left pt-cv-pagination-wrapper\"><ul class=\"pt-cv-pagination pt-cv-ajax pagination\" data-totalpages=\"5\" data-currentpage=\"1\" data-sid=\"d63f11ejqd\" data-unid=\"\" data-isblock=\"\" data-postid=\"\"><li class=\"active\"><a href=\"#\">1<\/a><\/li>\n\t<li ><a class=\"\" href=\"https:\/\/le-clairon-nouveau.fr\/wordpress\/wp-json\/wp\/v2\/pages\/1001\/?_page=2\">2<\/a><\/li>\n\t<li ><a class=\"\" href=\"https:\/\/le-clairon-nouveau.fr\/wordpress\/wp-json\/wp\/v2\/pages\/1001\/?_page=3\">3<\/a><\/li>\n\t<li ><a href=\"#\">\u2026<\/a><\/li>\n\t<li ><a class=\"\" href=\"https:\/\/le-clairon-nouveau.fr\/wordpress\/wp-json\/wp\/v2\/pages\/1001\/?_page=5\">5<\/a><\/li>\n\t<li ><a class=\" \" href=\"https:\/\/le-clairon-nouveau.fr\/wordpress\/wp-json\/wp\/v2\/pages\/1001\/?_page=2\">&rsaquo;<\/a><\/li>\n\t<\/ul><img loading=\"lazy\" decoding=\"async\" width=\"15\" height=\"15\" class=\"pt-cv-spinner\" alt=\"Chargement\u2026\" src=\"data:image\/gif;base64,R0lGODlhDwAPALMPAMrKygwMDJOTkz09PZWVla+vr3p6euTk5M7OzuXl5TMzMwAAAJmZmWZmZszMzP\/\/\/yH\/C05FVFNDQVBFMi4wAwEAAAAh+QQFCgAPACwAAAAADwAPAAAEQvDJaZaZOIcV8iQK8VRX4iTYoAwZ4iCYoAjZ4RxejhVNoT+mRGP4cyF4Pp0N98sBGIBMEMOotl6YZ3S61Bmbkm4mAgAh+QQFCgAPACwAAAAADQANAAAENPDJSRSZeA418itN8QiK8BiLITVsFiyBBIoYqnoewAD4xPw9iY4XLGYSjkQR4UAUD45DLwIAIfkEBQoADwAsAAAAAA8ACQAABC\/wyVlamTi3nSdgwFNdhEJgTJoNyoB9ISYoQmdjiZPcj7EYCAeCF1gEDo4Dz2eIAAAh+QQFCgAPACwCAAAADQANAAAEM\/DJBxiYeLKdX3IJZT1FU0iIg2RNKx3OkZVnZ98ToRD4MyiDnkAh6BkNC0MvsAj0kMpHBAAh+QQFCgAPACwGAAAACQAPAAAEMDC59KpFDll73HkAA2wVY5KgiK5b0RRoI6MuzG6EQqCDMlSGheEhUAgqgUUAFRySIgAh+QQFCgAPACwCAAIADQANAAAEM\/DJKZNLND\/kkKaHc3xk+QAMYDKsiaqmZCxGVjSFFCxB1vwy2oOgIDxuucxAMTAJFAJNBAAh+QQFCgAPACwAAAYADwAJAAAEMNAs86q1yaWwwv2Ig0jUZx3OYa4XoRAfwADXoAwfo1+CIjyFRuEho60aSNYlOPxEAAAh+QQFCgAPACwAAAIADQANAAAENPA9s4y8+IUVcqaWJ4qEQozSoAzoIyhCK2NFU2SJk0hNnyEOhKR2AzAAj4Pj4GE4W0bkJQIAOw==\" \/><div class=\"clear pt-cv-clear-pagination\"><\/div><\/div><\/div>\t\t\t<style type=\"text\/css\" id=\"pt-cv-inline-style-ade6a136n0\">#pt-cv-view-d63f11ejqd .pt-cv-content-item { padding-top: 0px !important; padding-left: 5px !important; padding-right: 5px !important; }\n#pt-cv-view-d63f11ejqd  { margin-left: -5px !important; margin-right: -5px !important; }\n#pt-cv-view-d63f11ejqd .pt-cv-mask { padding-left: 10px !important; padding-right: 10px !important; }\n#pt-cv-view-d63f11ejqd  .pt-cv-ifield   { background-color: #fff8ed !important; }\n#pt-cv-view-d63f11ejqd.pt-cv-post-border { margin: 0; border-top-width: 1px; border-left-width: 1px }\n#pt-cv-view-d63f11ejqd.pt-cv-post-border { margin: 0; border-top-style: solid; border-left-style: solid }\n#pt-cv-view-d63f11ejqd.pt-cv-post-border .pt-cv-content-item   { border-right-width: 1px; border-bottom-width: 1px; border-right-style: solid; border-bottom-style: solid; }\n#pt-cv-view-d63f11ejqd .pt-cv-href-thumbnail  { margin-left: auto !important; margin-right: auto !important; display: block !important; text-align: center !important; clear: both !important; }\n#pt-cv-view-d63f11ejqd .pt-cv-title a, #pt-cv-view-d63f11ejqd  .panel-title { font-family: 'Oswald', Arial, serif !important; color: #a52e26 !important; font-weight: 600 !important; display: block !important; text-align: center !important; clear: both !important; }\n#pt-cv-view-d63f11ejqd  .pt-cv-title a:hover, #pt-cv-view-d63f11ejqd  .panel-title:hover   { font-family: 'Oswald', Arial, serif !important; color: rgba(165,46,38,0.68) !important; font-weight: 600 !important; display: block !important; text-align: center !important; clear: both !important; }\n#pt-cv-view-d63f11ejqd .pt-cv-content , #pt-cv-view-d63f11ejqd  .pt-cv-content *:not(.pt-cv-readmore):not(style):not(script) { font-size: 12px !important; line-height: 1.3 !important; display: block !important; text-align: justify !important; clear: both !important; }\n#pt-cv-view-d63f11ejqd  .pt-cv-content-item:hover .pt-cv-hover-wrapper::before   { background-color: rgba(255,248,237,0.85) !important; }\n#pt-cv-view-d63f11ejqd:not(.pt-cv-nohover) .pt-cv-mask *   { color: #a52e26; }\n#pt-cv-view-d63f11ejqd .pt-cv-carousel-caption  { background-color: rgba(51,51,51,.6) !important; }\n#pt-cv-view-d63f11ejqd .pt-cv-meta-fields {text-align: center; clear: both}\n#pt-cv-view-d63f11ejqd .pt-cv-meta-fields * { font-size: 12px !important; line-height: 1.3 !important; color: #a52e26 !important; }\n#pt-cv-view-d63f11ejqd .pt-cv-specialp { background-color: #CC3333 !important }\n#pt-cv-view-d63f11ejqd .pt-cv-specialp * { color: #fff !important; }\n#pt-cv-view-d63f11ejqd .pt-cv-pficon  { color: #bbb !important; }\n#pt-cv-view-d63f11ejqd  .add_to_cart_button, #pt-cv-view-d63f11ejqd  .add_to_cart_button *   { color: #ffffff !important; background-color: #00aeef !important; }\n#pt-cv-view-d63f11ejqd  .woocommerce-onsale   { color: #ffffff !important; background-color: #ff5a5f !important; }\n#pt-cv-view-d63f11ejqd .pt-cv-readmore  { font-size: 13px !important; line-height: 1.3 !important; color: #ff0000 !important; font-weight: 600 !important; }\n#pt-cv-view-d63f11ejqd .pt-cv-readmore:hover  { font-size: 13px !important; line-height: 1.3 !important; color: rgba(255,0,0,0.43) !important; }\n#pt-cv-view-d63f11ejqd  + .pt-cv-pagination-wrapper .pt-cv-more-inactive , #pt-cv-view-d63f11ejqd  + .pt-cv-pagination-wrapper .pagination a { color: rgba(165,46,38,0.25) !important; background-color: #fff0d8 !important; }\n#pt-cv-view-d63f11ejqd  + .pt-cv-pagination-wrapper .pt-cv-more , #pt-cv-view-d63f11ejqd  + .pt-cv-pagination-wrapper .pagination .active a { color: #a52e26 !important; background-color: #fff0d8 !important; font-weight: 600 !important; }\n.cvp-live-filter[data-sid='d63f11ejqd'] .cvp-label   { font-size: 13px !important; line-height: 1.3 !important; }\n.cvp-live-filter[data-sid='d63f11ejqd'] input[type='text'], .cvp-live-filter[data-sid='d63f11ejqd'] div > label, .cvp-live-filter[data-sid='d63f11ejqd'] select, .cvp-live-filter[data-sid='d63f11ejqd'] .irs-from, .cvp-live-filter[data-sid='d63f11ejqd'] .irs-to   { font-size: 13px !important; line-height: 1.3 !important; color: #bf2828 !important; font-weight: 600 !important; }\n.cvp-live-filter[data-sid='d63f11ejqd'] input[type=radio]:checked~div   { background-color: rgba(221,153,51,0.41) !important; }\n[id^='pt-cv-filter-bar-d63f11ejqd'] .active.pt-cv-filter-option, [id^='pt-cv-filter-bar-d63f11ejqd'] .active .pt-cv-filter-option, [id^='pt-cv-filter-bar-d63f11ejqd'] .selected.pt-cv-filter-option, [id^='pt-cv-filter-bar-d63f11ejqd'] .dropdown-toggle   { color: #fff !important; background-color: #00aeef !important; }\n[id^='pt-cv-filter-bar-d63f11ejqd'] .pt-cv-filter-title   { color: #fff !important; background-color: #00aeef !important; }\n#pt-cv-gls-d63f11ejqd li a.pt-active   { color: #fff !important; background-color: #ff5a5f !important; }\n#pt-cv-view-d63f11ejqd .pt-cv-gls-header  { color: #fff !important; background-color: #00aeef !important; }\n#pt-cv-view-d63f11ejqd .img-rounded, #pt-cv-view-d63f11ejqd .pt-cv-hover-wrapper { -webkit-border-radius: 6px !important; -moz-border-radius: 6px !important; border-radius: 6px !important; }\n#pt-cv-view-d63f11ejqd .cvp-responsive-image[style*=\"background-image\"] { width: 300px; height: 300px; }<\/style>\r\n\t\t\t<link href='\/\/fonts.googleapis.com\/css?family=Oswald' rel='stylesheet' type='text\/css'>\n<p>&nbsp;<\/p>\n<script type=\"text\/javascript\"> var tt_store_content = \"\\<p style\\='text\\-align\\: center;'\\>\\<span style\\='font\\-size\\: 14pt;'\\>\\<strong\\>C\\<\\\/strong\\>entre \\<strong\\>H\\<\\\/strong\\>ospitalier\\<\\\/span\\>\\<\\\/p\\>\"; toolTips('.classtoolTips220',tt_store_content,'18357'); <\/script>","protected":false},"excerpt":{"rendered":"<p>Tous les articles de la rubrique \u00ab\u00a0Art de Vivre\u00a0\u00bb sont d\u00e9sormais affich\u00e9s dans la liste ci-dessous, dans l\u2019ordre chronologique d\u00e9croissant. Vous pouvez s\u00e9lectionner un th\u00e8me particulier et \/ ou une \u00e9dition. &nbsp;<script type=\"text\/javascript\"> var tt_store_content = \"\\<\/p>\n<p style\\='text\\-align\\: center;'\\>\\<span style\\='font\\-size\\: 14pt;'\\>\\<strong\\>C\\<\\\/strong\\>entre \\<strong\\>H\\<\\\/strong\\>ospitalier\\<\\\/span\\>\\<\\\/p\\>\"; toolTips('.classtoolTips220',tt_store_content,'18357'); <\/script><\/p>\n","protected":false},"author":1,"featured_media":0,"parent":8301,"menu_order":0,"comment_status":"closed","ping_status":"closed","template":"","meta":{"_acf_changed":false,"ngg_post_thumbnail":0,"footnotes":""},"coauthors":[8],"class_list":["post-1001","page","type-page","status-publish","hentry","no-thumb"],"acf":[],"jetpack_sharing_enabled":true,"jetpack_shortlink":"https:\/\/wp.me\/P9B5TM-g9","_links":{"self":[{"href":"https:\/\/le-clairon-nouveau.fr\/wordpress\/wp-json\/wp\/v2\/pages\/1001","targetHints":{"allow":["GET"]}}],"collection":[{"href":"https:\/\/le-clairon-nouveau.fr\/wordpress\/wp-json\/wp\/v2\/pages"}],"about":[{"href":"https:\/\/le-clairon-nouveau.fr\/wordpress\/wp-json\/wp\/v2\/types\/page"}],"author":[{"embeddable":true,"href":"https:\/\/le-clairon-nouveau.fr\/wordpress\/wp-json\/wp\/v2\/users\/1"}],"replies":[{"embeddable":true,"href":"https:\/\/le-clairon-nouveau.fr\/wordpress\/wp-json\/wp\/v2\/comments?post=1001"}],"version-history":[{"count":0,"href":"https:\/\/le-clairon-nouveau.fr\/wordpress\/wp-json\/wp\/v2\/pages\/1001\/revisions"}],"up":[{"embeddable":true,"href":"https:\/\/le-clairon-nouveau.fr\/wordpress\/wp-json\/wp\/v2\/pages\/8301"}],"wp:attachment":[{"href":"https:\/\/le-clairon-nouveau.fr\/wordpress\/wp-json\/wp\/v2\/media?parent=1001"}],"wp:term":[{"taxonomy":"author","embeddable":true,"href":"https:\/\/le-clairon-nouveau.fr\/wordpress\/wp-json\/wp\/v2\/coauthors?post=1001"}],"curies":[{"name":"wp","href":"https:\/\/api.w.org\/{rel}","templated":true}]}}