{"id":1204,"date":"2017-05-21T20:43:53","date_gmt":"2017-05-21T18:43:53","guid":{"rendered":"https:\/\/le-clairon-nouveau.fr\/wordpress\/?page_id=1204"},"modified":"2020-07-23T13:17:42","modified_gmt":"2020-07-23T11:17:42","slug":"culture","status":"publish","type":"page","link":"https:\/\/le-clairon-nouveau.fr\/wordpress\/pages-visibles\/culture\/","title":{"rendered":"Culture"},"content":{"rendered":"<p style=\"text-align: justify;\"><span style=\"font-size: 10pt; color: #800000;\"><em>Tous les articles de la rubrique \u00ab\u00a0Culture\u00a0\u00bb sont d\u00e9sormais affich\u00e9s dans la liste ci-dessous, dans l\u2019ordre chronologique d\u00e9croissant.<br \/>\nVous pouvez s\u00e9lectionner un th\u00e8me particulier et \/ ou une \u00e9dition.<\/em><\/span><\/p>\n<div class=\"pt-cv-wrapper\"><div class=\"cvp-live-filter cvp-button \" id=\"\" data-name=\"tx_category\" data-sid=\"ec2e4119j1\"><label class=\"cvp-label\">Choisir le th\u00e8me :<\/label><div class=\"btn\"><label><input type=\"radio\" name=\"tx_category\" value=\"\" checked\/><div>Tous les th\u00e8mes<\/div><\/label><\/div><div class=\"btn\"><label><input type=\"radio\" name=\"tx_category\" value=\"rub_cult_cine\" \/><div>Cin\u00e9ma<\/div><\/label><\/div><div class=\"btn\"><label><input type=\"radio\" name=\"tx_category\" value=\"rub_cult_theatre\" \/><div>Th\u00e9\u00e2tre<\/div><\/label><\/div><div class=\"btn\"><label><input type=\"radio\" name=\"tx_category\" value=\"rub_cult_musique\" \/><div>Musique<\/div><\/label><\/div><div class=\"btn\"><label><input type=\"radio\" name=\"tx_category\" value=\"rub_cult_arts_plastiques\" \/><div>Arts Plastiques<\/div><\/label><\/div><div class=\"btn\"><label><input type=\"radio\" name=\"tx_category\" value=\"rub_cult_lecture\" \/><div>Lecture<\/div><\/label><\/div><div class=\"btn\"><label><input type=\"radio\" name=\"tx_category\" value=\"rub_cult_litter\" \/><div>Litt\u00e9rature<\/div><\/label><\/div><div class=\"btn\"><label><input type=\"radio\" name=\"tx_category\" value=\"rub_cult_ppt\" \/><div>People, Places and Things<\/div><\/label><\/div><\/div><div class=\"cvp-live-filter cvp-dropdown \" id=\"\" data-name=\"tx_edition\" data-sid=\"ec2e4119j1\"><label class=\"cvp-label\">Choisir le n\u00b0 de Parution :<\/label><select name=\"tx_edition\"><option value=\"\">Toutes les parutions<\/option><option value=\"edi_00125\" >Edition n\u00b0 125 Novembre-D\u00e9cembre 2025<span class=\"cvp-count\"> (1)<\/span><\/option><option value=\"edi_00124\" >Edition n\u00b0 124 Octobre-Novembre 2025<span class=\"cvp-count\"> (3)<\/span><\/option><option value=\"edi_00123\" >Edition n\u00b0 123 Septembre-Octobre 2025<span class=\"cvp-count\"> (3)<\/span><\/option><option value=\"edi_00122\" >Edition n\u00b0 122 Juillet-Septembre 2025<span class=\"cvp-count\"> (3)<\/span><\/option><option value=\"edi_00121\" >Edition n\u00b0 121 Juin-Juillet 2025<span class=\"cvp-count\"> (2)<\/span><\/option><option value=\"edi_00120\" >Edition n\u00b0 120 Mai-Juin 2025<span class=\"cvp-count\"> (2)<\/span><\/option><option value=\"edi_00119\" >Edition n\u00b0 119 Avril-Mai 2025<span class=\"cvp-count\"> (2)<\/span><\/option><option value=\"edi_00118\" >Edition n\u00b0 118 Mars-Avril 2025<span class=\"cvp-count\"> (1)<\/span><\/option><option value=\"edi_00117\" >Edition n\u00b0 117 F\u00e9vrier-Mars 2025<span class=\"cvp-count\"> (1)<\/span><\/option><option value=\"edi_00116\" >Edition n\u00b0 116 Janvier-F\u00e9vrier 2025<span class=\"cvp-count\"> (1)<\/span><\/option><option value=\"edi_00115\" >Edition n\u00b0115 D\u00e9cembre 2024-Janvier 2025<span class=\"cvp-count\"> (1)<\/span><\/option><option value=\"edi_00114\" >Edition n\u00b0114 Novembre-D\u00e9cembre 2024<span class=\"cvp-count\"> (2)<\/span><\/option><option value=\"edi_00113\" >Edition n\u00b0113 Octobre-Novembre 2024<span class=\"cvp-count\"> (4)<\/span><\/option><option value=\"edi_00112\" >Edition n\u00b0 112 Septembre-Octobre 2024<span class=\"cvp-count\"> (3)<\/span><\/option><option value=\"edi_00111\" >Edition n\u00b0 111 Juillet-Septembre 2024<span class=\"cvp-count\"> (4)<\/span><\/option><option value=\"edi_00109\" >Edition n\u00b0 109 Mai-Juin 2024<span class=\"cvp-count\"> (4)<\/span><\/option><option value=\"edi_00108\" >Edition n\u00b0 108 Avril-Mai 2024<span class=\"cvp-count\"> (3)<\/span><\/option><option value=\"edi_00107\" >Edition n\u00b0 107 Mars-Avril 2024<span class=\"cvp-count\"> (5)<\/span><\/option><option value=\"edi_00106\" >Edition n\u00b0 106 F\u00e9vrier-Mars 2024<span class=\"cvp-count\"> (2)<\/span><\/option><option value=\"edi_00105\" >Edition n\u00b0 105 Janvier-F\u00e9vrier 2024<span class=\"cvp-count\"> (1)<\/span><\/option><option value=\"edi_00104\" >Edition n\u00b0 104 D\u00e9cembre 2023 &#8211; Janvier 2024<span class=\"cvp-count\"> (1)<\/span><\/option><option value=\"edi_00103\" >Edition N\u00b0 103 Novembre-D\u00e9cembre 2023<span class=\"cvp-count\"> (3)<\/span><\/option><option value=\"edi_00102\" >Edition n\u00b0 102 Octobre-Novembre 2023<span class=\"cvp-count\"> (2)<\/span><\/option><option value=\"edi_00101\" >Edition n\u00b0 101 Septembre-Octobre 2023<span class=\"cvp-count\"> (4)<\/span><\/option><option value=\"edi_00100\" >Edition n\u00b0 100 Juillet-Septembre 2023<span class=\"cvp-count\"> (3)<\/span><\/option><option value=\"edi_00099\" >Edition n\u00b0 99 Juin-Juillet 2023<span class=\"cvp-count\"> (2)<\/span><\/option><option value=\"edi_00098\" >Edition n\u00b0 98 Mai-Juin 2023<span class=\"cvp-count\"> (4)<\/span><\/option><option value=\"edi_00097\" >Edition n\u00b0 97 Avril-Mai 2023<span class=\"cvp-count\"> (3)<\/span><\/option><option value=\"edi_00096\" >Edition n\u00b0 96 Mars-Avril 2023<span class=\"cvp-count\"> (5)<\/span><\/option><option value=\"edi_00095\" >Edition n\u00b0 95 F\u00e9vrier-Mars 2023<span class=\"cvp-count\"> (4)<\/span><\/option><option value=\"edi_00094\" >Edition n\u00b0 94 Janvier-F\u00e9vrier 2023<span class=\"cvp-count\"> (3)<\/span><\/option><option value=\"edi_00093\" >Edition n\u00b0 93 D\u00e9cembre 2022 &#8211; Janvier 2023<span class=\"cvp-count\"> (4)<\/span><\/option><option value=\"edi_00092\" >Edition n\u00b0 92 Novembre-D\u00e9cembre 2022<span class=\"cvp-count\"> (3)<\/span><\/option><option value=\"edi_00091\" >Edition n\u00b0 91 Octobre-Novembre 2022<span class=\"cvp-count\"> (2)<\/span><\/option><option value=\"edi_00090\" >Edition n\u00b0 90 Septembre-Octobre 2022<span class=\"cvp-count\"> (2)<\/span><\/option><option value=\"edi_00089\" >Edition n\u00b0 89 Juillet-Septembre 2022<span class=\"cvp-count\"> (8)<\/span><\/option><option value=\"edi_00088\" >Edition n\u00b0 88 Juin-Juillet 2022<span class=\"cvp-count\"> (3)<\/span><\/option><option value=\"edi_00087\" >Edition n\u00b0 87 Mai-Juin 2022<span class=\"cvp-count\"> (5)<\/span><\/option><option value=\"edi_00086\" >Edition n\u00b0 86 Avril-Mai 2022<span class=\"cvp-count\"> (2)<\/span><\/option><option value=\"edi_00085\" >Edition n\u00b0 85 Mars-Avril 2022<span class=\"cvp-count\"> (4)<\/span><\/option><option value=\"edi_00084\" >Edition n\u00b0 84 F\u00e9vrier-Mars 2022<span class=\"cvp-count\"> (4)<\/span><\/option><option value=\"edi_00083\" >Edition n\u00b0 83 Janvier-F\u00e9vrier 2022<span class=\"cvp-count\"> (4)<\/span><\/option><option value=\"edi_00082\" >Edition n\u00b0 82 D\u00e9cembre 2021 &#8211; Janvier 2022<span class=\"cvp-count\"> (2)<\/span><\/option><option value=\"edi_00081\" >Edition n\u00b0 81 Novembre-D\u00e9cembre 2021<span class=\"cvp-count\"> (3)<\/span><\/option><option value=\"edi_00080\" >Edition n\u00b0 80 Octobre-Novembre 2021<span class=\"cvp-count\"> (3)<\/span><\/option><option value=\"edi_00079\" >Edition n\u00b0 79 Septembre-Octobre 2021<span class=\"cvp-count\"> (5)<\/span><\/option><option value=\"edi_00078\" >Edition n\u00b0 78 Juillet-Septembre 2021<span class=\"cvp-count\"> (1)<\/span><\/option><option value=\"edi_00077\" >Edition n\u00b0 77 Juin-Juillet 2021<span class=\"cvp-count\"> (3)<\/span><\/option><option value=\"edi_00076\" >Edition n\u00b0 76 Mai-Juin 2021<span class=\"cvp-count\"> (3)<\/span><\/option><option value=\"edi_00075\" >Edition n\u00b0 75 Avril-Mai 2021<span class=\"cvp-count\"> (4)<\/span><\/option><option value=\"edi_00074\" >Edition n\u00b0 74 Mars-Avril 2021<span class=\"cvp-count\"> (6)<\/span><\/option><option value=\"edi_00073\" >Edition n\u00b0 73 F\u00e9vrier-Mars 2021<span class=\"cvp-count\"> (4)<\/span><\/option><option value=\"edi_00072\" >Edition n\u00b0 72 Janvier-F\u00e9vrier 2021<span class=\"cvp-count\"> (4)<\/span><\/option><option value=\"edi_00071\" >Edition n\u00b0 71 D\u00e9cembre 2020 &#8211; Janvier 2021<span class=\"cvp-count\"> (1)<\/span><\/option><option value=\"edi_00070\" >Edition n\u00b0 70 Novembre-D\u00e9cembre 2020<span class=\"cvp-count\"> (3)<\/span><\/option><option value=\"edi_00069\" >Edition n\u00b0 69 Octobre-Novembre 2020<span class=\"cvp-count\"> (3)<\/span><\/option><option value=\"edi_00068\" >Edition n\u00b0 68 Septembre-Octobre 2020<span class=\"cvp-count\"> (3)<\/span><\/option><option value=\"edi_00067\" >Edition n\u00b0 67 Juillet-Septembre 2020<span class=\"cvp-count\"> (2)<\/span><\/option><option value=\"edi_00066\" >Edition n\u00b0 66 Juin-Juillet 2020<span class=\"cvp-count\"> (3)<\/span><\/option><option value=\"edi_00065\" >Edition n\u00b0 65 Mai-Juin 2020<span class=\"cvp-count\"> (3)<\/span><\/option><option value=\"edi_00064\" >Edition n\u00b0 64 Avril-Mai 2020<span class=\"cvp-count\"> (5)<\/span><\/option><option value=\"edi_00063\" >Edition n\u00b0 63 Mars-Avril 2020<span class=\"cvp-count\"> (2)<\/span><\/option><option value=\"edi_00062\" >Edition n\u00b0 62 F\u00e9vrier-Mars 2020<span class=\"cvp-count\"> (4)<\/span><\/option><option value=\"edi_00061\" >Edition n\u00b0 61 Janvier-F\u00e9vrier 2020<span class=\"cvp-count\"> (7)<\/span><\/option><option value=\"edi_00060\" >Edition n\u00b0 60 D\u00e9cembre 2019 &#8211; Janvier 2020<span class=\"cvp-count\"> (3)<\/span><\/option><option value=\"edi_00059\" >Edition n\u00b0 59 &#8211; Novembre-D\u00e9cembre 2019<span class=\"cvp-count\"> (3)<\/span><\/option><option value=\"edi_00058\" >Edition n\u00b0 58 &#8211; Octobre-Novembre 2019<span class=\"cvp-count\"> (4)<\/span><\/option><\/select><\/div><div class=\"pt-cv-view pt-cv-grid pt-cv-colsys pt-cv-same-height pt-cv-content-hover effect-ud pt-cv-overlay-top pt-cv-pgregular\" id=\"pt-cv-view-ec2e4119j1\"><div data-id=\"pt-cv-page-1\" class=\"pt-cv-page\" data-cvc=\"3\" data-cvct=\"2\" data-cvcm=\"1\"><div class=\"col-md-4 col-sm-6 col-xs-12 pt-cv-content-item pt-cv-1-col\"  data-pid=\"32625\"><div class='pt-cv-ifield'><h4 class=\"pt-cv-title\"><a href=\"https:\/\/le-clairon-nouveau.fr\/wordpress\/blog\/2025\/11\/23\/au-cine-dossier-137\/\" class=\"_self cvplbd\" target=\"_self\" >Au cin\u00e9 : Dossier 137<\/a><\/h4>\n<div class=\"pt-cv-hover-wrapper\"><a href=\"https:\/\/le-clairon-nouveau.fr\/wordpress\/blog\/2025\/11\/23\/au-cine-dossier-137\/\" class=\"_self pt-cv-href-thumbnail pt-cv-thumb-default cvplbd cvp-lazy-container cvp-responsive-image img-rounded\" target=\"_self\" data-iw=\"200\" data-ih=\"500\"><img decoding=\"async\" width=\"200\" src=\"https:\/\/le-clairon-nouveau.fr\/wordpress\/wp-content\/plugins\/pt-content-views-pro\/public\/assets\/images\/lazy_image.png\" class=\"pt-cv-thumbnail img-rounded cvp-substitute no-lazyload  cvplazy\" alt=\"Au cin\u00e9 : Dossier 137\" title=\"\" data-no-lazy=\"1\" data-cvpsrc=\"https:\/\/i0.wp.com\/le-clairon-nouveau.fr\/wordpress\/wp-content\/uploads\/2025\/11\/Policiers-anti-emeute-Image-par-jacqueline-macou-de-Pixabay.jpg?resize=406%2C275&amp;ssl=1\" \/><\/a><div class=\"pt-cv-mask\"><div class=\"pt-cv-animation-left pt-cv-content\">France &#8211; 115 minutes- Un film de Dominique Moll, sc\u00e9nario Dominique Moll et Gilles Marchand avec L\u00e9a Drucker Policiers anti-\u00e9meute (Image par jacqueline macou de Pixabay) \u00a0 \u00a0On est en 2018, c\u2018est le moment des gilets jaunes.\u00a0 D\u2019un c\u00f4t\u00e9 il y a ceux de Saint Dizier, une petite famille, les Girard : la m\u00e8re la fille, le fils et le fianc\u00e9 de la fille\u2026Ils sont gais, ils chantent, eux les ... <a href=\"https:\/\/le-clairon-nouveau.fr\/wordpress\/blog\/2025\/11\/23\/au-cine-dossier-137\/\" class=\"_self pt-cv-readmore pt-cv-textlink cvplbd\" target=\"_self\" data-iw=\"200\" data-ih=\"500\">Lire la suite<\/a><\/div><\/div><\/div>\n<div class=\"pt-cv-meta-fields\"><span class=\"entry-date\"><span class=\"glyphicon glyphicon-calendar\"><\/span> <time datetime=\"2025-11-23T12:30:09+01:00\">23 novembre 2025<\/time><\/span><span class=\"author\"><span class=\"glyphicon glyphicon-user\"><\/span> <a href=\"https:\/\/le-clairon-nouveau.fr\/wordpress\/blog\/author\/redact\/\" rel=\"author\">La R\u00e9daction du Clairon de l'Atax<\/a><\/span><\/div><\/div><\/div>\n<div class=\"col-md-4 col-sm-6 col-xs-12 pt-cv-content-item pt-cv-1-col\"  data-pid=\"32526\"><div class='pt-cv-ifield'><h4 class=\"pt-cv-title\"><a href=\"https:\/\/le-clairon-nouveau.fr\/wordpress\/blog\/2025\/10\/23\/au-cinema-sirat\/\" class=\"_self cvplbd\" target=\"_self\" data-iw=\"200\" data-ih=\"500\">Au cin\u00e9ma : SIRAT<\/a><\/h4>\n<div class=\"pt-cv-hover-wrapper\"><a href=\"https:\/\/le-clairon-nouveau.fr\/wordpress\/blog\/2025\/10\/23\/au-cinema-sirat\/\" class=\"_self pt-cv-href-thumbnail pt-cv-thumb-default cvplbd cvp-lazy-container cvp-responsive-image img-rounded\" target=\"_self\" data-iw=\"200\" data-ih=\"500\"><img decoding=\"async\" width=\"200\" src=\"https:\/\/le-clairon-nouveau.fr\/wordpress\/wp-content\/plugins\/pt-content-views-pro\/public\/assets\/images\/lazy_image.png\" class=\"pt-cv-thumbnail img-rounded cvp-substitute no-lazyload  cvplazy\" alt=\"Au cin\u00e9ma : SIRAT\" title=\"\" data-no-lazy=\"1\" data-cvpsrc=\"https:\/\/i0.wp.com\/le-clairon-nouveau.fr\/wordpress\/wp-content\/uploads\/2025\/10\/Passerelle-magique-Image-par-SerenityArt-de-Pixabay.jpg?resize=344%2C344&amp;ssl=1\" \/><\/a><div class=\"pt-cv-mask\"><div class=\"pt-cv-animation-left pt-cv-content\">Espagne, France \u2013 1h55 \u2013 2025 \u2013 Prix du Jury au Festival de Cannes Un film de Oliver Laxe avec Sergi Lopez, Bruno Nunez Arjona, Richard Bellamy. \u00ab\u00a0Un choc \u00e9motionnel \u00ab\u00a0(dont on ne sort pas indemne) Passerelle magique (Image par SerenityArt de Pixabay) Mar, la fille ain\u00e9e de Luis a disparu et celui-ci part la chercher au Maroc en plein d\u00e9sert avec son jeune fils Esteban. Ils rejoignent une rave-party ... <a href=\"https:\/\/le-clairon-nouveau.fr\/wordpress\/blog\/2025\/10\/23\/au-cinema-sirat\/\" class=\"_self pt-cv-readmore pt-cv-textlink cvplbd\" target=\"_self\" data-iw=\"200\" data-ih=\"500\">Lire la suite<\/a><\/div><\/div><\/div>\n<div class=\"pt-cv-meta-fields\"><span class=\"entry-date\"><span class=\"glyphicon glyphicon-calendar\"><\/span> <time datetime=\"2025-10-23T12:30:53+02:00\">23 octobre 2025<\/time><\/span><span class=\"author\"><span class=\"glyphicon glyphicon-user\"><\/span> <a href=\"https:\/\/le-clairon-nouveau.fr\/wordpress\/blog\/author\/hubert\/\" rel=\"author\">Hubert Reys<\/a><\/span><\/div><\/div><\/div>\n<div class=\"col-md-4 col-sm-6 col-xs-12 pt-cv-content-item pt-cv-1-col\"  data-pid=\"32529\"><div class='pt-cv-ifield'><h4 class=\"pt-cv-title\"><a href=\"https:\/\/le-clairon-nouveau.fr\/wordpress\/blog\/2025\/10\/23\/au-cinema-un-simple-accident\/\" class=\"_self cvplbd\" target=\"_self\" data-iw=\"200\" data-ih=\"500\">Au cin\u00e9ma : UN SIMPLE ACCIDENT<\/a><\/h4>\n<div class=\"pt-cv-hover-wrapper\"><a href=\"https:\/\/le-clairon-nouveau.fr\/wordpress\/blog\/2025\/10\/23\/au-cinema-un-simple-accident\/\" class=\"_self pt-cv-href-thumbnail pt-cv-thumb-default cvplbd cvp-lazy-container cvp-responsive-image img-rounded\" target=\"_self\" data-iw=\"200\" data-ih=\"500\"><img decoding=\"async\" width=\"200\" src=\"https:\/\/le-clairon-nouveau.fr\/wordpress\/wp-content\/plugins\/pt-content-views-pro\/public\/assets\/images\/lazy_image.png\" class=\"pt-cv-thumbnail img-rounded cvp-substitute no-lazyload  cvplazy\" alt=\"Au cin\u00e9ma : UN SIMPLE ACCIDENT\" title=\"\" data-no-lazy=\"1\" data-cvpsrc=\"https:\/\/i0.wp.com\/le-clairon-nouveau.fr\/wordpress\/wp-content\/uploads\/2025\/10\/Iran-trafic-auto-Image-par-Nanira-de-Pixabay.jpg?resize=306%2C204&amp;ssl=1\" \/><\/a><div class=\"pt-cv-mask\"><div class=\"pt-cv-animation-left pt-cv-content\">France, Luxembourg, Iran \u2013 1h42 \u2013 Palme d&rsquo;Or Cannes 2025 Un film de Jafar Panahi avec Vahid Mobasseri, Maryam Afshari, Ebrahim Azizi. R\u00e8glement de comptes ? Iran trafic auto (Image par Nanira de Pixabay) En Iran, par hasard, suite \u00e0 un accident de voiture, un homme, Vahid est persuad\u00e9 d&rsquo;avoir crois\u00e9 son tortionnaire quand il a \u00e9t\u00e9 arr\u00eat\u00e9. Il va contacter d&rsquo;autres victimes de cet homme que l&rsquo;on appelait La ... <a href=\"https:\/\/le-clairon-nouveau.fr\/wordpress\/blog\/2025\/10\/23\/au-cinema-un-simple-accident\/\" class=\"_self pt-cv-readmore pt-cv-textlink cvplbd\" target=\"_self\" data-iw=\"200\" data-ih=\"500\">Lire la suite<\/a><\/div><\/div><\/div>\n<div class=\"pt-cv-meta-fields\"><span class=\"entry-date\"><span class=\"glyphicon glyphicon-calendar\"><\/span> <time datetime=\"2025-10-23T12:30:48+02:00\">23 octobre 2025<\/time><\/span><span class=\"author\"><span class=\"glyphicon glyphicon-user\"><\/span> <a href=\"https:\/\/le-clairon-nouveau.fr\/wordpress\/blog\/author\/patren\/\" rel=\"author\">Patricia Renaud<\/a><\/span><\/div><\/div><\/div>\n<div class=\"col-md-4 col-sm-6 col-xs-12 pt-cv-content-item pt-cv-1-col\"  data-pid=\"32533\"><div class='pt-cv-ifield'><h4 class=\"pt-cv-title\"><a href=\"https:\/\/le-clairon-nouveau.fr\/wordpress\/blog\/2025\/10\/23\/au-cinema-une-bataille-apres-lautre-one-battle-after-another\/\" class=\"_self cvplbd\" target=\"_self\" data-iw=\"200\" data-ih=\"500\">Au cin\u00e9ma : UNE BATAILLE APRES L&rsquo;AUTRE (One Battle After Another)<\/a><\/h4>\n<div class=\"pt-cv-hover-wrapper\"><a href=\"https:\/\/le-clairon-nouveau.fr\/wordpress\/blog\/2025\/10\/23\/au-cinema-une-bataille-apres-lautre-one-battle-after-another\/\" class=\"_self pt-cv-href-thumbnail pt-cv-thumb-default cvplbd cvp-lazy-container cvp-responsive-image img-rounded\" target=\"_self\" data-iw=\"200\" data-ih=\"500\"><img decoding=\"async\" width=\"200\" src=\"https:\/\/le-clairon-nouveau.fr\/wordpress\/wp-content\/plugins\/pt-content-views-pro\/public\/assets\/images\/lazy_image.png\" class=\"pt-cv-thumbnail img-rounded cvp-substitute no-lazyload  cvplazy\" alt=\"Au cin\u00e9ma : UNE BATAILLE APRES L&#039;AUTRE (One Battle After Another)\" title=\"\" data-no-lazy=\"1\" data-cvpsrc=\"https:\/\/i0.wp.com\/le-clairon-nouveau.fr\/wordpress\/wp-content\/uploads\/2025\/10\/Petite-maisondans-la-prairie-Image-par-sork-de-Pixabay.jpg?resize=285%2C380&amp;ssl=1\" \/><\/a><div class=\"pt-cv-mask\"><div class=\"pt-cv-animation-left pt-cv-content\">U.S.A. \u2013 2h42 \u2013 2025 Un film de Paul Thomas Anderson avec Leonardo DiCaprio, Teyana Taylor, Sean Penn. Petite maison de Bob dans la prairie (Image par sork de Pixabay) Bob, un ancien r\u00e9volutionnaire vit reclus avec sa fille Willa. 16ans apr\u00e8s la naissance de Willa, l&rsquo;ennemi jur\u00e9 de Bob, un colonel, supr\u00e9maciste, raciste, homophobe retrouve sa trace et d\u00e9cide d&rsquo;en finir avec l&rsquo;ex r\u00e9volutionnaire. Il parait que c&rsquo;est un ... <a href=\"https:\/\/le-clairon-nouveau.fr\/wordpress\/blog\/2025\/10\/23\/au-cinema-une-bataille-apres-lautre-one-battle-after-another\/\" class=\"_self pt-cv-readmore pt-cv-textlink cvplbd\" target=\"_self\" data-iw=\"200\" data-ih=\"500\">Lire la suite<\/a><\/div><\/div><\/div>\n<div class=\"pt-cv-meta-fields\"><span class=\"entry-date\"><span class=\"glyphicon glyphicon-calendar\"><\/span> <time datetime=\"2025-10-23T00:08:17+02:00\">23 octobre 2025<\/time><\/span><span class=\"author\"><span class=\"glyphicon glyphicon-user\"><\/span> <a href=\"https:\/\/le-clairon-nouveau.fr\/wordpress\/blog\/author\/patren\/\" rel=\"author\">Patricia Renaud<\/a><\/span><\/div><\/div><\/div>\n<div class=\"col-md-4 col-sm-6 col-xs-12 pt-cv-content-item pt-cv-1-col\"  data-pid=\"32404\"><div class='pt-cv-ifield'><h4 class=\"pt-cv-title\"><a href=\"https:\/\/le-clairon-nouveau.fr\/wordpress\/blog\/2025\/09\/23\/au-cinema-miroir-n3\/\" class=\"_self cvplbd\" target=\"_self\" data-iw=\"200\" data-ih=\"500\">Au Cin\u00e9ma : MIROIR N\u00b03*<\/a><\/h4>\n<div class=\"pt-cv-hover-wrapper\"><a href=\"https:\/\/le-clairon-nouveau.fr\/wordpress\/blog\/2025\/09\/23\/au-cinema-miroir-n3\/\" class=\"_self pt-cv-href-thumbnail pt-cv-thumb-default cvplbd cvp-lazy-container cvp-responsive-image img-rounded\" target=\"_self\" data-iw=\"200\" data-ih=\"500\"><img decoding=\"async\" width=\"200\" src=\"https:\/\/le-clairon-nouveau.fr\/wordpress\/wp-content\/plugins\/pt-content-views-pro\/public\/assets\/images\/lazy_image.png\" class=\"pt-cv-thumbnail img-rounded cvp-substitute no-lazyload  cvplazy\" alt=\"Au Cin\u00e9ma : MIROIR N\u00b03*\" title=\"\" data-no-lazy=\"1\" data-cvpsrc=\"https:\/\/i0.wp.com\/le-clairon-nouveau.fr\/wordpress\/wp-content\/uploads\/2025\/09\/Charmante-maison-Image-par-Erich-Westendarp-de-Pixabay.jpg?resize=382%2C269&amp;ssl=1\" \/><\/a><div class=\"pt-cv-mask\"><div class=\"pt-cv-animation-left pt-cv-content\">Allemagne \u2013 1h26 \u2013 2025 &#8211;\u00a0 pr\u00e9sent\u00e9 \u00e0 la Quinzaine des Cin\u00e9astes au Festival de Cannes 2025. Un film de Christian Petzold avec Paula Beer, Barbara Auer, Matthias Brandt. Charmante maison (Image par Erich Westendarp de Pixabay) Laura, \u00e9tudiante en musicologie \u00e0 Berlin, survit \u00e0 un accident de voiture dans lequel son compagnon est tu\u00e9. Elle est recueillie par Betty dans une charmante maison \u00e0 la campagne. Celle-ci s\u2019occupe d\u2019elle, ... <a href=\"https:\/\/le-clairon-nouveau.fr\/wordpress\/blog\/2025\/09\/23\/au-cinema-miroir-n3\/\" class=\"_self pt-cv-readmore pt-cv-textlink cvplbd\" target=\"_self\" data-iw=\"200\" data-ih=\"500\">Lire la suite<\/a><\/div><\/div><\/div>\n<div class=\"pt-cv-meta-fields\"><span class=\"entry-date\"><span class=\"glyphicon glyphicon-calendar\"><\/span> <time datetime=\"2025-09-23T12:30:47+02:00\">23 septembre 2025<\/time><\/span><span class=\"author\"><span class=\"glyphicon glyphicon-user\"><\/span> <a href=\"https:\/\/le-clairon-nouveau.fr\/wordpress\/blog\/author\/patren\/\" rel=\"author\">Patricia Renaud<\/a><\/span><\/div><\/div><\/div>\n<div class=\"col-md-4 col-sm-6 col-xs-12 pt-cv-content-item pt-cv-1-col\"  data-pid=\"32398\"><div class='pt-cv-ifield'><h4 class=\"pt-cv-title\"><a href=\"https:\/\/le-clairon-nouveau.fr\/wordpress\/blog\/2025\/09\/23\/au-cinema-confidente\/\" class=\"_self cvplbd\" target=\"_self\" data-iw=\"200\" data-ih=\"500\">Au cin\u00e9ma : CONFIDENTE<\/a><\/h4>\n<div class=\"pt-cv-hover-wrapper\"><a href=\"https:\/\/le-clairon-nouveau.fr\/wordpress\/blog\/2025\/09\/23\/au-cinema-confidente\/\" class=\"_self pt-cv-href-thumbnail pt-cv-thumb-default cvplbd cvp-lazy-container cvp-responsive-image img-rounded\" target=\"_self\" data-iw=\"200\" data-ih=\"500\"><img decoding=\"async\" width=\"200\" src=\"https:\/\/le-clairon-nouveau.fr\/wordpress\/wp-content\/plugins\/pt-content-views-pro\/public\/assets\/images\/lazy_image.png\" class=\"pt-cv-thumbnail img-rounded cvp-substitute no-lazyload  cvplazy\" alt=\"Au cin\u00e9ma : CONFIDENTE\" title=\"\" data-no-lazy=\"1\" data-cvpsrc=\"https:\/\/i0.wp.com\/le-clairon-nouveau.fr\/wordpress\/wp-content\/uploads\/2025\/09\/tremblement-de-terre-Image-par-Angelo-Giordano-de-Pixabay.jpg?resize=471%2C312&amp;ssl=1\" \/><\/a><div class=\"pt-cv-mask\"><div class=\"pt-cv-animation-left pt-cv-content\">Turquie, France, Luxembourg \u2013 1h16 \u2013 2025 Un film de Cagla Zencirci, Guillaume Giovanetti avec Saadet Isil Aksoy, Erkan Kolcak K\u00f6stendil, Muhammet Uzuner. tremblement de terre (Image par Angelo Giordano de Pixabay) A Ankara, Arzu travaille dans un call center \u00e9rotique pour vivre et \u00e9lever son enfant. Un tremblement de terre dans la r\u00e9gion d&rsquo;Istanbul va bouleverser son quotidien quand elle re\u00e7oit un appel d&rsquo;un jeune gar\u00e7on coinc\u00e9 dans les ... <a href=\"https:\/\/le-clairon-nouveau.fr\/wordpress\/blog\/2025\/09\/23\/au-cinema-confidente\/\" class=\"_self pt-cv-readmore pt-cv-textlink cvplbd\" target=\"_self\" data-iw=\"200\" data-ih=\"500\">Lire la suite<\/a><\/div><\/div><\/div>\n<div class=\"pt-cv-meta-fields\"><span class=\"entry-date\"><span class=\"glyphicon glyphicon-calendar\"><\/span> <time datetime=\"2025-09-23T12:30:09+02:00\">23 septembre 2025<\/time><\/span><span class=\"author\"><span class=\"glyphicon glyphicon-user\"><\/span> <a href=\"https:\/\/le-clairon-nouveau.fr\/wordpress\/blog\/author\/patren\/\" rel=\"author\">Patricia Renaud<\/a><\/span><\/div><\/div><\/div>\n<div class=\"col-md-4 col-sm-6 col-xs-12 pt-cv-content-item pt-cv-1-col\"  data-pid=\"32401\"><div class='pt-cv-ifield'><h4 class=\"pt-cv-title\"><a href=\"https:\/\/le-clairon-nouveau.fr\/wordpress\/blog\/2025\/09\/23\/au-cinema-last-stop-yuma-county\/\" class=\"_self cvplbd\" target=\"_self\" data-iw=\"200\" data-ih=\"500\">Au cin\u00e9ma : LAST STOP : YUMA COUNTY<\/a><\/h4>\n<div class=\"pt-cv-hover-wrapper\"><a href=\"https:\/\/le-clairon-nouveau.fr\/wordpress\/blog\/2025\/09\/23\/au-cinema-last-stop-yuma-county\/\" class=\"_self pt-cv-href-thumbnail pt-cv-thumb-default cvplbd cvp-lazy-container cvp-responsive-image img-rounded\" target=\"_self\" data-iw=\"200\" data-ih=\"500\"><img decoding=\"async\" width=\"200\" src=\"https:\/\/le-clairon-nouveau.fr\/wordpress\/wp-content\/plugins\/pt-content-views-pro\/public\/assets\/images\/lazy_image.png\" class=\"pt-cv-thumbnail img-rounded cvp-substitute no-lazyload  cvplazy\" alt=\"Au cin\u00e9ma : LAST STOP : YUMA COUNTY\" title=\"\" data-no-lazy=\"1\" data-cvpsrc=\"https:\/\/i0.wp.com\/le-clairon-nouveau.fr\/wordpress\/wp-content\/uploads\/2025\/09\/gas-station-image-Pixabay.jpg?resize=525%2C352&amp;ssl=1\" \/><\/a><div class=\"pt-cv-mask\"><div class=\"pt-cv-animation-left pt-cv-content\">U.S.A. \u2013 1h30 \u2013 2023 Un film de Francis Galuppi avec Jim Cummings (II), Faizon Love, Jocelin Donahue. gas-station (image Pixabay) Une station \u2013service dans le d\u00e9sert d&rsquo;Arizona, un caf\u00e9 qui annonce la tarte \u00e0 la rhubarbe comme une tuerie, une chaleur \u00e0 s&rsquo;arracher la peau et la clim en panne ! Tel est le d\u00e9cor du film de Galuppi, avec des personnages hauts en couleur, un repr\u00e9sentant en couteaux ... <a href=\"https:\/\/le-clairon-nouveau.fr\/wordpress\/blog\/2025\/09\/23\/au-cinema-last-stop-yuma-county\/\" class=\"_self pt-cv-readmore pt-cv-textlink cvplbd\" target=\"_self\" data-iw=\"200\" data-ih=\"500\">Lire la suite<\/a><\/div><\/div><\/div>\n<div class=\"pt-cv-meta-fields\"><span class=\"entry-date\"><span class=\"glyphicon glyphicon-calendar\"><\/span> <time datetime=\"2025-09-23T10:30:40+02:00\">23 septembre 2025<\/time><\/span><span class=\"author\"><span class=\"glyphicon glyphicon-user\"><\/span> <a href=\"https:\/\/le-clairon-nouveau.fr\/wordpress\/blog\/author\/patren\/\" rel=\"author\">Patricia Renaud<\/a><\/span><\/div><\/div><\/div>\n<div class=\"col-md-4 col-sm-6 col-xs-12 pt-cv-content-item pt-cv-1-col\"  data-pid=\"32343\"><div class='pt-cv-ifield'><h4 class=\"pt-cv-title\"><a href=\"https:\/\/le-clairon-nouveau.fr\/wordpress\/blog\/2025\/09\/06\/le-festival-de-theatre-de-segure-quel-avenir-pour-une-reussite\/\" class=\"_self cvplbd\" target=\"_self\" data-iw=\"200\" data-ih=\"500\">Le festival de th\u00e9\u00e2tre de S\u00e9gure : quel avenir pour une r\u00e9ussite ?<\/a><\/h4>\n<div class=\"pt-cv-hover-wrapper\"><a href=\"https:\/\/le-clairon-nouveau.fr\/wordpress\/blog\/2025\/09\/06\/le-festival-de-theatre-de-segure-quel-avenir-pour-une-reussite\/\" class=\"_self pt-cv-href-thumbnail pt-cv-thumb-default cvplbd cvp-lazy-container cvp-responsive-image img-rounded\" target=\"_self\" data-iw=\"200\" data-ih=\"500\"><img decoding=\"async\" width=\"200\" src=\"https:\/\/le-clairon-nouveau.fr\/wordpress\/wp-content\/plugins\/pt-content-views-pro\/public\/assets\/images\/lazy_image.png\" class=\"pt-cv-thumbnail img-rounded cvp-substitute no-lazyload  cvplazy\" alt=\"Le festival de th\u00e9\u00e2tre de S\u00e9gure : quel avenir pour une r\u00e9ussite ?\" title=\"\" data-no-lazy=\"1\" data-cvpsrc=\"https:\/\/i0.wp.com\/le-clairon-nouveau.fr\/wordpress\/wp-content\/uploads\/2025\/09\/La-scene-du-Theatre-de-Segure.jpg?resize=626%2C438&amp;ssl=1\" \/><\/a><div class=\"pt-cv-mask\"><div class=\"pt-cv-animation-left pt-cv-content\">Le spectacle vivant comme antidote aux troubles relationnels cr\u00e9\u00e9s par l'adiction au num\u00e9rique ? ... <a href=\"https:\/\/le-clairon-nouveau.fr\/wordpress\/blog\/2025\/09\/06\/le-festival-de-theatre-de-segure-quel-avenir-pour-une-reussite\/\" class=\"_self pt-cv-readmore pt-cv-textlink cvplbd\" target=\"_self\" data-iw=\"200\" data-ih=\"500\">Lire la suite<\/a><\/div><\/div><\/div>\n<div class=\"pt-cv-meta-fields\"><span class=\"entry-date\"><span class=\"glyphicon glyphicon-calendar\"><\/span> <time datetime=\"2025-09-06T22:38:29+02:00\">6 septembre 2025<\/time><\/span><span class=\"author\"><span class=\"glyphicon glyphicon-user\"><\/span> <a href=\"https:\/\/le-clairon-nouveau.fr\/wordpress\/blog\/author\/redact\/\" rel=\"author\">La R\u00e9daction du Clairon de l'Atax<\/a><\/span><\/div><\/div><\/div>\n<div class=\"col-md-4 col-sm-6 col-xs-12 pt-cv-content-item pt-cv-1-col\"  data-pid=\"32259\"><div class='pt-cv-ifield'><h4 class=\"pt-cv-title\"><a href=\"https:\/\/le-clairon-nouveau.fr\/wordpress\/blog\/2025\/07\/23\/voici-que-vient-le-temps-du-9eme-festival-de-theatre-a-tuchan-aude\/\" class=\"_self cvplbd\" target=\"_self\" data-iw=\"200\" data-ih=\"500\">Voici que vient le temps du 9\u00e8me festival de th\u00e9\u00e2tre \u00e0 Tuchan (Aude)<\/a><\/h4>\n<div class=\"pt-cv-hover-wrapper\"><a href=\"https:\/\/le-clairon-nouveau.fr\/wordpress\/blog\/2025\/07\/23\/voici-que-vient-le-temps-du-9eme-festival-de-theatre-a-tuchan-aude\/\" class=\"_self pt-cv-href-thumbnail pt-cv-thumb-default cvplbd cvp-lazy-container cvp-responsive-image img-rounded\" target=\"_self\" data-iw=\"200\" data-ih=\"500\"><img decoding=\"async\" width=\"200\" src=\"https:\/\/le-clairon-nouveau.fr\/wordpress\/wp-content\/plugins\/pt-content-views-pro\/public\/assets\/images\/lazy_image.png\" class=\"pt-cv-thumbnail img-rounded cvp-substitute no-lazyload  cvplazy\" alt=\"Voici que vient le temps du 9\u00e8me festival de th\u00e9\u00e2tre \u00e0 Tuchan (Aude)\" title=\"\" data-no-lazy=\"1\" data-cvpsrc=\"https:\/\/le-clairon-nouveau.fr\/wordpress\/wp-content\/uploads\/2025\/07\/1b5b6d_ef82e93d03e14245ad163a65da70b251mv2-300x169.avif\" \/><\/a><div class=\"pt-cv-mask\"><div class=\"pt-cv-animation-left pt-cv-content\">Pendant toute la dur\u00e9e du festival le contact \u00e0 l\u2019autre est direct, physique, franc : qu\u2019il s\u2019agisse du public, des com\u00e9diens, des techniciens, des \u00e9lus, des b\u00e9n\u00e9voles qui font la cuisine, qui tiennent le bar, des gens d\u2019ici et d\u2019ailleurs ... <a href=\"https:\/\/le-clairon-nouveau.fr\/wordpress\/blog\/2025\/07\/23\/voici-que-vient-le-temps-du-9eme-festival-de-theatre-a-tuchan-aude\/\" class=\"_self pt-cv-readmore pt-cv-textlink cvplbd\" target=\"_self\" data-iw=\"200\" data-ih=\"500\">Lire la suite<\/a><\/div><\/div><\/div>\n<div class=\"pt-cv-meta-fields\"><span class=\"entry-date\"><span class=\"glyphicon glyphicon-calendar\"><\/span> <time datetime=\"2025-07-23T12:30:54+02:00\">23 juillet 2025<\/time><\/span><span class=\"author\"><span class=\"glyphicon glyphicon-user\"><\/span> <a href=\"https:\/\/le-clairon-nouveau.fr\/wordpress\/blog\/author\/hubert\/\" rel=\"author\">Hubert Reys<\/a><\/span><\/div><\/div><\/div>\n<div class=\"col-md-4 col-sm-6 col-xs-12 pt-cv-content-item pt-cv-1-col\"  data-pid=\"32254\"><div class='pt-cv-ifield'><h4 class=\"pt-cv-title\"><a href=\"https:\/\/le-clairon-nouveau.fr\/wordpress\/blog\/2025\/07\/23\/au-cinema-enzo\/\" class=\"_self cvplbd\" target=\"_self\" data-iw=\"200\" data-ih=\"500\">Au cin\u00e9ma : ENZO<\/a><\/h4>\n<div class=\"pt-cv-hover-wrapper\"><a href=\"https:\/\/le-clairon-nouveau.fr\/wordpress\/blog\/2025\/07\/23\/au-cinema-enzo\/\" class=\"_self pt-cv-href-thumbnail pt-cv-thumb-default cvplbd cvp-lazy-container cvp-responsive-image img-rounded\" target=\"_self\" data-iw=\"200\" data-ih=\"500\"><img decoding=\"async\" width=\"200\" src=\"https:\/\/le-clairon-nouveau.fr\/wordpress\/wp-content\/plugins\/pt-content-views-pro\/public\/assets\/images\/lazy_image.png\" class=\"pt-cv-thumbnail img-rounded cvp-substitute no-lazyload  cvplazy\" alt=\"Au cin\u00e9ma : ENZO\" title=\"\" data-no-lazy=\"1\" data-cvpsrc=\"https:\/\/i0.wp.com\/le-clairon-nouveau.fr\/wordpress\/wp-content\/uploads\/2025\/07\/adolescent-Image-par-OpenClipart-Vectors-de-Pixabay.png?resize=362%2C724&amp;ssl=1\" \/><\/a><div class=\"pt-cv-mask\"><div class=\"pt-cv-animation-left pt-cv-content\">France, Belgique, Italie \u2013 1h42 \u2013 2025 Un film de Laurent Cantet et Robin Campillo avec Eloy Pohu, Pierfrancesco Favino, Elodie Bouchez. adolescent (Image par OpenClipart-Vectors de Pixabay) \u00a0\u00bb Qui suis-je, o\u00f9 vais-je, dans quel \u00e9tat j&rsquo;erre ?\u00a0\u00bb Enzo, 16ans,\u00a0 fils d&rsquo;un professeur \u00e0 l&rsquo;universit\u00e9 et d&rsquo;une ing\u00e9nieure, est apprenti ma\u00e7on \u00e0 la Ciotat. Il a abandonn\u00e9 les \u00e9tudes par choix, il veut travailler et se frotte au milieu des ... <a href=\"https:\/\/le-clairon-nouveau.fr\/wordpress\/blog\/2025\/07\/23\/au-cinema-enzo\/\" class=\"_self pt-cv-readmore pt-cv-textlink cvplbd\" target=\"_self\" data-iw=\"200\" data-ih=\"500\">Lire la suite<\/a><\/div><\/div><\/div>\n<div class=\"pt-cv-meta-fields\"><span class=\"entry-date\"><span class=\"glyphicon glyphicon-calendar\"><\/span> <time datetime=\"2025-07-23T12:30:01+02:00\">23 juillet 2025<\/time><\/span><span class=\"author\"><span class=\"glyphicon glyphicon-user\"><\/span> <a href=\"https:\/\/le-clairon-nouveau.fr\/wordpress\/blog\/author\/patren\/\" rel=\"author\">Patricia Renaud<\/a><\/span><\/div><\/div><\/div>\n<div class=\"col-md-4 col-sm-6 col-xs-12 pt-cv-content-item pt-cv-1-col\"  data-pid=\"32153\"><div class='pt-cv-ifield'><h4 class=\"pt-cv-title\"><a href=\"https:\/\/le-clairon-nouveau.fr\/wordpress\/blog\/2025\/06\/23\/loveable-elskling-cheri-traduction-du-norvegien\/\" class=\"_self cvplbd\" target=\"_self\" data-iw=\"200\" data-ih=\"500\">Loveable (Elskling: Ch\u00e9ri traduction du norv\u00e9gien)<\/a><\/h4>\n<div class=\"pt-cv-hover-wrapper\"><a href=\"https:\/\/le-clairon-nouveau.fr\/wordpress\/blog\/2025\/06\/23\/loveable-elskling-cheri-traduction-du-norvegien\/\" class=\"_self pt-cv-href-thumbnail pt-cv-thumb-default cvplbd cvp-lazy-container cvp-responsive-image img-rounded\" target=\"_self\" data-iw=\"200\" data-ih=\"500\"><img decoding=\"async\" width=\"200\" src=\"https:\/\/le-clairon-nouveau.fr\/wordpress\/wp-content\/plugins\/pt-content-views-pro\/public\/assets\/images\/lazy_image.png\" class=\"pt-cv-thumbnail img-rounded cvp-substitute no-lazyload  cvplazy\" alt=\"Loveable (Elskling: Ch\u00e9ri traduction du norv\u00e9gien)\" title=\"\" data-no-lazy=\"1\" data-cvpsrc=\"https:\/\/i0.wp.com\/le-clairon-nouveau.fr\/wordpress\/wp-content\/uploads\/2025\/06\/Colere-noire-Image-par-Jose-R.-Cabello-de-Pixabay.jpg?resize=338%2C343&amp;ssl=1\" \/><\/a><div class=\"pt-cv-mask\"><div class=\"pt-cv-animation-left pt-cv-content\">Norv\u00e8ge, Danemark \u2013 1h41 \u2013 2024 Un film de Lilja Ingolfsdottir avec Halga Guren, Oddgeir Thune, Marte Magnusdotter Solem. Col\u00e8re noire (Image par Jose R. Cabello de Pixabay) \u00ab\u00a0Anatomie d&rsquo;une rupture\u00a0\u00bb Maria, divorc\u00e9e, deux enfants, croise Sigmund dans une f\u00eate, ce sera lui, le prochain. Quelque temps plus tard, il craque et c&rsquo;est le d\u00e9but d&rsquo;une passion amoureuse qui durera 6 ans. La vie quotidienne, les absences de Sigmund qui ... <a href=\"https:\/\/le-clairon-nouveau.fr\/wordpress\/blog\/2025\/06\/23\/loveable-elskling-cheri-traduction-du-norvegien\/\" class=\"_self pt-cv-readmore pt-cv-textlink cvplbd\" target=\"_self\" data-iw=\"200\" data-ih=\"500\">Lire la suite<\/a><\/div><\/div><\/div>\n<div class=\"pt-cv-meta-fields\"><span class=\"entry-date\"><span class=\"glyphicon glyphicon-calendar\"><\/span> <time datetime=\"2025-06-23T12:30:50+02:00\">23 juin 2025<\/time><\/span><span class=\"author\"><span class=\"glyphicon glyphicon-user\"><\/span> <a href=\"https:\/\/le-clairon-nouveau.fr\/wordpress\/blog\/author\/patren\/\" rel=\"author\">Patricia Renaud<\/a><\/span><\/div><\/div><\/div>\n<div class=\"col-md-4 col-sm-6 col-xs-12 pt-cv-content-item pt-cv-1-col\"  data-pid=\"32147\"><div class='pt-cv-ifield'><h4 class=\"pt-cv-title\"><a href=\"https:\/\/le-clairon-nouveau.fr\/wordpress\/blog\/2025\/06\/23\/la-venue-de-lavenir\/\" class=\"_self cvplbd\" target=\"_self\" data-iw=\"200\" data-ih=\"500\">La Venue de l&rsquo;avenir<\/a><\/h4>\n<div class=\"pt-cv-hover-wrapper\"><a href=\"https:\/\/le-clairon-nouveau.fr\/wordpress\/blog\/2025\/06\/23\/la-venue-de-lavenir\/\" class=\"_self pt-cv-href-thumbnail pt-cv-thumb-default cvplbd cvp-lazy-container cvp-responsive-image img-rounded\" target=\"_self\" data-iw=\"200\" data-ih=\"500\"><img decoding=\"async\" width=\"200\" src=\"https:\/\/le-clairon-nouveau.fr\/wordpress\/wp-content\/plugins\/pt-content-views-pro\/public\/assets\/images\/lazy_image.png\" class=\"pt-cv-thumbnail img-rounded cvp-substitute no-lazyload  cvplazy\" alt=\"La Venue de l&#039;avenir\" title=\"\" data-no-lazy=\"1\" data-cvpsrc=\"https:\/\/i0.wp.com\/le-clairon-nouveau.fr\/wordpress\/wp-content\/uploads\/2025\/06\/Vieille-maison-abandonnee-image-par-Peter-H-de-Pixabay.jpg?resize=374%2C249&amp;ssl=1\" \/><\/a><div class=\"pt-cv-mask\"><div class=\"pt-cv-animation-left pt-cv-content\">France, Belgique \u2013 2h06- 2025 Un film de C\u00e9dric Klapisch avec Suzanne Lindon, Abraham Wapler, Vincent Macaigne. Vieille maison abandonn\u00e9e (image par Peter H de Pixabay) Une g\u00e9n\u00e9alogiste rassemble plusieurs membres d&rsquo;une m\u00eame famille pour leur annoncer qu&rsquo;ils viennent d&rsquo;h\u00e9riter d&rsquo;une vieille maison \u00e0 la mort de leur a\u00efeule, Ad\u00e8le dont ils ne connaissent rien. Quatre d&rsquo;entre eux vont partir \u00e0 la recherche d&rsquo;Ad\u00e8le et de sa vie gr\u00e2ce aux ... <a href=\"https:\/\/le-clairon-nouveau.fr\/wordpress\/blog\/2025\/06\/23\/la-venue-de-lavenir\/\" class=\"_self pt-cv-readmore pt-cv-textlink cvplbd\" target=\"_self\" data-iw=\"200\" data-ih=\"500\">Lire la suite<\/a><\/div><\/div><\/div>\n<div class=\"pt-cv-meta-fields\"><span class=\"entry-date\"><span class=\"glyphicon glyphicon-calendar\"><\/span> <time datetime=\"2025-06-23T12:30:30+02:00\">23 juin 2025<\/time><\/span><span class=\"author\"><span class=\"glyphicon glyphicon-user\"><\/span> <a href=\"https:\/\/le-clairon-nouveau.fr\/wordpress\/blog\/author\/patren\/\" rel=\"author\">Patricia Renaud<\/a><\/span><\/div><\/div><\/div>\n<div class=\"col-md-4 col-sm-6 col-xs-12 pt-cv-content-item pt-cv-1-col\"  data-pid=\"31826\"><div class='pt-cv-ifield'><h4 class=\"pt-cv-title\"><a href=\"https:\/\/le-clairon-nouveau.fr\/wordpress\/blog\/2025\/05\/23\/la-chambre-de-mariana\/\" class=\"_self cvplbd\" target=\"_self\" data-iw=\"200\" data-ih=\"500\">La Chambre de Mariana<\/a><\/h4>\n<div class=\"pt-cv-hover-wrapper\"><a href=\"https:\/\/le-clairon-nouveau.fr\/wordpress\/blog\/2025\/05\/23\/la-chambre-de-mariana\/\" class=\"_self pt-cv-href-thumbnail pt-cv-thumb-default cvplbd cvp-lazy-container cvp-responsive-image img-rounded\" target=\"_self\" data-iw=\"200\" data-ih=\"500\"><img decoding=\"async\" width=\"200\" src=\"https:\/\/le-clairon-nouveau.fr\/wordpress\/wp-content\/plugins\/pt-content-views-pro\/public\/assets\/images\/lazy_image.png\" class=\"pt-cv-thumbnail img-rounded cvp-substitute no-lazyload  cvplazy\" alt=\"La Chambre de Mariana\" title=\"\" data-no-lazy=\"1\" data-cvpsrc=\"https:\/\/i0.wp.com\/le-clairon-nouveau.fr\/wordpress\/wp-content\/uploads\/2025\/05\/Petit-garcon-cache-Image-par-Pexels-de-Pixabay.jpg?resize=323%2C214&amp;ssl=1\" \/><\/a><div class=\"pt-cv-mask\"><div class=\"pt-cv-animation-left pt-cv-content\">France, Belgique, Hongrie, Isra\u00ebl, Portugal \u2013 2h11 \u2013 2025 Un film d&rsquo;Emmanuel Finkiel avec M\u00e9lanie Thierry, Artem Kyryk, Julia Goldberg. Adaptation du roman d&rsquo;Aharon Appelfeld. Petit gar\u00e7on cach\u00e9 (Image par Pexels de Pixabay) 1943, une femme et un petit gar\u00e7on circulent dans les miasmes des \u00e9gouts d&rsquo;une ville d&rsquo;Ukraine. C&rsquo;est la m\u00e8re d&rsquo;Hugo qui tente de fuir le ghetto et les rafles et de mettre son fils \u00e0 l&rsquo;abri chez ... <a href=\"https:\/\/le-clairon-nouveau.fr\/wordpress\/blog\/2025\/05\/23\/la-chambre-de-mariana\/\" class=\"_self pt-cv-readmore pt-cv-textlink cvplbd\" target=\"_self\" data-iw=\"200\" data-ih=\"500\">Lire la suite<\/a><\/div><\/div><\/div>\n<div class=\"pt-cv-meta-fields\"><span class=\"entry-date\"><span class=\"glyphicon glyphicon-calendar\"><\/span> <time datetime=\"2025-05-23T12:30:57+02:00\">23 mai 2025<\/time><\/span><span class=\"author\"><span class=\"glyphicon glyphicon-user\"><\/span> <a href=\"https:\/\/le-clairon-nouveau.fr\/wordpress\/blog\/author\/patren\/\" rel=\"author\">Patricia Renaud<\/a><\/span><\/div><\/div><\/div>\n<div class=\"col-md-4 col-sm-6 col-xs-12 pt-cv-content-item pt-cv-1-col\"  data-pid=\"31822\"><div class='pt-cv-ifield'><h4 class=\"pt-cv-title\"><a href=\"https:\/\/le-clairon-nouveau.fr\/wordpress\/blog\/2025\/05\/23\/les-musiciens\/\" class=\"_self cvplbd\" target=\"_self\" data-iw=\"200\" data-ih=\"500\">Les Musiciens<\/a><\/h4>\n<div class=\"pt-cv-hover-wrapper\"><a href=\"https:\/\/le-clairon-nouveau.fr\/wordpress\/blog\/2025\/05\/23\/les-musiciens\/\" class=\"_self pt-cv-href-thumbnail pt-cv-thumb-default cvplbd cvp-lazy-container cvp-responsive-image img-rounded\" target=\"_self\" data-iw=\"200\" data-ih=\"500\"><img decoding=\"async\" width=\"200\" src=\"https:\/\/le-clairon-nouveau.fr\/wordpress\/wp-content\/plugins\/pt-content-views-pro\/public\/assets\/images\/lazy_image.png\" class=\"pt-cv-thumbnail img-rounded cvp-substitute no-lazyload  cvplazy\" alt=\"Les Musiciens\" title=\"\" data-no-lazy=\"1\" data-cvpsrc=\"https:\/\/i0.wp.com\/le-clairon-nouveau.fr\/wordpress\/wp-content\/uploads\/2025\/05\/IAncien-violon-Chaine-image-Pixabay.jpg?resize=383%2C255&amp;ssl=1\" \/><\/a><div class=\"pt-cv-mask\"><div class=\"pt-cv-animation-left pt-cv-content\">France \u2013 1h42 \u2013 2024 Un film de Gr\u00e9gory Magne avec Val\u00e9rie Donzelli, Fr\u00e9d\u00e9ric Pierrot, Mathieu Spinosi Ancien violon, Cha\u00eene, image Pixabay A la mort de son p\u00e8re, Astrid n&rsquo;a qu&rsquo;un but, r\u00e9aliser le r\u00eave de celui-ci : r\u00e9unir quatre Stradivarius pour un concert (jamais jou\u00e9 jusqu&rsquo;alors) avec les meilleurs musiciens. Malheureusement r\u00e9unir les \u00ab\u00a0diva\u00a0\u00bb de la musique se r\u00e9v\u00e8le un tour de force pour Astrid qui doit g\u00e9rer les ... <a href=\"https:\/\/le-clairon-nouveau.fr\/wordpress\/blog\/2025\/05\/23\/les-musiciens\/\" class=\"_self pt-cv-readmore pt-cv-textlink cvplbd\" target=\"_self\" data-iw=\"200\" data-ih=\"500\">Lire la suite<\/a><\/div><\/div><\/div>\n<div class=\"pt-cv-meta-fields\"><span class=\"entry-date\"><span class=\"glyphicon glyphicon-calendar\"><\/span> <time datetime=\"2025-05-23T12:30:43+02:00\">23 mai 2025<\/time><\/span><span class=\"author\"><span class=\"glyphicon glyphicon-user\"><\/span> <a href=\"https:\/\/le-clairon-nouveau.fr\/wordpress\/blog\/author\/patren\/\" rel=\"author\">Patricia Renaud<\/a><\/span><\/div><\/div><\/div>\n<div class=\"col-md-4 col-sm-6 col-xs-12 pt-cv-content-item pt-cv-1-col\"  data-pid=\"31572\"><div class='pt-cv-ifield'><h4 class=\"pt-cv-title\"><a href=\"https:\/\/le-clairon-nouveau.fr\/wordpress\/blog\/2025\/04\/23\/la-cache\/\" class=\"_self cvplbd\" target=\"_self\" data-iw=\"200\" data-ih=\"500\">La Cache<\/a><\/h4>\n<div class=\"pt-cv-hover-wrapper\"><a href=\"https:\/\/le-clairon-nouveau.fr\/wordpress\/blog\/2025\/04\/23\/la-cache\/\" class=\"_self pt-cv-href-thumbnail pt-cv-thumb-default cvplbd cvp-lazy-container cvp-responsive-image img-rounded\" target=\"_self\" data-iw=\"200\" data-ih=\"500\"><img decoding=\"async\" width=\"200\" src=\"https:\/\/le-clairon-nouveau.fr\/wordpress\/wp-content\/plugins\/pt-content-views-pro\/public\/assets\/images\/lazy_image.png\" class=\"pt-cv-thumbnail img-rounded cvp-substitute no-lazyload  cvplazy\" alt=\"La Cache\" title=\"\" data-no-lazy=\"1\" data-cvpsrc=\"https:\/\/i0.wp.com\/le-clairon-nouveau.fr\/wordpress\/wp-content\/uploads\/2025\/04\/Gamin-juif-Image-par-sarithaiman1-de-Pixabay.jpg?resize=290%2C410&amp;ssl=1\" \/><\/a><div class=\"pt-cv-mask\"><div class=\"pt-cv-animation-left pt-cv-content\">Suisse, Luxembourg, France \u2013 1h30 \u2013 2025. Un film de Lionel Baier avec Dominique Reymond, Michel Blanc, William Lebghil. Gamin juif (Image par sarithaiman1 de Pixabay) Mai 1968, nous sommes dans l&rsquo;appartement d&rsquo;une famille rue de Grenelle \u00e0 Paris, les Boltanski. Dans cette famille l\u00e9g\u00e8rement d\u00e9jant\u00e9e, il y a Arri\u00e8re-Pays (Liliane Rov\u00e8re) juive d&rsquo;Odessa qui a fui la Russie, P\u00e8re-Grand (Michel Blanc), m\u00e9decin qui a peur du sang, M\u00e8re-Grand (Dominique ... <a href=\"https:\/\/le-clairon-nouveau.fr\/wordpress\/blog\/2025\/04\/23\/la-cache\/\" class=\"_self pt-cv-readmore pt-cv-textlink cvplbd\" target=\"_self\" data-iw=\"200\" data-ih=\"500\">Lire la suite<\/a><\/div><\/div><\/div>\n<div class=\"pt-cv-meta-fields\"><span class=\"entry-date\"><span class=\"glyphicon glyphicon-calendar\"><\/span> <time datetime=\"2025-04-23T12:30:55+02:00\">23 avril 2025<\/time><\/span><span class=\"author\"><span class=\"glyphicon glyphicon-user\"><\/span> <a href=\"https:\/\/le-clairon-nouveau.fr\/wordpress\/blog\/author\/patren\/\" rel=\"author\">Patricia Renaud<\/a><\/span><\/div><\/div><\/div><\/div><\/div>\n<div class=\"text-left pt-cv-pagination-wrapper\"><ul class=\"pt-cv-pagination pt-cv-ajax pagination\" data-totalpages=\"14\" data-currentpage=\"1\" data-sid=\"ec2e4119j1\" data-unid=\"\" data-isblock=\"\" data-postid=\"\"><li class=\"active\"><a href=\"#\">1<\/a><\/li>\n\t<li ><a class=\"\" href=\"https:\/\/le-clairon-nouveau.fr\/wordpress\/wp-json\/wp\/v2\/pages\/1204\/?_page=2\">2<\/a><\/li>\n\t<li ><a class=\"\" href=\"https:\/\/le-clairon-nouveau.fr\/wordpress\/wp-json\/wp\/v2\/pages\/1204\/?_page=3\">3<\/a><\/li>\n\t<li ><a href=\"#\">\u2026<\/a><\/li>\n\t<li ><a class=\"\" href=\"https:\/\/le-clairon-nouveau.fr\/wordpress\/wp-json\/wp\/v2\/pages\/1204\/?_page=14\">14<\/a><\/li>\n\t<li ><a class=\" \" href=\"https:\/\/le-clairon-nouveau.fr\/wordpress\/wp-json\/wp\/v2\/pages\/1204\/?_page=2\">&rsaquo;<\/a><\/li>\n\t<\/ul><img loading=\"lazy\" decoding=\"async\" width=\"15\" height=\"15\" class=\"pt-cv-spinner\" alt=\"Chargement\u2026\" src=\"data:image\/gif;base64,R0lGODlhDwAPALMPAMrKygwMDJOTkz09PZWVla+vr3p6euTk5M7OzuXl5TMzMwAAAJmZmWZmZszMzP\/\/\/yH\/C05FVFNDQVBFMi4wAwEAAAAh+QQFCgAPACwAAAAADwAPAAAEQvDJaZaZOIcV8iQK8VRX4iTYoAwZ4iCYoAjZ4RxejhVNoT+mRGP4cyF4Pp0N98sBGIBMEMOotl6YZ3S61Bmbkm4mAgAh+QQFCgAPACwAAAAADQANAAAENPDJSRSZeA418itN8QiK8BiLITVsFiyBBIoYqnoewAD4xPw9iY4XLGYSjkQR4UAUD45DLwIAIfkEBQoADwAsAAAAAA8ACQAABC\/wyVlamTi3nSdgwFNdhEJgTJoNyoB9ISYoQmdjiZPcj7EYCAeCF1gEDo4Dz2eIAAAh+QQFCgAPACwCAAAADQANAAAEM\/DJBxiYeLKdX3IJZT1FU0iIg2RNKx3OkZVnZ98ToRD4MyiDnkAh6BkNC0MvsAj0kMpHBAAh+QQFCgAPACwGAAAACQAPAAAEMDC59KpFDll73HkAA2wVY5KgiK5b0RRoI6MuzG6EQqCDMlSGheEhUAgqgUUAFRySIgAh+QQFCgAPACwCAAIADQANAAAEM\/DJKZNLND\/kkKaHc3xk+QAMYDKsiaqmZCxGVjSFFCxB1vwy2oOgIDxuucxAMTAJFAJNBAAh+QQFCgAPACwAAAYADwAJAAAEMNAs86q1yaWwwv2Ig0jUZx3OYa4XoRAfwADXoAwfo1+CIjyFRuEho60aSNYlOPxEAAAh+QQFCgAPACwAAAIADQANAAAENPA9s4y8+IUVcqaWJ4qEQozSoAzoIyhCK2NFU2SJk0hNnyEOhKR2AzAAj4Pj4GE4W0bkJQIAOw==\" \/><div class=\"clear pt-cv-clear-pagination\"><\/div><\/div><\/div>\t\t\t<style type=\"text\/css\" id=\"pt-cv-inline-style-f953f13zqk\">#pt-cv-view-ec2e4119j1 .pt-cv-content-item { padding-top: 0px !important; padding-left: 5px !important; padding-right: 5px !important; }\n#pt-cv-view-ec2e4119j1  { margin-left: -5px !important; margin-right: -5px !important; }\n#pt-cv-view-ec2e4119j1 .pt-cv-mask { padding-left: 10px !important; padding-right: 10px !important; }\n#pt-cv-view-ec2e4119j1  .pt-cv-ifield   { background-color: #fff8ed !important; }\n#pt-cv-view-ec2e4119j1.pt-cv-post-border { margin: 0; border-top-width: 1px; border-left-width: 1px }\n#pt-cv-view-ec2e4119j1.pt-cv-post-border { margin: 0; border-top-style: solid; border-left-style: solid }\n#pt-cv-view-ec2e4119j1.pt-cv-post-border .pt-cv-content-item   { border-right-width: 1px; border-bottom-width: 1px; border-right-style: solid; border-bottom-style: solid; }\n#pt-cv-view-ec2e4119j1 .pt-cv-href-thumbnail  { margin-left: auto !important; margin-right: auto !important; display: block !important; text-align: center !important; clear: both !important; }\n#pt-cv-view-ec2e4119j1 .pt-cv-title a, #pt-cv-view-ec2e4119j1  .panel-title { font-family: 'Oswald', Arial, serif !important; color: #a52e26 !important; font-weight: 600 !important; display: block !important; text-align: center !important; clear: both !important; }\n#pt-cv-view-ec2e4119j1  .pt-cv-title a:hover, #pt-cv-view-ec2e4119j1  .panel-title:hover   { font-family: 'Oswald', Arial, serif !important; color: rgba(165,46,38,0.68) !important; font-weight: 600 !important; display: block !important; text-align: center !important; clear: both !important; }\n#pt-cv-view-ec2e4119j1 .pt-cv-content , #pt-cv-view-ec2e4119j1  .pt-cv-content *:not(.pt-cv-readmore):not(style):not(script) { font-size: 12px !important; line-height: 1.3 !important; display: block !important; text-align: justify !important; clear: both !important; }\n#pt-cv-view-ec2e4119j1  .pt-cv-content-item:hover .pt-cv-hover-wrapper::before   { background-color: rgba(255,248,237,0.85) !important; }\n#pt-cv-view-ec2e4119j1:not(.pt-cv-nohover) .pt-cv-mask *   { color: #a52e26; }\n#pt-cv-view-ec2e4119j1 .pt-cv-carousel-caption  { background-color: rgba(51,51,51,.6) !important; }\n#pt-cv-view-ec2e4119j1 .pt-cv-meta-fields {text-align: center; clear: both}\n#pt-cv-view-ec2e4119j1 .pt-cv-meta-fields * { font-size: 12px !important; line-height: 1.3 !important; color: #a52e26 !important; }\n#pt-cv-view-ec2e4119j1 .pt-cv-specialp { background-color: #CC3333 !important }\n#pt-cv-view-ec2e4119j1 .pt-cv-specialp * { color: #fff !important; }\n#pt-cv-view-ec2e4119j1 .pt-cv-pficon  { color: #bbb !important; }\n#pt-cv-view-ec2e4119j1  .add_to_cart_button, #pt-cv-view-ec2e4119j1  .add_to_cart_button *   { color: #ffffff !important; background-color: #00aeef !important; }\n#pt-cv-view-ec2e4119j1  .woocommerce-onsale   { color: #ffffff !important; background-color: #ff5a5f !important; }\n#pt-cv-view-ec2e4119j1 .pt-cv-readmore  { font-size: 13px !important; line-height: 1.3 !important; color: #ff0000 !important; font-weight: 600 !important; }\n#pt-cv-view-ec2e4119j1 .pt-cv-readmore:hover  { font-size: 13px !important; line-height: 1.3 !important; color: rgba(255,0,0,0.43) !important; }\n#pt-cv-view-ec2e4119j1  + .pt-cv-pagination-wrapper .pt-cv-more-inactive , #pt-cv-view-ec2e4119j1  + .pt-cv-pagination-wrapper .pagination a { color: rgba(165,46,38,0.25) !important; background-color: #fff0d8 !important; }\n#pt-cv-view-ec2e4119j1  + .pt-cv-pagination-wrapper .pt-cv-more , #pt-cv-view-ec2e4119j1  + .pt-cv-pagination-wrapper .pagination .active a { color: #a52e26 !important; background-color: #fff0d8 !important; font-weight: 600 !important; }\n.cvp-live-filter[data-sid='ec2e4119j1'] .cvp-label   { font-size: 13px !important; line-height: 1.3 !important; }\n.cvp-live-filter[data-sid='ec2e4119j1'] input[type='text'], .cvp-live-filter[data-sid='ec2e4119j1'] div > label, .cvp-live-filter[data-sid='ec2e4119j1'] select, .cvp-live-filter[data-sid='ec2e4119j1'] .irs-from, .cvp-live-filter[data-sid='ec2e4119j1'] .irs-to   { font-size: 13px !important; line-height: 1.3 !important; color: #bf2828 !important; font-weight: 600 !important; }\n.cvp-live-filter[data-sid='ec2e4119j1'] input[type=radio]:checked~div   { background-color: rgba(221,153,51,0.41) !important; }\n[id^='pt-cv-filter-bar-ec2e4119j1'] .active.pt-cv-filter-option, [id^='pt-cv-filter-bar-ec2e4119j1'] .active .pt-cv-filter-option, [id^='pt-cv-filter-bar-ec2e4119j1'] .selected.pt-cv-filter-option, [id^='pt-cv-filter-bar-ec2e4119j1'] .dropdown-toggle   { color: #fff !important; background-color: #00aeef !important; }\n[id^='pt-cv-filter-bar-ec2e4119j1'] .pt-cv-filter-title   { color: #fff !important; background-color: #00aeef !important; }\n#pt-cv-gls-ec2e4119j1 li a.pt-active   { color: #fff !important; background-color: #ff5a5f !important; }\n#pt-cv-view-ec2e4119j1 .pt-cv-gls-header  { color: #fff !important; background-color: #00aeef !important; }\n#pt-cv-view-ec2e4119j1 .img-rounded, #pt-cv-view-ec2e4119j1 .pt-cv-hover-wrapper { -webkit-border-radius: 6px !important; -moz-border-radius: 6px !important; border-radius: 6px !important; }\n#pt-cv-view-ec2e4119j1 .cvp-responsive-image[style*=\"background-image\"] { width: 200px; height: 500px; }<\/style>\r\n\t\t\t<link href='\/\/fonts.googleapis.com\/css?family=Oswald' rel='stylesheet' type='text\/css'>\n<script type=\"text\/javascript\"> var tt_store_content = \"\\<p style\\='text\\-align\\: center;'\\>\\<span style\\='font\\-size\\: 14pt;'\\>\\<strong\\>C\\<\\\/strong\\>entre \\<strong\\>H\\<\\\/strong\\>ospitalier\\<\\\/span\\>\\<\\\/p\\>\"; toolTips('.classtoolTips220',tt_store_content,'18357'); <\/script>","protected":false},"excerpt":{"rendered":"<p>Tous les articles de la rubrique \u00ab\u00a0Culture\u00a0\u00bb sont d\u00e9sormais affich\u00e9s dans la liste ci-dessous, dans l\u2019ordre chronologique d\u00e9croissant. Vous pouvez s\u00e9lectionner un th\u00e8me particulier et \/ ou une \u00e9dition.<script type=\"text\/javascript\"> var tt_store_content = \"\\<\/p>\n<p style\\='text\\-align\\: center;'\\>\\<span style\\='font\\-size\\: 14pt;'\\>\\<strong\\>C\\<\\\/strong\\>entre \\<strong\\>H\\<\\\/strong\\>ospitalier\\<\\\/span\\>\\<\\\/p\\>\"; toolTips('.classtoolTips220',tt_store_content,'18357'); <\/script><\/p>\n","protected":false},"author":1,"featured_media":0,"parent":8301,"menu_order":0,"comment_status":"closed","ping_status":"closed","template":"","meta":{"_acf_changed":false,"ngg_post_thumbnail":0,"footnotes":""},"coauthors":[8],"class_list":["post-1204","page","type-page","status-publish","hentry","no-thumb"],"acf":[],"jetpack_sharing_enabled":true,"jetpack_shortlink":"https:\/\/wp.me\/P9B5TM-jq","_links":{"self":[{"href":"https:\/\/le-clairon-nouveau.fr\/wordpress\/wp-json\/wp\/v2\/pages\/1204","targetHints":{"allow":["GET"]}}],"collection":[{"href":"https:\/\/le-clairon-nouveau.fr\/wordpress\/wp-json\/wp\/v2\/pages"}],"about":[{"href":"https:\/\/le-clairon-nouveau.fr\/wordpress\/wp-json\/wp\/v2\/types\/page"}],"author":[{"embeddable":true,"href":"https:\/\/le-clairon-nouveau.fr\/wordpress\/wp-json\/wp\/v2\/users\/1"}],"replies":[{"embeddable":true,"href":"https:\/\/le-clairon-nouveau.fr\/wordpress\/wp-json\/wp\/v2\/comments?post=1204"}],"version-history":[{"count":0,"href":"https:\/\/le-clairon-nouveau.fr\/wordpress\/wp-json\/wp\/v2\/pages\/1204\/revisions"}],"up":[{"embeddable":true,"href":"https:\/\/le-clairon-nouveau.fr\/wordpress\/wp-json\/wp\/v2\/pages\/8301"}],"wp:attachment":[{"href":"https:\/\/le-clairon-nouveau.fr\/wordpress\/wp-json\/wp\/v2\/media?parent=1204"}],"wp:term":[{"taxonomy":"author","embeddable":true,"href":"https:\/\/le-clairon-nouveau.fr\/wordpress\/wp-json\/wp\/v2\/coauthors?post=1204"}],"curies":[{"name":"wp","href":"https:\/\/api.w.org\/{rel}","templated":true}]}}