{"id":19017,"date":"2019-05-23T10:54:12","date_gmt":"2019-05-23T08:54:12","guid":{"rendered":"https:\/\/le-clairon-nouveau.fr\/wordpress\/?page_id=19017"},"modified":"2020-07-23T17:55:47","modified_gmt":"2020-07-23T15:55:47","slug":"actualites-generales-v2","status":"publish","type":"page","link":"https:\/\/le-clairon-nouveau.fr\/wordpress\/pages-visibles\/actualites\/actualites-generales-v2\/","title":{"rendered":"Actualit\u00e9s G\u00e9n\u00e9rales"},"content":{"rendered":"<p style=\"text-align: justify;\"><span style=\"color: #993300; font-size: 10pt;\"><em>Depuis le 23 mai 2019, la pr\u00e9sentation est modifi\u00e9e. Tous les articles sont d\u00e9sormais affich\u00e9s dans la liste ci-dessous, dans l&rsquo;ordre chronologique d\u00e9croissant. Vous pouvez, pour l&rsquo;instant, s\u00e9lectionner ceux d&rsquo;une \u00e9dition en particulier. Ult\u00e9rieurement, d&rsquo;autres filtres vous seront propos\u00e9s.<\/em><\/span><\/p>\n<p><span style=\"color: #993300;\"><div class=\"pt-cv-wrapper\"><div class=\"cvp-live-filter cvp-dropdown \" id=\"\" data-name=\"tx_edition\" data-sid=\"9416a896as\"><label class=\"cvp-label\">Choisir le n\u00b0 de Parution<\/label><select name=\"tx_edition\"><option value=\"\">Toutes les parutions<\/option><option value=\"edi_00127\" >Edition n\u00b0 127 Janvier-F\u00e9vrier 2026<span class=\"cvp-count\"> (1)<\/span><\/option><option value=\"edi_00126\" >Edition n\u00b0 126 D\u00e9cembre 2025 &#8211; Janvier 2026<span class=\"cvp-count\"> (3)<\/span><\/option><option value=\"edi_00125\" >Edition n\u00b0 125 Novembre-D\u00e9cembre 2025<span class=\"cvp-count\"> (2)<\/span><\/option><option value=\"edi_00124\" >Edition n\u00b0 124 Octobre-Novembre 2025<span class=\"cvp-count\"> (4)<\/span><\/option><option value=\"edi_00123\" >Edition n\u00b0 123 Septembre-Octobre 2025<span class=\"cvp-count\"> (2)<\/span><\/option><option value=\"edi_00122\" >Edition n\u00b0 122 Juillet-Septembre 2025<span class=\"cvp-count\"> (4)<\/span><\/option><option value=\"edi_00121\" >Edition n\u00b0 121 Juin-Juillet 2025<span class=\"cvp-count\"> (3)<\/span><\/option><option value=\"edi_00120\" >Edition n\u00b0 120 Mai-Juin 2025<span class=\"cvp-count\"> (4)<\/span><\/option><option value=\"edi_00119\" >Edition n\u00b0 119 Avril-Mai 2025<span class=\"cvp-count\"> (5)<\/span><\/option><option value=\"edi_00118\" >Edition n\u00b0 118 Mars-Avril 2025<span class=\"cvp-count\"> (8)<\/span><\/option><option value=\"edi_00117\" >Edition n\u00b0 117 F\u00e9vrier-Mars 2025<span class=\"cvp-count\"> (2)<\/span><\/option><option value=\"edi_00116\" >Edition n\u00b0 116 Janvier-F\u00e9vrier 2025<span class=\"cvp-count\"> (5)<\/span><\/option><option value=\"edi_00115\" >Edition n\u00b0115 D\u00e9cembre 2024-Janvier 2025<span class=\"cvp-count\"> (5)<\/span><\/option><option value=\"edi_00114\" >Edition n\u00b0114 Novembre-D\u00e9cembre 2024<span class=\"cvp-count\"> (4)<\/span><\/option><option value=\"edi_00113\" >Edition n\u00b0113 Octobre-Novembre 2024<span class=\"cvp-count\"> (4)<\/span><\/option><option value=\"edi_00112\" >Edition n\u00b0 112 Septembre-Octobre 2024<span class=\"cvp-count\"> (4)<\/span><\/option><option value=\"edi_00111\" >Edition n\u00b0 111 Juillet-Septembre 2024<span class=\"cvp-count\"> (7)<\/span><\/option><option value=\"edi_00110\" >Edition n\u00b0 110 Juin-Juillet 2024<span class=\"cvp-count\"> (4)<\/span><\/option><option value=\"edi_00109\" >Edition n\u00b0 109 Mai-Juin 2024<span class=\"cvp-count\"> (5)<\/span><\/option><option value=\"edi_00108\" >Edition n\u00b0 108 Avril-Mai 2024<span class=\"cvp-count\"> (9)<\/span><\/option><option value=\"edi_00107\" >Edition n\u00b0 107 Mars-Avril 2024<span class=\"cvp-count\"> (7)<\/span><\/option><option value=\"edi_00106\" >Edition n\u00b0 106 F\u00e9vrier-Mars 2024<span class=\"cvp-count\"> (4)<\/span><\/option><option value=\"edi_00105\" >Edition n\u00b0 105 Janvier-F\u00e9vrier 2024<span class=\"cvp-count\"> (5)<\/span><\/option><option value=\"edi_00104\" >Edition n\u00b0 104 D\u00e9cembre 2023 &#8211; Janvier 2024<span class=\"cvp-count\"> (7)<\/span><\/option><option value=\"edi_00103\" >Edition N\u00b0 103 Novembre-D\u00e9cembre 2023<span class=\"cvp-count\"> (5)<\/span><\/option><option value=\"edi_00102\" >Edition n\u00b0 102 Octobre-Novembre 2023<span class=\"cvp-count\"> (6)<\/span><\/option><option value=\"edi_00101\" >Edition n\u00b0 101 Septembre-Octobre 2023<span class=\"cvp-count\"> (4)<\/span><\/option><option value=\"edi_00100\" >Edition n\u00b0 100 Juillet-Septembre 2023<span class=\"cvp-count\"> (3)<\/span><\/option><option value=\"edi_00099\" >Edition n\u00b0 99 Juin-Juillet 2023<span class=\"cvp-count\"> (5)<\/span><\/option><option value=\"edi_00098\" >Edition n\u00b0 98 Mai-Juin 2023<span class=\"cvp-count\"> (5)<\/span><\/option><option value=\"edi_00097\" >Edition n\u00b0 97 Avril-Mai 2023<span class=\"cvp-count\"> (3)<\/span><\/option><option value=\"edi_00096\" >Edition n\u00b0 96 Mars-Avril 2023<span class=\"cvp-count\"> (4)<\/span><\/option><option value=\"edi_00095\" >Edition n\u00b0 95 F\u00e9vrier-Mars 2023<span class=\"cvp-count\"> (5)<\/span><\/option><option value=\"edi_00094\" >Edition n\u00b0 94 Janvier-F\u00e9vrier 2023<span class=\"cvp-count\"> (3)<\/span><\/option><option value=\"edi_00093\" >Edition n\u00b0 93 D\u00e9cembre 2022 &#8211; Janvier 2023<span class=\"cvp-count\"> (6)<\/span><\/option><option value=\"edi_00092\" >Edition n\u00b0 92 Novembre-D\u00e9cembre 2022<span class=\"cvp-count\"> (5)<\/span><\/option><option value=\"edi_00091\" >Edition n\u00b0 91 Octobre-Novembre 2022<span class=\"cvp-count\"> (3)<\/span><\/option><option value=\"edi_00090\" >Edition n\u00b0 90 Septembre-Octobre 2022<span class=\"cvp-count\"> (4)<\/span><\/option><option value=\"edi_00089\" >Edition n\u00b0 89 Juillet-Septembre 2022<span class=\"cvp-count\"> (4)<\/span><\/option><option value=\"edi_00088\" >Edition n\u00b0 88 Juin-Juillet 2022<span class=\"cvp-count\"> (4)<\/span><\/option><option value=\"edi_00087\" >Edition n\u00b0 87 Mai-Juin 2022<span class=\"cvp-count\"> (5)<\/span><\/option><option value=\"edi_00086\" >Edition n\u00b0 86 Avril-Mai 2022<span class=\"cvp-count\"> (5)<\/span><\/option><option value=\"edi_00085\" >Edition n\u00b0 85 Mars-Avril 2022<span class=\"cvp-count\"> (5)<\/span><\/option><option value=\"edi_00084\" >Edition n\u00b0 84 F\u00e9vrier-Mars 2022<span class=\"cvp-count\"> (4)<\/span><\/option><option value=\"edi_00083\" >Edition n\u00b0 83 Janvier-F\u00e9vrier 2022<span class=\"cvp-count\"> (3)<\/span><\/option><option value=\"edi_00082\" >Edition n\u00b0 82 D\u00e9cembre 2021 &#8211; Janvier 2022<span class=\"cvp-count\"> (4)<\/span><\/option><option value=\"edi_00081\" >Edition n\u00b0 81 Novembre-D\u00e9cembre 2021<span class=\"cvp-count\"> (4)<\/span><\/option><option value=\"edi_00080\" >Edition n\u00b0 80 Octobre-Novembre 2021<span class=\"cvp-count\"> (4)<\/span><\/option><option value=\"edi_00079\" >Edition n\u00b0 79 Septembre-Octobre 2021<span class=\"cvp-count\"> (4)<\/span><\/option><option value=\"edi_00078\" >Edition n\u00b0 78 Juillet-Septembre 2021<span class=\"cvp-count\"> (2)<\/span><\/option><option value=\"edi_00077\" >Edition n\u00b0 77 Juin-Juillet 2021<span class=\"cvp-count\"> (3)<\/span><\/option><option value=\"edi_00076\" >Edition n\u00b0 76 Mai-Juin 2021<span class=\"cvp-count\"> (2)<\/span><\/option><option value=\"edi_00075\" >Edition n\u00b0 75 Avril-Mai 2021<span class=\"cvp-count\"> (6)<\/span><\/option><option value=\"edi_00074\" >Edition n\u00b0 74 Mars-Avril 2021<span class=\"cvp-count\"> (5)<\/span><\/option><option value=\"edi_00073\" >Edition n\u00b0 73 F\u00e9vrier-Mars 2021<span class=\"cvp-count\"> (3)<\/span><\/option><option value=\"edi_00072\" >Edition n\u00b0 72 Janvier-F\u00e9vrier 2021<span class=\"cvp-count\"> (5)<\/span><\/option><option value=\"edi_00071\" >Edition n\u00b0 71 D\u00e9cembre 2020 &#8211; Janvier 2021<span class=\"cvp-count\"> (3)<\/span><\/option><option value=\"edi_00070\" >Edition n\u00b0 70 Novembre-D\u00e9cembre 2020<span class=\"cvp-count\"> (4)<\/span><\/option><option value=\"edi_00069\" >Edition n\u00b0 69 Octobre-Novembre 2020<span class=\"cvp-count\"> (3)<\/span><\/option><option value=\"edi_00068\" >Edition n\u00b0 68 Septembre-Octobre 2020<span class=\"cvp-count\"> (2)<\/span><\/option><option value=\"edi_00067\" >Edition n\u00b0 67 Juillet-Septembre 2020<span class=\"cvp-count\"> (6)<\/span><\/option><option value=\"edi_00066\" >Edition n\u00b0 66 Juin-Juillet 2020<span class=\"cvp-count\"> (7)<\/span><\/option><option value=\"edi_00065\" >Edition n\u00b0 65 Mai-Juin 2020<span class=\"cvp-count\"> (6)<\/span><\/option><option value=\"edi_00064\" >Edition n\u00b0 64 Avril-Mai 2020<span class=\"cvp-count\"> (7)<\/span><\/option><option value=\"edi_00063\" >Edition n\u00b0 63 Mars-Avril 2020<span class=\"cvp-count\"> (6)<\/span><\/option><option value=\"edi_00062\" >Edition n\u00b0 62 F\u00e9vrier-Mars 2020<span class=\"cvp-count\"> (3)<\/span><\/option><option value=\"edi_00061\" >Edition n\u00b0 61 Janvier-F\u00e9vrier 2020<span class=\"cvp-count\"> (4)<\/span><\/option><option value=\"edi_00060\" >Edition n\u00b0 60 D\u00e9cembre 2019 &#8211; Janvier 2020<span class=\"cvp-count\"> (6)<\/span><\/option><option value=\"edi_00059\" >Edition n\u00b0 59 &#8211; Novembre-D\u00e9cembre 2019<span class=\"cvp-count\"> (5)<\/span><\/option><option value=\"edi_00058\" >Edition n\u00b0 58 &#8211; Octobre-Novembre 2019<span class=\"cvp-count\"> (5)<\/span><\/option><option value=\"edi_00055\" >Edition n\u00b0 55 &#8211; Juin-Juillet 2019<span class=\"cvp-count\"> (1)<\/span><\/option><option value=\"edi_00054\" >Edition n\u00b0 54 &#8211; Mai-Juin 2019<span class=\"cvp-count\"> (2)<\/span><\/option><option value=\"edi_00053\" >Edition n\u00b0 53 &#8211; Avril-Mai 2019<span class=\"cvp-count\"> (1)<\/span><\/option><\/select><\/div><div class=\"pt-cv-view pt-cv-grid pt-cv-colsys pt-cv-same-height pt-cv-content-hover effect-ud pt-cv-overlay-top pt-cv-pgregular\" id=\"pt-cv-view-9416a896as\"><div data-id=\"pt-cv-page-1\" class=\"pt-cv-page\" data-cvc=\"3\" data-cvct=\"2\" data-cvcm=\"1\"><div class=\"col-md-4 col-sm-6 col-xs-12 pt-cv-content-item pt-cv-1-col\"  data-pid=\"32753\"><div class='pt-cv-ifield'><h4 class=\"pt-cv-title\"><a href=\"https:\/\/le-clairon-nouveau.fr\/wordpress\/blog\/2026\/01\/23\/la-chronique-des-gens-qui-ne-sont-rien\/\" class=\"_self cvplbd\" target=\"_self\" >La chronique des gens qui ne sont rien<\/a><\/h4>\n<div class=\"pt-cv-hover-wrapper\"><a href=\"https:\/\/le-clairon-nouveau.fr\/wordpress\/blog\/2026\/01\/23\/la-chronique-des-gens-qui-ne-sont-rien\/\" class=\"_self pt-cv-href-thumbnail pt-cv-thumb-default cvplbd cvp-lazy-container cvp-responsive-image img-rounded\" target=\"_self\" data-iw=\"300\" data-ih=\"300\"><img decoding=\"async\" width=\"300\" src=\"https:\/\/le-clairon-nouveau.fr\/wordpress\/wp-content\/plugins\/pt-content-views-pro\/public\/assets\/images\/lazy_image.png\" class=\"pt-cv-thumbnail img-rounded cvp-substitute no-lazyload  cvplazy\" alt=\"La chronique des gens qui ne sont rien\" title=\"\" data-no-lazy=\"1\" data-cvpsrc=\"https:\/\/i0.wp.com\/le-clairon-nouveau.fr\/wordpress\/wp-content\/uploads\/2026\/01\/Prolos-au-comptoir-3.jpg?resize=616%2C462&amp;ssl=1\" \/><\/a><div class=\"pt-cv-mask\"><div class=\"pt-cv-animation-left pt-cv-content\">Le bistrot\u00a0: un des derniers lieux o\u00f9 on r\u00e9fl\u00e9chit (Image Iphig\u00e9nie Atrides) \u00a0 \u00a0 \u00a0Le Trump, il n\u2019a pas r\u00e9ussi \u00e0 \u00eatre pris Nobel de la paix, par contre chez nous en France, un pote \u00e0 lui, Bernard Arnaud vient d\u2019\u00eatre intronis\u00e9 \u00e0 l\u2019Acad\u00e9mie des sciences morales et politiques : on est quand m\u00eame fortiches ! \u00a0\u00a0 Sacr\u00e9 mec le Bernard, patron de LVMH, 7\u00e8me des capitalistes les plus riches ... <a href=\"https:\/\/le-clairon-nouveau.fr\/wordpress\/blog\/2026\/01\/23\/la-chronique-des-gens-qui-ne-sont-rien\/\" class=\"_self pt-cv-readmore pt-cv-textlink cvplbd\" target=\"_self\" data-iw=\"300\" data-ih=\"300\">Lire la suite<\/a><\/div><\/div><\/div>\n<div class=\"pt-cv-meta-fields\"><span class=\"entry-date\"><span class=\"glyphicon glyphicon-calendar\"><\/span> <time datetime=\"2026-01-23T12:30:59+01:00\">23 janvier 2026<\/time><\/span><span class=\"author\"><span class=\"glyphicon glyphicon-user\"><\/span> <a href=\"https:\/\/le-clairon-nouveau.fr\/wordpress\/blog\/author\/redact\/\" rel=\"author\">La R\u00e9daction du Clairon de l'Atax<\/a><\/span><\/div><\/div><\/div>\n<div class=\"col-md-4 col-sm-6 col-xs-12 pt-cv-content-item pt-cv-1-col\"  data-pid=\"32681\"><div class='pt-cv-ifield'><h4 class=\"pt-cv-title\"><a href=\"https:\/\/le-clairon-nouveau.fr\/wordpress\/blog\/2025\/12\/23\/la-guerre-pour-quoi-pour-qui-contre-qui-comment\/\" class=\"_self cvplbd\" target=\"_self\" data-iw=\"300\" data-ih=\"300\">La guerre ? Pour quoi, pour qui, contre qui, comment ?<\/a><\/h4>\n<div class=\"pt-cv-hover-wrapper\"><a href=\"https:\/\/le-clairon-nouveau.fr\/wordpress\/blog\/2025\/12\/23\/la-guerre-pour-quoi-pour-qui-contre-qui-comment\/\" class=\"_self pt-cv-href-thumbnail pt-cv-thumb-default cvplbd cvp-lazy-container cvp-responsive-image img-rounded\" target=\"_self\" data-iw=\"300\" data-ih=\"300\"><img decoding=\"async\" width=\"300\" src=\"https:\/\/le-clairon-nouveau.fr\/wordpress\/wp-content\/plugins\/pt-content-views-pro\/public\/assets\/images\/lazy_image.png\" class=\"pt-cv-thumbnail img-rounded cvp-substitute no-lazyload  cvplazy\" alt=\"La guerre ? Pour quoi, pour qui, contre qui, comment ?\" title=\"\" data-no-lazy=\"1\" data-cvpsrc=\"https:\/\/i0.wp.com\/le-clairon-nouveau.fr\/wordpress\/wp-content\/uploads\/2025\/12\/Fusil-Lebel-Modele-1886-image-IA.jpg?resize=734%2C550&amp;ssl=1\" \/><\/a><div class=\"pt-cv-mask\"><div class=\"pt-cv-animation-left pt-cv-content\">L\u2019UE poss\u00e8de 27 arm\u00e9es diff\u00e9rentes, avec leurs industries et programmes correspondants et souvent concurrents ... <a href=\"https:\/\/le-clairon-nouveau.fr\/wordpress\/blog\/2025\/12\/23\/la-guerre-pour-quoi-pour-qui-contre-qui-comment\/\" class=\"_self pt-cv-readmore pt-cv-textlink cvplbd\" target=\"_self\" data-iw=\"300\" data-ih=\"300\">Lire la suite<\/a><\/div><\/div><\/div>\n<div class=\"pt-cv-meta-fields\"><span class=\"entry-date\"><span class=\"glyphicon glyphicon-calendar\"><\/span> <time datetime=\"2025-12-23T12:30:19+01:00\">23 d\u00e9cembre 2025<\/time><\/span><span class=\"author\"><span class=\"glyphicon glyphicon-user\"><\/span> <a href=\"https:\/\/le-clairon-nouveau.fr\/wordpress\/blog\/author\/hubert\/\" rel=\"author\">Hubert Reys<\/a><\/span><\/div><\/div><\/div>\n<div class=\"col-md-4 col-sm-6 col-xs-12 pt-cv-content-item pt-cv-1-col\"  data-pid=\"32708\"><div class='pt-cv-ifield'><h4 class=\"pt-cv-title\"><a href=\"https:\/\/le-clairon-nouveau.fr\/wordpress\/blog\/2025\/12\/23\/crise-agricole-dur-detre-au-gouvernement-de-la-france\/\" class=\"_self cvplbd\" target=\"_self\" data-iw=\"300\" data-ih=\"300\">Crise agricole : dur d\u2019\u00eatre au gouvernement de la France<\/a><\/h4>\n<div class=\"pt-cv-hover-wrapper\"><a href=\"https:\/\/le-clairon-nouveau.fr\/wordpress\/blog\/2025\/12\/23\/crise-agricole-dur-detre-au-gouvernement-de-la-france\/\" class=\"_self pt-cv-href-thumbnail pt-cv-thumb-default cvplbd cvp-lazy-container cvp-responsive-image img-rounded\" target=\"_self\" data-iw=\"300\" data-ih=\"300\"><img decoding=\"async\" width=\"300\" src=\"https:\/\/le-clairon-nouveau.fr\/wordpress\/wp-content\/plugins\/pt-content-views-pro\/public\/assets\/images\/lazy_image.png\" class=\"pt-cv-thumbnail img-rounded cvp-substitute no-lazyload  cvplazy\" alt=\"Crise agricole : dur d\u2019\u00eatre au gouvernement de la France\" title=\"\" data-no-lazy=\"1\" data-cvpsrc=\"https:\/\/i0.wp.com\/le-clairon-nouveau.fr\/wordpress\/wp-content\/uploads\/2025\/12\/Paysage-de-haies-2-Image-par-Walter-Frehner-de-Pixabay.jpg?resize=695%2C461&amp;ssl=1\" \/><\/a><div class=\"pt-cv-mask\"><div class=\"pt-cv-animation-left pt-cv-content\">Comment encourager l\u2019extension des haies tout en facilitant leur destruction ... <a href=\"https:\/\/le-clairon-nouveau.fr\/wordpress\/blog\/2025\/12\/23\/crise-agricole-dur-detre-au-gouvernement-de-la-france\/\" class=\"_self pt-cv-readmore pt-cv-textlink cvplbd\" target=\"_self\" data-iw=\"300\" data-ih=\"300\">Lire la suite<\/a><\/div><\/div><\/div>\n<div class=\"pt-cv-meta-fields\"><span class=\"entry-date\"><span class=\"glyphicon glyphicon-calendar\"><\/span> <time datetime=\"2025-12-23T12:30:09+01:00\">23 d\u00e9cembre 2025<\/time><\/span><span class=\"author\"><span class=\"glyphicon glyphicon-user\"><\/span> <a href=\"https:\/\/le-clairon-nouveau.fr\/wordpress\/blog\/author\/lbvp\/\" rel=\"author\">Louise B Velpeau<\/a><\/span><\/div><\/div><\/div>\n<div class=\"col-md-4 col-sm-6 col-xs-12 pt-cv-content-item pt-cv-1-col\"  data-pid=\"32688\"><div class='pt-cv-ifield'><h4 class=\"pt-cv-title\"><a href=\"https:\/\/le-clairon-nouveau.fr\/wordpress\/blog\/2025\/12\/22\/sante-publique-est-elle-en-regression\/\" class=\"_self cvplbd\" target=\"_self\" data-iw=\"300\" data-ih=\"300\">Sant\u00e9 publique : est-elle en r\u00e9gression ?<\/a><\/h4>\n<div class=\"pt-cv-hover-wrapper\"><a href=\"https:\/\/le-clairon-nouveau.fr\/wordpress\/blog\/2025\/12\/22\/sante-publique-est-elle-en-regression\/\" class=\"_self pt-cv-href-thumbnail pt-cv-thumb-default cvplbd cvp-lazy-container cvp-responsive-image img-rounded\" target=\"_self\" data-iw=\"300\" data-ih=\"300\"><img decoding=\"async\" width=\"300\" src=\"https:\/\/le-clairon-nouveau.fr\/wordpress\/wp-content\/plugins\/pt-content-views-pro\/public\/assets\/images\/lazy_image.png\" class=\"pt-cv-thumbnail img-rounded cvp-substitute no-lazyload  cvplazy\" alt=\"Sant\u00e9 publique : est-elle en r\u00e9gression ?\" title=\"\" data-no-lazy=\"1\" data-cvpsrc=\"https:\/\/i0.wp.com\/le-clairon-nouveau.fr\/wordpress\/wp-content\/uploads\/2025\/12\/generated-image.jpg?resize=681%2C384&amp;ssl=1\" \/><\/a><div class=\"pt-cv-mask\"><div class=\"pt-cv-animation-left pt-cv-content\">\u00a0 \u00a0Amorc\u00e9e au milieu du 18\u00e8me si\u00e8cle, la sant\u00e9 publique s\u2019am\u00e9liore de fa\u00e7on continue au cours du 19\u00e8me si\u00e8cle avec l\u2018apparition des premi\u00e8res institutions d\u2019 \u00ab hygi\u00e8ne publique \u00bb qui datent de la R\u00e9volution et se d\u00e9veloppent tout au long du si\u00e8cle. Port\u00e9es par un puissant mouvement hygi\u00e9niste ces institutions ne sont pas sans arri\u00e8re-pens\u00e9es : l\u2019acc\u00e8s \u00e0 l\u2019eau potable, la cr\u00e9ation d\u2019\u00e9gouts, la lutte contre l\u2019habitat insalubre (cf. Rapport ... <a href=\"https:\/\/le-clairon-nouveau.fr\/wordpress\/blog\/2025\/12\/22\/sante-publique-est-elle-en-regression\/\" class=\"_self pt-cv-readmore pt-cv-textlink cvplbd\" target=\"_self\" data-iw=\"300\" data-ih=\"300\">Lire la suite<\/a><\/div><\/div><\/div>\n<div class=\"pt-cv-meta-fields\"><span class=\"entry-date\"><span class=\"glyphicon glyphicon-calendar\"><\/span> <time datetime=\"2025-12-22T16:39:36+01:00\">22 d\u00e9cembre 2025<\/time><\/span><span class=\"author\"><span class=\"glyphicon glyphicon-user\"><\/span> <a href=\"https:\/\/le-clairon-nouveau.fr\/wordpress\/blog\/author\/hubert\/\" rel=\"author\">Hubert Reys<\/a><\/span><\/div><\/div><\/div>\n<div class=\"col-md-4 col-sm-6 col-xs-12 pt-cv-content-item pt-cv-1-col\"  data-pid=\"32603\"><div class='pt-cv-ifield'><h4 class=\"pt-cv-title\"><a href=\"https:\/\/le-clairon-nouveau.fr\/wordpress\/blog\/2025\/11\/23\/macronie-le-pays-de-lindicible-peur\/\" class=\"_self cvplbd\" target=\"_self\" data-iw=\"300\" data-ih=\"300\">Macronie, le pays de l\u2019indicible peur<\/a><\/h4>\n<div class=\"pt-cv-hover-wrapper\"><a href=\"https:\/\/le-clairon-nouveau.fr\/wordpress\/blog\/2025\/11\/23\/macronie-le-pays-de-lindicible-peur\/\" class=\"_self pt-cv-href-thumbnail pt-cv-thumb-default cvplbd cvp-lazy-container cvp-responsive-image img-rounded\" target=\"_self\" data-iw=\"300\" data-ih=\"300\"><img decoding=\"async\" width=\"300\" src=\"https:\/\/le-clairon-nouveau.fr\/wordpress\/wp-content\/plugins\/pt-content-views-pro\/public\/assets\/images\/lazy_image.png\" class=\"pt-cv-thumbnail img-rounded cvp-substitute no-lazyload  cvplazy\" alt=\"Macronie, le pays de l\u2019indicible peur\" title=\"\" data-no-lazy=\"1\" data-cvpsrc=\"https:\/\/i0.wp.com\/le-clairon-nouveau.fr\/wordpress\/wp-content\/uploads\/2025\/11\/indiscible-peur.jpg?resize=621%2C503&amp;ssl=1\" \/><\/a><div class=\"pt-cv-mask\"><div class=\"pt-cv-animation-left pt-cv-content\">Il est donc possible, avec une mise en spectacle et une communication ad\u00e9quates, d\u2019obtenir le consentement du peuple au sacrifice ... <a href=\"https:\/\/le-clairon-nouveau.fr\/wordpress\/blog\/2025\/11\/23\/macronie-le-pays-de-lindicible-peur\/\" class=\"_self pt-cv-readmore pt-cv-textlink cvplbd\" target=\"_self\" data-iw=\"300\" data-ih=\"300\">Lire la suite<\/a><\/div><\/div><\/div>\n<div class=\"pt-cv-meta-fields\"><span class=\"entry-date\"><span class=\"glyphicon glyphicon-calendar\"><\/span> <time datetime=\"2025-11-23T12:30:54+01:00\">23 novembre 2025<\/time><\/span><span class=\"author\"><span class=\"glyphicon glyphicon-user\"><\/span> <a href=\"https:\/\/le-clairon-nouveau.fr\/wordpress\/blog\/author\/hubert\/\" rel=\"author\">Hubert Reys<\/a><\/span><\/div><\/div><\/div>\n<div class=\"col-md-4 col-sm-6 col-xs-12 pt-cv-content-item pt-cv-1-col\"  data-pid=\"32599\"><div class='pt-cv-ifield'><h4 class=\"pt-cv-title\"><a href=\"https:\/\/le-clairon-nouveau.fr\/wordpress\/blog\/2025\/11\/23\/parc-nucleaire-francais-etat-de-lieux-et-perspectives\/\" class=\"_self cvplbd\" target=\"_self\" data-iw=\"300\" data-ih=\"300\">Parc nucl\u00e9aire fran\u00e7ais : \u00e9tat de lieux et perspectives<\/a><\/h4>\n<div class=\"pt-cv-hover-wrapper\"><a href=\"https:\/\/le-clairon-nouveau.fr\/wordpress\/blog\/2025\/11\/23\/parc-nucleaire-francais-etat-de-lieux-et-perspectives\/\" class=\"_self pt-cv-href-thumbnail pt-cv-thumb-default cvplbd cvp-lazy-container cvp-block cvp-responsive-image img-rounded\" target=\"_self\" data-iw=\"300\" data-ih=\"300\"><img decoding=\"async\" width=\"300\" src=\"https:\/\/le-clairon-nouveau.fr\/wordpress\/wp-content\/plugins\/pt-content-views-pro\/public\/assets\/images\/lazy_image.png\" class=\"pt-cv-thumbnail img-rounded cvp-substitute no-lazyload  cvplazy\" alt=\"Parc nucl\u00e9aire fran\u00e7ais : \u00e9tat de lieux et perspectives\" title=\"\" data-no-lazy=\"1\" data-cvpsrc=\"https:\/\/i0.wp.com\/le-clairon-nouveau.fr\/wordpress\/wp-content\/uploads\/2025\/11\/Image-par-Alexandra_Koch-de-Pixabay.jpg?resize=675%2C522&amp;ssl=1\" \/><\/a><div class=\"pt-cv-mask\"><div class=\"pt-cv-animation-left pt-cv-content\">Quels sont nos besoins\u00a0? Avons-nous les capacit\u00e9s techniques et financi\u00e8res pour accorder une part pr\u00e9pond\u00e9rante au nucl\u00e9aire\u00a0? ... <a href=\"https:\/\/le-clairon-nouveau.fr\/wordpress\/blog\/2025\/11\/23\/parc-nucleaire-francais-etat-de-lieux-et-perspectives\/\" class=\"_self pt-cv-readmore pt-cv-textlink cvplbd\" target=\"_self\" data-iw=\"300\" data-ih=\"300\">Lire la suite<\/a><\/div><\/div><\/div>\n<div class=\"pt-cv-meta-fields\"><span class=\"entry-date\"><span class=\"glyphicon glyphicon-calendar\"><\/span> <time datetime=\"2025-11-23T12:30:47+01:00\">23 novembre 2025<\/time><\/span><span class=\"author\"><span class=\"glyphicon glyphicon-user\"><\/span> <a href=\"https:\/\/le-clairon-nouveau.fr\/wordpress\/blog\/author\/curly\/\" rel=\"author\">Curly Mc Toole<\/a><\/span><\/div><\/div><\/div>\n<div class=\"col-md-4 col-sm-6 col-xs-12 pt-cv-content-item pt-cv-1-col\"  data-pid=\"32554\"><div class='pt-cv-ifield'><h4 class=\"pt-cv-title\"><a href=\"https:\/\/le-clairon-nouveau.fr\/wordpress\/blog\/2025\/10\/23\/une-crise-politique-majeure-qui-ne-permet-ni-le-statut-quo-ni-le-retour-en-arriere\/\" class=\"_self cvplbd\" target=\"_self\" data-iw=\"300\" data-ih=\"300\">Une crise politique majeure qui ne permet ni le statut-quo ni le retour en arri\u00e8re<\/a><\/h4>\n<div class=\"pt-cv-hover-wrapper\"><a href=\"https:\/\/le-clairon-nouveau.fr\/wordpress\/blog\/2025\/10\/23\/une-crise-politique-majeure-qui-ne-permet-ni-le-statut-quo-ni-le-retour-en-arriere\/\" class=\"_self pt-cv-href-thumbnail pt-cv-thumb-default cvplbd cvp-lazy-container cvp-responsive-image img-rounded\" target=\"_self\" data-iw=\"300\" data-ih=\"300\"><img decoding=\"async\" width=\"300\" src=\"https:\/\/le-clairon-nouveau.fr\/wordpress\/wp-content\/plugins\/pt-content-views-pro\/public\/assets\/images\/lazy_image.png\" class=\"pt-cv-thumbnail img-rounded cvp-substitute no-lazyload  cvplazy\" alt=\"Une crise politique majeure qui ne permet ni le statut-quo ni le retour en arri\u00e8re\" title=\"\" data-no-lazy=\"1\" data-cvpsrc=\"https:\/\/i0.wp.com\/le-clairon-nouveau.fr\/wordpress\/wp-content\/uploads\/2025\/10\/Krash-Image-par-Gerd-Altmann-de-Pixabay.jpg?resize=500%2C353&amp;ssl=1\" \/><\/a><div class=\"pt-cv-mask\"><div class=\"pt-cv-animation-left pt-cv-content\">Une impasse inextricable pour la configuration politique actuelle ... <a href=\"https:\/\/le-clairon-nouveau.fr\/wordpress\/blog\/2025\/10\/23\/une-crise-politique-majeure-qui-ne-permet-ni-le-statut-quo-ni-le-retour-en-arriere\/\" class=\"_self pt-cv-readmore pt-cv-textlink cvplbd\" target=\"_self\" data-iw=\"300\" data-ih=\"300\">Lire la suite<\/a><\/div><\/div><\/div>\n<div class=\"pt-cv-meta-fields\"><span class=\"entry-date\"><span class=\"glyphicon glyphicon-calendar\"><\/span> <time datetime=\"2025-10-23T12:48:39+02:00\">23 octobre 2025<\/time><\/span><span class=\"author\"><span class=\"glyphicon glyphicon-user\"><\/span> <a href=\"https:\/\/le-clairon-nouveau.fr\/wordpress\/blog\/author\/hubert\/\" rel=\"author\">Hubert Reys<\/a><\/span><\/div><\/div><\/div>\n<div class=\"col-md-4 col-sm-6 col-xs-12 pt-cv-content-item pt-cv-1-col\"  data-pid=\"32539\"><div class='pt-cv-ifield'><h4 class=\"pt-cv-title\"><a href=\"https:\/\/le-clairon-nouveau.fr\/wordpress\/blog\/2025\/10\/23\/un-communique-de-la-confederation-paysanne-a-propos-de-lepizootie-de-dnc\/\" class=\"_self cvplbd\" target=\"_self\" data-iw=\"300\" data-ih=\"300\">Un communiqu\u00e9 de la Conf\u00e9d\u00e9ration paysanne \u00e0 propos de  l&rsquo;Epizootie de DNC,<\/a><\/h4>\n<div class=\"pt-cv-hover-wrapper\"><a href=\"https:\/\/le-clairon-nouveau.fr\/wordpress\/blog\/2025\/10\/23\/un-communique-de-la-confederation-paysanne-a-propos-de-lepizootie-de-dnc\/\" class=\"_self pt-cv-href-thumbnail pt-cv-thumb-default cvplbd cvp-lazy-container cvp-responsive-image img-rounded\" target=\"_self\" data-iw=\"300\" data-ih=\"300\"><img decoding=\"async\" width=\"300\" src=\"https:\/\/le-clairon-nouveau.fr\/wordpress\/wp-content\/plugins\/pt-content-views-pro\/public\/assets\/images\/lazy_image.png\" class=\"pt-cv-thumbnail img-rounded cvp-substitute no-lazyload  cvplazy\" alt=\"Un communiqu\u00e9 de la Conf\u00e9d\u00e9ration paysanne \u00e0 propos de  l&#039;Epizootie de DNC,\" title=\"\" data-no-lazy=\"1\" data-cvpsrc=\"https:\/\/i0.wp.com\/le-clairon-nouveau.fr\/wordpress\/wp-content\/uploads\/2025\/06\/Logo-conf-nationale.jpg?resize=341%2C132&amp;ssl=1\" \/><\/a><div class=\"pt-cv-mask\"><div class=\"pt-cv-animation-left pt-cv-content\">Nous transmettons \u00e0 nos lecteurs un communiqu\u00e9 de la Conf\u00e9d\u00e9ration paysanne relatif \u00e0 l&rsquo;\u00e9pizootie de Dermatose Nodulaire Contagiuese qui touche actuellement l&rsquo;\u00e9levage des bovins. Il met en question les mesures adopt\u00e9es par l&rsquo;Etat pour y\u00a0 faire face. La r\u00e9daction Limoux, le 17 octobre 2025\u00a0 Communiqu\u00e9 de presse DNC : l\u2019\u00c9tat doit imm\u00e9diatement changer de politique sanitaire Avec de nouveaux foyers dans l\u2019Ain, le Jura et les Pyr\u00e9n\u00e9es-Orientales, la crise v\u00e9cue ... <a href=\"https:\/\/le-clairon-nouveau.fr\/wordpress\/blog\/2025\/10\/23\/un-communique-de-la-confederation-paysanne-a-propos-de-lepizootie-de-dnc\/\" class=\"_self pt-cv-readmore pt-cv-textlink cvplbd\" target=\"_self\" data-iw=\"300\" data-ih=\"300\">Lire la suite<\/a><\/div><\/div><\/div>\n<div class=\"pt-cv-meta-fields\"><span class=\"entry-date\"><span class=\"glyphicon glyphicon-calendar\"><\/span> <time datetime=\"2025-10-23T12:30:26+02:00\">23 octobre 2025<\/time><\/span><span class=\"author\"><span class=\"glyphicon glyphicon-user\"><\/span> <a href=\"https:\/\/le-clairon-nouveau.fr\/wordpress\/blog\/author\/redact\/\" rel=\"author\">La R\u00e9daction du Clairon de l'Atax<\/a><\/span><\/div><\/div><\/div>\n<div class=\"col-md-4 col-sm-6 col-xs-12 pt-cv-content-item pt-cv-1-col\"  data-pid=\"32515\"><div class='pt-cv-ifield'><h4 class=\"pt-cv-title\"><a href=\"https:\/\/le-clairon-nouveau.fr\/wordpress\/blog\/2025\/10\/23\/des-elites-et-des-gueux\/\" class=\"_self cvplbd\" target=\"_self\" data-iw=\"300\" data-ih=\"300\">Des \u00e9lites et des gueux<\/a><\/h4>\n<div class=\"pt-cv-hover-wrapper\"><a href=\"https:\/\/le-clairon-nouveau.fr\/wordpress\/blog\/2025\/10\/23\/des-elites-et-des-gueux\/\" class=\"_self pt-cv-href-thumbnail pt-cv-thumb-default cvplbd cvp-lazy-container cvp-responsive-image img-rounded\" target=\"_self\" data-iw=\"300\" data-ih=\"300\"><img decoding=\"async\" width=\"300\" src=\"https:\/\/le-clairon-nouveau.fr\/wordpress\/wp-content\/plugins\/pt-content-views-pro\/public\/assets\/images\/lazy_image.png\" class=\"pt-cv-thumbnail img-rounded cvp-substitute no-lazyload  cvplazy\" alt=\"Des \u00e9lites et des gueux\" title=\"\" data-no-lazy=\"1\" data-cvpsrc=\"https:\/\/i0.wp.com\/le-clairon-nouveau.fr\/wordpress\/wp-content\/uploads\/2025\/10\/Presentation-mod.jpg?resize=702%2C316&amp;ssl=1\" \/><\/a><div class=\"pt-cv-mask\"><div class=\"pt-cv-animation-left pt-cv-content\">Les peuples valent mieux que leurs \u00e9lites suppos\u00e9es (Georges Orwell) ... <a href=\"https:\/\/le-clairon-nouveau.fr\/wordpress\/blog\/2025\/10\/23\/des-elites-et-des-gueux\/\" class=\"_self pt-cv-readmore pt-cv-textlink cvplbd\" target=\"_self\" data-iw=\"300\" data-ih=\"300\">Lire la suite<\/a><\/div><\/div><\/div>\n<div class=\"pt-cv-meta-fields\"><span class=\"entry-date\"><span class=\"glyphicon glyphicon-calendar\"><\/span> <time datetime=\"2025-10-23T12:30:17+02:00\">23 octobre 2025<\/time><\/span><span class=\"author\"><span class=\"glyphicon glyphicon-user\"><\/span> <a href=\"https:\/\/le-clairon-nouveau.fr\/wordpress\/blog\/author\/hubert\/\" rel=\"author\">Hubert Reys<\/a><\/span><\/div><\/div><\/div>\n<div class=\"col-md-4 col-sm-6 col-xs-12 pt-cv-content-item pt-cv-1-col\"  data-pid=\"32506\"><div class='pt-cv-ifield'><h4 class=\"pt-cv-title\"><a href=\"https:\/\/le-clairon-nouveau.fr\/wordpress\/blog\/2025\/10\/22\/le-plan-de-relance-du-nucleaire-a-la-recherche-de-financements\/\" class=\"_self cvplbd\" target=\"_self\" data-iw=\"300\" data-ih=\"300\">Le plan de relance du nucl\u00e9aire \u00e0 la recherche de financements<\/a><\/h4>\n<div class=\"pt-cv-hover-wrapper\"><a href=\"https:\/\/le-clairon-nouveau.fr\/wordpress\/blog\/2025\/10\/22\/le-plan-de-relance-du-nucleaire-a-la-recherche-de-financements\/\" class=\"_self pt-cv-href-thumbnail pt-cv-thumb-default cvplbd cvp-lazy-container cvp-block cvp-responsive-image img-rounded\" target=\"_self\" data-iw=\"300\" data-ih=\"300\"><img decoding=\"async\" width=\"300\" src=\"https:\/\/le-clairon-nouveau.fr\/wordpress\/wp-content\/plugins\/pt-content-views-pro\/public\/assets\/images\/lazy_image.png\" class=\"pt-cv-thumbnail img-rounded cvp-substitute no-lazyload  cvplazy\" alt=\"Le plan de relance du nucl\u00e9aire \u00e0 la recherche de financements\" title=\"\" data-no-lazy=\"1\" data-cvpsrc=\"https:\/\/i0.wp.com\/le-clairon-nouveau.fr\/wordpress\/wp-content\/uploads\/2025\/10\/puzzle-Image-par-Gerd-Altmann-de-Pixabay.png?resize=638%2C638&amp;ssl=1\" \/><\/a><div class=\"pt-cv-mask\"><div class=\"pt-cv-animation-left pt-cv-content\">Entre une politique \u00e9nerg\u00e9tique mal maitris\u00e9e et la satisfaction d'un besoin \u00e9l\u00e9mentaire, se loger : qui choisit quoi ? ... <a href=\"https:\/\/le-clairon-nouveau.fr\/wordpress\/blog\/2025\/10\/22\/le-plan-de-relance-du-nucleaire-a-la-recherche-de-financements\/\" class=\"_self pt-cv-readmore pt-cv-textlink cvplbd\" target=\"_self\" data-iw=\"300\" data-ih=\"300\">Lire la suite<\/a><\/div><\/div><\/div>\n<div class=\"pt-cv-meta-fields\"><span class=\"entry-date\"><span class=\"glyphicon glyphicon-calendar\"><\/span> <time datetime=\"2025-10-22T23:21:36+02:00\">22 octobre 2025<\/time><\/span><span class=\"author\"><span class=\"glyphicon glyphicon-user\"><\/span> <a href=\"https:\/\/le-clairon-nouveau.fr\/wordpress\/blog\/author\/curly\/\" rel=\"author\">Curly Mc Toole<\/a><\/span><\/div><\/div><\/div>\n<div class=\"col-md-4 col-sm-6 col-xs-12 pt-cv-content-item pt-cv-1-col\"  data-pid=\"32417\"><div class='pt-cv-ifield'><h4 class=\"pt-cv-title\"><a href=\"https:\/\/le-clairon-nouveau.fr\/wordpress\/blog\/2025\/09\/23\/ou-allons-nous\/\" class=\"_self cvplbd\" target=\"_self\" data-iw=\"300\" data-ih=\"300\">O\u00f9 allons-nous ?<\/a><\/h4>\n<div class=\"pt-cv-hover-wrapper\"><a href=\"https:\/\/le-clairon-nouveau.fr\/wordpress\/blog\/2025\/09\/23\/ou-allons-nous\/\" class=\"_self pt-cv-href-thumbnail pt-cv-thumb-default cvplbd cvp-lazy-container cvp-responsive-image img-rounded\" target=\"_self\" data-iw=\"300\" data-ih=\"300\"><img decoding=\"async\" width=\"300\" src=\"https:\/\/le-clairon-nouveau.fr\/wordpress\/wp-content\/plugins\/pt-content-views-pro\/public\/assets\/images\/lazy_image.png\" class=\"pt-cv-thumbnail img-rounded cvp-substitute no-lazyload  cvplazy\" alt=\"O\u00f9 allons-nous ?\" title=\"\" data-no-lazy=\"1\" data-cvpsrc=\"https:\/\/i0.wp.com\/le-clairon-nouveau.fr\/wordpress\/wp-content\/uploads\/2025\/09\/Vote-Image-par-Gerd-Altmann-de-Pixabay.jpg?resize=609%2C339&amp;ssl=1\" \/><\/a><div class=\"pt-cv-mask\"><div class=\"pt-cv-animation-left pt-cv-content\">Quand le peuple s'en m\u00eale ? ... <a href=\"https:\/\/le-clairon-nouveau.fr\/wordpress\/blog\/2025\/09\/23\/ou-allons-nous\/\" class=\"_self pt-cv-readmore pt-cv-textlink cvplbd\" target=\"_self\" data-iw=\"300\" data-ih=\"300\">Lire la suite<\/a><\/div><\/div><\/div>\n<div class=\"pt-cv-meta-fields\"><span class=\"entry-date\"><span class=\"glyphicon glyphicon-calendar\"><\/span> <time datetime=\"2025-09-23T12:30:59+02:00\">23 septembre 2025<\/time><\/span><span class=\"author\"><span class=\"glyphicon glyphicon-user\"><\/span> <a href=\"https:\/\/le-clairon-nouveau.fr\/wordpress\/blog\/author\/hubert\/\" rel=\"author\">Hubert Reys<\/a><\/span><\/div><\/div><\/div>\n<div class=\"col-md-4 col-sm-6 col-xs-12 pt-cv-content-item pt-cv-1-col\"  data-pid=\"32412\"><div class='pt-cv-ifield'><h4 class=\"pt-cv-title\"><a href=\"https:\/\/le-clairon-nouveau.fr\/wordpress\/blog\/2025\/09\/23\/entre-la-sante-publique-et-les-profits-de-lagro-industrie-que-choisir\/\" class=\"_self cvplbd\" target=\"_self\" data-iw=\"300\" data-ih=\"300\">Entre la sant\u00e9 publique et les profits de l\u2019agro-industrie :  que choisir ?<\/a><\/h4>\n<div class=\"pt-cv-hover-wrapper\"><a href=\"https:\/\/le-clairon-nouveau.fr\/wordpress\/blog\/2025\/09\/23\/entre-la-sante-publique-et-les-profits-de-lagro-industrie-que-choisir\/\" class=\"_self pt-cv-href-thumbnail pt-cv-thumb-default cvplbd cvp-lazy-container cvp-responsive-image img-rounded\" target=\"_self\" data-iw=\"300\" data-ih=\"300\"><img decoding=\"async\" width=\"300\" src=\"https:\/\/le-clairon-nouveau.fr\/wordpress\/wp-content\/plugins\/pt-content-views-pro\/public\/assets\/images\/lazy_image.png\" class=\"pt-cv-thumbnail img-rounded cvp-substitute no-lazyload  cvplazy\" alt=\"Entre la sant\u00e9 publique et les profits de l\u2019agro-industrie :  que choisir ?\" title=\"\" data-no-lazy=\"1\" data-cvpsrc=\"https:\/\/i0.wp.com\/le-clairon-nouveau.fr\/wordpress\/wp-content\/uploads\/2025\/09\/Chevalier-dindustrie-Image-par-Clker-Free-Vector-Images-de-Pixabay.png?resize=510%2C400&amp;ssl=1\" \/><\/a><div class=\"pt-cv-mask\"><div class=\"pt-cv-animation-left pt-cv-content\">La protection des citoyens n\u2019est-elle plus la raison fondamentale de l\u2019existence de l\u2019\u00c9tat ? ... <a href=\"https:\/\/le-clairon-nouveau.fr\/wordpress\/blog\/2025\/09\/23\/entre-la-sante-publique-et-les-profits-de-lagro-industrie-que-choisir\/\" class=\"_self pt-cv-readmore pt-cv-textlink cvplbd\" target=\"_self\" data-iw=\"300\" data-ih=\"300\">Lire la suite<\/a><\/div><\/div><\/div>\n<div class=\"pt-cv-meta-fields\"><span class=\"entry-date\"><span class=\"glyphicon glyphicon-calendar\"><\/span> <time datetime=\"2025-09-23T12:30:09+02:00\">23 septembre 2025<\/time><\/span><span class=\"author\"><span class=\"glyphicon glyphicon-user\"><\/span> <a href=\"https:\/\/le-clairon-nouveau.fr\/wordpress\/blog\/author\/hubert\/\" rel=\"author\">Hubert Reys<\/a><\/span><\/div><\/div><\/div>\n<div class=\"col-md-4 col-sm-6 col-xs-12 pt-cv-content-item pt-cv-1-col\"  data-pid=\"32296\"><div class='pt-cv-ifield'><h4 class=\"pt-cv-title\"><a href=\"https:\/\/le-clairon-nouveau.fr\/wordpress\/blog\/2025\/07\/25\/loi-duplomb-une-communication-de-la-conference-paysanne\/\" class=\"_self cvplbd\" target=\"_self\" data-iw=\"300\" data-ih=\"300\">Loi Duplomb : une communication de la Conf\u00e9rence paysanne<\/a><\/h4>\n<div class=\"pt-cv-hover-wrapper\"><a href=\"https:\/\/le-clairon-nouveau.fr\/wordpress\/blog\/2025\/07\/25\/loi-duplomb-une-communication-de-la-conference-paysanne\/\" class=\"_self pt-cv-href-thumbnail pt-cv-thumb-default cvplbd cvp-lazy-container cvp-responsive-image img-rounded\" target=\"_self\" data-iw=\"300\" data-ih=\"300\"><img decoding=\"async\" width=\"300\" src=\"https:\/\/le-clairon-nouveau.fr\/wordpress\/wp-content\/plugins\/pt-content-views-pro\/public\/assets\/images\/lazy_image.png\" class=\"pt-cv-thumbnail img-rounded cvp-substitute no-lazyload  cvplazy\" alt=\"Loi Duplomb : une communication de la Conf\u00e9rence paysanne\" title=\"\" data-no-lazy=\"1\" data-cvpsrc=\"https:\/\/i0.wp.com\/le-clairon-nouveau.fr\/wordpress\/wp-content\/uploads\/2025\/07\/Capture-decran-2025-07-25-062318.png?resize=389%2C57&amp;ssl=1\" \/><\/a><div class=\"pt-cv-mask\"><div class=\"pt-cv-animation-left pt-cv-content\">la loi Duplomb n'a pas de l\u00e9gitimit\u00e9 d\u00e9mocratique ... <a href=\"https:\/\/le-clairon-nouveau.fr\/wordpress\/blog\/2025\/07\/25\/loi-duplomb-une-communication-de-la-conference-paysanne\/\" class=\"_self pt-cv-readmore pt-cv-textlink cvplbd\" target=\"_self\" data-iw=\"300\" data-ih=\"300\">Lire la suite<\/a><\/div><\/div><\/div>\n<div class=\"pt-cv-meta-fields\"><span class=\"entry-date\"><span class=\"glyphicon glyphicon-calendar\"><\/span> <time datetime=\"2025-07-25T07:06:43+02:00\">25 juillet 2025<\/time><\/span><span class=\"author\"><span class=\"glyphicon glyphicon-user\"><\/span> <a href=\"https:\/\/le-clairon-nouveau.fr\/wordpress\/blog\/author\/redact\/\" rel=\"author\">La R\u00e9daction du Clairon de l'Atax<\/a><\/span><\/div><\/div><\/div>\n<div class=\"col-md-4 col-sm-6 col-xs-12 pt-cv-content-item pt-cv-1-col\"  data-pid=\"32247\"><div class='pt-cv-ifield'><h4 class=\"pt-cv-title\"><a href=\"https:\/\/le-clairon-nouveau.fr\/wordpress\/blog\/2025\/07\/23\/le-dogme-du-pire\/\" class=\"_self cvplbd\" target=\"_self\" data-iw=\"300\" data-ih=\"300\">Le dogme du pire<\/a><\/h4>\n<div class=\"pt-cv-hover-wrapper\"><a href=\"https:\/\/le-clairon-nouveau.fr\/wordpress\/blog\/2025\/07\/23\/le-dogme-du-pire\/\" class=\"_self pt-cv-href-thumbnail pt-cv-thumb-default cvplbd cvp-lazy-container cvp-responsive-image img-rounded\" target=\"_self\" data-iw=\"300\" data-ih=\"300\"><img decoding=\"async\" width=\"300\" src=\"https:\/\/le-clairon-nouveau.fr\/wordpress\/wp-content\/plugins\/pt-content-views-pro\/public\/assets\/images\/lazy_image.png\" class=\"pt-cv-thumbnail img-rounded cvp-substitute no-lazyload  cvplazy\" alt=\"Le dogme du pire\" title=\"\" data-no-lazy=\"1\" data-cvpsrc=\"https:\/\/i0.wp.com\/le-clairon-nouveau.fr\/wordpress\/wp-content\/uploads\/2025\/07\/debat-Image-AI-par-OpenClipart-Vectors-de-Pixabay.png?resize=628%2C668&amp;ssl=1\" \/><\/a><div class=\"pt-cv-mask\"><div class=\"pt-cv-animation-left pt-cv-content\">La l\u00e9gitimit\u00e9 d'un programme politique vient de son processus d'\u00e9laboration autant que de son contenu ... <a href=\"https:\/\/le-clairon-nouveau.fr\/wordpress\/blog\/2025\/07\/23\/le-dogme-du-pire\/\" class=\"_self pt-cv-readmore pt-cv-textlink cvplbd\" target=\"_self\" data-iw=\"300\" data-ih=\"300\">Lire la suite<\/a><\/div><\/div><\/div>\n<div class=\"pt-cv-meta-fields\"><span class=\"entry-date\"><span class=\"glyphicon glyphicon-calendar\"><\/span> <time datetime=\"2025-07-23T12:30:57+02:00\">23 juillet 2025<\/time><\/span><span class=\"author\"><span class=\"glyphicon glyphicon-user\"><\/span> <a href=\"https:\/\/le-clairon-nouveau.fr\/wordpress\/blog\/author\/laurent\/\" rel=\"author\">Laurent Fabas<\/a><\/span><\/div><\/div><\/div>\n<div class=\"col-md-4 col-sm-6 col-xs-12 pt-cv-content-item pt-cv-1-col\"  data-pid=\"32240\"><div class='pt-cv-ifield'><h4 class=\"pt-cv-title\"><a href=\"https:\/\/le-clairon-nouveau.fr\/wordpress\/blog\/2025\/07\/23\/budget-2026-le-%e2%80%b3coup%e2%80%b3-des-vacances\/\" class=\"_self cvplbd\" target=\"_self\" data-iw=\"300\" data-ih=\"300\">Budget 2026, le \u2033coup\u2033 des vacances<\/a><\/h4>\n<div class=\"pt-cv-hover-wrapper\"><a href=\"https:\/\/le-clairon-nouveau.fr\/wordpress\/blog\/2025\/07\/23\/budget-2026-le-%e2%80%b3coup%e2%80%b3-des-vacances\/\" class=\"_self pt-cv-href-thumbnail pt-cv-thumb-default cvplbd cvp-lazy-container cvp-responsive-image img-rounded\" target=\"_self\" data-iw=\"300\" data-ih=\"300\"><img decoding=\"async\" width=\"300\" src=\"https:\/\/le-clairon-nouveau.fr\/wordpress\/wp-content\/plugins\/pt-content-views-pro\/public\/assets\/images\/lazy_image.png\" class=\"pt-cv-thumbnail img-rounded cvp-substitute no-lazyload  cvplazy\" alt=\"Budget 2026, le \u2033coup\u2033 des vacances\" title=\"\" data-no-lazy=\"1\" data-cvpsrc=\"https:\/\/i0.wp.com\/le-clairon-nouveau.fr\/wordpress\/wp-content\/uploads\/2025\/07\/plage-Image-par-Manfred-Richter-de-Pixabay.jpg?resize=708%2C472&amp;ssl=1\" \/><\/a><div class=\"pt-cv-mask\"><div class=\"pt-cv-animation-left pt-cv-content\">La question du rapport de la repr\u00e9sentation nationale avec son \u00e9lectorat se pose actuellement de fa\u00e7on aig\u00fce ... <a href=\"https:\/\/le-clairon-nouveau.fr\/wordpress\/blog\/2025\/07\/23\/budget-2026-le-%e2%80%b3coup%e2%80%b3-des-vacances\/\" class=\"_self pt-cv-readmore pt-cv-textlink cvplbd\" target=\"_self\" data-iw=\"300\" data-ih=\"300\">Lire la suite<\/a><\/div><\/div><\/div>\n<div class=\"pt-cv-meta-fields\"><span class=\"entry-date\"><span class=\"glyphicon glyphicon-calendar\"><\/span> <time datetime=\"2025-07-23T12:30:54+02:00\">23 juillet 2025<\/time><\/span><span class=\"author\"><span class=\"glyphicon glyphicon-user\"><\/span> <a href=\"https:\/\/le-clairon-nouveau.fr\/wordpress\/blog\/author\/hubert\/\" rel=\"author\">Hubert Reys<\/a><\/span><\/div><\/div><\/div><\/div><\/div>\n<div class=\"text-left pt-cv-pagination-wrapper\"><ul class=\"pt-cv-pagination pt-cv-ajax pagination\" data-totalpages=\"20\" data-currentpage=\"1\" data-sid=\"9416a896as\" data-unid=\"\" data-isblock=\"\" data-postid=\"\"><li class=\"active\"><a href=\"#\">1<\/a><\/li>\n\t<li ><a class=\"\" href=\"https:\/\/le-clairon-nouveau.fr\/wordpress\/wp-json\/wp\/v2\/pages\/19017\/?_page=2\">2<\/a><\/li>\n\t<li ><a class=\"\" href=\"https:\/\/le-clairon-nouveau.fr\/wordpress\/wp-json\/wp\/v2\/pages\/19017\/?_page=3\">3<\/a><\/li>\n\t<li ><a href=\"#\">\u2026<\/a><\/li>\n\t<li ><a class=\"\" href=\"https:\/\/le-clairon-nouveau.fr\/wordpress\/wp-json\/wp\/v2\/pages\/19017\/?_page=20\">20<\/a><\/li>\n\t<li ><a class=\" \" href=\"https:\/\/le-clairon-nouveau.fr\/wordpress\/wp-json\/wp\/v2\/pages\/19017\/?_page=2\">&rsaquo;<\/a><\/li>\n\t<\/ul><img loading=\"lazy\" decoding=\"async\" width=\"15\" height=\"15\" class=\"pt-cv-spinner\" alt=\"Chargement\u2026\" src=\"data:image\/gif;base64,R0lGODlhDwAPALMPAMrKygwMDJOTkz09PZWVla+vr3p6euTk5M7OzuXl5TMzMwAAAJmZmWZmZszMzP\/\/\/yH\/C05FVFNDQVBFMi4wAwEAAAAh+QQFCgAPACwAAAAADwAPAAAEQvDJaZaZOIcV8iQK8VRX4iTYoAwZ4iCYoAjZ4RxejhVNoT+mRGP4cyF4Pp0N98sBGIBMEMOotl6YZ3S61Bmbkm4mAgAh+QQFCgAPACwAAAAADQANAAAENPDJSRSZeA418itN8QiK8BiLITVsFiyBBIoYqnoewAD4xPw9iY4XLGYSjkQR4UAUD45DLwIAIfkEBQoADwAsAAAAAA8ACQAABC\/wyVlamTi3nSdgwFNdhEJgTJoNyoB9ISYoQmdjiZPcj7EYCAeCF1gEDo4Dz2eIAAAh+QQFCgAPACwCAAAADQANAAAEM\/DJBxiYeLKdX3IJZT1FU0iIg2RNKx3OkZVnZ98ToRD4MyiDnkAh6BkNC0MvsAj0kMpHBAAh+QQFCgAPACwGAAAACQAPAAAEMDC59KpFDll73HkAA2wVY5KgiK5b0RRoI6MuzG6EQqCDMlSGheEhUAgqgUUAFRySIgAh+QQFCgAPACwCAAIADQANAAAEM\/DJKZNLND\/kkKaHc3xk+QAMYDKsiaqmZCxGVjSFFCxB1vwy2oOgIDxuucxAMTAJFAJNBAAh+QQFCgAPACwAAAYADwAJAAAEMNAs86q1yaWwwv2Ig0jUZx3OYa4XoRAfwADXoAwfo1+CIjyFRuEho60aSNYlOPxEAAAh+QQFCgAPACwAAAIADQANAAAENPA9s4y8+IUVcqaWJ4qEQozSoAzoIyhCK2NFU2SJk0hNnyEOhKR2AzAAj4Pj4GE4W0bkJQIAOw==\" \/><div class=\"clear pt-cv-clear-pagination\"><\/div><\/div><\/div>\t\t\t<style type=\"text\/css\" id=\"pt-cv-inline-style-95afa56v49\">#pt-cv-view-9416a896as .pt-cv-content-item { padding-top: 0px !important; padding-left: 5px !important; padding-right: 5px !important; }\n#pt-cv-view-9416a896as  { margin-left: -5px !important; margin-right: -5px !important; }\n#pt-cv-view-9416a896as .pt-cv-mask { padding-left: 10px !important; padding-right: 10px !important; }\n#pt-cv-view-9416a896as  .pt-cv-ifield   { background-color: #fff8ed !important; }\n#pt-cv-view-9416a896as.pt-cv-post-border { margin: 0; border-top-width: 1px; border-left-width: 1px }\n#pt-cv-view-9416a896as.pt-cv-post-border { margin: 0; border-top-style: solid; border-left-style: solid }\n#pt-cv-view-9416a896as.pt-cv-post-border .pt-cv-content-item   { border-right-width: 1px; border-bottom-width: 1px; border-right-style: solid; border-bottom-style: solid; }\n#pt-cv-view-9416a896as .pt-cv-href-thumbnail  { margin-left: auto !important; margin-right: auto !important; display: block !important; text-align: center !important; clear: both !important; }\n#pt-cv-view-9416a896as .pt-cv-title a, #pt-cv-view-9416a896as  .panel-title { font-family: 'Oswald', Arial, serif !important; color: #a52e26 !important; font-weight: 600 !important; display: block !important; text-align: center !important; clear: both !important; }\n#pt-cv-view-9416a896as  .pt-cv-title a:hover, #pt-cv-view-9416a896as  .panel-title:hover   { font-family: 'Oswald', Arial, serif !important; color: rgba(165,46,38,0.68) !important; font-weight: 600 !important; display: block !important; text-align: center !important; clear: both !important; }\n#pt-cv-view-9416a896as .pt-cv-content , #pt-cv-view-9416a896as  .pt-cv-content *:not(.pt-cv-readmore):not(style):not(script) { font-size: 12px !important; line-height: 1.3 !important; display: block !important; text-align: justify !important; clear: both !important; }\n#pt-cv-view-9416a896as  .pt-cv-content-item:hover .pt-cv-hover-wrapper::before   { background-color: rgba(255,248,237,0.85) !important; }\n#pt-cv-view-9416a896as:not(.pt-cv-nohover) .pt-cv-mask *   { color: #a52e26; }\n#pt-cv-view-9416a896as .pt-cv-carousel-caption  { background-color: rgba(51,51,51,.6) !important; }\n#pt-cv-view-9416a896as .pt-cv-meta-fields {text-align: center; clear: both}\n#pt-cv-view-9416a896as .pt-cv-meta-fields * { font-size: 12px !important; line-height: 1.3 !important; color: #a52e26 !important; }\n#pt-cv-view-9416a896as .pt-cv-specialp { background-color: #CC3333 !important }\n#pt-cv-view-9416a896as .pt-cv-specialp * { color: #fff !important; }\n#pt-cv-view-9416a896as .pt-cv-pficon  { color: #bbb !important; }\n#pt-cv-view-9416a896as  .add_to_cart_button, #pt-cv-view-9416a896as  .add_to_cart_button *   { color: #ffffff !important; background-color: #00aeef !important; }\n#pt-cv-view-9416a896as  .woocommerce-onsale   { color: #ffffff !important; background-color: #ff5a5f !important; }\n#pt-cv-view-9416a896as .pt-cv-readmore  { font-size: 13px !important; line-height: 1.3 !important; color: #ff0000 !important; font-weight: 600 !important; }\n#pt-cv-view-9416a896as .pt-cv-readmore:hover  { font-size: 13px !important; line-height: 1.3 !important; color: rgba(255,0,0,0.43) !important; }\n#pt-cv-view-9416a896as  + .pt-cv-pagination-wrapper .pt-cv-more-inactive , #pt-cv-view-9416a896as  + .pt-cv-pagination-wrapper .pagination a { color: rgba(165,46,38,0.5) !important; background-color: #fff0d8 !important; }\n#pt-cv-view-9416a896as  + .pt-cv-pagination-wrapper .pt-cv-more , #pt-cv-view-9416a896as  + .pt-cv-pagination-wrapper .pagination .active a { color: #a52e26 !important; background-color: #fff0d8 !important; font-weight: 600 !important; }\n[id^='pt-cv-filter-bar-9416a896as'] .active.pt-cv-filter-option, [id^='pt-cv-filter-bar-9416a896as'] .active .pt-cv-filter-option, [id^='pt-cv-filter-bar-9416a896as'] .selected.pt-cv-filter-option, [id^='pt-cv-filter-bar-9416a896as'] .dropdown-toggle   { color: #fff !important; background-color: #00aeef !important; }\n[id^='pt-cv-filter-bar-9416a896as'] .pt-cv-filter-title   { color: #fff !important; background-color: #00aeef !important; }\n#pt-cv-gls-9416a896as li a.pt-active   { color: #fff !important; background-color: #ff5a5f !important; }\n#pt-cv-view-9416a896as .pt-cv-gls-header  { color: #fff !important; background-color: #00aeef !important; }\n#pt-cv-view-9416a896as .img-rounded, #pt-cv-view-9416a896as .pt-cv-hover-wrapper { -webkit-border-radius: 6px !important; -moz-border-radius: 6px !important; border-radius: 6px !important; }\n#pt-cv-view-9416a896as .cvp-responsive-image[style*=\"background-image\"] { width: 300px; height: 300px; }<\/style>\r\n\t\t\t<link href='\/\/fonts.googleapis.com\/css?family=Oswald' rel='stylesheet' type='text\/css'><\/span><\/p>\n<script type=\"text\/javascript\"> var tt_store_content = \"\\<p style\\='text\\-align\\: center;'\\>\\<span style\\='font\\-size\\: 14pt;'\\>\\<strong\\>I\\<\\\/strong\\>mp\u00f4t sur la \\<strong\\>F\\<\\\/strong\\>ortune \\<strong\\>I\\<\\\/strong\\>mmobili\u00e8re\\<\\\/span\\>\\<\\\/p\\>\"; toolTips('.classtoolTips148',tt_store_content,'5643'); <\/script><script type=\"text\/javascript\"> var tt_store_content = \"\\<p style\\='text\\-align\\: center;'\\>\\<span style\\='font\\-size\\: 14pt;'\\>\\<strong\\>C\\<\\\/strong\\>entre \\<strong\\>H\\<\\\/strong\\>ospitalier\\<\\\/span\\>\\<\\\/p\\>\"; toolTips('.classtoolTips220',tt_store_content,'18357'); <\/script>","protected":false},"excerpt":{"rendered":"<p>Depuis le 23 mai 2019, la pr\u00e9sentation est modifi\u00e9e. Tous les articles sont d\u00e9sormais affich\u00e9s dans la liste ci-dessous, dans l&rsquo;ordre chronologique d\u00e9croissant. Vous pouvez, pour l&rsquo;instant, s\u00e9lectionner ceux d&rsquo;une \u00e9dition en particulier. Ult\u00e9rieurement, d&rsquo;autres filtres vous seront propos\u00e9s.<script type=\"text\/javascript\"> var tt_store_content = \"\\<\/p>\n<p style\\='text\\-align\\: center;'\\>\\<span style\\='font\\-size\\: 14pt;'\\>\\<strong\\>I\\<\\\/strong\\>mp\u00f4t sur la \\<strong\\>F\\<\\\/strong\\>ortune \\<strong\\>I\\<\\\/strong\\>mmobili\u00e8re\\<\\\/span\\>\\<\\\/p\\>\"; toolTips('.classtoolTips148',tt_store_content,'5643'); <\/script><script type=\"text\/javascript\"> var tt_store_content = \"\\<\/p>\n<p style\\='text\\-align\\: center;'\\>\\<span style\\='font\\-size\\: 14pt;'\\>\\<strong\\>C\\<\\\/strong\\>entre \\<strong\\>H\\<\\\/strong\\>ospitalier\\<\\\/span\\>\\<\\\/p\\>\"; toolTips('.classtoolTips220',tt_store_content,'18357'); <\/script><\/p>\n","protected":false},"author":1,"featured_media":0,"parent":8298,"menu_order":0,"comment_status":"closed","ping_status":"closed","template":"","meta":{"_acf_changed":false,"ngg_post_thumbnail":0,"footnotes":""},"coauthors":[8],"class_list":["post-19017","page","type-page","status-publish","hentry","no-thumb"],"acf":[],"jetpack_sharing_enabled":true,"jetpack_shortlink":"https:\/\/wp.me\/P9B5TM-4WJ","_links":{"self":[{"href":"https:\/\/le-clairon-nouveau.fr\/wordpress\/wp-json\/wp\/v2\/pages\/19017","targetHints":{"allow":["GET"]}}],"collection":[{"href":"https:\/\/le-clairon-nouveau.fr\/wordpress\/wp-json\/wp\/v2\/pages"}],"about":[{"href":"https:\/\/le-clairon-nouveau.fr\/wordpress\/wp-json\/wp\/v2\/types\/page"}],"author":[{"embeddable":true,"href":"https:\/\/le-clairon-nouveau.fr\/wordpress\/wp-json\/wp\/v2\/users\/1"}],"replies":[{"embeddable":true,"href":"https:\/\/le-clairon-nouveau.fr\/wordpress\/wp-json\/wp\/v2\/comments?post=19017"}],"version-history":[{"count":0,"href":"https:\/\/le-clairon-nouveau.fr\/wordpress\/wp-json\/wp\/v2\/pages\/19017\/revisions"}],"up":[{"embeddable":true,"href":"https:\/\/le-clairon-nouveau.fr\/wordpress\/wp-json\/wp\/v2\/pages\/8298"}],"wp:attachment":[{"href":"https:\/\/le-clairon-nouveau.fr\/wordpress\/wp-json\/wp\/v2\/media?parent=19017"}],"wp:term":[{"taxonomy":"author","embeddable":true,"href":"https:\/\/le-clairon-nouveau.fr\/wordpress\/wp-json\/wp\/v2\/coauthors?post=19017"}],"curies":[{"name":"wp","href":"https:\/\/api.w.org\/{rel}","templated":true}]}}