{"id":19026,"date":"2019-05-23T11:16:05","date_gmt":"2019-05-23T09:16:05","guid":{"rendered":"https:\/\/le-clairon-nouveau.fr\/wordpress\/?page_id=19026"},"modified":"2020-07-23T17:57:44","modified_gmt":"2020-07-23T15:57:44","slug":"actualites-locales-v2","status":"publish","type":"page","link":"https:\/\/le-clairon-nouveau.fr\/wordpress\/pages-visibles\/actualites\/actualites-locales-v2\/","title":{"rendered":"Actualit\u00e9s Locales"},"content":{"rendered":"<p style=\"text-align: justify;\"><span style=\"color: #993300; font-size: 10pt;\"><em>Depuis le 23 mai 2019, la pr\u00e9sentation est modifi\u00e9e. Tous les articles sont d\u00e9sormais affich\u00e9s dans la liste ci-dessous, dans l&rsquo;ordre chronologique d\u00e9croissant. Vous pouvez, pour l&rsquo;instant, s\u00e9lectionner ceux d&rsquo;une \u00e9dition en particulier. Ult\u00e9rieurement, d&rsquo;autres filtres vous seront propos\u00e9s.<\/em><\/span><\/p>\n<p><span style=\"color: #993300;\"><div class=\"pt-cv-wrapper\"><div class=\"cvp-live-filter cvp-dropdown \" id=\"\" data-name=\"tx_edition\" data-sid=\"dad6db7nhs\"><label class=\"cvp-label\">Choisir le n\u00b0 de Parution<\/label><select name=\"tx_edition\"><option value=\"\">Toutes les parutions<\/option><option value=\"edi_00126\" >Edition n\u00b0 126 D\u00e9cembre 2025 &#8211; Janvier 2026<span class=\"cvp-count\"> (2)<\/span><\/option><option value=\"edi_00125\" >Edition n\u00b0 125 Novembre-D\u00e9cembre 2025<span class=\"cvp-count\"> (6)<\/span><\/option><option value=\"edi_00124\" >Edition n\u00b0 124 Octobre-Novembre 2025<span class=\"cvp-count\"> (1)<\/span><\/option><option value=\"edi_00123\" >Edition n\u00b0 123 Septembre-Octobre 2025<span class=\"cvp-count\"> (5)<\/span><\/option><option value=\"edi_00122\" >Edition n\u00b0 122 Juillet-Septembre 2025<span class=\"cvp-count\"> (5)<\/span><\/option><option value=\"edi_00121\" >Edition n\u00b0 121 Juin-Juillet 2025<span class=\"cvp-count\"> (1)<\/span><\/option><option value=\"edi_00120\" >Edition n\u00b0 120 Mai-Juin 2025<span class=\"cvp-count\"> (2)<\/span><\/option><option value=\"edi_00119\" >Edition n\u00b0 119 Avril-Mai 2025<span class=\"cvp-count\"> (2)<\/span><\/option><option value=\"edi_00118\" >Edition n\u00b0 118 Mars-Avril 2025<span class=\"cvp-count\"> (2)<\/span><\/option><option value=\"edi_00117\" >Edition n\u00b0 117 F\u00e9vrier-Mars 2025<span class=\"cvp-count\"> (4)<\/span><\/option><option value=\"edi_00116\" >Edition n\u00b0 116 Janvier-F\u00e9vrier 2025<span class=\"cvp-count\"> (4)<\/span><\/option><option value=\"edi_00114\" >Edition n\u00b0114 Novembre-D\u00e9cembre 2024<span class=\"cvp-count\"> (2)<\/span><\/option><option value=\"edi_00112\" >Edition n\u00b0 112 Septembre-Octobre 2024<span class=\"cvp-count\"> (2)<\/span><\/option><option value=\"edi_00110\" >Edition n\u00b0 110 Juin-Juillet 2024<span class=\"cvp-count\"> (3)<\/span><\/option><option value=\"edi_00109\" >Edition n\u00b0 109 Mai-Juin 2024<span class=\"cvp-count\"> (2)<\/span><\/option><option value=\"edi_00108\" >Edition n\u00b0 108 Avril-Mai 2024<span class=\"cvp-count\"> (7)<\/span><\/option><option value=\"edi_00107\" >Edition n\u00b0 107 Mars-Avril 2024<span class=\"cvp-count\"> (6)<\/span><\/option><option value=\"edi_00106\" >Edition n\u00b0 106 F\u00e9vrier-Mars 2024<span class=\"cvp-count\"> (5)<\/span><\/option><option value=\"edi_00105\" >Edition n\u00b0 105 Janvier-F\u00e9vrier 2024<span class=\"cvp-count\"> (5)<\/span><\/option><option value=\"edi_00104\" >Edition n\u00b0 104 D\u00e9cembre 2023 &#8211; Janvier 2024<span class=\"cvp-count\"> (2)<\/span><\/option><option value=\"edi_00103\" >Edition N\u00b0 103 Novembre-D\u00e9cembre 2023<span class=\"cvp-count\"> (2)<\/span><\/option><option value=\"edi_00102\" >Edition n\u00b0 102 Octobre-Novembre 2023<span class=\"cvp-count\"> (2)<\/span><\/option><option value=\"edi_00101\" >Edition n\u00b0 101 Septembre-Octobre 2023<span class=\"cvp-count\"> (2)<\/span><\/option><option value=\"edi_00100\" >Edition n\u00b0 100 Juillet-Septembre 2023<span class=\"cvp-count\"> (3)<\/span><\/option><option value=\"edi_00099\" >Edition n\u00b0 99 Juin-Juillet 2023<span class=\"cvp-count\"> (2)<\/span><\/option><option value=\"edi_00098\" >Edition n\u00b0 98 Mai-Juin 2023<span class=\"cvp-count\"> (4)<\/span><\/option><option value=\"edi_00097\" >Edition n\u00b0 97 Avril-Mai 2023<span class=\"cvp-count\"> (4)<\/span><\/option><option value=\"edi_00096\" >Edition n\u00b0 96 Mars-Avril 2023<span class=\"cvp-count\"> (2)<\/span><\/option><option value=\"edi_00094\" >Edition n\u00b0 94 Janvier-F\u00e9vrier 2023<span class=\"cvp-count\"> (5)<\/span><\/option><option value=\"edi_00093\" >Edition n\u00b0 93 D\u00e9cembre 2022 &#8211; Janvier 2023<span class=\"cvp-count\"> (5)<\/span><\/option><option value=\"edi_00092\" >Edition n\u00b0 92 Novembre-D\u00e9cembre 2022<span class=\"cvp-count\"> (6)<\/span><\/option><option value=\"edi_00091\" >Edition n\u00b0 91 Octobre-Novembre 2022<span class=\"cvp-count\"> (3)<\/span><\/option><option value=\"edi_00090\" >Edition n\u00b0 90 Septembre-Octobre 2022<span class=\"cvp-count\"> (3)<\/span><\/option><option value=\"edi_00089\" >Edition n\u00b0 89 Juillet-Septembre 2022<span class=\"cvp-count\"> (8)<\/span><\/option><option value=\"edi_00088\" >Edition n\u00b0 88 Juin-Juillet 2022<span class=\"cvp-count\"> (3)<\/span><\/option><option value=\"edi_00087\" >Edition n\u00b0 87 Mai-Juin 2022<span class=\"cvp-count\"> (3)<\/span><\/option><option value=\"edi_00085\" >Edition n\u00b0 85 Mars-Avril 2022<span class=\"cvp-count\"> (2)<\/span><\/option><option value=\"edi_00084\" >Edition n\u00b0 84 F\u00e9vrier-Mars 2022<span class=\"cvp-count\"> (3)<\/span><\/option><option value=\"edi_00083\" >Edition n\u00b0 83 Janvier-F\u00e9vrier 2022<span class=\"cvp-count\"> (5)<\/span><\/option><option value=\"edi_00082\" >Edition n\u00b0 82 D\u00e9cembre 2021 &#8211; Janvier 2022<span class=\"cvp-count\"> (4)<\/span><\/option><option value=\"edi_00081\" >Edition n\u00b0 81 Novembre-D\u00e9cembre 2021<span class=\"cvp-count\"> (2)<\/span><\/option><option value=\"edi_00080\" >Edition n\u00b0 80 Octobre-Novembre 2021<span class=\"cvp-count\"> (1)<\/span><\/option><option value=\"edi_00079\" >Edition n\u00b0 79 Septembre-Octobre 2021<span class=\"cvp-count\"> (1)<\/span><\/option><option value=\"edi_00078\" >Edition n\u00b0 78 Juillet-Septembre 2021<span class=\"cvp-count\"> (4)<\/span><\/option><option value=\"edi_00077\" >Edition n\u00b0 77 Juin-Juillet 2021<span class=\"cvp-count\"> (1)<\/span><\/option><option value=\"edi_00076\" >Edition n\u00b0 76 Mai-Juin 2021<span class=\"cvp-count\"> (2)<\/span><\/option><option value=\"edi_00074\" >Edition n\u00b0 74 Mars-Avril 2021<span class=\"cvp-count\"> (2)<\/span><\/option><option value=\"edi_00073\" >Edition n\u00b0 73 F\u00e9vrier-Mars 2021<span class=\"cvp-count\"> (3)<\/span><\/option><option value=\"edi_00072\" >Edition n\u00b0 72 Janvier-F\u00e9vrier 2021<span class=\"cvp-count\"> (1)<\/span><\/option><option value=\"edi_00070\" >Edition n\u00b0 70 Novembre-D\u00e9cembre 2020<span class=\"cvp-count\"> (2)<\/span><\/option><option value=\"edi_00069\" >Edition n\u00b0 69 Octobre-Novembre 2020<span class=\"cvp-count\"> (3)<\/span><\/option><option value=\"edi_00068\" >Edition n\u00b0 68 Septembre-Octobre 2020<span class=\"cvp-count\"> (2)<\/span><\/option><option value=\"edi_00066\" >Edition n\u00b0 66 Juin-Juillet 2020<span class=\"cvp-count\"> (1)<\/span><\/option><option value=\"edi_00065\" >Edition n\u00b0 65 Mai-Juin 2020<span class=\"cvp-count\"> (1)<\/span><\/option><option value=\"edi_00064\" >Edition n\u00b0 64 Avril-Mai 2020<span class=\"cvp-count\"> (2)<\/span><\/option><option value=\"edi_00063\" >Edition n\u00b0 63 Mars-Avril 2020<span class=\"cvp-count\"> (2)<\/span><\/option><option value=\"edi_00061\" >Edition n\u00b0 61 Janvier-F\u00e9vrier 2020<span class=\"cvp-count\"> (2)<\/span><\/option><option value=\"edi_00060\" >Edition n\u00b0 60 D\u00e9cembre 2019 &#8211; Janvier 2020<span class=\"cvp-count\"> (1)<\/span><\/option><option value=\"edi_00059\" >Edition n\u00b0 59 &#8211; Novembre-D\u00e9cembre 2019<span class=\"cvp-count\"> (1)<\/span><\/option><option value=\"edi_00058\" >Edition n\u00b0 58 &#8211; Octobre-Novembre 2019<span class=\"cvp-count\"> (5)<\/span><\/option><option value=\"edi_00055\" >Edition n\u00b0 55 &#8211; Juin-Juillet 2019<span class=\"cvp-count\"> (1)<\/span><\/option><\/select><\/div><div class=\"pt-cv-view pt-cv-grid pt-cv-colsys pt-cv-same-height pt-cv-content-hover effect-ud pt-cv-overlay-top pt-cv-pgregular\" id=\"pt-cv-view-dad6db7nhs\"><div data-id=\"pt-cv-page-1\" class=\"pt-cv-page\" data-cvc=\"3\" data-cvct=\"2\" data-cvcm=\"1\"><div class=\"col-md-4 col-sm-6 col-xs-12 pt-cv-content-item pt-cv-1-col\"  data-pid=\"32692\"><div class='pt-cv-ifield'><h4 class=\"pt-cv-title\"><a href=\"https:\/\/le-clairon-nouveau.fr\/wordpress\/blog\/2025\/12\/23\/chronique-dune-emancipation-citoyenne\/\" class=\"_self cvplbd\" target=\"_self\" >Chronique d\u2019une \u00e9mancipation citoyenne<\/a><\/h4>\n<div class=\"pt-cv-hover-wrapper\"><a href=\"https:\/\/le-clairon-nouveau.fr\/wordpress\/blog\/2025\/12\/23\/chronique-dune-emancipation-citoyenne\/\" class=\"_self pt-cv-href-thumbnail pt-cv-thumb-default cvplbd cvp-lazy-container cvp-responsive-image img-rounded\" target=\"_self\" data-iw=\"300\" data-ih=\"300\"><img decoding=\"async\" width=\"300\" src=\"https:\/\/le-clairon-nouveau.fr\/wordpress\/wp-content\/plugins\/pt-content-views-pro\/public\/assets\/images\/lazy_image.png\" class=\"pt-cv-thumbnail img-rounded cvp-substitute no-lazyload  cvplazy\" alt=\"Chronique d\u2019une \u00e9mancipation citoyenne\" title=\"\" data-no-lazy=\"1\" data-cvpsrc=\"https:\/\/i0.wp.com\/le-clairon-nouveau.fr\/wordpress\/wp-content\/uploads\/2025\/12\/forum-lieu-de-la-democratieforum-Image-par-Adam-de-Pixabay.jpg?resize=696%2C436&amp;ssl=1\" \/><\/a><div class=\"pt-cv-mask\"><div class=\"pt-cv-animation-left pt-cv-content\">Cinquante-cinq ans apr\u00e8s l'irruption novatrice d'Hubert Mouly, la boucle est bouvl\u00e9e ! \"Nouveau Narbonne\" est devenue cette baronnie immobile, convaincue d\u2019\u00eatre d\u00e9positaire d\u2019un droit divin et us\u00e9e par le pouvoir ... <a href=\"https:\/\/le-clairon-nouveau.fr\/wordpress\/blog\/2025\/12\/23\/chronique-dune-emancipation-citoyenne\/\" class=\"_self pt-cv-readmore pt-cv-textlink cvplbd\" target=\"_self\" data-iw=\"300\" data-ih=\"300\">Lire la suite<\/a><\/div><\/div><\/div>\n<div class=\"pt-cv-meta-fields\"><span class=\"entry-date\"><span class=\"glyphicon glyphicon-calendar\"><\/span> <time datetime=\"2025-12-23T12:30:52+01:00\">23 d\u00e9cembre 2025<\/time><\/span><span class=\"author\"><span class=\"glyphicon glyphicon-user\"><\/span> <a href=\"https:\/\/le-clairon-nouveau.fr\/wordpress\/blog\/author\/redact\/\" rel=\"author\">La R\u00e9daction du Clairon de l'Atax<\/a><\/span><\/div><\/div><\/div>\n<div class=\"col-md-4 col-sm-6 col-xs-12 pt-cv-content-item pt-cv-1-col\"  data-pid=\"32723\"><div class='pt-cv-ifield'><h4 class=\"pt-cv-title\"><a href=\"https:\/\/le-clairon-nouveau.fr\/wordpress\/blog\/2025\/12\/23\/narbonne-municipales-2026-la-question-du-logement\/\" class=\"_self cvplbd\" target=\"_self\" data-iw=\"300\" data-ih=\"300\">Narbonne, municipales 2026 : la question du logement<\/a><\/h4>\n<div class=\"pt-cv-hover-wrapper\"><a href=\"https:\/\/le-clairon-nouveau.fr\/wordpress\/blog\/2025\/12\/23\/narbonne-municipales-2026-la-question-du-logement\/\" class=\"_self pt-cv-href-thumbnail pt-cv-thumb-default cvplbd cvp-lazy-container cvp-responsive-image img-rounded\" target=\"_self\" data-iw=\"300\" data-ih=\"300\"><img decoding=\"async\" width=\"300\" src=\"https:\/\/le-clairon-nouveau.fr\/wordpress\/wp-content\/plugins\/pt-content-views-pro\/public\/assets\/images\/lazy_image.png\" class=\"pt-cv-thumbnail img-rounded cvp-substitute no-lazyload  cvplazy\" alt=\"Narbonne, municipales 2026 : la question du logement\" title=\"\" data-no-lazy=\"1\" data-cvpsrc=\"https:\/\/i0.wp.com\/le-clairon-nouveau.fr\/wordpress\/wp-content\/uploads\/2025\/12\/Narbonne-image-Pixabay-1.jpg?resize=455%2C303&amp;ssl=1\" \/><\/a><div class=\"pt-cv-mask\"><div class=\"pt-cv-animation-left pt-cv-content\">Le droit au logement est la pierre angulaire de la dignit\u00e9 humaine et le moteur d'un dynamisme \u00e9conomique partag\u00e9 par tous ... <a href=\"https:\/\/le-clairon-nouveau.fr\/wordpress\/blog\/2025\/12\/23\/narbonne-municipales-2026-la-question-du-logement\/\" class=\"_self pt-cv-readmore pt-cv-textlink cvplbd\" target=\"_self\" data-iw=\"300\" data-ih=\"300\">Lire la suite<\/a><\/div><\/div><\/div>\n<div class=\"pt-cv-meta-fields\"><span class=\"entry-date\"><span class=\"glyphicon glyphicon-calendar\"><\/span> <time datetime=\"2025-12-23T12:30:06+01:00\">23 d\u00e9cembre 2025<\/time><\/span><span class=\"author\"><span class=\"glyphicon glyphicon-user\"><\/span> <a href=\"https:\/\/le-clairon-nouveau.fr\/wordpress\/blog\/author\/laurent\/\" rel=\"author\">Laurent Fabas<\/a><\/span><\/div><\/div><\/div>\n<div class=\"col-md-4 col-sm-6 col-xs-12 pt-cv-content-item pt-cv-1-col\"  data-pid=\"32676\"><div class='pt-cv-ifield'><h4 class=\"pt-cv-title\"><a href=\"https:\/\/le-clairon-nouveau.fr\/wordpress\/blog\/2025\/12\/19\/elections-municipales-2026-a-narbonne-creation-dun-nouveau-groupe-daction-lfi\/\" class=\"_self cvplbd\" target=\"_self\" data-iw=\"300\" data-ih=\"300\">\u00c9lections municipales 2026 \u00e0 Narbonne : cr\u00e9ation d\u2019un nouveau groupe d\u2019action LFI<\/a><\/h4>\n<div class=\"pt-cv-hover-wrapper\"><a href=\"https:\/\/le-clairon-nouveau.fr\/wordpress\/blog\/2025\/12\/19\/elections-municipales-2026-a-narbonne-creation-dun-nouveau-groupe-daction-lfi\/\" class=\"_self pt-cv-href-thumbnail pt-cv-thumb-default cvplbd cvp-lazy-container cvp-responsive-image img-rounded\" target=\"_self\" data-iw=\"300\" data-ih=\"300\"><img decoding=\"async\" width=\"300\" src=\"https:\/\/le-clairon-nouveau.fr\/wordpress\/wp-content\/plugins\/pt-content-views-pro\/public\/assets\/images\/lazy_image.png\" class=\"pt-cv-thumbnail img-rounded cvp-substitute no-lazyload  cvplazy\" alt=\"\u00c9lections municipales 2026 \u00e0 Narbonne : cr\u00e9ation d\u2019un nouveau groupe d\u2019action LFI\" title=\"\" data-no-lazy=\"1\" data-cvpsrc=\"https:\/\/i0.wp.com\/le-clairon-nouveau.fr\/wordpress\/wp-content\/uploads\/2025\/12\/Narbonne-image-Pixabay.jpg?resize=490%2C326&amp;ssl=1\" \/><\/a><div class=\"pt-cv-mask\"><div class=\"pt-cv-animation-left pt-cv-content\">Narbonne (image Pixabay) Nous avons re\u00e7u ce jour un communiqu\u00e9 de presse nous annon\u00e7ant la cr\u00e9ation \u00e0 Narbonne d&rsquo;un nouveau GA (Groupe d&rsquo;action) de la France Insoumise (LFI). Selon la charte de LFI qui se d\u00e9finit comme un mouvement r\u00e9seau, les groupes d&rsquo;action \u00ab se constituent par la volont\u00e9 des insoumis\u00b7es et disposent d\u2019une autonomie d\u2019action dans le respect du programme l\u2019Avenir en commun. \u00bb Ce nouveau GA s&rsquo;intitule \u00ab\u00a0Pour ... <a href=\"https:\/\/le-clairon-nouveau.fr\/wordpress\/blog\/2025\/12\/19\/elections-municipales-2026-a-narbonne-creation-dun-nouveau-groupe-daction-lfi\/\" class=\"_self pt-cv-readmore pt-cv-textlink cvplbd\" target=\"_self\" data-iw=\"300\" data-ih=\"300\">Lire la suite<\/a><\/div><\/div><\/div>\n<div class=\"pt-cv-meta-fields\"><span class=\"entry-date\"><span class=\"glyphicon glyphicon-calendar\"><\/span> <time datetime=\"2025-12-19T17:47:38+01:00\">19 d\u00e9cembre 2025<\/time><\/span><span class=\"author\"><span class=\"glyphicon glyphicon-user\"><\/span> <a href=\"https:\/\/le-clairon-nouveau.fr\/wordpress\/blog\/author\/redact\/\" rel=\"author\">La R\u00e9daction du Clairon de l'Atax<\/a><\/span><\/div><\/div><\/div>\n<div class=\"col-md-4 col-sm-6 col-xs-12 pt-cv-content-item pt-cv-1-col\"  data-pid=\"32664\"><div class='pt-cv-ifield'><h4 class=\"pt-cv-title\"><a href=\"https:\/\/le-clairon-nouveau.fr\/wordpress\/blog\/2025\/12\/15\/confederation-paysanne-11-mobilisation-mercredi-17-decembre-a-narbonne-et-castelnaudary\/\" class=\"_self cvplbd\" target=\"_self\" data-iw=\"300\" data-ih=\"300\">Conf\u00e9d\u00e9ration Paysanne 11 : mobilisation mercredi 17 d\u00e9cembre \u00e0 Narbonne et Castelnaudary<\/a><\/h4>\n<div class=\"pt-cv-hover-wrapper\"><a href=\"https:\/\/le-clairon-nouveau.fr\/wordpress\/blog\/2025\/12\/15\/confederation-paysanne-11-mobilisation-mercredi-17-decembre-a-narbonne-et-castelnaudary\/\" class=\"_self pt-cv-href-thumbnail pt-cv-thumb-default cvplbd cvp-lazy-container cvp-responsive-image img-rounded\" target=\"_self\" data-iw=\"300\" data-ih=\"300\"><img decoding=\"async\" width=\"300\" src=\"https:\/\/le-clairon-nouveau.fr\/wordpress\/wp-content\/plugins\/pt-content-views-pro\/public\/assets\/images\/lazy_image.png\" class=\"pt-cv-thumbnail img-rounded cvp-substitute no-lazyload  cvplazy\" alt=\"Conf\u00e9d\u00e9ration Paysanne 11 : mobilisation mercredi 17 d\u00e9cembre \u00e0 Narbonne et Castelnaudary\" title=\"\" data-no-lazy=\"1\" data-cvpsrc=\"https:\/\/i0.wp.com\/le-clairon-nouveau.fr\/wordpress\/wp-content\/uploads\/2025\/12\/cONF-11.jpg?resize=749%2C1060&amp;ssl=1\" \/><\/a><div class=\"pt-cv-mask\"><div class=\"pt-cv-animation-left pt-cv-content\"> ... <a href=\"https:\/\/le-clairon-nouveau.fr\/wordpress\/blog\/2025\/12\/15\/confederation-paysanne-11-mobilisation-mercredi-17-decembre-a-narbonne-et-castelnaudary\/\" class=\"_self pt-cv-readmore pt-cv-textlink cvplbd\" target=\"_self\" data-iw=\"300\" data-ih=\"300\">Lire la suite<\/a><\/div><\/div><\/div>\n<div class=\"pt-cv-meta-fields\"><span class=\"entry-date\"><span class=\"glyphicon glyphicon-calendar\"><\/span> <time datetime=\"2025-12-15T21:39:04+01:00\">15 d\u00e9cembre 2025<\/time><\/span><span class=\"author\"><span class=\"glyphicon glyphicon-user\"><\/span> <a href=\"https:\/\/le-clairon-nouveau.fr\/wordpress\/blog\/author\/redact\/\" rel=\"author\">La R\u00e9daction du Clairon de l'Atax<\/a><\/span><\/div><\/div><\/div>\n<div class=\"col-md-4 col-sm-6 col-xs-12 pt-cv-content-item pt-cv-1-col\"  data-pid=\"32659\"><div class='pt-cv-ifield'><h4 class=\"pt-cv-title\"><a href=\"https:\/\/le-clairon-nouveau.fr\/wordpress\/blog\/2025\/12\/13\/municipales-a-narbonne-une-nouvelle-liste-a-gauche\/\" class=\"_self cvplbd\" target=\"_self\" data-iw=\"300\" data-ih=\"300\">Municipales \u00e0 Narbonne : une nouvelle liste \u00e0 gauche<\/a><\/h4>\n<div class=\"pt-cv-hover-wrapper\"><a href=\"https:\/\/le-clairon-nouveau.fr\/wordpress\/blog\/2025\/12\/13\/municipales-a-narbonne-une-nouvelle-liste-a-gauche\/\" class=\"_self pt-cv-href-thumbnail pt-cv-thumb-default cvplbd cvp-lazy-container cvp-responsive-image img-rounded\" target=\"_self\" data-iw=\"300\" data-ih=\"300\"><img decoding=\"async\" width=\"300\" src=\"https:\/\/le-clairon-nouveau.fr\/wordpress\/wp-content\/plugins\/pt-content-views-pro\/public\/assets\/images\/lazy_image.png\" class=\"pt-cv-thumbnail img-rounded cvp-substitute no-lazyload  cvplazy\" alt=\"Municipales \u00e0 Narbonne : une nouvelle liste \u00e0 gauche\" title=\"\" data-no-lazy=\"1\" data-cvpsrc=\"https:\/\/i0.wp.com\/le-clairon-nouveau.fr\/wordpress\/wp-content\/uploads\/2025\/12\/Lancement-Nous-sommes-N-1.jpg?resize=637%2C467&amp;ssl=1\" \/><\/a><div class=\"pt-cv-mask\"><div class=\"pt-cv-animation-left pt-cv-content\">Cr\u00e9dit photo \u00ab\u00a0Ouss\u00a0\u00bb \u00a0\u00a0 Ils \u00e9taient une cinquantaine \u00e0 se r\u00e9unir ce vendredi 12 d\u00e9cembre 2025 \u00e0 la Maison des services du quartier Saint Jean-Saint Pierre, pour construire ensemble une proposition politique nouvelle dans le cadre de la campagne des municipales 2026. Ils venaient d&rsquo;horizons divers :\u00a0 simples citoyens, militants associatifs, militants ou sympathisants politiques du MCN (Mouvement Citoyen de Narbonne) ou du NPA (Nouveau parti anticapitaliste), ou encore membres ... <a href=\"https:\/\/le-clairon-nouveau.fr\/wordpress\/blog\/2025\/12\/13\/municipales-a-narbonne-une-nouvelle-liste-a-gauche\/\" class=\"_self pt-cv-readmore pt-cv-textlink cvplbd\" target=\"_self\" data-iw=\"300\" data-ih=\"300\">Lire la suite<\/a><\/div><\/div><\/div>\n<div class=\"pt-cv-meta-fields\"><span class=\"entry-date\"><span class=\"glyphicon glyphicon-calendar\"><\/span> <time datetime=\"2025-12-13T16:54:03+01:00\">13 d\u00e9cembre 2025<\/time><\/span><span class=\"author\"><span class=\"glyphicon glyphicon-user\"><\/span> <a href=\"https:\/\/le-clairon-nouveau.fr\/wordpress\/blog\/author\/hubert\/\" rel=\"author\">Hubert Reys<\/a><\/span><\/div><\/div><\/div>\n<div class=\"col-md-4 col-sm-6 col-xs-12 pt-cv-content-item pt-cv-1-col\"  data-pid=\"32643\"><div class='pt-cv-ifield'><h4 class=\"pt-cv-title\"><a href=\"https:\/\/le-clairon-nouveau.fr\/wordpress\/blog\/2025\/12\/05\/municipales-2026-a-narbonne-une-nouvelle-liste-se-constitue-a-gauche\/\" class=\"_self cvplbd\" target=\"_self\" data-iw=\"300\" data-ih=\"300\">Municipales 2026 \u00e0 Narbonne : une nouvelle liste se constitue \u00e0 gauche<\/a><\/h4>\n<div class=\"pt-cv-hover-wrapper\"><a href=\"https:\/\/le-clairon-nouveau.fr\/wordpress\/blog\/2025\/12\/05\/municipales-2026-a-narbonne-une-nouvelle-liste-se-constitue-a-gauche\/\" class=\"_self pt-cv-href-thumbnail pt-cv-thumb-default cvplbd cvp-lazy-container cvp-responsive-image img-rounded\" target=\"_self\" data-iw=\"300\" data-ih=\"300\"><img decoding=\"async\" width=\"300\" src=\"https:\/\/le-clairon-nouveau.fr\/wordpress\/wp-content\/plugins\/pt-content-views-pro\/public\/assets\/images\/lazy_image.png\" class=\"pt-cv-thumbnail img-rounded cvp-substitute no-lazyload  cvplazy\" alt=\"Municipales 2026 \u00e0 Narbonne : une nouvelle liste se constitue \u00e0 gauche\" title=\"\" data-no-lazy=\"1\" data-cvpsrc=\"https:\/\/i0.wp.com\/le-clairon-nouveau.fr\/wordpress\/wp-content\/uploads\/2025\/10\/Narbonne-image-Pixabay-1.jpg?resize=476%2C317&amp;ssl=1\" \/><\/a><div class=\"pt-cv-mask\"><div class=\"pt-cv-animation-left pt-cv-content\">Le 12 d\u00e9cembre, nous inverserons la logique habituelle. Il n\u2019y aura pas de tribune pour les \u00e9gos ni de candidats autoproclam\u00e9s ... <a href=\"https:\/\/le-clairon-nouveau.fr\/wordpress\/blog\/2025\/12\/05\/municipales-2026-a-narbonne-une-nouvelle-liste-se-constitue-a-gauche\/\" class=\"_self pt-cv-readmore pt-cv-textlink cvplbd\" target=\"_self\" data-iw=\"300\" data-ih=\"300\">Lire la suite<\/a><\/div><\/div><\/div>\n<div class=\"pt-cv-meta-fields\"><span class=\"entry-date\"><span class=\"glyphicon glyphicon-calendar\"><\/span> <time datetime=\"2025-12-05T23:28:38+01:00\">5 d\u00e9cembre 2025<\/time><\/span><span class=\"author\"><span class=\"glyphicon glyphicon-user\"><\/span> <a href=\"https:\/\/le-clairon-nouveau.fr\/wordpress\/blog\/author\/redact\/\" rel=\"author\">La R\u00e9daction du Clairon de l'Atax<\/a><\/span><\/div><\/div><\/div>\n<div class=\"col-md-4 col-sm-6 col-xs-12 pt-cv-content-item pt-cv-1-col\"  data-pid=\"32610\"><div class='pt-cv-ifield'><h4 class=\"pt-cv-title\"><a href=\"https:\/\/le-clairon-nouveau.fr\/wordpress\/blog\/2025\/11\/23\/narbonne-lorganisation-politique-de-la-ruine\/\" class=\"_self cvplbd\" target=\"_self\" data-iw=\"300\" data-ih=\"300\">Narbonne, l\u2019organisation politique de la ruine<\/a><\/h4>\n<div class=\"pt-cv-hover-wrapper\"><a href=\"https:\/\/le-clairon-nouveau.fr\/wordpress\/blog\/2025\/11\/23\/narbonne-lorganisation-politique-de-la-ruine\/\" class=\"_self pt-cv-href-thumbnail pt-cv-thumb-default cvplbd cvp-lazy-container cvp-responsive-image img-rounded\" target=\"_self\" data-iw=\"300\" data-ih=\"300\"><img decoding=\"async\" width=\"300\" src=\"https:\/\/le-clairon-nouveau.fr\/wordpress\/wp-content\/plugins\/pt-content-views-pro\/public\/assets\/images\/lazy_image.png\" class=\"pt-cv-thumbnail img-rounded cvp-substitute no-lazyload  cvplazy\" alt=\"Narbonne, l\u2019organisation politique de la ruine\" title=\"\" data-no-lazy=\"1\" data-cvpsrc=\"https:\/\/i0.wp.com\/le-clairon-nouveau.fr\/wordpress\/wp-content\/uploads\/2025\/11\/Demolition-5-Image-par-G.C.-de-Pixabay.jpg?resize=684%2C513&amp;ssl=1\" \/><\/a><div class=\"pt-cv-mask\"><div class=\"pt-cv-animation-left pt-cv-content\">R\u00e9parer un ouvrage au bord de l\u2019effondrement co\u00fbte infiniment plus cher que d\u2019entretenir sa structure r\u00e9guli\u00e8rement ... <a href=\"https:\/\/le-clairon-nouveau.fr\/wordpress\/blog\/2025\/11\/23\/narbonne-lorganisation-politique-de-la-ruine\/\" class=\"_self pt-cv-readmore pt-cv-textlink cvplbd\" target=\"_self\" data-iw=\"300\" data-ih=\"300\">Lire la suite<\/a><\/div><\/div><\/div>\n<div class=\"pt-cv-meta-fields\"><span class=\"entry-date\"><span class=\"glyphicon glyphicon-calendar\"><\/span> <time datetime=\"2025-11-23T12:30:53+01:00\">23 novembre 2025<\/time><\/span><span class=\"author\"><span class=\"glyphicon glyphicon-user\"><\/span> <a href=\"https:\/\/le-clairon-nouveau.fr\/wordpress\/blog\/author\/laurent\/\" rel=\"author\">Laurent Fabas<\/a><\/span><\/div><\/div><\/div>\n<div class=\"col-md-4 col-sm-6 col-xs-12 pt-cv-content-item pt-cv-1-col\"  data-pid=\"32614\"><div class='pt-cv-ifield'><h4 class=\"pt-cv-title\"><a href=\"https:\/\/le-clairon-nouveau.fr\/wordpress\/blog\/2025\/11\/23\/pourquoi-je-soutiens-le-mouvement-citoyen-narbonnais\/\" class=\"_self cvplbd\" target=\"_self\" data-iw=\"300\" data-ih=\"300\">Pourquoi je soutiens le Mouvement Citoyen Narbonnais<\/a><\/h4>\n<div class=\"pt-cv-hover-wrapper\"><a href=\"https:\/\/le-clairon-nouveau.fr\/wordpress\/blog\/2025\/11\/23\/pourquoi-je-soutiens-le-mouvement-citoyen-narbonnais\/\" class=\"_self pt-cv-href-thumbnail pt-cv-thumb-default cvplbd cvp-lazy-container cvp-responsive-image img-rounded\" target=\"_self\" data-iw=\"300\" data-ih=\"300\"><img decoding=\"async\" width=\"300\" src=\"https:\/\/le-clairon-nouveau.fr\/wordpress\/wp-content\/plugins\/pt-content-views-pro\/public\/assets\/images\/lazy_image.png\" class=\"pt-cv-thumbnail img-rounded cvp-substitute no-lazyload  cvplazy\" alt=\"Pourquoi je soutiens le Mouvement Citoyen Narbonnais\" title=\"\" data-no-lazy=\"1\" data-cvpsrc=\"https:\/\/i0.wp.com\/le-clairon-nouveau.fr\/wordpress\/wp-content\/uploads\/2025\/10\/Narbonne-image-Pixabay-1.jpg?resize=588%2C392&amp;ssl=1\" \/><\/a><div class=\"pt-cv-mask\"><div class=\"pt-cv-animation-left pt-cv-content\">Ie MCN nous rappelle que la d\u00e9mocratie n\u2019est pas un patrimoine \u00e0 g\u00e9rer, mais une aventure \u00e0 poursuivre ... <a href=\"https:\/\/le-clairon-nouveau.fr\/wordpress\/blog\/2025\/11\/23\/pourquoi-je-soutiens-le-mouvement-citoyen-narbonnais\/\" class=\"_self pt-cv-readmore pt-cv-textlink cvplbd\" target=\"_self\" data-iw=\"300\" data-ih=\"300\">Lire la suite<\/a><\/div><\/div><\/div>\n<div class=\"pt-cv-meta-fields\"><span class=\"entry-date\"><span class=\"glyphicon glyphicon-calendar\"><\/span> <time datetime=\"2025-11-23T12:30:48+01:00\">23 novembre 2025<\/time><\/span><span class=\"author\"><span class=\"glyphicon glyphicon-user\"><\/span> <a href=\"https:\/\/le-clairon-nouveau.fr\/wordpress\/blog\/author\/laurent\/\" rel=\"author\">Laurent Fabas<\/a><\/span><\/div><\/div><\/div>\n<div class=\"col-md-4 col-sm-6 col-xs-12 pt-cv-content-item pt-cv-1-col\"  data-pid=\"32543\"><div class='pt-cv-ifield'><h4 class=\"pt-cv-title\"><a href=\"https:\/\/le-clairon-nouveau.fr\/wordpress\/blog\/2025\/10\/23\/narbonne-2026-la-gauche-entre-impasse-partisane-et-espoir-citoyen\/\" class=\"_self cvplbd\" target=\"_self\" data-iw=\"300\" data-ih=\"300\">Narbonne 2026 : la Gauche, entre impasse partisane et espoir citoyen<\/a><\/h4>\n<div class=\"pt-cv-hover-wrapper\"><a href=\"https:\/\/le-clairon-nouveau.fr\/wordpress\/blog\/2025\/10\/23\/narbonne-2026-la-gauche-entre-impasse-partisane-et-espoir-citoyen\/\" class=\"_self pt-cv-href-thumbnail pt-cv-thumb-default cvplbd cvp-lazy-container cvp-responsive-image img-rounded\" target=\"_self\" data-iw=\"300\" data-ih=\"300\"><img decoding=\"async\" width=\"300\" src=\"https:\/\/le-clairon-nouveau.fr\/wordpress\/wp-content\/plugins\/pt-content-views-pro\/public\/assets\/images\/lazy_image.png\" class=\"pt-cv-thumbnail img-rounded cvp-substitute no-lazyload  cvplazy\" alt=\"Narbonne 2026 : la Gauche, entre impasse partisane et espoir citoyen\" title=\"\" data-no-lazy=\"1\" data-cvpsrc=\"https:\/\/i0.wp.com\/le-clairon-nouveau.fr\/wordpress\/wp-content\/uploads\/2025\/10\/Narbonne-image-Pixabay-1.jpg?resize=395%2C263&amp;ssl=1\" \/><\/a><div class=\"pt-cv-mask\"><div class=\"pt-cv-animation-left pt-cv-content\">Dans le contexte politique actuel,, les choix \u00e9lectoraux ne peuvent se r\u00e9duire aux tractations entre partis ... <a href=\"https:\/\/le-clairon-nouveau.fr\/wordpress\/blog\/2025\/10\/23\/narbonne-2026-la-gauche-entre-impasse-partisane-et-espoir-citoyen\/\" class=\"_self pt-cv-readmore pt-cv-textlink cvplbd\" target=\"_self\" data-iw=\"300\" data-ih=\"300\">Lire la suite<\/a><\/div><\/div><\/div>\n<div class=\"pt-cv-meta-fields\"><span class=\"entry-date\"><span class=\"glyphicon glyphicon-calendar\"><\/span> <time datetime=\"2025-10-23T12:30:02+02:00\">23 octobre 2025<\/time><\/span><span class=\"author\"><span class=\"glyphicon glyphicon-user\"><\/span> <a href=\"https:\/\/le-clairon-nouveau.fr\/wordpress\/blog\/author\/laurent\/\" rel=\"author\">Laurent Fabas<\/a><\/span><\/div><\/div><\/div>\n<div class=\"col-md-4 col-sm-6 col-xs-12 pt-cv-content-item pt-cv-1-col\"  data-pid=\"32481\"><div class='pt-cv-ifield'><h4 class=\"pt-cv-title\"><a href=\"https:\/\/le-clairon-nouveau.fr\/wordpress\/blog\/2025\/10\/04\/municipales-2026-a-narbonne-vers-une-liste-unique\/\" class=\"_self cvplbd\" target=\"_self\" data-iw=\"300\" data-ih=\"300\">Municipales 2026 \u00e0 Narbonne : vers une liste unique ?<\/a><\/h4>\n<div class=\"pt-cv-hover-wrapper\"><a href=\"https:\/\/le-clairon-nouveau.fr\/wordpress\/blog\/2025\/10\/04\/municipales-2026-a-narbonne-vers-une-liste-unique\/\" class=\"_self pt-cv-href-thumbnail pt-cv-thumb-default cvplbd cvp-lazy-container cvp-responsive-image img-rounded\" target=\"_self\" data-iw=\"300\" data-ih=\"300\"><img decoding=\"async\" width=\"300\" src=\"https:\/\/le-clairon-nouveau.fr\/wordpress\/wp-content\/plugins\/pt-content-views-pro\/public\/assets\/images\/lazy_image.png\" class=\"pt-cv-thumbnail img-rounded cvp-substitute no-lazyload  cvplazy\" alt=\"Municipales 2026 \u00e0 Narbonne : vers une liste unique ?\" title=\"\" data-no-lazy=\"1\" data-cvpsrc=\"https:\/\/i0.wp.com\/le-clairon-nouveau.fr\/wordpress\/wp-content\/uploads\/2025\/10\/Narbonne-image-Pixabay.jpg?resize=203%2C135&amp;ssl=1\" \/><\/a><div class=\"pt-cv-mask\"><div class=\"pt-cv-animation-left pt-cv-content\">Quelle m\u00e9thode : d'abord les candidats o\u00f9 d'abord le programme ? ... <a href=\"https:\/\/le-clairon-nouveau.fr\/wordpress\/blog\/2025\/10\/04\/municipales-2026-a-narbonne-vers-une-liste-unique\/\" class=\"_self pt-cv-readmore pt-cv-textlink cvplbd\" target=\"_self\" data-iw=\"300\" data-ih=\"300\">Lire la suite<\/a><\/div><\/div><\/div>\n<div class=\"pt-cv-meta-fields\"><span class=\"entry-date\"><span class=\"glyphicon glyphicon-calendar\"><\/span> <time datetime=\"2025-10-04T14:36:21+02:00\">4 octobre 2025<\/time><\/span><span class=\"author\"><span class=\"glyphicon glyphicon-user\"><\/span> <a href=\"https:\/\/le-clairon-nouveau.fr\/wordpress\/blog\/author\/hubert\/\" rel=\"author\">Hubert Reys<\/a><\/span><\/div><\/div><\/div>\n<div class=\"col-md-4 col-sm-6 col-xs-12 pt-cv-content-item pt-cv-1-col\"  data-pid=\"32454\"><div class='pt-cv-ifield'><h4 class=\"pt-cv-title\"><a href=\"https:\/\/le-clairon-nouveau.fr\/wordpress\/blog\/2025\/09\/23\/a-marcorignan-lecologie-se-fete-et-se-construit-ensemble\/\" class=\"_self cvplbd\" target=\"_self\" data-iw=\"300\" data-ih=\"300\">A Marcorignan l&rsquo;\u00e9cologie se f\u00eate et se construit ensemble !<\/a><\/h4>\n<div class=\"pt-cv-hover-wrapper\"><a href=\"https:\/\/le-clairon-nouveau.fr\/wordpress\/blog\/2025\/09\/23\/a-marcorignan-lecologie-se-fete-et-se-construit-ensemble\/\" class=\"_self pt-cv-href-thumbnail pt-cv-thumb-default cvplbd cvp-lazy-container cvp-responsive-image img-rounded\" target=\"_self\" data-iw=\"300\" data-ih=\"300\"><img decoding=\"async\" width=\"300\" src=\"https:\/\/le-clairon-nouveau.fr\/wordpress\/wp-content\/plugins\/pt-content-views-pro\/public\/assets\/images\/lazy_image.png\" class=\"pt-cv-thumbnail img-rounded cvp-substitute no-lazyload  cvplazy\" alt=\"A Marcorignan l&#039;\u00e9cologie se f\u00eate et se construit ensemble !\" title=\"\" data-no-lazy=\"1\" data-cvpsrc=\"https:\/\/i0.wp.com\/le-clairon-nouveau.fr\/wordpress\/wp-content\/uploads\/2025\/09\/Capture-decran-2025-09-23-105808.png?resize=838%2C600&amp;ssl=1\" \/><\/a><div class=\"pt-cv-mask\"><div class=\"pt-cv-animation-left pt-cv-content\">A Marcorignan, la jeune association locale \"Le Collectif Bleu Occitanie\" organise avec le soutien du maire Eric Banos, un rendez- vous festif, familial et inclusif sera l\u2019occasion de c\u00e9l\u00e9brer les initiatives \u00e9cologiques et solidaires du territoire ... <a href=\"https:\/\/le-clairon-nouveau.fr\/wordpress\/blog\/2025\/09\/23\/a-marcorignan-lecologie-se-fete-et-se-construit-ensemble\/\" class=\"_self pt-cv-readmore pt-cv-textlink cvplbd\" target=\"_self\" data-iw=\"300\" data-ih=\"300\">Lire la suite<\/a><\/div><\/div><\/div>\n<div class=\"pt-cv-meta-fields\"><span class=\"entry-date\"><span class=\"glyphicon glyphicon-calendar\"><\/span> <time datetime=\"2025-09-23T12:30:47+02:00\">23 septembre 2025<\/time><\/span><span class=\"author\"><span class=\"glyphicon glyphicon-user\"><\/span> <a href=\"https:\/\/le-clairon-nouveau.fr\/wordpress\/blog\/author\/redact\/\" rel=\"author\">La R\u00e9daction du Clairon de l'Atax<\/a><\/span><\/div><\/div><\/div>\n<div class=\"col-md-4 col-sm-6 col-xs-12 pt-cv-content-item pt-cv-1-col\"  data-pid=\"32394\"><div class='pt-cv-ifield'><h4 class=\"pt-cv-title\"><a href=\"https:\/\/le-clairon-nouveau.fr\/wordpress\/blog\/2025\/09\/23\/danser-sur-les-cendres\/\" class=\"_self cvplbd\" target=\"_self\" data-iw=\"300\" data-ih=\"300\">Danser sur les cendres<\/a><\/h4>\n<div class=\"pt-cv-hover-wrapper\"><a href=\"https:\/\/le-clairon-nouveau.fr\/wordpress\/blog\/2025\/09\/23\/danser-sur-les-cendres\/\" class=\"_self pt-cv-href-thumbnail pt-cv-thumb-default cvplbd cvp-lazy-container cvp-responsive-image img-rounded\" target=\"_self\" data-iw=\"300\" data-ih=\"300\"><img decoding=\"async\" width=\"300\" src=\"https:\/\/le-clairon-nouveau.fr\/wordpress\/wp-content\/plugins\/pt-content-views-pro\/public\/assets\/images\/lazy_image.png\" class=\"pt-cv-thumbnail img-rounded cvp-substitute no-lazyload  cvplazy\" alt=\"Danser sur les cendres\" title=\"\" data-no-lazy=\"1\" data-cvpsrc=\"https:\/\/i0.wp.com\/le-clairon-nouveau.fr\/wordpress\/wp-content\/uploads\/2025\/09\/Nuit-dincendie-Image-par-Valter-Cirillo-de-Pixabay.jpg?resize=747%2C468&amp;ssl=1\" \/><\/a><div class=\"pt-cv-mask\"><div class=\"pt-cv-animation-left pt-cv-content\">Question d'humanit\u00e9 ... <a href=\"https:\/\/le-clairon-nouveau.fr\/wordpress\/blog\/2025\/09\/23\/danser-sur-les-cendres\/\" class=\"_self pt-cv-readmore pt-cv-textlink cvplbd\" target=\"_self\" data-iw=\"300\" data-ih=\"300\">Lire la suite<\/a><\/div><\/div><\/div>\n<div class=\"pt-cv-meta-fields\"><span class=\"entry-date\"><span class=\"glyphicon glyphicon-calendar\"><\/span> <time datetime=\"2025-09-23T12:30:45+02:00\">23 septembre 2025<\/time><\/span><span class=\"author\"><span class=\"glyphicon glyphicon-user\"><\/span> <a href=\"https:\/\/le-clairon-nouveau.fr\/wordpress\/blog\/author\/laurent\/\" rel=\"author\">Laurent Fabas<\/a><\/span><\/div><\/div><\/div>\n<div class=\"col-md-4 col-sm-6 col-xs-12 pt-cv-content-item pt-cv-1-col\"  data-pid=\"32427\"><div class='pt-cv-ifield'><h4 class=\"pt-cv-title\"><a href=\"https:\/\/le-clairon-nouveau.fr\/wordpress\/blog\/2025\/09\/23\/les-municipales-2026-un-communique-du-collectif-une-seule-gauche-pour-narbonne\/\" class=\"_self cvplbd\" target=\"_self\" data-iw=\"300\" data-ih=\"300\">Les municipales 2026 : un communiqu\u00e9 du collectif \u00ab\u00a0Une seule gauche pour Narbonne\u00a0\u00bb<\/a><\/h4>\n<div class=\"pt-cv-hover-wrapper\"><a href=\"https:\/\/le-clairon-nouveau.fr\/wordpress\/blog\/2025\/09\/23\/les-municipales-2026-un-communique-du-collectif-une-seule-gauche-pour-narbonne\/\" class=\"_self pt-cv-href-thumbnail pt-cv-thumb-default cvplbd cvp-lazy-container cvp-responsive-image img-rounded\" target=\"_self\" data-iw=\"300\" data-ih=\"300\"><img decoding=\"async\" width=\"300\" src=\"https:\/\/le-clairon-nouveau.fr\/wordpress\/wp-content\/plugins\/pt-content-views-pro\/public\/assets\/images\/lazy_image.png\" class=\"pt-cv-thumbnail img-rounded cvp-substitute no-lazyload  cvplazy\" alt=\"Les municipales 2026 : un communiqu\u00e9 du collectif &quot;Une seule gauche pour Narbonne&quot;\" title=\"\" data-no-lazy=\"1\" data-cvpsrc=\"https:\/\/i0.wp.com\/le-clairon-nouveau.fr\/wordpress\/wp-content\/uploads\/2025\/09\/Narbonne-image-Pixabay.jpg?resize=192%2C128&amp;ssl=1\" \/><\/a><div class=\"pt-cv-mask\"><div class=\"pt-cv-animation-left pt-cv-content\">Narbonne (Image Pixabay) Depuis le mois d&rsquo;avril 2025, une initiative citoyenne, r\u00e9unissant des Narbonnaises et des Narbonnais mobilis\u00e9s \u00e0 titre individuel ou dans le cadre d&rsquo;organisations diverses vise \u00e0 encourager et d\u00e9fendre la constitution d&rsquo;une union de la gauche afin de pr\u00e9senter une seule liste aux \u00e9lections municipales de mars 2026. Elle a adress\u00e9 au \u00ab\u00a0Clairon\u00a0\u00bb le\u00a0 communiqu\u00e9 suivant. La r\u00e9daction Communiqu\u00e9 de presse Assembl\u00e9e citoyenne le 7 octobre : ... <a href=\"https:\/\/le-clairon-nouveau.fr\/wordpress\/blog\/2025\/09\/23\/les-municipales-2026-un-communique-du-collectif-une-seule-gauche-pour-narbonne\/\" class=\"_self pt-cv-readmore pt-cv-textlink cvplbd\" target=\"_self\" data-iw=\"300\" data-ih=\"300\">Lire la suite<\/a><\/div><\/div><\/div>\n<div class=\"pt-cv-meta-fields\"><span class=\"entry-date\"><span class=\"glyphicon glyphicon-calendar\"><\/span> <time datetime=\"2025-09-23T12:30:13+02:00\">23 septembre 2025<\/time><\/span><span class=\"author\"><span class=\"glyphicon glyphicon-user\"><\/span> <a href=\"https:\/\/le-clairon-nouveau.fr\/wordpress\/blog\/author\/hubert\/\" rel=\"author\">Hubert Reys<\/a><\/span><\/div><\/div><\/div>\n<div class=\"col-md-4 col-sm-6 col-xs-12 pt-cv-content-item pt-cv-1-col\"  data-pid=\"32376\"><div class='pt-cv-ifield'><h4 class=\"pt-cv-title\"><a href=\"https:\/\/le-clairon-nouveau.fr\/wordpress\/blog\/2025\/09\/20\/le-18-septembre-2025-a-narbonne-et-la-suite\/\" class=\"_self cvplbd\" target=\"_self\" data-iw=\"300\" data-ih=\"300\">Le 18 septembre 2025 \u00e0 Narbonne et la suite&#8230;<\/a><\/h4>\n<div class=\"pt-cv-hover-wrapper\"><a href=\"https:\/\/le-clairon-nouveau.fr\/wordpress\/blog\/2025\/09\/20\/le-18-septembre-2025-a-narbonne-et-la-suite\/\" class=\"_self pt-cv-href-thumbnail pt-cv-thumb-default cvplbd cvp-lazy-container cvp-responsive-image img-rounded\" target=\"_self\" data-iw=\"300\" data-ih=\"300\"><img decoding=\"async\" width=\"300\" src=\"https:\/\/i0.wp.com\/le-clairon-nouveau.fr\/wordpress\/wp-content\/uploads\/2025\/09\/Manif-Narbo-180925-1-bis.jpg?fit=1800%2C1200&amp;ssl=1\" class=\"pt-cv-thumbnail img-rounded cvp-substitute no-lazyload \" alt=\"Le 18 septembre 2025 \u00e0 Narbonne et la suite...\" title=\"\" data-no-lazy=\"1\" \/><\/a><div class=\"pt-cv-mask\"><div class=\"pt-cv-animation-left pt-cv-content\">Malgr\u00e9 les discours alarmistes d'un pouvoir en d\u00e9composition, la manifestation narbonnaise du 18 septembre 2025 a \u00e9t\u00e9 digne, d\u00e9termin\u00e9e, responsable, Les temps o\u00f9 le peuple se m\u00eale de politique seraient-ils advenus ? ... <a href=\"https:\/\/le-clairon-nouveau.fr\/wordpress\/blog\/2025\/09\/20\/le-18-septembre-2025-a-narbonne-et-la-suite\/\" class=\"_self pt-cv-readmore pt-cv-textlink cvplbd\" target=\"_self\" data-iw=\"300\" data-ih=\"300\">Lire la suite<\/a><\/div><\/div><\/div>\n<div class=\"pt-cv-meta-fields\"><span class=\"entry-date\"><span class=\"glyphicon glyphicon-calendar\"><\/span> <time datetime=\"2025-09-20T12:52:11+02:00\">20 septembre 2025<\/time><\/span><span class=\"author\"><span class=\"glyphicon glyphicon-user\"><\/span> <a href=\"https:\/\/le-clairon-nouveau.fr\/wordpress\/blog\/author\/hubert\/\" rel=\"author\">Hubert Reys<\/a><\/span><\/div><\/div><\/div>\n<div class=\"col-md-4 col-sm-6 col-xs-12 pt-cv-content-item pt-cv-1-col\"  data-pid=\"32343\"><div class='pt-cv-ifield'><h4 class=\"pt-cv-title\"><a href=\"https:\/\/le-clairon-nouveau.fr\/wordpress\/blog\/2025\/09\/06\/le-festival-de-theatre-de-segure-quel-avenir-pour-une-reussite\/\" class=\"_self cvplbd\" target=\"_self\" data-iw=\"300\" data-ih=\"300\">Le festival de th\u00e9\u00e2tre de S\u00e9gure : quel avenir pour une r\u00e9ussite ?<\/a><\/h4>\n<div class=\"pt-cv-hover-wrapper\"><a href=\"https:\/\/le-clairon-nouveau.fr\/wordpress\/blog\/2025\/09\/06\/le-festival-de-theatre-de-segure-quel-avenir-pour-une-reussite\/\" class=\"_self pt-cv-href-thumbnail pt-cv-thumb-default cvplbd cvp-lazy-container cvp-responsive-image img-rounded\" target=\"_self\" data-iw=\"300\" data-ih=\"300\"><img decoding=\"async\" width=\"300\" src=\"https:\/\/i0.wp.com\/le-clairon-nouveau.fr\/wordpress\/wp-content\/uploads\/2025\/09\/La-scene-du-Theatre-de-Segure.jpg?resize=626%2C438&amp;ssl=1\" class=\"pt-cv-thumbnail img-rounded cvp-substitute no-lazyload \" alt=\"Le festival de th\u00e9\u00e2tre de S\u00e9gure : quel avenir pour une r\u00e9ussite ?\" title=\"\" data-no-lazy=\"1\" \/><\/a><div class=\"pt-cv-mask\"><div class=\"pt-cv-animation-left pt-cv-content\">Le spectacle vivant comme antidote aux troubles relationnels cr\u00e9\u00e9s par l'adiction au num\u00e9rique ? ... <a href=\"https:\/\/le-clairon-nouveau.fr\/wordpress\/blog\/2025\/09\/06\/le-festival-de-theatre-de-segure-quel-avenir-pour-une-reussite\/\" class=\"_self pt-cv-readmore pt-cv-textlink cvplbd\" target=\"_self\" data-iw=\"300\" data-ih=\"300\">Lire la suite<\/a><\/div><\/div><\/div>\n<div class=\"pt-cv-meta-fields\"><span class=\"entry-date\"><span class=\"glyphicon glyphicon-calendar\"><\/span> <time datetime=\"2025-09-06T22:38:29+02:00\">6 septembre 2025<\/time><\/span><span class=\"author\"><span class=\"glyphicon glyphicon-user\"><\/span> <a href=\"https:\/\/le-clairon-nouveau.fr\/wordpress\/blog\/author\/redact\/\" rel=\"author\">La R\u00e9daction du Clairon de l'Atax<\/a><\/span><\/div><\/div><\/div><\/div><\/div>\n<div class=\"text-left pt-cv-pagination-wrapper\"><ul class=\"pt-cv-pagination pt-cv-ajax pagination\" data-totalpages=\"11\" data-currentpage=\"1\" data-sid=\"dad6db7nhs\" data-unid=\"\" data-isblock=\"\" data-postid=\"\"><li class=\"active\"><a href=\"#\">1<\/a><\/li>\n\t<li ><a class=\"\" href=\"https:\/\/le-clairon-nouveau.fr\/wordpress\/wp-json\/wp\/v2\/pages\/19026\/?_page=2\">2<\/a><\/li>\n\t<li ><a class=\"\" href=\"https:\/\/le-clairon-nouveau.fr\/wordpress\/wp-json\/wp\/v2\/pages\/19026\/?_page=3\">3<\/a><\/li>\n\t<li ><a href=\"#\">\u2026<\/a><\/li>\n\t<li ><a class=\"\" href=\"https:\/\/le-clairon-nouveau.fr\/wordpress\/wp-json\/wp\/v2\/pages\/19026\/?_page=11\">11<\/a><\/li>\n\t<li ><a class=\" \" href=\"https:\/\/le-clairon-nouveau.fr\/wordpress\/wp-json\/wp\/v2\/pages\/19026\/?_page=2\">&rsaquo;<\/a><\/li>\n\t<\/ul><img loading=\"lazy\" decoding=\"async\" width=\"15\" height=\"15\" class=\"pt-cv-spinner\" alt=\"Chargement\u2026\" src=\"data:image\/gif;base64,R0lGODlhDwAPALMPAMrKygwMDJOTkz09PZWVla+vr3p6euTk5M7OzuXl5TMzMwAAAJmZmWZmZszMzP\/\/\/yH\/C05FVFNDQVBFMi4wAwEAAAAh+QQFCgAPACwAAAAADwAPAAAEQvDJaZaZOIcV8iQK8VRX4iTYoAwZ4iCYoAjZ4RxejhVNoT+mRGP4cyF4Pp0N98sBGIBMEMOotl6YZ3S61Bmbkm4mAgAh+QQFCgAPACwAAAAADQANAAAENPDJSRSZeA418itN8QiK8BiLITVsFiyBBIoYqnoewAD4xPw9iY4XLGYSjkQR4UAUD45DLwIAIfkEBQoADwAsAAAAAA8ACQAABC\/wyVlamTi3nSdgwFNdhEJgTJoNyoB9ISYoQmdjiZPcj7EYCAeCF1gEDo4Dz2eIAAAh+QQFCgAPACwCAAAADQANAAAEM\/DJBxiYeLKdX3IJZT1FU0iIg2RNKx3OkZVnZ98ToRD4MyiDnkAh6BkNC0MvsAj0kMpHBAAh+QQFCgAPACwGAAAACQAPAAAEMDC59KpFDll73HkAA2wVY5KgiK5b0RRoI6MuzG6EQqCDMlSGheEhUAgqgUUAFRySIgAh+QQFCgAPACwCAAIADQANAAAEM\/DJKZNLND\/kkKaHc3xk+QAMYDKsiaqmZCxGVjSFFCxB1vwy2oOgIDxuucxAMTAJFAJNBAAh+QQFCgAPACwAAAYADwAJAAAEMNAs86q1yaWwwv2Ig0jUZx3OYa4XoRAfwADXoAwfo1+CIjyFRuEho60aSNYlOPxEAAAh+QQFCgAPACwAAAIADQANAAAENPA9s4y8+IUVcqaWJ4qEQozSoAzoIyhCK2NFU2SJk0hNnyEOhKR2AzAAj4Pj4GE4W0bkJQIAOw==\" \/><div class=\"clear pt-cv-clear-pagination\"><\/div><\/div><\/div>\t\t\t<style type=\"text\/css\" id=\"pt-cv-inline-style-a2bebaci0l\">#pt-cv-view-dad6db7nhs .pt-cv-content-item { padding-top: 0px !important; padding-left: 5px !important; padding-right: 5px !important; }\n#pt-cv-view-dad6db7nhs  { margin-left: -5px !important; margin-right: -5px !important; }\n#pt-cv-view-dad6db7nhs .pt-cv-mask { padding-left: 10px !important; padding-right: 10px !important; }\n#pt-cv-view-dad6db7nhs  .pt-cv-ifield   { background-color: #fff8ed !important; }\n#pt-cv-view-dad6db7nhs.pt-cv-post-border { margin: 0; border-top-width: 1px; border-left-width: 1px }\n#pt-cv-view-dad6db7nhs.pt-cv-post-border { margin: 0; border-top-style: solid; border-left-style: solid }\n#pt-cv-view-dad6db7nhs.pt-cv-post-border .pt-cv-content-item   { border-right-width: 1px; border-bottom-width: 1px; border-right-style: solid; border-bottom-style: solid; }\n#pt-cv-view-dad6db7nhs .pt-cv-href-thumbnail  { margin-left: auto !important; margin-right: auto !important; display: block !important; text-align: center !important; clear: both !important; }\n#pt-cv-view-dad6db7nhs .pt-cv-title a, #pt-cv-view-dad6db7nhs  .panel-title { font-family: 'Oswald', Arial, serif !important; color: #a52e26 !important; font-weight: 600 !important; display: block !important; text-align: center !important; clear: both !important; }\n#pt-cv-view-dad6db7nhs  .pt-cv-title a:hover, #pt-cv-view-dad6db7nhs  .panel-title:hover   { font-family: 'Oswald', Arial, serif !important; color: rgba(165,46,38,0.68) !important; font-weight: 600 !important; display: block !important; text-align: center !important; clear: both !important; }\n#pt-cv-view-dad6db7nhs .pt-cv-content , #pt-cv-view-dad6db7nhs  .pt-cv-content *:not(.pt-cv-readmore):not(style):not(script) { font-size: 12px !important; line-height: 1.3 !important; display: block !important; text-align: justify !important; clear: both !important; }\n#pt-cv-view-dad6db7nhs  .pt-cv-content-item:hover .pt-cv-hover-wrapper::before   { background-color: rgba(255,248,237,0.85) !important; }\n#pt-cv-view-dad6db7nhs:not(.pt-cv-nohover) .pt-cv-mask *   { color: #a52e26; }\n#pt-cv-view-dad6db7nhs .pt-cv-carousel-caption  { background-color: rgba(51,51,51,.6) !important; }\n#pt-cv-view-dad6db7nhs .pt-cv-meta-fields {text-align: center; clear: both}\n#pt-cv-view-dad6db7nhs .pt-cv-meta-fields * { font-size: 12px !important; line-height: 1.3 !important; color: #a52e26 !important; }\n#pt-cv-view-dad6db7nhs .pt-cv-specialp { background-color: #CC3333 !important }\n#pt-cv-view-dad6db7nhs .pt-cv-specialp * { color: #fff !important; }\n#pt-cv-view-dad6db7nhs .pt-cv-pficon  { color: #bbb !important; }\n#pt-cv-view-dad6db7nhs  .add_to_cart_button, #pt-cv-view-dad6db7nhs  .add_to_cart_button *   { color: #ffffff !important; background-color: #00aeef !important; }\n#pt-cv-view-dad6db7nhs  .woocommerce-onsale   { color: #ffffff !important; background-color: #ff5a5f !important; }\n#pt-cv-view-dad6db7nhs .pt-cv-readmore  { font-size: 13px !important; line-height: 1.3 !important; color: #ff0000 !important; font-weight: 600 !important; }\n#pt-cv-view-dad6db7nhs .pt-cv-readmore:hover  { font-size: 13px !important; line-height: 1.3 !important; color: rgba(255,0,0,0.43) !important; }\n#pt-cv-view-dad6db7nhs  + .pt-cv-pagination-wrapper .pt-cv-more-inactive , #pt-cv-view-dad6db7nhs  + .pt-cv-pagination-wrapper .pagination a { color: rgba(165,46,38,0.25) !important; background-color: #fff0d8 !important; }\n#pt-cv-view-dad6db7nhs  + .pt-cv-pagination-wrapper .pt-cv-more , #pt-cv-view-dad6db7nhs  + .pt-cv-pagination-wrapper .pagination .active a { color: #a52e26 !important; background-color: #fff0d8 !important; font-weight: 600 !important; }\n[id^='pt-cv-filter-bar-dad6db7nhs'] .active.pt-cv-filter-option, [id^='pt-cv-filter-bar-dad6db7nhs'] .active .pt-cv-filter-option, [id^='pt-cv-filter-bar-dad6db7nhs'] .selected.pt-cv-filter-option, [id^='pt-cv-filter-bar-dad6db7nhs'] .dropdown-toggle   { color: #fff !important; background-color: #00aeef !important; }\n[id^='pt-cv-filter-bar-dad6db7nhs'] .pt-cv-filter-title   { color: #fff !important; background-color: #00aeef !important; }\n#pt-cv-gls-dad6db7nhs li a.pt-active   { color: #fff !important; background-color: #ff5a5f !important; }\n#pt-cv-view-dad6db7nhs .pt-cv-gls-header  { color: #fff !important; background-color: #00aeef !important; }\n#pt-cv-view-dad6db7nhs .img-rounded, #pt-cv-view-dad6db7nhs .pt-cv-hover-wrapper { -webkit-border-radius: 6px !important; -moz-border-radius: 6px !important; border-radius: 6px !important; }\n#pt-cv-view-dad6db7nhs .cvp-responsive-image[style*=\"background-image\"] { width: 300px; height: 300px; }<\/style>\r\n\t\t\t<link href='\/\/fonts.googleapis.com\/css?family=Oswald' rel='stylesheet' type='text\/css'><\/span><\/p>\n<script type=\"text\/javascript\"> var tt_store_content = \"\\<p style\\='text\\-align\\: center;'\\>\\<span style\\='font\\-size\\: 14pt;'\\>\\<strong\\>I\\<\\\/strong\\>mp\u00f4t sur la \\<strong\\>F\\<\\\/strong\\>ortune \\<strong\\>I\\<\\\/strong\\>mmobili\u00e8re\\<\\\/span\\>\\<\\\/p\\>\"; toolTips('.classtoolTips148',tt_store_content,'5643'); <\/script><script type=\"text\/javascript\"> var tt_store_content = \"\\<p style\\='text\\-align\\: center;'\\>\\<span style\\='font\\-size\\: 14pt;'\\>\\<strong\\>N\\<\\\/strong\\>ational \\<strong\\>H\\<\\\/strong\\>ealth \\<strong\\>S\\<\\\/strong\\>ervice\\<\\\/span\\>\\<\\\/p\\><br\/>Service National de Sant\u00e9 britannique\"; toolTips('.classtoolTips160',tt_store_content,'5182'); <\/script><script type=\"text\/javascript\"> var tt_store_content = \"\\<p style\\='text\\-align\\: center;'\\>\\<span style\\='font\\-size\\: 14pt;'\\>\\<strong\\>C\\<\\\/strong\\>entre \\<strong\\>H\\<\\\/strong\\>ospitalier\\<\\\/span\\>\\<\\\/p\\>\"; toolTips('.classtoolTips220',tt_store_content,'18357'); <\/script>","protected":false},"excerpt":{"rendered":"<p>Depuis le 23 mai 2019, la pr\u00e9sentation est modifi\u00e9e. Tous les articles sont d\u00e9sormais affich\u00e9s dans la liste ci-dessous, dans l&rsquo;ordre chronologique d\u00e9croissant. Vous pouvez, pour l&rsquo;instant, s\u00e9lectionner ceux d&rsquo;une \u00e9dition en particulier. Ult\u00e9rieurement, d&rsquo;autres filtres vous seront propos\u00e9s.<script type=\"text\/javascript\"> var tt_store_content = \"\\<\/p>\n<p style\\='text\\-align\\: center;'\\>\\<span style\\='font\\-size\\: 14pt;'\\>\\<strong\\>I\\<\\\/strong\\>mp\u00f4t sur la \\<strong\\>F\\<\\\/strong\\>ortune \\<strong\\>I\\<\\\/strong\\>mmobili\u00e8re\\<\\\/span\\>\\<\\\/p\\>\"; toolTips('.classtoolTips148',tt_store_content,'5643'); <\/script><script type=\"text\/javascript\"> var tt_store_content = \"\\<\/p>\n<p style\\='text\\-align\\: center;'\\>\\<span style\\='font\\-size\\: 14pt;'\\>\\<strong\\>N\\<\\\/strong\\>ational \\<strong\\>H\\<\\\/strong\\>ealth \\<strong\\>S\\<\\\/strong\\>ervice\\<\\\/span\\>\\<\\\/p\\><br \/>Service National de Sant\u00e9 britannique\"; toolTips('.classtoolTips160',tt_store_content,'5182'); <\/script><script type=\"text\/javascript\"> var tt_store_content = \"\\<\/p>\n<p style\\='text\\-align\\: center;'\\>\\<span style\\='font\\-size\\: 14pt;'\\>\\<strong\\>C\\<\\\/strong\\>entre \\<strong\\>H\\<\\\/strong\\>ospitalier\\<\\\/span\\>\\<\\\/p\\>\"; toolTips('.classtoolTips220',tt_store_content,'18357'); <\/script><\/p>\n","protected":false},"author":1,"featured_media":0,"parent":8298,"menu_order":0,"comment_status":"closed","ping_status":"closed","template":"","meta":{"_acf_changed":false,"ngg_post_thumbnail":0,"footnotes":""},"coauthors":[8],"class_list":["post-19026","page","type-page","status-publish","hentry","no-thumb"],"acf":[],"jetpack_sharing_enabled":true,"jetpack_shortlink":"https:\/\/wp.me\/P9B5TM-4WS","_links":{"self":[{"href":"https:\/\/le-clairon-nouveau.fr\/wordpress\/wp-json\/wp\/v2\/pages\/19026","targetHints":{"allow":["GET"]}}],"collection":[{"href":"https:\/\/le-clairon-nouveau.fr\/wordpress\/wp-json\/wp\/v2\/pages"}],"about":[{"href":"https:\/\/le-clairon-nouveau.fr\/wordpress\/wp-json\/wp\/v2\/types\/page"}],"author":[{"embeddable":true,"href":"https:\/\/le-clairon-nouveau.fr\/wordpress\/wp-json\/wp\/v2\/users\/1"}],"replies":[{"embeddable":true,"href":"https:\/\/le-clairon-nouveau.fr\/wordpress\/wp-json\/wp\/v2\/comments?post=19026"}],"version-history":[{"count":0,"href":"https:\/\/le-clairon-nouveau.fr\/wordpress\/wp-json\/wp\/v2\/pages\/19026\/revisions"}],"up":[{"embeddable":true,"href":"https:\/\/le-clairon-nouveau.fr\/wordpress\/wp-json\/wp\/v2\/pages\/8298"}],"wp:attachment":[{"href":"https:\/\/le-clairon-nouveau.fr\/wordpress\/wp-json\/wp\/v2\/media?parent=19026"}],"wp:term":[{"taxonomy":"author","embeddable":true,"href":"https:\/\/le-clairon-nouveau.fr\/wordpress\/wp-json\/wp\/v2\/coauthors?post=19026"}],"curies":[{"name":"wp","href":"https:\/\/api.w.org\/{rel}","templated":true}]}}