{"id":19034,"date":"2019-05-23T11:46:25","date_gmt":"2019-05-23T09:46:25","guid":{"rendered":"https:\/\/le-clairon-nouveau.fr\/wordpress\/?page_id=19034"},"modified":"2020-07-23T17:59:31","modified_gmt":"2020-07-23T15:59:31","slug":"breves-du-clairon-v02r00","status":"publish","type":"page","link":"https:\/\/le-clairon-nouveau.fr\/wordpress\/pages-visibles\/actualites\/breves-du-clairon-v02r00\/","title":{"rendered":"Br\u00e8ves du Clairon"},"content":{"rendered":"<div id=\"pl-19034\" class=\"panel-layout\">\n<div id=\"pg-19034-0\" class=\"panel-grid panel-no-style\" data-style=\"{&quot;background_display&quot;:&quot;tile&quot;,&quot;cell_alignment&quot;:&quot;flex-start&quot;,&quot;iw-visible-screen&quot;:&quot;iw-all&quot;,&quot;iw-visible-layout&quot;:&quot;iw-all&quot;}\" data-ratio=\"0.5\" data-ratio-direction=\"left\">\n<div id=\"pgc-19034-0-0\" class=\"panel-grid-cell panel-grid-cell-mobile-last\" data-weight=\"0.40088593576966\">\n<div id=\"panel-19034-0-0-0\" class=\"so-panel widget widget_sow-image panel-first-child panel-last-child\" data-index=\"0\" data-style=\"{&quot;background_image_attachment&quot;:false,&quot;background_display&quot;:&quot;tile&quot;,&quot;iw-visible-screen&quot;:&quot;iw-all&quot;,&quot;iw-visible-layout&quot;:&quot;iw-all&quot;}\">\n<p><a href=\"https:\/\/i0.wp.com\/le-clairon-nouveau.fr\/wordpress\/wp-content\/uploads\/2018\/01\/Clairon-01-Br%C3%A8ves-Relief.png?ssl=1\"><img data-recalc-dims=\"1\" loading=\"lazy\" decoding=\"async\" class=\"aligncenter wp-image-5103\" src=\"https:\/\/i0.wp.com\/le-clairon-nouveau.fr\/wordpress\/wp-content\/uploads\/2018\/01\/Clairon-01-Br%C3%A8ves-Relief.png?resize=237%2C136&#038;ssl=1\" alt=\"\" width=\"237\" height=\"136\" srcset=\"https:\/\/i0.wp.com\/le-clairon-nouveau.fr\/wordpress\/wp-content\/uploads\/2018\/01\/Clairon-01-Br%C3%A8ves-Relief.png?resize=300%2C172&amp;ssl=1 300w, https:\/\/i0.wp.com\/le-clairon-nouveau.fr\/wordpress\/wp-content\/uploads\/2018\/01\/Clairon-01-Br%C3%A8ves-Relief.png?resize=768%2C441&amp;ssl=1 768w, https:\/\/i0.wp.com\/le-clairon-nouveau.fr\/wordpress\/wp-content\/uploads\/2018\/01\/Clairon-01-Br%C3%A8ves-Relief.png?resize=1024%2C588&amp;ssl=1 1024w, https:\/\/i0.wp.com\/le-clairon-nouveau.fr\/wordpress\/wp-content\/uploads\/2018\/01\/Clairon-01-Br%C3%A8ves-Relief.png?w=1344&amp;ssl=1 1344w\" sizes=\"auto, (max-width: 237px) 100vw, 237px\" \/><\/a><\/p>\n<p style=\"text-align: justify;\"><span style=\"font-size: 10pt; color: #800000;\"><em>Depuis le 23 mai 2019, la pr\u00e9sentation est modifi\u00e9e. Tous les articles sont d\u00e9sormais affich\u00e9s dans la liste ci-dessous, dans l\u2019ordre chronologique d\u00e9croissant. Vous pouvez, pour l\u2019instant, s\u00e9lectionner ceux d\u2019une \u00e9dition en particulier. Ult\u00e9rieurement, d\u2019autres filtres vous seront propos\u00e9s.<\/em><\/span><\/p>\n<\/div>\n<\/div>\n<\/div>\n<div data-index=\"0\" data-style=\"{&quot;background_image_attachment&quot;:false,&quot;background_display&quot;:&quot;tile&quot;,&quot;iw-visible-screen&quot;:&quot;iw-all&quot;,&quot;iw-visible-layout&quot;:&quot;iw-all&quot;}\"><div class=\"pt-cv-wrapper\"><div class=\"cvp-live-filter cvp-dropdown \" id=\"\" data-name=\"tx_edition\" data-sid=\"902cc2fxlq\"><label class=\"cvp-label\">Choisir le n\u00b0 de Parution<\/label><select name=\"tx_edition\"><option value=\"\">Toutes les parutions<\/option><option value=\"edi_00126\" >Edition n\u00b0 126 D\u00e9cembre 2025 &#8211; Janvier 2026<span class=\"cvp-count\"> (5)<\/span><\/option><option value=\"edi_00125\" >Edition n\u00b0 125 Novembre-D\u00e9cembre 2025<span class=\"cvp-count\"> (3)<\/span><\/option><option value=\"edi_00124\" >Edition n\u00b0 124 Octobre-Novembre 2025<span class=\"cvp-count\"> (1)<\/span><\/option><option value=\"edi_00123\" >Edition n\u00b0 123 Septembre-Octobre 2025<span class=\"cvp-count\"> (2)<\/span><\/option><option value=\"edi_00122\" >Edition n\u00b0 122 Juillet-Septembre 2025<span class=\"cvp-count\"> (3)<\/span><\/option><option value=\"edi_00121\" >Edition n\u00b0 121 Juin-Juillet 2025<span class=\"cvp-count\"> (4)<\/span><\/option><option value=\"edi_00120\" >Edition n\u00b0 120 Mai-Juin 2025<span class=\"cvp-count\"> (6)<\/span><\/option><option value=\"edi_00119\" >Edition n\u00b0 119 Avril-Mai 2025<span class=\"cvp-count\"> (9)<\/span><\/option><option value=\"edi_00118\" >Edition n\u00b0 118 Mars-Avril 2025<span class=\"cvp-count\"> (3)<\/span><\/option><option value=\"edi_00117\" >Edition n\u00b0 117 F\u00e9vrier-Mars 2025<span class=\"cvp-count\"> (3)<\/span><\/option><option value=\"edi_00116\" >Edition n\u00b0 116 Janvier-F\u00e9vrier 2025<span class=\"cvp-count\"> (2)<\/span><\/option><option value=\"edi_00115\" >Edition n\u00b0115 D\u00e9cembre 2024-Janvier 2025<span class=\"cvp-count\"> (1)<\/span><\/option><option value=\"edi_00114\" >Edition n\u00b0114 Novembre-D\u00e9cembre 2024<span class=\"cvp-count\"> (2)<\/span><\/option><option value=\"edi_00113\" >Edition n\u00b0113 Octobre-Novembre 2024<span class=\"cvp-count\"> (3)<\/span><\/option><option value=\"edi_00112\" >Edition n\u00b0 112 Septembre-Octobre 2024<span class=\"cvp-count\"> (2)<\/span><\/option><option value=\"edi_00111\" >Edition n\u00b0 111 Juillet-Septembre 2024<span class=\"cvp-count\"> (2)<\/span><\/option><option value=\"edi_00110\" >Edition n\u00b0 110 Juin-Juillet 2024<span class=\"cvp-count\"> (4)<\/span><\/option><option value=\"edi_00109\" >Edition n\u00b0 109 Mai-Juin 2024<span class=\"cvp-count\"> (3)<\/span><\/option><option value=\"edi_00105\" >Edition n\u00b0 105 Janvier-F\u00e9vrier 2024<span class=\"cvp-count\"> (1)<\/span><\/option><option value=\"edi_00104\" >Edition n\u00b0 104 D\u00e9cembre 2023 &#8211; Janvier 2024<span class=\"cvp-count\"> (1)<\/span><\/option><option value=\"edi_00103\" >Edition N\u00b0 103 Novembre-D\u00e9cembre 2023<span class=\"cvp-count\"> (2)<\/span><\/option><option value=\"edi_00102\" >Edition n\u00b0 102 Octobre-Novembre 2023<span class=\"cvp-count\"> (2)<\/span><\/option><option value=\"edi_00101\" >Edition n\u00b0 101 Septembre-Octobre 2023<span class=\"cvp-count\"> (3)<\/span><\/option><option value=\"edi_00100\" >Edition n\u00b0 100 Juillet-Septembre 2023<span class=\"cvp-count\"> (3)<\/span><\/option><option value=\"edi_00099\" >Edition n\u00b0 99 Juin-Juillet 2023<span class=\"cvp-count\"> (6)<\/span><\/option><option value=\"edi_00098\" >Edition n\u00b0 98 Mai-Juin 2023<span class=\"cvp-count\"> (3)<\/span><\/option><option value=\"edi_00097\" >Edition n\u00b0 97 Avril-Mai 2023<span class=\"cvp-count\"> (5)<\/span><\/option><option value=\"edi_00096\" >Edition n\u00b0 96 Mars-Avril 2023<span class=\"cvp-count\"> (8)<\/span><\/option><option value=\"edi_00095\" >Edition n\u00b0 95 F\u00e9vrier-Mars 2023<span class=\"cvp-count\"> (10)<\/span><\/option><option value=\"edi_00094\" >Edition n\u00b0 94 Janvier-F\u00e9vrier 2023<span class=\"cvp-count\"> (5)<\/span><\/option><option value=\"edi_00093\" >Edition n\u00b0 93 D\u00e9cembre 2022 &#8211; Janvier 2023<span class=\"cvp-count\"> (1)<\/span><\/option><option value=\"edi_00092\" >Edition n\u00b0 92 Novembre-D\u00e9cembre 2022<span class=\"cvp-count\"> (1)<\/span><\/option><option value=\"edi_00090\" >Edition n\u00b0 90 Septembre-Octobre 2022<span class=\"cvp-count\"> (3)<\/span><\/option><option value=\"edi_00089\" >Edition n\u00b0 89 Juillet-Septembre 2022<span class=\"cvp-count\"> (3)<\/span><\/option><option value=\"edi_00088\" >Edition n\u00b0 88 Juin-Juillet 2022<span class=\"cvp-count\"> (1)<\/span><\/option><option value=\"edi_00087\" >Edition n\u00b0 87 Mai-Juin 2022<span class=\"cvp-count\"> (1)<\/span><\/option><option value=\"edi_00086\" >Edition n\u00b0 86 Avril-Mai 2022<span class=\"cvp-count\"> (3)<\/span><\/option><option value=\"edi_00085\" >Edition n\u00b0 85 Mars-Avril 2022<span class=\"cvp-count\"> (2)<\/span><\/option><option value=\"edi_00083\" >Edition n\u00b0 83 Janvier-F\u00e9vrier 2022<span class=\"cvp-count\"> (1)<\/span><\/option><option value=\"edi_00082\" >Edition n\u00b0 82 D\u00e9cembre 2021 &#8211; Janvier 2022<span class=\"cvp-count\"> (1)<\/span><\/option><option value=\"edi_00081\" >Edition n\u00b0 81 Novembre-D\u00e9cembre 2021<span class=\"cvp-count\"> (3)<\/span><\/option><option value=\"edi_00080\" >Edition n\u00b0 80 Octobre-Novembre 2021<span class=\"cvp-count\"> (1)<\/span><\/option><option value=\"edi_00079\" >Edition n\u00b0 79 Septembre-Octobre 2021<span class=\"cvp-count\"> (2)<\/span><\/option><option value=\"edi_00078\" >Edition n\u00b0 78 Juillet-Septembre 2021<span class=\"cvp-count\"> (2)<\/span><\/option><option value=\"edi_00077\" >Edition n\u00b0 77 Juin-Juillet 2021<span class=\"cvp-count\"> (5)<\/span><\/option><option value=\"edi_00076\" >Edition n\u00b0 76 Mai-Juin 2021<span class=\"cvp-count\"> (3)<\/span><\/option><option value=\"edi_00075\" >Edition n\u00b0 75 Avril-Mai 2021<span class=\"cvp-count\"> (2)<\/span><\/option><option value=\"edi_00074\" >Edition n\u00b0 74 Mars-Avril 2021<span class=\"cvp-count\"> (1)<\/span><\/option><option value=\"edi_00073\" >Edition n\u00b0 73 F\u00e9vrier-Mars 2021<span class=\"cvp-count\"> (2)<\/span><\/option><option value=\"edi_00072\" >Edition n\u00b0 72 Janvier-F\u00e9vrier 2021<span class=\"cvp-count\"> (3)<\/span><\/option><option value=\"edi_00071\" >Edition n\u00b0 71 D\u00e9cembre 2020 &#8211; Janvier 2021<span class=\"cvp-count\"> (2)<\/span><\/option><option value=\"edi_00070\" >Edition n\u00b0 70 Novembre-D\u00e9cembre 2020<span class=\"cvp-count\"> (3)<\/span><\/option><option value=\"edi_00069\" >Edition n\u00b0 69 Octobre-Novembre 2020<span class=\"cvp-count\"> (2)<\/span><\/option><option value=\"edi_00068\" >Edition n\u00b0 68 Septembre-Octobre 2020<span class=\"cvp-count\"> (3)<\/span><\/option><option value=\"edi_00067\" >Edition n\u00b0 67 Juillet-Septembre 2020<span class=\"cvp-count\"> (3)<\/span><\/option><option value=\"edi_00066\" >Edition n\u00b0 66 Juin-Juillet 2020<span class=\"cvp-count\"> (3)<\/span><\/option><option value=\"edi_00065\" >Edition n\u00b0 65 Mai-Juin 2020<span class=\"cvp-count\"> (6)<\/span><\/option><option value=\"edi_00064\" >Edition n\u00b0 64 Avril-Mai 2020<span class=\"cvp-count\"> (3)<\/span><\/option><option value=\"edi_00063\" >Edition n\u00b0 63 Mars-Avril 2020<span class=\"cvp-count\"> (4)<\/span><\/option><option value=\"edi_00062\" >Edition n\u00b0 62 F\u00e9vrier-Mars 2020<span class=\"cvp-count\"> (3)<\/span><\/option><option value=\"edi_00061\" >Edition n\u00b0 61 Janvier-F\u00e9vrier 2020<span class=\"cvp-count\"> (2)<\/span><\/option><option value=\"edi_00060\" >Edition n\u00b0 60 D\u00e9cembre 2019 &#8211; Janvier 2020<span class=\"cvp-count\"> (3)<\/span><\/option><option value=\"edi_00059\" >Edition n\u00b0 59 &#8211; Novembre-D\u00e9cembre 2019<span class=\"cvp-count\"> (4)<\/span><\/option><option value=\"edi_00058\" >Edition n\u00b0 58 &#8211; Octobre-Novembre 2019<span class=\"cvp-count\"> (2)<\/span><\/option><option value=\"edi_00057\" >Edition n\u00b0 57 &#8211; Septembre-Octobre 2019<span class=\"cvp-count\"> (1)<\/span><\/option><option value=\"edi_00055\" >Edition n\u00b0 55 &#8211; Juin-Juillet 2019<span class=\"cvp-count\"> (1)<\/span><\/option><\/select><\/div><div class=\"pt-cv-view pt-cv-grid pt-cv-colsys pt-cv-same-height pt-cv-pgregular\" id=\"pt-cv-view-902cc2fxlq\"><div data-id=\"pt-cv-page-1\" class=\"pt-cv-page\" data-cvc=\"4\" data-cvct=\"2\" data-cvcm=\"1\"><div class=\"col-md-3 col-sm-6 col-xs-12 pt-cv-content-item pt-cv-2-col\"  data-pid=\"32762\"><div class='pt-cv-ifield'><h4 class=\"pt-cv-title\"><a href=\"https:\/\/le-clairon-nouveau.fr\/wordpress\/blog\/2026\/01\/21\/nous-sommes-narbonne-rencontre-des-animateurs-du-collectif-citoyen-sante-de-narbonne\/\" class=\"_self cvplbd\" target=\"_self\" >\u00ab Nous sommes Narbonne \u00bb rencontre des animateurs du Collectif citoyen sant\u00e9 de Narbonne<\/a><\/h4>\n<div class=\"pt-cv-meta-fields\"><span class=\"author\"><span class=\"glyphicon glyphicon-user\"><\/span> <a href=\"https:\/\/le-clairon-nouveau.fr\/wordpress\/blog\/author\/redact\/\" rel=\"author\">La R\u00e9daction du Clairon de l'Atax<\/a><\/span><span class=\"entry-date\"><span class=\"glyphicon glyphicon-calendar\"><\/span> <time datetime=\"2026-01-21T10:15:36+01:00\">21 janvier 2026<\/time><\/span><\/div>\n<div class=\"pt-cv-content\">Syst\u00e8me de sant\u00e9 : un logo parmi d&rsquo;autres (image Pixabay) \u00a0 \u00a0Ce mardi 20 janvier 2026, Laurent Fabas, candidat aux municipales 2026 a rencontr\u00e9, entour\u00e9 de quelques membres de la liste \u00ab Nous sommes Narbonne ... <a href=\"https:\/\/le-clairon-nouveau.fr\/wordpress\/blog\/2026\/01\/21\/nous-sommes-narbonne-rencontre-des-animateurs-du-collectif-citoyen-sante-de-narbonne\/\" class=\"_self pt-cv-readmore pt-cv-textlink cvplbd\" target=\"_self\">Lire la suite<\/a><\/div><\/div><\/div>\n<div class=\"col-md-3 col-sm-6 col-xs-12 pt-cv-content-item pt-cv-2-col\"  data-pid=\"32747\"><div class='pt-cv-ifield'><h4 class=\"pt-cv-title\"><a href=\"https:\/\/le-clairon-nouveau.fr\/wordpress\/blog\/2026\/01\/16\/municipales-narbonne-latelier-logement-de-la-liste-nous-sommes-narbonne\/\" class=\"_self cvplbd\" target=\"_self\" >Municipales Narbonne : l\u2019atelier logement de la liste \u00ab Nous sommes Narbonne \u00bb<\/a><\/h4>\n<div class=\"pt-cv-meta-fields\"><span class=\"author\"><span class=\"glyphicon glyphicon-user\"><\/span> <a href=\"https:\/\/le-clairon-nouveau.fr\/wordpress\/blog\/author\/redact\/\" rel=\"author\">La R\u00e9daction du Clairon de l'Atax<\/a><\/span><span class=\"entry-date\"><span class=\"glyphicon glyphicon-calendar\"><\/span> <time datetime=\"2026-01-16T15:21:33+01:00\">16 janvier 2026<\/time><\/span><\/div>\n<div class=\"pt-cv-content\">\u00a0 \u00a0La liste \u00ab Nous sommes Narbonne \u00bb a tenu ce 15 janvier un premier atelier de r\u00e9flexion consacr\u00e9 au logement.\u00a0 \u00a0 \u00a0La d\u00e9marche entreprise par cette liste, dans cet atelier th\u00e9matique comme pour ceux ... <a href=\"https:\/\/le-clairon-nouveau.fr\/wordpress\/blog\/2026\/01\/16\/municipales-narbonne-latelier-logement-de-la-liste-nous-sommes-narbonne\/\" class=\"_self pt-cv-readmore pt-cv-textlink cvplbd\" target=\"_self\">Lire la suite<\/a><\/div><\/div><\/div>\n<div class=\"col-md-3 col-sm-6 col-xs-12 pt-cv-content-item pt-cv-2-col\"  data-pid=\"32714\"><div class='pt-cv-ifield'><h4 class=\"pt-cv-title\"><a href=\"https:\/\/le-clairon-nouveau.fr\/wordpress\/blog\/2025\/12\/23\/plan-de-relance-du-nucleaire-le-devis-des-6-futurs-epr2-a-de-nouveau-augmente\/\" class=\"_self cvplbd\" target=\"_self\" >Plan de relance du nucl\u00e9aire : le devis des 6 futurs EPR2 a de nouveau augment\u00e9<\/a><\/h4>\n<div class=\"pt-cv-meta-fields\"><span class=\"author\"><span class=\"glyphicon glyphicon-user\"><\/span> <a href=\"https:\/\/le-clairon-nouveau.fr\/wordpress\/blog\/author\/curly\/\" rel=\"author\">Curly Mc Toole<\/a><\/span><span class=\"entry-date\"><span class=\"glyphicon glyphicon-calendar\"><\/span> <time datetime=\"2025-12-23T12:30:42+01:00\">23 d\u00e9cembre 2025<\/time><\/span><\/div>\n<div class=\"pt-cv-content\">Lorsque les co\u00fbts s&rsquo;envolent (Image IA) \u00a0 \u00a0Tandis que l\u2019EPR de Flamanville, qui n\u2019est toujours pas en service, a enfin atteint sa pleine puissance de 1689 MW au cours d\u2019essais le 14 d\u00e9cembre dernier, on ... <a href=\"https:\/\/le-clairon-nouveau.fr\/wordpress\/blog\/2025\/12\/23\/plan-de-relance-du-nucleaire-le-devis-des-6-futurs-epr2-a-de-nouveau-augmente\/\" class=\"_self pt-cv-readmore pt-cv-textlink cvplbd\" target=\"_self\">Lire la suite<\/a><\/div><\/div><\/div>\n<div class=\"col-md-3 col-sm-6 col-xs-12 pt-cv-content-item pt-cv-2-col\"  data-pid=\"32701\"><div class='pt-cv-ifield'><h4 class=\"pt-cv-title\"><a href=\"https:\/\/le-clairon-nouveau.fr\/wordpress\/blog\/2025\/12\/23\/a-propos-de-lincendie-de-hong-kong\/\" class=\"_self cvplbd\" target=\"_self\" >A propos de l\u2019incendie de Hong Kong.<\/a><\/h4>\n<div class=\"pt-cv-meta-fields\"><span class=\"author\"><span class=\"glyphicon glyphicon-user\"><\/span> <a href=\"https:\/\/le-clairon-nouveau.fr\/wordpress\/blog\/author\/hubert\/\" rel=\"author\">Hubert Reys<\/a><\/span><span class=\"entry-date\"><span class=\"glyphicon glyphicon-calendar\"><\/span> <time datetime=\"2025-12-23T12:30:00+01:00\">23 d\u00e9cembre 2025<\/time><\/span><\/div>\n<div class=\"pt-cv-content\">Hong Kong vue du pic Victoria (Image par Satish5459 de Pixabay) \u00a0 L&rsquo;incendie monstre qui a ravag\u00e9 pendant plus de 3 jours, fin novembre, un quartier de Hong Kong apporte un \u00e9clairage particulier \u00e0 la ... <a href=\"https:\/\/le-clairon-nouveau.fr\/wordpress\/blog\/2025\/12\/23\/a-propos-de-lincendie-de-hong-kong\/\" class=\"_self pt-cv-readmore pt-cv-textlink cvplbd\" target=\"_self\">Lire la suite<\/a><\/div><\/div><\/div>\n<div class=\"col-md-3 col-sm-6 col-xs-12 pt-cv-content-item pt-cv-2-col\"  data-pid=\"32669\"><div class='pt-cv-ifield'><h4 class=\"pt-cv-title\"><a href=\"https:\/\/le-clairon-nouveau.fr\/wordpress\/blog\/2025\/12\/18\/laurent-fabas-tete-de-liste-nous-sommes-narbonne-rencontre-les-agriculteurs-en-colere\/\" class=\"_self cvplbd\" target=\"_self\" >Laurent Fabas t\u00eate de liste \u00ab Nous sommes Narbonne \u00bb rencontre les agriculteurs en col\u00e8re<\/a><\/h4>\n<div class=\"pt-cv-meta-fields\"><span class=\"author\"><span class=\"glyphicon glyphicon-user\"><\/span> <a href=\"https:\/\/le-clairon-nouveau.fr\/wordpress\/blog\/author\/redact\/\" rel=\"author\">La R\u00e9daction du Clairon de l'Atax<\/a><\/span><span class=\"entry-date\"><span class=\"glyphicon glyphicon-calendar\"><\/span> <time datetime=\"2025-12-18T16:41:31+01:00\">18 d\u00e9cembre 2025<\/time><\/span><\/div>\n<div class=\"pt-cv-content\">Laurent Fabas au contact des manifestants (photo Ouss) \u00a0 \u00a0 Col\u00e8re agricole dans l&rsquo;Aude. \u00a0 \u00a0Le 18 d\u00e9cembre \u00e0 l&rsquo;aube, la fum\u00e9e noire et \u00e9paisse d&rsquo;un tas de pneu indiquait \u00e0 toute la ville que ... <a href=\"https:\/\/le-clairon-nouveau.fr\/wordpress\/blog\/2025\/12\/18\/laurent-fabas-tete-de-liste-nous-sommes-narbonne-rencontre-les-agriculteurs-en-colere\/\" class=\"_self pt-cv-readmore pt-cv-textlink cvplbd\" target=\"_self\">Lire la suite<\/a><\/div><\/div><\/div>\n<div class=\"col-md-3 col-sm-6 col-xs-12 pt-cv-content-item pt-cv-2-col\"  data-pid=\"32636\"><div class='pt-cv-ifield'><h4 class=\"pt-cv-title\"><a href=\"https:\/\/le-clairon-nouveau.fr\/wordpress\/blog\/2025\/11\/23\/omnibus-un-recul-de-la-reglementation-protegeant-la-sante-humaine-et-animale\/\" class=\"_self cvplbd\" target=\"_self\" >\u00ab\u00a0Omnibus\u00a0\u00bb :  un recul de la r\u00e8glementation prot\u00e9geant la sant\u00e9 humaine et animale<\/a><\/h4>\n<div class=\"pt-cv-meta-fields\"><span class=\"author\"><span class=\"glyphicon glyphicon-user\"><\/span> <a href=\"https:\/\/le-clairon-nouveau.fr\/wordpress\/blog\/author\/lbvp\/\" rel=\"author\">Louise B Velpeau<\/a><\/span><span class=\"entry-date\"><span class=\"glyphicon glyphicon-calendar\"><\/span> <time datetime=\"2025-11-23T12:30:41+01:00\">23 novembre 2025<\/time><\/span><\/div>\n<div class=\"pt-cv-content\">Omnibus (Image par Marjan de Pixabay) \u00a0 \u00a0Apr\u00e8s la France qui a r\u00e9duit les capacit\u00e9s d\u2019action de l\u2019ANSES, autorit\u00e9 initialement ind\u00e9pendante charg\u00e9e de contr\u00f4ler la toxicit\u00e9 des produits et d\u2019autoriser leur mise en vente c\u2019est ... <a href=\"https:\/\/le-clairon-nouveau.fr\/wordpress\/blog\/2025\/11\/23\/omnibus-un-recul-de-la-reglementation-protegeant-la-sante-humaine-et-animale\/\" class=\"_self pt-cv-readmore pt-cv-textlink cvplbd\" target=\"_self\">Lire la suite<\/a><\/div><\/div><\/div>\n<div class=\"col-md-3 col-sm-6 col-xs-12 pt-cv-content-item pt-cv-2-col\"  data-pid=\"32589\"><div class='pt-cv-ifield'><h4 class=\"pt-cv-title\"><a href=\"https:\/\/le-clairon-nouveau.fr\/wordpress\/blog\/2025\/11\/15\/narbonne-un-hommage-aux-victimes-des-attentats-du-bataclan\/\" class=\"_self cvplbd\" target=\"_self\" >Narbonne : un hommage aux victimes des attentats du Bataclan<\/a><\/h4>\n<div class=\"pt-cv-meta-fields\"><span class=\"author\"><span class=\"glyphicon glyphicon-user\"><\/span> <a href=\"https:\/\/le-clairon-nouveau.fr\/wordpress\/blog\/author\/redact\/\" rel=\"author\">La R\u00e9daction du Clairon de l'Atax<\/a><\/span><span class=\"entry-date\"><span class=\"glyphicon glyphicon-calendar\"><\/span> <time datetime=\"2025-11-15T07:54:22+01:00\">15 novembre 2025<\/time><\/span><\/div>\n<div class=\"pt-cv-content\">(Photo HR) C&rsquo;\u00e9tait il y a 10 ans le 13 novembre 2025.\u00a0 Ce soir l\u00e0, des attentats terroristes perp\u00e9tr\u00e9s \u00e0 Paris, ont caus\u00e9 la mort de 130 personnes et en ont bless\u00e9 plus de 413 ... <a href=\"https:\/\/le-clairon-nouveau.fr\/wordpress\/blog\/2025\/11\/15\/narbonne-un-hommage-aux-victimes-des-attentats-du-bataclan\/\" class=\"_self pt-cv-readmore pt-cv-textlink cvplbd\" target=\"_self\">Lire la suite<\/a><\/div><\/div><\/div>\n<div class=\"col-md-3 col-sm-6 col-xs-12 pt-cv-content-item pt-cv-2-col\"  data-pid=\"32407\"><div class='pt-cv-ifield'><h4 class=\"pt-cv-title\"><a href=\"https:\/\/le-clairon-nouveau.fr\/wordpress\/blog\/2025\/09\/23\/le-fonctionnement-a-pleine-puissance-de-lepr-de-flamanville-repousse\/\" class=\"_self cvplbd\" target=\"_self\" >Le fonctionnement \u00e0 pleine puissance de l&rsquo;EPR de Flamanville repouss\u00e9&#8230;<\/a><\/h4>\n<div class=\"pt-cv-meta-fields\"><span class=\"author\"><span class=\"glyphicon glyphicon-user\"><\/span> <a href=\"https:\/\/le-clairon-nouveau.fr\/wordpress\/blog\/author\/curly\/\" rel=\"author\">Curly Mc Toole<\/a><\/span><span class=\"entry-date\"><span class=\"glyphicon glyphicon-calendar\"><\/span> <time datetime=\"2025-09-23T12:30:17+02:00\">23 septembre 2025<\/time><\/span><\/div>\n<div class=\"pt-cv-content\">jolie centrale nucl\u00e9aire suisse dArgovie (Image par Ramboldheiner de Pixabay.jpg) \u00a0 \u00a0Lors des essais de mise en service du r\u00e9acteur une anomalie a \u00e9t\u00e9 d\u00e9tect\u00e9e sur l&rsquo;une des soupapes du circuit primaire. Le r\u00e9acteur a ... <a href=\"https:\/\/le-clairon-nouveau.fr\/wordpress\/blog\/2025\/09\/23\/le-fonctionnement-a-pleine-puissance-de-lepr-de-flamanville-repousse\/\" class=\"_self pt-cv-readmore pt-cv-textlink cvplbd\" target=\"_self\">Lire la suite<\/a><\/div><\/div><\/div>\n<div class=\"col-md-3 col-sm-6 col-xs-12 pt-cv-content-item pt-cv-2-col\"  data-pid=\"32355\"><div class='pt-cv-ifield'><h4 class=\"pt-cv-title\"><a href=\"https:\/\/le-clairon-nouveau.fr\/wordpress\/blog\/2025\/09\/11\/narbonne-10-septembre-on-ne-bloque-pas-tout-mais\/\" class=\"_self cvplbd\" target=\"_self\" >Narbonne 10 septembre : on ne bloque pas tout mais\u2026.<\/a><\/h4>\n<div class=\"pt-cv-meta-fields\"><span class=\"author\"><span class=\"glyphicon glyphicon-user\"><\/span> <a href=\"https:\/\/le-clairon-nouveau.fr\/wordpress\/blog\/author\/redact\/\" rel=\"author\">La R\u00e9daction du Clairon de l'Atax<\/a><\/span><span class=\"entry-date\"><span class=\"glyphicon glyphicon-calendar\"><\/span> <time datetime=\"2025-09-11T14:39:04+02:00\">11 septembre 2025<\/time><\/span><\/div>\n<div class=\"pt-cv-content\">\u00a0 \u00a0Un mouvement avait \u00e9merg\u00e9 sur les r\u00e9seaux sociaux avec ce slogan choc : \u00ab bloquons tout \u00bb. Il s\u2019agissait de l\u2019expression, nouvelle dans sa spontan\u00e9it\u00e9, du m\u00e9contentement de l\u2019opinion, r\u00e9v\u00e9l\u00e9e par ailleurs dans de ... <a href=\"https:\/\/le-clairon-nouveau.fr\/wordpress\/blog\/2025\/09\/11\/narbonne-10-septembre-on-ne-bloque-pas-tout-mais\/\" class=\"_self pt-cv-readmore pt-cv-textlink cvplbd\" target=\"_self\">Lire la suite<\/a><\/div><\/div><\/div>\n<div class=\"col-md-3 col-sm-6 col-xs-12 pt-cv-content-item pt-cv-2-col\"  data-pid=\"32269\"><div class='pt-cv-ifield'><h4 class=\"pt-cv-title\"><a href=\"https:\/\/le-clairon-nouveau.fr\/wordpress\/blog\/2025\/07\/23\/les-petites-manoeuvres-daccompagnement-de-la-loi-duplomb\/\" class=\"_self cvplbd\" target=\"_self\" >Les petites man\u0153uvres d\u2019accompagnement de la loi Duplomb<\/a><\/h4>\n<div class=\"pt-cv-meta-fields\"><span class=\"author\"><span class=\"glyphicon glyphicon-user\"><\/span> <a href=\"https:\/\/le-clairon-nouveau.fr\/wordpress\/blog\/author\/redact\/\" rel=\"author\">La R\u00e9daction du Clairon de l'Atax<\/a><\/span><span class=\"entry-date\"><span class=\"glyphicon glyphicon-calendar\"><\/span> <time datetime=\"2025-07-23T12:30:44+02:00\">23 juillet 2025<\/time><\/span><\/div>\n<div class=\"pt-cv-content\">Abeilles empoisonn\u00e9es par un pesticide (image IA HR) \u00a0 \u00a0Le 8 juillet 2025 l\u2019Assembl\u00e9e nationale adoptait la loi Duplomb, destin\u00e9e \u00e0 \u00ab lever les contraintes au m\u00e9tier d\u2019agriculteur \u00bb : 316 d\u00e9put\u00e9s avaient vot\u00e9 pour ... <a href=\"https:\/\/le-clairon-nouveau.fr\/wordpress\/blog\/2025\/07\/23\/les-petites-manoeuvres-daccompagnement-de-la-loi-duplomb\/\" class=\"_self pt-cv-readmore pt-cv-textlink cvplbd\" target=\"_self\">Lire la suite<\/a><\/div><\/div><\/div>\n<div class=\"col-md-3 col-sm-6 col-xs-12 pt-cv-content-item pt-cv-2-col\"  data-pid=\"32228\"><div class='pt-cv-ifield'><h4 class=\"pt-cv-title\"><a href=\"https:\/\/le-clairon-nouveau.fr\/wordpress\/blog\/2025\/07\/07\/assemblee-generale-de-lassociation-rubresus\/\" class=\"_self cvplbd\" target=\"_self\" >Assembl\u00e9e g\u00e9n\u00e9rale de l\u2019association RUBRESUS<\/a><\/h4>\n<div class=\"pt-cv-meta-fields\"><span class=\"author\"><span class=\"glyphicon glyphicon-user\"><\/span> <a href=\"https:\/\/le-clairon-nouveau.fr\/wordpress\/blog\/author\/hubert\/\" rel=\"author\">Hubert Reys<\/a><\/span><span class=\"entry-date\"><span class=\"glyphicon glyphicon-calendar\"><\/span> <time datetime=\"2025-07-07T21:46:45+02:00\">7 juillet 2025<\/time><\/span><\/div>\n<div class=\"pt-cv-content\">\u00a0 \u00a0L\u2019association RUBRESUS a tenu son Assembl\u00e9e g\u00e9n\u00e9rale annuelle le 27 juin dernier. Cette association de protection et de sauvegarde de l\u2019environnement bas\u00e9e dans la Narbonnaise intervient principalement dans l\u2019est du d\u00e9partement de l\u2019Aude.\u00a0 \u00a0 ... <a href=\"https:\/\/le-clairon-nouveau.fr\/wordpress\/blog\/2025\/07\/07\/assemblee-generale-de-lassociation-rubresus\/\" class=\"_self pt-cv-readmore pt-cv-textlink cvplbd\" target=\"_self\">Lire la suite<\/a><\/div><\/div><\/div>\n<div class=\"col-md-3 col-sm-6 col-xs-12 pt-cv-content-item pt-cv-2-col\"  data-pid=\"32183\"><div class='pt-cv-ifield'><h4 class=\"pt-cv-title\"><a href=\"https:\/\/le-clairon-nouveau.fr\/wordpress\/blog\/2025\/06\/23\/la-limitation-du-rechauffement-climatique-planetaire-a-moins-de-15-c-nest-plus-possible\/\" class=\"_self cvplbd\" target=\"_self\" >La limitation du r\u00e9chauffement climatique plan\u00e9taire \u00e0 moins de 1,5 \u00b0C n\u2019est plus possible<\/a><\/h4>\n<div class=\"pt-cv-meta-fields\"><span class=\"author\"><span class=\"glyphicon glyphicon-user\"><\/span> <a href=\"https:\/\/le-clairon-nouveau.fr\/wordpress\/blog\/author\/lbvp\/\" rel=\"author\">Louise B Velpeau<\/a><\/span><span class=\"entry-date\"><span class=\"glyphicon glyphicon-calendar\"><\/span> <time datetime=\"2025-06-23T12:30:17+02:00\">23 juin 2025<\/time><\/span><\/div>\n<div class=\"pt-cv-content\">R\u00e9chauffement climatique (Image par Rosy Bad Hombourg de Pixabay) Dans la foul\u00e9e de la troisi\u00e8me conf\u00e9rence des Nations Unies sur l\u2019oc\u00e9an (UNOC), qui s\u2019est d\u00e9roul\u00e9e \u00e0 Nice jusqu\u2019au 13 juin dernier, l&rsquo;\u00e9quipe internationale de chercheurs ... <a href=\"https:\/\/le-clairon-nouveau.fr\/wordpress\/blog\/2025\/06\/23\/la-limitation-du-rechauffement-climatique-planetaire-a-moins-de-15-c-nest-plus-possible\/\" class=\"_self pt-cv-readmore pt-cv-textlink cvplbd\" target=\"_self\">Lire la suite<\/a><\/div><\/div><\/div>\n<div class=\"col-md-3 col-sm-6 col-xs-12 pt-cv-content-item pt-cv-2-col\"  data-pid=\"31906\"><div class='pt-cv-ifield'><h4 class=\"pt-cv-title\"><a href=\"https:\/\/le-clairon-nouveau.fr\/wordpress\/blog\/2025\/06\/05\/communique-de-la-confederation-paysanne-stop-aux-entraves-de-la-droite-a-lagriculture-paysanne\/\" class=\"_self cvplbd\" target=\"_self\" >Communiqu\u00e9 de la Conf\u00e9d\u00e9ration paysanne : stop aux entraves de la droite \u00e0 l&rsquo;agriculture paysanne<\/a><\/h4>\n<div class=\"pt-cv-meta-fields\"><span class=\"author\"><span class=\"glyphicon glyphicon-user\"><\/span> <a href=\"https:\/\/le-clairon-nouveau.fr\/wordpress\/blog\/author\/redact\/\" rel=\"author\">La R\u00e9daction du Clairon de l'Atax<\/a><\/span><span class=\"entry-date\"><span class=\"glyphicon glyphicon-calendar\"><\/span> <time datetime=\"2025-06-05T12:25:49+02:00\">5 juin 2025<\/time><\/span><\/div>\n<div class=\"pt-cv-content\">Communiqu\u00e9 de presse La coalition LR-Ensemble-RN doit cesser la multiplication des entraves \u00e0 l\u2019agriculture paysanne ! Apr\u00e8s la proposition de loi Duplomb, au tour du dossier de l\u2019A69 de faire les frais d\u2019un parlementarisme d\u2019opportunisme ... <a href=\"https:\/\/le-clairon-nouveau.fr\/wordpress\/blog\/2025\/06\/05\/communique-de-la-confederation-paysanne-stop-aux-entraves-de-la-droite-a-lagriculture-paysanne\/\" class=\"_self pt-cv-readmore pt-cv-textlink cvplbd\" target=\"_self\">Lire la suite<\/a><\/div><\/div><\/div>\n<div class=\"col-md-3 col-sm-6 col-xs-12 pt-cv-content-item pt-cv-2-col\"  data-pid=\"31883\"><div class='pt-cv-ifield'><h4 class=\"pt-cv-title\"><a href=\"https:\/\/le-clairon-nouveau.fr\/wordpress\/blog\/2025\/05\/27\/loi-duplomb-un-communique-de-la-confederation-paysanne-de-laude\/\" class=\"_self cvplbd\" target=\"_self\" >Loi \u00ab\u00a0Duplomb\u00a0\u00bb :un communiqu\u00e9 de la conf\u00e9d\u00e9ration paysanne de l&rsquo;Aude<\/a><\/h4>\n<div class=\"pt-cv-meta-fields\"><span class=\"author\"><span class=\"glyphicon glyphicon-user\"><\/span> <a href=\"https:\/\/le-clairon-nouveau.fr\/wordpress\/blog\/author\/hubert\/\" rel=\"author\">Hubert Reys<\/a><\/span><span class=\"entry-date\"><span class=\"glyphicon glyphicon-calendar\"><\/span> <time datetime=\"2025-05-27T22:12:45+02:00\">27 mai 2025<\/time><\/span><\/div>\n<div class=\"pt-cv-content\">Communiqu\u00e9 de presse PPL Duplomb\u00a0: la Conf\u00e9d\u00e9ration paysanne contre un projet mortif\u00e8re pour l\u2019agriculture Hier \u00e0 l&rsquo;Assembl\u00e9e nationale, nous avons assist\u00e9 \u00e0 un triste spectacle, une man\u0153uvre politique pour emp\u00eacher l\u2019examen de la proposition de ... <a href=\"https:\/\/le-clairon-nouveau.fr\/wordpress\/blog\/2025\/05\/27\/loi-duplomb-un-communique-de-la-confederation-paysanne-de-laude\/\" class=\"_self pt-cv-readmore pt-cv-textlink cvplbd\" target=\"_self\">Lire la suite<\/a><\/div><\/div><\/div>\n<div class=\"col-md-3 col-sm-6 col-xs-12 pt-cv-content-item pt-cv-2-col\"  data-pid=\"31830\"><div class='pt-cv-ifield'><h4 class=\"pt-cv-title\"><a href=\"https:\/\/le-clairon-nouveau.fr\/wordpress\/blog\/2025\/05\/23\/les-energies-renouvelables-impactees-par-le-changement-climatique\/\" class=\"_self cvplbd\" target=\"_self\" >Les \u00e9nergies renouvelables impact\u00e9es par le changement climatique<\/a><\/h4>\n<div class=\"pt-cv-meta-fields\"><span class=\"author\"><span class=\"glyphicon glyphicon-user\"><\/span> <a href=\"https:\/\/le-clairon-nouveau.fr\/wordpress\/blog\/author\/lbvp\/\" rel=\"author\">Louise B Velpeau<\/a><\/span><span class=\"entry-date\"><span class=\"glyphicon glyphicon-calendar\"><\/span> <time datetime=\"2025-05-23T12:30:43+02:00\">23 mai 2025<\/time><\/span><\/div>\n<div class=\"pt-cv-content\">Parc \u00e9olien ndans le d\u00e9sert californien (&lsquo;image Pixabay) Selon un rapport de Copernicus, le programme europ\u00e9en d\u2019observation de la plan\u00e8te terre, publi\u00e9 le 15 avril dernier, le changement climatique impacte les capacit\u00e9s de production des ... <a href=\"https:\/\/le-clairon-nouveau.fr\/wordpress\/blog\/2025\/05\/23\/les-energies-renouvelables-impactees-par-le-changement-climatique\/\" class=\"_self pt-cv-readmore pt-cv-textlink cvplbd\" target=\"_self\">Lire la suite<\/a><\/div><\/div><\/div>\n<div class=\"col-md-3 col-sm-6 col-xs-12 pt-cv-content-item pt-cv-2-col\"  data-pid=\"31803\"><div class='pt-cv-ifield'><h4 class=\"pt-cv-title\"><a href=\"https:\/\/le-clairon-nouveau.fr\/wordpress\/blog\/2025\/05\/21\/des-couleurs-de-lhumour-de-la-convivialite-pour-la-premiere-fois-a-narbonne-une-marche-des-fiertes\/\" class=\"_self cvplbd\" target=\"_self\" >Des couleurs, de l\u2019humour, de la convivialit\u00e9 :  pour la premi\u00e8re fois \u00e0 Narbonne, une marche des fiert\u00e9s<\/a><\/h4>\n<div class=\"pt-cv-meta-fields\"><span class=\"author\"><span class=\"glyphicon glyphicon-user\"><\/span> <a href=\"https:\/\/le-clairon-nouveau.fr\/wordpress\/blog\/author\/hubert\/\" rel=\"author\">Hubert Reys<\/a><\/span><span class=\"entry-date\"><span class=\"glyphicon glyphicon-calendar\"><\/span> <time datetime=\"2025-05-21T14:42:25+02:00\">21 mai 2025<\/time><\/span><\/div>\n<div class=\"pt-cv-content\">Photo HR \u00a0 Ils \u00e9taient entre 350 et 400 de tous \u00e2ges \u00e0 marcher dans l\u2019all\u00e9gresse ce samedi 17 mai. Il faisait beau, les touristes et les fl\u00e2neurs en goguette, d\u2019abord \u00e9berlu\u00e9s par ce cort\u00e8ge ... <a href=\"https:\/\/le-clairon-nouveau.fr\/wordpress\/blog\/2025\/05\/21\/des-couleurs-de-lhumour-de-la-convivialite-pour-la-premiere-fois-a-narbonne-une-marche-des-fiertes\/\" class=\"_self pt-cv-readmore pt-cv-textlink cvplbd\" target=\"_self\">Lire la suite<\/a><\/div><\/div><\/div><\/div><\/div>\n<div class=\"text-left pt-cv-pagination-wrapper\"><ul class=\"pt-cv-pagination pt-cv-ajax pagination\" data-totalpages=\"11\" data-currentpage=\"1\" data-sid=\"902cc2fxlq\" data-unid=\"\" data-isblock=\"\" data-postid=\"\"><li class=\"active\"><a href=\"#\">1<\/a><\/li>\n\t<li ><a class=\"\" href=\"https:\/\/le-clairon-nouveau.fr\/wordpress\/wp-json\/wp\/v2\/pages\/19034\/?_page=2\">2<\/a><\/li>\n\t<li ><a class=\"\" href=\"https:\/\/le-clairon-nouveau.fr\/wordpress\/wp-json\/wp\/v2\/pages\/19034\/?_page=3\">3<\/a><\/li>\n\t<li ><a href=\"#\">\u2026<\/a><\/li>\n\t<li ><a class=\"\" href=\"https:\/\/le-clairon-nouveau.fr\/wordpress\/wp-json\/wp\/v2\/pages\/19034\/?_page=11\">11<\/a><\/li>\n\t<li ><a class=\" \" href=\"https:\/\/le-clairon-nouveau.fr\/wordpress\/wp-json\/wp\/v2\/pages\/19034\/?_page=2\">&rsaquo;<\/a><\/li>\n\t<\/ul><img loading=\"lazy\" decoding=\"async\" width=\"15\" height=\"15\" class=\"pt-cv-spinner\" alt=\"Chargement\u2026\" src=\"data:image\/gif;base64,R0lGODlhDwAPALMPAMrKygwMDJOTkz09PZWVla+vr3p6euTk5M7OzuXl5TMzMwAAAJmZmWZmZszMzP\/\/\/yH\/C05FVFNDQVBFMi4wAwEAAAAh+QQFCgAPACwAAAAADwAPAAAEQvDJaZaZOIcV8iQK8VRX4iTYoAwZ4iCYoAjZ4RxejhVNoT+mRGP4cyF4Pp0N98sBGIBMEMOotl6YZ3S61Bmbkm4mAgAh+QQFCgAPACwAAAAADQANAAAENPDJSRSZeA418itN8QiK8BiLITVsFiyBBIoYqnoewAD4xPw9iY4XLGYSjkQR4UAUD45DLwIAIfkEBQoADwAsAAAAAA8ACQAABC\/wyVlamTi3nSdgwFNdhEJgTJoNyoB9ISYoQmdjiZPcj7EYCAeCF1gEDo4Dz2eIAAAh+QQFCgAPACwCAAAADQANAAAEM\/DJBxiYeLKdX3IJZT1FU0iIg2RNKx3OkZVnZ98ToRD4MyiDnkAh6BkNC0MvsAj0kMpHBAAh+QQFCgAPACwGAAAACQAPAAAEMDC59KpFDll73HkAA2wVY5KgiK5b0RRoI6MuzG6EQqCDMlSGheEhUAgqgUUAFRySIgAh+QQFCgAPACwCAAIADQANAAAEM\/DJKZNLND\/kkKaHc3xk+QAMYDKsiaqmZCxGVjSFFCxB1vwy2oOgIDxuucxAMTAJFAJNBAAh+QQFCgAPACwAAAYADwAJAAAEMNAs86q1yaWwwv2Ig0jUZx3OYa4XoRAfwADXoAwfo1+CIjyFRuEho60aSNYlOPxEAAAh+QQFCgAPACwAAAIADQANAAAENPA9s4y8+IUVcqaWJ4qEQozSoAzoIyhCK2NFU2SJk0hNnyEOhKR2AzAAj4Pj4GE4W0bkJQIAOw==\" \/><div class=\"clear pt-cv-clear-pagination\"><\/div><\/div><\/div>\t\t\t<style type=\"text\/css\" id=\"pt-cv-inline-style-950d8d2itf\">#pt-cv-view-902cc2fxlq  .pt-cv-ifield   { background-color: #fff8ed !important; }\n#pt-cv-view-902cc2fxlq.pt-cv-post-border { margin: 0; border-top-width: 1px; border-left-width: 1px }\n#pt-cv-view-902cc2fxlq.pt-cv-post-border { margin: 0; border-top-style: solid; border-left-style: solid }\n#pt-cv-view-902cc2fxlq.pt-cv-post-border .pt-cv-content-item   { border-right-width: 1px; border-bottom-width: 1px; border-right-style: solid; border-bottom-style: solid; }\n#pt-cv-view-902cc2fxlq .pt-cv-title a, #pt-cv-view-902cc2fxlq  .panel-title { font-family: 'Oswald', Arial, serif !important; color: #a52e26 !important; font-weight: 600 !important; display: block !important; text-align: center !important; clear: both !important; }\n#pt-cv-view-902cc2fxlq  .pt-cv-title a:hover, #pt-cv-view-902cc2fxlq  .panel-title:hover   { color: rgba(165,46,38,0.5) !important; }\n#pt-cv-view-902cc2fxlq .pt-cv-content , #pt-cv-view-902cc2fxlq  .pt-cv-content *:not(.pt-cv-readmore):not(style):not(script) { font-size: 12px !important; line-height: 1.3 !important; color: #a52e26 !important; }\n#pt-cv-view-902cc2fxlq .pt-cv-meta-fields * { color: #a52e26 !important; }\n#pt-cv-view-902cc2fxlq .pt-cv-readmore  { color: #ff0000 !important; font-weight: 600 !important; }\n#pt-cv-view-902cc2fxlq .pt-cv-readmore:hover  { color: rgba(255,0,0,0.43) !important; }\n#pt-cv-view-902cc2fxlq  + .pt-cv-pagination-wrapper .pt-cv-more-inactive , #pt-cv-view-902cc2fxlq  + .pt-cv-pagination-wrapper .pagination a { color: rgba(165,46,38,0.5) !important; }\n#pt-cv-view-902cc2fxlq  + .pt-cv-pagination-wrapper .pt-cv-more , #pt-cv-view-902cc2fxlq  + .pt-cv-pagination-wrapper .pagination .active a { color: #a52e26 !important; background-color: #fff8ed !important; }\n#pt-cv-gls-902cc2fxlq li a   { font-weight: 600 !important; }\n#pt-cv-gls-902cc2fxlq li a.pt-active   { color: #fff !important; background-color: #ff5a5f !important; }<\/style>\r\n\t\t\t<link href='\/\/fonts.googleapis.com\/css?family=Oswald' rel='stylesheet' type='text\/css'><\/div>\n<div id=\"pg-19034-0\" class=\"panel-grid panel-no-style\" data-style=\"{&quot;background_display&quot;:&quot;tile&quot;,&quot;cell_alignment&quot;:&quot;flex-start&quot;,&quot;iw-visible-screen&quot;:&quot;iw-all&quot;,&quot;iw-visible-layout&quot;:&quot;iw-all&quot;}\" data-ratio=\"0.5\" data-ratio-direction=\"left\">\n<div id=\"pgc-19034-0-1\" class=\"panel-grid-cell panel-grid-cell-empty\" data-weight=\"0.59911406423034\">&nbsp;<\/div>\n<\/div>\n<div id=\"pg-19034-1\" class=\"panel-grid panel-no-style\" data-style=\"{&quot;background_display&quot;:&quot;tile&quot;,&quot;cell_alignment&quot;:&quot;flex-start&quot;,&quot;iw-visible-screen&quot;:&quot;iw-all&quot;,&quot;iw-visible-layout&quot;:&quot;iw-all&quot;}\" data-ratio=\"1\" data-ratio-direction=\"right\">\n<div id=\"pgc-19034-1-0\" class=\"panel-grid-cell panel-grid-cell-empty\" data-weight=\"1\">&nbsp;<\/div>\n<\/div>\n<\/div>\n<script type=\"text\/javascript\"> var tt_store_content = \"\\<p style\\='text\\-align\\: center;'\\>\\<span style\\='font\\-size\\: 14pt;'\\>\\<strong\\>I\\<\\\/strong\\>mp\u00f4t sur la \\<strong\\>F\\<\\\/strong\\>ortune \\<strong\\>I\\<\\\/strong\\>mmobili\u00e8re\\<\\\/span\\>\\<\\\/p\\>\"; toolTips('.classtoolTips148',tt_store_content,'5643'); <\/script><script type=\"text\/javascript\"> var tt_store_content = \"\\<p style\\='text\\-align\\: center;'\\>\\<span style\\='font\\-size\\: 14pt;'\\>\\<strong\\>G\\<\\\/strong\\>roupement \\<strong\\>H\\<\\\/strong\\>ospitalier de \\<strong\\>T\\<\\\/strong\\>erritoire\\<\\\/span\\>\\<\\\/p\\><br\/>\\<p style\\='text\\-align\\: justify;'\\>Les groupements hospitaliers de territoires, dispositif pr\u00e9vu par la loi de sant\u00e9 2016, sont un nouveau mode de coop\u00e9ration entre les \u00e9tablissements publics de sant\u00e9 \u00e0 l\u2019\u00e9chelle d\u2019un territoire\\<\\\/p\\>\"; toolTips('.classtoolTips189',tt_store_content,'18358'); <\/script><script type=\"text\/javascript\"> var tt_store_content = \"\\<p style\\='text\\-align\\: center;'\\>\\<span style\\='font\\-size\\: 14pt;'\\>\\<strong\\>C\\<\\\/strong\\>entre \\<strong\\>H\\<\\\/strong\\>ospitalier\\<\\\/span\\>\\<\\\/p\\>\"; toolTips('.classtoolTips220',tt_store_content,'18357'); <\/script><script type=\"text\/javascript\"> var tt_store_content = \"\\<p style\\='text\\-align\\: center;'\\>\\<span style\\='font\\-size\\: 14pt;'\\>\\<strong\\><span class='tooltipsall tooltip_post_id_21736 classtoolTips222'>nm<\/span> \\= n\\<\\\/strong\\>ano\\<strong\\>m\\<\\\/strong\\>\u00e8tre \\<\\\/span\\>\\<\\\/p\\><br\/>\\<p style\\='text\\-align\\: justify;'\\>\\<em\\>le <span class='tooltipsall tooltip_post_id_21736 classtoolTips222'>nanom\u00e8tre<\/span>, de symbole nm, est une unit\u00e9 de longueur du Syst\u00e8me international\\. C'est un sous\\-multiple du m\u00e8tre, il vaut un milliardi\u00e8me de m\u00e8tre, soit un millioni\u00e8me de millim\u00e8tre\\.\\<\\\/em\\>\\<\\\/p\\><br\/>\\<p style\\='text\\-align\\: center;'\\>\\<strong\\>\\<em\\> 1 nm \\= 10\u207b\u00b3 \u00b5m \\= 10\\<sup\\>\u20136\\<\\\/sup\\> mm \\= 10\\<sup\\>\u20139\\<\\\/sup\\> m\\.\\<\\\/em\\>\\<\\\/strong\\>\\<\\\/p\\>\"; toolTips('.classtoolTips222',tt_store_content,'21736'); <\/script>","protected":false},"excerpt":{"rendered":"<p>Depuis le 23 mai 2019, la pr\u00e9sentation est modifi\u00e9e. Tous les articles sont d\u00e9sormais affich\u00e9s dans la liste ci-dessous, dans l\u2019ordre chronologique d\u00e9croissant. Vous pouvez, pour l\u2019instant, s\u00e9lectionner ceux d\u2019une \u00e9dition en particulier. Ult\u00e9rieurement, d\u2019autres filtres vous seront propos\u00e9s. &nbsp; &nbsp;<script type=\"text\/javascript\"> var tt_store_content = \"\\<\/p>\n<p style\\='text\\-align\\: center;'\\>\\<span style\\='font\\-size\\: 14pt;'\\>\\<strong\\>I\\<\\\/strong\\>mp\u00f4t sur la \\<strong\\>F\\<\\\/strong\\>ortune \\<strong\\>I\\<\\\/strong\\>mmobili\u00e8re\\<\\\/span\\>\\<\\\/p\\>\"; toolTips('.classtoolTips148',tt_store_content,'5643'); <\/script><script type=\"text\/javascript\"> var tt_store_content = \"\\<\/p>\n<p style\\='text\\-align\\: center;'\\>\\<span style\\='font\\-size\\: 14pt;'\\>\\<strong\\>G\\<\\\/strong\\>roupement \\<strong\\>H\\<\\\/strong\\>ospitalier de \\<strong\\>T\\<\\\/strong\\>erritoire\\<\\\/span\\>\\<\\\/p\\><br \/>\\<\/p>\n<p style\\='text\\-align\\: justify;'\\>Les groupements hospitaliers de territoires, dispositif pr\u00e9vu par la loi de sant\u00e9 2016, sont un nouveau mode de coop\u00e9ration entre les \u00e9tablissements publics de sant\u00e9 \u00e0 l\u2019\u00e9chelle d\u2019un territoire\\<\\\/p\\>\"; toolTips('.classtoolTips189',tt_store_content,'18358'); <\/script><script type=\"text\/javascript\"> var tt_store_content = \"\\<\/p>\n<p style\\='text\\-align\\: center;'\\>\\<span style\\='font\\-size\\: 14pt;'\\>\\<strong\\>C\\<\\\/strong\\>entre \\<strong\\>H\\<\\\/strong\\>ospitalier\\<\\\/span\\>\\<\\\/p\\>\"; toolTips('.classtoolTips220',tt_store_content,'18357'); <\/script><script type=\"text\/javascript\"> var tt_store_content = \"\\<\/p>\n<p style\\='text\\-align\\: center;'\\>\\<span style\\='font\\-size\\: 14pt;'\\>\\<strong\\><span class='tooltipsall tooltip_post_id_21736 classtoolTips222'>nm<\/span> \\= n\\<\\\/strong\\>ano\\<strong\\>m\\<\\\/strong\\>\u00e8tre \\<\\\/span\\>\\<\\\/p\\><br \/>\\<\/p>\n<p style\\='text\\-align\\: justify;'\\>\\<em\\>le <span class='tooltipsall tooltip_post_id_21736 classtoolTips222'>nanom\u00e8tre<\/span>, de symbole nm, est une unit\u00e9 de longueur du Syst\u00e8me international\\. C'est un sous\\-multiple du m\u00e8tre, il vaut un milliardi\u00e8me de m\u00e8tre, soit un millioni\u00e8me de millim\u00e8tre\\.\\<\\\/em\\>\\<\\\/p\\><br \/>\\<\/p>\n<p style\\='text\\-align\\: center;'\\>\\<strong\\>\\<em\\> 1 nm \\= 10\u207b\u00b3 \u00b5m \\= 10\\<sup\\>\u20136\\<\\\/sup\\> mm \\= 10\\<sup\\>\u20139\\<\\\/sup\\> m\\.\\<\\\/em\\>\\<\\\/strong\\>\\<\\\/p\\>\"; toolTips('.classtoolTips222',tt_store_content,'21736'); <\/script><\/p>\n","protected":false},"author":1,"featured_media":0,"parent":8298,"menu_order":0,"comment_status":"closed","ping_status":"closed","template":"","meta":{"_acf_changed":false,"ngg_post_thumbnail":0,"footnotes":""},"coauthors":[8],"class_list":["post-19034","page","type-page","status-publish","hentry","no-thumb"],"acf":[],"jetpack_sharing_enabled":true,"jetpack_shortlink":"https:\/\/wp.me\/P9B5TM-4X0","_links":{"self":[{"href":"https:\/\/le-clairon-nouveau.fr\/wordpress\/wp-json\/wp\/v2\/pages\/19034","targetHints":{"allow":["GET"]}}],"collection":[{"href":"https:\/\/le-clairon-nouveau.fr\/wordpress\/wp-json\/wp\/v2\/pages"}],"about":[{"href":"https:\/\/le-clairon-nouveau.fr\/wordpress\/wp-json\/wp\/v2\/types\/page"}],"author":[{"embeddable":true,"href":"https:\/\/le-clairon-nouveau.fr\/wordpress\/wp-json\/wp\/v2\/users\/1"}],"replies":[{"embeddable":true,"href":"https:\/\/le-clairon-nouveau.fr\/wordpress\/wp-json\/wp\/v2\/comments?post=19034"}],"version-history":[{"count":0,"href":"https:\/\/le-clairon-nouveau.fr\/wordpress\/wp-json\/wp\/v2\/pages\/19034\/revisions"}],"up":[{"embeddable":true,"href":"https:\/\/le-clairon-nouveau.fr\/wordpress\/wp-json\/wp\/v2\/pages\/8298"}],"wp:attachment":[{"href":"https:\/\/le-clairon-nouveau.fr\/wordpress\/wp-json\/wp\/v2\/media?parent=19034"}],"wp:term":[{"taxonomy":"author","embeddable":true,"href":"https:\/\/le-clairon-nouveau.fr\/wordpress\/wp-json\/wp\/v2\/coauthors?post=19034"}],"curies":[{"name":"wp","href":"https:\/\/api.w.org\/{rel}","templated":true}]}}