{"id":19041,"date":"2019-05-23T12:42:31","date_gmt":"2019-05-23T10:42:31","guid":{"rendered":"https:\/\/le-clairon-nouveau.fr\/wordpress\/?page_id=19041"},"modified":"2020-07-23T18:01:47","modified_gmt":"2020-07-23T16:01:47","slug":"la-chronique-d-oncle-jef-v02r00","status":"publish","type":"page","link":"https:\/\/le-clairon-nouveau.fr\/wordpress\/pages-visibles\/actualites\/la-chronique-d-oncle-jef-v02r00\/","title":{"rendered":"La chronique d&rsquo;Oncle Jef"},"content":{"rendered":"<div id=\"pl-19034\" class=\"panel-layout\">\n<div id=\"pg-19034-0\" class=\"panel-grid panel-no-style\" data-style=\"{&quot;background_display&quot;:&quot;tile&quot;,&quot;cell_alignment&quot;:&quot;flex-start&quot;,&quot;iw-visible-screen&quot;:&quot;iw-all&quot;,&quot;iw-visible-layout&quot;:&quot;iw-all&quot;}\" data-ratio=\"0.5\" data-ratio-direction=\"left\">\n<div id=\"pgc-19034-0-0\" class=\"panel-grid-cell panel-grid-cell-mobile-last\" data-weight=\"0.40088593576966\">\n<div id=\"panel-19034-0-0-0\" class=\"so-panel widget widget_sow-image panel-first-child panel-last-child\" data-index=\"0\" data-style=\"{&quot;background_image_attachment&quot;:false,&quot;background_display&quot;:&quot;tile&quot;,&quot;iw-visible-screen&quot;:&quot;iw-all&quot;,&quot;iw-visible-layout&quot;:&quot;iw-all&quot;}\">\n<p style=\"text-align: justify;\"><span style=\"font-size: 10pt; color: #800000;\"><em>Depuis le 23 mai 2019, la pr\u00e9sentation est modifi\u00e9e. Tous les articles sont d\u00e9sormais affich\u00e9s dans la liste ci-dessous, dans l\u2019ordre chronologique d\u00e9croissant. Vous pouvez, pour l\u2019instant, s\u00e9lectionner ceux d\u2019une \u00e9dition en particulier. Ult\u00e9rieurement, d\u2019autres filtres vous seront propos\u00e9s.<\/em><\/span><\/p>\n<\/div>\n<\/div>\n<\/div>\n<div class=\"pt-cv-wrapper\"><div class=\"cvp-live-filter cvp-dropdown \" id=\"\" data-name=\"tx_edition\" data-sid=\"a7a48d02fw\"><label class=\"cvp-label\">Choisir le n\u00b0 de Parution<\/label><select name=\"tx_edition\"><option value=\"\">Toutes les parutions<\/option><option value=\"edi_00072\" >Edition n\u00b0 72 Janvier-F\u00e9vrier 2021<span class=\"cvp-count\"> (1)<\/span><\/option><option value=\"edi_00071\" >Edition n\u00b0 71 D\u00e9cembre 2020 &#8211; Janvier 2021<span class=\"cvp-count\"> (1)<\/span><\/option><option value=\"edi_00070\" >Edition n\u00b0 70 Novembre-D\u00e9cembre 2020<span class=\"cvp-count\"> (1)<\/span><\/option><option value=\"edi_00069\" >Edition n\u00b0 69 Octobre-Novembre 2020<span class=\"cvp-count\"> (1)<\/span><\/option><option value=\"edi_00068\" >Edition n\u00b0 68 Septembre-Octobre 2020<span class=\"cvp-count\"> (1)<\/span><\/option><option value=\"edi_00067\" >Edition n\u00b0 67 Juillet-Septembre 2020<span class=\"cvp-count\"> (1)<\/span><\/option><option value=\"edi_00066\" >Edition n\u00b0 66 Juin-Juillet 2020<span class=\"cvp-count\"> (1)<\/span><\/option><option value=\"edi_00065\" >Edition n\u00b0 65 Mai-Juin 2020<span class=\"cvp-count\"> (1)<\/span><\/option><option value=\"edi_00064\" >Edition n\u00b0 64 Avril-Mai 2020<span class=\"cvp-count\"> (1)<\/span><\/option><option value=\"edi_00063\" >Edition n\u00b0 63 Mars-Avril 2020<span class=\"cvp-count\"> (1)<\/span><\/option><option value=\"edi_00062\" >Edition n\u00b0 62 F\u00e9vrier-Mars 2020<span class=\"cvp-count\"> (1)<\/span><\/option><option value=\"edi_00061\" >Edition n\u00b0 61 Janvier-F\u00e9vrier 2020<span class=\"cvp-count\"> (1)<\/span><\/option><option value=\"edi_00060\" >Edition n\u00b0 60 D\u00e9cembre 2019 &#8211; Janvier 2020<span class=\"cvp-count\"> (1)<\/span><\/option><option value=\"edi_00059\" >Edition n\u00b0 59 &#8211; Novembre-D\u00e9cembre 2019<span class=\"cvp-count\"> (1)<\/span><\/option><option value=\"edi_00058\" >Edition n\u00b0 58 &#8211; Octobre-Novembre 2019<span class=\"cvp-count\"> (1)<\/span><\/option><\/select><\/div><div class=\"pt-cv-view pt-cv-grid pt-cv-colsys pt-cv-pgregular\" id=\"pt-cv-view-a7a48d02fw\"><div data-id=\"pt-cv-page-1\" class=\"pt-cv-page\" data-cvc=\"1\"><div class=\"col-md-12 col-sm-12 col-xs-12 pt-cv-content-item pt-cv-2-col\"  data-pid=\"23665\"><div class='pt-cv-ifield'><h4 class=\"pt-cv-title\"><a href=\"https:\/\/le-clairon-nouveau.fr\/wordpress\/blog\/2021\/01\/23\/a-partir-de-la-fable-des-abeilles\/\" class=\"_self cvplbd\" target=\"_self\" >\u00c0 partir de la Fable des Abeilles\u2026<\/a><\/h4>\n<div class=\"pt-cv-meta-fields\"><span class=\"author\"><span class=\"glyphicon glyphicon-user\"><\/span> <a href=\"https:\/\/le-clairon-nouveau.fr\/wordpress\/blog\/author\/onclejef\/\" rel=\"author\">Oncle Jef<\/a><\/span><span class=\"entry-date\"><span class=\"glyphicon glyphicon-calendar\"><\/span> <time datetime=\"2021-01-23T12:30:14+01:00\">23 janvier 2021<\/time><\/span><\/div>\n<div class=\"pt-cv-content\">Ruches Image par Susanne Jutzeler, suju-foto de Pixabay \u00a0\u00a0\u00a0\u00a0\u00a0\u00a0\u00a0\u00a0\u00a0\u00a0\u00a0 Publi\u00e9e en1714, par Bernard De MANDEVILLE, traducteur anglais de La FONTAINE, qui est consid\u00e9r\u00e9 comme un \u00e9conomiste et un philosophe s\u00e9rieux, cette fable est devenue c\u00e9l\u00e8bre pour son attaque suppos\u00e9e des vertus chr\u00e9tiennes. Elle soutient qu\u2019une soci\u00e9t\u00e9 ne peut avoir en m\u00eame temps morale et prosp\u00e9rit\u00e9 et que le vice, entendu en tant que recherche de son propre int\u00e9r\u00eat, est la condition de la prosp\u00e9rit\u00e9. Pour MANDEVILLE, le vice conduit \u00e0 la recherche de richesse, de puissance et produit involontairement de la vertu parce qu&rsquo;en lib\u00e9rant les app\u00e9tits, il apporte une opulence suppos\u00e9e ruisseler (th\u00e9orie du ruissellement reprise par nos n\u00e9olib\u00e9raux au pouvoir), du haut en bas de la soci\u00e9t\u00e9. Il ... <a href=\"https:\/\/le-clairon-nouveau.fr\/wordpress\/blog\/2021\/01\/23\/a-partir-de-la-fable-des-abeilles\/\" class=\"_self pt-cv-readmore pt-cv-textlink cvplbd\" target=\"_self\">Lire la suite<\/a><\/div><\/div><\/div>\n<div class=\"col-md-12 col-sm-12 col-xs-12 pt-cv-content-item pt-cv-2-col\"  data-pid=\"23520\"><div class='pt-cv-ifield'><h4 class=\"pt-cv-title\"><a href=\"https:\/\/le-clairon-nouveau.fr\/wordpress\/blog\/2020\/12\/23\/vers-une-dictature-sanitaire\/\" class=\"_self cvplbd\" target=\"_self\" >Vers une dictature sanitaire ?<\/a><\/h4>\n<div class=\"pt-cv-meta-fields\"><span class=\"author\"><span class=\"glyphicon glyphicon-user\"><\/span> <a href=\"https:\/\/le-clairon-nouveau.fr\/wordpress\/blog\/author\/onclejef\/\" rel=\"author\">Oncle Jef<\/a><\/span><span class=\"entry-date\"><span class=\"glyphicon glyphicon-calendar\"><\/span> <time datetime=\"2020-12-23T12:30:35+01:00\">23 d\u00e9cembre 2020<\/time><\/span><\/div>\n<div class=\"pt-cv-content\">Image par Ria Sopala de Pixabay \u00a0\u00a0\u00a0\u00a0\u00a0\u00a0\u00a0\u00a0\u00a0\u00a0\u00a0 Suite \u00e0 ma chronique d\u2019octobre dernier, intitul\u00e9e\u00a0: \u00ab\u00a0l\u2019inqui\u00e9tante manipulation du coronavirus\u00a0\u00bb, je voudrais prolonger ici ma r\u00e9flexion. Nous avions d\u2019abord constat\u00e9 l\u2019impr\u00e9paration de notre syst\u00e8me de protection sanitaire et m\u00e9dicale, depuis des ann\u00e9es, du fait d\u2019une politique n\u00e9olib\u00e9rale destructrice,\u00a0men\u00e9e par les gouvernements qui se sont succ\u00e9d\u00e9s au fil des ans : Arr\u00eat des recherches fondamentales au CNRS dans les ann\u00e9es 2000, sur les coronavirus. Destruction de l\u2019\u00c9PRUS (\u00c9tablissement Pour l\u2019Urgence Sanitaire en charge des \u00e9quipements et des proc\u00e9dures) sous le mandat Hollande. (1) Destruction de l\u2019h\u00f4pital public\u00a0: suppression de personnels et de lits (96 000 lits supprim\u00e9s en 15 ans) Passons rapidement sur les \u00e9pisodes \u00ab\u00a0folkloriques\u00a0\u00bb du premier quadrimestre 2020\u00a0: Les d\u00e9clarations \u00ab\u00a0rocambolesques\u00a0\u00bb ... <a href=\"https:\/\/le-clairon-nouveau.fr\/wordpress\/blog\/2020\/12\/23\/vers-une-dictature-sanitaire\/\" class=\"_self pt-cv-readmore pt-cv-textlink cvplbd\" target=\"_self\">Lire la suite<\/a><\/div><\/div><\/div>\n<div class=\"col-md-12 col-sm-12 col-xs-12 pt-cv-content-item pt-cv-2-col\"  data-pid=\"23282\"><div class='pt-cv-ifield'><h4 class=\"pt-cv-title\"><a href=\"https:\/\/le-clairon-nouveau.fr\/wordpress\/blog\/2020\/11\/23\/approche-anthropologique-de-la-crise-sanitaire\/\" class=\"_self cvplbd\" target=\"_self\" >Approche anthropologique de la crise sanitaire<\/a><\/h4>\n<div class=\"pt-cv-meta-fields\"><span class=\"author\"><span class=\"glyphicon glyphicon-user\"><\/span> <a href=\"https:\/\/le-clairon-nouveau.fr\/wordpress\/blog\/author\/onclejef\/\" rel=\"author\">Oncle Jef<\/a><\/span><span class=\"entry-date\"><span class=\"glyphicon glyphicon-calendar\"><\/span> <time datetime=\"2020-11-23T12:30:09+01:00\">23 novembre 2020<\/time><\/span><\/div>\n<div class=\"pt-cv-content\">\u00a0\u00a0\u00a0\u00a0\u00a0\u00a0\u00a0\u00a0\u00a0\u00a0\u00a0 L\u2019anthropologie du grec antr\u00f4pos\u00a0: homme, et logos\u00a0: science, parole, discours, est l\u2019\u00e9tude de la dimension sociale de l\u2019homme, avec de nombreuses et diverses sous-disciplines\u00a0: sociales, culturelles, \u00e9conomiques, politiques, religieuses, physiques ou biologiques voire mol\u00e9culaires, ou encore la pal\u00e9oanthropologie\u2026 C\u2019est un domaine vaste et int\u00e9ressant\u00a0! Citons Claude L\u00c9VI-STRAUSS, anthropologue\u00a0: \u00ab\u00a0l\u2019homme est un corps, un esprit, un \u00eatre relationnel avec les autres et l\u2019univers\u00a0\u00bb. L\u2019anthropologie incite \u00e0 \u00ab\u00a0penser et comprendre\u00a0\u00bb l\u2019unit\u00e9 de l\u2019homme \u00e0 travers la diversit\u00e9 des cultures, il est question de la fa\u00e7on dont nous nous comportons, nous construisons notre soci\u00e9t\u00e9\u2026 et bien s\u00fbr dont nous mourrons. D\u2019o\u00f9 ma question\u00a0: comment la crise sanitaire actuelle a-t-elle g\u00e9n\u00e9r\u00e9 une telle \u00e9pid\u00e9mie de peur\u00a0? Au fond, elle nous a rappel\u00e9 la ... <a href=\"https:\/\/le-clairon-nouveau.fr\/wordpress\/blog\/2020\/11\/23\/approche-anthropologique-de-la-crise-sanitaire\/\" class=\"_self pt-cv-readmore pt-cv-textlink cvplbd\" target=\"_self\">Lire la suite<\/a><\/div><\/div><\/div>\n<div class=\"col-md-12 col-sm-12 col-xs-12 pt-cv-content-item pt-cv-2-col\"  data-pid=\"22522\"><div class='pt-cv-ifield'><h4 class=\"pt-cv-title\"><a href=\"https:\/\/le-clairon-nouveau.fr\/wordpress\/blog\/2020\/10\/23\/linquietante-manipulation-sur-le-coronavirus\/\" class=\"_self cvplbd\" target=\"_self\" >L\u2019inqui\u00e9tante manipulation sur le coronavirus !<\/a><\/h4>\n<div class=\"pt-cv-meta-fields\"><span class=\"author\"><span class=\"glyphicon glyphicon-user\"><\/span> <a href=\"https:\/\/le-clairon-nouveau.fr\/wordpress\/blog\/author\/onclejef\/\" rel=\"author\">Oncle Jef<\/a><\/span><span class=\"entry-date\"><span class=\"glyphicon glyphicon-calendar\"><\/span> <time datetime=\"2020-10-23T12:30:59+02:00\">23 octobre 2020<\/time><\/span><\/div>\n<div class=\"pt-cv-content\">coronavirus-Image par Pete Linforth de Pixabay La manipulation, c\u2019est un th\u00e8me que j\u2019ai \u00e9voqu\u00e9 en mai 2019 dans une chronique titr\u00e9e \u00ab \u00c9mancipation ou manipulation \u00bb qui reprenait la r\u00e9flexion de Noam CHOMSKY de son livre \u00ab Propaganda \u00bb. Le gouvernement vous veut du bien ? Ne le croyez pas sur parole ! Ne me croyez pas non plus sur parole\u2026 Faites des recherches, cultivez-vous, lisez\u2026 Vous \u00eates citoyen, vous avez la responsabilit\u00e9 de vous renseigner, de chercher, d\u2019analyser\u2026 Comprendre\u00a0? Que serions-nous sans cela\u00a0! La philosophie nous enseigne \u00e0 douter de ce qui nous para\u00eet \u00e9vident, au contraire de la propagande qui nous induit \u00e0 accepter pour \u00e9vident, ce dont il serait raisonnable de douter. C\u2019est sur ces bases que ... <a href=\"https:\/\/le-clairon-nouveau.fr\/wordpress\/blog\/2020\/10\/23\/linquietante-manipulation-sur-le-coronavirus\/\" class=\"_self pt-cv-readmore pt-cv-textlink cvplbd\" target=\"_self\">Lire la suite<\/a><\/div><\/div><\/div>\n<div class=\"col-md-12 col-sm-12 col-xs-12 pt-cv-content-item pt-cv-2-col\"  data-pid=\"22347\"><div class='pt-cv-ifield'><h4 class=\"pt-cv-title\"><a href=\"https:\/\/le-clairon-nouveau.fr\/wordpress\/blog\/2020\/09\/23\/vivons-heureux-en-attendant-la-mort\/\" class=\"_self cvplbd\" target=\"_self\" >Vivons heureux en attendant la mort<\/a><\/h4>\n<div class=\"pt-cv-meta-fields\"><span class=\"author\"><span class=\"glyphicon glyphicon-user\"><\/span> <a href=\"https:\/\/le-clairon-nouveau.fr\/wordpress\/blog\/author\/onclejef\/\" rel=\"author\">Oncle Jef<\/a><\/span><span class=\"entry-date\"><span class=\"glyphicon glyphicon-calendar\"><\/span> <time datetime=\"2020-09-23T12:30:31+02:00\">23 septembre 2020<\/time><\/span><\/div>\n<div class=\"pt-cv-content\">La\u00a0 vie (adult-Image par OpenClipart-Vectors de Pixabay) \u00a0\u00a0\u00a0\u00a0\u00a0\u00a0\u00a0\u00a0\u00a0\u00a0\u00a0 Cette crise sanitaire a r\u00e9aliment\u00e9 nos vieilles angoisses m\u00e9taphysiques. Nos anciens poss\u00e9daient, avec les religions comme m\u00e9canisme de d\u00e9fense, la conviction qu\u2019ils vivraient \u00e9ternellement dans l\u2019au-del\u00e0\u2026 Le paradis, voire le purgatoire, avec la possibilit\u00e9 d\u2019indulgences pour les plus riches. G\u00e9nial ! Ce syst\u00e8me \u00e9tait r\u00f4d\u00e9 comme \u00ab du papier \u00e0 musique \u00bb ! Plus tard on a m\u00eame essay\u00e9 de nous vendre un paradis terrestre : le grand soir ! \u00c0 la suite duquel, nous avons souvent connu, le lendemain, la \u00ab gueule de bois \u00bb et des r\u00e9veils difficiles ! \u00a0 Aujourd\u2019hui, on peut dire que notre soci\u00e9t\u00e9 n\u2019est pas trop vaillante. Et, voil\u00e0 qu\u2019un virus invisible viendrait, par la peur ... <a href=\"https:\/\/le-clairon-nouveau.fr\/wordpress\/blog\/2020\/09\/23\/vivons-heureux-en-attendant-la-mort\/\" class=\"_self pt-cv-readmore pt-cv-textlink cvplbd\" target=\"_self\">Lire la suite<\/a><\/div><\/div><\/div>\n<div class=\"col-md-12 col-sm-12 col-xs-12 pt-cv-content-item pt-cv-2-col\"  data-pid=\"22077\"><div class='pt-cv-ifield'><h4 class=\"pt-cv-title\"><a href=\"https:\/\/le-clairon-nouveau.fr\/wordpress\/blog\/2020\/07\/23\/le-marche-de-la-sante\/\" class=\"_self cvplbd\" target=\"_self\" >Le march\u00e9 de la sant\u00e9.<\/a><\/h4>\n<div class=\"pt-cv-meta-fields\"><span class=\"author\"><span class=\"glyphicon glyphicon-user\"><\/span> <a href=\"https:\/\/le-clairon-nouveau.fr\/wordpress\/blog\/author\/onclejef\/\" rel=\"author\">Oncle Jef<\/a><\/span><span class=\"entry-date\"><span class=\"glyphicon glyphicon-calendar\"><\/span> <time datetime=\"2020-07-23T12:30:28+02:00\">23 juillet 2020<\/time><\/span><\/div>\n<div class=\"pt-cv-content\">Pilulier (Image par Kevin Phillips de Pixabay) En qualit\u00e9 de b\u00e9otien de la sant\u00e9, si ce n\u2019est de ce que j\u2019ai pu apprendre de ma strat\u00e9gie personnelle pour me soigner, je suis interpell\u00e9, comme beaucoup d\u2019entre nous, par la crise sanitaire que nous venons de vivre et cela m\u2019a amen\u00e9 \u00e0 me questionner sur notre syst\u00e8me de la sant\u00e9. C\u2019est cette r\u00e9flexion que je vous propose de partager et plus\u00a0: d\u2019en discuter. \u00a0 Pour en poser le cadre, je commence par cette question : combien nous co\u00fbte la sant\u00e9\u00a0? Tout d&rsquo;abord quelques rep\u00e8re chiffr\u00e9s : Au niveau mondial le PIB est de 77328 milliards de dollars dont 10% sont attribu\u00e9s aux d\u00e9penses de sant\u00e9, soit 7732 milliards de dollars. Pour ... <a href=\"https:\/\/le-clairon-nouveau.fr\/wordpress\/blog\/2020\/07\/23\/le-marche-de-la-sante\/\" class=\"_self pt-cv-readmore pt-cv-textlink cvplbd\" target=\"_self\">Lire la suite<\/a><\/div><\/div><\/div>\n<div class=\"col-md-12 col-sm-12 col-xs-12 pt-cv-content-item pt-cv-2-col\"  data-pid=\"21882\"><div class='pt-cv-ifield'><h4 class=\"pt-cv-title\"><a href=\"https:\/\/le-clairon-nouveau.fr\/wordpress\/blog\/2020\/06\/23\/sortir-du-confinement\/\" class=\"_self cvplbd\" target=\"_self\" >Sortir du confinement ! ?<\/a><\/h4>\n<div class=\"pt-cv-meta-fields\"><span class=\"author\"><span class=\"glyphicon glyphicon-user\"><\/span> <a href=\"https:\/\/le-clairon-nouveau.fr\/wordpress\/blog\/author\/onclejef\/\" rel=\"author\">Oncle Jef<\/a><\/span><span class=\"entry-date\"><span class=\"glyphicon glyphicon-calendar\"><\/span> <time datetime=\"2020-06-23T12:30:26+02:00\">23 juin 2020<\/time><\/span><\/div>\n<div class=\"pt-cv-content\">R\u00e9flexions sur la relance \u00e9conomique et le travail Vers un cr\u00e9puscule ou une aurore nouvelle\u00a0? (Image J Plenio de Pixabay) Cette crise du COVID pourrait nous permettre un changement. Comme le dit Naomi KLEIN \u00ab\u00a0Je pense que la crise du coronavirus est l\u2019occasion d\u2019\u00e9laborer un autre mod\u00e8le \u00e9conomique. Tout est possible.\u00a0\u00bb Depuis 40 ans, notre syst\u00e8me de production industrielle et de protection sociale a \u00e9t\u00e9 attaqu\u00e9 d\u2019abord par les d\u00e9localisations, ensuite par l\u2019essor de l\u2019industrie num\u00e9rique qui a bouscul\u00e9, secteur apr\u00e8s secteur, toutes les activit\u00e9s \u00e9conomiques traditionnelles. Enfin gr\u00e2ce aux algorithmes qui ont favoris\u00e9 le \u00ab trading haute fr\u00e9quence \u00bb (1), la sp\u00e9culation financi\u00e8re a pris le pas sur l\u2019\u00e9conomie r\u00e9elle, permettant de \u00ab faire de l\u2019argent avec de l\u2019argent ... <a href=\"https:\/\/le-clairon-nouveau.fr\/wordpress\/blog\/2020\/06\/23\/sortir-du-confinement\/\" class=\"_self pt-cv-readmore pt-cv-textlink cvplbd\" target=\"_self\">Lire la suite<\/a><\/div><\/div><\/div>\n<div class=\"col-md-12 col-sm-12 col-xs-12 pt-cv-content-item pt-cv-2-col\"  data-pid=\"21664\"><div class='pt-cv-ifield'><h4 class=\"pt-cv-title\"><a href=\"https:\/\/le-clairon-nouveau.fr\/wordpress\/blog\/2020\/05\/23\/organiser-la-resilience-territoriale\/\" class=\"_self cvplbd\" target=\"_self\" >Organiser la r\u00e9silience territoriale.<\/a><\/h4>\n<div class=\"pt-cv-meta-fields\"><span class=\"author\"><span class=\"glyphicon glyphicon-user\"><\/span> <a href=\"https:\/\/le-clairon-nouveau.fr\/wordpress\/blog\/author\/onclejef\/\" rel=\"author\">Oncle Jef<\/a><\/span><span class=\"entry-date\"><span class=\"glyphicon glyphicon-calendar\"><\/span> <time datetime=\"2020-05-23T12:30:11+02:00\">23 mai 2020<\/time><\/span><\/div>\n<div class=\"pt-cv-content\">Travailler ensemble au cr\u00e9puscule (Image par 272447 de Pixabay) Cette crise sanitaire nous a fait oublier beaucoup de choses. Les gilets jaunes\u00a0? Les manifestations d\u2019Alg\u00e9rie, de Beyrouth, de Barcelone\u00a0? Les fronti\u00e8res se sont ferm\u00e9es, les migrants oubli\u00e9s, les conflits ne font plus les titres de la presse\u2026 L\u2019\u00e9conomie s\u2019est ralentie. M\u00eame le r\u00e9chauffement climatique semble ne plus exister ! Pourtant, l\u2019inqui\u00e9tude est l\u00e0. Nous comprenons tous que cette crise sanitaire a toutes les chances de se transformer en crise \u00e9conomique, puis sociale, puis politique sur un fond de collapse \u00e9cologique\u2026 Conscients que de nouveaux chaos semblent possibles, voire probables, les \u00ab\u00a0citoyens ordinaires\u00a0\u00bb que nous sommes s\u2019interrogent sur les conduites \u00e0 tenir et se sentent parfois impuissants\u2026 Pourtant il me semble ... <a href=\"https:\/\/le-clairon-nouveau.fr\/wordpress\/blog\/2020\/05\/23\/organiser-la-resilience-territoriale\/\" class=\"_self pt-cv-readmore pt-cv-textlink cvplbd\" target=\"_self\">Lire la suite<\/a><\/div><\/div><\/div>\n<div class=\"col-md-12 col-sm-12 col-xs-12 pt-cv-content-item pt-cv-2-col\"  data-pid=\"21364\"><div class='pt-cv-ifield'><h4 class=\"pt-cv-title\"><a href=\"https:\/\/le-clairon-nouveau.fr\/wordpress\/blog\/2020\/04\/23\/comparaison-nest-pas-raison-mais-quand-meme\/\" class=\"_self cvplbd\" target=\"_self\" >Comparaison n\u2019est pas raison ! Mais quand m\u00eame\u2026<\/a><\/h4>\n<div class=\"pt-cv-meta-fields\"><span class=\"author\"><span class=\"glyphicon glyphicon-user\"><\/span> <a href=\"https:\/\/le-clairon-nouveau.fr\/wordpress\/blog\/author\/onclejef\/\" rel=\"author\">Oncle Jef<\/a><\/span><span class=\"entry-date\"><span class=\"glyphicon glyphicon-calendar\"><\/span> <time datetime=\"2020-04-23T12:30:36+02:00\">23 avril 2020<\/time><\/span><\/div>\n<div class=\"pt-cv-content\">Guerre ( Image par Gisela Merkuur de Pixabay) \u00a0\u00a0\u00a0\u00a0\u00a0\u00a0\u00a0\u00a0\u00a0\u00a0\u00a0 Quand j\u2019ai entendu MACRON parler de guerre, comme beaucoup, je me suis demand\u00e9\u2026 De quelle guerre parle-t-il\u00a0? De la \u00ab dr\u00f4le de guerre \u00bb entre le 3 septembre 1939 et le 10 mai 1940\u2026 qui s\u2019est poursuivie par la bataille de France jusqu\u2019au 22 juin 1940\u2026 o\u00f9 92 000 soldats ont \u00e9t\u00e9 tu\u00e9s, du fait d\u2019un mauvais choix strat\u00e9gique reposant sur la ligne Maginot. \u00c0 Dunkerque, l\u2019arm\u00e9e est d\u00e9sint\u00e9gr\u00e9e, une gigantesque panique saisit la population\u2026 dix millions de personnes sur les routes\u2026 C\u2019est une v\u00e9ritable d\u00e9b\u00e2cle que l\u2019on appellera \u00ab\u00a0l\u2019exode\u00a0\u00bb, puis l\u2019armistice \u00e0 Rethondes, la France occup\u00e9e, P\u00c9TAIN \u00e0 Vichy, l\u2019Alsace Lorraine rattach\u00e9e \u00e0 l\u2019Allemagne, la France divis\u00e9e g\u00e9ographiquement en deux ... <a href=\"https:\/\/le-clairon-nouveau.fr\/wordpress\/blog\/2020\/04\/23\/comparaison-nest-pas-raison-mais-quand-meme\/\" class=\"_self pt-cv-readmore pt-cv-textlink cvplbd\" target=\"_self\">Lire la suite<\/a><\/div><\/div><\/div>\n<div class=\"col-md-12 col-sm-12 col-xs-12 pt-cv-content-item pt-cv-2-col\"  data-pid=\"21136\"><div class='pt-cv-ifield'><h4 class=\"pt-cv-title\"><a href=\"https:\/\/le-clairon-nouveau.fr\/wordpress\/blog\/2020\/03\/23\/separatisme-communautarisme-non-laicite\/\" class=\"_self cvplbd\" target=\"_self\" >S\u00e9paratisme ? Communautarisme ? NON : LA\u00cfCIT\u00c9 !<\/a><\/h4>\n<div class=\"pt-cv-meta-fields\"><span class=\"author\"><span class=\"glyphicon glyphicon-user\"><\/span> <a href=\"https:\/\/le-clairon-nouveau.fr\/wordpress\/blog\/author\/onclejef\/\" rel=\"author\">Oncle Jef<\/a><\/span><span class=\"entry-date\"><span class=\"glyphicon glyphicon-calendar\"><\/span> <time datetime=\"2020-03-23T12:30:23+01:00\">23 mars 2020<\/time><\/span><\/div>\n<div class=\"pt-cv-content\">Macron chanoine de Latran (image Vatican news) D\u00e8s le d\u00e9but de son mandat, j\u2019ai toujours \u00e9t\u00e9 dubitatif quant \u00e0 l\u2019engagement la\u00efc de Macron\u2026 (Voir mes chroniques de f\u00e9vrier 2018 : la la\u00efcit\u00e9 de Macron et d\u2019avril 2018 : le sermon de Macron). Est-ce le fait de sa culture ou de son histoire personnelle, mais \u00a0le terme m\u00eame de la\u00efcit\u00e9 semble lui donner des boutons\u2026 Ses discours pr\u00eatent \u00e0 interpr\u00e9tation, son diagnostic est flou. Cet homme, que l\u2019on dit intelligent, semble ne pas comprendre que si la R\u00e9publique ne doit pas ignorer les communaut\u00e9s, elle ne doit en reconna\u00eetre aucune\u2026 La R\u00e9publique d\u00e9lib\u00e8re uniquement dans la sph\u00e8re politique des citoyens et non avec les directions des structures communautaires. Depuis des mois, ... <a href=\"https:\/\/le-clairon-nouveau.fr\/wordpress\/blog\/2020\/03\/23\/separatisme-communautarisme-non-laicite\/\" class=\"_self pt-cv-readmore pt-cv-textlink cvplbd\" target=\"_self\">Lire la suite<\/a><\/div><\/div><\/div><\/div><\/div>\n<div class=\"text-left pt-cv-pagination-wrapper\"><ul class=\"pt-cv-pagination pt-cv-ajax pagination\" data-totalpages=\"2\" data-currentpage=\"1\" data-sid=\"a7a48d02fw\" data-unid=\"\" data-isblock=\"\" data-postid=\"\"><li class=\"active\"><a href=\"#\">1<\/a><\/li>\n\t<li ><a class=\"\" href=\"https:\/\/le-clairon-nouveau.fr\/wordpress\/wp-json\/wp\/v2\/pages\/19041\/?_page=2\">2<\/a><\/li>\n\t<li ><a class=\" \" href=\"https:\/\/le-clairon-nouveau.fr\/wordpress\/wp-json\/wp\/v2\/pages\/19041\/?_page=2\">&rsaquo;<\/a><\/li>\n\t<\/ul><img loading=\"lazy\" decoding=\"async\" width=\"15\" height=\"15\" class=\"pt-cv-spinner\" alt=\"Chargement\u2026\" src=\"data:image\/gif;base64,R0lGODlhDwAPALMPAMrKygwMDJOTkz09PZWVla+vr3p6euTk5M7OzuXl5TMzMwAAAJmZmWZmZszMzP\/\/\/yH\/C05FVFNDQVBFMi4wAwEAAAAh+QQFCgAPACwAAAAADwAPAAAEQvDJaZaZOIcV8iQK8VRX4iTYoAwZ4iCYoAjZ4RxejhVNoT+mRGP4cyF4Pp0N98sBGIBMEMOotl6YZ3S61Bmbkm4mAgAh+QQFCgAPACwAAAAADQANAAAENPDJSRSZeA418itN8QiK8BiLITVsFiyBBIoYqnoewAD4xPw9iY4XLGYSjkQR4UAUD45DLwIAIfkEBQoADwAsAAAAAA8ACQAABC\/wyVlamTi3nSdgwFNdhEJgTJoNyoB9ISYoQmdjiZPcj7EYCAeCF1gEDo4Dz2eIAAAh+QQFCgAPACwCAAAADQANAAAEM\/DJBxiYeLKdX3IJZT1FU0iIg2RNKx3OkZVnZ98ToRD4MyiDnkAh6BkNC0MvsAj0kMpHBAAh+QQFCgAPACwGAAAACQAPAAAEMDC59KpFDll73HkAA2wVY5KgiK5b0RRoI6MuzG6EQqCDMlSGheEhUAgqgUUAFRySIgAh+QQFCgAPACwCAAIADQANAAAEM\/DJKZNLND\/kkKaHc3xk+QAMYDKsiaqmZCxGVjSFFCxB1vwy2oOgIDxuucxAMTAJFAJNBAAh+QQFCgAPACwAAAYADwAJAAAEMNAs86q1yaWwwv2Ig0jUZx3OYa4XoRAfwADXoAwfo1+CIjyFRuEho60aSNYlOPxEAAAh+QQFCgAPACwAAAIADQANAAAENPA9s4y8+IUVcqaWJ4qEQozSoAzoIyhCK2NFU2SJk0hNnyEOhKR2AzAAj4Pj4GE4W0bkJQIAOw==\" \/><div class=\"clear pt-cv-clear-pagination\"><\/div><\/div><\/div>\t\t\t<style type=\"text\/css\" id=\"pt-cv-inline-style-97c0074h64\">#pt-cv-view-a7a48d02fw  .pt-cv-ifield   { background-color: #fff8ed !important; }\n#pt-cv-view-a7a48d02fw.pt-cv-post-border { margin: 0; border-top-width: 1px; border-left-width: 1px }\n#pt-cv-view-a7a48d02fw.pt-cv-post-border { margin: 0; border-top-style: solid; border-left-style: solid }\n#pt-cv-view-a7a48d02fw.pt-cv-post-border .pt-cv-content-item   { border-right-width: 1px; border-bottom-width: 1px; border-right-style: solid; border-bottom-style: solid; }\n#pt-cv-view-a7a48d02fw .pt-cv-title a, #pt-cv-view-a7a48d02fw  .panel-title { font-family: 'Oswald', Arial, serif !important; color: #a52e26 !important; font-weight: 600 !important; display: block !important; text-align: left !important; clear: both !important; }\n#pt-cv-view-a7a48d02fw  .pt-cv-title a:hover, #pt-cv-view-a7a48d02fw  .panel-title:hover   { color: rgba(165,46,38,0.5) !important; }\n#pt-cv-view-a7a48d02fw .pt-cv-content , #pt-cv-view-a7a48d02fw  .pt-cv-content *:not(.pt-cv-readmore):not(style):not(script) { font-size: 12px !important; line-height: 1.3 !important; color: #a52e26 !important; display: block !important; text-align: justify !important; clear: both !important; }\n#pt-cv-view-a7a48d02fw .pt-cv-meta-fields * { color: #a52e26 !important; }\n#pt-cv-view-a7a48d02fw .pt-cv-readmore  { color: #ff0000 !important; font-weight: 600 !important; }\n#pt-cv-view-a7a48d02fw .pt-cv-readmore:hover  { color: rgba(255,0,0,0.43) !important; }\n#pt-cv-view-a7a48d02fw  + .pt-cv-pagination-wrapper .pt-cv-more-inactive , #pt-cv-view-a7a48d02fw  + .pt-cv-pagination-wrapper .pagination a { color: rgba(165,46,38,0.5) !important; }\n#pt-cv-view-a7a48d02fw  + .pt-cv-pagination-wrapper .pt-cv-more , #pt-cv-view-a7a48d02fw  + .pt-cv-pagination-wrapper .pagination .active a { color: #a52e26 !important; background-color: #fff8ed !important; }\n#pt-cv-gls-a7a48d02fw li a   { font-weight: 600 !important; }\n#pt-cv-gls-a7a48d02fw li a.pt-active   { color: #fff !important; background-color: #ff5a5f !important; }<\/style>\r\n\t\t\t<link href='\/\/fonts.googleapis.com\/css?family=Oswald' rel='stylesheet' type='text\/css'>\n<div id=\"pg-19034-0\" class=\"panel-grid panel-no-style\" data-style=\"{&quot;background_display&quot;:&quot;tile&quot;,&quot;cell_alignment&quot;:&quot;flex-start&quot;,&quot;iw-visible-screen&quot;:&quot;iw-all&quot;,&quot;iw-visible-layout&quot;:&quot;iw-all&quot;}\" data-ratio=\"0.5\" data-ratio-direction=\"left\">\n<div id=\"pgc-19034-0-1\" class=\"panel-grid-cell panel-grid-cell-empty\" data-weight=\"0.59911406423034\">&nbsp;<\/div>\n<\/div>\n<div id=\"pg-19034-1\" class=\"panel-grid panel-no-style\" data-style=\"{&quot;background_display&quot;:&quot;tile&quot;,&quot;cell_alignment&quot;:&quot;flex-start&quot;,&quot;iw-visible-screen&quot;:&quot;iw-all&quot;,&quot;iw-visible-layout&quot;:&quot;iw-all&quot;}\" data-ratio=\"1\" data-ratio-direction=\"right\">\n<div id=\"pgc-19034-1-0\" class=\"panel-grid-cell panel-grid-cell-empty\" data-weight=\"1\">&nbsp;<\/div>\n<\/div>\n<\/div>\n<script type=\"text\/javascript\"> var tt_store_content = \"\\<p style\\='text\\-align\\: center;'\\>\\<span style\\='font\\-size\\: 14pt;'\\>\\<strong\\>I\\<\\\/strong\\>mp\u00f4t sur la \\<strong\\>F\\<\\\/strong\\>ortune \\<strong\\>I\\<\\\/strong\\>mmobili\u00e8re\\<\\\/span\\>\\<\\\/p\\>\"; toolTips('.classtoolTips148',tt_store_content,'5643'); <\/script><script type=\"text\/javascript\"> var tt_store_content = \"\\<p style\\='text\\-align\\: center;'\\>\\<span style\\='font\\-size\\: 14pt;'\\>\\<strong\\>G\\<\\\/strong\\>roupement \\<strong\\>H\\<\\\/strong\\>ospitalier de \\<strong\\>T\\<\\\/strong\\>erritoire\\<\\\/span\\>\\<\\\/p\\><br\/>\\<p style\\='text\\-align\\: justify;'\\>Les groupements hospitaliers de territoires, dispositif pr\u00e9vu par la loi de sant\u00e9 2016, sont un nouveau mode de coop\u00e9ration entre les \u00e9tablissements publics de sant\u00e9 \u00e0 l\u2019\u00e9chelle d\u2019un territoire\\<\\\/p\\>\"; toolTips('.classtoolTips189',tt_store_content,'18358'); <\/script><script type=\"text\/javascript\"> var tt_store_content = \"\\<p style\\='text\\-align\\: center;'\\>\\<span style\\='font\\-size\\: 14pt;'\\>\\<strong\\>C\\<\\\/strong\\>entre \\<strong\\>H\\<\\\/strong\\>ospitalier\\<\\\/span\\>\\<\\\/p\\>\"; toolTips('.classtoolTips220',tt_store_content,'18357'); <\/script><script type=\"text\/javascript\"> var tt_store_content = \"\\<p style\\='text\\-align\\: center;'\\>\\<span style\\='font\\-size\\: 14pt;'\\>\\<strong\\><span class='tooltipsall tooltip_post_id_21736 classtoolTips222'>nm<\/span> \\= n\\<\\\/strong\\>ano\\<strong\\>m\\<\\\/strong\\>\u00e8tre \\<\\\/span\\>\\<\\\/p\\><br\/>\\<p style\\='text\\-align\\: justify;'\\>\\<em\\>le <span class='tooltipsall tooltip_post_id_21736 classtoolTips222'>nanom\u00e8tre<\/span>, de symbole nm, est une unit\u00e9 de longueur du Syst\u00e8me international\\. C'est un sous\\-multiple du m\u00e8tre, il vaut un milliardi\u00e8me de m\u00e8tre, soit un millioni\u00e8me de millim\u00e8tre\\.\\<\\\/em\\>\\<\\\/p\\><br\/>\\<p style\\='text\\-align\\: center;'\\>\\<strong\\>\\<em\\> 1 nm \\= 10\u207b\u00b3 \u00b5m \\= 10\\<sup\\>\u20136\\<\\\/sup\\> mm \\= 10\\<sup\\>\u20139\\<\\\/sup\\> m\\.\\<\\\/em\\>\\<\\\/strong\\>\\<\\\/p\\>\"; toolTips('.classtoolTips222',tt_store_content,'21736'); <\/script>","protected":false},"excerpt":{"rendered":"<p>Depuis le 23 mai 2019, la pr\u00e9sentation est modifi\u00e9e. Tous les articles sont d\u00e9sormais affich\u00e9s dans la liste ci-dessous, dans l\u2019ordre chronologique d\u00e9croissant. Vous pouvez, pour l\u2019instant, s\u00e9lectionner ceux d\u2019une \u00e9dition en particulier. Ult\u00e9rieurement, d\u2019autres filtres vous seront propos\u00e9s. &nbsp; &nbsp;<script type=\"text\/javascript\"> var tt_store_content = \"\\<\/p>\n<p style\\='text\\-align\\: center;'\\>\\<span style\\='font\\-size\\: 14pt;'\\>\\<strong\\>I\\<\\\/strong\\>mp\u00f4t sur la \\<strong\\>F\\<\\\/strong\\>ortune \\<strong\\>I\\<\\\/strong\\>mmobili\u00e8re\\<\\\/span\\>\\<\\\/p\\>\"; toolTips('.classtoolTips148',tt_store_content,'5643'); <\/script><script type=\"text\/javascript\"> var tt_store_content = \"\\<\/p>\n<p style\\='text\\-align\\: center;'\\>\\<span style\\='font\\-size\\: 14pt;'\\>\\<strong\\>G\\<\\\/strong\\>roupement \\<strong\\>H\\<\\\/strong\\>ospitalier de \\<strong\\>T\\<\\\/strong\\>erritoire\\<\\\/span\\>\\<\\\/p\\><br \/>\\<\/p>\n<p style\\='text\\-align\\: justify;'\\>Les groupements hospitaliers de territoires, dispositif pr\u00e9vu par la loi de sant\u00e9 2016, sont un nouveau mode de coop\u00e9ration entre les \u00e9tablissements publics de sant\u00e9 \u00e0 l\u2019\u00e9chelle d\u2019un territoire\\<\\\/p\\>\"; toolTips('.classtoolTips189',tt_store_content,'18358'); <\/script><script type=\"text\/javascript\"> var tt_store_content = \"\\<\/p>\n<p style\\='text\\-align\\: center;'\\>\\<span style\\='font\\-size\\: 14pt;'\\>\\<strong\\>C\\<\\\/strong\\>entre \\<strong\\>H\\<\\\/strong\\>ospitalier\\<\\\/span\\>\\<\\\/p\\>\"; toolTips('.classtoolTips220',tt_store_content,'18357'); <\/script><script type=\"text\/javascript\"> var tt_store_content = \"\\<\/p>\n<p style\\='text\\-align\\: center;'\\>\\<span style\\='font\\-size\\: 14pt;'\\>\\<strong\\><span class='tooltipsall tooltip_post_id_21736 classtoolTips222'>nm<\/span> \\= n\\<\\\/strong\\>ano\\<strong\\>m\\<\\\/strong\\>\u00e8tre \\<\\\/span\\>\\<\\\/p\\><br \/>\\<\/p>\n<p style\\='text\\-align\\: justify;'\\>\\<em\\>le <span class='tooltipsall tooltip_post_id_21736 classtoolTips222'>nanom\u00e8tre<\/span>, de symbole nm, est une unit\u00e9 de longueur du Syst\u00e8me international\\. C'est un sous\\-multiple du m\u00e8tre, il vaut un milliardi\u00e8me de m\u00e8tre, soit un millioni\u00e8me de millim\u00e8tre\\.\\<\\\/em\\>\\<\\\/p\\><br \/>\\<\/p>\n<p style\\='text\\-align\\: center;'\\>\\<strong\\>\\<em\\> 1 nm \\= 10\u207b\u00b3 \u00b5m \\= 10\\<sup\\>\u20136\\<\\\/sup\\> mm \\= 10\\<sup\\>\u20139\\<\\\/sup\\> m\\.\\<\\\/em\\>\\<\\\/strong\\>\\<\\\/p\\>\"; toolTips('.classtoolTips222',tt_store_content,'21736'); <\/script><\/p>\n","protected":false},"author":1,"featured_media":0,"parent":8298,"menu_order":0,"comment_status":"closed","ping_status":"closed","template":"","meta":{"_acf_changed":false,"ngg_post_thumbnail":0,"footnotes":""},"coauthors":[8],"class_list":["post-19041","page","type-page","status-publish","hentry","no-thumb"],"acf":[],"jetpack_sharing_enabled":true,"jetpack_shortlink":"https:\/\/wp.me\/P9B5TM-4X7","_links":{"self":[{"href":"https:\/\/le-clairon-nouveau.fr\/wordpress\/wp-json\/wp\/v2\/pages\/19041","targetHints":{"allow":["GET"]}}],"collection":[{"href":"https:\/\/le-clairon-nouveau.fr\/wordpress\/wp-json\/wp\/v2\/pages"}],"about":[{"href":"https:\/\/le-clairon-nouveau.fr\/wordpress\/wp-json\/wp\/v2\/types\/page"}],"author":[{"embeddable":true,"href":"https:\/\/le-clairon-nouveau.fr\/wordpress\/wp-json\/wp\/v2\/users\/1"}],"replies":[{"embeddable":true,"href":"https:\/\/le-clairon-nouveau.fr\/wordpress\/wp-json\/wp\/v2\/comments?post=19041"}],"version-history":[{"count":0,"href":"https:\/\/le-clairon-nouveau.fr\/wordpress\/wp-json\/wp\/v2\/pages\/19041\/revisions"}],"up":[{"embeddable":true,"href":"https:\/\/le-clairon-nouveau.fr\/wordpress\/wp-json\/wp\/v2\/pages\/8298"}],"wp:attachment":[{"href":"https:\/\/le-clairon-nouveau.fr\/wordpress\/wp-json\/wp\/v2\/media?parent=19041"}],"wp:term":[{"taxonomy":"author","embeddable":true,"href":"https:\/\/le-clairon-nouveau.fr\/wordpress\/wp-json\/wp\/v2\/coauthors?post=19041"}],"curies":[{"name":"wp","href":"https:\/\/api.w.org\/{rel}","templated":true}]}}