{"id":20066,"date":"2019-10-30T01:23:00","date_gmt":"2019-10-30T00:23:00","guid":{"rendered":"https:\/\/le-clairon-nouveau.fr\/wordpress\/?page_id=20066"},"modified":"2020-01-14T08:06:31","modified_gmt":"2020-01-14T07:06:31","slug":"rip-adp","status":"publish","type":"page","link":"https:\/\/le-clairon-nouveau.fr\/wordpress\/pages-visibles\/dossiers\/rip-adp\/","title":{"rendered":"RIP A\u00e9roports de Paris"},"content":{"rendered":"<div id=\"pl-20066\"  class=\"panel-layout\" ><div id=\"pg-20066-0\"  class=\"panel-grid panel-no-style\" ><div id=\"pgc-20066-0-0\"  class=\"panel-grid-cell\" ><div id=\"panel-20066-0-0-0\" class=\"so-panel widget widget_sow-editor panel-first-child\" data-index=\"0\" ><div\n\t\t\t\n\t\t\tclass=\"so-widget-sow-editor so-widget-sow-editor-base\"\n\t\t\t\n\t\t><h3 class=\"widget-title\">Dossier \"Referendum d'Initiative Partag\u00e9e portant sur la privatisation du groupe 'A\u00e9roports de Paris'\"<\/h3>\n<div class=\"siteorigin-widget-tinymce textwidget\">\n\t<p style=\"text-align: justify;\"><em>Ce dossier, structur\u00e9 en \"onglets\" ci-dessous, vous fournira l'essentiel des informations pour comprendre le m\u00e9canisme et les enjeux du RIP, vous informer sur les moyens d'action, consulter les articles du Clairon diffus\u00e9s sur le sujet, les principaux documents relatifs \u00e0 ce dispositif, ainsi que les liens les plus utiles vers les sites internet traitant de ce sujet.<\/em><\/p>\n<\/div>\n<\/div><\/div><div id=\"panel-20066-0-0-1\" class=\"so-panel widget widget_ink-tabs panel-last-child\" data-index=\"1\" ><div\n\t\t\t\n\t\t\tclass=\"so-widget-ink-tabs so-widget-ink-tabs-tabs-38359c1a907f-20066\"\n\t\t\t\n\t\t>\n<div class=\"iw-so-tabs iw-so-tabs-horizontal iw-so-tabs-default\">\n\n\t<ul class=\"iw-so-tabs-nav\">\n\n\t\t\t\t\t<li class=\"iw-so-tab-title iw-so-tab-active\" id=\"tab-1-1\">\n\t\t\t\t<a href=\"#tab-1-1-content\">\n\t\t\t\t\t<span class=\"sow-icon-elegantline\" data-sow-icon=\"&#xe02d;\"\n\t\tstyle=\"\" \n\t\taria-hidden=\"true\"><\/span>\t\t\t\t\t<span class=\"iw-so-tab-text\">R\u00e9sum\u00e9<\/span>\n\t\t\t\t<\/a>\n\t\t\t<\/li>\n\t\t\t\t\t\t\t\t\t\t\t<li class=\"iw-so-tab-title\" id=\"tab-1-2\">\n\t\t\t\t<a href=\"#tab-1-2-content\">\n\t\t\t\t\t<span class=\"sow-icon-elegantline\" data-sow-icon=\"&#xe057;\"\n\t\tstyle=\"\" \n\t\taria-hidden=\"true\"><\/span>\t\t\t\t\t<span class=\"iw-so-tab-text\">Pr\u00e9sentation<\/span>\n\t\t\t\t<\/a>\n\t\t\t<\/li>\n\t\t\t\t\t\t\t\t\t\t\t<li class=\"iw-so-tab-title\" id=\"tab-1-3\">\n\t\t\t\t<a href=\"#tab-1-3-content\">\n\t\t\t\t\t<span class=\"sow-icon-elegantline\" data-sow-icon=\"&#xe00d;\"\n\t\tstyle=\"\" \n\t\taria-hidden=\"true\"><\/span>\t\t\t\t\t<span class=\"iw-so-tab-text\">Agir pour le RIP<\/span>\n\t\t\t\t<\/a>\n\t\t\t<\/li>\n\t\t\t\t\t\t\t\t\t\t\t<li class=\"iw-so-tab-title\" id=\"tab-1-4\">\n\t\t\t\t<a href=\"#tab-1-4-content\">\n\t\t\t\t\t<span class=\"sow-icon-elegantline\" data-sow-icon=\"&#xe009;\"\n\t\tstyle=\"\" \n\t\taria-hidden=\"true\"><\/span>\t\t\t\t\t<span class=\"iw-so-tab-text\">Articles du Clairon<\/span>\n\t\t\t\t<\/a>\n\t\t\t<\/li>\n\t\t\t\t\t\t\t\t\t\t\t<li class=\"iw-so-tab-title\" id=\"tab-1-5\">\n\t\t\t\t<a href=\"#tab-1-5-content\">\n\t\t\t\t\t<span class=\"sow-icon-elegantline\" data-sow-icon=\"&#xe006;\"\n\t\tstyle=\"\" \n\t\taria-hidden=\"true\"><\/span>\t\t\t\t\t<span class=\"iw-so-tab-text\">Documents<\/span>\n\t\t\t\t<\/a>\n\t\t\t<\/li>\n\t\t\t\t\t\t\t\t\t\t\t<li class=\"iw-so-tab-title\" id=\"tab-1-6\">\n\t\t\t\t<a href=\"#tab-1-6-content\">\n\t\t\t\t\t<span class=\"sow-icon-elegantline\" data-sow-icon=\"&#xe02e;\"\n\t\tstyle=\"\" \n\t\taria-hidden=\"true\"><\/span>\t\t\t\t\t<span class=\"iw-so-tab-text\">Liens utiles<\/span>\n\t\t\t\t<\/a>\n\t\t\t<\/li>\n\t\t\t\t\t\t\t\t\n\t<\/ul>\n\n\t<div class=\"iw-so-tabs-content\">\n\n\t\t\t\t\t<div class=\"iw-so-tabs-panel iw-so-tab-active\" id=\"tab-1-1-content\">\n\t\t\t\t<p><strong>Pour la premi\u00e8re fois dans l'histoire de la V<sup>\u00e8me<\/sup> R\u00e9publique, les citoyens fran\u00e7ais sont en mesure de d\u00e9clencher un r\u00e9f\u00e9rendum, privil\u00e8ge qui \u00e9tait jusqu'alors r\u00e9serv\u00e9 au Pr\u00e9sident de la R\u00e9publique.<\/strong><\/p>\n<p>Rappelons bri\u00e8vement que la privatisation du groupe \"A\u00e9roports de Paris\", inscrite dans la loi PACTE vot\u00e9e au printemps 2019, est suspendue \u00e0 une <span class='tooltipsall tooltip_post_id_6375 classtoolTips9'>proposition de loi<\/span>, d\u00e9pos\u00e9e par 248 parlementaires. <strong>Cette proposition de loi peut d\u00e9boucher sur un referendum<\/strong> permettant au peuple fran\u00e7ais dans son ensemble de d\u00e9cider si la gestion des a\u00e9roports rel\u00e8ve ou non du service public. Si la r\u00e9ponse \u00e0 ce referendum est OUI, cela aura pour effet de faire sortir cette privatisation de la loi PACTE. <strong>Mais, pour que ce referendum puisse avoir lieu, il est imp\u00e9ratif que la proposition de loi soit soutenue par 10% de l'\u00e9lectorat<\/strong>, soit plus de 4 717 000 \u00e9lecteurs. La collecte de <span class='tooltipsall tooltip_post_id_29829 classtoolTips180'>ces<\/span> soutiens a d\u00e9but\u00e9 le 13 juin 2019 et doit se terminer le 12 mars 2020.<\/p>\n<p><strong>Soutenir cette premi\u00e8re occurrence du Referendum d'Initiative Partag\u00e9e est primordial, au-del\u00e0 de la seule question de la privatisation du groupe A\u00e9roports de Paris.&nbsp;<\/strong><\/p>\n<p><em>Au moment de la mise en ligne de cette page, le nombre de soutiens collect\u00e9s aupr\u00e8s de l'\u00e9lectorat est&nbsp; trois fois inf\u00e9rieur \u00e0 ce qu'il devrait \u00eatre et, si cette tendance venait \u00e0 se maintenir, le nombre total de soutiens collect\u00e9s au 12 mars 2020 devrait se situer autour du quart des soutiens n\u00e9cessaires. Autant dire que, si l'on souhaite que ce referendum soit organis\u00e9, il convient de se r\u00e9veiller tr\u00e8s vite et de se mobiliser pour inverser cette tendance.<\/em><\/p>\n<p style=\"text-align: right;\"><em>La R\u00e9daction du Clairon de l'Atax - Novembre 2019<\/em><\/p>\n\t\t\t<\/div>\n\t\t\t\t\t\t\t\t\t\t\t<div class=\"iw-so-tabs-panel\" id=\"tab-1-2-content\">\n\t\t\t\t<p style=\"text-align: justify;\"><em>Cette section pr\u00e9sente le contexte et les enjeux li\u00e9s au Referendum d'Initiative Partag\u00e9e portant sur le projet gouvernemental de privatisation du groupe \"A\u00e9roports de Paris\". Sa lecture est importante pour bien saisir cette question dans toute son apparente complexit\u00e9.<\/em><\/p>\n<p style=\"text-align: justify;\"><div class=\"su-spoiler su-spoiler-style-fancy su-spoiler-icon-chevron-circle su-spoiler-closed\" data-scroll-offset=\"0\" data-anchor-in-url=\"no\"><div class=\"su-spoiler-title\" tabindex=\"0\" role=\"button\"><span class=\"su-spoiler-icon\"><\/span>1 - Rappels historiques<\/div><div class=\"su-spoiler-content su-u-clearfix su-u-trim\"><\/p>\n<ul style=\"text-align: justify;\">\n<li style=\"text-align: justify;\"><strong>le 22 mai 2019<\/strong>, l&rsquo;Assembl\u00e9e Nationale vote le texte final de la loi dite \u00ab\u00a0PACTE\u00a0\u00bb (relative \u00e0 la Croissance et \u00e0 la Transformation des Entreprises), qui comporte un volet pr\u00e9voyant la cession des actions d\u00e9tenues par l&rsquo;Etat dans le groupe \u00ab\u00a0A\u00e9roports de Paris\u00a0\u00bb, autrement dit la privatisation de ce groupe,<\/li>\n<li style=\"text-align: justify;\"><strong>le 10 avril 2019<\/strong>, anticipant ce vote, 248 parlementaires (130 d\u00e9put\u00e9s et 118 s\u00e9nateurs), oppos\u00e9s \u00e0 cette privatisation, d\u00e9posent une proposition de loi <em>\u00ab\u00a0pr\u00e9sent\u00e9e en application de l&rsquo;article 11 de la Constitution\u00a0\u00bb <\/em>et \u00ab\u00a0<strong><em>visant \u00e0 affirmer le caract\u00e8re de service public national de l\u2019exploitation des a\u00e9rodromes de Paris<\/em><\/strong>\u00ab\u00a0. L&rsquo;argumentaire des signataires de cette proposition de loi se termine par cette phrase: \u00ab\u00a0<em>Il revient donc au peuple Fran\u00e7ais, par voie de r\u00e9f\u00e9rendum, de pouvoir affirmer ou non le caract\u00e8re de service public national de l\u2019exploitation des a\u00e9rodromes de Paris\u00a0\u00bb. <\/em>Cette loi est dite \u00ab\u00a0RIP ADP\u00a0\u00bb (pour \u00ab\u00a0Referendum d&rsquo;Initiative Partag\u00e9e sur la privatisation du groupe A\u00e9roports de Paris\u00a0\u00bb),<\/li>\n<li style=\"text-align: justify;\"><strong>le 9 mai 2019<\/strong>, le Conseil Constitutionnel, dans sa d\u00e9cision \u00ab\u00a02019-1 RIP\u00a0\u00bb, d\u00e9clare cette proposition de loi conforme \u00e0 la Constitution, ce qui permet de lancer le processus de collecte des soutiens et suspend <em>de facto <\/em> l&rsquo;examen par le Parlement de cette proposition de loi, mais aussi, du m\u00eame coup, l&rsquo;application des dispositions de la loi PACTE, relatives \u00e0 la privatisation du groupe \u00ab\u00a0A\u00e9roports de Paris\u00a0\u00bb,<\/li>\n<li><strong>le 13 juin 2019<\/strong>, le processus de collecte des soutiens est lanc\u00e9, avec l&rsquo;ouverture au public d&rsquo;un site internet destin\u00e9 \u00e0 enregistrer les soutiens. La collecte de ces soutiens est pr\u00e9vue pour durer 9 mois (274 jours). Elle prendra fin le 12 mars 2020.<\/li>\n<\/ul>\n<p style=\"text-align: justify;\"><\/div><\/div><\/p>\n<p style=\"text-align: justify;\"><div class=\"su-spoiler su-spoiler-style-fancy su-spoiler-icon-chevron-circle su-spoiler-closed\" data-scroll-offset=\"0\" data-anchor-in-url=\"no\"><div class=\"su-spoiler-title\" tabindex=\"0\" role=\"button\"><span class=\"su-spoiler-icon\"><\/span>2 - Le Referendum d'Initiative Partag\u00e9e : d\u00e9finition et enjeux<\/div><div class=\"su-spoiler-content su-u-clearfix su-u-trim\"><\/p>\n<h4><em>Un dispositif constitutionnel r\u00e9cent et encore mal connu<\/em><\/h4>\n<p style=\"text-align: justify;\">Selon la Constitution de la V<sup>\u00e8me<\/sup> R\u00e9publique (article 11), un referendum consiste \u00e0 soumettre \u00e0 l&rsquo;approbation du peuple fran\u00e7ais \u00ab\u00a0<em>tout <span class='tooltipsall tooltip_post_id_6375 classtoolTips9'>projet de loi<\/span> portant sur l&rsquo;organisation des pouvoirs publics, sur des r\u00e9formes relatives \u00e0 la politique \u00e9conomique, sociale ou environnementale de la nation et aux services publics qui y concourent, ou tendant \u00e0 autoriser la ratification d&rsquo;un trait\u00e9 qui, sans \u00eatre contraire \u00e0 la Constitution, aurait des incidences sur le fonctionnement des institutions<\/em>\u00ab\u00a0.&nbsp;<\/p>\n<p style=\"text-align: justify;\">Jusqu&rsquo;\u00e0 2008, seul le Pr\u00e9sident de la R\u00e9publique avait le pouvoir de d\u00e9clencher un referendum, sur proposition du gouvernement ou du Parlement (les deux assembl\u00e9es r\u00e9unies &#8211; S\u00e9nat et Assembl\u00e9e Nationale).<\/p>\n<p style=\"text-align: justify;\">La loi constitutionnelle n\u00b0 2008-724 du 23 juillet 2008, dans son article 4, r\u00e9vise l&rsquo;article 11 de la Constitution en disposant que, d\u00e9sormais, une proposition de loi peut \u00eatre soumise \u00e0 referendum d\u00e8s lors qu&rsquo;elle est \u00ab\u00a0<em>initi\u00e9e par un cinqui\u00e8me du parlement<\/em> <em>et soutenue par<\/em> <em>un dixi\u00e8me des \u00e9lecteurs inscrits sur les listes \u00e9lectorales<\/em>\u00ab\u00a0.<\/p>\n<p style=\"text-align: justify;\"><div class=\"cl-popup align_left\"><a href=\"javascript:void(0)\" class=\"cl-popup-trigger type_text\">Voir ici le texte complet de l'article 11 r\u00e9vis\u00e9 en 2008<\/a><div class=\"cl-popup-overlay\" style=\"background-color:rgba(0,0,0,0.75);\"><\/div><div class=\"cl-popup-wrap\"><div class=\"cl-popup-box size_m animation_flipVer\" style=\"border-radius:10px;\"><div class=\"cl-popup-box-h\"><div class=\"cl-popup-box-title\" style=\"color:#666666;background-color:#f2f2f2;\">Texte complet de l'article 11 de la Constitution<\/div><div class=\"cl-popup-box-content\" style=\"color:#333333;background-color:#ffffff;\"><em>Ci-dessous, le texte de l&rsquo;article 11 de la Constitution avec, en surlign\u00e9 gris, les modifications apport\u00e9es par la r\u00e9vision constitutionnelle de 2008.<\/em><\/p>\n<p style=\"text-align: justify;\"><strong>ARTICLE 11<\/strong><\/p>\n<p>Le Pr\u00e9sident de la R\u00e9publique, sur proposition du Gouvernement pendant la dur\u00e9e des sessions ou sur proposition conjointe des deux Assembl\u00e9es, publi\u00e9es au Journal Officiel, peut soumettre au r\u00e9f\u00e9rendum tout projet de loi portant sur l&rsquo;organisation des pouvoirs publics, sur des r\u00e9formes relatives \u00e0 la politique \u00e9conomique, sociale <span style=\"background-color: #dedede;\">ou environnementale<\/span> de la nation et aux services publics qui y concourent, ou tendant \u00e0 autoriser la ratification d&rsquo;un trait\u00e9 qui, sans \u00eatre contraire \u00e0 la Constitution, aurait des incidences sur le fonctionnement des institutions.<\/p>\n<p style=\"text-align: justify;\">Lorsque le r\u00e9f\u00e9rendum est organis\u00e9 sur proposition du Gouvernement, celui-ci fait, devant chaque assembl\u00e9e, une d\u00e9claration qui est suivie d&rsquo;un d\u00e9bat.<\/p>\n<p style=\"text-align: justify;\"><span style=\"background-color: #dedede;\">Un r\u00e9f\u00e9rendum portant sur un objet mentionn\u00e9 au premier alin\u00e9a peut \u00eatre organis\u00e9 \u00e0 l&rsquo;initiative d&rsquo;un cinqui\u00e8me des membres du Parlement, soutenue par un dixi\u00e8me des \u00e9lecteurs inscrits sur les listes \u00e9lectorales. Cette initiative prend la forme d&rsquo;une proposition de loi et ne peut avoir pour objet l&rsquo;abrogation d&rsquo;une disposition l\u00e9gislative promulgu\u00e9e depuis moins d&rsquo;un an.<\/span><\/p>\n<p style=\"text-align: justify;\"><span style=\"background-color: #dedede;\">Les conditions de sa pr\u00e9sentation et celles dans lesquelles le Conseil constitutionnel contr\u00f4le le respect des dispositions de l&rsquo;alin\u00e9a pr\u00e9c\u00e9dent sont d\u00e9termin\u00e9es par une loi organique.<\/span><\/p>\n<p style=\"text-align: justify;\"><span style=\"background-color: #dedede;\">Si la proposition de loi n&rsquo;a pas \u00e9t\u00e9 examin\u00e9e par les deux assembl\u00e9es dans un d\u00e9lai fix\u00e9 par la loi organique, le Pr\u00e9sident de la R\u00e9publique la soumet au r\u00e9f\u00e9rendum.<\/span><\/p>\n<p style=\"text-align: justify;\"><span style=\"background-color: #dedede;\">Lorsque la proposition de loi n&rsquo;est pas adopt\u00e9e par le peuple fran\u00e7ais, aucune nouvelle proposition de r\u00e9f\u00e9rendum portant sur le m\u00eame sujet ne peut \u00eatre pr\u00e9sent\u00e9e avant l&rsquo;expiration d&rsquo;un d\u00e9lai de deux ans suivant la date du scrutin.<\/span><\/p>\n<p style=\"text-align: justify;\">Lorsque le r\u00e9f\u00e9rendum a conclu \u00e0 l&rsquo;adoption du projet <span style=\"background-color: #dedede;\">ou de la proposition<\/span> de loi, le Pr\u00e9sident de la R\u00e9publique promulgue la loi dans les quinze jours qui suivent la proclamation des r\u00e9sultats de la consultation.<\/p>\n<p style=\"text-align: justify;\"><\/div><div class=\"cl-popup-box-closer\" style=\"color:#666666;\"><\/div><\/div><\/div><div class=\"cl-popup-closer\"><\/div><\/div><\/div><\/p>\n<p style=\"text-align: justify;\">C&rsquo;est ce <strong>dispositif constitutionnel<\/strong> qui est appel\u00e9 \u00ab\u00a0Referendum d&rsquo;Initiative Partag\u00e9e\u00a0\u00bb, car son <strong>d\u00e9clenchement<\/strong> est <strong>partag\u00e9 entre une partie du Parlement<\/strong>, qui l&rsquo;initie au travers d&rsquo;une proposition de loi, <strong>et une partie du corps \u00e9lectoral<\/strong> qui soutient cette proposition de loi. Vot\u00e9e en 2008, sous la pr\u00e9sidence Sarkozy, cette r\u00e9vision constitutionnelle n&rsquo;a r\u00e9ellement vu le jour, comme toute loi, que lorsque le pr\u00e9sident de la R\u00e9publique en a publi\u00e9 le d\u00e9cret d&rsquo;application. Cette publication n&rsquo;est intervenue qu&rsquo;en 2015, sous la pr\u00e9sidence Hollande.<\/p>\n<p style=\"text-align: justify;\">Pour l&rsquo;\u00e9lecteur, ce dispositif constitutionnel constitue une avanc\u00e9e, dans la mesure o\u00f9, conjointement avec une partie du Parlement, il peut d\u00e9cider de l&rsquo;organisation d&rsquo;un referendum sur un sujet qu&rsquo;il juge important. A l&rsquo;heure o\u00f9 de nombreux \u00ab\u00a0gilets jaunes\u00a0\u00bb demandent plus de pouvoir au peuple, notamment \u00e0 travers un <span class='tooltipsall tooltip_post_id_12268 classtoolTips205'>RIC<\/span> (Referendum d&rsquo;Initiative Citoyenne), le RIP est une occasion \u00e0 saisir pour peser sur les d\u00e9cisions du gouvernement.<\/p>\n<h4><em>Une avanc\u00e9e d\u00e9mocratique qui exige une union forte des parties prenantes, parlementaires comme citoyens<\/em><\/h4>\n<p style=\"text-align: justify;\">La premi\u00e8re condition de validit\u00e9 d&rsquo;un RIP est que la proposition de loi qui lui est associ\u00e9e soit d\u00e9pos\u00e9e par un minimum de 1\/5<sup>\u00e8me<\/sup> des parlementaires (d\u00e9put\u00e9s et s\u00e9nateurs). Actuellement, cela repr\u00e9sente 185 parlementaires, ce qui n&rsquo;est pas exactement anecdotique. C&rsquo;est d&rsquo;ailleurs la raison pour laquelle, si 248 parlementaires ont pu se mettre d&rsquo;accord pour d\u00e9poser le RIP pour tenter d&rsquo;\u00e9viter la privatisation du groupe ADP, il n&rsquo;en a pas \u00e9t\u00e9 de m\u00eame pour celle de la Fran\u00e7aise des Jeux. C&rsquo;est la raison pour laquelle la privatisation de FDJ a pu avoir lieu en novembre 2019.<\/p>\n<p style=\"text-align: justify;\">Mais cette union des parlementaires n&rsquo;est pas la seule condition pour que le referendum vis\u00e9 puisse \u00eatre organis\u00e9 : il faut encore que 10% des \u00e9lecteurs soutiennent cette cette initiative parlementaire. On peut s&rsquo;imaginer qu&rsquo;il sera facile d&rsquo;obtenir le soutien d&rsquo;une part apparemment aussi r\u00e9duite de l&rsquo;\u00e9lectorat. Mais c&rsquo;est oublier un peu vite que cette part repr\u00e9sente actuellement plus de 4,7 millions d&rsquo;\u00e9lecteurs. Et si l&rsquo;on examine les r\u00e9sultats de la collecte des soutiens apr\u00e8s plus de la moiti\u00e9 du temps imparti \u00e0 cette collecte (900 000 soutiens sur 5 mois alors qu&rsquo;il en reste moins de 4), on se rend compte que l&rsquo;union des fran\u00e7ais, si facile \u00e0 \u00e9tablir dans les sondages (75% se disent pr\u00eats \u00e0 signer une p\u00e9tition contre la privatisation d&rsquo;ADP), n&rsquo;appara\u00eet pas aussi \u00e9vidente dans la&nbsp; r\u00e9alit\u00e9.<\/p>\n<p>On peut affirmer que <strong>le RIP est un outil constitutionnel \u00e0 la disposition de l&rsquo;\u00e9lecteur, au m\u00eame titre que le droit de vote <\/strong>:<\/p>\n<ul>\n<li>comme ce dernier, il exige le concours d&rsquo;un ensemble d&rsquo;\u00e9lecteurs suffisamment nombreux pour peser sur les destin\u00e9es du pays,<\/li>\n<li><strong>beaucoup plus<\/strong> que ce dernier, <strong>il permet \u00e0 l&rsquo;\u00e9lecteur de peser sur les choix politiques concrets d&rsquo;un gouvernement.<\/strong><\/li>\n<\/ul>\n<h4><em>Complexit\u00e9 d&rsquo;un dispositif qui comporte toujours un double enjeu<\/em><\/h4>\n<p>La complexit\u00e9 de ce dispositif tient au fait qu&rsquo;il porte deux enjeux et pas un seul :<\/p>\n<ul>\n<li style=\"text-align: justify;\">le premier enjeu est celui de l&rsquo;organisation d&rsquo;un referendum, privil\u00e8ge jusque l\u00e0 r\u00e9serv\u00e9 au Pr\u00e9sident de la R\u00e9publique, et qui est d\u00e9sormais \u00e0 port\u00e9e de l&rsquo;\u00e9lecteur, aid\u00e9 en cela par les parlementaires \u00e0 qui revient l&rsquo;initiative de d\u00e9poser une proposition de loi r\u00e9f\u00e9rendaire.<\/li>\n<li>le deuxi\u00e8me enjeu est l&rsquo;objet port\u00e9 par la proposition de loi, ici la privatisation du groupe ADP.<\/li>\n<\/ul>\n<p style=\"text-align: justify;\">Si l&rsquo;on peut facilement comprendre que s&rsquo;opposer \u00e0 la privatisation d&rsquo;ADP ne concerne qu&rsquo;une frange de l&rsquo;\u00e9lectorat, oppos\u00e9e \u00e0 la destruction des services publics, on peut tout aussi facilement consid\u00e9rer que le pouvoir de d\u00e9clencher un referendum peut int\u00e9resser beaucoup plus d&rsquo;\u00e9lecteurs.<\/p>\n<p style=\"text-align: justify;\">Si l&rsquo;on veut bien garder \u00e0 l&rsquo;esprit qu&rsquo;un referendum, c&rsquo;est la possibilit\u00e9 de dire OUI ou NON \u00e0 une question pos\u00e9e, m\u00eame celui qui n&rsquo;est pas oppos\u00e9 \u00e0 la privatisation d&rsquo;ADP peut trouver son int\u00e9r\u00eat \u00e0 soutenir un RIP, \u00e9tant donn\u00e9 que, en cas d&rsquo;organisation d&rsquo;un referendum, il lui sera possible de dire NON l\u00e0 o\u00f9 d&rsquo;autres diront OUI. Seuls ceux qui veulent \u00e0 tout prix \u00e9viter l&rsquo;\u00e9chec de cette privatisation peuvent avoir int\u00e9r\u00eat \u00e0 ce que ce RIP n&rsquo;aboutisse pas.<\/p>\n<h4><em>Le premier RIP de l&rsquo;histoire, un enjeu particulier<\/em><\/h4>\n<p style=\"text-align: justify;\">Pour que cette proposition de loi r\u00e9f\u00e9rendaire ait pu voir le jour, il a fallu que 248 parlementaires, de tous bords politiques, trouvent un terrain d&rsquo;entente. Ce n&rsquo;est pas rien et l&rsquo;occasion d&rsquo;un nouveau RIP, sous ce seul aspect, risque de se faire attendre longtemps. Si, en plus, ce premier RIP n&rsquo;arrive pas \u00e0 recueillir le minimum de soutiens n\u00e9cessaires de la part des \u00e9lecteurs, cela pourrait d\u00e9courager les parlementaires, qui seraient fond\u00e9s \u00e0 se dire que, d\u00e9cid\u00e9ment, le peuple pr\u00e9f\u00e8re ronchonner plut\u00f4t que de se saisir des outils qui sont \u00e0 sa&nbsp; port\u00e9e.<\/p>\n<p style=\"text-align: justify;\"><strong>De ce point de vue, l&rsquo;enjeu prioritaire du RIP est d&rsquo;ouvrir la possibilit\u00e9 du referendum. Pour cela, il est imp\u00e9ratif que la condition du soutien de 10% de l&rsquo;\u00e9lectorat soit remplie. Sinon, il ne sera m\u00eame pas question de d\u00e9battre de la privatisation ou non du groupe ADP (\u00ab\u00a0A\u00e9roports de Paris\u00a0\u00bb). La question de cette privatisation deviendra prioritaire d\u00e8s lors que les conditions pour organiser un referendum auront \u00e9t\u00e9 r\u00e9unies.<\/strong><\/p>\n<p><span style=\"text-decoration: underline;\"><em><strong>Soutenir ce RIP, c&rsquo;est aussi encourager les parlementaires, au travers d&rsquo;autres RIP, sur d&rsquo;autres sujets, \u00e0 s&rsquo;allier entre eux et avec les \u00e9lecteurs pour peser ensemble sur les choix gouvernementaux.<\/strong><\/em><\/span><\/p>\n<h4><em><strong>Une publicit\u00e9 quasi inexistante autour d&rsquo;un dispositif nouveau, aussi important que le droit de vote<\/strong><\/em><\/h4>\n<p style=\"text-align: justify;\">Qu&rsquo;il s&rsquo;agisse de la presse \u00e9crite, de la radio ou de la t\u00e9l\u00e9vision, tr\u00e8s peu d&rsquo;informations ont \u00e9t\u00e9 diffus\u00e9es sur ce tournant majeur pour notre d\u00e9mocratie. A l&rsquo;exception de quelques articles et s\u00e9quences radio ou t\u00e9l\u00e9vis\u00e9es au d\u00e9but de la collecte des soutiens, on peut affirmer que l&rsquo;ensemble de la presse ne se pr\u00e9cipite pas pour rappeler aux \u00e9lecteurs l&rsquo;importance du RIP et les pousser \u00e0 le soutenir. Encore faut-il se rappeler qu&rsquo;\u00e0 l&rsquo;\u00e9poque, le message r\u00e9current soulignait essentiellement la difficult\u00e9 \u00e0 apporter son soutien, du fait d&rsquo;une plate-forme de collecte jug\u00e9e d\u00e9faillante, ce qui n&rsquo;\u00e9tait pas particuli\u00e8rement&nbsp; propre \u00e0 inciter le citoyen \u00e0 s&rsquo;int\u00e9resser \u00e0 ce dispositif.&nbsp;<\/p>\n<p style=\"text-align: justify;\">Cet silence assourdissant des m\u00e9dia est probablement l&rsquo;une des causes majeures de la faiblesse des soutiens obtenus \u00e0 ce jour.<\/p>\n<p style=\"text-align: justify;\"><\/div><\/div><\/p>\n<p style=\"text-align: justify;\"><div class=\"su-spoiler su-spoiler-style-fancy su-spoiler-icon-chevron-circle su-spoiler-closed\" data-scroll-offset=\"0\" data-anchor-in-url=\"no\"><div class=\"su-spoiler-title\" tabindex=\"0\" role=\"button\"><span class=\"su-spoiler-icon\"><\/span>3 - Le groupe 'A\u00e9roports de Paris -&nbsp; Rappels et enjeux de la privatisation<\/div><div class=\"su-spoiler-content su-u-clearfix su-u-trim\"><\/p>\n<h3><em>Que repr\u00e9sente le groupe \u00ab\u00a0A\u00e9roports de Paris\u00a0\u00bb ?<\/em><\/h3>\n<p style=\"text-align: justify;\">A\u00e9roport de Paris (ADP) est une entreprise fran\u00e7aise, fond\u00e9e par l\u2019\u00c9tat fran\u00e7ais en 1945. Elle restera un \u00e9tablissement public (d\u00e9tenu \u00e0 100 % par l&rsquo;\u00c9tat Fran\u00e7ais) jusqu&rsquo;en 2005, date \u00e0 laquelle sera d\u00e9cid\u00e9e son introduction en bourse, qui interviendra l&rsquo;ann\u00e9e suivante, l&rsquo;\u00c9tat restant&nbsp; jusqu&rsquo;\u00e0 aujourd&rsquo;hui l&rsquo;actionnaire majoritaire (50,6 % du capital, soit plus de 50 millions d&rsquo;actions sur les 99 millions qui composent ce capital &#8211; chiffres au 31\/12\/2018).<\/p>\n<p style=\"text-align: justify;\">Cela signifie clairement que, durant 60 ans, les imposants travaux men\u00e9s par cette entreprise ont \u00e9t\u00e9 soutenus avec de l&rsquo;argent public, en particulier:<\/p>\n<ul style=\"text-align: justify;\">\n<li>la construction et les extensions de l&rsquo;a\u00e9roport d&rsquo;Orly,<\/li>\n<li>la reconstruction de l&rsquo;a\u00e9roport du Bourget,<\/li>\n<li>la construction et les extensions de l&rsquo;a\u00e9roport Roissy-Charles de Gaulle,<\/li>\n<li>etc.<\/li>\n<\/ul>\n<p style=\"text-align: justify;\">Loin de se limiter \u00e0 la construction, l&rsquo;am\u00e9nagement et l&rsquo;exploitation des trois grands a\u00e9roports d\u00e9j\u00e0 mentionn\u00e9s, le groupe ADP g\u00e8re onze autres a\u00e9roports ouverts \u00e0 la circulation a\u00e9rienne civile en \u00cele de France. Il est de plus tr\u00e8s pr\u00e9sent \u00e0 l&rsquo;international, o\u00f9 il g\u00e8re une vingtaine d&rsquo;a\u00e9roports r\u00e9partis dans 8 pays et d\u00e9tient des parts allant de 10 % \u00e0 45 % dans des entreprises de gestion a\u00e9roportuaires de 9 pays.<\/p>\n<p style=\"text-align: justify;\">On le voit, ADP n&rsquo;est pas exactement ce que l&rsquo;on pourrait appeler un groupe anecdotique. C&rsquo;est, de plus, un groupe qui se porte bien, comme en attestent les chiffres de ses r\u00e9sultats sur les onze derni\u00e8res ann\u00e9es : entre 2008 et 2018, son chiffre d&rsquo;affaires a progress\u00e9 de 177 % et son r\u00e9sultat net de 223 %.<\/p>\n<p style=\"text-align: center;\"><a href=\"https:\/\/i0.wp.com\/le-clairon-nouveau.fr\/wordpress\/wp-content\/uploads\/2019\/10\/ADP-R%C3%A9sultats-Wikipedia.png?ssl=1\"><img data-recalc-dims=\"1\" loading=\"lazy\" decoding=\"async\" class=\"aligncenter wp-image-19939 size-full\" src=\"https:\/\/i0.wp.com\/le-clairon-nouveau.fr\/wordpress\/wp-content\/uploads\/2019\/10\/ADP-R%C3%A9sultats-Wikipedia.png?resize=837%2C175&#038;ssl=1\" alt=\"\" width=\"837\" height=\"175\" srcset=\"https:\/\/i0.wp.com\/le-clairon-nouveau.fr\/wordpress\/wp-content\/uploads\/2019\/10\/ADP-R%C3%A9sultats-Wikipedia.png?w=837&amp;ssl=1 837w, https:\/\/i0.wp.com\/le-clairon-nouveau.fr\/wordpress\/wp-content\/uploads\/2019\/10\/ADP-R%C3%A9sultats-Wikipedia.png?resize=300%2C63&amp;ssl=1 300w, https:\/\/i0.wp.com\/le-clairon-nouveau.fr\/wordpress\/wp-content\/uploads\/2019\/10\/ADP-R%C3%A9sultats-Wikipedia.png?resize=768%2C161&amp;ssl=1 768w\" sizes=\"auto, (max-width: 837px) 100vw, 837px\" \/><\/a><em>(source Wikipedia)<\/em><\/p>\n<p style=\"text-align: center;\"><em>Dans la m\u00eame p\u00e9riode, le cours en bourse de l&rsquo;action a plus que tripl\u00e9 (plus pr\u00e9cis\u00e9ment, il a \u00e9t\u00e9 multipli\u00e9 par 3,4), passant de 48,39&nbsp;\u20ac au 31\/12\/2008 \u00e0 165&nbsp;\u20ac au 31\/12\/2018. Ainsi, au titre de l&rsquo;exercice 2018 d&rsquo;ADP, l\u2019\u00c9tat a per\u00e7u un dividende d&rsquo;environ 173&nbsp;millions&nbsp;\u20ac (3,46&nbsp;\u20ac par action &#8211; source A\u00e9roports de Paris) et, au 31\/12\/2018, les parts de l\u2019\u00c9tat dans le groupe repr\u00e9sentent une valeur sup\u00e9rieure \u00e0 8&nbsp;milliards&nbsp;\u20ac.<\/em><\/p>\n<p style=\"text-align: justify;\"><em>Au passage, il n&rsquo;est peut-\u00eatre pas tr\u00e8s rassurant de constater que, sur une m\u00eame p\u00e9riode, le dividende d&rsquo;une entreprise augmente plus que le r\u00e9sultat net et que ce dernier augmente plus que le chiffre d&rsquo;affaires. Peut-on y voir r\u00e9ellement le signe d&rsquo;une bonne sant\u00e9 de l&rsquo;entreprise, ou celui d&rsquo;une spoliation consciencieuse (voire compulsive) des fameux \u00ab\u00a0fruits de la croissance\u00a0\u00bb au profit des seuls actionnaires ? Il est en effet douteux que l&rsquo;investissement ou les salaires aient progress\u00e9 dans la m\u00eame proportion sur la m\u00eame p\u00e9riode.<\/em><\/p>\n<h3><em>Les enjeux de la privatisation<\/em><\/h3>\n<p><em>En cours de r\u00e9daction&#8230;<\/em><\/p>\n<p style=\"text-align: justify;\"><\/div><\/div><\/p>\n<p style=\"text-align: justify;\"><div class=\"su-spoiler su-spoiler-style-fancy su-spoiler-icon-chevron-circle su-spoiler-closed\" data-scroll-offset=\"0\" data-anchor-in-url=\"no\"><div class=\"su-spoiler-title\" tabindex=\"0\" role=\"button\"><span class=\"su-spoiler-icon\"><\/span>4 - Quelques contre-sens \u00e0 \u00e9viter<\/div><div class=\"su-spoiler-content su-u-clearfix su-u-trim\"><\/p>\n<p style=\"text-align: justify;\"><em>Dans des situations complexes, on est toujours tent\u00e9 de recourir \u00e0 des simplifications, au pr\u00e9texte que le commun des mortels ne prise pas la complexit\u00e9. Parfois, de telles simplifications am\u00e8nent le citoyen \u00e0 agir \u00e0 l&rsquo;encontre de ses propres int\u00e9r\u00eats, du fait d&rsquo;une compr\u00e9hension inexacte des questions pos\u00e9es et des enjeux qu&rsquo;elles portent. C&rsquo;est pourquoi, au risque de para\u00eetre \u00ab\u00a0barbants\u00a0\u00bb, nous avons pris le parti de d\u00e9tailler, dans cette section, certains \u00e9l\u00e9ments de la complexit\u00e9 inh\u00e9rente aux tenants et aboutissants de cette proposition de loi et de son impact sur le citoyen et la soci\u00e9t\u00e9. <\/em><\/p>\n<p style=\"text-align: justify;\"><em><strong>Sur le Referendum d&rsquo;Initiative Partag\u00e9e (RIP)<br \/>\n<\/strong><\/em><\/p>\n<ul style=\"text-align: justify;\">\n<li style=\"text-align: justify;\"><strong>Le referendum n&rsquo;est pas acquis, il est \u00e0 conqu\u00e9rir&nbsp;<\/strong>: certaines personnes, rencontr\u00e9es lors de s\u00e9ances d&rsquo;information ou de signature, ont affirm\u00e9 qu&rsquo;elles pensaient que le referendum aurait lieu en mars 2020, du seul fait que la proposition de loi dite \u00ab\u00a0RIP ADP\u00a0\u00bb avait \u00e9t\u00e9 d\u00e9pos\u00e9e et d\u00e9clar\u00e9e recevable par le Conseil Constitutionnel. De ce fait, ces personnes ne voyaient pas la n\u00e9cessit\u00e9 d&rsquo;apporter leur soutien au RIP ADP. Le d\u00e9ficit \u00e9vident et criant d&rsquo;information par les principaux media, en favorisant un tel contre-sens, contribue grandement \u00e0 la faiblesse actuelle du nombre de soutiens.<\/li>\n<li><strong>Si le referendum a lieu, on ne votera pas exactement pour ou contre la privatisation du groupe ADP&nbsp;:<\/strong> en effet, la proposition de loi dite RIP&nbsp;ADP vise \u00e0 \u00ab\u00a0<em>affirmer le caract\u00e8re de service public national de l\u2019exploitation des a\u00e9rodromes de Paris<\/em>\u00ab\u00a0. C&rsquo;est sur cette question exclusivement que portera le referendum. Et si la r\u00e9ponse du peuple fran\u00e7ais \u00e0 cette question est OUI, alors la privatisation du groupe ADP devra \u00eatre retir\u00e9e de la loi PACTE, car il ne s&rsquo;agirait plus de privatiser une <em>entreprise publique<\/em> (comme l&rsquo;\u00e9taient Renault ou le Cr\u00e9dit Lyonnais dans le pass\u00e9) mais un <em>service public <\/em>tel que la sant\u00e9, la s\u00e9curit\u00e9 sociale, l&rsquo;\u00e9ducation, la justice, etc.<\/li>\n<\/ul>\n<p><em><strong>Sur le soutien au RIP<\/strong><\/em><\/p>\n<ul>\n<li style=\"text-align: justify;\"><strong>Soutenir un RIP n&rsquo;est pas voter&nbsp;<\/strong>: sur certaines affiches militant pour le soutien au RIP ADP, on a pu voir ce slogan \u00ab\u00a0<em>Contre la privatisation des A\u00e9roports de Paris, je vote\u00a0\u00bb. <\/em>On ne le rappellera jamais assez, le vote aura lieu lors du referendum. Or, celui-ci n&rsquo;aura lieu que si la proposition de loi dite RIP ADP recueille le soutien d&rsquo;un minimum de 4&nbsp;717&nbsp;396 \u00e9lecteurs, soit 10% du corps \u00e9lectoral. Pour l&rsquo;instant, l&rsquo;enjeu est de recueillir un maximum de soutiens pour arriver \u00e0 ce minimum, faute de quoi, il ne sera jamais question de voter sur la privatisation du groupe ADP.<br \/>\n<em>Ajoutons que l&rsquo;on peut soutenir le RIP ind\u00e9pendamment de sa propre position vis-\u00e0-vis de cette privatisation. S&rsquo;il est \u00e9vident que ceux qui sont favorables \u00e0 cette privatisation n&rsquo;ont aucun int\u00e9r\u00eat \u00e0 soutenir ce RIP, ce n&rsquo;est peut-\u00eatre pas un si bon calcul de ne pas le soutenir. Pourquoi ? Parce que si ce RIP n&rsquo;aboutit pas faute d&rsquo;un nombre suffisant de soutiens, les chances sont tr\u00e8s faibles qu&rsquo;un autre RIP, portant sur une autre loi, voie jamais le jour.<\/em><\/li>\n<li style=\"text-align: justify;\"><strong>Soutenir un RIP n&rsquo;est pas signer une p\u00e9tition: <\/strong>une p\u00e9tition est un \u00e9crit adress\u00e9, en g\u00e9n\u00e9ral, aux pouvoirs publics et exprime un v\u0153u que le destinataire n&rsquo;a aucune obligation de satisfaire. Cela peut \u00eatre consid\u00e9r\u00e9 comme un moyen de faire pression sur le destinataire. Le soutien au RIP est une partie essentielle du dispositif et constitue une condition <em>sine qua non<\/em> de sa mise en \u0153uvre. En cela, il s&rsquo;apparente de tr\u00e8s pr\u00e8s \u00e0 une obligation citoyenne, au m\u00eame titre que le fait de voter \u00e0 une \u00e9lection. <em>De ce fait, l&rsquo;absence flagrante de m\u00e9diatisation du RIP ADP peut \u00eatre consid\u00e9r\u00e9e comme une regrettable anomalie dans la vie de notre d\u00e9mocratie.<\/em><\/li>\n<\/ul>\n<p style=\"text-align: justify;\"><em><strong>Sur le groupe ADP<\/strong><\/em><\/p>\n<ul>\n<li style=\"text-align: justify;\"><strong>la privatisation pr\u00e9vue dans la loi PACTE ne porte pas<\/strong>, comme on a pu le lire ici ou l\u00e0, <strong>sur un a\u00e9roport<\/strong>, comme celui de Toulouse ou de Nice, <strong>mais sur un groupe entier<\/strong>, dont l&rsquo;\u00c9tat d\u00e9tient plus de 50% du capital, et <strong>qui g\u00e8re 14 a\u00e9roports en r\u00e9gion parisienne, 20 dans le monde, et participe au capital de soci\u00e9t\u00e9s a\u00e9roportuaires dans neuf pays<\/strong>.<br \/>\nDe ce point de vue, et contrairement \u00e0 ce que certains ont voulu croire, il ne s&rsquo;agit pas d&rsquo;une affaire parisienne qui, en tant que telle, ne rev\u00eatirait que peu d&rsquo;int\u00e9r\u00eat pour le reste des fran\u00e7ais. \u00c9tant donn\u00e9 le dividende que l&rsquo;\u00c9tat per\u00e7oit chaque ann\u00e9e au titre de sa participation dans ce groupe (environ 173 millions \u20ac pour l&rsquo;exercice 2018), cette question concerne tous les fran\u00e7ais, car le manque \u00e0 gagner qu&rsquo;entra\u00eenerait une privatisation pour les recettes de l&rsquo;\u00c9tat concerne tous les contribuables, ainsi que les b\u00e9n\u00e9ficiaires des services publics de l&rsquo;\u00c9tat.<\/li>\n<li style=\"text-align: justify;\"><strong>le groupe ADP est une entreprise publique, pas un service public.<\/strong> A ce titre, il est l\u00e9gal que sa privatisation figure dans la loi PACTE. Cependant, certains estiment que la gestion et l&rsquo;exploitation des a\u00e9roports de Paris rel\u00e8ve du service public et c&rsquo;est pour cette raison qu&rsquo;ils ont d\u00e9pos\u00e9 la proposition de loi dite RIP&nbsp;ADP. Si les conditions sont remplies pour qu&rsquo;un referendum soit organis\u00e9, c&rsquo;est le peuple fran\u00e7ais qui d\u00e9cidera, ou non, que le groupe ADP remplit une mission de service public.<\/li>\n<\/ul>\n<p style=\"text-align: justify;\"><\/div><\/div><\/p>\n\t\t\t<\/div>\n\t\t\t\t\t\t\t\t\t\t\t<div class=\"iw-so-tabs-panel\" id=\"tab-1-3-content\">\n\t\t\t\t<p><em>Agir pour le RIP est une cause citoyenne qui ne r\u00e9pond \u00e0 aucune id\u00e9ologie particuli\u00e8re. Il suffit d'\u00eatre convaincu de l'importance que rev\u00eat le fait&nbsp; de jouer son r\u00f4le de citoyen dans la soci\u00e9t\u00e9 et de l'int\u00e9r\u00eat qu'il y a \u00e0 peser sur les choix du gouvernement.<\/em><\/p>\n<p><div class=\"su-spoiler su-spoiler-style-fancy su-spoiler-icon-chevron-circle su-spoiler-closed\" data-scroll-offset=\"0\" data-anchor-in-url=\"no\"><div class=\"su-spoiler-title\" tabindex=\"0\" role=\"button\"><span class=\"su-spoiler-icon\"><\/span>1 - Pourquoi agir pour le RIP ?<\/div><div class=\"su-spoiler-content su-u-clearfix su-u-trim\"><\/p>\n<p style=\"text-align: justify;\">Comme nous l&rsquo;avons indiqu\u00e9 pr\u00e9c\u00e9demment (cf. \u00ab\u00a0les contre-sens \u00e0 \u00e9viter\u00a0\u00bb), agir pour le RIP <strong>vise avant tout \u00e0 montrer au pouvoir que le peuple est capable de se saisir d&rsquo;un outil qui lui a \u00e9t\u00e9 donn\u00e9 par la Constitution pour peser sur les d\u00e9cisions du Gouvernement et du Parlement<\/strong>. Dans la mesure o\u00f9 il faut l&rsquo;union de 10% de l&rsquo;\u00e9lectorat pour faire aboutir une proposition de loi, <strong>cette union rev\u00eat la m\u00eame importance d\u00e9mocratique qu&rsquo;une \u00e9lection<\/strong>.<\/p>\n<p style=\"text-align: justify;\">A ce premier stade, peu importe l&rsquo;objet de la proposition de loi qui est pr\u00e9sent\u00e9e, puisque son contenu sera soumis au r\u00e9f\u00e9rendum de l&rsquo;ensemble du peuple fran\u00e7ais. En revanche, si le nombre de soutiens n&rsquo;atteint pas les 10% de l&rsquo;\u00e9lectorat, la proposition de loi, quel qu&rsquo;en soit l&rsquo;objet, ira tout simplement \u00e0 la poubelle.<\/p>\n<p style=\"text-align: justify;\">Ce n&rsquo;est qu&rsquo;une fois ce soutien obtenu qu&rsquo;il s&rsquo;agira de d\u00e9battre sur l&rsquo;objet m\u00eame de la proposition de loi. Dans le cas pr\u00e9sent, le d\u00e9bat portera alors sur le fait de voter pour ou contre la reconnaissance de l&rsquo;exploitation des a\u00e9rodromes de Paris comme service public. Mais, ult\u00e9rieurement, d&rsquo;autres RIP pourront \u00eatre d\u00e9pos\u00e9s sur d&rsquo;autres sujets touchant \u00e0 la vie publique.<\/p>\n<p style=\"text-align: justify;\"><em>Il faut bien comprendre que, <strong>si ce premier RIP \u00e9choue, il est hautement probable qu&rsquo;aucun autre RIP ne pourra voir le jour<\/strong>. En effet, il est d\u00e9j\u00e0 difficile de trouver 1\/5\u00e8me du Parlement pour initier la d\u00e9marche. Cela a \u00e9t\u00e9 possible pour la question de la privatisation du groupe A\u00e9roports de Paris et c&rsquo;est tant mieux. Mais pour d&rsquo;autres sujets, tels que la privatisation de la Fran\u00e7aise des Jeux, il n&rsquo;a pas \u00e9t\u00e9 possible de trouver les 185 d\u00e9put\u00e9s et s\u00e9nateurs n\u00e9cessaires pour initier un RIP. C&rsquo;est pourquoi cette entreprise publique, jusqu&rsquo;alors d\u00e9tenue \u00e0 d\u00e9tenue \u00e0 100% par l&rsquo;\u00c9tat, est entr\u00e9e en bourse dans le courant du mois de novembre 2019. On ne sait pas assez l&rsquo;importance que rev\u00eataient ses gains pour le financement de l&rsquo;action publique (notamment dans le soutien au sport de haut niveau).<\/em><\/p>\n<p style=\"text-align: justify;\"><strong>Enfin, que penser d&rsquo;un peuple qui ne cesse de d\u00e9plorer le peu de moyens qu&rsquo;il a de peser sur les d\u00e9cisions publiques et qui ne trouverait pas 10% de ses \u00e9lecteurs pr\u00eats \u00e0 soutenir l&rsquo;organisation d&rsquo;un r\u00e9f\u00e9rendum sur un sujet qu&rsquo;il juge par ailleurs crucial ?<\/strong><\/p>\n<p style=\"text-align: justify;\"><em>De nombreux sondages ont \u00e9t\u00e9 effectu\u00e9s dans la population&nbsp; au sujet de la privatisation d&rsquo;ADP. Selon l&rsquo;un d&rsquo;entre eux, pr\u00e8s de 75% des \u00e9lecteurs fran\u00e7ais sont contre. Selon un autre, 75% des fran\u00e7ais se disent pr\u00eats \u00e0 signer une p\u00e9tition contre cette privatisation. Comment pourrait-on alors expliquer qu&rsquo;il s&rsquo;est trouv\u00e9 moins de 10% de ces m\u00eames \u00e9lecteurs pour soutenir le RIP ? Pourtant, au 10 novembre 2019, apr\u00e8s 5 mois de collecte, le nombre de soutiens effectifs au RIP plafonne \u00e0 1,89% alors qu&rsquo;il devrait \u00eatre au moins \u00e0 5,6%.<\/em><\/p>\n<p><\/div><\/div><\/p>\n<p style=\"text-align: justify;\"><div class=\"su-spoiler su-spoiler-style-fancy su-spoiler-icon-chevron-circle su-spoiler-closed\" data-scroll-offset=\"0\" data-anchor-in-url=\"no\"><div class=\"su-spoiler-title\" tabindex=\"0\" role=\"button\"><span class=\"su-spoiler-icon\"><\/span>2 - Comment agir pour le RIP ?<\/div><div class=\"su-spoiler-content su-u-clearfix su-u-trim\"><\/p>\n<p style=\"text-align: justify;\">D\u00e8s lors que l&rsquo;on est convaincu de l&rsquo;importance de ce dispositif constitutionnel, l&rsquo;action pour le RIP peut prendre plusieurs formes : le soutien au RIP, le partage avec des proches, l&rsquo;action de groupe dans des lieux publics, en vue d&rsquo;informer sur le&nbsp; RIP et d&rsquo;aider au d\u00e9p\u00f4t du soutien.<\/p>\n<ul style=\"text-align: justify;\">\n<li><strong>d\u00e9poser son soutien au RIP<\/strong>. C&rsquo;est une action individuelle, pas si compliqu\u00e9e que certains ont bien voulu le faire croire. Elle consiste, pour tout \u00e9lecteur, \u00e0 d\u00e9clarer que l&rsquo;on souhaite que la proposition de loi concern\u00e9e soit effectivement soumise \u00e0 r\u00e9f\u00e9rendum. Vous trouverez ci-dessous le tutoriel officiel pour vous aider \u00e0 remplir votre soutien, \u00e0 en v\u00e9rifier la prise en compte et \u00e0 d\u00e9poser une r\u00e9clamation le cas \u00e9<span class='tooltipsall tooltip_post_id_18357 classtoolTips220'>ch<\/span>\u00e9ant.<br \/>\nN&rsquo;oubliez pas que des indications sont aussi disponibles tout au long de la saisie.<em><strong>La proc\u00e9dure de soutien appelle quelques remarques importantes :<\/strong><\/em>\n<ul style=\"text-align: justify;\">\n<li><strong>d\u00e9poser son soutien, c&rsquo;est bien, mais il est capital de v\u00e9rifier,<\/strong> dans les 5 \u00e0 7 jours suivant le d\u00e9p\u00f4t, <strong>que ce soutien a effectivement \u00e9t\u00e9 confirm\u00e9.<\/strong> Il est tout \u00e0 fait possible que votre soutien n&rsquo;ait pu \u00eatre confirm\u00e9, le plus souvent pour cause de mauvaise manipulation pendant la proc\u00e9dure de d\u00e9p\u00f4t. Si votre soutien n&rsquo;est pas confirm\u00e9, vous pouvez introduire une r\u00e9clamation \u00e0 l&rsquo;aide du r\u00e9c\u00e9piss\u00e9 re\u00e7u en fin de proc\u00e9dure de saisie,<\/li>\n<li><strong>concernant la proc\u00e9dure de soutien:<\/strong>\n<ul style=\"text-align: justify;\">\n<li><strong>avant de commencer<\/strong>,\n<ul style=\"text-align: justify;\">\n<li>il peut \u00eatre utile de consulter la vid\u00e9o \u00ab\u00a0tutoriel\u00a0\u00bb\u00e9labor\u00e9e par le minist\u00e8re de l&rsquo;int\u00e9rieur (voir ci-dessous),&nbsp;<\/li>\n<li>il faut se munir d&rsquo;une <strong>pi\u00e8ce d&rsquo;identit\u00e9<\/strong> (carte d&rsquo;identit\u00e9 ou passeport), <strong>ainsi que de sa carte d&rsquo;\u00e9lecteur,<br \/>\n<\/strong><div class=\"su-youtube su-u-responsive-media-yes\"><iframe loading=\"lazy\" width=\"400\" height=\"200\" src=\"https:\/\/www.youtube.com\/embed\/3e3Z-MgFG5k?autohide=2&amp;autoplay=0&amp;mute=0&amp;controls=1&amp;fs=1&amp;loop=0&amp;modestbranding=0&amp;rel=0&amp;showinfo=1&amp;theme=dark&amp;wmode=&amp;playsinline=1\" frameborder=\"0\" allowfullscreen allow=\"autoplay; encrypted-media; picture-in-picture\" title=\"\"><\/iframe><\/div><\/li>\n<\/ul>\n<\/li>\n<li>l&rsquo;adresse internet pour le d\u00e9p\u00f4t de soutien est : <a href=\"https:\/\/www.referendum.interieur.gouv.fr\/soutien\/etape-1\" target=\"_blank\" rel=\"noopener\">https:\/\/www.referendum.interieur.gouv.fr\/soutien\/etape-1<\/a><\/li>\n<li>pendant la proc\u00e9dure,\n<ul style=\"text-align: justify;\">\n<li><strong>lorsque vous devez indiquer un nom de commune<\/strong>, il faut avoir saisi le d\u00e9partement au pr\u00e9alable.<br \/>\n<em>De plus, il est hasardeux de saisir le nom de commune dans sa totalit\u00e9. Il est hautement pr\u00e9f\u00e9rable de saisir les premi\u00e8res lettres de la commune et ensuite de faire un choix dans la liste d\u00e9roulante propos\u00e9e,<\/em><\/li>\n<li>pour les <strong>femmes mari\u00e9es<\/strong>,<strong> le nom \u00e0 saisir est le nom de jeune fille<\/strong> et non le nom d&rsquo;\u00e9pouse.<\/li>\n<li>si, en fin de proc\u00e9dure, vous n&rsquo;avez pas acc\u00e8s \u00e0 votre r\u00e9c\u00e9piss\u00e9 t\u00e9l\u00e9chargeable, c&rsquo;est que la proc\u00e9dure n&rsquo;est pas all\u00e9e \u00e0 son terme.<\/li>\n<\/ul>\n<\/li>\n<\/ul>\n<\/li>\n<\/ul>\n<\/li>\n<li><strong>promouvoir le RIP<\/strong> aupr\u00e8s de ses proches ou dans le cadre d&rsquo;un groupe (collectif d\u00e9clar\u00e9 ou association informelle) n&rsquo;est pas si simple. De notre point de vue, <strong>les points importants \u00e0 garder \u00e0 l&rsquo;esprit<\/strong> sont:\n<ul style=\"text-align: justify;\">\n<li>l&rsquo;objectif premier est de collecter le plus de soutiens possibles pour d\u00e9boucher sur l&rsquo;organisation du referendum,<\/li>\n<li><strong>la hi\u00e9rarchie des enjeux<\/strong>: d&rsquo;abord le RIP lui-m\u00eame, ind\u00e9pendamment de son objet, ensuite seulement la question de la privatisation. De ce point de vue, <strong>durant la p\u00e9riode de collecte, il est capital est de mettre en avant le RIP lui-m\u00eame<\/strong>, plus que la question de la privatisation d&rsquo;ADP, qui sera d\u00e9battue si le nombre de soutiens est suffisant pour organiser un referendum. Comme nous l&rsquo;avons d\u00e9j\u00e0 indiqu\u00e9 par ailleurs, si ce RIP n&rsquo;obtient pas le nombre suffisant de soutiens, il y a de fortes probabilit\u00e9s que ce dispositif, qui donne un r\u00e9el pouvoir aux citoyens, finisse dans les poubelles de l&rsquo;Histoire,&nbsp;<\/li>\n<li><strong>\u00e9viter les contre-sens<\/strong> \u00e9voqu\u00e9s au point 4 de notre onglet \u00ab\u00a0Pr\u00e9sentation\u00a0\u00bb sur cette m\u00eame page,<\/li>\n<li><strong>ne pas se pr\u00e9valoir d&rsquo;une quelconque organisation politique, syndicale ou associative<\/strong> : r\u00e9pr\u00e9tons-le ici, le RIP est, comme le droit de vote, une disposition constitutionnelle qui concerne tous les citoyens, quelles que soient leurs opinions. Le fait de mentionner une quelconque organisation n&rsquo;est pas utile pourrait avoir un effet n\u00e9faste&nbsp; de repoussoir.<\/li>\n<\/ul>\n<\/li>\n<li><strong>aider au d\u00e9p\u00f4t du soutien: <\/strong>vous pouvez pratiquer cette assistance de deux mani\u00e8res:\n<ul style=\"text-align: justify;\">\n<li>directement devant un ordinateur, avec la personne int\u00e9ress\u00e9e, <strong><br \/>\n<\/strong><\/li>\n<li>en recueillant les informations n\u00e9cessaires aupr\u00e9s de la personne concern\u00e9e, \u00e0 l&rsquo;aide du formulaire Cerfa n\u00b0 15264*02 (voir l&rsquo;onglet \u00ab\u00a0Documents\u00a0\u00bb sur cette m\u00eame page) pour effectuer vous m\u00eame le d\u00e9p\u00f4t de soutien au nom de cette personne. Dans ce deuxi\u00e8me cas, les points importants sont:\n<ul style=\"text-align: justify;\">\n<li>avant le d\u00e9p\u00f4t de soutien:\n<ul style=\"text-align: justify;\">\n<li>faire signer le formulaire CERFA rempli par la personne au nom de laquelle vous effectuerez le d\u00e9p\u00f4t de soutien,<\/li>\n<li>ne pas oublier d&rsquo;obtenir l&rsquo;adresse courriel de la personne, afin de pouvoir communiquer avec elle par la suite,<\/li>\n<\/ul>\n<\/li>\n<li>apr\u00e8s le d\u00e9p\u00f4t de soutien:\n<ul style=\"text-align: justify;\">\n<li>conserver le r\u00e9c\u00e9piss\u00e9 de la personne, afin de pouvoir v\u00e9rifier une semaine plus tard la bonne prise en compte du d\u00e9p\u00f4t de soutien, \u00e0 l&rsquo;aide du num\u00e9ro de r\u00e9c\u00e9piss\u00e9,<\/li>\n<li>penser \u00e0 lui transmettre une copie du r\u00e9c\u00e9piss\u00e9 par courriel,<\/li>\n<\/ul>\n<\/li>\n<li>apr\u00e8s la v\u00e9rification (une semaine plus tard)\n<ul style=\"text-align: justify;\">\n<li>transmettre le r\u00e9sultat de cette v\u00e9rification \u00e0 la personne pour le compte de laquelle vous avez d\u00e9pos\u00e9 le soutien.<\/li>\n<\/ul>\n<\/li>\n<\/ul>\n<\/li>\n<\/ul>\n<\/li>\n<\/ul>\n<p style=\"text-align: justify;\"><\/div><\/div><\/p>\n<p>&nbsp;<\/p>\n\t\t\t<\/div>\n\t\t\t\t\t\t\t\t\t\t\t<div class=\"iw-so-tabs-panel\" id=\"tab-1-4-content\">\n\t\t\t\t<p><em>Dans cette section, vous trouverez les articles parus dans le Clairon sur le sujet du R\u00e9f\u00e9rendum contre la Privatisation du Groupe A\u00e9roports de Paris.<br \/>\nLes articles sont pr\u00e9sent\u00e9s dans l'ordre chronologique croissant de parution.<br \/>\n<\/em><\/p>\n<p><div class=\"pt-cv-wrapper\"><div class=\"pt-cv-view pt-cv-grid pt-cv-colsys pt-cv-post-border\" id=\"pt-cv-view-4ec8e67rkq\"><div data-id=\"pt-cv-page-1\" class=\"pt-cv-page\" data-cvc=\"1\"><div class=\"col-md-12 col-sm-12 col-xs-12 pt-cv-content-item pt-cv-2-col\"  data-pid=\"19914\"><div class='pt-cv-ifield'><a href=\"https:\/\/le-clairon-nouveau.fr\/wordpress\/blog\/2019\/10\/23\/privatisation-des-aeroports-de-paris-echec-annonce-du-rip-ou-occasion-dune-mobilisation-inedite\/\" class=\"_self pt-cv-href-thumbnail pt-cv-thumb-left cvp-responsive-image img-shadow\" target=\"_self\" data-iw=\"150\" data-ih=\"150\"><img decoding=\"async\" width=\"150\" src=\"https:\/\/i0.wp.com\/le-clairon-nouveau.fr\/wordpress\/wp-content\/uploads\/2019\/09\/ADP-Il-serait-temps.jpg?resize=533%2C279&amp;ssl=1\" class=\"pt-cv-thumbnail img-shadow pull-left cvp-substitute no-lazyload \" alt=\"Privatisation des A\u00e9roports de Paris - \u00c9chec annonc\u00e9 du RIP ou occasion d&#039;une mobilisation in\u00e9dite ?\" title=\"\" data-no-lazy=\"1\" \/><\/a>\n<h4 class=\"pt-cv-title\"><a href=\"https:\/\/le-clairon-nouveau.fr\/wordpress\/blog\/2019\/10\/23\/privatisation-des-aeroports-de-paris-echec-annonce-du-rip-ou-occasion-dune-mobilisation-inedite\/\" class=\"_self\" target=\"_self\" data-iw=\"150\" data-ih=\"150\">Privatisation des A\u00e9roports de Paris &#8211; \u00c9chec annonc\u00e9 du RIP ou occasion d&rsquo;une mobilisation in\u00e9dite ?<\/a><\/h4>\n<div class=\"pt-cv-meta-fields\"><span class=\"entry-date\"><span class=\"glyphicon glyphicon-calendar\"><\/span> <time datetime=\"2019-10-23T12:30:29+02:00\">23 octobre 2019<\/time><\/span><span class=\"author\"><span class=\"glyphicon glyphicon-user\"><\/span> <a href=\"https:\/\/le-clairon-nouveau.fr\/wordpress\/blog\/author\/jean\/\" rel=\"author\">Jean Cordier<\/a><\/span><span class=\"comments-link\"><span class=\"glyphicon glyphicon-comment\"><\/span> <a href=\"https:\/\/le-clairon-nouveau.fr\/wordpress\/blog\/2019\/10\/23\/privatisation-des-aeroports-de-paris-echec-annonce-du-rip-ou-occasion-dune-mobilisation-inedite\/#comments\">2 commentaires <span class=\"screen-reader-text\"> sur Privatisation des A\u00e9roports de Paris &#8211; \u00c9chec annonc\u00e9 du RIP ou occasion d&rsquo;une mobilisation in\u00e9dite ?<\/span><\/a><\/span><\/div>\n<div class=\"pt-cv-content\">Apr\u00e8s des d\u00e9buts prometteurs qui, malheureusement, n'ont pas dur\u00e9 plus d'une vingtaine de jours, le nombre de soutiens au Referendum d'Initiative Partag\u00e9e, visant \u00e0 \u00e9viter la privatisation du groupe A\u00e9roports de Paris, est aujourd'hui tr\u00e8s nettement inf\u00e9rieur \u00e0 ce qu'il devrait \u00eatre. La moyenne quotidienne des soutiens obtenus d\u00e9cro\u00eet de fa\u00e7on d\u00e9sesp\u00e9rante depuis maintenant trois mois, laissant augurer d'un \u00e9chec. Quelles sont les causes de cette situation, quels sont les moyens pour inverser la tendance et qu'est-ce qui est en jeu ? ... <a href=\"https:\/\/le-clairon-nouveau.fr\/wordpress\/blog\/2019\/10\/23\/privatisation-des-aeroports-de-paris-echec-annonce-du-rip-ou-occasion-dune-mobilisation-inedite\/\" class=\"_self pt-cv-readmore pt-cv-textlink\" target=\"_self\" data-iw=\"150\" data-ih=\"150\">Lire la suite<\/a><\/div><\/div><\/div>\n<div class=\"col-md-12 col-sm-12 col-xs-12 pt-cv-content-item pt-cv-2-col\"  data-pid=\"30259\"><div class='pt-cv-ifield'><a href=\"https:\/\/le-clairon-nouveau.fr\/wordpress\/blog\/2024\/07\/23\/le-bibelesskass-ques-aquo\/\" class=\"_self pt-cv-href-thumbnail pt-cv-thumb-left cvp-responsive-image img-shadow\" target=\"_self\" data-iw=\"150\" data-ih=\"150\"><img decoding=\"async\" width=\"150\" src=\"https:\/\/i0.wp.com\/le-clairon-nouveau.fr\/wordpress\/wp-content\/uploads\/2024\/07\/92B7822.jpg?resize=625%2C417&amp;ssl=1\" class=\"pt-cv-thumbnail img-shadow pull-left cvp-substitute no-lazyload \" alt=\"Le bibelessk\u00e4ss qu\u2019es aqu\u00f2 ?\" title=\"\" data-no-lazy=\"1\" \/><\/a>\n<h4 class=\"pt-cv-title\"><a href=\"https:\/\/le-clairon-nouveau.fr\/wordpress\/blog\/2024\/07\/23\/le-bibelesskass-ques-aquo\/\" class=\"_self\" target=\"_self\" data-iw=\"150\" data-ih=\"150\">Le bibelessk\u00e4ss qu\u2019es aqu\u00f2 ?<\/a><\/h4>\n<div class=\"pt-cv-meta-fields\"><span class=\"entry-date\"><span class=\"glyphicon glyphicon-calendar\"><\/span> <time datetime=\"2024-07-23T12:30:21+02:00\">23 juillet 2024<\/time><\/span><span class=\"author\"><span class=\"glyphicon glyphicon-user\"><\/span> <a href=\"https:\/\/le-clairon-nouveau.fr\/wordpress\/blog\/author\/redact\/\" rel=\"author\">La R\u00e9daction du Clairon de l'Atax<\/a><\/span><span class=\"comments-link\"><span class=\"glyphicon glyphicon-comment\"><\/span> <a href=\"https:\/\/le-clairon-nouveau.fr\/wordpress\/blog\/2024\/07\/23\/le-bibelesskass-ques-aquo\/#comments\">Un commentaire <span class=\"screen-reader-text\"> sur Le bibelessk\u00e4ss qu\u2019es aqu\u00f2 ?<\/span><\/a><\/span><\/div>\n<div class=\"pt-cv-content\">C\u2019est Alsaco et quand il fait chaud c\u2019est rigolo\u00a0! Bibelessk\u00e4ss\u00a0: si on traduit litt\u00e9ralement en Alsaco (cette province qui ne s\u2019est jamais r\u00e9sign\u00e9e au jacobinisme francaoui) \u00e7a veut dire \u00ab\u00a0fromage de petites poules\u00a0\u00bb. Stup\u00e9fiant non\u00a0? A ceux qui ricanent et se moquent des expressions vernaculaires de ce beau terroir d\u2019Outre-Vosges, sachez que les Francaouis ont bien appel\u00e9 une de leurs potions \u00ab\u00a0lait de poule\u00a0\u00bb. Ce pr\u00e9alable id\u00e9ologique \u00e9tant d\u00e9blay\u00e9, voici une recette tout \u00e0 fait authentique et rafraichissante pour l\u2019\u00e9t\u00e9\u00a0; pourtant \u00e0 base de fromage blanc et de pommes de terre qui nous est d\u00e9voil\u00e9e par Safoura une authentique alsacienne, n\u00e9e \u00e0 Strasbourg et \u00e9lev\u00e9e en Iran (n\u2019en d\u00e9plaise au <span class='tooltipsall tooltip_post_id_30593 classtoolTips214'>RN<\/span>). La recette (Photo C. Reys) Les ingr\u00e9dients pour 4 personnes 250 gr de fromage blanc non all\u00e9g\u00e9 8 pommes de terre de taille moyenne 4 tranches de jambon sec ou de For\u00eat Noire 4 tranches de jambon blanc 1 gros oignon jaune ou 2 petits 3 belles gousses d\u2019ail 10 brins de ciboulette 1 petit bouquet de persil Sel, poivre Pr\u00e9paration\u00a0: Conserver le fromage blanc les oignons, les herbes aromatiques au r\u00e9frig\u00e9rateur, les disposer dans de petits r\u00e9cipients s\u00e9par\u00e9s Couper l\u2019oignon en demi lunes et le conserver dans de petits r\u00e9cipients ou assiettes Hacher menu les gousses d\u2019ail ainsi que la ciboulette et le persil Faire bouillir les pommes de terre jusqu\u2019\u00e0 les percer facilement avec la pointe d\u2019un couteau \u00c9goutter les pommes de terre puis les r\u00f4tir dans une grande po\u00eale, puis le saupoudrer d\u2019un peu de thym ... <a href=\"https:\/\/le-clairon-nouveau.fr\/wordpress\/blog\/2024\/07\/23\/le-bibelesskass-ques-aquo\/\" class=\"_self pt-cv-readmore pt-cv-textlink\" target=\"_self\" data-iw=\"150\" data-ih=\"150\">Lire la suite<\/a><\/div><\/div><\/div><\/div><\/div><\/div>\t\t\t<style type=\"text\/css\" id=\"pt-cv-inline-style-d4d644c6mn\">#pt-cv-view-4ec8e67rkq.pt-cv-post-border { margin: 0; border-top-width: 2px; border-left-width: 2px }\n#pt-cv-view-4ec8e67rkq.pt-cv-post-border { margin: 0; border-top-style: groove; border-left-style: groove }\n#pt-cv-view-4ec8e67rkq.pt-cv-post-border { margin: 0; border-top-color: rgba(158,158,158,0.4); border-left-color: rgba(158,158,158,0.4) }\n#pt-cv-view-4ec8e67rkq.pt-cv-post-border .pt-cv-content-item   { border-right-width: 2px; border-bottom-width: 2px; border-right-style: groove; border-bottom-style: groove; border-right-color: rgba(158,158,158,0.4); border-bottom-color: rgba(158,158,158,0.4); }\n#pt-cv-view-4ec8e67rkq .pt-cv-title a, #pt-cv-view-4ec8e67rkq  .panel-title { font-weight: 600 !important; }\n#pt-cv-view-4ec8e67rkq .pt-cv-readmore  { color: #dd3333 !important; font-weight: 600 !important; }\n#pt-cv-view-4ec8e67rkq .pt-cv-readmore:hover  { color: #ff7a7a !important; font-weight: 600 !important; }\n#pt-cv-view-4ec8e67rkq  + .pt-cv-pagination-wrapper .pt-cv-more , #pt-cv-view-4ec8e67rkq  + .pt-cv-pagination-wrapper .pagination .active a { color: #ffffff !important; background-color: #00aeef !important; }\n#pt-cv-gls-4ec8e67rkq li a   { font-weight: 600 !important; }\n#pt-cv-gls-4ec8e67rkq li a.pt-active   { color: #fff !important; background-color: #ff5a5f !important; }\n#pt-cv-view-4ec8e67rkq .cvp-responsive-image[style*=\"background-image\"] { width: 150px; height: 150px; }<\/style>\r\n\t\t\t<\/p>\n<p>&nbsp;<\/p>\n\t\t\t<\/div>\n\t\t\t\t\t\t\t\t\t\t\t<div class=\"iw-so-tabs-panel\" id=\"tab-1-5-content\">\n\t\t\t\t<h4>Documents officiels:<\/h4>\n<ul>\n<li><a href=\"https:\/\/le-clairon-nouveau.fr\/wordpress\/wp-content\/uploads\/2019\/11\/LOI_PACTE_n\u00b0_2019-486_du_22_mai_2019_version_initiale.pdf\" target=\"_blank\" rel=\"noopener\">Loi Pacte (Plan d'Action pour la Croissance et la Transformation des Entreprises)<\/a><br \/>\n<em>C'est<\/em><em> ce texte qui inclut la privatisation du groupe A\u00e9roport de Paris - cf. article 130, p.148)<\/em><\/li>\n<li><a href=\"https:\/\/le-clairon-nouveau.fr\/wordpress\/wp-content\/uploads\/2019\/11\/pion1867.pdf\" target=\"_blank\" rel=\"noopener\">Proposition de loi dite \"RIP ADP\"<\/a>, \"<em>visant \u00e0 affirmer le caract\u00e8re de service public national de l\u2019exploitation des a\u00e9rodromes de Paris<\/em>\".<br \/>\n<em>Ce texte constitue la proposition de loi r\u00e9f\u00e9rendaire qui sera examin\u00e9e si le nombre de soutiens au RIP atteint les 10% de l'\u00e9lectorat,<\/em><\/li>\n<li><a href=\"https:\/\/le-clairon-nouveau.fr\/wordpress\/wp-content\/uploads\/2019\/11\/D\u00e9cision-n\u00b0-2019-1-RIP-du-9-mai-2019-Communiqu\u00e9-.pdf\" target=\"_blank\" rel=\"noopener\">D\u00e9cision du Conseil Constitutionnel, confirmant la constitutionnalit\u00e9 de la loi dite \"RIP ADP\"<\/a>,<\/li>\n<li><a href=\"https:\/\/le-clairon-nouveau.fr\/wordpress\/wp-content\/uploads\/2019\/11\/Constitution-Veme-r\u00e9publique.pdf\" target=\"_blank\" rel=\"noopener\">Constitution de la V<sup>\u00e8me<\/sup> R\u00e9publique<\/a>, version en cours<br \/>\n<em>l'article 11, pp 4 et 5 autorise d\u00e9sormais le Referendum d'Initiative Partag\u00e9e<br \/>\n<\/em><\/li>\n<li><a href=\"https:\/\/le-clairon-nouveau.fr\/wordpress\/wp-content\/uploads\/2019\/11\/cerfa_15264-02.pdf\" target=\"_blank\" rel=\"noopener\">Document CERFA 15264*02<\/a>, pour d\u00e9p\u00f4t en mairie (pas toutes) du soutien au RIP<br \/>\n<em>Ce document est aussi utilis\u00e9 par les groupes d'aide au d\u00e9p\u00f4t du soutien, dans diverslieux publics<\/em><\/li>\n<\/ul>\n<p>&nbsp;<\/p>\n<p>&nbsp;<\/p>\n<p>&nbsp;<\/p>\n\t\t\t<\/div>\n\t\t\t\t\t\t\t\t\t\t\t<div class=\"iw-so-tabs-panel\" id=\"tab-1-6-content\">\n\t\t\t\t<p><em>Cette section vous propose les principaux liens li\u00e9s au sujet du referendum. Elle n'est bien \u00e9videmment pas exhaustive.<\/em><br \/>\n<em>N'h\u00e9sitez pas \u00e0 nous signaler d'autres liens qui vous paraissent dignes d'int\u00e9r\u00eat.<\/em><\/p>\n<h3><em>Sites Internet<br \/>\n<\/em><\/h3>\n<ul>\n<li>Le site du minist\u00e8re de l'int\u00e9rieur pour d\u00e9poser votre soutien =&gt; <a href=\"https:\/\/www.referendum.interieur.gouv.fr\/soutien\/etape-1\" target=\"_blank\" rel=\"noopener\">https:\/\/www.referendum.interieur.gouv.fr\/soutien\/etape-1<\/a><\/li>\n<li>Pour suivre l'\u00e9volution des soutiens (site adprip.fr) :\n<ul>\n<li>Graphiques de l'\u00e9volution des soutiens (nombreuses options) : <a href=\"https:\/\/www.adprip.fr\/chart.html?g=0\" target=\"_blank\" rel=\"noopener\">https:\/\/www.adprip.fr\/chart.html?g=0<\/a><\/li>\n<li>Carte des soutiens : <a href=\"https:\/\/www.adprip.fr\/map.html\" target=\"_blank\" rel=\"noopener\">https:\/\/www.adprip.fr\/map.html<\/a><\/li>\n<li>Page d'accueil : <a href=\"https:\/\/www.adprip.fr\" target=\"_blank\" rel=\"noopener\">https:\/\/www.adprip.fr<\/a><\/li>\n<\/ul>\n<\/li>\n<li>Pour signaler les actions, le site <a href=\"https:\/\/signons.fr\" target=\"_blank\" rel=\"noopener\">signons.fr<\/a><\/li>\n<li>Autres sites:\n<ul>\n<li>Coordination nationale ADP (Attac France) : <a href=\"https:\/\/privatisercestvoler.fr\/\" target=\"_blank\" rel=\"noopener\">https:\/\/privatisercestvoler.fr\/<\/a><\/li>\n<\/ul>\n<\/li>\n<\/ul>\n<h3><em><strong>Pages \/ Groupes Facebook<\/strong><\/em><\/h3>\n<ul>\n<li><a href=\"https:\/\/www.facebook.com\/groups\/RIPADP\" target=\"_blank\" rel=\"noopener\">RIP ADP<\/a> et <a href=\"https:\/\/www.facebook.com\/groups\/RIP.ADP.LES.ACTIONS\/?ref=group_header\" target=\"_blank\" rel=\"noopener\">son r\u00e9pertoire des actions en cours<\/a> (cherchez votre d\u00e9partement dans la section \"modules\")<\/li>\n<li><a href=\"https:\/\/www.facebook.com\/groups\/contrelaprivatisationdadp\" target=\"_blank\" rel=\"noopener\">Referendum contre la privatisation d'ADP<\/a><\/li>\n<\/ul>\n<p>&nbsp;<\/p>\n\t\t\t<\/div>\n\t\t\t\t\t\t\t\t\n\t<\/div>\n\n<\/div>\n<\/div><\/div><\/div><\/div><\/div><script type=\"text\/javascript\"> var tt_store_content = \"En France, il existe deux moyens principaux pour cr\u00e9er ou modifier une loi\\:<br\/>\\<ul\\><br\/> \t\\<li\\>le \\<strong\\>projet de loi\\<\\\/strong\\>, qui \u00e9mane du gouvernement,\\<\\\/li\\><br\/> \t\\<li\\>la \\<strong\\>proposition de loi\\<\\\/strong\\>, qui \u00e9mane d'un ou plusieurs parlementaires\\. &nbsp;\\<\\\/li\\><br\/>\\<\\\/ul\\>\"; toolTips('.classtoolTips9',tt_store_content,'6375'); <\/script><script type=\"text\/javascript\"> var tt_store_content = \"En France, il existe deux moyens principaux pour cr\u00e9er ou modifier une loi\\:<br\/>\\<ul\\><br\/> \t\\<li\\>le \\<strong\\>projet de loi\\<\\\/strong\\>, qui \u00e9mane du gouvernement,\\<\\\/li\\><br\/> \t\\<li\\>la \\<strong\\>proposition de loi\\<\\\/strong\\>, qui \u00e9mane d'un ou plusieurs parlementaires\\. &nbsp;\\<\\\/li\\><br\/>\\<\\\/ul\\>\"; toolTips('.classtoolTips9',tt_store_content,'6375'); <\/script><script type=\"text\/javascript\"> var tt_store_content = \"\\<p style\\='text\\-align\\: center;'\\>\\<span style\\='font\\-size\\: 14pt;'\\>\\<strong\\>C\\<\\\/strong\\>r\u00e9dit d'Imp\u00f4t pour la \\<strong\\>C\\<\\\/strong\\>omp\u00e9titivit\u00e9 et l'\\<strong\\>E\\<\\\/strong\\>mploi\\<\\\/span\\>\\<\\\/p\\><br\/>\\<p style\\='text\\-align\\: justify;'\\>Mesure mise en place par le gouvernement de Jean\\-Marc Ayrault, en 2012 et entr\u00e9e en vigueur le 1\\<sup\\>er\\<\\\/sup\\> Janvier 2013, sous la pr\u00e9sidence de Fran\u00e7ois Hollande, visant \u00e0 soutenir les entreprises fran\u00e7aises par un all\u00e8gement des charges li\u00e9es aux salaires inf\u00e9rieurs \u00e0 2,5 SMIC\\. Le but de cette mesure, tr\u00e8s co\u00fbteuse pour la collectivit\u00e9 \\(13 mds \u20ac en 2013 et 20 mds&nbsp; \u20ac en 2014\\), \u00e9tait de dynamiser les embauches par les entreprises\\.<br\/>Dans les faits, elle aurait surtout servi aux entreprises \u00e0 reconstituer leurs marges et cela d'autant plus facilement qu'elle n'\u00e9tait assortie d'aucun contr\u00f4le du respect, par les entreprises, des conditions d'\u00e9ligibilit\u00e9\\.\\<\\\/p\\><br\/>\\<a href\\='https\\:\\\/\\\/fr\\.wikipedia\\.org\\\/wiki\\\/Cr%C3%A9dit_d%27imp%C3%B4t_pour_la_comp%C3%A9titivit%C3%A9_et_l%27emploi' target\\='_blank' rel\\='noopener'\\>Acc\u00e9der ici \u00e0 la fiche Wikipedia sur le <span class='tooltipsall tooltip_post_id_5648 classtoolTips102'>CICE<\/span>\\<\\\/a\\>\"; toolTips('.classtoolTips102',tt_store_content,'5648'); <\/script><script type=\"text\/javascript\"> var tt_store_content = \"\\<p\\><span class='tooltipsall tooltip_post_id_23586 classtoolTips107'>NTIC<\/span> \\= Nouvelles technologies de l'information et de la communication\\<\\\/p\\>\"; toolTips('.classtoolTips107',tt_store_content,'23586'); <\/script><script type=\"text\/javascript\"> var tt_store_content = \"\\<p\\>NTIC \\= Nouvelles technologies de l'information et de la communication\\<\\\/p\\>\"; toolTips('.classtoolTips107',tt_store_content,'23586'); <\/script><script type=\"text\/javascript\"> var tt_store_content = \"\\<p\\>NTIC \\= Nouvelles technologies de l'Information et de la Communication\\<\\\/p\\>\"; toolTips('.classtoolTips112',tt_store_content,'30265'); <\/script><script type=\"text\/javascript\"> var tt_store_content = \"Le <span class='tooltipsall tooltip_post_id_3743 classtoolTips128'>CIRC<\/span> est le&nbsp; \\<a href\\='https\\:\\\/\\\/fr\\.wikipedia\\.org\\\/wiki\\\/Centre_international_de_recherche_sur_le_cancer' target\\='_blank' rel\\='noopener'\\>Centre international de Recherche sur le Cancer\\<\\\/a\\>, cr\u00e9\u00e9 en 1965 par l\u2019\\<a href\\='https\\:\\\/\\\/fr\\.wikipedia\\.org\\\/wiki\\\/Organisation_mondiale_de_la_sant%C3%A9' target\\='_blank' rel\\='noopener'\\>Organisation Mondiale de la Sant\u00e9\\<\\\/a\\> \\(OMS\\) des \\<a href\\='https\\:\\\/\\\/fr\\.wikipedia\\.org\\\/wiki\\\/Organisation_des_Nations_unies' target\\='_blank' rel\\='noopener'\\>Nations Unies\\<\\\/a\\>\\.\"; toolTips('.classtoolTips128',tt_store_content,'3743'); <\/script><script type=\"text\/javascript\"> var tt_store_content = \"\\<p style\\='text\\-align\\: center;'\\>\\<span style\\='font\\-size\\: 14pt;'\\>\\<strong\\>C\\<\\\/strong\\>entre \\<strong\\>C\\<\\\/strong\\>ommunal d'\\<strong\\>A\\<\\\/strong\\>ction \\<strong\\>S\\<\\\/strong\\>ociale\\<\\\/span\\>\\<\\\/p\\><br\/>\\<p style\\='text\\-align\\: justify;'\\>Un centre communal d'action sociale \\(<span class='tooltipsall tooltip_post_id_18100 classtoolTips132'>CCAS<\/span>\\) est, en France, un \u00e9tablissement public administr\u00e9 par un conseil d'administration pr\u00e9sid\u00e9 par le maire de la commune\\. Il a pour mission d'animer une action g\u00e9n\u00e9rale de pr\u00e9vention et de d\u00e9veloppement social au sein de la commune en liaison \u00e9troite avec les institutions publiques et priv\u00e9es\\<\\\/p\\>\"; toolTips('.classtoolTips132',tt_store_content,'18100'); <\/script><script type=\"text\/javascript\"> var tt_store_content = \"\\<p\\><span class='tooltipsall tooltip_post_id_19394 classtoolTips134'>SAGE<\/span> \\= \\<span class\\='st'\\> sch\u00e9ma d'am\u00e9nagement et de gestion de l'eau\\<\\\/span\\> , c'est un outil de planification qui concerne l'ensemble des eaux situ\u00e9es dans un bassin versant\\<\\\/p\\>\"; toolTips('.classtoolTips134',tt_store_content,'19394'); <\/script><script type=\"text\/javascript\"> var tt_store_content = \"\\<p style\\='text\\-align\\: center;'\\>\\<strong\\>\\<span style\\='font\\-size\\: 14pt;'\\>S\\<\\\/span\\>\\<\\\/strong\\>\\<span style\\='font\\-size\\: 14pt;'\\>oci\u00e9t\u00e9 d'\\<strong\\>\u00c9\\<\\\/strong\\>conomie \\<strong\\>M\\<\\\/strong\\>ixte\\<\\\/span\\>\\<\\\/p\\><br\/>\\<p style\\='text\\-align\\: justify;'\\>En France, une soci\u00e9t\u00e9 d'\u00e9conomie mixte est une soci\u00e9t\u00e9 anonyme dont le capital est majoritairement d\u00e9tenu par une ou plusieurs personnes publiques \\(\u00e0 savoir l'\u00c9tat, une Collectivit\u00e9 territoriale, ou tout autre \u00c9tablissement public\\)\\. Cette participation majoritaire publique est plafonn\u00e9e \u00e0 85&nbsp;% du capital depuis la Loi du 2 janvier 2002\\. Au moins une personne priv\u00e9e doit participer au capital de la <span class='tooltipsall tooltip_post_id_7168 classtoolTips142'>SEM<\/span>, sachant qu'il peut s'agir d'une autre SEM\\.\\<\\\/p\\><br\/>\\<p style\\='text\\-align\\: justify;'\\>\\<strong\\>Le recours \u00e0 la SEM garantit\\<\\\/strong\\> \u00e0 la collectivit\u00e9 publique actionnaire et cocontractante \\<strong\\>la prise en compte effective de l'int\u00e9r\u00eat g\u00e9n\u00e9ral\\<\\\/strong\\> dans les objectifs de l'entreprise \\<strong\\>et la souplesse de la soci\u00e9t\u00e9 de droit priv\u00e9\\<\\\/strong\\>\\.\\<\\\/p\\><br\/>\\<em\\>\\<a href\\='https\\:\\\/\\\/fr\\.wikipedia\\.org\\\/wiki\\\/Soci%C3%A9t%C3%A9_d%27%C3%A9conomie_mixte' target\\='_blank' rel\\='noopener'\\>Voir ici la page Wikipedia consacr\u00e9e aux SEM\\<\\\/a\\> \\<\\\/em\\><br\/><br\/>&nbsp;\"; toolTips('.classtoolTips142',tt_store_content,'7168'); <\/script><script type=\"text\/javascript\"> var tt_store_content = \"\\<p style\\='text\\-align\\: center;'\\>\\<span style\\='font\\-size\\: 14pt;'\\>\\<strong\\>I\\<\\\/strong\\>mp\u00f4t sur la \\<strong\\>F\\<\\\/strong\\>ortune \\<strong\\>I\\<\\\/strong\\>mmobili\u00e8re\\<\\\/span\\>\\<\\\/p\\>\"; toolTips('.classtoolTips148',tt_store_content,'5643'); <\/script><script type=\"text\/javascript\"> var tt_store_content = \"\\<p style\\='text\\-align\\: center;'\\>\\<strong\\>Imp\u00f4t de Solidarit\u00e9 sur la Fortune\\<\\\/strong\\>\\<\\\/p\\>\"; toolTips('.classtoolTips149',tt_store_content,'3596'); <\/script><script type=\"text\/javascript\"> var tt_store_content = \"\\<p style\\='text\\-align\\: center;'\\>\\<span style\\='font\\-size\\: 14pt;'\\>\\<strong\\>R\\<\\\/strong\\>\u00e9pertoire \\<strong\\>N\\<\\\/strong\\>ational des \\<strong\\>A\\<\\\/strong\\>ssociations\\<\\\/span\\>\\<\\\/p\\>\"; toolTips('.classtoolTips159',tt_store_content,'24374'); <\/script><script type=\"text\/javascript\"> var tt_store_content = \"\\<p style\\='text\\-align\\: center;'\\>\\<strong\\>\\<span style\\='font\\-size\\: 14pt;'\\>G\\<\\\/span\\>\\<\\\/strong\\>\\<span style\\='font\\-size\\: 14pt;'\\>az \u00e0 \\<strong\\>E\\<\\\/strong\\>ffet de \\<strong\\>S\\<\\\/strong\\>erre\\<\\\/span\\>\\<\\\/p\\><br\/>\\<p style\\='text\\-align\\: justify;'\\>Les gaz \u00e0 effet de serre \\(<span class='tooltipsall tooltip_post_id_7232 classtoolTips161'>GES<\/span>\\) sont des composants gazeux qui absorbent le rayonnement infrarouge \u00e9mis par la surface terrestre et contribuent \u00e0 l'effet de serre\\. L'augmentation de leur concentration dans l'atmosph\u00e8re terrestre est l'un des facteurs \u00e0 l'origine du r\u00e9chauffement climatique\\.\\<\\\/p\\><br\/>\\<a href\\='https\\:\\\/\\\/fr\\.wikipedia\\.org\\\/wiki\\\/Gaz_%C3%A0_effet_de_serre' target\\='_blank' rel\\='noopener'\\>\\<em\\>Voir ici la fiche Wikipedia sur les gaz \u00e0 effet de serre\\<\\\/em\\>\\<\\\/a\\>\"; toolTips('.classtoolTips161',tt_store_content,'7232'); <\/script><script type=\"text\/javascript\"> var tt_store_content = \"\\<p style\\='text\\-align\\: justify'\\>La \u00ab\u00a0\\<b\\>programmation pluriannuelle de l'\u00e9nergie\\<\\\/b\\>\u00a0\u00bb \\(<span class='tooltipsall tooltip_post_id_7750 classtoolTips164'>PPE<\/span>\\) est, en France, un document strat\u00e9gique de pilotage de la transition \u00e9nerg\u00e9tique\\. Institu\u00e9e par l'article 176 de la \\<a title\\='Loi relative \u00e0 la transition \u00e9nerg\u00e9tique pour la croissance verte' href\\='https\\:\\\/\\\/fr\\.wikipedia\\.org\\\/wiki\\\/Loi_relative_%C3%A0_la_transition_%C3%A9nerg%C3%A9tique_pour_la_croissance_verte'\\>loi de transition \u00e9nerg\u00e9tique\\<\\\/a\\> \\(TECV\\), elle fixe une trajectoire pour le \\<a title\\='Mix \u00e9nerg\u00e9tique' href\\='https\\:\\\/\\\/fr\\.wikipedia\\.org\\\/wiki\\\/Mix_%C3%A9nerg%C3%A9tique'\\>mix \u00e9nerg\u00e9tique\\<\\\/a\\>, ainsi que \\<span class\\='citation'\\>\u00ab\u00a0les priorit\u00e9s d'action pour la gestion de l\u2019ensemble des formes d'\u00e9nergie sur le territoire m\u00e9tropolitain continental, afin d\u2019atteindre les objectifs nationaux fix\u00e9s par la loi\u00a0\u00bb\\<\\\/span\\>\\. \\(Wikip\u00e9dia\\)\\<\\\/p\\>\"; toolTips('.classtoolTips164',tt_store_content,'7750'); <\/script><script type=\"text\/javascript\"> var tt_store_content = \"\\<p style\\='text\\-align\\: justify'\\>La \u00ab\u00a0\\<b\\>programmation pluriannuelle de l'\u00e9nergie\\<\\\/b\\>\u00a0\u00bb \\(PPE\\) est, en France, un document strat\u00e9gique de pilotage de la transition \u00e9nerg\u00e9tique\\. Institu\u00e9e par l'article 176 de la \\<a title\\='Loi relative \u00e0 la transition \u00e9nerg\u00e9tique pour la croissance verte' href\\='https\\:\\\/\\\/fr\\.wikipedia\\.org\\\/wiki\\\/Loi_relative_%C3%A0_la_transition_%C3%A9nerg%C3%A9tique_pour_la_croissance_verte'\\>loi de transition \u00e9nerg\u00e9tique\\<\\\/a\\> \\(TECV\\), elle fixe une trajectoire pour le \\<a title\\='Mix \u00e9nerg\u00e9tique' href\\='https\\:\\\/\\\/fr\\.wikipedia\\.org\\\/wiki\\\/Mix_%C3%A9nerg%C3%A9tique'\\>mix \u00e9nerg\u00e9tique\\<\\\/a\\>, ainsi que \\<span class\\='citation'\\>\u00ab\u00a0les priorit\u00e9s d'action pour la gestion de l\u2019ensemble des formes d'\u00e9nergie sur le territoire m\u00e9tropolitain continental, afin d\u2019atteindre les objectifs nationaux fix\u00e9s par la loi\u00a0\u00bb\\<\\\/span\\>\\. \\(Wikip\u00e9dia\\)\\<\\\/p\\>\"; toolTips('.classtoolTips164',tt_store_content,'7750'); <\/script><script type=\"text\/javascript\"> var tt_store_content = \"\\<p style\\='text\\-align\\: justify;'\\>Le Conseil d'Orientation des Retraites est une instance qui r\u00e9unit &nbsp;\\<span class\\='st'\\>les principaux acteurs du champ des retraites\\<\\\/span\\> et effectue un travail d'\u00e9tudes et de concertation\\. Compos\u00e9 de parlementaires, de repr\u00e9sentants des organisations professionnelles et syndicales, des retrait\u00e9s et des familles, de membres de l'administration et d'experts, le Conseil d'orientation des retraites \\(<span class='tooltipsall tooltip_post_id_7751 classtoolTips165'>COR<\/span>\\) est plac\u00e9 aupr\u00e8s du Premier ministre\\.\\<\\\/p\\>\"; toolTips('.classtoolTips165',tt_store_content,'7751'); <\/script><script type=\"text\/javascript\"> var tt_store_content = \"Energies Renouvelables\"; toolTips('.classtoolTips167',tt_store_content,'7758'); <\/script><script type=\"text\/javascript\"> var tt_store_content = \"Energies Renouvelables\"; toolTips('.classtoolTips167',tt_store_content,'7758'); <\/script><script type=\"text\/javascript\"> var tt_store_content = \"\\<p style\\='text\\-align\\: center;'\\>\\<span style\\='font\\-size\\: 14pt;'\\>\\<strong\\>O\\<\\\/strong\\>rganisation \\<strong\\>M\\<\\\/strong\\>\u00e9t\u00e9orologique \\<strong\\>M\\<\\\/strong\\>ondiale<br\/>\\<strong\\>W\\<\\\/strong\\>orld \\<strong\\>M\\<\\\/strong\\>eteorological \\<strong\\>O\\<\\\/strong\\>rganization\\<\\\/span\\>\\<\\\/p\\><br\/>&nbsp;<br\/><br\/>\\<a href\\='https\\:\\\/\\\/public\\.wmo\\.int\\\/fr' target\\='_blank' rel\\='noopener'\\>\\<em\\>Acc\u00e9der ici au site de l'organisation\\<\\\/em\\>\\<\\\/a\\>\"; toolTips('.classtoolTips168',tt_store_content,'7763'); <\/script><script type=\"text\/javascript\"> var tt_store_content = \"\\<p style\\='text\\-align\\: center;'\\>\\<span style\\='font\\-size\\: 14pt;'\\>\\<strong\\>\u00c9\\<\\\/strong\\>cole \\<strong\\>N\\<\\\/strong\\>ationale d'\\<strong\\>A\\<\\\/strong\\>dministration\\<\\\/span\\>\\<\\\/p\\>\"; toolTips('.classtoolTips170',tt_store_content,'5213'); <\/script><script type=\"text\/javascript\"> var tt_store_content = \"\\<p style\\='text\\-align\\: center;'\\>\\<span style\\='font\\-size\\: 14pt;'\\>\u00c9cole des<br\/>\\<strong\\>H\\<\\\/strong\\>autes \\<strong\\>\u00c9\\<\\\/strong\\>tudes \\<strong\\>C\\<\\\/strong\\>ommerciales\\<\\\/span\\>\\<\\\/p\\>\"; toolTips('.classtoolTips171',tt_store_content,'5214'); <\/script><script type=\"text\/javascript\"> var tt_store_content = \"\\<p style\\='text\\-align\\: justify'\\>\\<span class\\='ILfuVd'\\>La politique agricole commune \\(\\<b\\><span class='tooltipsall tooltip_post_id_11364 classtoolTips174'>PAC<\/span>\\<\\\/b\\>\\) est une politique mise en place \u00e0 l'\u00e9chelle de l'Union europ\u00e9enne\\. \u00c0 l'origine, elle est fond\u00e9e principalement sur des mesures de contr\u00f4le des prix et de subventionnement, visant \u00e0 moderniser et d\u00e9velopper l'agriculture\\.\\<\\\/span\\> \\(source Wikipedia\\)\\<\\\/p\\>\"; toolTips('.classtoolTips174',tt_store_content,'11364'); <\/script><script type=\"text\/javascript\"> var tt_store_content = \"\\<p style\\='text\\-align\\: center;'\\>\\<span style\\='font\\-size\\: 14pt;'\\>\\<strong\\>P\\<\\\/strong\\>\\<\\\/span\\>\\<span style\\='font\\-size\\: 14pt;'\\>lan \\<strong\\>L\\<\\\/strong\\>\\<\\\/span\\>\\<span style\\='font\\-size\\: 14pt;'\\>ocal d'\\<strong\\>U\\<\\\/strong\\>\\<\\\/span\\>\\<span style\\='font\\-size\\: 14pt;'\\>rbanisme\\<\\\/span\\>\\<\\\/p\\><br\/>&nbsp;\"; toolTips('.classtoolTips176',tt_store_content,'4979'); <\/script><script type=\"text\/javascript\"> var tt_store_content = \"\\<p\\>Conseil \u00c9conomique et Social\\<\\\/p\\>\"; toolTips('.classtoolTips180',tt_store_content,'29829'); <\/script><script type=\"text\/javascript\"> var tt_store_content = \"\\<p style\\='text\\-align\\: center;'\\>\\<span style\\='font\\-size\\: 14pt;'\\>\\<strong\\>A\\<\\\/strong\\>gence \\<strong\\>R\\<\\\/strong\\>\u00e9gionale de \\<strong\\>S\\<\\\/strong\\>ant\u00e9\\<\\\/span\\>\\<\\\/p\\>\"; toolTips('.classtoolTips188',tt_store_content,'18356'); <\/script><script type=\"text\/javascript\"> var tt_store_content = \"\\<p style\\='text\\-align\\: center;'\\>\\<span style\\='font\\-size\\: 14pt;'\\>\\<strong\\>G\\<\\\/strong\\>roupement \\<strong\\>H\\<\\\/strong\\>ospitalier de \\<strong\\>T\\<\\\/strong\\>erritoire\\<\\\/span\\>\\<\\\/p\\><br\/>\\<p style\\='text\\-align\\: justify;'\\>Les groupements hospitaliers de territoires, dispositif pr\u00e9vu par la loi de sant\u00e9 2016, sont un nouveau mode de coop\u00e9ration entre les \u00e9tablissements publics de sant\u00e9 \u00e0 l\u2019\u00e9chelle d\u2019un territoire\\<\\\/p\\>\"; toolTips('.classtoolTips189',tt_store_content,'18358'); <\/script><script type=\"text\/javascript\"> var tt_store_content = \"\\<p style\\='text\\-align\\: center;'\\>\\<span style\\='font\\-size\\: 14pt;'\\>\\<strong\\>C\\<\\\/strong\\>omit\u00e9 \\<strong\\>T\\<\\\/strong\\>echnique d'\\<strong\\>\u00c9\\<\\\/strong\\>tablissement\\<\\\/span\\>\\<\\\/p\\>\"; toolTips('.classtoolTips191',tt_store_content,'18359'); <\/script><script type=\"text\/javascript\"> var tt_store_content = \"\\<p style\\='text\\-align\\: center;'\\>\\<strong\\>\\<span style\\='font\\-size\\: 14pt;'\\>P\\<\\\/span\\>\\<\\\/strong\\>\\<span style\\='font\\-size\\: 14pt;'\\>rogrammation \\<strong\\>P\\<\\\/strong\\>luri\\-annuelle de l'\\<strong\\>\u00c9\\<\\\/strong\\>nergie\\<\\\/span\\>\\<\\\/p\\><br\/>La PPE est est en France un document strat\u00e9gique de pilotage de la transition \u00e9nerg\u00e9tique\\. Institu\u00e9e par l'article 176 de la loi transition \u00e9nerg\u00e9tique \\(TECV\\)\\. Elle fixe \\(par \u00e9nergie\\) une trajectoire pour le mix \u00e9nerg\u00e9tique, ainsi que \u00ab&nbsp;\\<em\\>les priorit\u00e9s d'action pour la gestion de l\u2019ensemble des formes d'\u00e9nergie sur le territoire m\u00e9tropolitain continental, afin d\u2019atteindre les objectifs nationaux fix\u00e9s par la loi\\<\\\/em\\>&nbsp;\u00bb\\.<br\/><br\/>Initi\u00e9e en 2016, elle est r\u00e9vis\u00e9e en 2018 puis ensuite tous les 5 ans\\.<br\/><br\/>\\<a href\\='https\\:\\\/\\\/fr\\.wikipedia\\.org\\\/wiki\\\/Programmation_pluriannuelle_de_l'\u00e9nergi' target\\='_blank' rel\\='noopener'\\>\\<em\\>Voir ici la page Wikipedia consacr\u00e9e \u00e0 la PPE\\<\\\/em\\>\\<\\\/a\\><br\/>\\<a href\\='https\\:\\\/\\\/ppe\\.debatpublic\\.fr\\\/' target\\='_blank' rel\\='noopener'\\>\\<em\\>Voir ici la page du site 'Commission du D\u00e9bat Public' consacr\u00e9e \u00e0 la PPE\\<\\\/em\\>\\<\\\/a\\>\"; toolTips('.classtoolTips193',tt_store_content,'7102'); <\/script><script type=\"text\/javascript\"> var tt_store_content = \"\\<p style\\='text\\-align\\: center;'\\>\\<span style\\='font\\-size\\: 14pt;'\\>\\<strong\\>E\\<\\\/strong\\>volutionary \\<strong\\>P\\<\\\/strong\\>ower \\<strong\\>R\\<\\\/strong\\>eactor\\<\\\/span\\>\\<\\\/p\\><br\/>\\<p style\\='text\\-align\\: justify;'\\>R\u00e9acteur nucl\u00e9aire de troisi\u00e8me g\u00e9n\u00e9ration \\(classification internationale\\), con\u00e7u et d\u00e9velopp\u00e9 par <span class='tooltipsall tooltip_post_id_5121 classtoolTips35'>Areva NP<\/span>&nbsp; au cours des ann\u00e9es 1990 et 2000\\. Il fait partie de la fili\u00e8re des r\u00e9acteurs \u00e0 eau pressuris\u00e9e\\.\\<\\\/p\\><br\/>\\<a href\\='https\\:\\\/\\\/fr\\.wikipedia\\.org\\\/wiki\\\/R%C3%A9acteur_pressuris%C3%A9_europ%C3%A9en' target\\='_blank' rel\\='noopener'\\>\\<em\\>Voir ici la fiche Wikipedia <span class='tooltipsall tooltip_post_id_5579 classtoolTips196'>EPR<\/span>\\<\\\/em\\>\\<\\\/a\\>\"; toolTips('.classtoolTips196',tt_store_content,'5579'); <\/script><script type=\"text\/javascript\"> var tt_store_content = \"\\<p style\\='text\\-align\\: center;'\\>\\<span style\\='font\\-size\\: 14pt;'\\>\\<strong\\>T\\<\\\/strong\\>eollisuuden \\<strong\\>V\\<\\\/strong\\>oima \\<strong\\>O\\<\\\/strong\\>yj\\<\\\/span\\>\\<\\\/p\\><br\/>Compagnie priv\u00e9e d'\u00e9lectricit\u00e9 finlandaise, cliente d'AREVA pour la mise en oeuvre d'un r\u00e9acteur EPR sur le site d'Olkiluoto\\. Ce contrat, initi\u00e9 au d\u00e9but des ann\u00e9es 2000, accumule en 2018 10 ans de retard\\.\"; toolTips('.classtoolTips197',tt_store_content,'5580'); <\/script><script type=\"text\/javascript\"> var tt_store_content = \"\\<p style\\='text\\-align\\: center;'\\>\\<strong\\>R\\<\\\/strong\\>\u00e9seau \\<strong\\>A\\<\\\/strong\\>ction \\<strong\\>C\\<\\\/strong\\>limat\\<\\\/p\\><br\/>Le r\u00e9seau Action Climat '\\<em\\>f\u00e9d\u00e8re les associations impliqu\u00e9es dans la lutte contre les changements climatiques et pour une transition \u00e9cologique, solidaire et \u00e9quitable\\<\\\/em\\>'\\.<br\/><br\/>\\<a href\\='https\\:\\\/\\\/reseauactionclimat\\.org\\\/' target\\='_blank' rel\\='noopener'\\>Voir le site du <span class='tooltipsall tooltip_post_id_4309 classtoolTips200'>RAC<\/span>\\<\\\/a\\>\"; toolTips('.classtoolTips200',tt_store_content,'4309'); <\/script><script type=\"text\/javascript\"> var tt_store_content = \"\\<p style\\='text\\-align\\: center;'\\>\\<strong\\>\\<span style\\='font\\-size\\: 14pt;'\\>R\\<\\\/span\\>\\<\\\/strong\\>\\<span style\\='font\\-size\\: 14pt;'\\>eferendum d'\\<strong\\>I\\<\\\/strong\\>nitiative \\<strong\\>C\\<\\\/strong\\>itoyenne\\<\\\/span\\>\\<\\\/p\\>\"; toolTips('.classtoolTips205',tt_store_content,'12268'); <\/script><script type=\"text\/javascript\"> var tt_store_content = \"\\<p\\><span class='tooltipsall tooltip_post_id_25844 classtoolTips208'>RTE<\/span> \\= R\u00e9seau de Transport d'Electricit\u00e9 est une filiale d'<span class='tooltipsall tooltip_post_id_7035 classtoolTips178'>EDF<\/span> qui est l'actionnaire majoritaire avec 50,1% des parts le reste \u00e9tant partag\u00e9 par la CDC et la CNP\\<\\\/p\\>\"; toolTips('.classtoolTips208',tt_store_content,'25844'); <\/script><script type=\"text\/javascript\"> var tt_store_content = \"\\<p style\\='text\\-align\\: center;'\\>\\<span style\\='font\\-size\\: 14pt;'\\>\\<strong\\>O\\<\\\/strong\\>rganisation\\<strong\\> N\\<\\\/strong\\>on\\<strong\\> G\\<\\\/strong\\>ouvernementale\\<\\\/span\\>\\<\\\/p\\><br\/>Une organisation non gouvernementale \\(<span class='tooltipsall tooltip_post_id_3579 classtoolTips210'>ONG<\/span>\\) est une \\<a title\\='Association \u00e0 but non lucratif' href\\='https\\:\\\/\\\/fr\\.wikipedia\\.org\\\/wiki\\\/Association_%C3%A0_but_non_lucratif' target\\='_blank' rel\\='noopener'\\>association \u00e0 but non lucratif\\<\\\/a\\>, d'int\u00e9r\u00eat public, qui ne rel\u00e8ve ni de l'\u00c9tat, ni d'institutions internationales\\<sup id\\='cite_ref\\-novethic_1\\-0' class\\='reference'\\>\\<\\\/sup\\>\\. Les ONG n'ont pas le statut de sujet de \\<a title\\='Droit international public' href\\='https\\:\\\/\\\/fr\\.wikipedia\\.org\\\/wiki\\\/Droit_international_public' target\\='_blank' rel\\='noopener'\\>droit international\\<\\\/a\\>\\.\"; toolTips('.classtoolTips210',tt_store_content,'3579'); <\/script><script type=\"text\/javascript\"> var tt_store_content = \"\\<p style\\='text\\-align\\: center;'\\>\\<span style\\='font\\-size\\: 14pt;'\\>\\<strong\\>O\\<\\\/strong\\>rganisation\\<strong\\> N\\<\\\/strong\\>on\\<strong\\> G\\<\\\/strong\\>ouvernementale\\<\\\/span\\>\\<\\\/p\\><br\/>Une organisation non gouvernementale \\(ONG\\) est une \\<a title\\='Association \u00e0 but non lucratif' href\\='https\\:\\\/\\\/fr\\.wikipedia\\.org\\\/wiki\\\/Association_%C3%A0_but_non_lucratif' target\\='_blank' rel\\='noopener'\\>association \u00e0 but non lucratif\\<\\\/a\\>, d'int\u00e9r\u00eat public, qui ne rel\u00e8ve ni de l'\u00c9tat, ni d'institutions internationales\\<sup id\\='cite_ref\\-novethic_1\\-0' class\\='reference'\\>\\<\\\/sup\\>\\. Les ONG n'ont pas le statut de sujet de \\<a title\\='Droit international public' href\\='https\\:\\\/\\\/fr\\.wikipedia\\.org\\\/wiki\\\/Droit_international_public' target\\='_blank' rel\\='noopener'\\>droit international\\<\\\/a\\>\\.\"; toolTips('.classtoolTips210',tt_store_content,'3579'); <\/script><script type=\"text\/javascript\"> var tt_store_content = \"\\<p\\><span class='tooltipsall tooltip_post_id_24572 classtoolTips211'>MIT<\/span> \\= Massachussets Institute of Technology, prestigieuse universit\u00e9 am\u00e9ricaine de la c\u00f4te est\\<\\\/p\\>\"; toolTips('.classtoolTips211',tt_store_content,'24572'); <\/script><script type=\"text\/javascript\"> var tt_store_content = \"\\<p style\\='text\\-align\\: center;'\\>\\<strong\\>J\\<\\\/strong\\>eux \\<strong\\>O\\<\\\/strong\\>lympiques<br\/>ou<br\/>\\<strong\\>J\\<\\\/strong\\>ournal \\<strong\\>O\\<\\\/strong\\>fficiel de la R\u00e9publique Fran\u00e7aise\\<\\\/p\\>\"; toolTips('.classtoolTips213',tt_store_content,'4451'); <\/script><script type=\"text\/javascript\"> var tt_store_content = \"\\<p\\>RN \\= Rassemble National, c'est le parti d'extr\u00eame droite de Marine Le Pen qui succ\u00e8de au FN \\= Front National fond\u00e9 par son p\u00e8re Jean Marie Le Pen\\<\\\/p\\>\"; toolTips('.classtoolTips214',tt_store_content,'30593'); <\/script><script type=\"text\/javascript\"> var tt_store_content = \"<div class='tooltips_youtube_class' ><iframe width='100%' height='100%' src='http:\/\/www.youtube.com\/embed\/terawatt?rel=0&autoplay=1' frameborder='0' allowfullscreen><\/iframe><\/div>\\<p\\>\\<strong\\>TERAWATT \\(<span class='tooltipsall tooltip_post_id_30105 classtoolTips219'>TW<\/span>\\) \\= 1000 000 000 000 <span class='tooltipsall tooltip_post_id_30101 classtoolTips216'>KW<\/span>\\<\\\/strong\\>\\<\\\/p\\>\"; toolTips('.classtoolTips219',tt_store_content,'30105'); <\/script><script type=\"text\/javascript\"> var tt_store_content = \"\\<p style\\='text\\-align\\: center;'\\>\\<span style\\='font\\-size\\: 14pt;'\\>\\<strong\\>C\\<\\\/strong\\>entre \\<strong\\>H\\<\\\/strong\\>ospitalier\\<\\\/span\\>\\<\\\/p\\>\"; toolTips('.classtoolTips220',tt_store_content,'18357'); <\/script><script type=\"text\/javascript\"> var tt_store_content = \"\\<p style\\='text\\-align\\: center;'\\>\\<span style\\='font\\-size\\: 14pt;'\\>\\<strong\\><span class='tooltipsall tooltip_post_id_21736 classtoolTips222'>nm<\/span> \\= n\\<\\\/strong\\>ano\\<strong\\>m\\<\\\/strong\\>\u00e8tre \\<\\\/span\\>\\<\\\/p\\><br\/>\\<p style\\='text\\-align\\: justify;'\\>\\<em\\>le <span class='tooltipsall tooltip_post_id_21736 classtoolTips222'>nanom\u00e8tre<\/span>, de symbole nm, est une unit\u00e9 de longueur du Syst\u00e8me international\\. C'est un sous\\-multiple du m\u00e8tre, il vaut un milliardi\u00e8me de m\u00e8tre, soit un millioni\u00e8me de millim\u00e8tre\\.\\<\\\/em\\>\\<\\\/p\\><br\/>\\<p style\\='text\\-align\\: center;'\\>\\<strong\\>\\<em\\> 1 nm \\= 10\u207b\u00b3 \u00b5m \\= 10\\<sup\\>\u20136\\<\\\/sup\\> mm \\= 10\\<sup\\>\u20139\\<\\\/sup\\> m\\.\\<\\\/em\\>\\<\\\/strong\\>\\<\\\/p\\>\"; toolTips('.classtoolTips222',tt_store_content,'21736'); <\/script><script type=\"text\/javascript\"> var tt_store_content = \"\\<p\\>D\u00e9chets radioactifs \u00e0 Haute Activit\u00e9 \\(classement <span class='tooltipsall tooltip_post_id_3612 classtoolTips79'>ANDRA<\/span>\\)\\<\\\/p\\>\"; toolTips('.classtoolTips223',tt_store_content,'19196'); <\/script>","protected":false},"excerpt":{"rendered":"<p>Ce dossier, structur\u00e9 en \u00ab\u00a0onglets\u00a0\u00bb ci-dessous, vous fournira l&rsquo;essentiel des informations pour comprendre le m\u00e9canisme et les enjeux du RIP, vous informer sur les moyens d&rsquo;action, consulter les articles du Clairon diffus\u00e9s sur le sujet, les principaux documents relatifs \u00e0 ce dispositif, ainsi que les liens les plus utiles vers les sites internet traitant deLire la suite &rarr;<script type=\"text\/javascript\"> var tt_store_content = \"En France, il existe deux moyens principaux pour cr\u00e9er ou modifier une loi\\:<br \/>\\<ul\\> \t\\<li\\>le \\<strong\\><span class='tooltipsall tooltip_post_id_6375 classtoolTips9'>projet de loi<\/span>\\<\\\/strong\\>, qui \u00e9mane du gouvernement,\\<\\\/li\\><br \/> \t\\<li\\>la \\<strong\\><span class='tooltipsall tooltip_post_id_6375 classtoolTips9'>proposition de loi<\/span>\\<\\\/strong\\>, qui \u00e9mane d'un ou plusieurs parlementaires\\. &nbsp;\\<\\\/li\\><br \/>\\<\\\/ul\\>\"; toolTips('.classtoolTips9',tt_store_content,'6375'); <\/script><script type=\"text\/javascript\"> var tt_store_content = \"En France, il existe deux moyens principaux pour cr\u00e9er ou modifier une loi\\:<br \/>\\<ul\\> \t\\<li\\>le \\<strong\\>projet de loi\\<\\\/strong\\>, qui \u00e9mane du gouvernement,\\<\\\/li\\><br \/> \t\\<li\\>la \\<strong\\>proposition de loi\\<\\\/strong\\>, qui \u00e9mane d'un ou plusieurs parlementaires\\. &nbsp;\\<\\\/li\\><br \/>\\<\\\/ul\\>\"; toolTips('.classtoolTips9',tt_store_content,'6375'); <\/script><script type=\"text\/javascript\"> var tt_store_content = \"\\<\/p>\n<p style\\='text\\-align\\: center;'\\>\\<span style\\='font\\-size\\: 14pt;'\\>\\<strong\\>C\\<\\\/strong\\>r\u00e9dit d'Imp\u00f4t pour la \\<strong\\>C\\<\\\/strong\\>omp\u00e9titivit\u00e9 et l'\\<strong\\>E\\<\\\/strong\\>mploi\\<\\\/span\\>\\<\\\/p\\><br \/>\\<\/p>\n<p style\\='text\\-align\\: justify;'\\>Mesure mise en place par le gouvernement de Jean\\-Marc Ayrault, en 2012 et entr\u00e9e en vigueur le 1\\<sup\\>er\\<\\\/sup\\> Janvier 2013, sous la pr\u00e9sidence de Fran\u00e7ois Hollande, visant \u00e0 soutenir les entreprises fran\u00e7aises par un all\u00e8gement des charges li\u00e9es aux salaires inf\u00e9rieurs \u00e0 2,5 SMIC\\. Le but de cette mesure, tr\u00e8s co\u00fbteuse pour la collectivit\u00e9 \\(13 mds \u20ac en 2013 et 20 mds&nbsp; \u20ac en 2014\\), \u00e9tait de dynamiser les embauches par les entreprises\\.<br \/>Dans les faits, elle aurait surtout servi aux entreprises \u00e0 reconstituer leurs marges et cela d'autant plus facilement qu'elle n'\u00e9tait assortie d'aucun contr\u00f4le du respect, par les entreprises, des conditions d'\u00e9ligibilit\u00e9\\.\\<\\\/p\\><br \/>\\<a href\\='https\\:\\\/\\\/fr\\.wikipedia\\.org\\\/wiki\\\/Cr%C3%A9dit_d%27imp%C3%B4t_pour_la_comp%C3%A9titivit%C3%A9_et_l%27emploi' target\\='_blank' rel\\='noopener'\\>Acc\u00e9der ici \u00e0 la fiche Wikipedia sur le <span class='tooltipsall tooltip_post_id_5648 classtoolTips102'>CICE<\/span>\\<\\\/a\\>\"; toolTips('.classtoolTips102',tt_store_content,'5648'); <\/script><script type=\"text\/javascript\"> var tt_store_content = \"\\<p\\><span class='tooltipsall tooltip_post_id_23586 classtoolTips107'>NTIC<\/span> \\= Nouvelles technologies de l'information et de la communication\\<\\\/p\\>\"; toolTips('.classtoolTips107',tt_store_content,'23586'); <\/script><script type=\"text\/javascript\"> var tt_store_content = \"\\<p\\>NTIC \\= Nouvelles technologies de l'information et de la communication\\<\\\/p\\>\"; toolTips('.classtoolTips107',tt_store_content,'23586'); <\/script><script type=\"text\/javascript\"> var tt_store_content = \"\\<p\\>NTIC \\= Nouvelles technologies de l'Information et de la Communication\\<\\\/p\\>\"; toolTips('.classtoolTips112',tt_store_content,'30265'); <\/script><script type=\"text\/javascript\"> var tt_store_content = \"Le <span class='tooltipsall tooltip_post_id_3743 classtoolTips128'>CIRC<\/span> est le&nbsp; \\<a href\\='https\\:\\\/\\\/fr\\.wikipedia\\.org\\\/wiki\\\/Centre_international_de_recherche_sur_le_cancer' target\\='_blank' rel\\='noopener'\\>Centre international de Recherche sur le Cancer\\<\\\/a\\>, cr\u00e9\u00e9 en 1965 par l\u2019\\<a href\\='https\\:\\\/\\\/fr\\.wikipedia\\.org\\\/wiki\\\/Organisation_mondiale_de_la_sant%C3%A9' target\\='_blank' rel\\='noopener'\\>Organisation Mondiale de la Sant\u00e9\\<\\\/a\\> \\(OMS\\) des \\<a href\\='https\\:\\\/\\\/fr\\.wikipedia\\.org\\\/wiki\\\/Organisation_des_Nations_unies' target\\='_blank' rel\\='noopener'\\>Nations Unies\\<\\\/a\\>\\.\"; toolTips('.classtoolTips128',tt_store_content,'3743'); <\/script><script type=\"text\/javascript\"> var tt_store_content = \"\\<\/p>\n<p style\\='text\\-align\\: center;'\\>\\<span style\\='font\\-size\\: 14pt;'\\>\\<strong\\>C\\<\\\/strong\\>entre \\<strong\\>C\\<\\\/strong\\>ommunal d'\\<strong\\>A\\<\\\/strong\\>ction \\<strong\\>S\\<\\\/strong\\>ociale\\<\\\/span\\>\\<\\\/p\\><br \/>\\<\/p>\n<p style\\='text\\-align\\: justify;'\\>Un centre communal d'action sociale \\(<span class='tooltipsall tooltip_post_id_18100 classtoolTips132'>CCAS<\/span>\\) est, en France, un \u00e9tablissement public administr\u00e9 par un conseil d'administration pr\u00e9sid\u00e9 par le maire de la commune\\. Il a pour mission d'animer une action g\u00e9n\u00e9rale de pr\u00e9vention et de d\u00e9veloppement social au sein de la commune en liaison \u00e9troite avec les institutions publiques et priv\u00e9es\\<\\\/p\\>\"; toolTips('.classtoolTips132',tt_store_content,'18100'); <\/script><script type=\"text\/javascript\"> var tt_store_content = \"\\<p\\><span class='tooltipsall tooltip_post_id_19394 classtoolTips134'>SAGE<\/span> \\= \\<span class\\='st'\\> sch\u00e9ma d'am\u00e9nagement et de gestion de l'eau\\<\\\/span\\> , c'est un outil de planification qui concerne l'ensemble des eaux situ\u00e9es dans un bassin versant\\<\\\/p\\>\"; toolTips('.classtoolTips134',tt_store_content,'19394'); <\/script><script type=\"text\/javascript\"> var tt_store_content = \"\\<\/p>\n<p style\\='text\\-align\\: center;'\\>\\<strong\\>\\<span style\\='font\\-size\\: 14pt;'\\>S\\<\\\/span\\>\\<\\\/strong\\>\\<span style\\='font\\-size\\: 14pt;'\\>oci\u00e9t\u00e9 d'\\<strong\\>\u00c9\\<\\\/strong\\>conomie \\<strong\\>M\\<\\\/strong\\>ixte\\<\\\/span\\>\\<\\\/p\\><br \/>\\<\/p>\n<p style\\='text\\-align\\: justify;'\\>En France, une soci\u00e9t\u00e9 d'\u00e9conomie mixte est une soci\u00e9t\u00e9 anonyme dont le capital est majoritairement d\u00e9tenu par une ou plusieurs personnes publiques \\(\u00e0 savoir l'\u00c9tat, une Collectivit\u00e9 territoriale, ou tout autre \u00c9tablissement public\\)\\. Cette participation majoritaire publique est plafonn\u00e9e \u00e0 85&nbsp;% du capital depuis la Loi du 2 janvier 2002\\. Au moins une personne priv\u00e9e doit participer au capital de la <span class='tooltipsall tooltip_post_id_7168 classtoolTips142'>SEM<\/span>, sachant qu'il peut s'agir d'une autre SEM\\.\\<\\\/p\\><br \/>\\<\/p>\n<p style\\='text\\-align\\: justify;'\\>\\<strong\\>Le recours \u00e0 la SEM garantit\\<\\\/strong\\> \u00e0 la collectivit\u00e9 publique actionnaire et cocontractante \\<strong\\>la prise en compte effective de l'int\u00e9r\u00eat g\u00e9n\u00e9ral\\<\\\/strong\\> dans les objectifs de l'entreprise \\<strong\\>et la souplesse de la soci\u00e9t\u00e9 de droit priv\u00e9\\<\\\/strong\\>\\.\\<\\\/p\\><br \/>\\<em\\>\\<a href\\='https\\:\\\/\\\/fr\\.wikipedia\\.org\\\/wiki\\\/Soci%C3%A9t%C3%A9_d%27%C3%A9conomie_mixte' target\\='_blank' rel\\='noopener'\\>Voir ici la page Wikipedia consacr\u00e9e aux SEM\\<\\\/a\\> \\<\\\/em\\><\/p>\n<p>&nbsp;\"; toolTips('.classtoolTips142',tt_store_content,'7168'); <\/script><script type=\"text\/javascript\"> var tt_store_content = \"\\<\/p>\n<p style\\='text\\-align\\: center;'\\>\\<span style\\='font\\-size\\: 14pt;'\\>\\<strong\\>I\\<\\\/strong\\>mp\u00f4t sur la \\<strong\\>F\\<\\\/strong\\>ortune \\<strong\\>I\\<\\\/strong\\>mmobili\u00e8re\\<\\\/span\\>\\<\\\/p\\>\"; toolTips('.classtoolTips148',tt_store_content,'5643'); <\/script><script type=\"text\/javascript\"> var tt_store_content = \"\\<\/p>\n<p style\\='text\\-align\\: center;'\\>\\<strong\\>Imp\u00f4t de Solidarit\u00e9 sur la Fortune\\<\\\/strong\\>\\<\\\/p\\>\"; toolTips('.classtoolTips149',tt_store_content,'3596'); <\/script><script type=\"text\/javascript\"> var tt_store_content = \"\\<\/p>\n<p style\\='text\\-align\\: center;'\\>\\<span style\\='font\\-size\\: 14pt;'\\>\\<strong\\>R\\<\\\/strong\\>\u00e9pertoire \\<strong\\>N\\<\\\/strong\\>ational des \\<strong\\>A\\<\\\/strong\\>ssociations\\<\\\/span\\>\\<\\\/p\\>\"; toolTips('.classtoolTips159',tt_store_content,'24374'); <\/script><script type=\"text\/javascript\"> var tt_store_content = \"\\<\/p>\n<p style\\='text\\-align\\: center;'\\>\\<strong\\>\\<span style\\='font\\-size\\: 14pt;'\\>G\\<\\\/span\\>\\<\\\/strong\\>\\<span style\\='font\\-size\\: 14pt;'\\>az \u00e0 \\<strong\\>E\\<\\\/strong\\>ffet de \\<strong\\>S\\<\\\/strong\\>erre\\<\\\/span\\>\\<\\\/p\\><br \/>\\<\/p>\n<p style\\='text\\-align\\: justify;'\\>Les gaz \u00e0 effet de serre \\(<span class='tooltipsall tooltip_post_id_7232 classtoolTips161'>GES<\/span>\\) sont des composants gazeux qui absorbent le rayonnement infrarouge \u00e9mis par la surface terrestre et contribuent \u00e0 l'effet de serre\\. L'augmentation de leur concentration dans l'atmosph\u00e8re terrestre est l'un des facteurs \u00e0 l'origine du r\u00e9chauffement climatique\\.\\<\\\/p\\><br \/>\\<a href\\='https\\:\\\/\\\/fr\\.wikipedia\\.org\\\/wiki\\\/Gaz_%C3%A0_effet_de_serre' target\\='_blank' rel\\='noopener'\\>\\<em\\>Voir ici la fiche Wikipedia sur les gaz \u00e0 effet de serre\\<\\\/em\\>\\<\\\/a\\>\"; toolTips('.classtoolTips161',tt_store_content,'7232'); <\/script><script type=\"text\/javascript\"> var tt_store_content = \"\\<\/p>\n<p style\\='text\\-align\\: justify'\\>La \u00ab\u00a0\\<b\\>programmation pluriannuelle de l'\u00e9nergie\\<\\\/b\\>\u00a0\u00bb \\(<span class='tooltipsall tooltip_post_id_7750 classtoolTips164'>PPE<\/span>\\) est, en France, un document strat\u00e9gique de pilotage de la transition \u00e9nerg\u00e9tique\\. Institu\u00e9e par l'article 176 de la \\<a title\\='Loi relative \u00e0 la transition \u00e9nerg\u00e9tique pour la croissance verte' href\\='https\\:\\\/\\\/fr\\.wikipedia\\.org\\\/wiki\\\/Loi_relative_%C3%A0_la_transition_%C3%A9nerg%C3%A9tique_pour_la_croissance_verte'\\>loi de transition \u00e9nerg\u00e9tique\\<\\\/a\\> \\(TECV\\), elle fixe une trajectoire pour le \\<a title\\='Mix \u00e9nerg\u00e9tique' href\\='https\\:\\\/\\\/fr\\.wikipedia\\.org\\\/wiki\\\/Mix_%C3%A9nerg%C3%A9tique'\\>mix \u00e9nerg\u00e9tique\\<\\\/a\\>, ainsi que \\<span class\\='citation'\\>\u00ab\u00a0les priorit\u00e9s d'action pour la gestion de l\u2019ensemble des formes d'\u00e9nergie sur le territoire m\u00e9tropolitain continental, afin d\u2019atteindre les objectifs nationaux fix\u00e9s par la loi\u00a0\u00bb\\<\\\/span\\>\\. \\(Wikip\u00e9dia\\)\\<\\\/p\\>\"; toolTips('.classtoolTips164',tt_store_content,'7750'); <\/script><script type=\"text\/javascript\"> var tt_store_content = \"\\<\/p>\n<p style\\='text\\-align\\: justify'\\>La \u00ab\u00a0\\<b\\>programmation pluriannuelle de l'\u00e9nergie\\<\\\/b\\>\u00a0\u00bb \\(PPE\\) est, en France, un document strat\u00e9gique de pilotage de la transition \u00e9nerg\u00e9tique\\. Institu\u00e9e par l'article 176 de la \\<a title\\='Loi relative \u00e0 la transition \u00e9nerg\u00e9tique pour la croissance verte' href\\='https\\:\\\/\\\/fr\\.wikipedia\\.org\\\/wiki\\\/Loi_relative_%C3%A0_la_transition_%C3%A9nerg%C3%A9tique_pour_la_croissance_verte'\\>loi de transition \u00e9nerg\u00e9tique\\<\\\/a\\> \\(TECV\\), elle fixe une trajectoire pour le \\<a title\\='Mix \u00e9nerg\u00e9tique' href\\='https\\:\\\/\\\/fr\\.wikipedia\\.org\\\/wiki\\\/Mix_%C3%A9nerg%C3%A9tique'\\>mix \u00e9nerg\u00e9tique\\<\\\/a\\>, ainsi que \\<span class\\='citation'\\>\u00ab\u00a0les priorit\u00e9s d'action pour la gestion de l\u2019ensemble des formes d'\u00e9nergie sur le territoire m\u00e9tropolitain continental, afin d\u2019atteindre les objectifs nationaux fix\u00e9s par la loi\u00a0\u00bb\\<\\\/span\\>\\. \\(Wikip\u00e9dia\\)\\<\\\/p\\>\"; toolTips('.classtoolTips164',tt_store_content,'7750'); <\/script><script type=\"text\/javascript\"> var tt_store_content = \"\\<\/p>\n<p style\\='text\\-align\\: justify;'\\>Le Conseil d'Orientation des Retraites est une instance qui r\u00e9unit &nbsp;\\<span class\\='st'\\>les principaux acteurs du champ des retraites\\<\\\/span\\> et effectue un travail d'\u00e9tudes et de concertation\\. Compos\u00e9 de parlementaires, de repr\u00e9sentants des organisations professionnelles et syndicales, des retrait\u00e9s et des familles, de membres de l'administration et d'experts, le Conseil d'orientation des retraites \\(<span class='tooltipsall tooltip_post_id_7751 classtoolTips165'>COR<\/span>\\) est plac\u00e9 aupr\u00e8s du Premier ministre\\.\\<\\\/p\\>\"; toolTips('.classtoolTips165',tt_store_content,'7751'); <\/script><script type=\"text\/javascript\"> var tt_store_content = \"Energies Renouvelables\"; toolTips('.classtoolTips167',tt_store_content,'7758'); <\/script><script type=\"text\/javascript\"> var tt_store_content = \"Energies Renouvelables\"; toolTips('.classtoolTips167',tt_store_content,'7758'); <\/script><script type=\"text\/javascript\"> var tt_store_content = \"\\<\/p>\n<p style\\='text\\-align\\: center;'\\>\\<span style\\='font\\-size\\: 14pt;'\\>\\<strong\\>O\\<\\\/strong\\>rganisation \\<strong\\>M\\<\\\/strong\\>\u00e9t\u00e9orologique \\<strong\\>M\\<\\\/strong\\>ondiale<br \/>\\<strong\\>W\\<\\\/strong\\>orld \\<strong\\>M\\<\\\/strong\\>eteorological \\<strong\\>O\\<\\\/strong\\>rganization\\<\\\/span\\>\\<\\\/p\\><br \/>&nbsp;<\/p>\n<p>\\<a href\\='https\\:\\\/\\\/public\\.wmo\\.int\\\/fr' target\\='_blank' rel\\='noopener'\\>\\<em\\>Acc\u00e9der ici au site de l'organisation\\<\\\/em\\>\\<\\\/a\\>\"; toolTips('.classtoolTips168',tt_store_content,'7763'); <\/script><script type=\"text\/javascript\"> var tt_store_content = \"\\<\/p>\n<p style\\='text\\-align\\: center;'\\>\\<span style\\='font\\-size\\: 14pt;'\\>\\<strong\\>\u00c9\\<\\\/strong\\>cole \\<strong\\>N\\<\\\/strong\\>ationale d'\\<strong\\>A\\<\\\/strong\\>dministration\\<\\\/span\\>\\<\\\/p\\>\"; toolTips('.classtoolTips170',tt_store_content,'5213'); <\/script><script type=\"text\/javascript\"> var tt_store_content = \"\\<\/p>\n<p style\\='text\\-align\\: center;'\\>\\<span style\\='font\\-size\\: 14pt;'\\>\u00c9cole des<br \/>\\<strong\\>H\\<\\\/strong\\>autes \\<strong\\>\u00c9\\<\\\/strong\\>tudes \\<strong\\>C\\<\\\/strong\\>ommerciales\\<\\\/span\\>\\<\\\/p\\>\"; toolTips('.classtoolTips171',tt_store_content,'5214'); <\/script><script type=\"text\/javascript\"> var tt_store_content = \"\\<\/p>\n<p style\\='text\\-align\\: justify'\\>\\<span class\\='ILfuVd'\\>La politique agricole commune \\(\\<b\\><span class='tooltipsall tooltip_post_id_11364 classtoolTips174'>PAC<\/span>\\<\\\/b\\>\\) est une politique mise en place \u00e0 l'\u00e9chelle de l'Union europ\u00e9enne\\. \u00c0 l'origine, elle est fond\u00e9e principalement sur des mesures de contr\u00f4le des prix et de subventionnement, visant \u00e0 moderniser et d\u00e9velopper l'agriculture\\.\\<\\\/span\\> \\(source Wikipedia\\)\\<\\\/p\\>\"; toolTips('.classtoolTips174',tt_store_content,'11364'); <\/script><script type=\"text\/javascript\"> var tt_store_content = \"\\<\/p>\n<p style\\='text\\-align\\: center;'\\>\\<span style\\='font\\-size\\: 14pt;'\\>\\<strong\\>P\\<\\\/strong\\>\\<\\\/span\\>\\<span style\\='font\\-size\\: 14pt;'\\>lan \\<strong\\>L\\<\\\/strong\\>\\<\\\/span\\>\\<span style\\='font\\-size\\: 14pt;'\\>ocal d'\\<strong\\>U\\<\\\/strong\\>\\<\\\/span\\>\\<span style\\='font\\-size\\: 14pt;'\\>rbanisme\\<\\\/span\\>\\<\\\/p\\><br \/>&nbsp;\"; toolTips('.classtoolTips176',tt_store_content,'4979'); <\/script><script type=\"text\/javascript\"> var tt_store_content = \"\\<p\\>Conseil \u00c9conomique et Social\\<\\\/p\\>\"; toolTips('.classtoolTips180',tt_store_content,'29829'); <\/script><script type=\"text\/javascript\"> var tt_store_content = \"\\<\/p>\n<p style\\='text\\-align\\: center;'\\>\\<span style\\='font\\-size\\: 14pt;'\\>\\<strong\\>A\\<\\\/strong\\>gence \\<strong\\>R\\<\\\/strong\\>\u00e9gionale de \\<strong\\>S\\<\\\/strong\\>ant\u00e9\\<\\\/span\\>\\<\\\/p\\>\"; toolTips('.classtoolTips188',tt_store_content,'18356'); <\/script><script type=\"text\/javascript\"> var tt_store_content = \"\\<\/p>\n<p style\\='text\\-align\\: center;'\\>\\<span style\\='font\\-size\\: 14pt;'\\>\\<strong\\>G\\<\\\/strong\\>roupement \\<strong\\>H\\<\\\/strong\\>ospitalier de \\<strong\\>T\\<\\\/strong\\>erritoire\\<\\\/span\\>\\<\\\/p\\><br \/>\\<\/p>\n<p style\\='text\\-align\\: justify;'\\>Les groupements hospitaliers de territoires, dispositif pr\u00e9vu par la loi de sant\u00e9 2016, sont un nouveau mode de coop\u00e9ration entre les \u00e9tablissements publics de sant\u00e9 \u00e0 l\u2019\u00e9chelle d\u2019un territoire\\<\\\/p\\>\"; toolTips('.classtoolTips189',tt_store_content,'18358'); <\/script><script type=\"text\/javascript\"> var tt_store_content = \"\\<\/p>\n<p style\\='text\\-align\\: center;'\\>\\<span style\\='font\\-size\\: 14pt;'\\>\\<strong\\>C\\<\\\/strong\\>omit\u00e9 \\<strong\\>T\\<\\\/strong\\>echnique d'\\<strong\\>\u00c9\\<\\\/strong\\>tablissement\\<\\\/span\\>\\<\\\/p\\>\"; toolTips('.classtoolTips191',tt_store_content,'18359'); <\/script><script type=\"text\/javascript\"> var tt_store_content = \"\\<\/p>\n<p style\\='text\\-align\\: center;'\\>\\<strong\\>\\<span style\\='font\\-size\\: 14pt;'\\>P\\<\\\/span\\>\\<\\\/strong\\>\\<span style\\='font\\-size\\: 14pt;'\\>rogrammation \\<strong\\>P\\<\\\/strong\\>luri\\-annuelle de l'\\<strong\\>\u00c9\\<\\\/strong\\>nergie\\<\\\/span\\>\\<\\\/p\\><br \/>La PPE est est en France un document strat\u00e9gique de pilotage de la transition \u00e9nerg\u00e9tique\\. Institu\u00e9e par l'article 176 de la loi transition \u00e9nerg\u00e9tique \\(TECV\\)\\. Elle fixe \\(par \u00e9nergie\\) une trajectoire pour le mix \u00e9nerg\u00e9tique, ainsi que \u00ab&nbsp;\\<em\\>les priorit\u00e9s d'action pour la gestion de l\u2019ensemble des formes d'\u00e9nergie sur le territoire m\u00e9tropolitain continental, afin d\u2019atteindre les objectifs nationaux fix\u00e9s par la loi\\<\\\/em\\>&nbsp;\u00bb\\.<\/p>\n<p>Initi\u00e9e en 2016, elle est r\u00e9vis\u00e9e en 2018 puis ensuite tous les 5 ans\\.<\/p>\n<p>\\<a href\\='https\\:\\\/\\\/fr\\.wikipedia\\.org\\\/wiki\\\/Programmation_pluriannuelle_de_l'\u00e9nergi' target\\='_blank' rel\\='noopener'\\>\\<em\\>Voir ici la page Wikipedia consacr\u00e9e \u00e0 la PPE\\<\\\/em\\>\\<\\\/a\\><br \/>\\<a href\\='https\\:\\\/\\\/ppe\\.debatpublic\\.fr\\\/' target\\='_blank' rel\\='noopener'\\>\\<em\\>Voir ici la page du site 'Commission du D\u00e9bat Public' consacr\u00e9e \u00e0 la PPE\\<\\\/em\\>\\<\\\/a\\>\"; toolTips('.classtoolTips193',tt_store_content,'7102'); <\/script><script type=\"text\/javascript\"> var tt_store_content = \"\\<\/p>\n<p style\\='text\\-align\\: center;'\\>\\<span style\\='font\\-size\\: 14pt;'\\>\\<strong\\>E\\<\\\/strong\\>volutionary \\<strong\\>P\\<\\\/strong\\>ower \\<strong\\>R\\<\\\/strong\\>eactor\\<\\\/span\\>\\<\\\/p\\><br \/>\\<\/p>\n<p style\\='text\\-align\\: justify;'\\>R\u00e9acteur nucl\u00e9aire de troisi\u00e8me g\u00e9n\u00e9ration \\(classification internationale\\), con\u00e7u et d\u00e9velopp\u00e9 par <span class='tooltipsall tooltip_post_id_5121 classtoolTips35'>Areva NP<\/span>&nbsp; au cours des ann\u00e9es 1990 et 2000\\. Il fait partie de la fili\u00e8re des r\u00e9acteurs \u00e0 eau pressuris\u00e9e\\.\\<\\\/p\\><br \/>\\<a href\\='https\\:\\\/\\\/fr\\.wikipedia\\.org\\\/wiki\\\/R%C3%A9acteur_pressuris%C3%A9_europ%C3%A9en' target\\='_blank' rel\\='noopener'\\>\\<em\\>Voir ici la fiche Wikipedia <span class='tooltipsall tooltip_post_id_5579 classtoolTips196'>EPR<\/span>\\<\\\/em\\>\\<\\\/a\\>\"; toolTips('.classtoolTips196',tt_store_content,'5579'); <\/script><script type=\"text\/javascript\"> var tt_store_content = \"\\<\/p>\n<p style\\='text\\-align\\: center;'\\>\\<span style\\='font\\-size\\: 14pt;'\\>\\<strong\\>T\\<\\\/strong\\>eollisuuden \\<strong\\>V\\<\\\/strong\\>oima \\<strong\\>O\\<\\\/strong\\>yj\\<\\\/span\\>\\<\\\/p\\><br \/>Compagnie priv\u00e9e d'\u00e9lectricit\u00e9 finlandaise, cliente d'AREVA pour la mise en oeuvre d'un r\u00e9acteur EPR sur le site d'Olkiluoto\\. Ce contrat, initi\u00e9 au d\u00e9but des ann\u00e9es 2000, accumule en 2018 10 ans de retard\\.\"; toolTips('.classtoolTips197',tt_store_content,'5580'); <\/script><script type=\"text\/javascript\"> var tt_store_content = \"\\<\/p>\n<p style\\='text\\-align\\: center;'\\>\\<strong\\>R\\<\\\/strong\\>\u00e9seau \\<strong\\>A\\<\\\/strong\\>ction \\<strong\\>C\\<\\\/strong\\>limat\\<\\\/p\\><br \/>Le r\u00e9seau Action Climat '\\<em\\>f\u00e9d\u00e8re les associations impliqu\u00e9es dans la lutte contre les changements climatiques et pour une transition \u00e9cologique, solidaire et \u00e9quitable\\<\\\/em\\>'\\.<\/p>\n<p>\\<a href\\='https\\:\\\/\\\/reseauactionclimat\\.org\\\/' target\\='_blank' rel\\='noopener'\\>Voir le site du <span class='tooltipsall tooltip_post_id_4309 classtoolTips200'>RAC<\/span>\\<\\\/a\\>\"; toolTips('.classtoolTips200',tt_store_content,'4309'); <\/script><script type=\"text\/javascript\"> var tt_store_content = \"\\<\/p>\n<p style\\='text\\-align\\: center;'\\>\\<strong\\>\\<span style\\='font\\-size\\: 14pt;'\\>R\\<\\\/span\\>\\<\\\/strong\\>\\<span style\\='font\\-size\\: 14pt;'\\>eferendum d'\\<strong\\>I\\<\\\/strong\\>nitiative \\<strong\\>C\\<\\\/strong\\>itoyenne\\<\\\/span\\>\\<\\\/p\\>\"; toolTips('.classtoolTips205',tt_store_content,'12268'); <\/script><script type=\"text\/javascript\"> var tt_store_content = \"\\<p\\><span class='tooltipsall tooltip_post_id_25844 classtoolTips208'>RTE<\/span> \\= R\u00e9seau de Transport d'Electricit\u00e9 est une filiale d'<span class='tooltipsall tooltip_post_id_7035 classtoolTips178'>EDF<\/span> qui est l'actionnaire majoritaire avec 50,1% des parts le reste \u00e9tant partag\u00e9 par la CDC et la CNP\\<\\\/p\\>\"; toolTips('.classtoolTips208',tt_store_content,'25844'); <\/script><script type=\"text\/javascript\"> var tt_store_content = \"\\<\/p>\n<p style\\='text\\-align\\: center;'\\>\\<span style\\='font\\-size\\: 14pt;'\\>\\<strong\\>O\\<\\\/strong\\>rganisation\\<strong\\> N\\<\\\/strong\\>on\\<strong\\> G\\<\\\/strong\\>ouvernementale\\<\\\/span\\>\\<\\\/p\\><br \/>Une organisation non gouvernementale \\(<span class='tooltipsall tooltip_post_id_3579 classtoolTips210'>ONG<\/span>\\) est une \\<a title\\='Association \u00e0 but non lucratif' href\\='https\\:\\\/\\\/fr\\.wikipedia\\.org\\\/wiki\\\/Association_%C3%A0_but_non_lucratif' target\\='_blank' rel\\='noopener'\\>association \u00e0 but non lucratif\\<\\\/a\\>, d'int\u00e9r\u00eat public, qui ne rel\u00e8ve ni de l'\u00c9tat, ni d'institutions internationales\\<sup id\\='cite_ref\\-novethic_1\\-0' class\\='reference'\\>\\<\\\/sup\\>\\. Les ONG n'ont pas le statut de sujet de \\<a title\\='Droit international public' href\\='https\\:\\\/\\\/fr\\.wikipedia\\.org\\\/wiki\\\/Droit_international_public' target\\='_blank' rel\\='noopener'\\>droit international\\<\\\/a\\>\\.\"; toolTips('.classtoolTips210',tt_store_content,'3579'); <\/script><script type=\"text\/javascript\"> var tt_store_content = \"\\<\/p>\n<p style\\='text\\-align\\: center;'\\>\\<span style\\='font\\-size\\: 14pt;'\\>\\<strong\\>O\\<\\\/strong\\>rganisation\\<strong\\> N\\<\\\/strong\\>on\\<strong\\> G\\<\\\/strong\\>ouvernementale\\<\\\/span\\>\\<\\\/p\\><br \/>Une organisation non gouvernementale \\(ONG\\) est une \\<a title\\='Association \u00e0 but non lucratif' href\\='https\\:\\\/\\\/fr\\.wikipedia\\.org\\\/wiki\\\/Association_%C3%A0_but_non_lucratif' target\\='_blank' rel\\='noopener'\\>association \u00e0 but non lucratif\\<\\\/a\\>, d'int\u00e9r\u00eat public, qui ne rel\u00e8ve ni de l'\u00c9tat, ni d'institutions internationales\\<sup id\\='cite_ref\\-novethic_1\\-0' class\\='reference'\\>\\<\\\/sup\\>\\. Les ONG n'ont pas le statut de sujet de \\<a title\\='Droit international public' href\\='https\\:\\\/\\\/fr\\.wikipedia\\.org\\\/wiki\\\/Droit_international_public' target\\='_blank' rel\\='noopener'\\>droit international\\<\\\/a\\>\\.\"; toolTips('.classtoolTips210',tt_store_content,'3579'); <\/script><script type=\"text\/javascript\"> var tt_store_content = \"\\<p\\><span class='tooltipsall tooltip_post_id_24572 classtoolTips211'>MIT<\/span> \\= Massachussets Institute of Technology, prestigieuse universit\u00e9 am\u00e9ricaine de la c\u00f4te est\\<\\\/p\\>\"; toolTips('.classtoolTips211',tt_store_content,'24572'); <\/script><script type=\"text\/javascript\"> var tt_store_content = \"\\<\/p>\n<p style\\='text\\-align\\: center;'\\>\\<strong\\>J\\<\\\/strong\\>eux \\<strong\\>O\\<\\\/strong\\>lympiques<br \/>ou<br \/>\\<strong\\>J\\<\\\/strong\\>ournal \\<strong\\>O\\<\\\/strong\\>fficiel de la R\u00e9publique Fran\u00e7aise\\<\\\/p\\>\"; toolTips('.classtoolTips213',tt_store_content,'4451'); <\/script><script type=\"text\/javascript\"> var tt_store_content = \"\\<p\\><span class='tooltipsall tooltip_post_id_30593 classtoolTips214'>RN<\/span> \\= Rassemble National, c'est le parti d'extr\u00eame droite de Marine Le Pen qui succ\u00e8de au FN \\= Front National fond\u00e9 par son p\u00e8re Jean Marie Le Pen\\<\\\/p\\>\"; toolTips('.classtoolTips214',tt_store_content,'30593'); <\/script><script type=\"text\/javascript\"> var tt_store_content = \"<\/p>\n<div class='tooltips_youtube_class' ><iframe width='100%' height='100%' src='http:\/\/www.youtube.com\/embed\/terawatt?rel=0&autoplay=1' frameborder='0' allowfullscreen><\/iframe><\/div>\n<p>\\<p\\>\\<strong\\>TERAWATT \\(<span class='tooltipsall tooltip_post_id_30105 classtoolTips219'>TW<\/span>\\) \\= 1000 000 000 000 <span class='tooltipsall tooltip_post_id_30101 classtoolTips216'>KW<\/span>\\<\\\/strong\\>\\<\\\/p\\>\"; toolTips('.classtoolTips219',tt_store_content,'30105'); <\/script><script type=\"text\/javascript\"> var tt_store_content = \"\\<\/p>\n<p style\\='text\\-align\\: center;'\\>\\<span style\\='font\\-size\\: 14pt;'\\>\\<strong\\>C\\<\\\/strong\\>entre \\<strong\\>H\\<\\\/strong\\>ospitalier\\<\\\/span\\>\\<\\\/p\\>\"; toolTips('.classtoolTips220',tt_store_content,'18357'); <\/script><script type=\"text\/javascript\"> var tt_store_content = \"\\<\/p>\n<p style\\='text\\-align\\: center;'\\>\\<span style\\='font\\-size\\: 14pt;'\\>\\<strong\\><span class='tooltipsall tooltip_post_id_21736 classtoolTips222'>nm<\/span> \\= n\\<\\\/strong\\>ano\\<strong\\>m\\<\\\/strong\\>\u00e8tre \\<\\\/span\\>\\<\\\/p\\><br \/>\\<\/p>\n<p style\\='text\\-align\\: justify;'\\>\\<em\\>le <span class='tooltipsall tooltip_post_id_21736 classtoolTips222'>nanom\u00e8tre<\/span>, de symbole nm, est une unit\u00e9 de longueur du Syst\u00e8me international\\. C'est un sous\\-multiple du m\u00e8tre, il vaut un milliardi\u00e8me de m\u00e8tre, soit un millioni\u00e8me de millim\u00e8tre\\.\\<\\\/em\\>\\<\\\/p\\><br \/>\\<\/p>\n<p style\\='text\\-align\\: center;'\\>\\<strong\\>\\<em\\> 1 nm \\= 10\u207b\u00b3 \u00b5m \\= 10\\<sup\\>\u20136\\<\\\/sup\\> mm \\= 10\\<sup\\>\u20139\\<\\\/sup\\> m\\.\\<\\\/em\\>\\<\\\/strong\\>\\<\\\/p\\>\"; toolTips('.classtoolTips222',tt_store_content,'21736'); <\/script><script type=\"text\/javascript\"> var tt_store_content = \"\\<p\\>D\u00e9chets radioactifs \u00e0 Haute Activit\u00e9 \\(classement <span class='tooltipsall tooltip_post_id_3612 classtoolTips79'>ANDRA<\/span>\\)\\<\\\/p\\>\"; toolTips('.classtoolTips223',tt_store_content,'19196'); <\/script><\/p>\n","protected":false},"author":21,"featured_media":0,"parent":1981,"menu_order":0,"comment_status":"closed","ping_status":"closed","template":"","meta":{"_acf_changed":false,"ngg_post_thumbnail":0,"footnotes":""},"coauthors":[76],"class_list":["post-20066","page","type-page","status-publish","hentry","no-thumb"],"acf":[],"jetpack_sharing_enabled":true,"jetpack_shortlink":"https:\/\/wp.me\/P9B5TM-5dE","_links":{"self":[{"href":"https:\/\/le-clairon-nouveau.fr\/wordpress\/wp-json\/wp\/v2\/pages\/20066","targetHints":{"allow":["GET"]}}],"collection":[{"href":"https:\/\/le-clairon-nouveau.fr\/wordpress\/wp-json\/wp\/v2\/pages"}],"about":[{"href":"https:\/\/le-clairon-nouveau.fr\/wordpress\/wp-json\/wp\/v2\/types\/page"}],"author":[{"embeddable":true,"href":"https:\/\/le-clairon-nouveau.fr\/wordpress\/wp-json\/wp\/v2\/users\/21"}],"replies":[{"embeddable":true,"href":"https:\/\/le-clairon-nouveau.fr\/wordpress\/wp-json\/wp\/v2\/comments?post=20066"}],"version-history":[{"count":0,"href":"https:\/\/le-clairon-nouveau.fr\/wordpress\/wp-json\/wp\/v2\/pages\/20066\/revisions"}],"up":[{"embeddable":true,"href":"https:\/\/le-clairon-nouveau.fr\/wordpress\/wp-json\/wp\/v2\/pages\/1981"}],"wp:attachment":[{"href":"https:\/\/le-clairon-nouveau.fr\/wordpress\/wp-json\/wp\/v2\/media?parent=20066"}],"wp:term":[{"taxonomy":"author","embeddable":true,"href":"https:\/\/le-clairon-nouveau.fr\/wordpress\/wp-json\/wp\/v2\/coauthors?post=20066"}],"curies":[{"name":"wp","href":"https:\/\/api.w.org\/{rel}","templated":true}]}}