{"id":2161,"date":"2017-07-17T08:45:19","date_gmt":"2017-07-17T06:45:19","guid":{"rendered":"https:\/\/le-clairon-nouveau.fr\/wordpress\/?page_id=2161"},"modified":"2018-04-23T17:11:22","modified_gmt":"2018-04-23T15:11:22","slug":"dossier-malvesi-areva","status":"publish","type":"page","link":"https:\/\/le-clairon-nouveau.fr\/wordpress\/pages-visibles\/dossiers\/dossier-malvesi-areva\/","title":{"rendered":"Dossier Malvezy &#8211; AREVA"},"content":{"rendered":"<div id=\"pl-2161\"  class=\"panel-layout\" ><div id=\"pg-2161-0\"  class=\"panel-grid panel-no-style\" ><div id=\"pgc-2161-0-0\"  class=\"panel-grid-cell\" ><div id=\"panel-2161-0-0-0\" class=\"so-panel widget widget_black-studio-tinymce widget_black_studio_tinymce panel-first-child\" data-index=\"0\" ><div class=\"textwidget\"><p style=\"text-align: justify;\"><em>Cette page regroupe l'ensemble des informations portant sur le dossier \"AREVA \/ Malvesi\", rassembl\u00e9es par le Clairon. Dans les diff\u00e9rents \"onglets\" ci-dessous, vous trouverez une pr\u00e9sentation synth\u00e9tique du dossier, l'ensemble des articles publi\u00e9s dans le Clairon, les diff\u00e9rents \u00e9v\u00e9nements rattach\u00e9s \u00e0 ce dossier, des vid\u00e9os et des liens vers d'autres sites traitant du m\u00eame sujet.<\/em><\/p>\n<p style=\"text-align: justify;\"><em>N'h\u00e9sitez pas \u00e0 consulter r\u00e9guli\u00e8rement cette page qui sera enrichie au fil de l'actualit\u00e9 sur le sujet, et \u00e0 nous faire part d'informations qui ne s'y trouveraient pas, en <a href=\"https:\/\/le-clairon-nouveau.fr\/wordpress\/contacter-le-clairon\/\" target=\"_blank\" rel=\"noopener\">contactant la r\u00e9daction<\/a>.<\/em><\/p>\n<\/div><\/div><div id=\"panel-2161-0-0-1\" class=\"so-panel widget widget_ink-tabs panel-last-child\" data-index=\"1\" ><div\n\t\t\t\n\t\t\tclass=\"so-widget-ink-tabs so-widget-ink-tabs-tabs-f6e241d95324-2161\"\n\t\t\t\n\t\t>\n<div class=\"iw-so-tabs iw-so-tabs-horizontal iw-so-tabs-default\">\n\n\t<ul class=\"iw-so-tabs-nav\">\n\n\t\t\t\t\t<li class=\"iw-so-tab-title iw-so-tab-active\" id=\"tab-1-1\">\n\t\t\t\t<a href=\"#tab-1-1-content\">\n\t\t\t\t\t<span class=\"sow-icon-elegantline\" data-sow-icon=\"&#xe057;\"\n\t\tstyle=\"\" \n\t\taria-hidden=\"true\"><\/span>\t\t\t\t\t<span class=\"iw-so-tab-text\">Pr\u00e9sentation<\/span>\n\t\t\t\t<\/a>\n\t\t\t<\/li>\n\t\t\t\t\t\t\t\t\t\t\t<li class=\"iw-so-tab-title\" id=\"tab-1-2\">\n\t\t\t\t<a href=\"#tab-1-2-content\">\n\t\t\t\t\t<span class=\"sow-icon-elegantline\" data-sow-icon=\"&#xe006;\"\n\t\tstyle=\"\" \n\t\taria-hidden=\"true\"><\/span>\t\t\t\t\t<span class=\"iw-so-tab-text\">Articles<\/span>\n\t\t\t\t<\/a>\n\t\t\t<\/li>\n\t\t\t\t\t\t\t\t\t\t\t<li class=\"iw-so-tab-title\" id=\"tab-1-3\">\n\t\t\t\t<a href=\"#tab-1-3-content\">\n\t\t\t\t\t<span class=\"sow-icon-elegantline\" data-sow-icon=\"&#xe00d;\"\n\t\tstyle=\"\" \n\t\taria-hidden=\"true\"><\/span>\t\t\t\t\t<span class=\"iw-so-tab-text\">Ev\u00e8nements<\/span>\n\t\t\t\t<\/a>\n\t\t\t<\/li>\n\t\t\t\t\t\t\t\t\t\t\t<li class=\"iw-so-tab-title\" id=\"tab-1-4\">\n\t\t\t\t<a href=\"#tab-1-4-content\">\n\t\t\t\t\t<span class=\"sow-icon-elegantline\" data-sow-icon=\"&#xe011;\"\n\t\tstyle=\"\" \n\t\taria-hidden=\"true\"><\/span>\t\t\t\t\t<span class=\"iw-so-tab-text\">Documents &amp; Vid\u00e9os<\/span>\n\t\t\t\t<\/a>\n\t\t\t<\/li>\n\t\t\t\t\t\t\t\t\t\t\t<li class=\"iw-so-tab-title\" id=\"tab-1-5\">\n\t\t\t\t<a href=\"#tab-1-5-content\">\n\t\t\t\t\t<span class=\"sow-icon-elegantline\" data-sow-icon=\"&#xe04b;\"\n\t\tstyle=\"\" \n\t\taria-hidden=\"true\"><\/span>\t\t\t\t\t<span class=\"iw-so-tab-text\">Liens utiles<\/span>\n\t\t\t\t<\/a>\n\t\t\t<\/li>\n\t\t\t\t\t\t\t\t\n\t<\/ul>\n\n\t<div class=\"iw-so-tabs-content\">\n\n\t\t\t\t\t<div class=\"iw-so-tabs-panel iw-so-tab-active\" id=\"tab-1-1-content\">\n\t\t\t\t<table style=\"border-style: none;\"><tbody><tr><td style=\"width: 50%; text-align: left; vertical-align: middle; border-style: none;\"><p style=\"text-align: justify;\">Malv\u00e9si, c'est l'histoire d'une usine implant\u00e9e \u00e0 quelques kilom\u00e8tres au Nord de Narbonne, dans les ann\u00e9es 1950.<\/p><p style=\"text-align: justify;\">Point d'entr\u00e9e de l'uranium en France, cette usine produit non seulement la quasi totalit\u00e9 du combustible nucl\u00e9aire utilis\u00e9 par l'ensemble des centrales \u00e9lectro-nucl\u00e9aires de France, mais exporte environ 40% de sa production.<\/p><p style=\"text-align: justify;\">Fabriquer du combustible nucl\u00e9aire entra\u00eene la production de nombreux d\u00e9chets, chimiques et radioactifs, pr\u00e9sentant un tr\u00e8s fort risque de pollution des eaux, du sol et de l'air. Ce risque est reconnu par les autorit\u00e9s, puisque l'usine est class\u00e9e au niveau <a href=\"http:\/\/installationsclassees.developpement-durable.gouv.fr\/Risques-accidentels.html\" target=\"_blank\" rel=\"noopener\">\"<span class='tooltipsall tooltip_post_id_19989 classtoolTips59'>SEVESO<\/span> Haut\"<\/a>.<\/p><p style=\"text-align: justify;\">A Malv\u00e9si, <span class='tooltipsall tooltip_post_id_29829 classtoolTips180'>ces<\/span> d\u00e9chets sont stock\u00e9s dans plusieurs bassins, \u00e0 ciel ouvert. Au cours du demi-si\u00e8cle d'exploitation \u00e9coul\u00e9, les d\u00e9chets accumul\u00e9s repr\u00e9sentent un volume d'environ 350\u00a0000\u00a0m<sup>3<\/sup>.<\/p><\/td><td style=\"text-align: center; vertical-align: middle; border-style: none;\"><div class=\"su-gmap su-u-responsive-media-yes\"><iframe loading=\"lazy\" width=\"500\" height=\"500\" src=\"\/\/maps.google.com\/maps?q=Comhurex%20Malvesi&amp;output=embed\" title=\"\"><\/iframe><\/div><\/td><\/tr><tr><td style=\"width: 50%; text-align: left; vertical-align: top; border-style: none;\" colspan=\"2\"><p style=\"text-align: justify;\">Pos\u00e9e depuis seulement 25 ans, la question du retraitement de ces d\u00e9chets n'a que r\u00e9cemment (courant 2015) fait l'objet d'une proposition de la part d'AREVA, propri\u00e9taire et exploitant de l'usine, sous la forme du projet \"<span class='tooltipsall tooltip_post_id_3610 classtoolTips37'>THOR<\/span>\" (Thermal Organic Reduction) de combustion des d\u00e9chets.<\/p><p style=\"text-align: justify;\">Cette proposition, soumise \u00e0 enqu\u00eate publique (5 septembre au 5 octobre 2016), a \u00e9t\u00e9 dans un premier temps accept\u00e9e par les autorit\u00e9s locales. Cependant, apr\u00e8s examen approfondi du dossier d\u00e9pos\u00e9 par AREVA, les experts de l'association locale <span class='tooltipsall tooltip_post_id_7255 classtoolTips44'>RUBRESUS<\/span> ont fait valoir que, non seulement la solution de retraitement propos\u00e9e par AREVA pr\u00e9sente des risques de pollution d\u00e9mesur\u00e9s pour toute la zone du Grand Narbonne, mais aussi qu'il existe d'autres solutions, \u00e9valu\u00e9es dans le dossier pr\u00e9sent\u00e9 par AREVA, bien moins dangereuses sur le plan du risque environnemental et qui pr\u00e9sentent, en outre, l'avantage de recycler une bonne partie des d\u00e9chets, ce qui n'est pas le cas de la\u00a0 solution retenue par AREVA.<\/p><p style=\"text-align: justify; border-style: none;\">La mobilisation des habitants de la zone concern\u00e9e, appuy\u00e9e par plusieurs associations, dont RUBRESUS et le collectif <span class='tooltipsall tooltip_post_id_7256 classtoolTips52'>COVIDEM<\/span>, a entra\u00een\u00e9 une sensibilisation plus approfondie des \u00e9lus locaux, ainsi que deux \"sursis \u00e0 statuer\" de la Pr\u00e9fecture de l'Aude, le premier jusqu'au 9 mai 2017, prolong\u00e9 par un second, prenant fin au 9 ao\u00fbt 2017. En particulier, un conseil municipal extraordinaire s'est tenu en avril 2017 \u00e0 la mairie de Narbonne, \u00e0 la demande des \u00e9lus de la ville. Il a permis aux diff\u00e9rents experts de faire valoir leur point de vue et d'exposer leurs arguments et propositions.<br \/> Seule, la soci\u00e9t\u00e9 AREVA a d\u00e9clin\u00e9 l'invitation. Faut-il s'en \u00e9tonner ?<\/p><p style=\"text-align: justify;\">Au 9 juillet 2017, il semblerait que les \u00e9lus d'une majorit\u00e9 de communes du Grand Narbonne aient demand\u00e9 une expertise du dossier par un groupe d'experts ind\u00e9pendants. Pr\u00e9c\u00e9demment, le 30 juin 2017, le Conseil R\u00e9gional d'Occitanie adoptait en assembl\u00e9e pl\u00e9ni\u00e8re un v\u0153u \u00e0 destination du Ministre de la Transition \u00c9cologique et Solidaire, pour un moratoire de suspension dans l'attente d'une expertise ind\u00e9pendante, ainsi que la prise en compte de solutions alternatives.<\/p><p style=\"text-align: justify;\">\u00a0Pour autant, comme le souligne l'association RUBRESUS dans un communiqu\u00e9 en date du 10 juillet 2017, il importe de rester vigilants et\u00a0 mobilis\u00e9s tant qu'aucune information officielle ne viendra confirmer l'abandon d\u00e9finitif du projet THOR.<\/p><p style=\"text-align: justify;\"><em>Depuis 2015, l'\u00e9quipe du Clairon de l'Atax est fortement impliqu\u00e9e sur le sujet : elle a publi\u00e9 de nombreux articles et relay\u00e9 les \u00e9v\u00e9nements cr\u00e9\u00e9s autour de cette question cruciale pour l'avenir de la r\u00e9gion, mais aussi celui, plus large de la prise en compte, par les autorit\u00e9s, locales et nationales, de la question du risque environnemental.<\/em><\/p><p style=\"text-align: justify;\"><em>Dans les diff\u00e9rents onglets de cette page, vous pourrez trouver l'ensemble des \u00e9l\u00e9ments collect\u00e9s et publi\u00e9s par le Clairon, afin de vous faire une id\u00e9e plus pr\u00e9cise de cette question et de son importance.<\/em><\/p><p>\u00a0<\/p><p style=\"text-align: right;\"><em>La R\u00e9daction du Clairon de l'Atax, Juillet 2017<\/em><\/p><\/td><\/tr><\/tbody><\/table><p>\u00a0<\/p>\t\t\t<\/div>\n\t\t\t\t\t\t\t\t\t\t\t<div class=\"iw-so-tabs-panel\" id=\"tab-1-2-content\">\n\t\t\t\t<p><em>Les articles publi\u00e9s par le Clairon sont pr\u00e9sent\u00e9s ici dans l'ordre chronologique, du plus ancien au plus r\u00e9cent.<\/em><\/p><p><div class=\"pt-cv-wrapper\"><div class=\"pt-cv-view pt-cv-grid pt-cv-colsys pt-cv-post-border\" id=\"pt-cv-view-e08fa84fh6\"><div data-id=\"pt-cv-page-1\" class=\"pt-cv-page\" data-cvc=\"1\"><div class=\"col-md-12 col-sm-12 col-xs-12 pt-cv-content-item pt-cv-2-col\"  data-pid=\"18597\"><div class='pt-cv-ifield'><a href=\"https:\/\/le-clairon-nouveau.fr\/wordpress\/blog\/2019\/04\/23\/nucleaire-chimie-en-savoir-plus-sur-les-polluants-et-leur-impact-sanitaire\/\" class=\"pt-cv-window pt-cv-href-thumbnail pt-cv-thumb-left cvp-responsive-image img-shadow\" target=\"pt-cv-window\" data-width=\"1200\" data-height=\"600\" data-iw=\"150\" data-ih=\"150\"><\/a>\n<h4 class=\"pt-cv-title\"><a href=\"https:\/\/le-clairon-nouveau.fr\/wordpress\/blog\/2019\/04\/23\/nucleaire-chimie-en-savoir-plus-sur-les-polluants-et-leur-impact-sanitaire\/\" class=\"pt-cv-window\" target=\"pt-cv-window\" data-width=\"1200\" data-height=\"600\" data-iw=\"150\" data-ih=\"150\">Nucl\u00e9aire \/ Chimie : en savoir plus sur les polluants et leur impact sanitaire<\/a><\/h4>\n<div class=\"pt-cv-meta-fields\"><span class=\"entry-date\"><span class=\"glyphicon glyphicon-calendar\"><\/span> <time datetime=\"2019-04-23T12:30:11+02:00\">23 avril 2019<\/time><\/span><span class=\"author\"><span class=\"glyphicon glyphicon-user\"><\/span> <a href=\"https:\/\/le-clairon-nouveau.fr\/wordpress\/blog\/author\/redact\/\" rel=\"author\">La R\u00e9daction du Clairon de l'Atax<\/a><\/span><span class=\"comments-link\"><span class=\"glyphicon glyphicon-comment\"><\/span> <a href=\"https:\/\/le-clairon-nouveau.fr\/wordpress\/blog\/2019\/04\/23\/nucleaire-chimie-en-savoir-plus-sur-les-polluants-et-leur-impact-sanitaire\/#respond\">Aucun commentaire<span class=\"screen-reader-text\"> sur Nucl\u00e9aire \/ Chimie : en savoir plus sur les polluants et leur impact sanitaire<\/span><\/a><\/span><\/div>\n<div class=\"pt-cv-content\">Cet article, que le Dr Gerber a bien voulu r\u00e9diger pour le Clairon de l'Atax, fait le point sur les deux grandes cat\u00e9gories de polluants, ainsi que sur leur impact pour la sant\u00e9. Il nous rappelle utilement que, plut\u00f4t que de se rassurer avec des normes affirm\u00e9es comme respect\u00e9es, il conviendrait de donner la priorit\u00e9 aux alertes \u00e9mises par des scientifiques impartiaux, qui travaillent r\u00e9guli\u00e8rement sur ces questions et savent mettre en avant une notion qui semble \u00e9chapper de plus en plus aux pouvoirs, qu'ils soient d'argent ou d'\u00e9lection: le doute ... <a href=\"https:\/\/le-clairon-nouveau.fr\/wordpress\/blog\/2019\/04\/23\/nucleaire-chimie-en-savoir-plus-sur-les-polluants-et-leur-impact-sanitaire\/\" class=\"pt-cv-window pt-cv-readmore pt-cv-textlink\" target=\"pt-cv-window\" data-width=\"1200\" data-height=\"600\" data-iw=\"150\" data-ih=\"150\">Lire la suite<\/a><\/div><\/div><\/div>\n<div class=\"col-md-12 col-sm-12 col-xs-12 pt-cv-content-item pt-cv-2-col\"  data-pid=\"19155\"><div class='pt-cv-ifield'><a href=\"https:\/\/le-clairon-nouveau.fr\/wordpress\/blog\/2019\/06\/23\/narbonne-retours-sur-le-debat-public-du-pngmdr-consacre-aux-dechets-de-lusine-orano-malvesi\/\" class=\"pt-cv-window pt-cv-href-thumbnail pt-cv-thumb-left cvp-responsive-image img-shadow\" target=\"pt-cv-window\" data-width=\"1200\" data-height=\"600\" data-iw=\"150\" data-ih=\"150\"><img decoding=\"async\" width=\"150\" src=\"https:\/\/i0.wp.com\/le-clairon-nouveau.fr\/wordpress\/wp-content\/uploads\/2019\/06\/intervention-Bories-55.jpg?fit=1024%2C768&amp;ssl=1\" class=\"pt-cv-thumbnail img-shadow pull-left cvp-substitute no-lazyload \" alt=\"Narbonne : retours sur le d\u00e9bat public du  PNGMDR consacr\u00e9 aux d\u00e9chets de l\u2019usine Orano \/ Malv\u00e9si\" title=\"\" data-no-lazy=\"1\" \/><\/a>\n<h4 class=\"pt-cv-title\"><a href=\"https:\/\/le-clairon-nouveau.fr\/wordpress\/blog\/2019\/06\/23\/narbonne-retours-sur-le-debat-public-du-pngmdr-consacre-aux-dechets-de-lusine-orano-malvesi\/\" class=\"pt-cv-window\" target=\"pt-cv-window\" data-width=\"1200\" data-height=\"600\" data-iw=\"150\" data-ih=\"150\">Narbonne : retours sur le d\u00e9bat public du  <span class='tooltipsall tooltip_post_id_21205 classtoolTips69'>PNGMDR<\/span> consacr\u00e9 aux d\u00e9chets de l\u2019usine <span class='tooltipsall tooltip_post_id_7214 classtoolTips0'><span class='tooltipsall tooltip_post_id_5129 classtoolTips77'>Orano<\/span> \/ Malv\u00e9si<\/span><\/a><\/h4>\n<div class=\"pt-cv-meta-fields\"><span class=\"entry-date\"><span class=\"glyphicon glyphicon-calendar\"><\/span> <time datetime=\"2019-06-23T12:30:35+02:00\">23 juin 2019<\/time><\/span><span class=\"author\"><span class=\"glyphicon glyphicon-user\"><\/span> <a href=\"https:\/\/le-clairon-nouveau.fr\/wordpress\/blog\/author\/hubert\/\" rel=\"author\">Hubert Reys<\/a><\/span><span class=\"comments-link\"><span class=\"glyphicon glyphicon-comment\"><\/span> <a href=\"https:\/\/le-clairon-nouveau.fr\/wordpress\/blog\/2019\/06\/23\/narbonne-retours-sur-le-debat-public-du-pngmdr-consacre-aux-dechets-de-lusine-orano-malvesi\/#respond\">Aucun commentaire<span class=\"screen-reader-text\"> sur Narbonne : retours sur le d\u00e9bat public du  PNGMDR consacr\u00e9 aux d\u00e9chets de l\u2019usine Orano \/ Malv\u00e9si<\/span><\/a><\/span><\/div>\n<div class=\"pt-cv-content\">Depuis une soixantaine d\u2019ann\u00e9es la fili\u00e8re nucl\u00e9aire fran\u00e7aise accumule des d\u00e9chets radioactifs de diverses natures, sans avoir r\u00e9ussi \u00e0 les d\u00e9barrasser de leur radioactivit\u00e9. Ils sont donc, stock\u00e9s en fonction de l\u2019intensit\u00e9 de leur rayonnement et de leur dur\u00e9e de vie. Les capacit\u00e9s de stockage de ces d\u00e9chets atteignent aujourd\u2019hui des limites qui posent \u00e0 la fois des probl\u00e8mes de suret\u00e9 (non contamination de l\u2019environnement) et de s\u00e9curit\u00e9 (cibles d\u2019\u00e9ventuelles attaques terroristes). A l\u2019heure actuelle aucune solution fiable et d\u00e9finitive n\u2019a \u00e9t\u00e9 trouv\u00e9e pour ces d\u00e9chets, alors que la fili\u00e8re nucl\u00e9aire continue \u00e0 les produire. C\u2019est pourquoi, depuis 2006, un plan triennal, le PNGMDR = Plan National de Gestion des Mati\u00e8res et D\u00e9chets Radioactifs\u00a0 (1) vise \u00e0 organiser la gestion de ces d\u00e9chets r\u00e9partis un peu partout sur le territoire fran\u00e7ais. Alors qu\u2019historiquement les Fran\u00e7ais n\u2019avaient pas \u00e9t\u00e9 directement consult\u00e9s sur les grands choix li\u00e9s au d\u00e9veloppement de la fili\u00e8re nucl\u00e9aire, il semble qu\u2019\u00e0 pr\u00e9sent leur consentement soit recherch\u00e9, tant les probl\u00e8mes des d\u00e9chets (entre autres) sont devenus cruciaux et exigent des mesures radicales, donc des sacrifices. L\u2019outil de cette fabrication du consentement a \u00e9t\u00e9 choisi\u00a0: il s\u2019agit d\u2019une commission particuli\u00e8re, issue de la <span class='tooltipsall tooltip_post_id_4067 classtoolTips139'>CNDP<\/span> qui \u00ab viendra \u00e0 la rencontre des citoyens, des associations, des repr\u00e9sentants du secteur de l\u2019\u00e9nergie, des \u00e9lus ou toute autre personne\u00a0\u00bb. 22 rencontres et r\u00e9unions sont ainsi pr\u00e9vues d\u2019avril \u00e0 septembre 2019. La r\u00e9union PNGMDR du jeudi 6 juin \u00e0 Narbonne Bien que boycott\u00e9e par un certain nombre d\u2019organisations, elle a r\u00e9uni un public ... <a href=\"https:\/\/le-clairon-nouveau.fr\/wordpress\/blog\/2019\/06\/23\/narbonne-retours-sur-le-debat-public-du-pngmdr-consacre-aux-dechets-de-lusine-orano-malvesi\/\" class=\"pt-cv-window pt-cv-readmore pt-cv-textlink\" target=\"pt-cv-window\" data-width=\"1200\" data-height=\"600\" data-iw=\"150\" data-ih=\"150\">Lire la suite<\/a><\/div><\/div><\/div>\n<div class=\"col-md-12 col-sm-12 col-xs-12 pt-cv-content-item pt-cv-2-col\"  data-pid=\"19932\"><div class='pt-cv-ifield'><a href=\"https:\/\/le-clairon-nouveau.fr\/wordpress\/blog\/2019\/10\/23\/incinerateur-tdn-dorano-malvesi-rubresus-et-c-ol-e-r-e-souhaitent-faire-appel\/\" class=\"pt-cv-window pt-cv-href-thumbnail pt-cv-thumb-left cvp-responsive-image img-shadow\" target=\"pt-cv-window\" data-width=\"1200\" data-height=\"600\" data-iw=\"150\" data-ih=\"150\"><img decoding=\"async\" width=\"150\" src=\"https:\/\/i0.wp.com\/le-clairon-nouveau.fr\/wordpress\/wp-content\/uploads\/2018\/07\/Br%C3%A8ves-du-Clairon-nvelle.jpg?resize=233%2C98&amp;ssl=1\" class=\"pt-cv-thumbnail img-shadow pull-left cvp-substitute no-lazyload \" alt=\"Incin\u00e9rateur TDN d&#039;Orano\/Malv\u00e9si : Rubresus et C.OL.E.R.E. souhaitent faire appel\" title=\"\" data-no-lazy=\"1\" \/><\/a>\n<h4 class=\"pt-cv-title\"><a href=\"https:\/\/le-clairon-nouveau.fr\/wordpress\/blog\/2019\/10\/23\/incinerateur-tdn-dorano-malvesi-rubresus-et-c-ol-e-r-e-souhaitent-faire-appel\/\" class=\"pt-cv-window\" target=\"pt-cv-window\" data-width=\"1200\" data-height=\"600\" data-iw=\"150\" data-ih=\"150\">Incin\u00e9rateur <span class='tooltipsall tooltip_post_id_3610 classtoolTips37'>TDN<\/span> d&rsquo;Orano\/Malv\u00e9si : Rubresus et C.OL.E.R.E. souhaitent faire appel<\/a><\/h4>\n<div class=\"pt-cv-meta-fields\"><span class=\"entry-date\"><span class=\"glyphicon glyphicon-calendar\"><\/span> <time datetime=\"2019-10-23T12:30:21+02:00\">23 octobre 2019<\/time><\/span><span class=\"author\"><span class=\"glyphicon glyphicon-user\"><\/span> <a href=\"https:\/\/le-clairon-nouveau.fr\/wordpress\/blog\/author\/redact\/\" rel=\"author\">La R\u00e9daction du Clairon de l'Atax<\/a><\/span><span class=\"comments-link\"><span class=\"glyphicon glyphicon-comment\"><\/span> <a href=\"https:\/\/le-clairon-nouveau.fr\/wordpress\/blog\/2019\/10\/23\/incinerateur-tdn-dorano-malvesi-rubresus-et-c-ol-e-r-e-souhaitent-faire-appel\/#respond\">Aucun commentaire<span class=\"screen-reader-text\"> sur Incin\u00e9rateur TDN d&rsquo;Orano\/Malv\u00e9si : Rubresus et C.OL.E.R.E. souhaitent faire appel<\/span><\/a><\/span><\/div>\n<div class=\"pt-cv-content\">Le Tribunal Administratif de Montpellier a rejet\u00e9 le 15 octobre 2019 le recours conjoint en annulation de l&rsquo;autorisation d&rsquo;exploitation de l&rsquo;installation des d\u00e9chets radioactifs nitrat\u00e9s TDN d&rsquo;Orano Malv\u00e9si form\u00e9 par les associations <span class='tooltipsall tooltip_post_id_7255 classtoolTips44'>Rubr\u00e9sus<\/span> et <span class='tooltipsall tooltip_post_id_19946 classtoolTips72'>COLERE<\/span>. Selon ces associations la d\u00e9cision du TA se fonde sur un dossier incomplet pr\u00e9sent\u00e9 par le rapporteur public \u00ab\u00a0au prix d&rsquo;inexactitudes flagrantes\u00a0\u00bb. Elles expliquent leurs positions et intentions dans un communiqu\u00e9 de presse conjoint : Communiqu\u00e9 jugement du recours en annulation VF C&rsquo;est pourquoi, loin de se r\u00e9signer et conscientes des enjeux de ce projet qui p\u00e8se sur les Narbonnais, RUBRESUS et COLERE souhaitent se pourvoir en appel. Il s&rsquo;agit d&rsquo;une proc\u00e9dure longue et co\u00fbteuse qui n\u00e9cessitera \u00e0 la fois un soutien financier renouvel\u00e9 mais aussi une mobilisation importante des Narbonnais. Andr\u00e9 Bories, le Pr\u00e9sident de Rubresus, pense rechercher des soutiens au niveau national \u00ab\u00a0en sollicitant les grand acteurs environnementaux agissant au plan national\u00ab\u00a0. Par ailleurs il appelle \u00e0 ce que \u00ab\u00a0cesse l&rsquo;\u00e9parpillement des recours\u00a0\u00bb et plaide pour des actions communes face \u00e0 Orano\/Malv\u00e9si. Il invite en particulier l&rsquo;association <span class='tooltipsall tooltip_post_id_7257 classtoolTips115'>TCNA<\/span> qui avait de son cot\u00e9 intent\u00e9 une action similaire et qui avait \u00e9t\u00e9 pareillement d\u00e9bout\u00e9e de faire d\u00e9sormais front commun avec Rubresus et COLERE Selon Andr\u00e9 Bories le recours en appel permettra de d\u00e9velopper de nouveaux moyens sur la base d&rsquo;un dossier \u00ab\u00a0extr\u00e8mement solide, fruit de 3 ann\u00e9es de travail\u00a0\u00bb. L&rsquo;affaire n&rsquo;est donc pas encore jou\u00e9e en faveur d&rsquo;Orano&#8230; La r\u00e9daction du Clairon de l&rsquo;Atax le 21\/10\/2019 Liens utiles pour les soutiens : http:\/\/www.rubresus.org\/signer-la-petition\/ https:\/\/www.helloasso.com\/associations\/association-rubresus\/collectes\/appel-a-financement-participatif ... <a href=\"https:\/\/le-clairon-nouveau.fr\/wordpress\/blog\/2019\/10\/23\/incinerateur-tdn-dorano-malvesi-rubresus-et-c-ol-e-r-e-souhaitent-faire-appel\/\" class=\"pt-cv-window pt-cv-readmore pt-cv-textlink\" target=\"pt-cv-window\" data-width=\"1200\" data-height=\"600\" data-iw=\"150\" data-ih=\"150\">Lire la suite<\/a><\/div><\/div><\/div>\n<div class=\"col-md-12 col-sm-12 col-xs-12 pt-cv-content-item pt-cv-2-col\"  data-pid=\"21192\"><div class='pt-cv-ifield'><a href=\"https:\/\/le-clairon-nouveau.fr\/wordpress\/blog\/2020\/03\/23\/tdn-thor-malvesi-lettre-ouverte-du-dr-mariette-gerber-au-depute-alain-perea\/\" class=\"pt-cv-window pt-cv-href-thumbnail pt-cv-thumb-left cvp-responsive-image img-shadow\" target=\"pt-cv-window\" data-width=\"1200\" data-height=\"600\" data-iw=\"150\" data-ih=\"150\"><img decoding=\"async\" width=\"150\" src=\"https:\/\/i0.wp.com\/le-clairon-nouveau.fr\/wordpress\/wp-content\/uploads\/2018\/10\/bassins-malv%C3%A9si.jpg?resize=340%2C223&amp;ssl=1\" class=\"pt-cv-thumbnail img-shadow pull-left cvp-substitute no-lazyload \" alt=\"TDN-THOR Malv\u00e9si :  lettre ouverte du Dr Mariette Gerber au d\u00e9put\u00e9 Alain Perea\" title=\"\" data-no-lazy=\"1\" \/><\/a>\n<h4 class=\"pt-cv-title\"><a href=\"https:\/\/le-clairon-nouveau.fr\/wordpress\/blog\/2020\/03\/23\/tdn-thor-malvesi-lettre-ouverte-du-dr-mariette-gerber-au-depute-alain-perea\/\" class=\"pt-cv-window\" target=\"pt-cv-window\" data-width=\"1200\" data-height=\"600\" data-iw=\"150\" data-ih=\"150\"><span class='tooltipsall tooltip_post_id_3610 classtoolTips37'>TDN-THOR<\/span> Malv\u00e9si :  lettre ouverte du Dr Mariette Gerber au d\u00e9put\u00e9 Alain Perea<\/a><\/h4>\n<div class=\"pt-cv-meta-fields\"><span class=\"entry-date\"><span class=\"glyphicon glyphicon-calendar\"><\/span> <time datetime=\"2020-03-23T12:30:58+01:00\">23 mars 2020<\/time><\/span><span class=\"author\"><span class=\"glyphicon glyphicon-user\"><\/span> <a href=\"https:\/\/le-clairon-nouveau.fr\/wordpress\/blog\/author\/redact\/\" rel=\"author\">La R\u00e9daction du Clairon de l'Atax<\/a><\/span><span class=\"comments-link\"><span class=\"glyphicon glyphicon-comment\"><\/span> <a href=\"https:\/\/le-clairon-nouveau.fr\/wordpress\/blog\/2020\/03\/23\/tdn-thor-malvesi-lettre-ouverte-du-dr-mariette-gerber-au-depute-alain-perea\/#respond\">Aucun commentaire<span class=\"screen-reader-text\"> sur TDN-THOR Malv\u00e9si :  lettre ouverte du Dr Mariette Gerber au d\u00e9put\u00e9 Alain Perea<\/span><\/a><\/span><\/div>\n<div class=\"pt-cv-content\">La r\u00e9daction du Clairon \u00e0 choisi de publier la pr\u00e9sente lettre ouverte pour rappeler aux \u00e9lus, repr\u00e9sentant les Narbonnais, qu\u2019il est de leur devoir et de leur mission de porter une attention renouvel\u00e9e et scrupuleuse aux impacts du projet TDN-THOR d\u2019Orano \/ Malv\u00e9si ... <a href=\"https:\/\/le-clairon-nouveau.fr\/wordpress\/blog\/2020\/03\/23\/tdn-thor-malvesi-lettre-ouverte-du-dr-mariette-gerber-au-depute-alain-perea\/\" class=\"pt-cv-window pt-cv-readmore pt-cv-textlink\" target=\"pt-cv-window\" data-width=\"1200\" data-height=\"600\" data-iw=\"150\" data-ih=\"150\">Lire la suite<\/a><\/div><\/div><\/div>\n<div class=\"col-md-12 col-sm-12 col-xs-12 pt-cv-content-item pt-cv-2-col\"  data-pid=\"21926\"><div class='pt-cv-ifield'><a href=\"https:\/\/le-clairon-nouveau.fr\/wordpress\/blog\/2020\/06\/23\/usine-nucleaire-orano-malvesi-les-associations-rubresus-et-colere-continuent-le-combat\/\" class=\"pt-cv-window pt-cv-href-thumbnail pt-cv-thumb-left cvp-responsive-image img-shadow\" target=\"pt-cv-window\" data-width=\"1200\" data-height=\"600\" data-iw=\"150\" data-ih=\"150\"><img decoding=\"async\" width=\"150\" src=\"https:\/\/i0.wp.com\/le-clairon-nouveau.fr\/wordpress\/wp-content\/uploads\/2018\/10\/bassins-malv%C3%A9si-A.jpg?resize=401%2C318&amp;ssl=1\" class=\"pt-cv-thumbnail img-shadow pull-left cvp-substitute no-lazyload \" alt=\"Usine nucl\u00e9aire Orano Malv\u00e9si : les associations RUBRESUS et COLERE continuent le combat !\" title=\"\" data-no-lazy=\"1\" \/><\/a>\n<h4 class=\"pt-cv-title\"><a href=\"https:\/\/le-clairon-nouveau.fr\/wordpress\/blog\/2020\/06\/23\/usine-nucleaire-orano-malvesi-les-associations-rubresus-et-colere-continuent-le-combat\/\" class=\"pt-cv-window\" target=\"pt-cv-window\" data-width=\"1200\" data-height=\"600\" data-iw=\"150\" data-ih=\"150\">Usine nucl\u00e9aire Orano Malv\u00e9si : les associations RUBRESUS et COLERE continuent le combat !<\/a><\/h4>\n<div class=\"pt-cv-meta-fields\"><span class=\"entry-date\"><span class=\"glyphicon glyphicon-calendar\"><\/span> <time datetime=\"2020-06-23T12:30:18+02:00\">23 juin 2020<\/time><\/span><span class=\"author\"><span class=\"glyphicon glyphicon-user\"><\/span> <a href=\"https:\/\/le-clairon-nouveau.fr\/wordpress\/blog\/author\/hubert\/\" rel=\"author\">Hubert Reys<\/a><\/span><span class=\"comments-link\"><span class=\"glyphicon glyphicon-comment\"><\/span> <a href=\"https:\/\/le-clairon-nouveau.fr\/wordpress\/blog\/2020\/06\/23\/usine-nucleaire-orano-malvesi-les-associations-rubresus-et-colere-continuent-le-combat\/#respond\">Aucun commentaire<span class=\"screen-reader-text\"> sur Usine nucl\u00e9aire Orano Malv\u00e9si : les associations RUBRESUS et COLERE continuent le combat !<\/span><\/a><\/span><\/div>\n<div class=\"pt-cv-content\">La soci\u00e9t\u00e9 civile dispose actuellement en son sein des comp\u00e9tences techniques lui permettant l\u2019analyse et la critique des projets pr\u00e9sent\u00e9s lors des enqu\u00eates publiques. En r\u00e9action \u00e0 ce potentiel de contradiction qui s\u2019affirme de plus en plus, le gouvernement a donc d\u00e9cid\u00e9 de gagner du temps et de privil\u00e9gier les int\u00e9r\u00eats industriels au d\u00e9triment de la d\u00e9mocratie ... <a href=\"https:\/\/le-clairon-nouveau.fr\/wordpress\/blog\/2020\/06\/23\/usine-nucleaire-orano-malvesi-les-associations-rubresus-et-colere-continuent-le-combat\/\" class=\"pt-cv-window pt-cv-readmore pt-cv-textlink\" target=\"pt-cv-window\" data-width=\"1200\" data-height=\"600\" data-iw=\"150\" data-ih=\"150\">Lire la suite<\/a><\/div><\/div><\/div>\n<div class=\"col-md-12 col-sm-12 col-xs-12 pt-cv-content-item pt-cv-2-col\"  data-pid=\"22546\"><div class='pt-cv-ifield'><a href=\"https:\/\/le-clairon-nouveau.fr\/wordpress\/blog\/2020\/10\/23\/radioactivite-hors-normes-a-orano-malvesi\/\" class=\"pt-cv-window pt-cv-href-thumbnail pt-cv-thumb-left cvp-responsive-image img-shadow\" target=\"pt-cv-window\" data-width=\"1200\" data-height=\"600\" data-iw=\"150\" data-ih=\"150\"><img decoding=\"async\" width=\"150\" src=\"https:\/\/i0.wp.com\/le-clairon-nouveau.fr\/wordpress\/wp-content\/uploads\/2020\/10\/malvesi-2.jpg?resize=631%2C334&amp;ssl=1\" class=\"pt-cv-thumbnail img-shadow pull-left cvp-substitute no-lazyload \" alt=\"Radioactivit\u00e9 hors normes \u00e0 Orano-Malv\u00e9si\" title=\"\" data-no-lazy=\"1\" \/><\/a>\n<h4 class=\"pt-cv-title\"><a href=\"https:\/\/le-clairon-nouveau.fr\/wordpress\/blog\/2020\/10\/23\/radioactivite-hors-normes-a-orano-malvesi\/\" class=\"pt-cv-window\" target=\"pt-cv-window\" data-width=\"1200\" data-height=\"600\" data-iw=\"150\" data-ih=\"150\">Radioactivit\u00e9 hors normes \u00e0 Orano-Malv\u00e9si<\/a><\/h4>\n<div class=\"pt-cv-meta-fields\"><span class=\"entry-date\"><span class=\"glyphicon glyphicon-calendar\"><\/span> <time datetime=\"2020-10-23T12:30:36+02:00\">23 octobre 2020<\/time><\/span><span class=\"author\"><span class=\"glyphicon glyphicon-user\"><\/span> <a href=\"https:\/\/le-clairon-nouveau.fr\/wordpress\/blog\/author\/vithiv\/\" rel=\"author\">Viviane Thivent<\/a><\/span><span class=\"comments-link\"><span class=\"glyphicon glyphicon-comment\"><\/span> <a href=\"https:\/\/le-clairon-nouveau.fr\/wordpress\/blog\/2020\/10\/23\/radioactivite-hors-normes-a-orano-malvesi\/#respond\">Aucun commentaire<span class=\"screen-reader-text\"> sur Radioactivit\u00e9 hors normes \u00e0 Orano-Malv\u00e9si<\/span><\/a><\/span><\/div>\n<div class=\"pt-cv-content\">Contrairement \u00e0 ce que clame Orano-Malv\u00e9si , la pr\u00e9sence de cette usine induit une pollution. Elle a un impact environnemental dont les cons\u00e9quences sur la sant\u00e9 des Narbonnais ne sont ni \u00e9tudi\u00e9es, ni quantifi\u00e9es ... <a href=\"https:\/\/le-clairon-nouveau.fr\/wordpress\/blog\/2020\/10\/23\/radioactivite-hors-normes-a-orano-malvesi\/\" class=\"pt-cv-window pt-cv-readmore pt-cv-textlink\" target=\"pt-cv-window\" data-width=\"1200\" data-height=\"600\" data-iw=\"150\" data-ih=\"150\">Lire la suite<\/a><\/div><\/div><\/div>\n<div class=\"col-md-12 col-sm-12 col-xs-12 pt-cv-content-item pt-cv-2-col\"  data-pid=\"24327\"><div class='pt-cv-ifield'><a href=\"https:\/\/le-clairon-nouveau.fr\/wordpress\/blog\/2021\/05\/23\/orano-malvezy-sous-loeil-des-voisins-vigilants\/\" class=\"pt-cv-window pt-cv-href-thumbnail pt-cv-thumb-left cvp-responsive-image img-shadow\" target=\"pt-cv-window\" data-width=\"1200\" data-height=\"600\" data-iw=\"150\" data-ih=\"150\"><img decoding=\"async\" width=\"150\" src=\"https:\/\/i0.wp.com\/le-clairon-nouveau.fr\/wordpress\/wp-content\/uploads\/2021\/04\/logo-orano-malvesi-danger.png?resize=208%2C201&amp;ssl=1\" class=\"pt-cv-thumbnail img-shadow pull-left cvp-substitute no-lazyload \" alt=\"ORANO-MALVEZY SOUS L\u2019\u0152IL DES VOISINS VIGILANTS\" title=\"\" data-no-lazy=\"1\" \/><\/a>\n<h4 class=\"pt-cv-title\"><a href=\"https:\/\/le-clairon-nouveau.fr\/wordpress\/blog\/2021\/05\/23\/orano-malvezy-sous-loeil-des-voisins-vigilants\/\" class=\"pt-cv-window\" target=\"pt-cv-window\" data-width=\"1200\" data-height=\"600\" data-iw=\"150\" data-ih=\"150\">ORANO-MALVEZY SOUS L\u2019\u0152IL DES VOISINS VIGILANTS<\/a><\/h4>\n<div class=\"pt-cv-meta-fields\"><span class=\"entry-date\"><span class=\"glyphicon glyphicon-calendar\"><\/span> <time datetime=\"2021-05-23T12:30:45+02:00\">23 mai 2021<\/time><\/span><span class=\"author\"><span class=\"glyphicon glyphicon-user\"><\/span> <a href=\"https:\/\/le-clairon-nouveau.fr\/wordpress\/blog\/author\/albert\/\" rel=\"author\">Albert Cormary<\/a><\/span><span class=\"comments-link\"><span class=\"glyphicon glyphicon-comment\"><\/span> <a href=\"https:\/\/le-clairon-nouveau.fr\/wordpress\/blog\/2021\/05\/23\/orano-malvezy-sous-loeil-des-voisins-vigilants\/#respond\">Aucun commentaire<span class=\"screen-reader-text\"> sur ORANO-MALVEZY SOUS L\u2019\u0152IL DES VOISINS VIGILANTS<\/span><\/a><\/span><\/div>\n<div class=\"pt-cv-content\">Usine nucl\u00e9aire ORANO-MALVESI : tr\u00e8s forte augmentation des rayonnements ces derni\u00e8res ann\u00e9es. Dans ce contexte, la vigilance citoyenne exerc\u00e9e autour du site est donc une n\u00e9cessit\u00e9 ! ... <a href=\"https:\/\/le-clairon-nouveau.fr\/wordpress\/blog\/2021\/05\/23\/orano-malvezy-sous-loeil-des-voisins-vigilants\/\" class=\"pt-cv-window pt-cv-readmore pt-cv-textlink\" target=\"pt-cv-window\" data-width=\"1200\" data-height=\"600\" data-iw=\"150\" data-ih=\"150\">Lire la suite<\/a><\/div><\/div><\/div>\n<div class=\"col-md-12 col-sm-12 col-xs-12 pt-cv-content-item pt-cv-2-col\"  data-pid=\"26185\"><div class='pt-cv-ifield'><a href=\"https:\/\/le-clairon-nouveau.fr\/wordpress\/blog\/2022\/04\/23\/vigilance-malvesi-quand-les-citoyens-font-le-travail\/\" class=\"pt-cv-window pt-cv-href-thumbnail pt-cv-thumb-left cvp-responsive-image img-shadow\" target=\"pt-cv-window\" data-width=\"1200\" data-height=\"600\" data-iw=\"150\" data-ih=\"150\"><img decoding=\"async\" width=\"150\" src=\"https:\/\/i0.wp.com\/le-clairon-nouveau.fr\/wordpress\/wp-content\/uploads\/2022\/04\/Logo-Vigil-Malv-86.jpg?resize=583%2C245&amp;ssl=1\" class=\"pt-cv-thumbnail img-shadow pull-left cvp-substitute no-lazyload \" alt=\"Vigilance Malv\u00e9si : quand les citoyens font le travail\" title=\"\" data-no-lazy=\"1\" \/><\/a>\n<h4 class=\"pt-cv-title\"><a href=\"https:\/\/le-clairon-nouveau.fr\/wordpress\/blog\/2022\/04\/23\/vigilance-malvesi-quand-les-citoyens-font-le-travail\/\" class=\"pt-cv-window\" target=\"pt-cv-window\" data-width=\"1200\" data-height=\"600\" data-iw=\"150\" data-ih=\"150\">Vigilance Malv\u00e9si : quand les citoyens font le travail<\/a><\/h4>\n<div class=\"pt-cv-meta-fields\"><span class=\"entry-date\"><span class=\"glyphicon glyphicon-calendar\"><\/span> <time datetime=\"2022-04-23T12:30:03+02:00\">23 avril 2022<\/time><\/span><span class=\"author\"><span class=\"glyphicon glyphicon-user\"><\/span> <a href=\"https:\/\/le-clairon-nouveau.fr\/wordpress\/blog\/author\/hubert\/\" rel=\"author\">Hubert Reys<\/a><\/span><span class=\"comments-link\"><span class=\"glyphicon glyphicon-comment\"><\/span> <a href=\"https:\/\/le-clairon-nouveau.fr\/wordpress\/blog\/2022\/04\/23\/vigilance-malvesi-quand-les-citoyens-font-le-travail\/#respond\">Aucun commentaire<span class=\"screen-reader-text\"> sur Vigilance Malv\u00e9si : quand les citoyens font le travail<\/span><\/a><\/span><\/div>\n<div class=\"pt-cv-content\">En cas de risque industriel, il revient aux populations concern\u00e9es d\u2019avoir leurs propres moyens d\u2019investigation, de contr\u00f4le et de communication avec les financements publics ad\u00e9quats ... <a href=\"https:\/\/le-clairon-nouveau.fr\/wordpress\/blog\/2022\/04\/23\/vigilance-malvesi-quand-les-citoyens-font-le-travail\/\" class=\"pt-cv-window pt-cv-readmore pt-cv-textlink\" target=\"pt-cv-window\" data-width=\"1200\" data-height=\"600\" data-iw=\"150\" data-ih=\"150\">Lire la suite<\/a><\/div><\/div><\/div>\n<div class=\"col-md-12 col-sm-12 col-xs-12 pt-cv-content-item pt-cv-2-col\"  data-pid=\"27013\"><div class='pt-cv-ifield'><a href=\"https:\/\/le-clairon-nouveau.fr\/wordpress\/blog\/2022\/10\/23\/usine-orano-malvesi-de-narbonne-coup-dur-pour-le-projet-dincinerateur-de-dechets-radioactifs-nitrates\/\" class=\"pt-cv-window pt-cv-href-thumbnail pt-cv-thumb-left cvp-responsive-image img-shadow\" target=\"pt-cv-window\" data-width=\"1200\" data-height=\"600\" data-iw=\"150\" data-ih=\"150\"><img decoding=\"async\" width=\"150\" src=\"https:\/\/i0.wp.com\/le-clairon-nouveau.fr\/wordpress\/wp-content\/uploads\/2021\/04\/logo-orano-malvesi-danger.png?resize=283%2C274&amp;ssl=1\" class=\"pt-cv-thumbnail img-shadow pull-left cvp-substitute no-lazyload \" alt=\"Usine Orano \/ Malv\u00e9si de Narbonne : coup dur pour le projet d\u2019incin\u00e9rateur de d\u00e9chets radioactifs nitrat\u00e9s\" title=\"\" data-no-lazy=\"1\" \/><\/a>\n<h4 class=\"pt-cv-title\"><a href=\"https:\/\/le-clairon-nouveau.fr\/wordpress\/blog\/2022\/10\/23\/usine-orano-malvesi-de-narbonne-coup-dur-pour-le-projet-dincinerateur-de-dechets-radioactifs-nitrates\/\" class=\"pt-cv-window\" target=\"pt-cv-window\" data-width=\"1200\" data-height=\"600\" data-iw=\"150\" data-ih=\"150\">Usine Orano \/ Malv\u00e9si de Narbonne : coup dur pour le projet d\u2019incin\u00e9rateur de d\u00e9chets radioactifs nitrat\u00e9s<\/a><\/h4>\n<div class=\"pt-cv-meta-fields\"><span class=\"entry-date\"><span class=\"glyphicon glyphicon-calendar\"><\/span> <time datetime=\"2022-10-23T12:30:38+02:00\">23 octobre 2022<\/time><\/span><span class=\"author\"><span class=\"glyphicon glyphicon-user\"><\/span> <a href=\"https:\/\/le-clairon-nouveau.fr\/wordpress\/blog\/author\/redact\/\" rel=\"author\">La R\u00e9daction du Clairon de l'Atax<\/a><\/span><span class=\"comments-link\"><span class=\"glyphicon glyphicon-comment\"><\/span> <a href=\"https:\/\/le-clairon-nouveau.fr\/wordpress\/blog\/2022\/10\/23\/usine-orano-malvesi-de-narbonne-coup-dur-pour-le-projet-dincinerateur-de-dechets-radioactifs-nitrates\/#respond\">Aucun commentaire<span class=\"screen-reader-text\"> sur Usine Orano \/ Malv\u00e9si de Narbonne : coup dur pour le projet d\u2019incin\u00e9rateur de d\u00e9chets radioactifs nitrat\u00e9s<\/span><\/a><\/span><\/div>\n<div class=\"pt-cv-content\">Dans une p\u00e9riode o\u00f9 les gouvernements macronistes successifs, au pr\u00e9texte d\u2019acc\u00e9l\u00e9rer la r\u00e9alisation de certains projets d\u2019am\u00e9nagement, particuli\u00e8rement dans le domaine de l\u2019\u00e9nergie, tendent \u00e0 r\u00e9duire dans les proc\u00e9dures d\u2019instruction la consultation du public au profit du renforcement du r\u00f4le d\u00e9cisionnel des pr\u00e9fets, \u00a0le dossier TDN constitue un contrexemple \u00a0au bien fond\u00e9 de cette politique ... <a href=\"https:\/\/le-clairon-nouveau.fr\/wordpress\/blog\/2022\/10\/23\/usine-orano-malvesi-de-narbonne-coup-dur-pour-le-projet-dincinerateur-de-dechets-radioactifs-nitrates\/\" class=\"pt-cv-window pt-cv-readmore pt-cv-textlink\" target=\"pt-cv-window\" data-width=\"1200\" data-height=\"600\" data-iw=\"150\" data-ih=\"150\">Lire la suite<\/a><\/div><\/div><\/div>\n<div class=\"col-md-12 col-sm-12 col-xs-12 pt-cv-content-item pt-cv-2-col\"  data-pid=\"27186\"><div class='pt-cv-ifield'><a href=\"https:\/\/le-clairon-nouveau.fr\/wordpress\/blog\/2022\/11\/23\/four-incinerateur-tdn-de-narbonne-malvesi-un-communique-des-associations-rubresus-col-e-r-e\/\" class=\"pt-cv-window pt-cv-href-thumbnail pt-cv-thumb-left cvp-responsive-image img-shadow\" target=\"pt-cv-window\" data-width=\"1200\" data-height=\"600\" data-iw=\"150\" data-ih=\"150\"><img decoding=\"async\" width=\"150\" src=\"https:\/\/i0.wp.com\/le-clairon-nouveau.fr\/wordpress\/wp-content\/uploads\/2021\/04\/logo-orano-malvesi-danger.png?resize=191%2C185&amp;ssl=1\" class=\"pt-cv-thumbnail img-shadow pull-left cvp-substitute no-lazyload \" alt=\"Four \/ incin\u00e9rateur TDN de Narbonne Malv\u00e9si, un communiqu\u00e9 des associations Rubresus &amp; Col.e.r.e\" title=\"\" data-no-lazy=\"1\" \/><\/a>\n<h4 class=\"pt-cv-title\"><a href=\"https:\/\/le-clairon-nouveau.fr\/wordpress\/blog\/2022\/11\/23\/four-incinerateur-tdn-de-narbonne-malvesi-un-communique-des-associations-rubresus-col-e-r-e\/\" class=\"pt-cv-window\" target=\"pt-cv-window\" data-width=\"1200\" data-height=\"600\" data-iw=\"150\" data-ih=\"150\">Four \/ incin\u00e9rateur TDN de Narbonne Malv\u00e9si, un communiqu\u00e9 des associations Rubresus &amp; Col.e.r.e<\/a><\/h4>\n<div class=\"pt-cv-meta-fields\"><span class=\"entry-date\"><span class=\"glyphicon glyphicon-calendar\"><\/span> <time datetime=\"2022-11-23T11:30:41+01:00\">23 novembre 2022<\/time><\/span><span class=\"author\"><span class=\"glyphicon glyphicon-user\"><\/span> <a href=\"https:\/\/le-clairon-nouveau.fr\/wordpress\/blog\/author\/redact\/\" rel=\"author\">La R\u00e9daction du Clairon de l'Atax<\/a><\/span><span class=\"comments-link\"><span class=\"glyphicon glyphicon-comment\"><\/span> <a href=\"https:\/\/le-clairon-nouveau.fr\/wordpress\/blog\/2022\/11\/23\/four-incinerateur-tdn-de-narbonne-malvesi-un-communique-des-associations-rubresus-col-e-r-e\/#respond\">Aucun commentaire<span class=\"screen-reader-text\"> sur Four \/ incin\u00e9rateur TDN de Narbonne Malv\u00e9si, un communiqu\u00e9 des associations Rubresus &amp; Col.e.r.e<\/span><\/a><\/span><\/div>\n<div class=\"pt-cv-content\">Rubresus &amp; <span class='tooltipsall tooltip_post_id_27016 classtoolTips26'>Col.e.r.e.<\/span> Le Jugement de la Cour d&rsquo;appel de Marseille a recal\u00e9 le pr\u00e9fet de l&rsquo;Aude et l&rsquo;enqu\u00eate publique d&rsquo;Orano TDN dans son jugement du 21 octobre 2022 suite au recours conjoint des associations RUBRESUS et COL.E.R.E (1) Gr\u00e2ce \u00e0 la meilleure pertinence et qualit\u00e9 de notre recours, l&rsquo;ill\u00e9galit\u00e9 de l&rsquo;autorisation pr\u00e9fectorale du 8 novembre 2017 a \u00e9t\u00e9 d\u00e9clar\u00e9e par le tribunal d&rsquo;apr\u00e8s les irr\u00e9gularit\u00e9s de forme et de proc\u00e9dure que nous avions soulev\u00e9es. Une nouvelle enqu\u00eate publique devra \u00eatre r\u00e9alis\u00e9e prochainement. C&rsquo;est gr\u00e2ce \u00e0 vous tous que nous y sommes arriv\u00e9s et c&rsquo;est gr\u00e2ce \u00e0 vous tous que nous pourrons emp\u00eacher le four incin\u00e9rateur TDN de cracher ses polluants suppl\u00e9mentaires que vous respireriez pendant les prochaines d\u00e9cennies, jusqu&rsquo;en 2060. Plus que jamais, nous avons besoin de vous et nous comptons sur votre mobilisation comme nous l&rsquo;avons tant appr\u00e9ci\u00e9e tout au long des 6 ann\u00e9es de lutte contre TDN \/ Orano men\u00e9e avec RUBRESUS et COL.E.R.E. Andr\u00e9 BORIES \u00a0RUBRESUS Communiqu\u00e9 des associations RUBRESUS et COL.E.R.E RUBRESUS et COL.E.R.E obtiennent par la justice une nouvelle enqu\u00eate publique pour le controvers\u00e9 four TDN d\u2019Orano Malv\u00e9si Dans son jugement du 21 octobre 2022, la Cour Administrative d\u2019Appel de Marseille consid\u00e8re que l\u2019AP du 08 novembre 2017 du pr\u00e9fet de l\u2019Aude a \u00e9t\u00e9 ill\u00e9galement d\u00e9livr\u00e9 et demande de proc\u00e9der \u00e0 une nouvelle enqu\u00eate publique concernant l\u2019installation de TDN. Suite \u00e0 une vingtaine d\u2019 irr\u00e9gularit\u00e9s soulev\u00e9es dans notre recours port\u00e9 par les associations RUBRESUS, COL.E.R.E et des riverains de Malvesi, la CAA de Marseille ... <a href=\"https:\/\/le-clairon-nouveau.fr\/wordpress\/blog\/2022\/11\/23\/four-incinerateur-tdn-de-narbonne-malvesi-un-communique-des-associations-rubresus-col-e-r-e\/\" class=\"pt-cv-window pt-cv-readmore pt-cv-textlink\" target=\"pt-cv-window\" data-width=\"1200\" data-height=\"600\" data-iw=\"150\" data-ih=\"150\">Lire la suite<\/a><\/div><\/div><\/div>\n<div class=\"col-md-12 col-sm-12 col-xs-12 pt-cv-content-item pt-cv-2-col\"  data-pid=\"28150\"><div class='pt-cv-ifield'><a href=\"https:\/\/le-clairon-nouveau.fr\/wordpress\/blog\/2023\/04\/23\/rejets-orano-malvesi-un-communique-des-associations-rubresus-et-col-e-r-e\/\" class=\"pt-cv-window pt-cv-href-thumbnail pt-cv-thumb-left cvp-responsive-image img-shadow\" target=\"pt-cv-window\" data-width=\"1200\" data-height=\"600\" data-iw=\"150\" data-ih=\"150\"><img decoding=\"async\" width=\"150\" src=\"https:\/\/i0.wp.com\/le-clairon-nouveau.fr\/wordpress\/wp-content\/uploads\/2023\/04\/Logo-Rubresus.jpg?resize=300%2C48&amp;ssl=1\" class=\"pt-cv-thumbnail img-shadow pull-left cvp-substitute no-lazyload \" alt=\"Rejets ORANO MALVESI : Un communiqu\u00e9 des associations RUBRESUS et COL.E.R.E.\" title=\"\" data-no-lazy=\"1\" \/><\/a>\n<h4 class=\"pt-cv-title\"><a href=\"https:\/\/le-clairon-nouveau.fr\/wordpress\/blog\/2023\/04\/23\/rejets-orano-malvesi-un-communique-des-associations-rubresus-et-col-e-r-e\/\" class=\"pt-cv-window\" target=\"pt-cv-window\" data-width=\"1200\" data-height=\"600\" data-iw=\"150\" data-ih=\"150\">Rejets ORANO MALVESI : Un communiqu\u00e9 des associations RUBRESUS et COL.E.R.E.<\/a><\/h4>\n<div class=\"pt-cv-meta-fields\"><span class=\"entry-date\"><span class=\"glyphicon glyphicon-calendar\"><\/span> <time datetime=\"2023-04-23T17:30:11+02:00\">23 avril 2023<\/time><\/span><span class=\"author\"><span class=\"glyphicon glyphicon-user\"><\/span> <a href=\"https:\/\/le-clairon-nouveau.fr\/wordpress\/blog\/author\/redact\/\" rel=\"author\">La R\u00e9daction du Clairon de l'Atax<\/a><\/span><span class=\"comments-link\"><span class=\"glyphicon glyphicon-comment\"><\/span> <a href=\"https:\/\/le-clairon-nouveau.fr\/wordpress\/blog\/2023\/04\/23\/rejets-orano-malvesi-un-communique-des-associations-rubresus-et-col-e-r-e\/#respond\">Aucun commentaire<span class=\"screen-reader-text\"> sur Rejets ORANO MALVESI : Un communiqu\u00e9 des associations RUBRESUS et COL.E.R.E.<\/span><\/a><\/span><\/div>\n<div class=\"pt-cv-content\">Communiqu\u00e9 des Associations RUBRESUS et COL.E.R.E M\u00eame \u00e0 l\u2019arr\u00eat, Orano Malv\u00e9si pollue ! On conna\u00eet un peu plus depuis quelques ann\u00e9es les \u00e9missions polluantes massives des activit\u00e9s de purification et de conversion de l\u2019uranium d\u2019Orano Malv\u00e9si par les rejets atmosph\u00e9riques d\u2019oxydes d\u2019azote, solvants, particules fines d\u2019uranium, &#8230;, provenant\u00a0 des divers ateliers et d\u2019eaux (nitrates, &#8230;), qui ont fait de ce site la source majeure de pollution d\u2019origine industrielle de Narbonne. Moins connues, bien que les observations des riverains les suspectent depuis longtemps, des pollutions \u00ab passives \u00bb sous forme de poussi\u00e8res et d\u2019embruns charg\u00e9s d\u2019\u00e9l\u00e9ments polluants dispers\u00e9s par les vents sont aujourd\u2019hui soulign\u00e9es, m\u00eame quand l\u2019activit\u00e9 du site est \u00e0 l\u2019arr\u00eat. La tr\u00e8s s\u00e9rieuse \u00e9tude radiologique r\u00e9cemment men\u00e9e par l\u2019<span class='tooltipsall tooltip_post_id_3613 classtoolTips105'>IRSN<\/span> (Institut de Radioprotection et de S\u00fbret\u00e9 Nucl\u00e9aire) \u00e9claire cet aspect. Des pr\u00e9l\u00e8vements (air, v\u00e9g\u00e9taux, &#8230;) ont \u00e9t\u00e9 effectu\u00e9s pendant plusieurs mois dans l\u2019environnement autour du site de septembre 2020 \u00e0 septembre 2021. Les r\u00e9sultats de ces campagnes d\u2019analyses montrent la pr\u00e9sence d\u2019uranium (activit\u00e9 U 238) dans les feuilles de fr\u00eane (arbre \u00e0 feuilles caduques) dans la zone d\u2019influence jusqu\u2019\u00e0 une distance de 3 km de 20 \u00e0 30 fois sup\u00e9rieures \u00e0 zone t\u00e9moin. Un large exc\u00e8s de radium 226 en bordure du site est \u00e9galement relev\u00e9. Les analyses d\u2019air (station de pr\u00e9l\u00e8vement chez riverains \u00e0 400 m \u00e0 l\u2019est des bassins) montrent que les activit\u00e9s massiques en thorium\/uranium des particules dans l\u2019air ambiant restent \u00e9lev\u00e9es m\u00eame lors de p\u00e9riodes d\u2019arr\u00eat de production du site en 2020, ann\u00e9e o\u00f9 la production ... <a href=\"https:\/\/le-clairon-nouveau.fr\/wordpress\/blog\/2023\/04\/23\/rejets-orano-malvesi-un-communique-des-associations-rubresus-et-col-e-r-e\/\" class=\"pt-cv-window pt-cv-readmore pt-cv-textlink\" target=\"pt-cv-window\" data-width=\"1200\" data-height=\"600\" data-iw=\"150\" data-ih=\"150\">Lire la suite<\/a><\/div><\/div><\/div>\n<div class=\"col-md-12 col-sm-12 col-xs-12 pt-cv-content-item pt-cv-2-col\"  data-pid=\"29753\"><div class='pt-cv-ifield'><a href=\"https:\/\/le-clairon-nouveau.fr\/wordpress\/blog\/2024\/04\/11\/orano-malvesi-un-communique-de-presse-de-lassociation-tcna\/\" class=\"pt-cv-window pt-cv-href-thumbnail pt-cv-thumb-left cvp-responsive-image img-shadow\" target=\"pt-cv-window\" data-width=\"1200\" data-height=\"600\" data-iw=\"150\" data-ih=\"150\"><img decoding=\"async\" width=\"150\" src=\"https:\/\/i0.wp.com\/le-clairon-nouveau.fr\/wordpress\/wp-content\/uploads\/2024\/04\/TCNA-3.png?resize=843%2C1181&amp;ssl=1\" class=\"pt-cv-thumbnail img-shadow pull-left cvp-substitute no-lazyload \" alt=\"Orano-Malv\u00e9si : un communiqu\u00e9 de presse de l&#039;association TCNA\" title=\"\" data-no-lazy=\"1\" \/><\/a>\n<h4 class=\"pt-cv-title\"><a href=\"https:\/\/le-clairon-nouveau.fr\/wordpress\/blog\/2024\/04\/11\/orano-malvesi-un-communique-de-presse-de-lassociation-tcna\/\" class=\"pt-cv-window\" target=\"pt-cv-window\" data-width=\"1200\" data-height=\"600\" data-iw=\"150\" data-ih=\"150\">Orano-Malv\u00e9si : un communiqu\u00e9 de presse de l&rsquo;association TCNA<\/a><\/h4>\n<div class=\"pt-cv-meta-fields\"><span class=\"entry-date\"><span class=\"glyphicon glyphicon-calendar\"><\/span> <time datetime=\"2024-04-11T21:48:33+02:00\">11 avril 2024<\/time><\/span><span class=\"author\"><span class=\"glyphicon glyphicon-user\"><\/span> <a href=\"https:\/\/le-clairon-nouveau.fr\/wordpress\/blog\/author\/redact\/\" rel=\"author\">La R\u00e9daction du Clairon de l'Atax<\/a><\/span><span class=\"comments-link\"><span class=\"glyphicon glyphicon-comment\"><\/span> <a href=\"https:\/\/le-clairon-nouveau.fr\/wordpress\/blog\/2024\/04\/11\/orano-malvesi-un-communique-de-presse-de-lassociation-tcna\/#comments\">Un commentaire <span class=\"screen-reader-text\"> sur Orano-Malv\u00e9si : un communiqu\u00e9 de presse de l&rsquo;association TCNA<\/span><\/a><\/span><\/div>\n<div class=\"pt-cv-content\"> ... <a href=\"https:\/\/le-clairon-nouveau.fr\/wordpress\/blog\/2024\/04\/11\/orano-malvesi-un-communique-de-presse-de-lassociation-tcna\/\" class=\"pt-cv-window pt-cv-readmore pt-cv-textlink\" target=\"pt-cv-window\" data-width=\"1200\" data-height=\"600\" data-iw=\"150\" data-ih=\"150\">Lire la suite<\/a><\/div><\/div><\/div>\n<div class=\"col-md-12 col-sm-12 col-xs-12 pt-cv-content-item pt-cv-2-col\"  data-pid=\"29887\"><div class='pt-cv-ifield'><a href=\"https:\/\/le-clairon-nouveau.fr\/wordpress\/blog\/2024\/04\/28\/oreano-malvesi-un-communique-des-des-associations-rubresus-et-col-e-r-e\/\" class=\"pt-cv-window pt-cv-href-thumbnail pt-cv-thumb-left cvp-responsive-image img-shadow\" target=\"pt-cv-window\" data-width=\"1200\" data-height=\"600\" data-iw=\"150\" data-ih=\"150\"><img decoding=\"async\" width=\"150\" src=\"https:\/\/i0.wp.com\/le-clairon-nouveau.fr\/wordpress\/wp-content\/uploads\/2023\/04\/Logo-Rubresus.jpg?resize=338%2C54&amp;ssl=1\" class=\"pt-cv-thumbnail img-shadow pull-left cvp-substitute no-lazyload \" alt=\"Oreano Malv\u00e9si : un communiqu\u00e9 des des associations RUBRESUS et COL.E.R.E\" title=\"\" data-no-lazy=\"1\" \/><\/a>\n<h4 class=\"pt-cv-title\"><a href=\"https:\/\/le-clairon-nouveau.fr\/wordpress\/blog\/2024\/04\/28\/oreano-malvesi-un-communique-des-des-associations-rubresus-et-col-e-r-e\/\" class=\"pt-cv-window\" target=\"pt-cv-window\" data-width=\"1200\" data-height=\"600\" data-iw=\"150\" data-ih=\"150\">Oreano Malv\u00e9si : un communiqu\u00e9 des des associations RUBRESUS et COL.E.R.E<\/a><\/h4>\n<div class=\"pt-cv-meta-fields\"><span class=\"entry-date\"><span class=\"glyphicon glyphicon-calendar\"><\/span> <time datetime=\"2024-04-28T22:07:16+02:00\">28 avril 2024<\/time><\/span><span class=\"author\"><span class=\"glyphicon glyphicon-user\"><\/span> <a href=\"https:\/\/le-clairon-nouveau.fr\/wordpress\/blog\/author\/redact\/\" rel=\"author\">La R\u00e9daction du Clairon de l'Atax<\/a><\/span><span class=\"comments-link\"><span class=\"glyphicon glyphicon-comment\"><\/span> <a href=\"https:\/\/le-clairon-nouveau.fr\/wordpress\/blog\/2024\/04\/28\/oreano-malvesi-un-communique-des-des-associations-rubresus-et-col-e-r-e\/#respond\">Aucun commentaire<span class=\"screen-reader-text\"> sur Oreano Malv\u00e9si : un communiqu\u00e9 des des associations RUBRESUS et COL.E.R.E<\/span><\/a><\/span><\/div>\n<div class=\"pt-cv-content\">\u00a0\u00a0\u00a0 ASSOCIATION COL.E.R.E Communiqu\u00e9 Cour d\u2019Appel de Marseille\u00a0: une audience sur des charbons ardents La Cour Administrative d\u2019Appel de Marseille a examin\u00e9 en audience le 12 avril les recours des associations RUBRESUS et COL.E.R.E en annulation des autorisations pr\u00e9fectorales d\u2019exploitation de nouvelles installations sur le site narbonnais Orano Malv\u00e9si du four incin\u00e9rateur de d\u00e9chets radioactifs nitrat\u00e9s TDN (arr\u00eat\u00e9s pr\u00e9fectoraux du 8 novembre 2017 et 3 octobre 2023) et de l\u2019installation de production de dioxyde d\u2019uranium appauvri (arr\u00eat\u00e9 pr\u00e9fectoral 26 juillet 2018), composant majeur du combustible nucl\u00e9aire <span class='tooltipsall tooltip_post_id_7037 classtoolTips179'>MOX<\/span>. Il aura fallu 6 ann\u00e9es des lourdes proc\u00e9dures pour voir enfin quelques v\u00e9rit\u00e9s \u00e9clater, des masques tomber sous les coups de boutoir des plaidoiries de Me M-P. Ma\u00eetre, cabinet d\u2019avocats Atmos Avocats, Paris. Le pr\u00e9fet et le Minist\u00e8re de la Transition Ecologique ne se sont pas faits repr\u00e9senter \u00e0 l\u2019audience. Le cabinet Boivin assurait la d\u00e9fense d\u2019Orano. Nous livrons ci-dessous notre ressenti de moments les plus marquants de l\u2019audience. L\u2019affaire TDN Des irr\u00e9gularit\u00e9s av\u00e9r\u00e9es, non r\u00e9gularis\u00e9es\u00a0! Et alors\u00a0? L\u2019audience du 12 avril 2024 devait v\u00e9rifier que les vices relev\u00e9s par la Cour d\u2019Appel (jugement du 21 octobre 2022) avaient \u00e9t\u00e9 bien r\u00e9gularis\u00e9s par le pr\u00e9fet et Orano. Concernant l\u2019insuffisance de l\u2019\u00e9tat de pollution des sols pr\u00e9sent\u00e9 par Orano en 2016, le jugement avait impos\u00e9 au pr\u00e9fet et \u00e0 Orano d\u2019actualiser l\u2019\u00e9tat de pollution sur l\u2019int\u00e9gralit\u00e9 du site Orano Malv\u00e9si. Le rapporteur public a constat\u00e9 que le pr\u00e9fet et Orano Malv\u00e9si n\u2019ont pas fourni d\u2019analyses actualis\u00e9es r\u00e9centes et que les quelques analyses pr\u00e9sent\u00e9es, anciennes ... <a href=\"https:\/\/le-clairon-nouveau.fr\/wordpress\/blog\/2024\/04\/28\/oreano-malvesi-un-communique-des-des-associations-rubresus-et-col-e-r-e\/\" class=\"pt-cv-window pt-cv-readmore pt-cv-textlink\" target=\"pt-cv-window\" data-width=\"1200\" data-height=\"600\" data-iw=\"150\" data-ih=\"150\">Lire la suite<\/a><\/div><\/div><\/div>\n<div class=\"col-md-12 col-sm-12 col-xs-12 pt-cv-content-item pt-cv-2-col\"  data-pid=\"30049\"><div class='pt-cv-ifield'><a href=\"https:\/\/le-clairon-nouveau.fr\/wordpress\/blog\/2024\/06\/13\/communique-des-associations-rubresus-et-col-e-r-e\/\" class=\"pt-cv-window pt-cv-href-thumbnail pt-cv-thumb-left cvp-responsive-image img-shadow\" target=\"pt-cv-window\" data-width=\"1200\" data-height=\"600\" data-iw=\"150\" data-ih=\"150\"><\/a>\n<h4 class=\"pt-cv-title\"><a href=\"https:\/\/le-clairon-nouveau.fr\/wordpress\/blog\/2024\/06\/13\/communique-des-associations-rubresus-et-col-e-r-e\/\" class=\"pt-cv-window\" target=\"pt-cv-window\" data-width=\"1200\" data-height=\"600\" data-iw=\"150\" data-ih=\"150\">Communiqu\u00e9 des associations RUBRESUS et COL.E.R.E<\/a><\/h4>\n<div class=\"pt-cv-meta-fields\"><span class=\"entry-date\"><span class=\"glyphicon glyphicon-calendar\"><\/span> <time datetime=\"2024-06-13T22:55:33+02:00\">13 juin 2024<\/time><\/span><span class=\"author\"><span class=\"glyphicon glyphicon-user\"><\/span> <a href=\"https:\/\/le-clairon-nouveau.fr\/wordpress\/blog\/author\/redact\/\" rel=\"author\">La R\u00e9daction du Clairon de l'Atax<\/a><\/span><span class=\"comments-link\"><span class=\"glyphicon glyphicon-comment\"><\/span> <a href=\"https:\/\/le-clairon-nouveau.fr\/wordpress\/blog\/2024\/06\/13\/communique-des-associations-rubresus-et-col-e-r-e\/#respond\">Aucun commentaire<span class=\"screen-reader-text\"> sur Communiqu\u00e9 des associations RUBRESUS et COL.E.R.E<\/span><\/a><\/span><\/div>\n<div class=\"pt-cv-content\">Sous l&rsquo;impulsion toujours pr\u00e9gnante du porteur du projet d&rsquo;incin\u00e9rateur des d\u00e9chets radioactifs nitrat\u00e9s, la presse locale s&rsquo;est pr\u00e9cipit\u00e9e \u00e0 rapporter l&rsquo;annonce du jugement de la Cour d&rsquo;Appel sans m\u00eame attendre ni exposer l&rsquo;analyse des associations porteuses de l&rsquo;opposition massive de la population \u00e0 ce projet, ce qui est r\u00e9v\u00e9lateur de la d\u00e9liquescence de la qualit\u00e9 et ind\u00e9pendance de l&rsquo;information.\u00a0 Tout en regrettant ce mauvais coup de pied de l&rsquo;\u00e2ne (catalan), nous vous livrons dans le communiqu\u00e9 ci-joint les \u00e9l\u00e9ments de compr\u00e9hension du jugement qui l\u00e9galise un incin\u00e9rateur alors m\u00eame que l&rsquo;enqu\u00eate publique l&rsquo;a massivement rejet\u00e9 (\u00e0 plus de 90%). Le feuilleton TDN n&rsquo;est pas termin\u00e9, il faut attendre les prochains \u00e9pisodes pour en conna\u00eetre le d\u00e9nouement que vous contribuerez \u00e0 \u00e9crire avec nous. \u00a0 Andr\u00e9 BORIES\u00a0 RUBRESUS Communiqu\u00e9 des associations RUBRESUS et COL.E.R.E Le m\u00e9ga-incin\u00e9rateur de d\u00e9chets radioactifs nitrat\u00e9s \u00e0 Narbonne l\u00e9galis\u00e9 : la transition \u00e9cologique en marche, \u2026 en moonwalk ! Voil\u00e0 8 ann\u00e9es que le projet de m\u00e9ga-incin\u00e9rateur de d\u00e9chets radioactifs nitrat\u00e9s TDN \u00e0 Narbonne-Malv\u00e9si se heurte \u00e0 la mobilisation de la population et des associations RUBRESUS et COL.E.R.E. Gr\u00e2ce au recours en annulation de l\u2019autorisation pr\u00e9fectorale devant la Cour Administrative d\u2019Appel (CAA) de Marseille par nos deux associations, le projet TDN est rest\u00e9 dans les cartons. Le jugement du 13 mai 2024 a l\u00e9galis\u00e9 l\u2019autorisation d\u2019exploitation que la CAA avait suspendue le 3 octobre 2022 pour cause d\u2019irr\u00e9gularit\u00e9s. Nous apportons ci-dessous notre \u00e9clairage sur le labyrinthe judiciaire de dossiers complexes et de d\u00e9cisions \u00e0 g\u00e9om\u00e9trie variable du ... <a href=\"https:\/\/le-clairon-nouveau.fr\/wordpress\/blog\/2024\/06\/13\/communique-des-associations-rubresus-et-col-e-r-e\/\" class=\"pt-cv-window pt-cv-readmore pt-cv-textlink\" target=\"pt-cv-window\" data-width=\"1200\" data-height=\"600\" data-iw=\"150\" data-ih=\"150\">Lire la suite<\/a><\/div><\/div><\/div>\n<div class=\"col-md-12 col-sm-12 col-xs-12 pt-cv-content-item pt-cv-2-col\"  data-pid=\"30073\"><div class='pt-cv-ifield'><a href=\"https:\/\/le-clairon-nouveau.fr\/wordpress\/blog\/2024\/06\/23\/conference-de-presse-des-associations-col-e-r-e-rubresus-et-tcna-sur-les-projets-polluants-dorano-malvesi\/\" class=\"pt-cv-window pt-cv-href-thumbnail pt-cv-thumb-left cvp-responsive-image img-shadow\" target=\"pt-cv-window\" data-width=\"1200\" data-height=\"600\" data-iw=\"150\" data-ih=\"150\"><img decoding=\"async\" width=\"150\" src=\"https:\/\/i0.wp.com\/le-clairon-nouveau.fr\/wordpress\/wp-content\/uploads\/2024\/06\/photo-Titouan.jpg?resize=678%2C452&amp;ssl=1\" class=\"pt-cv-thumbnail img-shadow pull-left cvp-substitute no-lazyload \" alt=\"Conf\u00e9rence de presse des associations COL.E.R.E., RUBRESUS et TCNA sur les projets polluants d\u2019Orano Malv\u00e9si\" title=\"\" data-no-lazy=\"1\" \/><\/a>\n<h4 class=\"pt-cv-title\"><a href=\"https:\/\/le-clairon-nouveau.fr\/wordpress\/blog\/2024\/06\/23\/conference-de-presse-des-associations-col-e-r-e-rubresus-et-tcna-sur-les-projets-polluants-dorano-malvesi\/\" class=\"pt-cv-window\" target=\"pt-cv-window\" data-width=\"1200\" data-height=\"600\" data-iw=\"150\" data-ih=\"150\">Conf\u00e9rence de presse des associations COL.E.R.E., RUBRESUS et TCNA sur les projets polluants d\u2019Orano Malv\u00e9si<\/a><\/h4>\n<div class=\"pt-cv-meta-fields\"><span class=\"entry-date\"><span class=\"glyphicon glyphicon-calendar\"><\/span> <time datetime=\"2024-06-23T00:30:49+02:00\">23 juin 2024<\/time><\/span><span class=\"author\"><span class=\"glyphicon glyphicon-user\"><\/span> <a href=\"https:\/\/le-clairon-nouveau.fr\/wordpress\/blog\/author\/hubert\/\" rel=\"author\">Hubert Reys<\/a><\/span><span class=\"comments-link\"><span class=\"glyphicon glyphicon-comment\"><\/span> <a href=\"https:\/\/le-clairon-nouveau.fr\/wordpress\/blog\/2024\/06\/23\/conference-de-presse-des-associations-col-e-r-e-rubresus-et-tcna-sur-les-projets-polluants-dorano-malvesi\/#respond\">Aucun commentaire<span class=\"screen-reader-text\"> sur Conf\u00e9rence de presse des associations COL.E.R.E., RUBRESUS et TCNA sur les projets polluants d\u2019Orano Malv\u00e9si<\/span><\/a><\/span><\/div>\n<div class=\"pt-cv-content\">La lutte contre l'implantation par ORANO \/ Malv\u00e9si d'un incin\u00e9rateur de d\u00e9chets nitrat\u00e9s et la mise en service d'une usine de production de dioxyde d'uranium appauvri se poursuit. 3 associations forment un recours en Conseil d\u2019\u00c9tat ... <a href=\"https:\/\/le-clairon-nouveau.fr\/wordpress\/blog\/2024\/06\/23\/conference-de-presse-des-associations-col-e-r-e-rubresus-et-tcna-sur-les-projets-polluants-dorano-malvesi\/\" class=\"pt-cv-window pt-cv-readmore pt-cv-textlink\" target=\"pt-cv-window\" data-width=\"1200\" data-height=\"600\" data-iw=\"150\" data-ih=\"150\">Lire la suite<\/a><\/div><\/div><\/div>\n<div class=\"col-md-12 col-sm-12 col-xs-12 pt-cv-content-item pt-cv-2-col\"  data-pid=\"30897\"><div class='pt-cv-ifield'><a href=\"https:\/\/le-clairon-nouveau.fr\/wordpress\/blog\/2024\/12\/21\/les-activites-de-lusine-orano-malvesi-a-narbonne-sont-elles-polluantes\/\" class=\"pt-cv-window pt-cv-href-thumbnail pt-cv-thumb-left cvp-responsive-image img-shadow\" target=\"pt-cv-window\" data-width=\"1200\" data-height=\"600\" data-iw=\"150\" data-ih=\"150\"><img decoding=\"async\" width=\"150\" src=\"https:\/\/i0.wp.com\/le-clairon-nouveau.fr\/wordpress\/wp-content\/uploads\/2024\/12\/wagon-de-transport-duranium-en-gare-de-Narbonne-photo-Collectif-Vigilance-Malvesi.png?resize=591%2C406&amp;ssl=1\" class=\"pt-cv-thumbnail img-shadow pull-left cvp-substitute no-lazyload \" alt=\"Les activit\u00e9s de l\u2019usine Orano-Malv\u00e9si \u00e0 Narbonne sont-elles polluantes ?\" title=\"\" data-no-lazy=\"1\" \/><\/a>\n<h4 class=\"pt-cv-title\"><a href=\"https:\/\/le-clairon-nouveau.fr\/wordpress\/blog\/2024\/12\/21\/les-activites-de-lusine-orano-malvesi-a-narbonne-sont-elles-polluantes\/\" class=\"pt-cv-window\" target=\"pt-cv-window\" data-width=\"1200\" data-height=\"600\" data-iw=\"150\" data-ih=\"150\">Les activit\u00e9s de l\u2019usine Orano-Malv\u00e9si \u00e0 Narbonne sont-elles polluantes ?<\/a><\/h4>\n<div class=\"pt-cv-meta-fields\"><span class=\"entry-date\"><span class=\"glyphicon glyphicon-calendar\"><\/span> <time datetime=\"2024-12-21T12:30:17+01:00\">21 d\u00e9cembre 2024<\/time><\/span><span class=\"author\"><span class=\"glyphicon glyphicon-user\"><\/span> <a href=\"https:\/\/le-clairon-nouveau.fr\/wordpress\/blog\/author\/hubert\/\" rel=\"author\">Hubert Reys<\/a><\/span><span class=\"comments-link\"><span class=\"glyphicon glyphicon-comment\"><\/span> <a href=\"https:\/\/le-clairon-nouveau.fr\/wordpress\/blog\/2024\/12\/21\/les-activites-de-lusine-orano-malvesi-a-narbonne-sont-elles-polluantes\/#respond\">Aucun commentaire<span class=\"screen-reader-text\"> sur Les activit\u00e9s de l\u2019usine Orano-Malv\u00e9si \u00e0 Narbonne sont-elles polluantes ?<\/span><\/a><\/span><\/div>\n<div class=\"pt-cv-content\">29 novembre 2024 : le \u00ab Collectif Vigilance Malv\u00e9si \u00bb a tenu une conf\u00e9rence de presse pour rendre compte de son action ... <a href=\"https:\/\/le-clairon-nouveau.fr\/wordpress\/blog\/2024\/12\/21\/les-activites-de-lusine-orano-malvesi-a-narbonne-sont-elles-polluantes\/\" class=\"pt-cv-window pt-cv-readmore pt-cv-textlink\" target=\"pt-cv-window\" data-width=\"1200\" data-height=\"600\" data-iw=\"150\" data-ih=\"150\">Lire la suite<\/a><\/div><\/div><\/div><\/div><\/div><\/div>\t\t\t<style type=\"text\/css\" id=\"pt-cv-inline-style-a2a7cbbw1f\">#pt-cv-view-e08fa84fh6.pt-cv-post-border { margin: 0; border-top-width: 2px; border-left-width: 2px }\n#pt-cv-view-e08fa84fh6.pt-cv-post-border { margin: 0; border-top-style: groove; border-left-style: groove }\n#pt-cv-view-e08fa84fh6.pt-cv-post-border { margin: 0; border-top-color: rgba(158,158,158,0.4); border-left-color: rgba(158,158,158,0.4) }\n#pt-cv-view-e08fa84fh6.pt-cv-post-border .pt-cv-content-item   { border-right-width: 2px; border-bottom-width: 2px; border-right-style: groove; border-bottom-style: groove; border-right-color: rgba(158,158,158,0.4); border-bottom-color: rgba(158,158,158,0.4); }\n#pt-cv-view-e08fa84fh6 .pt-cv-title a, #pt-cv-view-e08fa84fh6  .panel-title { font-weight: 600 !important; }\n#pt-cv-view-e08fa84fh6 .pt-cv-readmore  { color: #dd3333 !important; font-weight: 600 !important; }\n#pt-cv-view-e08fa84fh6 .pt-cv-readmore:hover  { color: #ff7a7a !important; font-weight: 600 !important; }\n#pt-cv-view-e08fa84fh6  + .pt-cv-pagination-wrapper .pt-cv-more , #pt-cv-view-e08fa84fh6  + .pt-cv-pagination-wrapper .pagination .active a { color: #ffffff !important; background-color: #00aeef !important; }\n#pt-cv-gls-e08fa84fh6 li a   { font-weight: 600 !important; }\n#pt-cv-gls-e08fa84fh6 li a.pt-active   { color: #fff !important; background-color: #ff5a5f !important; }\n#pt-cv-view-e08fa84fh6 .cvp-responsive-image[style*=\"background-image\"] { width: 150px; height: 150px; }<\/style>\r\n\t\t\t<\/p>\t\t\t<\/div>\n\t\t\t\t\t\t\t\t\t\t\t<div class=\"iw-so-tabs-panel\" id=\"tab-1-3-content\">\n\t\t\t\t<em>Les \u00e9v\u00e9nements sont pr\u00e9sent\u00e9s ici dans l'ordre chronologique, du plus ancien au plus r\u00e9cent.<\/em>\n\n<span style=\"font-family: arial,helvetica,sans-serif;\"><code class=\"ai1ec-autoselect\"><div class=\"pt-cv-wrapper\"><div class=\"pt-cv-view pt-cv-grid pt-cv-colsys pt-cv-post-border\" id=\"pt-cv-view-de7fa2dp1n\"><div data-id=\"pt-cv-page-1\" class=\"pt-cv-page\" data-cvc=\"1\"><div class=\"col-md-12 col-sm-12 col-xs-12 pt-cv-content-item pt-cv-1-col\"  data-pid=\"745\"><div class='pt-cv-ifield'><div class=\"pt-cv-meta-fields\"><span class=\"entry-date\"><span class=\"glyphicon glyphicon-calendar\"><\/span> <time datetime=\"2017-05-05T11:54:30+02:00\">5 mai 2017<\/time><\/span><span class=\"author\"><span class=\"glyphicon glyphicon-user\"><\/span> <a href=\"https:\/\/le-clairon-nouveau.fr\/wordpress\/blog\/author\/redact\/\" rel=\"author\">La R\u00e9daction du Clairon de l'Atax<\/a><\/span><span class=\"comments-link\"><span class=\"glyphicon glyphicon-comment\"><\/span> <a href=\"https:\/\/le-clairon-nouveau.fr\/wordpress\/blog\/\u00e9v\u00e8nement\/manifestation-contre-le-projet-thorareva\/#respond\">Aucun commentaire<span class=\"screen-reader-text\"> sur Manifestation contre Thor\/AREVA &#8211; Malv\u00e9si<\/span><\/a><\/span><\/div>\n<h4 class=\"pt-cv-title\"><a href=\"https:\/\/le-clairon-nouveau.fr\/wordpress\/blog\/\u00e9v\u00e8nement\/manifestation-contre-le-projet-thorareva\/\" class=\"pt-cv-window\" target=\"pt-cv-window\" data-width=\"1200\" data-height=\"600\">Manifestation contre Thor\/AREVA &#8211; Malv\u00e9si<\/a><\/h4>\n<div class=\"pt-cv-content\">Les familles manifestent contre le projet THOR AREVA \/ Malv\u00e9sy Rendez-vous \u00e0 12h devant l&rsquo;H\u00f4tel de Ville de Narbonne Pique-Nique sur place possible ... <a href=\"https:\/\/le-clairon-nouveau.fr\/wordpress\/blog\/\u00e9v\u00e8nement\/manifestation-contre-le-projet-thorareva\/\" class=\"pt-cv-window pt-cv-readmore pt-cv-textlink\" target=\"pt-cv-window\" data-width=\"1200\" data-height=\"600\">Voir l'\u00e9v\u00e9nement<\/a><\/div><\/div><\/div>\n<div class=\"col-md-12 col-sm-12 col-xs-12 pt-cv-content-item pt-cv-1-col\"  data-pid=\"1154\"><div class='pt-cv-ifield'><div class=\"pt-cv-meta-fields\"><span class=\"entry-date\"><span class=\"glyphicon glyphicon-calendar\"><\/span> <time datetime=\"2017-05-21T11:54:30+02:00\">21 mai 2017<\/time><\/span><span class=\"author\"><span class=\"glyphicon glyphicon-user\"><\/span> <a href=\"https:\/\/le-clairon-nouveau.fr\/wordpress\/blog\/author\/redact\/\" rel=\"author\">La R\u00e9daction du Clairon de l'Atax<\/a><\/span><span class=\"comments-link\"><span class=\"glyphicon glyphicon-comment\"><\/span> <a href=\"https:\/\/le-clairon-nouveau.fr\/wordpress\/blog\/\u00e9v\u00e8nement\/manifestation-contre-le-projet-areva-thor-tdn-malvesi\/#respond\">Aucun commentaire<span class=\"screen-reader-text\"> sur Contre le projet AREVA THOR &#8211; TDN \/ Malvesi &#8211; Manifestation<\/span><\/a><\/span><\/div>\n<h4 class=\"pt-cv-title\"><a href=\"https:\/\/le-clairon-nouveau.fr\/wordpress\/blog\/\u00e9v\u00e8nement\/manifestation-contre-le-projet-areva-thor-tdn-malvesi\/\" class=\"pt-cv-window\" target=\"pt-cv-window\" data-width=\"1200\" data-height=\"600\">Contre le projet AREVA THOR &#8211; TDN \/ Malvesi &#8211; Manifestation<\/a><\/h4>\n<div class=\"pt-cv-content\">Les familles manifestent contre le projet THOR AREVA \/ Malv\u00e9sy Rendez-vous \u00e0 19h00 devant l&rsquo;H\u00f4tel de Ville de Narbonne Message du collectif diffus\u00e9 lors du rassemblement du 13 mai la signature du pr\u00e9fet pour TDN est repouss\u00e9e au 9 ao\u00fbt 2017 selon les experts proches du dossier, ce d\u00e9ali semble tr\u00e8s court pour faire une nouvelle expertise s\u00e9rieuse du projet AREVA TDN THOR et de son alternative EDN le choix de la date du 9 ao\u00fbt facilite la signature du fait de la p\u00e9riode de cong\u00e9s. le papillon se reformera donc le 11 juin \u00e0 11h30 afin de montrer le ... <a href=\"https:\/\/le-clairon-nouveau.fr\/wordpress\/blog\/\u00e9v\u00e8nement\/manifestation-contre-le-projet-areva-thor-tdn-malvesi\/\" class=\"pt-cv-window pt-cv-readmore pt-cv-textlink\" target=\"pt-cv-window\" data-width=\"1200\" data-height=\"600\">Voir l'\u00e9v\u00e9nement<\/a><\/div><\/div><\/div>\n<div class=\"col-md-12 col-sm-12 col-xs-12 pt-cv-content-item pt-cv-1-col\"  data-pid=\"1486\"><div class='pt-cv-ifield'><div class=\"pt-cv-meta-fields\"><span class=\"entry-date\"><span class=\"glyphicon glyphicon-calendar\"><\/span> <time datetime=\"2017-06-05T10:19:27+02:00\">5 juin 2017<\/time><\/span><span class=\"author\"><span class=\"glyphicon glyphicon-user\"><\/span> <a href=\"https:\/\/le-clairon-nouveau.fr\/wordpress\/blog\/author\/hubert\/\" rel=\"author\">Hubert Reys<\/a><\/span><span class=\"comments-link\"><span class=\"glyphicon glyphicon-comment\"><\/span> <a href=\"https:\/\/le-clairon-nouveau.fr\/wordpress\/blog\/\u00e9v\u00e8nement\/rassemblement-pour-dire-non-au-projet-thor-dareva\/#respond\">Aucun commentaire<span class=\"screen-reader-text\"> sur Rassemblement pour dire NON au projet Thor d\u2019Areva<\/span><\/a><\/span><\/div>\n<h4 class=\"pt-cv-title\"><a href=\"https:\/\/le-clairon-nouveau.fr\/wordpress\/blog\/\u00e9v\u00e8nement\/rassemblement-pour-dire-non-au-projet-thor-dareva\/\" class=\"pt-cv-window\" target=\"pt-cv-window\" data-width=\"1200\" data-height=\"600\">Rassemblement pour dire NON au projet Thor d\u2019Areva<\/a><\/h4>\n<div class=\"pt-cv-content\">Un grand rassemblement est pr\u00e9vu le 9 juin \u00e0 Narbonne pour dire NON au projet Thor d\u2019Areva qui serait une catastrophe sans pr\u00e9c\u00e9dent d\u2019un point de vue sanitaire, \u00e9cologique et \u00e9conomique sur notre r\u00e9gion. Il s\u2019agit d\u2019un nouveau proc\u00e9d\u00e9 de traitement des nitrates de l\u2019usine Ar\u00e9va Malv\u00e9si situ\u00e9e \u00e0 2 km du centre ville, pour vaporiser pr\u00e8s de 400 000 m3 d\u2019effluents nitrat\u00e9s radioactifs stock\u00e9s dans des bassins. Pour chauffer ces d\u00e9chets \u00e0 850\u00b0C, Areva veut br\u00fbler 5 700 tonnes de charbon par an et produire des gaz chimiques toxiques\u00a0: oxydes d\u2019azote, particules fines, oxyde de soufre, ammoniac, <span class='tooltipsall tooltip_post_id_21204 classtoolTips199'>COV<\/span>, benz\u00e8ne, ... <a href=\"https:\/\/le-clairon-nouveau.fr\/wordpress\/blog\/\u00e9v\u00e8nement\/rassemblement-pour-dire-non-au-projet-thor-dareva\/\" class=\"pt-cv-window pt-cv-readmore pt-cv-textlink\" target=\"pt-cv-window\" data-width=\"1200\" data-height=\"600\">Voir l'\u00e9v\u00e9nement<\/a><\/div><\/div><\/div>\n<div class=\"col-md-12 col-sm-12 col-xs-12 pt-cv-content-item pt-cv-1-col\"  data-pid=\"1874\"><div class='pt-cv-ifield'><div class=\"pt-cv-meta-fields\"><span class=\"entry-date\"><span class=\"glyphicon glyphicon-calendar\"><\/span> <time datetime=\"2017-06-27T17:03:38+02:00\">27 juin 2017<\/time><\/span><span class=\"author\"><span class=\"glyphicon glyphicon-user\"><\/span> <a href=\"https:\/\/le-clairon-nouveau.fr\/wordpress\/blog\/author\/hubert\/\" rel=\"author\">Hubert Reys<\/a><\/span><span class=\"comments-link\"><span class=\"glyphicon glyphicon-comment\"><\/span> <a href=\"https:\/\/le-clairon-nouveau.fr\/wordpress\/blog\/\u00e9v\u00e8nement\/areva-malvesi-appel-a-mobilisation\/#respond\">Aucun commentaire<span class=\"screen-reader-text\"> sur AREVA \/ Malv\u00e9si : appel \u00e0 mobilisation<\/span><\/a><\/span><\/div>\n<h4 class=\"pt-cv-title\"><a href=\"https:\/\/le-clairon-nouveau.fr\/wordpress\/blog\/\u00e9v\u00e8nement\/areva-malvesi-appel-a-mobilisation\/\" class=\"pt-cv-window\" target=\"pt-cv-window\" data-width=\"1200\" data-height=\"600\">AREVA \/ Malv\u00e9si : appel \u00e0 mobilisation<\/a><\/h4>\n<div class=\"pt-cv-content\">Bonjour, Le Covidem a adress\u00e9 par deux fois une demande de rendez-vous \u00e0 la sous\u2013pr\u00e9fecture de l&rsquo;Aude \u00e0 Narbonne, sans obtenir de r\u00e9ponse. Nous vous appelons donc \u00e0 nous rejoindre devant la sous-pr\u00e9fecture\u00a0 (37, boulevard du G\u00e9n\u00e9ral de Gaulle \u00e0 Narbonne) Vendredi 30 juin \u00e0 11 h afin de nous faire entendre. Nous remettrons aux autorit\u00e9s la p\u00e9tition de refus du projet <span class='tooltipsall tooltip_post_id_3610 classtoolTips37'>TDN\/THOR<\/span>\u00a0qui a r\u00e9colt\u00e9 \u00e0 ce jour pr\u00e8s de 10 000 signatures. Apportez de quoi faire du bruit : instruments, sifflet, casserole\u2026 Merci encore une fois pour votre soutien sans faille ... <a href=\"https:\/\/le-clairon-nouveau.fr\/wordpress\/blog\/\u00e9v\u00e8nement\/areva-malvesi-appel-a-mobilisation\/\" class=\"pt-cv-window pt-cv-readmore pt-cv-textlink\" target=\"pt-cv-window\" data-width=\"1200\" data-height=\"600\">Voir l'\u00e9v\u00e9nement<\/a><\/div><\/div><\/div>\n<div class=\"col-md-12 col-sm-12 col-xs-12 pt-cv-content-item pt-cv-1-col\"  data-pid=\"2999\"><div class='pt-cv-ifield'><div class=\"pt-cv-meta-fields\"><span class=\"entry-date\"><span class=\"glyphicon glyphicon-calendar\"><\/span> <time datetime=\"2017-09-29T22:49:17+02:00\">29 septembre 2017<\/time><\/span><span class=\"author\"><span class=\"glyphicon glyphicon-user\"><\/span> <a href=\"https:\/\/le-clairon-nouveau.fr\/wordpress\/blog\/author\/redact\/\" rel=\"author\">La R\u00e9daction du Clairon de l'Atax<\/a><\/span><span class=\"comments-link\"><span class=\"glyphicon glyphicon-comment\"><\/span> <a href=\"https:\/\/le-clairon-nouveau.fr\/wordpress\/blog\/\u00e9v\u00e8nement\/conference-discussion-sur-le-projet-tdn-areva-malvesi\/#respond\">Aucun commentaire<span class=\"screen-reader-text\"> sur TDN \/ AREVA \/ Malv\u00e9si &#8211; Conf\u00e9rence &amp; discussion sur le projet<\/span><\/a><\/span><\/div>\n<h4 class=\"pt-cv-title\"><a href=\"https:\/\/le-clairon-nouveau.fr\/wordpress\/blog\/\u00e9v\u00e8nement\/conference-discussion-sur-le-projet-tdn-areva-malvesi\/\" class=\"pt-cv-window\" target=\"pt-cv-window\" data-width=\"1200\" data-height=\"600\">TDN \/ AREVA \/ Malv\u00e9si &#8211; Conf\u00e9rence &amp; discussion sur le projet<\/a><\/h4>\n<div class=\"pt-cv-content\">Pour tou-te-s celles et ceux qui se sentent concern\u00e9s par le projet TDN d&rsquo;AREVA, il est tr\u00e8s important d&rsquo;assister \u00e0 cette conf\u00e9rence afin de bien comprendre les ENJEUX et les RISQUES port\u00e9s par ce projet ... <a href=\"https:\/\/le-clairon-nouveau.fr\/wordpress\/blog\/\u00e9v\u00e8nement\/conference-discussion-sur-le-projet-tdn-areva-malvesi\/\" class=\"pt-cv-window pt-cv-readmore pt-cv-textlink\" target=\"pt-cv-window\" data-width=\"1200\" data-height=\"600\">Voir l'\u00e9v\u00e9nement<\/a><\/div><\/div><\/div>\n<div class=\"col-md-12 col-sm-12 col-xs-12 pt-cv-content-item pt-cv-1-col\"  data-pid=\"3017\"><div class='pt-cv-ifield'><div class=\"pt-cv-meta-fields\"><span class=\"entry-date\"><span class=\"glyphicon glyphicon-calendar\"><\/span> <time datetime=\"2017-10-09T11:52:02+02:00\">9 octobre 2017<\/time><\/span><span class=\"author\"><span class=\"glyphicon glyphicon-user\"><\/span> <a href=\"https:\/\/le-clairon-nouveau.fr\/wordpress\/blog\/author\/redact\/\" rel=\"author\">La R\u00e9daction du Clairon de l'Atax<\/a><\/span><span class=\"comments-link\"><span class=\"glyphicon glyphicon-comment\"><\/span> <a href=\"https:\/\/le-clairon-nouveau.fr\/wordpress\/blog\/\u00e9v\u00e8nement\/rassemblement-a-la-prefecture-de-laude-contre-le-projet-thor-dareva-malvesi\/#respond\">Aucun commentaire<span class=\"screen-reader-text\"> sur Rassemblement \u00e0 la pr\u00e9fecture de l&rsquo;Aude contre le projet THOR d&rsquo;AREVA \/ Malv\u00e9si<\/span><\/a><\/span><\/div>\n<h4 class=\"pt-cv-title\"><a href=\"https:\/\/le-clairon-nouveau.fr\/wordpress\/blog\/\u00e9v\u00e8nement\/rassemblement-a-la-prefecture-de-laude-contre-le-projet-thor-dareva-malvesi\/\" class=\"pt-cv-window\" target=\"pt-cv-window\" data-width=\"1200\" data-height=\"600\">Rassemblement \u00e0 la pr\u00e9fecture de l&rsquo;Aude contre le projet THOR d&rsquo;AREVA \/ Malv\u00e9si<\/a><\/h4>\n<div class=\"pt-cv-content\">AREVA \/ Malv\u00e9si D\u00e9cision imminente de la pr\u00e9fecture de l&rsquo;Aude sur l&rsquo;autorisation ou le rejet du projet TDN \/ THOR de retraitement des d\u00e9chets de l&rsquo;usine AREVA de Malv\u00e9si Rassemblement vendredi 13 octobre 2017 \u00e0 15h, devant la pr\u00e9fecture de l&rsquo;Aude pour manifester \u00e0 nouveau notre opposition \u00e0 ce projet. Nous n&rsquo;acceptons pas qu&rsquo;AREVA tente de vider les bassins de l&rsquo;usine nucl\u00e9aire de Malv\u00e9si en mettant en danger la population Narbonnaise et au-del\u00e0. Pour les habitants de Narbonne et des environs, un covoiturage est pr\u00e9vu. D\u00e9part \u00e0 14h du parking du th\u00e9\u00e2tre de Narbonne Prendre casseroles, banderoles, tee shirt \u00e0 ... <a href=\"https:\/\/le-clairon-nouveau.fr\/wordpress\/blog\/\u00e9v\u00e8nement\/rassemblement-a-la-prefecture-de-laude-contre-le-projet-thor-dareva-malvesi\/\" class=\"pt-cv-window pt-cv-readmore pt-cv-textlink\" target=\"pt-cv-window\" data-width=\"1200\" data-height=\"600\">Voir l'\u00e9v\u00e9nement<\/a><\/div><\/div><\/div>\n<div class=\"col-md-12 col-sm-12 col-xs-12 pt-cv-content-item pt-cv-1-col\"  data-pid=\"5333\"><div class='pt-cv-ifield'><div class=\"pt-cv-meta-fields\"><span class=\"entry-date\"><span class=\"glyphicon glyphicon-calendar\"><\/span> <time datetime=\"2018-03-15T00:44:39+01:00\">15 mars 2018<\/time><\/span><span class=\"author\"><span class=\"glyphicon glyphicon-user\"><\/span> <a href=\"https:\/\/le-clairon-nouveau.fr\/wordpress\/blog\/author\/redact\/\" rel=\"author\">La R\u00e9daction du Clairon de l'Atax<\/a><\/span><span class=\"comments-link\"><span class=\"glyphicon glyphicon-comment\"><\/span> <a href=\"https:\/\/le-clairon-nouveau.fr\/wordpress\/blog\/\u00e9v\u00e8nement\/journee-dinformation-malvesi\/#respond\">Aucun commentaire<span class=\"screen-reader-text\"> sur Journ\u00e9e d&rsquo;information Malv\u00e9si<\/span><\/a><\/span><\/div>\n<h4 class=\"pt-cv-title\"><a href=\"https:\/\/le-clairon-nouveau.fr\/wordpress\/blog\/\u00e9v\u00e8nement\/journee-dinformation-malvesi\/\" class=\"pt-cv-window\" target=\"pt-cv-window\" data-width=\"1200\" data-height=\"600\">Journ\u00e9e d&rsquo;information Malv\u00e9si<\/a><\/h4>\n<div class=\"pt-cv-content\"> ... <a href=\"https:\/\/le-clairon-nouveau.fr\/wordpress\/blog\/\u00e9v\u00e8nement\/journee-dinformation-malvesi\/\" class=\"pt-cv-window pt-cv-readmore pt-cv-textlink\" target=\"pt-cv-window\" data-width=\"1200\" data-height=\"600\">Voir l'\u00e9v\u00e9nement<\/a><\/div><\/div><\/div>\n<div class=\"col-md-12 col-sm-12 col-xs-12 pt-cv-content-item pt-cv-1-col\"  data-pid=\"6628\"><div class='pt-cv-ifield'><div class=\"pt-cv-meta-fields\"><span class=\"entry-date\"><span class=\"glyphicon glyphicon-calendar\"><\/span> <time datetime=\"2018-07-16T17:09:36+02:00\">16 juillet 2018<\/time><\/span><span class=\"author\"><span class=\"glyphicon glyphicon-user\"><\/span> <a href=\"https:\/\/le-clairon-nouveau.fr\/wordpress\/blog\/author\/redact\/\" rel=\"author\">La R\u00e9daction du Clairon de l'Atax<\/a><\/span><span class=\"comments-link\"><span class=\"glyphicon glyphicon-comment\"><\/span> <a href=\"https:\/\/le-clairon-nouveau.fr\/wordpress\/blog\/\u00e9v\u00e8nement\/rencontres-dete-antinucleaires-internationales-2018-a-narbonne-armissan\/#respond\">Aucun commentaire<span class=\"screen-reader-text\"> sur Rencontres d&rsquo;\u00e9t\u00e9 antinucl\u00e9aires internationales 2018 \u00e0 Narbonne \/ Armissan<\/span><\/a><\/span><\/div>\n<h4 class=\"pt-cv-title\"><a href=\"https:\/\/le-clairon-nouveau.fr\/wordpress\/blog\/\u00e9v\u00e8nement\/rencontres-dete-antinucleaires-internationales-2018-a-narbonne-armissan\/\" class=\"pt-cv-window\" target=\"pt-cv-window\" data-width=\"1200\" data-height=\"600\">Rencontres d&rsquo;\u00e9t\u00e9 antinucl\u00e9aires internationales 2018 \u00e0 Narbonne \/ Armissan<\/a><\/h4>\n<div class=\"pt-cv-content\">Le collectif \u00ab\u00a0Sortir du nucl\u00e9aire Aude\u00a0\u00bb (<span class='tooltipsall tooltip_post_id_7258 classtoolTips84'>SDN11<\/span>) organise en partenariat avec \u00ab\u00a0Nuclear Heritage\u00a0\u00bb des rencontres d&rsquo;\u00e9t\u00e9 antinucl\u00e9aires internationales du 6 au 12 ao\u00fbt 2018 \u00e0 l&rsquo;Olivette de Langel, domaine situ\u00e9 \u00e0 7 km \u00e0 l&rsquo;est de Narbonne sur la commune d&rsquo;Armissan. Ces rencontres d&rsquo;\u00e9t\u00e9 porteront sur quatre th\u00e8mes en particulier : 1) L&rsquo;usine de Malvesi-Areva &#8211; d\u00e9sormais renomm\u00e9e Orano &#8211; pr\u00e8s de Narbonne o\u00f9 l&rsquo;on traite le <span class='tooltipsall tooltip_post_id_6889 classtoolTips22'>Yellow Cake<\/span> (concentr\u00e9s d&rsquo;uranium brut) provenant de plusieurs pays du monde afin de le transformer en uranium \u00e0 enrichir comme \u201ccarburant\u201d pour les centrales nucl\u00e9aires.\u00a0 Il nous semble important d&rsquo;apporter notre soutien aux ... <a href=\"https:\/\/le-clairon-nouveau.fr\/wordpress\/blog\/\u00e9v\u00e8nement\/rencontres-dete-antinucleaires-internationales-2018-a-narbonne-armissan\/\" class=\"pt-cv-window pt-cv-readmore pt-cv-textlink\" target=\"pt-cv-window\" data-width=\"1200\" data-height=\"600\">Voir l'\u00e9v\u00e9nement<\/a><\/div><\/div><\/div>\n<div class=\"col-md-12 col-sm-12 col-xs-12 pt-cv-content-item pt-cv-1-col\"  data-pid=\"7679\"><div class='pt-cv-ifield'><div class=\"pt-cv-meta-fields\"><span class=\"entry-date\"><span class=\"glyphicon glyphicon-calendar\"><\/span> <time datetime=\"2018-11-20T12:31:39+01:00\">20 novembre 2018<\/time><\/span><span class=\"author\"><span class=\"glyphicon glyphicon-user\"><\/span> <a href=\"https:\/\/le-clairon-nouveau.fr\/wordpress\/blog\/author\/redact\/\" rel=\"author\">La R\u00e9daction du Clairon de l'Atax<\/a><\/span><span class=\"comments-link\"><span class=\"glyphicon glyphicon-comment\"><\/span> <a href=\"https:\/\/le-clairon-nouveau.fr\/wordpress\/blog\/\u00e9v\u00e8nement\/marche-funebre-a-narbonne\/#respond\">Aucun commentaire<span class=\"screen-reader-text\"> sur ORANO &#8211; Marche fun\u00e8bre \u00e0 Narbonne<\/span><\/a><\/span><\/div>\n<h4 class=\"pt-cv-title\"><a href=\"https:\/\/le-clairon-nouveau.fr\/wordpress\/blog\/\u00e9v\u00e8nement\/marche-funebre-a-narbonne\/\" class=\"pt-cv-window\" target=\"pt-cv-window\" data-width=\"1200\" data-height=\"600\">ORANO &#8211; Marche fun\u00e8bre \u00e0 Narbonne<\/a><\/h4>\n<div class=\"pt-cv-content\"> ... <a href=\"https:\/\/le-clairon-nouveau.fr\/wordpress\/blog\/\u00e9v\u00e8nement\/marche-funebre-a-narbonne\/\" class=\"pt-cv-window pt-cv-readmore pt-cv-textlink\" target=\"pt-cv-window\" data-width=\"1200\" data-height=\"600\">Voir l'\u00e9v\u00e9nement<\/a><\/div><\/div><\/div>\n<div class=\"col-md-12 col-sm-12 col-xs-12 pt-cv-content-item pt-cv-1-col\"  data-pid=\"26529\"><div class='pt-cv-ifield'><div class=\"pt-cv-meta-fields\"><span class=\"entry-date\"><span class=\"glyphicon glyphicon-calendar\"><\/span> <time datetime=\"2022-06-14T00:57:49+02:00\">14 juin 2022<\/time><\/span><span class=\"author\"><span class=\"glyphicon glyphicon-user\"><\/span> <a href=\"https:\/\/le-clairon-nouveau.fr\/wordpress\/blog\/author\/redact\/\" rel=\"author\">La R\u00e9daction du Clairon de l'Atax<\/a><\/span><span class=\"comments-link\"><span class=\"glyphicon glyphicon-comment\"><\/span> <a href=\"https:\/\/le-clairon-nouveau.fr\/wordpress\/blog\/\u00e9v\u00e8nement\/perpignan-debat-public-nucleaire-jaune-ou-vert\/#respond\">Aucun commentaire<span class=\"screen-reader-text\"> sur Perpignan, d\u00e9bat public : \u00ab\u00a0Nucl\u00e9aire, jaune ou vert ?\u00a0\u00bb<\/span><\/a><\/span><\/div>\n<h4 class=\"pt-cv-title\"><a href=\"https:\/\/le-clairon-nouveau.fr\/wordpress\/blog\/\u00e9v\u00e8nement\/perpignan-debat-public-nucleaire-jaune-ou-vert\/\" class=\"pt-cv-window\" target=\"pt-cv-window\" data-width=\"1200\" data-height=\"600\">Perpignan, d\u00e9bat public : \u00ab\u00a0Nucl\u00e9aire, jaune ou vert ?\u00a0\u00bb<\/a><\/h4>\n<div class=\"pt-cv-content\">D\u00e9bat public : \u00ab\u00a0Nucl\u00e9aire, jaune ou vert ?\u00a0\u00bb Perpignan (66000) &#8211; Occitanie Mardi 14 juin 2022, \u00e0 partir de 18H15 \u00c0 l&rsquo;arbre \u00e0 vins, 74 avenue Louis Torcatis, Perpignan Un \u00e9v\u00e9nement organis\u00e9 par Alternatiba Perpignan, Greenpeace Narbonne et Sortir du nucl\u00e9aire Aude. Dix ans apr\u00e8s la catastrophe de Fukushima, le gouvernement d\u2019Emmanuel Macron annonce, sans d\u00e9bat d\u00e9mocratique pr\u00e9alable, sa d\u00e9cision de doter la France de quatorze r\u00e9acteurs nucl\u00e9aires de nouvelle g\u00e9n\u00e9ration (EPR2). Or ce choix engage l\u2019avenir \u00e9nerg\u00e9tique de notre pays pour plusieurs d\u00e9cennies et pose de redoutables probl\u00e8mes. Est-ce raisonnable d\u2019accepter le risque de la radioactivit\u00e9 dans le but ... <a href=\"https:\/\/le-clairon-nouveau.fr\/wordpress\/blog\/\u00e9v\u00e8nement\/perpignan-debat-public-nucleaire-jaune-ou-vert\/\" class=\"pt-cv-window pt-cv-readmore pt-cv-textlink\" target=\"pt-cv-window\" data-width=\"1200\" data-height=\"600\">Voir l'\u00e9v\u00e9nement<\/a><\/div><\/div><\/div>\n<div class=\"col-md-12 col-sm-12 col-xs-12 pt-cv-content-item pt-cv-1-col\"  data-pid=\"30064\"><div class='pt-cv-ifield'><div class=\"pt-cv-meta-fields\"><span class=\"entry-date\"><span class=\"glyphicon glyphicon-calendar\"><\/span> <time datetime=\"2024-06-14T21:32:26+02:00\">14 juin 2024<\/time><\/span><span class=\"author\"><span class=\"glyphicon glyphicon-user\"><\/span> <a href=\"https:\/\/le-clairon-nouveau.fr\/wordpress\/blog\/author\/redact\/\" rel=\"author\">La R\u00e9daction du Clairon de l'Atax<\/a><\/span><span class=\"comments-link\"><span class=\"glyphicon glyphicon-comment\"><\/span> <a href=\"https:\/\/le-clairon-nouveau.fr\/wordpress\/blog\/\u00e9v\u00e8nement\/conference-de-presse-de-tcna-col-e-r-e-rubresus-sur-les-projets-polluants-dorano-malvesi\/#respond\">Aucun commentaire<span class=\"screen-reader-text\"> sur Conf\u00e9rence de presse de TCNA, COL.E.R.E &amp; RUBRESUS sur les projets polluants d&rsquo;Orano Malv\u00e9si<\/span><\/a><\/span><\/div>\n<h4 class=\"pt-cv-title\"><a href=\"https:\/\/le-clairon-nouveau.fr\/wordpress\/blog\/\u00e9v\u00e8nement\/conference-de-presse-de-tcna-col-e-r-e-rubresus-sur-les-projets-polluants-dorano-malvesi\/\" class=\"pt-cv-window\" target=\"pt-cv-window\" data-width=\"1200\" data-height=\"600\">Conf\u00e9rence de presse de TCNA, COL.E.R.E &amp; RUBRESUS sur les projets polluants d&rsquo;Orano Malv\u00e9si<\/a><\/h4>\n<div class=\"pt-cv-content\">\u00a0 \u00a0 \u00a0 \u00a0 \u00a0 \u00a0 Conf\u00e9rence de presse commune : TCNA + Rubresus + COL.E.R.E &#8211; 17 Juin- Orano Malv\u00e9si \u00a0 Les associations narbonnaises TCNA, COLERE et Rubresus unissent leurs forces pour continuer leur combat contre les projets polluants de l&rsquo;usine Orano Malv\u00e9si, \u00e0 Narbonne. Dans le cadre de leurs proc\u00e9dures judiciaires communes, elles vous invitent \u00e0 une conf\u00e9rence de presse qui sera donn\u00e9e le le\u00a0lundi 17 Juin, \u00e0 17h30,\u00a0\u00e0 deux pas de la m\u00e9diath\u00e8que, dans les locaux de Loc&rsquo;Halle, 1 bis Quai d&rsquo;Alsace \u00e0 Narbonne.\u00a0Nous aurons \u00e0 cette occasion la possibilit\u00e9 d&rsquo;\u00e9changer avec vous sur les actions pass\u00e9es ... <a href=\"https:\/\/le-clairon-nouveau.fr\/wordpress\/blog\/\u00e9v\u00e8nement\/conference-de-presse-de-tcna-col-e-r-e-rubresus-sur-les-projets-polluants-dorano-malvesi\/\" class=\"pt-cv-window pt-cv-readmore pt-cv-textlink\" target=\"pt-cv-window\" data-width=\"1200\" data-height=\"600\">Voir l'\u00e9v\u00e9nement<\/a><\/div><\/div><\/div><\/div><\/div><\/div>\t\t\t<style type=\"text\/css\" id=\"pt-cv-inline-style-858f04endk\">#pt-cv-view-de7fa2dp1n.pt-cv-post-border { margin: 0; border-top-width: 2px; border-left-width: 2px }\n#pt-cv-view-de7fa2dp1n.pt-cv-post-border { margin: 0; border-top-style: groove; border-left-style: groove }\n#pt-cv-view-de7fa2dp1n.pt-cv-post-border { margin: 0; border-top-color: rgba(158,158,158,0.4); border-left-color: rgba(158,158,158,0.4) }\n#pt-cv-view-de7fa2dp1n.pt-cv-post-border .pt-cv-content-item   { border-right-width: 2px; border-bottom-width: 2px; border-right-style: groove; border-bottom-style: groove; border-right-color: rgba(158,158,158,0.4); border-bottom-color: rgba(158,158,158,0.4); }\n#pt-cv-view-de7fa2dp1n .pt-cv-title a, #pt-cv-view-de7fa2dp1n  .panel-title { font-weight: 600 !important; }\n#pt-cv-view-de7fa2dp1n .pt-cv-content , #pt-cv-view-de7fa2dp1n  .pt-cv-content *:not(.pt-cv-readmore):not(style):not(script) { font-family: 'Source Sans Pro', Arial, serif !important; }\n#pt-cv-view-de7fa2dp1n .pt-cv-meta-fields .glyphicon {font-family: 'Glyphicons Halflings' !important; line-height: 1 !important;}\n#pt-cv-view-de7fa2dp1n .pt-cv-meta-fields * { font-family: 'Source Sans Pro', Arial, serif !important; font-size: 12px !important; line-height: 1.3 !important; font-weight: 600 !important; }\n#pt-cv-view-de7fa2dp1n .pt-cv-readmore  { color: #dd3333 !important; font-weight: 600 !important; }\n#pt-cv-view-de7fa2dp1n .pt-cv-readmore:hover  { color: #ff7a7a !important; font-weight: 600 !important; }\n#pt-cv-view-de7fa2dp1n  + .pt-cv-pagination-wrapper .pt-cv-more , #pt-cv-view-de7fa2dp1n  + .pt-cv-pagination-wrapper .pagination .active a { color: #ffffff !important; background-color: #00aeef !important; }\n#pt-cv-gls-de7fa2dp1n li a   { font-weight: 600 !important; }\n#pt-cv-gls-de7fa2dp1n li a.pt-active   { color: #fff !important; background-color: #ff5a5f !important; }<\/style>\r\n\t\t\t<link href='\/\/fonts.googleapis.com\/css?family=Source+Sans+Pro' rel='stylesheet' type='text\/css'><\/code><\/span>\n\n&nbsp;\t\t\t<\/div>\n\t\t\t\t\t\t\t\t\t\t\t<div class=\"iw-so-tabs-panel\" id=\"tab-1-4-content\">\n\t\t\t\t<p style=\"text-align: center;\"><span style=\"font-size: 18pt;\"><em><strong>Documents \u00e0 consulter \/ t\u00e9l\u00e9charger<\/strong><\/em><\/span><\/p><ul><li><a href=\"https:\/\/fr.wikipedia.org\/wiki\/Usine_Areva_Malv%C3%A9si#Projet_Comurhex_II\" target=\"_blank\" rel=\"noopener\">Fiche Wikipedia, assez compl\u00e8te, sur le site Malvesi<\/a><span style=\"font-size: 10pt;\"><em> (page web)<\/em><\/span><\/li><li><a href=\"http:\/\/www.aude.gouv.fr\/areva-a9115.html\" target=\"_blank\" rel=\"noopener\">Dossier de l'enqu\u00eate publique (site du d\u00e9partement de l'Aude)<\/a><span style=\"font-size: 10pt;\"><em> (page web)<\/em><\/span><br \/> <span style=\"font-size: 10pt;\"><em>Cette page donne acc\u00e8s \u00e0 une quarantaine de documents portant sur le dossier<\/em><\/span><\/li><li><a href=\"https:\/\/le-clairon-nouveau.fr\/wordpress\/wp-content\/uploads\/2017\/06\/11-Rapport-RUBRESUS-AREVA-TDN-VF-31-def.pdf\" target=\"_blank\" rel=\"noopener\">Rapport de l'association RUBRESUS sur le proc\u00e9d\u00e9 THOR\/TDN retenu par AREVA (Octobre 2016)<\/a> <span style=\"font-size: 10pt;\"><em>(document PDF)<\/em><\/span><\/li><li><a href=\"https:\/\/le-clairon-nouveau.fr\/wordpress\/wp-content\/uploads\/2017\/07\/12-Voies-alternatives-Rubresus-ed-31-def.pdf\" target=\"_blank\" rel=\"noopener\">Rapport de l'association RUBRESUS sur les voies alternatives au proc\u00e9d\u00e9 THOR \/ TDN<\/a><span style=\"font-size: 10pt;\"> <em>(document PDF)<\/em><\/span><\/li><li><a href=\"https:\/\/eclairagespublics.wordpress.com\/2017\/01\/01\/areva-malvesi-depollution-des-effluents-quel-risque\/\" target=\"_blank\" rel=\"noopener\">Analyse de la probl\u00e9matique Malv\u00e9si, sur le blog \"Eclairages Publics\" <\/a><span style=\"font-size: 10pt;\"><em> (page web)<\/em><\/span><\/li><li><a href=\"https:\/\/le-clairon-nouveau.fr\/wordpress\/wp-content\/uploads\/2017\/07\/14-motion-CR-Occitanie.pdf\" target=\"_blank\" rel=\"noopener\">V\u0153u du Conseil R\u00e9gional d'Occitanie pour suspension et examen des solution alternatives (30 juin 2017)<\/a><span style=\"font-size: 10pt;\"> <em>(document PDF)<\/em><\/span><\/li><\/ul><p>\u00a0<\/p><p style=\"text-align: center;\"><span style=\"font-size: 18pt;\"><em><strong>Vid\u00e9os<\/strong><\/em><\/span><\/p><p>\u00a0<\/p><table style=\"border-style: none;\"><caption><span style=\"font-size: 14pt;\"><em><strong>Conf\u00e9rence \"De la Mine aux D\u00e9chets\", de Bruno Chareyron (<span class='tooltipsall tooltip_post_id_7025 classtoolTips55'>CRIIRAD<\/span>)<\/strong><\/em><\/span><\/caption><tbody><tr><td style=\"border-style: none;\"><iframe loading=\"lazy\" src=\"https:\/\/www.youtube.com\/embed\/ArHxQcm9K4o?list=PLyBb0k_3HUbF6UPV3km3XX9XhIbBEsUZU\" width=\"300\" height=\"150\" frameborder=\"0\" allowfullscreen=\"allowfullscreen\"><\/iframe><\/td><td style=\"border-style: none;\"><iframe loading=\"lazy\" src=\"https:\/\/www.youtube.com\/embed\/Sb-HAyVC7Ow?list=PLyBb0k_3HUbF6UPV3km3XX9XhIbBEsUZU\" width=\"300\" height=\"150\" frameborder=\"0\" allowfullscreen=\"allowfullscreen\"><\/iframe><\/td><td style=\"border-style: none;\"><iframe loading=\"lazy\" src=\"https:\/\/www.youtube.com\/embed\/4qR12jaD_b8?list=PLyBb0k_3HUbF6UPV3km3XX9XhIbBEsUZU\" width=\"300\" height=\"150\" frameborder=\"0\" allowfullscreen=\"allowfullscreen\"><\/iframe><\/td><\/tr><tr><td style=\"border-style: none;\"><center><span style=\"font-size: 10pt;\"><em>1\/5 - Pr\u00e9sentation<\/em><\/span><\/center><\/td><td style=\"border-style: none;\"><center><span style=\"font-size: 10pt;\"><em>2\/5 - La Mati\u00e8re Premi\u00e8re<\/em><\/span><\/center><\/td><td style=\"border-style: none;\"><center><span style=\"font-size: 10pt;\"><em>3\/5 - Impact du transport des mati\u00e8res radioactives<\/em><\/span><\/center><\/td><\/tr><tr><td style=\"border-style: none;\"><iframe loading=\"lazy\" src=\"https:\/\/www.youtube.com\/embed\/OvkOkvb-wqw?list=PLyBb0k_3HUbF6UPV3km3XX9XhIbBEsUZU\" width=\"300\" height=\"150\" frameborder=\"0\" allowfullscreen=\"allowfullscreen\"><\/iframe><\/td><td style=\"border-style: none;\"><iframe loading=\"lazy\" src=\"https:\/\/www.youtube.com\/embed\/Ogi1pJ82XAY?list=PLyBb0k_3HUbF6UPV3km3XX9XhIbBEsUZU\" width=\"300\" height=\"150\" frameborder=\"0\" allowfullscreen=\"allowfullscreen\"><\/iframe><\/td><\/tr><tr><td style=\"border-style: none;\"><center><span style=\"font-size: 10pt;\"><em>4\/5 - Les d\u00e9chets radioactifs produits par l'usine<\/em><\/span><\/center><\/td><td style=\"border-style: none;\"><center><span style=\"font-size: 10pt;\"><em>5\/5 - Risques chimiques - Risque li\u00e9s aux rejets<\/em><\/span><\/center><\/td><\/tr><\/tbody><\/table><p>\u00a0<\/p><table style=\"border-style: none;\"><caption><span style=\"font-size: 14pt;\"><em><strong>Pr\u00e9sentation COVIDEM - M\u00e9diath\u00e8que de Narbonne, le 16 f\u00e9vrier 2017<\/strong><\/em><\/span><\/caption><tbody><tr><td style=\"border-style: none; text-align: center; vertical-align: middle;\"><iframe loading=\"lazy\" src=\"https:\/\/www.youtube.com\/embed\/m8PdvRmo96I\" width=\"300\" height=\"150\" frameborder=\"0\" allowfullscreen=\"allowfullscreen\"><\/iframe><\/td><td style=\"border-style: none; text-align: center; vertical-align: middle;\"><iframe loading=\"lazy\" src=\"https:\/\/www.youtube.com\/embed\/0CGdMBK1Bck\" width=\"300\" height=\"150\" frameborder=\"0\" allowfullscreen=\"allowfullscreen\"><\/iframe><\/td><td style=\"border-style: none; text-align: center; vertical-align: middle;\"><iframe loading=\"lazy\" src=\"https:\/\/www.youtube.com\/embed\/MnvblnrgB14\" width=\"300\" height=\"150\" frameborder=\"0\" allowfullscreen=\"allowfullscreen\"><\/iframe><\/td><\/tr><tr><td style=\"border-style: none;\"><center><span style=\"font-size: 10pt;\"><em>1\/3 - Introduction COVIDEM<\/em><\/span><\/center><\/td><td style=\"border-style: none;\"><center><span style=\"font-size: 10pt;\"><em>2\/3 - M. Andr\u00e9 Bories - Impacts environnementaux<\/em><\/span><\/center><\/td><td style=\"border-style: none;\"><center><span style=\"font-size: 10pt;\"><em>3\/3 - Dr Mariette Gerber - Impacts sanitaires<\/em><\/span><\/center><\/td><\/tr><\/tbody><\/table><p>\u00a0<\/p><table style=\"border-style: none;\"><caption><em><strong><span style=\"font-size: 14pt;\">Conseil Municipal extraordinaire - Mairie de Narbonne, le 6 avril 2017<\/span><br \/> <\/strong>Les \u00e9lus de la ville de Narbonne, sensibilis\u00e9s par la d\u00e9marche et les analyses de RUBRESUS, ainsi que par les mobilisations citoyennes, ont invit\u00e9 toutes les parties \u00e0 venir d\u00e9battre devant le conseil municipal. La soci\u00e9t\u00e9 AREVA \u00e9tait la seule absente, ayant d\u00e9clin\u00e9 l'invitation \"par respect des r\u00e8gles de la proc\u00e9dure en cours\".<strong><br \/> <\/strong><\/em><\/caption><tbody><tr><td style=\"border-style: none; text-align: center; vertical-align: middle;\"><iframe loading=\"lazy\" src=\"\/\/www.dailymotion.com\/embed\/video\/x5iejs0\" width=\"300\" height=\"150\" frameborder=\"0\" allowfullscreen=\"allowfullscreen\"><\/iframe><\/td><td style=\"border-style: none; text-align: center; vertical-align: middle;\"><iframe loading=\"lazy\" src=\"\/\/www.dailymotion.com\/embed\/video\/x5ieze9\" width=\"300\" height=\"150\" frameborder=\"0\" allowfullscreen=\"allowfullscreen\"><\/iframe><\/td><td style=\"border-style: none; text-align: center; vertical-align: middle;\"><iframe loading=\"lazy\" src=\"\/\/www.dailymotion.com\/embed\/video\/x5iezeb\" width=\"300\" height=\"150\" frameborder=\"0\" allowfullscreen=\"allowfullscreen\"><\/iframe><\/td><\/tr><tr><td style=\"border-style: none;\"><center><span style=\"font-size: 10pt;\"><em>1\/6 - M. Didier Mouly, maire de Narbonne<\/em><\/span><\/center><\/td><td style=\"border-style: none;\"><center><span style=\"font-size: 10pt;\"><em>2\/6 - M. Andr\u00e9 Bories, pr\u00e9sident de RUBRESUS<br \/> <\/em><\/span><\/center><\/td><td style=\"border-style: none;\"><center><span style=\"font-size: 10pt;\"><em>3\/6 - M. Yves Lenoir, asso. \"Enfants de Tchernobyl\"<br \/> <\/em><\/span><\/center><\/td><\/tr><tr><td style=\"border-style: none; text-align: center; vertical-align: middle;\"><iframe loading=\"lazy\" src=\"\/\/www.dailymotion.com\/embed\/video\/x5ieze8\" width=\"300\" height=\"150\" frameborder=\"0\" allowfullscreen=\"allowfullscreen\"><\/iframe><\/td><td style=\"border-style: none; text-align: center; vertical-align: middle;\"><iframe loading=\"lazy\" src=\"\/\/www.dailymotion.com\/embed\/video\/x5iezea\" width=\"300\" height=\"150\" frameborder=\"0\" allowfullscreen=\"allowfullscreen\"><\/iframe><\/td><td style=\"border-style: none; text-align: center; vertical-align: middle;\"><iframe loading=\"lazy\" src=\"\/\/www.dailymotion.com\/embed\/video\/x5ig7xw\" width=\"300\" height=\"150\" frameborder=\"0\" allowfullscreen=\"allowfullscreen\"><\/iframe><\/td><\/tr><tr><td style=\"border-style: none;\"><center><span style=\"font-size: 10pt;\"><em>4\/6 - Mme Maryse Arditi (association <span class='tooltipsall tooltip_post_id_19173 classtoolTips96'>ECCLA<\/span>)<\/em><\/span><\/center><\/td><td style=\"border-style: none;\"><center><span style=\"font-size: 10pt;\"><em>5\/6 - Dr Mariette GERBER (<span class='tooltipsall tooltip_post_id_6878 classtoolTips70'>INSERM<\/span>)<\/em><\/span><\/center><\/td><td style=\"border-style: none;\"><center><span style=\"font-size: 10pt;\"><em>6\/6 - Questions des \u00e9lus<\/em><\/span><\/center><\/td><\/tr><\/tbody><\/table><p>\u00a0<\/p><table style=\"border-style: none;\"><caption><em><span style=\"font-size: 14pt;\"><strong>AREVA, champion du respect des normes et de la sant\u00e9 ? La publicit\u00e9 aura toujours du mal \u00e0 r\u00e9sister aux faits...<\/strong><\/span><br \/> Entre la pr\u00e9sentation flatteuse, par AREVA, de son projet COMHUREX II et le dernier t\u00e9moignage qui affirme que le personnel d'AREVA consid\u00e8re l'usine de Malv\u00e9si comme une poubelle, savourez le test de la CRIIRAD qui d\u00e9tecte un rayonnement gamma 20 fois sup\u00e9rieur au maximum admissible, aux abords de l'usine, sur des voies ouvertes au public.<\/em><\/caption><tbody><tr><td style=\"border-style: none; text-align: center; vertical-align: middle;\"><iframe loading=\"lazy\" src=\"https:\/\/www.youtube.com\/embed\/_iPkMpNub7A\" width=\"300\" height=\"150\" frameborder=\"0\" allowfullscreen=\"allowfullscreen\"><\/iframe><\/td><td style=\"border-style: none; text-align: center; vertical-align: middle;\"><iframe loading=\"lazy\" src=\"https:\/\/www.youtube.com\/embed\/-irj9IIksrs\" width=\"300\" height=\"150\" frameborder=\"0\" allowfullscreen=\"allowfullscreen\"><\/iframe><\/td><td style=\"border-style: none; text-align: center; vertical-align: middle;\"><iframe loading=\"lazy\" src=\"https:\/\/www.youtube.com\/embed\/rw-_M8nJcTc\" width=\"300\" height=\"150\" frameborder=\"0\" allowfullscreen=\"allowfullscreen\"><\/iframe><\/td><td style=\"border-style: none; text-align: center; vertical-align: middle;\"><iframe loading=\"lazy\" src=\"https:\/\/www.youtube.com\/embed\/Aj9z8Atf7bI\" width=\"300\" height=\"150\" frameborder=\"0\" allowfullscreen=\"allowfullscreen\"><\/iframe><\/td><\/tr><tr><td style=\"border-style: none;\"><center><span style=\"font-size: 10pt;\"><em>1\/4 - Pr\u00e9sentation AREVA<br \/> du projet COMHUREX II<\/em><\/span><\/center><\/td><td style=\"border-style: none;\"><center><span style=\"font-size: 10pt;\"><em>2\/4 - Rayonnement gamma aux abords de<br \/> l'usine de Malv\u00e9si (CRIIRAD)<\/em><\/span><\/center><\/td><td style=\"border-style: none;\" colspan=\"2\"><center><span style=\"font-size: 10pt;\"><em>3 et 4\/4 - T\u00e9moignages de deux anciens sous-traitants d'AREVA sur le site de Malv\u00e9si, atteints de maladie et victimes de man\u0153uvres dilatoires par AREVA <\/em><\/span><\/center><\/td><\/tr><\/tbody><\/table><p>\u00a0<\/p>\t\t\t<\/div>\n\t\t\t\t\t\t\t\t\t\t\t<div class=\"iw-so-tabs-panel\" id=\"tab-1-5-content\">\n\t\t\t\t<table><colgroup> <col style=\"width: 30%;\" span=\"1\" \/> <col style=\"width: 70%;\" span=\"1\" \/> <\/colgroup>\n<tbody>\n<tr>\n<td><a href=\"http:\/\/www.rubresus.org\/\" target=\"_blank\" rel=\"noopener\">Association RUBRESUS<\/a>\n<span style=\"font-size: 10pt;\"><em>(site internet)<\/em><\/span><\/td>\n<td>Association de protection et sauvegarde de l\u2019environnement des Basses Plaines de l\u2019Aude.\nElle est \u00e0 l'origine des expertises men\u00e9es sur le dossier AREVA Malvesi.\nSur son site, vous pourrez retrouver de nombreux articles ayant trait au dossier AREVA Malvesi.<\/td>\n<\/tr>\n<tr>\n<td><a href=\"https:\/\/fr-fr.facebook.com\/covidem\/\" target=\"_blank\" rel=\"noopener\">Collectif COVIDEM<\/a>\n<em><span style=\"font-size: 10pt;\">(page Facebook)<\/span><\/em><\/td>\n<td>COmit\u00e9 de VIgilance des DEchets de Malvesi, cr\u00e9\u00e9 au d\u00e9but de l'ann\u00e9e 2017.\nCourriel: covidem@gmx.fr<\/td>\n<\/tr>\n<tr>\n<td><a href=\"http:\/\/www.eccla-asso.fr\/\" target=\"_blank\" rel=\"noopener\">Association ECCLA<\/a>\n<span style=\"font-size: 10pt;\"><em>(site internet)<\/em><\/span><\/td>\n<td>\u00c9cologie du Carcassonnais, des Corbi\u00e8res et du Littoral Audois\n\nContrairement \u00e0 RUBRESUS et au COVIDEM, cette association, pr\u00e9sid\u00e9e par Mme Maryse Arditi, ne s'oppose pas au projet THOR\/TDN, m\u00eame si elle \u00e9met quelques r\u00e9serves.<\/td>\n<\/tr>\n<tr>\n<td><a href=\"http:\/\/www.sortirdunucleaire.org\/Areva-Malvesi-non-au-projet-d-incinerateur-des\" target=\"_blank\" rel=\"noopener\">R\u00e9seau \"Sortir du Nucl\u00e9aire\"<\/a>\n<span style=\"font-size: 10pt;\"><em>(page Malvesi)<\/em><\/span><\/td>\n<td>Le R\u00e9seau \"Sortir du nucl\u00e9aire\", r\u00e9seau citoyen antinucl\u00e9aire, agit depuis 1997 contre l\u2019industrie nucl\u00e9aire, pour la d\u00e9fense de l\u2019environnement.\n\nFort de plus de 900 groupes, il travaille quotidiennement \u00e0 cr\u00e9er en France un v\u00e9ritable rapport de force citoyen, pacifique et d\u00e9termin\u00e9, face \u00e0 un puissant lobby nucl\u00e9aire.\n\nLa page consacr\u00e9e au dossier Malv\u00e9si contient de nombreux articles.<\/td>\n<\/tr>\n<\/tbody>\n<\/table>\n&nbsp;\t\t\t<\/div>\n\t\t\t\t\t\t\t\t\n\t<\/div>\n\n<\/div>\n<\/div><\/div><\/div><\/div><\/div><script type=\"text\/javascript\"> var tt_store_content = \"\\<p style\\='text\\-align\\: center;'\\>\\<span style\\='font\\-size\\: 14pt;'\\>\\<strong\\>T\\<\\\/strong\\>raitement\\<strong\\> D\\<\\\/strong\\>es\\<strong\\> N\\<\\\/strong\\>itrates\\<strong\\> \\(TDN\\)<br\/>TH\\<\\\/strong\\>ermal\\<strong\\> O\\<\\\/strong\\>rganic\\<strong\\> R\\<\\\/strong\\>eduction\\<strong\\> \\(THOR\\)\\<\\\/strong\\>\\<\\\/span\\>\\<\\\/p\\><br\/>\\<p style\\='text\\-align\\: justify;'\\>Proc\u00e9d\u00e9 envisag\u00e9 par la soci\u00e9t\u00e9 AREVA pour retraiter les d\u00e9chets nitrat\u00e9s et radio\\-actifs issus de son activit\u00e9 d'enrichissement de l'uranium, phase I de la pr\u00e9paration du combustible des centrales nucl\u00e9aires\\.\\<\\\/p\\><br\/>\\<p style\\='text\\-align\\: justify;'\\>Cette activit\u00e9 est mise en \u0153uvre dans l'usine de Malv\u00e9si \u00e0 quelques kilom\u00e8tres de Narbonne\\.\\<\\\/p\\><br\/>\\<p style\\='text\\-align\\: justify;'\\>Ce proc\u00e9d\u00e9, potentiellement tr\u00e8s toxique pour la sant\u00e9 et l'environnement, est au centre d'une vive opposition de la part des riverains et \u00e0 laquelle le Clairon s'associe \\(\\<a href\\='https\\:\\\/\\\/le\\-clairon\\-nouveau\\.fr\\\/wordpress\\\/dossiers\\\/dossier\\-malvesi\\-areva\\\/' target\\='_blank' rel\\='noopener'\\>voir notre dossier\\<\\\/a\\> sur le sujet\\)\\.\\<\\\/p\\>\"; toolTips('.classtoolTips37',tt_store_content,'3610'); <\/script><script type=\"text\/javascript\"> var tt_store_content = \"\\<p style\\='text\\-align\\: center;'\\>\\<span style\\='font\\-size\\: 14pt;'\\>\\<strong\\>T\\<\\\/strong\\>raitement\\<strong\\> D\\<\\\/strong\\>es\\<strong\\> N\\<\\\/strong\\>itrates\\<strong\\> \\(TDN\\)<br\/>TH\\<\\\/strong\\>ermal\\<strong\\> O\\<\\\/strong\\>rganic\\<strong\\> R\\<\\\/strong\\>eduction\\<strong\\> \\(THOR\\)\\<\\\/strong\\>\\<\\\/span\\>\\<\\\/p\\><br\/>\\<p style\\='text\\-align\\: justify;'\\>Proc\u00e9d\u00e9 envisag\u00e9 par la soci\u00e9t\u00e9 AREVA pour retraiter les d\u00e9chets nitrat\u00e9s et radio\\-actifs issus de son activit\u00e9 d'enrichissement de l'uranium, phase I de la pr\u00e9paration du combustible des centrales nucl\u00e9aires\\.\\<\\\/p\\><br\/>\\<p style\\='text\\-align\\: justify;'\\>Cette activit\u00e9 est mise en \u0153uvre dans l'usine de Malv\u00e9si \u00e0 quelques kilom\u00e8tres de Narbonne\\.\\<\\\/p\\><br\/>\\<p style\\='text\\-align\\: justify;'\\>Ce proc\u00e9d\u00e9, potentiellement tr\u00e8s toxique pour la sant\u00e9 et l'environnement, est au centre d'une vive opposition de la part des riverains et \u00e0 laquelle le Clairon s'associe \\(\\<a href\\='https\\:\\\/\\\/le\\-clairon\\-nouveau\\.fr\\\/wordpress\\\/dossiers\\\/dossier\\-malvesi\\-areva\\\/' target\\='_blank' rel\\='noopener'\\>voir notre dossier\\<\\\/a\\> sur le sujet\\)\\.\\<\\\/p\\>\"; toolTips('.classtoolTips37',tt_store_content,'3610'); <\/script><script type=\"text\/javascript\"> var tt_store_content = \"\\<p style\\='text\\-align\\: center;'\\>\\<span style\\='font\\-size\\: 14pt;'\\>\\<strong\\>T\\<\\\/strong\\>raitement\\<strong\\> D\\<\\\/strong\\>es\\<strong\\> N\\<\\\/strong\\>itrates\\<strong\\> \\(TDN\\)<br\/>TH\\<\\\/strong\\>ermal\\<strong\\> O\\<\\\/strong\\>rganic\\<strong\\> R\\<\\\/strong\\>eduction\\<strong\\> \\(THOR\\)\\<\\\/strong\\>\\<\\\/span\\>\\<\\\/p\\><br\/>\\<p style\\='text\\-align\\: justify;'\\>Proc\u00e9d\u00e9 envisag\u00e9 par la soci\u00e9t\u00e9 AREVA pour retraiter les d\u00e9chets nitrat\u00e9s et radio\\-actifs issus de son activit\u00e9 d'enrichissement de l'uranium, phase I de la pr\u00e9paration du combustible des centrales nucl\u00e9aires\\.\\<\\\/p\\><br\/>\\<p style\\='text\\-align\\: justify;'\\>Cette activit\u00e9 est mise en \u0153uvre dans l'usine de Malv\u00e9si \u00e0 quelques kilom\u00e8tres de Narbonne\\.\\<\\\/p\\><br\/>\\<p style\\='text\\-align\\: justify;'\\>Ce proc\u00e9d\u00e9, potentiellement tr\u00e8s toxique pour la sant\u00e9 et l'environnement, est au centre d'une vive opposition de la part des riverains et \u00e0 laquelle le Clairon s'associe \\(\\<a href\\='https\\:\\\/\\\/le\\-clairon\\-nouveau\\.fr\\\/wordpress\\\/dossiers\\\/dossier\\-malvesi\\-areva\\\/' target\\='_blank' rel\\='noopener'\\>voir notre dossier\\<\\\/a\\> sur le sujet\\)\\.\\<\\\/p\\>\"; toolTips('.classtoolTips37',tt_store_content,'3610'); <\/script><script type=\"text\/javascript\"> var tt_store_content = \"\\<p\\>Association de protection et sauvegarde de l\u2019environnement des Basses Plaines de l\u2019Aude\\<\\\/p\\>\"; toolTips('.classtoolTips44',tt_store_content,'7255'); <\/script><script type=\"text\/javascript\"> var tt_store_content = \"\\<p\\>Association de protection et sauvegarde de l\u2019environnement des Basses Plaines de l\u2019Aude\\<\\\/p\\>\"; toolTips('.classtoolTips44',tt_store_content,'7255'); <\/script><script type=\"text\/javascript\"> var tt_store_content = \"\\<p\\>Association de protection et sauvegarde de l\u2019environnement des Basses Plaines de l\u2019Aude\\<\\\/p\\>\"; toolTips('.classtoolTips44',tt_store_content,'7255'); <\/script><script type=\"text\/javascript\"> var tt_store_content = \"Collectif de vigilance des d\u00e9chets de Malv\u00e9si\"; toolTips('.classtoolTips52',tt_store_content,'7256'); <\/script><script type=\"text\/javascript\"> var tt_store_content = \"Collectif de vigilance des d\u00e9chets de Malv\u00e9si\"; toolTips('.classtoolTips52',tt_store_content,'7256'); <\/script><script type=\"text\/javascript\"> var tt_store_content = \"\\<p style\\='text\\-align\\: justify'\\>La \\<strong\\>C\\<\\\/strong\\>ommission de \\<strong\\>R\\<\\\/strong\\>echerche et d'\\<strong\\>I\\<\\\/strong\\>nformations \\<strong\\>I\\<\\\/strong\\>nd\u00e9pendantes sur la \\<strong\\>Rad\\<\\\/strong\\>ioactivit\u00e9 est une association fran\u00e7aise 'loi 1901'\\. Elle emploie une \u00e9quipe d'une douzaine de scientifiques\u00a0 et dispose d'un laboratoire d'analyse agr\u00e9e par le minist\u00e8re de la sant\u00e9 dans le cadre de la protection de l'environnement\\. Son domaine d'intervention est le d\u00e9pistage et \u00e0 l'identification des pollutions radioactives en France comme \u00e0 l'\u00e9tranger\\. Elle se finance par les cotisations de ses membres et la r\u00e9mun\u00e9ration de ses nombreux travaux \\(plus d'un millier depuis sa cr\u00e9ation\\)\\.\\<\\\/p\\>\"; toolTips('.classtoolTips55',tt_store_content,'7025'); <\/script><script type=\"text\/javascript\"> var tt_store_content = \"\\<p style\\='text\\-align\\: justify'\\>La \\<strong\\>C\\<\\\/strong\\>ommission de \\<strong\\>R\\<\\\/strong\\>echerche et d'\\<strong\\>I\\<\\\/strong\\>nformations \\<strong\\>I\\<\\\/strong\\>nd\u00e9pendantes sur la \\<strong\\>Rad\\<\\\/strong\\>ioactivit\u00e9 est une association fran\u00e7aise 'loi 1901'\\. Elle emploie une \u00e9quipe d'une douzaine de scientifiques\u00a0 et dispose d'un laboratoire d'analyse agr\u00e9e par le minist\u00e8re de la sant\u00e9 dans le cadre de la protection de l'environnement\\. Son domaine d'intervention est le d\u00e9pistage et \u00e0 l'identification des pollutions radioactives en France comme \u00e0 l'\u00e9tranger\\. Elle se finance par les cotisations de ses membres et la r\u00e9mun\u00e9ration de ses nombreux travaux \\(plus d'un millier depuis sa cr\u00e9ation\\)\\.\\<\\\/p\\>\"; toolTips('.classtoolTips55',tt_store_content,'7025'); <\/script><script type=\"text\/javascript\"> var tt_store_content = \"\\<p\\>Seveso \\: suite \u00e0 une directive europ\u00e9enne qui impose \u00e0 ses \u00e9tats membres d'identifier les sites industriels pr\u00e9sentant des risque majeurs sous la d\u00e9nomination 'sites seveso', les \u00e9tablissements industriels civils sont class\u00e9s selon leurs risques d'al\u00e9as 'seveso bas' , 'seveso moyen' et 'seveso haut'\\. Cette directive ne concerne pas les rayons ionisants\\.\\<\\\/p\\>\"; toolTips('.classtoolTips59',tt_store_content,'19989'); <\/script><script type=\"text\/javascript\"> var tt_store_content = \"\\<p\\>Seveso \\: suite \u00e0 une directive europ\u00e9enne qui impose \u00e0 ses \u00e9tats membres d'identifier les sites industriels pr\u00e9sentant des risque majeurs sous la d\u00e9nomination 'sites seveso', les \u00e9tablissements industriels civils sont class\u00e9s selon leurs risques d'al\u00e9as 'seveso bas' , 'seveso moyen' et 'seveso haut'\\. Cette directive ne concerne pas les rayons ionisants\\.\\<\\\/p\\>\"; toolTips('.classtoolTips59',tt_store_content,'19989'); <\/script><script type=\"text\/javascript\"> var tt_store_content = \"\\<p style\\='text\\-align\\: center'\\>\\<span style\\='font\\-size\\: 14pt'\\>\\<strong\\>I\\<\\\/strong\\>nstitut National de la \\<strong\\>S\\<\\\/strong\\>ant\u00e9 et de la \\<strong\\>R\\<\\\/strong\\>echerche M\u00e9dicale\\<\\\/span\\>\\<\\\/p\\>\"; toolTips('.classtoolTips70',tt_store_content,'6878'); <\/script><script type=\"text\/javascript\"> var tt_store_content = \"\\<p style\\='text\\-align\\: center'\\>\\<span style\\='font\\-size\\: 14pt'\\>\\<strong\\>I\\<\\\/strong\\>nstitut National de la \\<strong\\>S\\<\\\/strong\\>ant\u00e9 et de la \\<strong\\>R\\<\\\/strong\\>echerche M\u00e9dicale\\<\\\/span\\>\\<\\\/p\\>\"; toolTips('.classtoolTips70',tt_store_content,'6878'); <\/script><script type=\"text\/javascript\"> var tt_store_content = \"\\<p style\\='text\\-align\\: center'\\>\\<span style\\='font\\-size\\: 14pt'\\>\\<strong\\>I\\<\\\/strong\\>nstitut National de la \\<strong\\>S\\<\\\/strong\\>ant\u00e9 et de la \\<strong\\>R\\<\\\/strong\\>echerche M\u00e9dicale\\<\\\/span\\>\\<\\\/p\\>\"; toolTips('.classtoolTips70',tt_store_content,'6878'); <\/script><script type=\"text\/javascript\"> var tt_store_content = \"\\<p\\>Ecologie du Carcassonnais, des Corbi\u00e8res et du Littoral Audois\\<\\\/p\\>\"; toolTips('.classtoolTips96',tt_store_content,'19173'); <\/script><script type=\"text\/javascript\"> var tt_store_content = \"\\<p\\><span class='tooltipsall tooltip_post_id_19394 classtoolTips134'>SAGE<\/span> \\= \\<span class\\='st'\\> sch\u00e9ma d'am\u00e9nagement et de gestion de l'eau\\<\\\/span\\> , c'est un outil de planification qui concerne l'ensemble des eaux situ\u00e9es dans un bassin versant\\<\\\/p\\>\"; toolTips('.classtoolTips134',tt_store_content,'19394'); <\/script><script type=\"text\/javascript\"> var tt_store_content = \"\\<p style\\='text\\-align\\: center;'\\>\\<strong\\>\\<span style\\='font\\-size\\: 14pt;'\\>S\\<\\\/span\\>\\<\\\/strong\\>\\<span style\\='font\\-size\\: 14pt;'\\>oci\u00e9t\u00e9 d'\\<strong\\>\u00c9\\<\\\/strong\\>conomie \\<strong\\>M\\<\\\/strong\\>ixte\\<\\\/span\\>\\<\\\/p\\><br\/>\\<p style\\='text\\-align\\: justify;'\\>En France, une soci\u00e9t\u00e9 d'\u00e9conomie mixte est une soci\u00e9t\u00e9 anonyme dont le capital est majoritairement d\u00e9tenu par une ou plusieurs personnes publiques \\(\u00e0 savoir l'\u00c9tat, une Collectivit\u00e9 territoriale, ou tout autre \u00c9tablissement public\\)\\. Cette participation majoritaire publique est plafonn\u00e9e \u00e0 85&nbsp;% du capital depuis la Loi du 2 janvier 2002\\. Au moins une personne priv\u00e9e doit participer au capital de la <span class='tooltipsall tooltip_post_id_7168 classtoolTips142'>SEM<\/span>, sachant qu'il peut s'agir d'une autre SEM\\.\\<\\\/p\\><br\/>\\<p style\\='text\\-align\\: justify;'\\>\\<strong\\>Le recours \u00e0 la SEM garantit\\<\\\/strong\\> \u00e0 la collectivit\u00e9 publique actionnaire et cocontractante \\<strong\\>la prise en compte effective de l'int\u00e9r\u00eat g\u00e9n\u00e9ral\\<\\\/strong\\> dans les objectifs de l'entreprise \\<strong\\>et la souplesse de la soci\u00e9t\u00e9 de droit priv\u00e9\\<\\\/strong\\>\\.\\<\\\/p\\><br\/>\\<em\\>\\<a href\\='https\\:\\\/\\\/fr\\.wikipedia\\.org\\\/wiki\\\/Soci%C3%A9t%C3%A9_d%27%C3%A9conomie_mixte' target\\='_blank' rel\\='noopener'\\>Voir ici la page Wikipedia consacr\u00e9e aux SEM\\<\\\/a\\> \\<\\\/em\\><br\/><br\/>&nbsp;\"; toolTips('.classtoolTips142',tt_store_content,'7168'); <\/script><script type=\"text\/javascript\"> var tt_store_content = \"\\<p style\\='text\\-align\\: center;'\\>\\<span style\\='font\\-size\\: 14pt;'\\>\\<strong\\>I\\<\\\/strong\\>mp\u00f4t sur la \\<strong\\>F\\<\\\/strong\\>ortune \\<strong\\>I\\<\\\/strong\\>mmobili\u00e8re\\<\\\/span\\>\\<\\\/p\\>\"; toolTips('.classtoolTips148',tt_store_content,'5643'); <\/script><script type=\"text\/javascript\"> var tt_store_content = \"\\<p style\\='text\\-align\\: center;'\\>\\<span style\\='font\\-size\\: 14pt;'\\>\\<strong\\>R\\<\\\/strong\\>evenu de \\<strong\\>S\\<\\\/strong\\>olidarit\u00e9 \\<strong\\>A\\<\\\/strong\\>ctive\\<\\\/span\\>\\<\\\/p\\><br\/>\\<p style\\='text\\-align\\: justify;'\\>Le revenu de solidarit\u00e9 active est une prestation sociale fran\u00e7aise, g\u00e9r\u00e9e par les conseils d\u00e9partementaux, vers\u00e9e par les <span class='tooltipsall tooltip_post_id_5652 classtoolTips155'>CAF<\/span> et les MSA et destin\u00e9e \u00e0 garantir \u00e0 ses b\u00e9n\u00e9ficiaires, qu'ils aient ou non la capacit\u00e9 de travailler, un revenu minimum, avec en contrepartie une obligation de chercher un emploi ou de d\u00e9finir et suivre un projet professionnel visant \u00e0 am\u00e9liorer sa situation financi\u00e8re\\.\\<\\\/p\\><br\/>\\<p style\\='text\\-align\\: justify;'\\>Cette prestation sociale a \u00e9t\u00e9 mise en place en 2009, en remplacement du RMI \\(revenu minimum d'insertion\\), mis en place en 1988\\.\\<\\\/p\\><br\/>\\<p style\\='text\\-align\\: justify;'\\>En 2016, 2,5 millions de personnes \u00e9taient b\u00e9n\u00e9ficiaires du <span class='tooltipsall tooltip_post_id_5651 classtoolTips154'>RSA<\/span>\\.\\<\\\/p\\><br\/>\\<em\\>\\<a href\\='https\\:\\\/\\\/fr\\.wikipedia\\.org\\\/wiki\\\/Revenu_de_solidarit%C3%A9_active' target\\='_blank' rel\\='noopener'\\>Acc\u00e9der ici \u00e0 la fiche Wikipedia traitant du RSA\\<\\\/a\\><br\/>\\<a href\\='https\\:\\\/\\\/www\\.insee\\.fr\\\/fr\\\/metadonnees\\\/definition\\\/c1718' target\\='_blank' rel\\='noopener'\\>Acc\u00e9der ici \u00e0 la d\u00e9finition du RSA fournie par l'<span class='tooltipsall tooltip_post_id_6978 classtoolTips82'>INSEE<\/span>\\<\\\/a\\>\\<\\\/em\\>\"; toolTips('.classtoolTips154',tt_store_content,'5651'); <\/script><script type=\"text\/javascript\"> var tt_store_content = \"\\<p style\\='text\\-align\\: center;'\\>\\<span style\\='font\\-size\\: 14pt;'\\>\\<strong\\>R\\<\\\/strong\\>\u00e9pertoire \\<strong\\>N\\<\\\/strong\\>ational des \\<strong\\>A\\<\\\/strong\\>ssociations\\<\\\/span\\>\\<\\\/p\\>\"; toolTips('.classtoolTips159',tt_store_content,'24374'); <\/script><script type=\"text\/javascript\"> var tt_store_content = \"\\<p style\\='text\\-align\\: center;'\\>\\<strong\\>\\<span style\\='font\\-size\\: 14pt;'\\>G\\<\\\/span\\>\\<\\\/strong\\>\\<span style\\='font\\-size\\: 14pt;'\\>az \u00e0 \\<strong\\>E\\<\\\/strong\\>ffet de \\<strong\\>S\\<\\\/strong\\>erre\\<\\\/span\\>\\<\\\/p\\><br\/>\\<p style\\='text\\-align\\: justify;'\\>Les gaz \u00e0 effet de serre \\(<span class='tooltipsall tooltip_post_id_7232 classtoolTips161'>GES<\/span>\\) sont des composants gazeux qui absorbent le rayonnement infrarouge \u00e9mis par la surface terrestre et contribuent \u00e0 l'effet de serre\\. L'augmentation de leur concentration dans l'atmosph\u00e8re terrestre est l'un des facteurs \u00e0 l'origine du r\u00e9chauffement climatique\\.\\<\\\/p\\><br\/>\\<a href\\='https\\:\\\/\\\/fr\\.wikipedia\\.org\\\/wiki\\\/Gaz_%C3%A0_effet_de_serre' target\\='_blank' rel\\='noopener'\\>\\<em\\>Voir ici la fiche Wikipedia sur les gaz \u00e0 effet de serre\\<\\\/em\\>\\<\\\/a\\>\"; toolTips('.classtoolTips161',tt_store_content,'7232'); <\/script><script type=\"text\/javascript\"> var tt_store_content = \"\\<p style\\='text\\-align\\: center;'\\>\\<strong\\>Autorit\u00e9 de S\u00fbret\u00e9 Nucl\u00e9aire\\<\\\/strong\\>\\<\\\/p\\>\"; toolTips('.classtoolTips163',tt_store_content,'3650'); <\/script><script type=\"text\/javascript\"> var tt_store_content = \"\\<p style\\='text\\-align\\: justify'\\>La \u00ab\u00a0\\<b\\>programmation pluriannuelle de l'\u00e9nergie\\<\\\/b\\>\u00a0\u00bb \\(<span class='tooltipsall tooltip_post_id_7750 classtoolTips164'>PPE<\/span>\\) est, en France, un document strat\u00e9gique de pilotage de la transition \u00e9nerg\u00e9tique\\. Institu\u00e9e par l'article 176 de la \\<a title\\='Loi relative \u00e0 la transition \u00e9nerg\u00e9tique pour la croissance verte' href\\='https\\:\\\/\\\/fr\\.wikipedia\\.org\\\/wiki\\\/Loi_relative_%C3%A0_la_transition_%C3%A9nerg%C3%A9tique_pour_la_croissance_verte'\\>loi de transition \u00e9nerg\u00e9tique\\<\\\/a\\> \\(TECV\\), elle fixe une trajectoire pour le \\<a title\\='Mix \u00e9nerg\u00e9tique' href\\='https\\:\\\/\\\/fr\\.wikipedia\\.org\\\/wiki\\\/Mix_%C3%A9nerg%C3%A9tique'\\>mix \u00e9nerg\u00e9tique\\<\\\/a\\>, ainsi que \\<span class\\='citation'\\>\u00ab\u00a0les priorit\u00e9s d'action pour la gestion de l\u2019ensemble des formes d'\u00e9nergie sur le territoire m\u00e9tropolitain continental, afin d\u2019atteindre les objectifs nationaux fix\u00e9s par la loi\u00a0\u00bb\\<\\\/span\\>\\. \\(Wikip\u00e9dia\\)\\<\\\/p\\>\"; toolTips('.classtoolTips164',tt_store_content,'7750'); <\/script><script type=\"text\/javascript\"> var tt_store_content = \"\\<p style\\='text\\-align\\: justify'\\>La \u00ab\u00a0\\<b\\>programmation pluriannuelle de l'\u00e9nergie\\<\\\/b\\>\u00a0\u00bb \\(PPE\\) est, en France, un document strat\u00e9gique de pilotage de la transition \u00e9nerg\u00e9tique\\. Institu\u00e9e par l'article 176 de la \\<a title\\='Loi relative \u00e0 la transition \u00e9nerg\u00e9tique pour la croissance verte' href\\='https\\:\\\/\\\/fr\\.wikipedia\\.org\\\/wiki\\\/Loi_relative_%C3%A0_la_transition_%C3%A9nerg%C3%A9tique_pour_la_croissance_verte'\\>loi de transition \u00e9nerg\u00e9tique\\<\\\/a\\> \\(TECV\\), elle fixe une trajectoire pour le \\<a title\\='Mix \u00e9nerg\u00e9tique' href\\='https\\:\\\/\\\/fr\\.wikipedia\\.org\\\/wiki\\\/Mix_%C3%A9nerg%C3%A9tique'\\>mix \u00e9nerg\u00e9tique\\<\\\/a\\>, ainsi que \\<span class\\='citation'\\>\u00ab\u00a0les priorit\u00e9s d'action pour la gestion de l\u2019ensemble des formes d'\u00e9nergie sur le territoire m\u00e9tropolitain continental, afin d\u2019atteindre les objectifs nationaux fix\u00e9s par la loi\u00a0\u00bb\\<\\\/span\\>\\. \\(Wikip\u00e9dia\\)\\<\\\/p\\>\"; toolTips('.classtoolTips164',tt_store_content,'7750'); <\/script><script type=\"text\/javascript\"> var tt_store_content = \"\\<p style\\='text\\-align\\: justify;'\\>Le Conseil d'Orientation des Retraites est une instance qui r\u00e9unit &nbsp;\\<span class\\='st'\\>les principaux acteurs du champ des retraites\\<\\\/span\\> et effectue un travail d'\u00e9tudes et de concertation\\. Compos\u00e9 de parlementaires, de repr\u00e9sentants des organisations professionnelles et syndicales, des retrait\u00e9s et des familles, de membres de l'administration et d'experts, le Conseil d'orientation des retraites \\(<span class='tooltipsall tooltip_post_id_7751 classtoolTips165'>COR<\/span>\\) est plac\u00e9 aupr\u00e8s du Premier ministre\\.\\<\\\/p\\>\"; toolTips('.classtoolTips165',tt_store_content,'7751'); <\/script><script type=\"text\/javascript\"> var tt_store_content = \"Energies Renouvelables\"; toolTips('.classtoolTips167',tt_store_content,'7758'); <\/script><script type=\"text\/javascript\"> var tt_store_content = \"Energies Renouvelables\"; toolTips('.classtoolTips167',tt_store_content,'7758'); <\/script><script type=\"text\/javascript\"> var tt_store_content = \"\\<p style\\='text\\-align\\: center;'\\>\\<span style\\='font\\-size\\: 14pt;'\\>\\<strong\\>O\\<\\\/strong\\>rganisation \\<strong\\>M\\<\\\/strong\\>\u00e9t\u00e9orologique \\<strong\\>M\\<\\\/strong\\>ondiale<br\/>\\<strong\\>W\\<\\\/strong\\>orld \\<strong\\>M\\<\\\/strong\\>eteorological \\<strong\\>O\\<\\\/strong\\>rganization\\<\\\/span\\>\\<\\\/p\\><br\/>&nbsp;<br\/><br\/>\\<a href\\='https\\:\\\/\\\/public\\.wmo\\.int\\\/fr' target\\='_blank' rel\\='noopener'\\>\\<em\\>Acc\u00e9der ici au site de l'organisation\\<\\\/em\\>\\<\\\/a\\>\"; toolTips('.classtoolTips168',tt_store_content,'7763'); <\/script><script type=\"text\/javascript\"> var tt_store_content = \"\\<p style\\='text\\-align\\: center;'\\>\\<span style\\='font\\-size\\: 14pt;'\\>\\<strong\\>\u00c9\\<\\\/strong\\>cole \\<strong\\>N\\<\\\/strong\\>ationale d'\\<strong\\>A\\<\\\/strong\\>dministration\\<\\\/span\\>\\<\\\/p\\>\"; toolTips('.classtoolTips170',tt_store_content,'5213'); <\/script><script type=\"text\/javascript\"> var tt_store_content = \"\\<p style\\='text\\-align\\: center;'\\>\\<span style\\='font\\-size\\: 14pt;'\\>\u00c9cole des<br\/>\\<strong\\>H\\<\\\/strong\\>autes \\<strong\\>\u00c9\\<\\\/strong\\>tudes \\<strong\\>C\\<\\\/strong\\>ommerciales\\<\\\/span\\>\\<\\\/p\\>\"; toolTips('.classtoolTips171',tt_store_content,'5214'); <\/script><script type=\"text\/javascript\"> var tt_store_content = \"\\<p style\\='text\\-align\\: justify'\\>\\<span class\\='ILfuVd'\\>La politique agricole commune \\(\\<b\\><span class='tooltipsall tooltip_post_id_11364 classtoolTips174'>PAC<\/span>\\<\\\/b\\>\\) est une politique mise en place \u00e0 l'\u00e9chelle de l'Union europ\u00e9enne\\. \u00c0 l'origine, elle est fond\u00e9e principalement sur des mesures de contr\u00f4le des prix et de subventionnement, visant \u00e0 moderniser et d\u00e9velopper l'agriculture\\.\\<\\\/span\\> \\(source Wikipedia\\)\\<\\\/p\\>\"; toolTips('.classtoolTips174',tt_store_content,'11364'); <\/script><script type=\"text\/javascript\"> var tt_store_content = \"\\<p style\\='text\\-align\\: center;'\\>\\<span style\\='font\\-size\\: 14pt;'\\>\\<strong\\>P\\<\\\/strong\\>\\<\\\/span\\>\\<span style\\='font\\-size\\: 14pt;'\\>lan \\<strong\\>L\\<\\\/strong\\>\\<\\\/span\\>\\<span style\\='font\\-size\\: 14pt;'\\>ocal d'\\<strong\\>U\\<\\\/strong\\>\\<\\\/span\\>\\<span style\\='font\\-size\\: 14pt;'\\>rbanisme\\<\\\/span\\>\\<\\\/p\\><br\/>&nbsp;\"; toolTips('.classtoolTips176',tt_store_content,'4979'); <\/script><script type=\"text\/javascript\"> var tt_store_content = \"\\<p\\>Conseil \u00c9conomique et Social\\<\\\/p\\>\"; toolTips('.classtoolTips180',tt_store_content,'29829'); <\/script><script type=\"text\/javascript\"> var tt_store_content = \"\\<p style\\='text\\-align\\: center;'\\>\\<span style\\='font\\-size\\: 14pt;'\\>\\<strong\\>A\\<\\\/strong\\>gence \\<strong\\>R\\<\\\/strong\\>\u00e9gionale de \\<strong\\>S\\<\\\/strong\\>ant\u00e9\\<\\\/span\\>\\<\\\/p\\>\"; toolTips('.classtoolTips188',tt_store_content,'18356'); <\/script><script type=\"text\/javascript\"> var tt_store_content = \"\\<p style\\='text\\-align\\: center;'\\>\\<span style\\='font\\-size\\: 14pt;'\\>\\<strong\\>G\\<\\\/strong\\>roupement \\<strong\\>H\\<\\\/strong\\>ospitalier de \\<strong\\>T\\<\\\/strong\\>erritoire\\<\\\/span\\>\\<\\\/p\\><br\/>\\<p style\\='text\\-align\\: justify;'\\>Les groupements hospitaliers de territoires, dispositif pr\u00e9vu par la loi de sant\u00e9 2016, sont un nouveau mode de coop\u00e9ration entre les \u00e9tablissements publics de sant\u00e9 \u00e0 l\u2019\u00e9chelle d\u2019un territoire\\<\\\/p\\>\"; toolTips('.classtoolTips189',tt_store_content,'18358'); <\/script><script type=\"text\/javascript\"> var tt_store_content = \"\\<p style\\='text\\-align\\: center;'\\>\\<span style\\='font\\-size\\: 14pt;'\\>\\<strong\\>C\\<\\\/strong\\>omit\u00e9 \\<strong\\>T\\<\\\/strong\\>echnique d'\\<strong\\>\u00c9\\<\\\/strong\\>tablissement\\<\\\/span\\>\\<\\\/p\\>\"; toolTips('.classtoolTips191',tt_store_content,'18359'); <\/script><script type=\"text\/javascript\"> var tt_store_content = \"\\<p style\\='text\\-align\\: center;'\\>\\<strong\\>\\<span style\\='font\\-size\\: 14pt;'\\>P\\<\\\/span\\>\\<\\\/strong\\>\\<span style\\='font\\-size\\: 14pt;'\\>rogrammation \\<strong\\>P\\<\\\/strong\\>luri\\-annuelle de l'\\<strong\\>\u00c9\\<\\\/strong\\>nergie\\<\\\/span\\>\\<\\\/p\\><br\/>La PPE est est en France un document strat\u00e9gique de pilotage de la transition \u00e9nerg\u00e9tique\\. Institu\u00e9e par l'article 176 de la loi transition \u00e9nerg\u00e9tique \\(TECV\\)\\. Elle fixe \\(par \u00e9nergie\\) une trajectoire pour le mix \u00e9nerg\u00e9tique, ainsi que \u00ab&nbsp;\\<em\\>les priorit\u00e9s d'action pour la gestion de l\u2019ensemble des formes d'\u00e9nergie sur le territoire m\u00e9tropolitain continental, afin d\u2019atteindre les objectifs nationaux fix\u00e9s par la loi\\<\\\/em\\>&nbsp;\u00bb\\.<br\/><br\/>Initi\u00e9e en 2016, elle est r\u00e9vis\u00e9e en 2018 puis ensuite tous les 5 ans\\.<br\/><br\/>\\<a href\\='https\\:\\\/\\\/fr\\.wikipedia\\.org\\\/wiki\\\/Programmation_pluriannuelle_de_l'\u00e9nergi' target\\='_blank' rel\\='noopener'\\>\\<em\\>Voir ici la page Wikipedia consacr\u00e9e \u00e0 la PPE\\<\\\/em\\>\\<\\\/a\\><br\/>\\<a href\\='https\\:\\\/\\\/ppe\\.debatpublic\\.fr\\\/' target\\='_blank' rel\\='noopener'\\>\\<em\\>Voir ici la page du site 'Commission du D\u00e9bat Public' consacr\u00e9e \u00e0 la PPE\\<\\\/em\\>\\<\\\/a\\>\"; toolTips('.classtoolTips193',tt_store_content,'7102'); <\/script><script type=\"text\/javascript\"> var tt_store_content = \"\\<p style\\='text\\-align\\: center;'\\>\\<span style\\='font\\-size\\: 14pt;'\\>\\<strong\\>E\\<\\\/strong\\>volutionary \\<strong\\>P\\<\\\/strong\\>ower \\<strong\\>R\\<\\\/strong\\>eactor\\<\\\/span\\>\\<\\\/p\\><br\/>\\<p style\\='text\\-align\\: justify;'\\>R\u00e9acteur nucl\u00e9aire de troisi\u00e8me g\u00e9n\u00e9ration \\(classification internationale\\), con\u00e7u et d\u00e9velopp\u00e9 par <span class='tooltipsall tooltip_post_id_5121 classtoolTips35'>Areva NP<\/span>&nbsp; au cours des ann\u00e9es 1990 et 2000\\. Il fait partie de la fili\u00e8re des r\u00e9acteurs \u00e0 eau pressuris\u00e9e\\.\\<\\\/p\\><br\/>\\<a href\\='https\\:\\\/\\\/fr\\.wikipedia\\.org\\\/wiki\\\/R%C3%A9acteur_pressuris%C3%A9_europ%C3%A9en' target\\='_blank' rel\\='noopener'\\>\\<em\\>Voir ici la fiche Wikipedia <span class='tooltipsall tooltip_post_id_5579 classtoolTips196'>EPR<\/span>\\<\\\/em\\>\\<\\\/a\\>\"; toolTips('.classtoolTips196',tt_store_content,'5579'); <\/script><script type=\"text\/javascript\"> var tt_store_content = \"\\<p\\>COV \\= Compos\u00e9 Organique Volatile\\<\\\/p\\>\"; toolTips('.classtoolTips199',tt_store_content,'21204'); <\/script><script type=\"text\/javascript\"> var tt_store_content = \"\\<p style\\='text\\-align\\: center;'\\>\\<strong\\>R\\<\\\/strong\\>\u00e9seau \\<strong\\>A\\<\\\/strong\\>ction \\<strong\\>C\\<\\\/strong\\>limat\\<\\\/p\\><br\/>Le r\u00e9seau Action Climat '\\<em\\>f\u00e9d\u00e8re les associations impliqu\u00e9es dans la lutte contre les changements climatiques et pour une transition \u00e9cologique, solidaire et \u00e9quitable\\<\\\/em\\>'\\.<br\/><br\/>\\<a href\\='https\\:\\\/\\\/reseauactionclimat\\.org\\\/' target\\='_blank' rel\\='noopener'\\>Voir le site du <span class='tooltipsall tooltip_post_id_4309 classtoolTips200'>RAC<\/span>\\<\\\/a\\>\"; toolTips('.classtoolTips200',tt_store_content,'4309'); <\/script><script type=\"text\/javascript\"> var tt_store_content = \"\\<p style\\='text\\-align\\: center;'\\>\\<strong\\>\\<span style\\='font\\-size\\: 14pt;'\\>R\\<\\\/span\\>\\<\\\/strong\\>\\<span style\\='font\\-size\\: 14pt;'\\>eferendum d'\\<strong\\>I\\<\\\/strong\\>nitiative \\<strong\\>C\\<\\\/strong\\>itoyenne\\<\\\/span\\>\\<\\\/p\\>\"; toolTips('.classtoolTips205',tt_store_content,'12268'); <\/script><script type=\"text\/javascript\"> var tt_store_content = \"\\<p\\><span class='tooltipsall tooltip_post_id_25844 classtoolTips208'>RTE<\/span> \\= R\u00e9seau de Transport d'Electricit\u00e9 est une filiale d'<span class='tooltipsall tooltip_post_id_7035 classtoolTips178'>EDF<\/span> qui est l'actionnaire majoritaire avec 50,1% des parts le reste \u00e9tant partag\u00e9 par la CDC et la CNP\\<\\\/p\\>\"; toolTips('.classtoolTips208',tt_store_content,'25844'); <\/script><script type=\"text\/javascript\"> var tt_store_content = \"\\<p style\\='text\\-align\\: center;'\\>\\<span style\\='font\\-size\\: 14pt;'\\>\\<strong\\>O\\<\\\/strong\\>rganisation\\<strong\\> N\\<\\\/strong\\>on\\<strong\\> G\\<\\\/strong\\>ouvernementale\\<\\\/span\\>\\<\\\/p\\><br\/>Une organisation non gouvernementale \\(<span class='tooltipsall tooltip_post_id_3579 classtoolTips210'>ONG<\/span>\\) est une \\<a title\\='Association \u00e0 but non lucratif' href\\='https\\:\\\/\\\/fr\\.wikipedia\\.org\\\/wiki\\\/Association_%C3%A0_but_non_lucratif' target\\='_blank' rel\\='noopener'\\>association \u00e0 but non lucratif\\<\\\/a\\>, d'int\u00e9r\u00eat public, qui ne rel\u00e8ve ni de l'\u00c9tat, ni d'institutions internationales\\<sup id\\='cite_ref\\-novethic_1\\-0' class\\='reference'\\>\\<\\\/sup\\>\\. Les ONG n'ont pas le statut de sujet de \\<a title\\='Droit international public' href\\='https\\:\\\/\\\/fr\\.wikipedia\\.org\\\/wiki\\\/Droit_international_public' target\\='_blank' rel\\='noopener'\\>droit international\\<\\\/a\\>\\.\"; toolTips('.classtoolTips210',tt_store_content,'3579'); <\/script><script type=\"text\/javascript\"> var tt_store_content = \"\\<p style\\='text\\-align\\: center;'\\>\\<span style\\='font\\-size\\: 14pt;'\\>\\<strong\\>O\\<\\\/strong\\>rganisation\\<strong\\> N\\<\\\/strong\\>on\\<strong\\> G\\<\\\/strong\\>ouvernementale\\<\\\/span\\>\\<\\\/p\\><br\/>Une organisation non gouvernementale \\(ONG\\) est une \\<a title\\='Association \u00e0 but non lucratif' href\\='https\\:\\\/\\\/fr\\.wikipedia\\.org\\\/wiki\\\/Association_%C3%A0_but_non_lucratif' target\\='_blank' rel\\='noopener'\\>association \u00e0 but non lucratif\\<\\\/a\\>, d'int\u00e9r\u00eat public, qui ne rel\u00e8ve ni de l'\u00c9tat, ni d'institutions internationales\\<sup id\\='cite_ref\\-novethic_1\\-0' class\\='reference'\\>\\<\\\/sup\\>\\. Les ONG n'ont pas le statut de sujet de \\<a title\\='Droit international public' href\\='https\\:\\\/\\\/fr\\.wikipedia\\.org\\\/wiki\\\/Droit_international_public' target\\='_blank' rel\\='noopener'\\>droit international\\<\\\/a\\>\\.\"; toolTips('.classtoolTips210',tt_store_content,'3579'); <\/script><script type=\"text\/javascript\"> var tt_store_content = \"\\<p\\><span class='tooltipsall tooltip_post_id_24572 classtoolTips211'>MIT<\/span> \\= Massachussets Institute of Technology, prestigieuse universit\u00e9 am\u00e9ricaine de la c\u00f4te est\\<\\\/p\\>\"; toolTips('.classtoolTips211',tt_store_content,'24572'); <\/script><script type=\"text\/javascript\"> var tt_store_content = \"\\<p\\>d\u00e9chets \u00e0 Vie Courte \\(classement <span class='tooltipsall tooltip_post_id_3612 classtoolTips79'>ANDRA<\/span>\\)\\<\\\/p\\>\"; toolTips('.classtoolTips212',tt_store_content,'19201'); <\/script><script type=\"text\/javascript\"> var tt_store_content = \"\\<p style\\='text\\-align\\: center;'\\>\\<strong\\>J\\<\\\/strong\\>eux \\<strong\\>O\\<\\\/strong\\>lympiques<br\/>ou<br\/>\\<strong\\>J\\<\\\/strong\\>ournal \\<strong\\>O\\<\\\/strong\\>fficiel de la R\u00e9publique Fran\u00e7aise\\<\\\/p\\>\"; toolTips('.classtoolTips213',tt_store_content,'4451'); <\/script><script type=\"text\/javascript\"> var tt_store_content = \"\\<p\\><span class='tooltipsall tooltip_post_id_30593 classtoolTips214'>RN<\/span> \\= Rassemble National, c'est le parti d'extr\u00eame droite de Marine Le Pen qui succ\u00e8de au FN \\= Front National fond\u00e9 par son p\u00e8re Jean Marie Le Pen\\<\\\/p\\>\"; toolTips('.classtoolTips214',tt_store_content,'30593'); <\/script><script type=\"text\/javascript\"> var tt_store_content = \"<div class='tooltips_youtube_class' ><iframe width='100%' height='100%' src='http:\/\/www.youtube.com\/embed\/terawatt?rel=0&autoplay=1' frameborder='0' allowfullscreen><\/iframe><\/div>\\<p\\>\\<strong\\>TERAWATT \\(<span class='tooltipsall tooltip_post_id_30105 classtoolTips219'>TW<\/span>\\) \\= 1000 000 000 000 <span class='tooltipsall tooltip_post_id_30101 classtoolTips216'>KW<\/span>\\<\\\/strong\\>\\<\\\/p\\>\"; toolTips('.classtoolTips219',tt_store_content,'30105'); <\/script><script type=\"text\/javascript\"> var tt_store_content = \"\\<p style\\='text\\-align\\: center;'\\>\\<span style\\='font\\-size\\: 14pt;'\\>\\<strong\\>C\\<\\\/strong\\>entre \\<strong\\>H\\<\\\/strong\\>ospitalier\\<\\\/span\\>\\<\\\/p\\>\"; toolTips('.classtoolTips220',tt_store_content,'18357'); <\/script><script type=\"text\/javascript\"> var tt_store_content = \"\\<p style\\='text\\-align\\: center;'\\>\\<span style\\='font\\-size\\: 14pt;'\\>\\<strong\\><span class='tooltipsall tooltip_post_id_21736 classtoolTips222'>nm<\/span> \\= n\\<\\\/strong\\>ano\\<strong\\>m\\<\\\/strong\\>\u00e8tre \\<\\\/span\\>\\<\\\/p\\><br\/>\\<p style\\='text\\-align\\: justify;'\\>\\<em\\>le <span class='tooltipsall tooltip_post_id_21736 classtoolTips222'>nanom\u00e8tre<\/span>, de symbole nm, est une unit\u00e9 de longueur du Syst\u00e8me international\\. C'est un sous\\-multiple du m\u00e8tre, il vaut un milliardi\u00e8me de m\u00e8tre, soit un millioni\u00e8me de millim\u00e8tre\\.\\<\\\/em\\>\\<\\\/p\\><br\/>\\<p style\\='text\\-align\\: center;'\\>\\<strong\\>\\<em\\> 1 nm \\= 10\u207b\u00b3 \u00b5m \\= 10\\<sup\\>\u20136\\<\\\/sup\\> mm \\= 10\\<sup\\>\u20139\\<\\\/sup\\> m\\.\\<\\\/em\\>\\<\\\/strong\\>\\<\\\/p\\>\"; toolTips('.classtoolTips222',tt_store_content,'21736'); <\/script><script type=\"text\/javascript\"> var tt_store_content = \"\\<p\\>D\u00e9chets radioactifs \u00e0 Haute Activit\u00e9 \\(classement ANDRA\\)\\<\\\/p\\>\"; toolTips('.classtoolTips223',tt_store_content,'19196'); <\/script>","protected":false},"excerpt":{"rendered":"<p>Cette page regroupe l&rsquo;ensemble des informations portant sur le dossier \u00ab\u00a0AREVA \/ Malvesi\u00a0\u00bb, rassembl\u00e9es par le Clairon. Dans les diff\u00e9rents \u00ab\u00a0onglets\u00a0\u00bb ci-dessous, vous trouverez une pr\u00e9sentation synth\u00e9tique du dossier, l&rsquo;ensemble des articles publi\u00e9s dans le Clairon, les diff\u00e9rents \u00e9v\u00e9nements rattach\u00e9s \u00e0 ce dossier, des vid\u00e9os et des liens vers d&rsquo;autres sites traitant du m\u00eame sujet.N&rsquo;h\u00e9sitezLire la suite &rarr;<script type=\"text\/javascript\"> var tt_store_content = \"\\<\/p>\n<p style\\='text\\-align\\: center;'\\>\\<span style\\='font\\-size\\: 14pt;'\\>\\<strong\\>T\\<\\\/strong\\>raitement\\<strong\\> D\\<\\\/strong\\>es\\<strong\\> N\\<\\\/strong\\>itrates\\<strong\\> \\(<span class='tooltipsall tooltip_post_id_3610 classtoolTips37'>TDN<\/span>\\)<br \/>TH\\<\\\/strong\\>ermal\\<strong\\> O\\<\\\/strong\\>rganic\\<strong\\> R\\<\\\/strong\\>eduction\\<strong\\> \\(<span class='tooltipsall tooltip_post_id_3610 classtoolTips37'>THOR<\/span>\\)\\<\\\/strong\\>\\<\\\/span\\>\\<\\\/p\\><br \/>\\<\/p>\n<p style\\='text\\-align\\: justify;'\\>Proc\u00e9d\u00e9 envisag\u00e9 par la soci\u00e9t\u00e9 AREVA pour retraiter les d\u00e9chets nitrat\u00e9s et radio\\-actifs issus de son activit\u00e9 d'enrichissement de l'uranium, phase I de la pr\u00e9paration du combustible des centrales nucl\u00e9aires\\.\\<\\\/p\\><br \/>\\<\/p>\n<p style\\='text\\-align\\: justify;'\\>Cette activit\u00e9 est mise en \u0153uvre dans l'usine de Malv\u00e9si \u00e0 quelques kilom\u00e8tres de Narbonne\\.\\<\\\/p\\><br \/>\\<\/p>\n<p style\\='text\\-align\\: justify;'\\>Ce proc\u00e9d\u00e9, potentiellement tr\u00e8s toxique pour la sant\u00e9 et l'environnement, est au centre d'une vive opposition de la part des riverains et \u00e0 laquelle le Clairon s'associe \\(\\<a href\\='https\\:\\\/\\\/le\\-clairon\\-nouveau\\.fr\\\/wordpress\\\/dossiers\\\/dossier\\-malvesi\\-areva\\\/' target\\='_blank' rel\\='noopener'\\>voir notre dossier\\<\\\/a\\> sur le sujet\\)\\.\\<\\\/p\\>\"; toolTips('.classtoolTips37',tt_store_content,'3610'); <\/script><script type=\"text\/javascript\"> var tt_store_content = \"\\<\/p>\n<p style\\='text\\-align\\: center;'\\>\\<span style\\='font\\-size\\: 14pt;'\\>\\<strong\\>T\\<\\\/strong\\>raitement\\<strong\\> D\\<\\\/strong\\>es\\<strong\\> N\\<\\\/strong\\>itrates\\<strong\\> \\(TDN\\)<br \/>TH\\<\\\/strong\\>ermal\\<strong\\> O\\<\\\/strong\\>rganic\\<strong\\> R\\<\\\/strong\\>eduction\\<strong\\> \\(THOR\\)\\<\\\/strong\\>\\<\\\/span\\>\\<\\\/p\\><br \/>\\<\/p>\n<p style\\='text\\-align\\: justify;'\\>Proc\u00e9d\u00e9 envisag\u00e9 par la soci\u00e9t\u00e9 AREVA pour retraiter les d\u00e9chets nitrat\u00e9s et radio\\-actifs issus de son activit\u00e9 d'enrichissement de l'uranium, phase I de la pr\u00e9paration du combustible des centrales nucl\u00e9aires\\.\\<\\\/p\\><br \/>\\<\/p>\n<p style\\='text\\-align\\: justify;'\\>Cette activit\u00e9 est mise en \u0153uvre dans l'usine de Malv\u00e9si \u00e0 quelques kilom\u00e8tres de Narbonne\\.\\<\\\/p\\><br \/>\\<\/p>\n<p style\\='text\\-align\\: justify;'\\>Ce proc\u00e9d\u00e9, potentiellement tr\u00e8s toxique pour la sant\u00e9 et l'environnement, est au centre d'une vive opposition de la part des riverains et \u00e0 laquelle le Clairon s'associe \\(\\<a href\\='https\\:\\\/\\\/le\\-clairon\\-nouveau\\.fr\\\/wordpress\\\/dossiers\\\/dossier\\-malvesi\\-areva\\\/' target\\='_blank' rel\\='noopener'\\>voir notre dossier\\<\\\/a\\> sur le sujet\\)\\.\\<\\\/p\\>\"; toolTips('.classtoolTips37',tt_store_content,'3610'); <\/script><script type=\"text\/javascript\"> var tt_store_content = \"\\<\/p>\n<p style\\='text\\-align\\: center;'\\>\\<span style\\='font\\-size\\: 14pt;'\\>\\<strong\\>T\\<\\\/strong\\>raitement\\<strong\\> D\\<\\\/strong\\>es\\<strong\\> N\\<\\\/strong\\>itrates\\<strong\\> \\(TDN\\)<br \/>TH\\<\\\/strong\\>ermal\\<strong\\> O\\<\\\/strong\\>rganic\\<strong\\> R\\<\\\/strong\\>eduction\\<strong\\> \\(THOR\\)\\<\\\/strong\\>\\<\\\/span\\>\\<\\\/p\\><br \/>\\<\/p>\n<p style\\='text\\-align\\: justify;'\\>Proc\u00e9d\u00e9 envisag\u00e9 par la soci\u00e9t\u00e9 AREVA pour retraiter les d\u00e9chets nitrat\u00e9s et radio\\-actifs issus de son activit\u00e9 d'enrichissement de l'uranium, phase I de la pr\u00e9paration du combustible des centrales nucl\u00e9aires\\.\\<\\\/p\\><br \/>\\<\/p>\n<p style\\='text\\-align\\: justify;'\\>Cette activit\u00e9 est mise en \u0153uvre dans l'usine de Malv\u00e9si \u00e0 quelques kilom\u00e8tres de Narbonne\\.\\<\\\/p\\><br \/>\\<\/p>\n<p style\\='text\\-align\\: justify;'\\>Ce proc\u00e9d\u00e9, potentiellement tr\u00e8s toxique pour la sant\u00e9 et l'environnement, est au centre d'une vive opposition de la part des riverains et \u00e0 laquelle le Clairon s'associe \\(\\<a href\\='https\\:\\\/\\\/le\\-clairon\\-nouveau\\.fr\\\/wordpress\\\/dossiers\\\/dossier\\-malvesi\\-areva\\\/' target\\='_blank' rel\\='noopener'\\>voir notre dossier\\<\\\/a\\> sur le sujet\\)\\.\\<\\\/p\\>\"; toolTips('.classtoolTips37',tt_store_content,'3610'); <\/script><script type=\"text\/javascript\"> var tt_store_content = \"\\<p\\>Association de protection et sauvegarde de l\u2019environnement des Basses Plaines de l\u2019Aude\\<\\\/p\\>\"; toolTips('.classtoolTips44',tt_store_content,'7255'); <\/script><script type=\"text\/javascript\"> var tt_store_content = \"\\<p\\>Association de protection et sauvegarde de l\u2019environnement des Basses Plaines de l\u2019Aude\\<\\\/p\\>\"; toolTips('.classtoolTips44',tt_store_content,'7255'); <\/script><script type=\"text\/javascript\"> var tt_store_content = \"\\<p\\>Association de protection et sauvegarde de l\u2019environnement des Basses Plaines de l\u2019Aude\\<\\\/p\\>\"; toolTips('.classtoolTips44',tt_store_content,'7255'); <\/script><script type=\"text\/javascript\"> var tt_store_content = \"Collectif de vigilance des d\u00e9chets de Malv\u00e9si\"; toolTips('.classtoolTips52',tt_store_content,'7256'); <\/script><script type=\"text\/javascript\"> var tt_store_content = \"Collectif de vigilance des d\u00e9chets de Malv\u00e9si\"; toolTips('.classtoolTips52',tt_store_content,'7256'); <\/script><script type=\"text\/javascript\"> var tt_store_content = \"\\<\/p>\n<p style\\='text\\-align\\: justify'\\>La \\<strong\\>C\\<\\\/strong\\>ommission de \\<strong\\>R\\<\\\/strong\\>echerche et d'\\<strong\\>I\\<\\\/strong\\>nformations \\<strong\\>I\\<\\\/strong\\>nd\u00e9pendantes sur la \\<strong\\>Rad\\<\\\/strong\\>ioactivit\u00e9 est une association fran\u00e7aise 'loi 1901'\\. Elle emploie une \u00e9quipe d'une douzaine de scientifiques\u00a0 et dispose d'un laboratoire d'analyse agr\u00e9e par le minist\u00e8re de la sant\u00e9 dans le cadre de la protection de l'environnement\\. Son domaine d'intervention est le d\u00e9pistage et \u00e0 l'identification des pollutions radioactives en France comme \u00e0 l'\u00e9tranger\\. Elle se finance par les cotisations de ses membres et la r\u00e9mun\u00e9ration de ses nombreux travaux \\(plus d'un millier depuis sa cr\u00e9ation\\)\\.\\<\\\/p\\>\"; toolTips('.classtoolTips55',tt_store_content,'7025'); <\/script><script type=\"text\/javascript\"> var tt_store_content = \"\\<\/p>\n<p style\\='text\\-align\\: justify'\\>La \\<strong\\>C\\<\\\/strong\\>ommission de \\<strong\\>R\\<\\\/strong\\>echerche et d'\\<strong\\>I\\<\\\/strong\\>nformations \\<strong\\>I\\<\\\/strong\\>nd\u00e9pendantes sur la \\<strong\\>Rad\\<\\\/strong\\>ioactivit\u00e9 est une association fran\u00e7aise 'loi 1901'\\. Elle emploie une \u00e9quipe d'une douzaine de scientifiques\u00a0 et dispose d'un laboratoire d'analyse agr\u00e9e par le minist\u00e8re de la sant\u00e9 dans le cadre de la protection de l'environnement\\. Son domaine d'intervention est le d\u00e9pistage et \u00e0 l'identification des pollutions radioactives en France comme \u00e0 l'\u00e9tranger\\. Elle se finance par les cotisations de ses membres et la r\u00e9mun\u00e9ration de ses nombreux travaux \\(plus d'un millier depuis sa cr\u00e9ation\\)\\.\\<\\\/p\\>\"; toolTips('.classtoolTips55',tt_store_content,'7025'); <\/script><script type=\"text\/javascript\"> var tt_store_content = \"\\<p\\><span class='tooltipsall tooltip_post_id_19989 classtoolTips59'>Seveso<\/span> \\: suite \u00e0 une directive europ\u00e9enne qui impose \u00e0 ses \u00e9tats membres d'identifier les sites industriels pr\u00e9sentant des risque majeurs sous la d\u00e9nomination 'sites seveso', les \u00e9tablissements industriels civils sont class\u00e9s selon leurs risques d'al\u00e9as 'seveso bas' , 'seveso moyen' et 'seveso haut'\\. Cette directive ne concerne pas les rayons ionisants\\.\\<\\\/p\\>\"; toolTips('.classtoolTips59',tt_store_content,'19989'); <\/script><script type=\"text\/javascript\"> var tt_store_content = \"\\<p\\>Seveso \\: suite \u00e0 une directive europ\u00e9enne qui impose \u00e0 ses \u00e9tats membres d'identifier les sites industriels pr\u00e9sentant des risque majeurs sous la d\u00e9nomination 'sites seveso', les \u00e9tablissements industriels civils sont class\u00e9s selon leurs risques d'al\u00e9as 'seveso bas' , 'seveso moyen' et 'seveso haut'\\. Cette directive ne concerne pas les rayons ionisants\\.\\<\\\/p\\>\"; toolTips('.classtoolTips59',tt_store_content,'19989'); <\/script><script type=\"text\/javascript\"> var tt_store_content = \"\\<\/p>\n<p style\\='text\\-align\\: center'\\>\\<span style\\='font\\-size\\: 14pt'\\>\\<strong\\>I\\<\\\/strong\\>nstitut National de la \\<strong\\>S\\<\\\/strong\\>ant\u00e9 et de la \\<strong\\>R\\<\\\/strong\\>echerche M\u00e9dicale\\<\\\/span\\>\\<\\\/p\\>\"; toolTips('.classtoolTips70',tt_store_content,'6878'); <\/script><script type=\"text\/javascript\"> var tt_store_content = \"\\<\/p>\n<p style\\='text\\-align\\: center'\\>\\<span style\\='font\\-size\\: 14pt'\\>\\<strong\\>I\\<\\\/strong\\>nstitut National de la \\<strong\\>S\\<\\\/strong\\>ant\u00e9 et de la \\<strong\\>R\\<\\\/strong\\>echerche M\u00e9dicale\\<\\\/span\\>\\<\\\/p\\>\"; toolTips('.classtoolTips70',tt_store_content,'6878'); <\/script><script type=\"text\/javascript\"> var tt_store_content = \"\\<\/p>\n<p style\\='text\\-align\\: center'\\>\\<span style\\='font\\-size\\: 14pt'\\>\\<strong\\>I\\<\\\/strong\\>nstitut National de la \\<strong\\>S\\<\\\/strong\\>ant\u00e9 et de la \\<strong\\>R\\<\\\/strong\\>echerche M\u00e9dicale\\<\\\/span\\>\\<\\\/p\\>\"; toolTips('.classtoolTips70',tt_store_content,'6878'); <\/script><script type=\"text\/javascript\"> var tt_store_content = \"\\<p\\>Ecologie du Carcassonnais, des Corbi\u00e8res et du Littoral Audois\\<\\\/p\\>\"; toolTips('.classtoolTips96',tt_store_content,'19173'); <\/script><script type=\"text\/javascript\"> var tt_store_content = \"\\<p\\><span class='tooltipsall tooltip_post_id_19394 classtoolTips134'>SAGE<\/span> \\= \\<span class\\='st'\\> sch\u00e9ma d'am\u00e9nagement et de gestion de l'eau\\<\\\/span\\> , c'est un outil de planification qui concerne l'ensemble des eaux situ\u00e9es dans un bassin versant\\<\\\/p\\>\"; toolTips('.classtoolTips134',tt_store_content,'19394'); <\/script><script type=\"text\/javascript\"> var tt_store_content = \"\\<\/p>\n<p style\\='text\\-align\\: center;'\\>\\<strong\\>\\<span style\\='font\\-size\\: 14pt;'\\>S\\<\\\/span\\>\\<\\\/strong\\>\\<span style\\='font\\-size\\: 14pt;'\\>oci\u00e9t\u00e9 d'\\<strong\\>\u00c9\\<\\\/strong\\>conomie \\<strong\\>M\\<\\\/strong\\>ixte\\<\\\/span\\>\\<\\\/p\\><br \/>\\<\/p>\n<p style\\='text\\-align\\: justify;'\\>En France, une soci\u00e9t\u00e9 d'\u00e9conomie mixte est une soci\u00e9t\u00e9 anonyme dont le capital est majoritairement d\u00e9tenu par une ou plusieurs personnes publiques \\(\u00e0 savoir l'\u00c9tat, une Collectivit\u00e9 territoriale, ou tout autre \u00c9tablissement public\\)\\. Cette participation majoritaire publique est plafonn\u00e9e \u00e0 85&nbsp;% du capital depuis la Loi du 2 janvier 2002\\. Au moins une personne priv\u00e9e doit participer au capital de la <span class='tooltipsall tooltip_post_id_7168 classtoolTips142'>SEM<\/span>, sachant qu'il peut s'agir d'une autre SEM\\.\\<\\\/p\\><br \/>\\<\/p>\n<p style\\='text\\-align\\: justify;'\\>\\<strong\\>Le recours \u00e0 la SEM garantit\\<\\\/strong\\> \u00e0 la collectivit\u00e9 publique actionnaire et cocontractante \\<strong\\>la prise en compte effective de l'int\u00e9r\u00eat g\u00e9n\u00e9ral\\<\\\/strong\\> dans les objectifs de l'entreprise \\<strong\\>et la souplesse de la soci\u00e9t\u00e9 de droit priv\u00e9\\<\\\/strong\\>\\.\\<\\\/p\\><br \/>\\<em\\>\\<a href\\='https\\:\\\/\\\/fr\\.wikipedia\\.org\\\/wiki\\\/Soci%C3%A9t%C3%A9_d%27%C3%A9conomie_mixte' target\\='_blank' rel\\='noopener'\\>Voir ici la page Wikipedia consacr\u00e9e aux SEM\\<\\\/a\\> \\<\\\/em\\><\/p>\n<p>&nbsp;\"; toolTips('.classtoolTips142',tt_store_content,'7168'); <\/script><script type=\"text\/javascript\"> var tt_store_content = \"\\<\/p>\n<p style\\='text\\-align\\: center;'\\>\\<span style\\='font\\-size\\: 14pt;'\\>\\<strong\\>I\\<\\\/strong\\>mp\u00f4t sur la \\<strong\\>F\\<\\\/strong\\>ortune \\<strong\\>I\\<\\\/strong\\>mmobili\u00e8re\\<\\\/span\\>\\<\\\/p\\>\"; toolTips('.classtoolTips148',tt_store_content,'5643'); <\/script><script type=\"text\/javascript\"> var tt_store_content = \"\\<\/p>\n<p style\\='text\\-align\\: center;'\\>\\<span style\\='font\\-size\\: 14pt;'\\>\\<strong\\>R\\<\\\/strong\\>evenu de \\<strong\\>S\\<\\\/strong\\>olidarit\u00e9 \\<strong\\>A\\<\\\/strong\\>ctive\\<\\\/span\\>\\<\\\/p\\><br \/>\\<\/p>\n<p style\\='text\\-align\\: justify;'\\>Le revenu de solidarit\u00e9 active est une prestation sociale fran\u00e7aise, g\u00e9r\u00e9e par les conseils d\u00e9partementaux, vers\u00e9e par les <span class='tooltipsall tooltip_post_id_5652 classtoolTips155'>CAF<\/span> et les MSA et destin\u00e9e \u00e0 garantir \u00e0 ses b\u00e9n\u00e9ficiaires, qu'ils aient ou non la capacit\u00e9 de travailler, un revenu minimum, avec en contrepartie une obligation de chercher un emploi ou de d\u00e9finir et suivre un projet professionnel visant \u00e0 am\u00e9liorer sa situation financi\u00e8re\\.\\<\\\/p\\><br \/>\\<\/p>\n<p style\\='text\\-align\\: justify;'\\>Cette prestation sociale a \u00e9t\u00e9 mise en place en 2009, en remplacement du RMI \\(revenu minimum d'insertion\\), mis en place en 1988\\.\\<\\\/p\\><br \/>\\<\/p>\n<p style\\='text\\-align\\: justify;'\\>En 2016, 2,5 millions de personnes \u00e9taient b\u00e9n\u00e9ficiaires du <span class='tooltipsall tooltip_post_id_5651 classtoolTips154'>RSA<\/span>\\.\\<\\\/p\\><br \/>\\<em\\>\\<a href\\='https\\:\\\/\\\/fr\\.wikipedia\\.org\\\/wiki\\\/Revenu_de_solidarit%C3%A9_active' target\\='_blank' rel\\='noopener'\\>Acc\u00e9der ici \u00e0 la fiche Wikipedia traitant du RSA\\<\\\/a\\><br \/>\\<a href\\='https\\:\\\/\\\/www\\.insee\\.fr\\\/fr\\\/metadonnees\\\/definition\\\/c1718' target\\='_blank' rel\\='noopener'\\>Acc\u00e9der ici \u00e0 la d\u00e9finition du RSA fournie par l'<span class='tooltipsall tooltip_post_id_6978 classtoolTips82'>INSEE<\/span>\\<\\\/a\\>\\<\\\/em\\>\"; toolTips('.classtoolTips154',tt_store_content,'5651'); <\/script><script type=\"text\/javascript\"> var tt_store_content = \"\\<\/p>\n<p style\\='text\\-align\\: center;'\\>\\<span style\\='font\\-size\\: 14pt;'\\>\\<strong\\>R\\<\\\/strong\\>\u00e9pertoire \\<strong\\>N\\<\\\/strong\\>ational des \\<strong\\>A\\<\\\/strong\\>ssociations\\<\\\/span\\>\\<\\\/p\\>\"; toolTips('.classtoolTips159',tt_store_content,'24374'); <\/script><script type=\"text\/javascript\"> var tt_store_content = \"\\<\/p>\n<p style\\='text\\-align\\: center;'\\>\\<strong\\>\\<span style\\='font\\-size\\: 14pt;'\\>G\\<\\\/span\\>\\<\\\/strong\\>\\<span style\\='font\\-size\\: 14pt;'\\>az \u00e0 \\<strong\\>E\\<\\\/strong\\>ffet de \\<strong\\>S\\<\\\/strong\\>erre\\<\\\/span\\>\\<\\\/p\\><br \/>\\<\/p>\n<p style\\='text\\-align\\: justify;'\\>Les gaz \u00e0 effet de serre \\(<span class='tooltipsall tooltip_post_id_7232 classtoolTips161'>GES<\/span>\\) sont des composants gazeux qui absorbent le rayonnement infrarouge \u00e9mis par la surface terrestre et contribuent \u00e0 l'effet de serre\\. L'augmentation de leur concentration dans l'atmosph\u00e8re terrestre est l'un des facteurs \u00e0 l'origine du r\u00e9chauffement climatique\\.\\<\\\/p\\><br \/>\\<a href\\='https\\:\\\/\\\/fr\\.wikipedia\\.org\\\/wiki\\\/Gaz_%C3%A0_effet_de_serre' target\\='_blank' rel\\='noopener'\\>\\<em\\>Voir ici la fiche Wikipedia sur les gaz \u00e0 effet de serre\\<\\\/em\\>\\<\\\/a\\>\"; toolTips('.classtoolTips161',tt_store_content,'7232'); <\/script><script type=\"text\/javascript\"> var tt_store_content = \"\\<\/p>\n<p style\\='text\\-align\\: center;'\\>\\<strong\\>Autorit\u00e9 de S\u00fbret\u00e9 Nucl\u00e9aire\\<\\\/strong\\>\\<\\\/p\\>\"; toolTips('.classtoolTips163',tt_store_content,'3650'); <\/script><script type=\"text\/javascript\"> var tt_store_content = \"\\<\/p>\n<p style\\='text\\-align\\: justify'\\>La \u00ab\u00a0\\<b\\>programmation pluriannuelle de l'\u00e9nergie\\<\\\/b\\>\u00a0\u00bb \\(<span class='tooltipsall tooltip_post_id_7750 classtoolTips164'>PPE<\/span>\\) est, en France, un document strat\u00e9gique de pilotage de la transition \u00e9nerg\u00e9tique\\. Institu\u00e9e par l'article 176 de la \\<a title\\='Loi relative \u00e0 la transition \u00e9nerg\u00e9tique pour la croissance verte' href\\='https\\:\\\/\\\/fr\\.wikipedia\\.org\\\/wiki\\\/Loi_relative_%C3%A0_la_transition_%C3%A9nerg%C3%A9tique_pour_la_croissance_verte'\\>loi de transition \u00e9nerg\u00e9tique\\<\\\/a\\> \\(TECV\\), elle fixe une trajectoire pour le \\<a title\\='Mix \u00e9nerg\u00e9tique' href\\='https\\:\\\/\\\/fr\\.wikipedia\\.org\\\/wiki\\\/Mix_%C3%A9nerg%C3%A9tique'\\>mix \u00e9nerg\u00e9tique\\<\\\/a\\>, ainsi que \\<span class\\='citation'\\>\u00ab\u00a0les priorit\u00e9s d'action pour la gestion de l\u2019ensemble des formes d'\u00e9nergie sur le territoire m\u00e9tropolitain continental, afin d\u2019atteindre les objectifs nationaux fix\u00e9s par la loi\u00a0\u00bb\\<\\\/span\\>\\. \\(Wikip\u00e9dia\\)\\<\\\/p\\>\"; toolTips('.classtoolTips164',tt_store_content,'7750'); <\/script><script type=\"text\/javascript\"> var tt_store_content = \"\\<\/p>\n<p style\\='text\\-align\\: justify'\\>La \u00ab\u00a0\\<b\\>programmation pluriannuelle de l'\u00e9nergie\\<\\\/b\\>\u00a0\u00bb \\(PPE\\) est, en France, un document strat\u00e9gique de pilotage de la transition \u00e9nerg\u00e9tique\\. Institu\u00e9e par l'article 176 de la \\<a title\\='Loi relative \u00e0 la transition \u00e9nerg\u00e9tique pour la croissance verte' href\\='https\\:\\\/\\\/fr\\.wikipedia\\.org\\\/wiki\\\/Loi_relative_%C3%A0_la_transition_%C3%A9nerg%C3%A9tique_pour_la_croissance_verte'\\>loi de transition \u00e9nerg\u00e9tique\\<\\\/a\\> \\(TECV\\), elle fixe une trajectoire pour le \\<a title\\='Mix \u00e9nerg\u00e9tique' href\\='https\\:\\\/\\\/fr\\.wikipedia\\.org\\\/wiki\\\/Mix_%C3%A9nerg%C3%A9tique'\\>mix \u00e9nerg\u00e9tique\\<\\\/a\\>, ainsi que \\<span class\\='citation'\\>\u00ab\u00a0les priorit\u00e9s d'action pour la gestion de l\u2019ensemble des formes d'\u00e9nergie sur le territoire m\u00e9tropolitain continental, afin d\u2019atteindre les objectifs nationaux fix\u00e9s par la loi\u00a0\u00bb\\<\\\/span\\>\\. \\(Wikip\u00e9dia\\)\\<\\\/p\\>\"; toolTips('.classtoolTips164',tt_store_content,'7750'); <\/script><script type=\"text\/javascript\"> var tt_store_content = \"\\<\/p>\n<p style\\='text\\-align\\: justify;'\\>Le Conseil d'Orientation des Retraites est une instance qui r\u00e9unit &nbsp;\\<span class\\='st'\\>les principaux acteurs du champ des retraites\\<\\\/span\\> et effectue un travail d'\u00e9tudes et de concertation\\. Compos\u00e9 de parlementaires, de repr\u00e9sentants des organisations professionnelles et syndicales, des retrait\u00e9s et des familles, de membres de l'administration et d'experts, le Conseil d'orientation des retraites \\(<span class='tooltipsall tooltip_post_id_7751 classtoolTips165'>COR<\/span>\\) est plac\u00e9 aupr\u00e8s du Premier ministre\\.\\<\\\/p\\>\"; toolTips('.classtoolTips165',tt_store_content,'7751'); <\/script><script type=\"text\/javascript\"> var tt_store_content = \"Energies Renouvelables\"; toolTips('.classtoolTips167',tt_store_content,'7758'); <\/script><script type=\"text\/javascript\"> var tt_store_content = \"Energies Renouvelables\"; toolTips('.classtoolTips167',tt_store_content,'7758'); <\/script><script type=\"text\/javascript\"> var tt_store_content = \"\\<\/p>\n<p style\\='text\\-align\\: center;'\\>\\<span style\\='font\\-size\\: 14pt;'\\>\\<strong\\>O\\<\\\/strong\\>rganisation \\<strong\\>M\\<\\\/strong\\>\u00e9t\u00e9orologique \\<strong\\>M\\<\\\/strong\\>ondiale<br \/>\\<strong\\>W\\<\\\/strong\\>orld \\<strong\\>M\\<\\\/strong\\>eteorological \\<strong\\>O\\<\\\/strong\\>rganization\\<\\\/span\\>\\<\\\/p\\><br \/>&nbsp;<\/p>\n<p>\\<a href\\='https\\:\\\/\\\/public\\.wmo\\.int\\\/fr' target\\='_blank' rel\\='noopener'\\>\\<em\\>Acc\u00e9der ici au site de l'organisation\\<\\\/em\\>\\<\\\/a\\>\"; toolTips('.classtoolTips168',tt_store_content,'7763'); <\/script><script type=\"text\/javascript\"> var tt_store_content = \"\\<\/p>\n<p style\\='text\\-align\\: center;'\\>\\<span style\\='font\\-size\\: 14pt;'\\>\\<strong\\>\u00c9\\<\\\/strong\\>cole \\<strong\\>N\\<\\\/strong\\>ationale d'\\<strong\\>A\\<\\\/strong\\>dministration\\<\\\/span\\>\\<\\\/p\\>\"; toolTips('.classtoolTips170',tt_store_content,'5213'); <\/script><script type=\"text\/javascript\"> var tt_store_content = \"\\<\/p>\n<p style\\='text\\-align\\: center;'\\>\\<span style\\='font\\-size\\: 14pt;'\\>\u00c9cole des<br \/>\\<strong\\>H\\<\\\/strong\\>autes \\<strong\\>\u00c9\\<\\\/strong\\>tudes \\<strong\\>C\\<\\\/strong\\>ommerciales\\<\\\/span\\>\\<\\\/p\\>\"; toolTips('.classtoolTips171',tt_store_content,'5214'); <\/script><script type=\"text\/javascript\"> var tt_store_content = \"\\<\/p>\n<p style\\='text\\-align\\: justify'\\>\\<span class\\='ILfuVd'\\>La politique agricole commune \\(\\<b\\><span class='tooltipsall tooltip_post_id_11364 classtoolTips174'>PAC<\/span>\\<\\\/b\\>\\) est une politique mise en place \u00e0 l'\u00e9chelle de l'Union europ\u00e9enne\\. \u00c0 l'origine, elle est fond\u00e9e principalement sur des mesures de contr\u00f4le des prix et de subventionnement, visant \u00e0 moderniser et d\u00e9velopper l'agriculture\\.\\<\\\/span\\> \\(source Wikipedia\\)\\<\\\/p\\>\"; toolTips('.classtoolTips174',tt_store_content,'11364'); <\/script><script type=\"text\/javascript\"> var tt_store_content = \"\\<\/p>\n<p style\\='text\\-align\\: center;'\\>\\<span style\\='font\\-size\\: 14pt;'\\>\\<strong\\>P\\<\\\/strong\\>\\<\\\/span\\>\\<span style\\='font\\-size\\: 14pt;'\\>lan \\<strong\\>L\\<\\\/strong\\>\\<\\\/span\\>\\<span style\\='font\\-size\\: 14pt;'\\>ocal d'\\<strong\\>U\\<\\\/strong\\>\\<\\\/span\\>\\<span style\\='font\\-size\\: 14pt;'\\>rbanisme\\<\\\/span\\>\\<\\\/p\\><br \/>&nbsp;\"; toolTips('.classtoolTips176',tt_store_content,'4979'); <\/script><script type=\"text\/javascript\"> var tt_store_content = \"\\<p\\>Conseil \u00c9conomique et Social\\<\\\/p\\>\"; toolTips('.classtoolTips180',tt_store_content,'29829'); <\/script><script type=\"text\/javascript\"> var tt_store_content = \"\\<\/p>\n<p style\\='text\\-align\\: center;'\\>\\<span style\\='font\\-size\\: 14pt;'\\>\\<strong\\>A\\<\\\/strong\\>gence \\<strong\\>R\\<\\\/strong\\>\u00e9gionale de \\<strong\\>S\\<\\\/strong\\>ant\u00e9\\<\\\/span\\>\\<\\\/p\\>\"; toolTips('.classtoolTips188',tt_store_content,'18356'); <\/script><script type=\"text\/javascript\"> var tt_store_content = \"\\<\/p>\n<p style\\='text\\-align\\: center;'\\>\\<span style\\='font\\-size\\: 14pt;'\\>\\<strong\\>G\\<\\\/strong\\>roupement \\<strong\\>H\\<\\\/strong\\>ospitalier de \\<strong\\>T\\<\\\/strong\\>erritoire\\<\\\/span\\>\\<\\\/p\\><br \/>\\<\/p>\n<p style\\='text\\-align\\: justify;'\\>Les groupements hospitaliers de territoires, dispositif pr\u00e9vu par la loi de sant\u00e9 2016, sont un nouveau mode de coop\u00e9ration entre les \u00e9tablissements publics de sant\u00e9 \u00e0 l\u2019\u00e9chelle d\u2019un territoire\\<\\\/p\\>\"; toolTips('.classtoolTips189',tt_store_content,'18358'); <\/script><script type=\"text\/javascript\"> var tt_store_content = \"\\<\/p>\n<p style\\='text\\-align\\: center;'\\>\\<span style\\='font\\-size\\: 14pt;'\\>\\<strong\\>C\\<\\\/strong\\>omit\u00e9 \\<strong\\>T\\<\\\/strong\\>echnique d'\\<strong\\>\u00c9\\<\\\/strong\\>tablissement\\<\\\/span\\>\\<\\\/p\\>\"; toolTips('.classtoolTips191',tt_store_content,'18359'); <\/script><script type=\"text\/javascript\"> var tt_store_content = \"\\<\/p>\n<p style\\='text\\-align\\: center;'\\>\\<strong\\>\\<span style\\='font\\-size\\: 14pt;'\\>P\\<\\\/span\\>\\<\\\/strong\\>\\<span style\\='font\\-size\\: 14pt;'\\>rogrammation \\<strong\\>P\\<\\\/strong\\>luri\\-annuelle de l'\\<strong\\>\u00c9\\<\\\/strong\\>nergie\\<\\\/span\\>\\<\\\/p\\><br \/>La PPE est est en France un document strat\u00e9gique de pilotage de la transition \u00e9nerg\u00e9tique\\. Institu\u00e9e par l'article 176 de la loi transition \u00e9nerg\u00e9tique \\(TECV\\)\\. Elle fixe \\(par \u00e9nergie\\) une trajectoire pour le mix \u00e9nerg\u00e9tique, ainsi que \u00ab&nbsp;\\<em\\>les priorit\u00e9s d'action pour la gestion de l\u2019ensemble des formes d'\u00e9nergie sur le territoire m\u00e9tropolitain continental, afin d\u2019atteindre les objectifs nationaux fix\u00e9s par la loi\\<\\\/em\\>&nbsp;\u00bb\\.<\/p>\n<p>Initi\u00e9e en 2016, elle est r\u00e9vis\u00e9e en 2018 puis ensuite tous les 5 ans\\.<\/p>\n<p>\\<a href\\='https\\:\\\/\\\/fr\\.wikipedia\\.org\\\/wiki\\\/Programmation_pluriannuelle_de_l'\u00e9nergi' target\\='_blank' rel\\='noopener'\\>\\<em\\>Voir ici la page Wikipedia consacr\u00e9e \u00e0 la PPE\\<\\\/em\\>\\<\\\/a\\><br \/>\\<a href\\='https\\:\\\/\\\/ppe\\.debatpublic\\.fr\\\/' target\\='_blank' rel\\='noopener'\\>\\<em\\>Voir ici la page du site 'Commission du D\u00e9bat Public' consacr\u00e9e \u00e0 la PPE\\<\\\/em\\>\\<\\\/a\\>\"; toolTips('.classtoolTips193',tt_store_content,'7102'); <\/script><script type=\"text\/javascript\"> var tt_store_content = \"\\<\/p>\n<p style\\='text\\-align\\: center;'\\>\\<span style\\='font\\-size\\: 14pt;'\\>\\<strong\\>E\\<\\\/strong\\>volutionary \\<strong\\>P\\<\\\/strong\\>ower \\<strong\\>R\\<\\\/strong\\>eactor\\<\\\/span\\>\\<\\\/p\\><br \/>\\<\/p>\n<p style\\='text\\-align\\: justify;'\\>R\u00e9acteur nucl\u00e9aire de troisi\u00e8me g\u00e9n\u00e9ration \\(classification internationale\\), con\u00e7u et d\u00e9velopp\u00e9 par <span class='tooltipsall tooltip_post_id_5121 classtoolTips35'>Areva NP<\/span>&nbsp; au cours des ann\u00e9es 1990 et 2000\\. Il fait partie de la fili\u00e8re des r\u00e9acteurs \u00e0 eau pressuris\u00e9e\\.\\<\\\/p\\><br \/>\\<a href\\='https\\:\\\/\\\/fr\\.wikipedia\\.org\\\/wiki\\\/R%C3%A9acteur_pressuris%C3%A9_europ%C3%A9en' target\\='_blank' rel\\='noopener'\\>\\<em\\>Voir ici la fiche Wikipedia <span class='tooltipsall tooltip_post_id_5579 classtoolTips196'>EPR<\/span>\\<\\\/em\\>\\<\\\/a\\>\"; toolTips('.classtoolTips196',tt_store_content,'5579'); <\/script><script type=\"text\/javascript\"> var tt_store_content = \"\\<p\\><span class='tooltipsall tooltip_post_id_21204 classtoolTips199'>COV<\/span> \\= Compos\u00e9 Organique Volatile\\<\\\/p\\>\"; toolTips('.classtoolTips199',tt_store_content,'21204'); <\/script><script type=\"text\/javascript\"> var tt_store_content = \"\\<\/p>\n<p style\\='text\\-align\\: center;'\\>\\<strong\\>R\\<\\\/strong\\>\u00e9seau \\<strong\\>A\\<\\\/strong\\>ction \\<strong\\>C\\<\\\/strong\\>limat\\<\\\/p\\><br \/>Le r\u00e9seau Action Climat '\\<em\\>f\u00e9d\u00e8re les associations impliqu\u00e9es dans la lutte contre les changements climatiques et pour une transition \u00e9cologique, solidaire et \u00e9quitable\\<\\\/em\\>'\\.<\/p>\n<p>\\<a href\\='https\\:\\\/\\\/reseauactionclimat\\.org\\\/' target\\='_blank' rel\\='noopener'\\>Voir le site du <span class='tooltipsall tooltip_post_id_4309 classtoolTips200'>RAC<\/span>\\<\\\/a\\>\"; toolTips('.classtoolTips200',tt_store_content,'4309'); <\/script><script type=\"text\/javascript\"> var tt_store_content = \"\\<\/p>\n<p style\\='text\\-align\\: center;'\\>\\<strong\\>\\<span style\\='font\\-size\\: 14pt;'\\>R\\<\\\/span\\>\\<\\\/strong\\>\\<span style\\='font\\-size\\: 14pt;'\\>eferendum d'\\<strong\\>I\\<\\\/strong\\>nitiative \\<strong\\>C\\<\\\/strong\\>itoyenne\\<\\\/span\\>\\<\\\/p\\>\"; toolTips('.classtoolTips205',tt_store_content,'12268'); <\/script><script type=\"text\/javascript\"> var tt_store_content = \"\\<p\\><span class='tooltipsall tooltip_post_id_25844 classtoolTips208'>RTE<\/span> \\= R\u00e9seau de Transport d'Electricit\u00e9 est une filiale d'<span class='tooltipsall tooltip_post_id_7035 classtoolTips178'>EDF<\/span> qui est l'actionnaire majoritaire avec 50,1% des parts le reste \u00e9tant partag\u00e9 par la CDC et la CNP\\<\\\/p\\>\"; toolTips('.classtoolTips208',tt_store_content,'25844'); <\/script><script type=\"text\/javascript\"> var tt_store_content = \"\\<\/p>\n<p style\\='text\\-align\\: center;'\\>\\<span style\\='font\\-size\\: 14pt;'\\>\\<strong\\>O\\<\\\/strong\\>rganisation\\<strong\\> N\\<\\\/strong\\>on\\<strong\\> G\\<\\\/strong\\>ouvernementale\\<\\\/span\\>\\<\\\/p\\><br \/>Une organisation non gouvernementale \\(<span class='tooltipsall tooltip_post_id_3579 classtoolTips210'>ONG<\/span>\\) est une \\<a title\\='Association \u00e0 but non lucratif' href\\='https\\:\\\/\\\/fr\\.wikipedia\\.org\\\/wiki\\\/Association_%C3%A0_but_non_lucratif' target\\='_blank' rel\\='noopener'\\>association \u00e0 but non lucratif\\<\\\/a\\>, d'int\u00e9r\u00eat public, qui ne rel\u00e8ve ni de l'\u00c9tat, ni d'institutions internationales\\<sup id\\='cite_ref\\-novethic_1\\-0' class\\='reference'\\>\\<\\\/sup\\>\\. Les ONG n'ont pas le statut de sujet de \\<a title\\='Droit international public' href\\='https\\:\\\/\\\/fr\\.wikipedia\\.org\\\/wiki\\\/Droit_international_public' target\\='_blank' rel\\='noopener'\\>droit international\\<\\\/a\\>\\.\"; toolTips('.classtoolTips210',tt_store_content,'3579'); <\/script><script type=\"text\/javascript\"> var tt_store_content = \"\\<\/p>\n<p style\\='text\\-align\\: center;'\\>\\<span style\\='font\\-size\\: 14pt;'\\>\\<strong\\>O\\<\\\/strong\\>rganisation\\<strong\\> N\\<\\\/strong\\>on\\<strong\\> G\\<\\\/strong\\>ouvernementale\\<\\\/span\\>\\<\\\/p\\><br \/>Une organisation non gouvernementale \\(ONG\\) est une \\<a title\\='Association \u00e0 but non lucratif' href\\='https\\:\\\/\\\/fr\\.wikipedia\\.org\\\/wiki\\\/Association_%C3%A0_but_non_lucratif' target\\='_blank' rel\\='noopener'\\>association \u00e0 but non lucratif\\<\\\/a\\>, d'int\u00e9r\u00eat public, qui ne rel\u00e8ve ni de l'\u00c9tat, ni d'institutions internationales\\<sup id\\='cite_ref\\-novethic_1\\-0' class\\='reference'\\>\\<\\\/sup\\>\\. Les ONG n'ont pas le statut de sujet de \\<a title\\='Droit international public' href\\='https\\:\\\/\\\/fr\\.wikipedia\\.org\\\/wiki\\\/Droit_international_public' target\\='_blank' rel\\='noopener'\\>droit international\\<\\\/a\\>\\.\"; toolTips('.classtoolTips210',tt_store_content,'3579'); <\/script><script type=\"text\/javascript\"> var tt_store_content = \"\\<p\\><span class='tooltipsall tooltip_post_id_24572 classtoolTips211'>MIT<\/span> \\= Massachussets Institute of Technology, prestigieuse universit\u00e9 am\u00e9ricaine de la c\u00f4te est\\<\\\/p\\>\"; toolTips('.classtoolTips211',tt_store_content,'24572'); <\/script><script type=\"text\/javascript\"> var tt_store_content = \"\\<p\\>d\u00e9chets \u00e0 Vie Courte \\(classement <span class='tooltipsall tooltip_post_id_3612 classtoolTips79'>ANDRA<\/span>\\)\\<\\\/p\\>\"; toolTips('.classtoolTips212',tt_store_content,'19201'); <\/script><script type=\"text\/javascript\"> var tt_store_content = \"\\<\/p>\n<p style\\='text\\-align\\: center;'\\>\\<strong\\>J\\<\\\/strong\\>eux \\<strong\\>O\\<\\\/strong\\>lympiques<br \/>ou<br \/>\\<strong\\>J\\<\\\/strong\\>ournal \\<strong\\>O\\<\\\/strong\\>fficiel de la R\u00e9publique Fran\u00e7aise\\<\\\/p\\>\"; toolTips('.classtoolTips213',tt_store_content,'4451'); <\/script><script type=\"text\/javascript\"> var tt_store_content = \"\\<p\\><span class='tooltipsall tooltip_post_id_30593 classtoolTips214'>RN<\/span> \\= Rassemble National, c'est le parti d'extr\u00eame droite de Marine Le Pen qui succ\u00e8de au FN \\= Front National fond\u00e9 par son p\u00e8re Jean Marie Le Pen\\<\\\/p\\>\"; toolTips('.classtoolTips214',tt_store_content,'30593'); <\/script><script type=\"text\/javascript\"> var tt_store_content = \"<\/p>\n<div class='tooltips_youtube_class' ><iframe width='100%' height='100%' src='http:\/\/www.youtube.com\/embed\/terawatt?rel=0&autoplay=1' frameborder='0' allowfullscreen><\/iframe><\/div>\n<p>\\<p\\>\\<strong\\>TERAWATT \\(<span class='tooltipsall tooltip_post_id_30105 classtoolTips219'>TW<\/span>\\) \\= 1000 000 000 000 <span class='tooltipsall tooltip_post_id_30101 classtoolTips216'>KW<\/span>\\<\\\/strong\\>\\<\\\/p\\>\"; toolTips('.classtoolTips219',tt_store_content,'30105'); <\/script><script type=\"text\/javascript\"> var tt_store_content = \"\\<\/p>\n<p style\\='text\\-align\\: center;'\\>\\<span style\\='font\\-size\\: 14pt;'\\>\\<strong\\>C\\<\\\/strong\\>entre \\<strong\\>H\\<\\\/strong\\>ospitalier\\<\\\/span\\>\\<\\\/p\\>\"; toolTips('.classtoolTips220',tt_store_content,'18357'); <\/script><script type=\"text\/javascript\"> var tt_store_content = \"\\<\/p>\n<p style\\='text\\-align\\: center;'\\>\\<span style\\='font\\-size\\: 14pt;'\\>\\<strong\\><span class='tooltipsall tooltip_post_id_21736 classtoolTips222'>nm<\/span> \\= n\\<\\\/strong\\>ano\\<strong\\>m\\<\\\/strong\\>\u00e8tre \\<\\\/span\\>\\<\\\/p\\><br \/>\\<\/p>\n<p style\\='text\\-align\\: justify;'\\>\\<em\\>le <span class='tooltipsall tooltip_post_id_21736 classtoolTips222'>nanom\u00e8tre<\/span>, de symbole nm, est une unit\u00e9 de longueur du Syst\u00e8me international\\. C'est un sous\\-multiple du m\u00e8tre, il vaut un milliardi\u00e8me de m\u00e8tre, soit un millioni\u00e8me de millim\u00e8tre\\.\\<\\\/em\\>\\<\\\/p\\><br \/>\\<\/p>\n<p style\\='text\\-align\\: center;'\\>\\<strong\\>\\<em\\> 1 nm \\= 10\u207b\u00b3 \u00b5m \\= 10\\<sup\\>\u20136\\<\\\/sup\\> mm \\= 10\\<sup\\>\u20139\\<\\\/sup\\> m\\.\\<\\\/em\\>\\<\\\/strong\\>\\<\\\/p\\>\"; toolTips('.classtoolTips222',tt_store_content,'21736'); <\/script><script type=\"text\/javascript\"> var tt_store_content = \"\\<p\\>D\u00e9chets radioactifs \u00e0 Haute Activit\u00e9 \\(classement ANDRA\\)\\<\\\/p\\>\"; toolTips('.classtoolTips223',tt_store_content,'19196'); <\/script><\/p>\n","protected":false},"author":21,"featured_media":0,"parent":1981,"menu_order":0,"comment_status":"closed","ping_status":"closed","template":"","meta":{"_acf_changed":false,"ngg_post_thumbnail":0,"footnotes":""},"coauthors":[76],"class_list":["post-2161","page","type-page","status-publish","hentry","no-thumb"],"acf":[],"jetpack_sharing_enabled":true,"jetpack_shortlink":"https:\/\/wp.me\/P9B5TM-yR","_links":{"self":[{"href":"https:\/\/le-clairon-nouveau.fr\/wordpress\/wp-json\/wp\/v2\/pages\/2161","targetHints":{"allow":["GET"]}}],"collection":[{"href":"https:\/\/le-clairon-nouveau.fr\/wordpress\/wp-json\/wp\/v2\/pages"}],"about":[{"href":"https:\/\/le-clairon-nouveau.fr\/wordpress\/wp-json\/wp\/v2\/types\/page"}],"author":[{"embeddable":true,"href":"https:\/\/le-clairon-nouveau.fr\/wordpress\/wp-json\/wp\/v2\/users\/21"}],"replies":[{"embeddable":true,"href":"https:\/\/le-clairon-nouveau.fr\/wordpress\/wp-json\/wp\/v2\/comments?post=2161"}],"version-history":[{"count":0,"href":"https:\/\/le-clairon-nouveau.fr\/wordpress\/wp-json\/wp\/v2\/pages\/2161\/revisions"}],"up":[{"embeddable":true,"href":"https:\/\/le-clairon-nouveau.fr\/wordpress\/wp-json\/wp\/v2\/pages\/1981"}],"wp:attachment":[{"href":"https:\/\/le-clairon-nouveau.fr\/wordpress\/wp-json\/wp\/v2\/media?parent=2161"}],"wp:term":[{"taxonomy":"author","embeddable":true,"href":"https:\/\/le-clairon-nouveau.fr\/wordpress\/wp-json\/wp\/v2\/coauthors?post=2161"}],"curies":[{"name":"wp","href":"https:\/\/api.w.org\/{rel}","templated":true}]}}