{"id":24218,"date":"2021-03-23T21:57:39","date_gmt":"2021-03-23T20:57:39","guid":{"rendered":"https:\/\/le-clairon-nouveau.fr\/wordpress\/?page_id=24218"},"modified":"2021-03-23T22:15:08","modified_gmt":"2021-03-23T21:15:08","slug":"la-chronique-des-successeurs-v01r00","status":"publish","type":"page","link":"https:\/\/le-clairon-nouveau.fr\/wordpress\/pages-visibles\/actualites\/la-chronique-des-successeurs-v01r00\/","title":{"rendered":"La Chronique des Successeurs"},"content":{"rendered":"<div class=\"pt-cv-wrapper\"><div class=\"cvp-live-filter cvp-dropdown \" id=\"\" data-name=\"tx_edition\" data-sid=\"94b53d6xv9\"><label class=\"cvp-label\">Choisir le n\u00b0 de Parution<\/label><select name=\"tx_edition\"><option value=\"\">Toutes les parutions<\/option><option value=\"edi_00111\" >Edition n\u00b0 111 Juillet-Septembre 2024<span class=\"cvp-count\"> (1)<\/span><\/option><option value=\"edi_00093\" >Edition n\u00b0 93 D\u00e9cembre 2022 &#8211; Janvier 2023<span class=\"cvp-count\"> (1)<\/span><\/option><option value=\"edi_00087\" >Edition n\u00b0 87 Mai-Juin 2022<span class=\"cvp-count\"> (1)<\/span><\/option><option value=\"edi_00086\" >Edition n\u00b0 86 Avril-Mai 2022<span class=\"cvp-count\"> (1)<\/span><\/option><option value=\"edi_00084\" >Edition n\u00b0 84 F\u00e9vrier-Mars 2022<span class=\"cvp-count\"> (1)<\/span><\/option><option value=\"edi_00081\" >Edition n\u00b0 81 Novembre-D\u00e9cembre 2021<span class=\"cvp-count\"> (1)<\/span><\/option><option value=\"edi_00080\" >Edition n\u00b0 80 Octobre-Novembre 2021<span class=\"cvp-count\"> (1)<\/span><\/option><option value=\"edi_00079\" >Edition n\u00b0 79 Septembre-Octobre 2021<span class=\"cvp-count\"> (1)<\/span><\/option><option value=\"edi_00078\" >Edition n\u00b0 78 Juillet-Septembre 2021<span class=\"cvp-count\"> (1)<\/span><\/option><option value=\"edi_00077\" >Edition n\u00b0 77 Juin-Juillet 2021<span class=\"cvp-count\"> (1)<\/span><\/option><option value=\"edi_00076\" >Edition n\u00b0 76 Mai-Juin 2021<span class=\"cvp-count\"> (1)<\/span><\/option><option value=\"edi_00075\" >Edition n\u00b0 75 Avril-Mai 2021<span class=\"cvp-count\"> (1)<\/span><\/option><option value=\"edi_00074\" >Edition n\u00b0 74 Mars-Avril 2021<span class=\"cvp-count\"> (1)<\/span><\/option><option value=\"edi_00072\" >Edition n\u00b0 72 Janvier-F\u00e9vrier 2021<span class=\"cvp-count\"> (1)<\/span><\/option><\/select><\/div><div class=\"pt-cv-view pt-cv-grid pt-cv-colsys pt-cv-pgregular\" id=\"pt-cv-view-94b53d6xv9\"><div data-id=\"pt-cv-page-1\" class=\"pt-cv-page\" data-cvc=\"1\"><div class=\"col-md-12 col-sm-12 col-xs-12 pt-cv-content-item pt-cv-2-col\"  data-pid=\"30242\"><div class='pt-cv-ifield'><h4 class=\"pt-cv-title\"><a href=\"https:\/\/le-clairon-nouveau.fr\/wordpress\/blog\/2024\/07\/23\/no-bassaran\/\" class=\"_self cvplbd\" target=\"_self\" >No Bassaran !<\/a><\/h4>\n<div class=\"pt-cv-meta-fields\"><span class=\"author\"><span class=\"glyphicon glyphicon-user\"><\/span> <a href=\"https:\/\/le-clairon-nouveau.fr\/wordpress\/blog\/author\/lenaw\/\" rel=\"author\">Lena Waag<\/a><\/span><span class=\"entry-date\"><span class=\"glyphicon glyphicon-calendar\"><\/span> <time datetime=\"2024-07-23T12:30:00+02:00\">23 juillet 2024<\/time><\/span><\/div>\n<div class=\"pt-cv-content\">\u00a0 Le \u00ab\u00a0Clairon\u00a0\u00bb \u00e0 trouv\u00e9 utile de faire conna\u00eetre \u00e0 ses lecteurs ce t\u00e9moignage d&rsquo;une jeune femme pr\u00e9sente \u00e0 la manifestation pacifique de Melle dans le Poitou. Son analyse et son ton mod\u00e9r\u00e9 contrastent avec les annonces catastrophistes la mise en sc\u00e8ne disproportionn\u00e9e et les brutalit\u00e9s perp\u00e9tr\u00e9es par le gouvernement et tout particuli\u00e8rement son ministre de l&rsquo;Int\u00e9rieur. La r\u00e9daction Accueil au village de l&rsquo;eau (photo L Waag) En juillet, \u00e0 l&rsquo;approche des Jeux Olympiques de Paris, l&rsquo;attention mondiale se tourne vers cet \u00e9v\u00e9nement, tandis que la lutte pour l&rsquo;eau comme bien commun et pour l&rsquo;agriculture paysanne continue. Un an apr\u00e8s la mobilisation (et une r\u00e9pression d\u00e9mesur\u00e9ment violente) \u00e0 Sainte-Soline et malgr\u00e9 l&rsquo;intensification des protestations anti-bassines, le gouvernement s\u2019obstine \u00e0 passer ... <a href=\"https:\/\/le-clairon-nouveau.fr\/wordpress\/blog\/2024\/07\/23\/no-bassaran\/\" class=\"_self pt-cv-readmore pt-cv-textlink cvplbd\" target=\"_self\">Lire la suite<\/a><\/div><\/div><\/div>\n<div class=\"col-md-12 col-sm-12 col-xs-12 pt-cv-content-item pt-cv-2-col\"  data-pid=\"27326\"><div class='pt-cv-ifield'><h4 class=\"pt-cv-title\"><a href=\"https:\/\/le-clairon-nouveau.fr\/wordpress\/blog\/2022\/12\/23\/au-pays-des-irresponsables\/\" class=\"_self cvplbd\" target=\"_self\" >AU PAYS DES IRRESPONSABLES<\/a><\/h4>\n<div class=\"pt-cv-meta-fields\"><span class=\"author\"><span class=\"glyphicon glyphicon-user\"><\/span> <a href=\"https:\/\/le-clairon-nouveau.fr\/wordpress\/blog\/author\/lenaw\/\" rel=\"author\">Lena Waag<\/a><\/span><span class=\"entry-date\"><span class=\"glyphicon glyphicon-calendar\"><\/span> <time datetime=\"2022-12-23T12:30:45+01:00\">23 d\u00e9cembre 2022<\/time><\/span><\/div>\n<div class=\"pt-cv-content\">D\u00e9mant\u00e8lement d&rsquo;un campement (Photo \u00ab Help for Dunkerque \u00bb) Avec l\u2019hiver qui arrive, je ne peux m\u2019emp\u00eacher de penser aux personnes qui survivent \u00e0 la fronti\u00e8re franco-britannique : sur les camps informels de Calais et Grande Synthe. De nombreuses autres personnes ont remplac\u00e9 celles que j\u2019avais rencontr\u00e9es, et pourtant je peux imaginer leur m\u00eame d\u00e9tresse et d\u00e9sespoir. A Grande Synthe, o\u00f9 j\u2019\u00e9tais il y a 9 mois, les conditions de survie se sont encore d\u00e9t\u00e9rior\u00e9es et les associations qui agissent sur place\u00a0: Utopia 56, Roots, Help for Dunkerque, woodyard, refugee Community Kitchen, Project Play, manquent de b\u00e9n\u00e9voles. Cet hiver encore, des milliers de personnes exil\u00e9es survivent dehors\u00a0: dans les rues de Calais ou de Grande Synthe, dans les camps informels ... <a href=\"https:\/\/le-clairon-nouveau.fr\/wordpress\/blog\/2022\/12\/23\/au-pays-des-irresponsables\/\" class=\"_self pt-cv-readmore pt-cv-textlink cvplbd\" target=\"_self\">Lire la suite<\/a><\/div><\/div><\/div>\n<div class=\"col-md-12 col-sm-12 col-xs-12 pt-cv-content-item pt-cv-2-col\"  data-pid=\"26460\"><div class='pt-cv-ifield'><h4 class=\"pt-cv-title\"><a href=\"https:\/\/le-clairon-nouveau.fr\/wordpress\/blog\/2022\/05\/23\/un-temoignage-sur-le-sort-des-emigrants-masses-a-calais\/\" class=\"_self cvplbd\" target=\"_self\" >Un t\u00e9moignage sur le sort des \u00e9migrants mass\u00e9s \u00e0 Calais<\/a><\/h4>\n<div class=\"pt-cv-meta-fields\"><span class=\"author\"><span class=\"glyphicon glyphicon-user\"><\/span> <a href=\"https:\/\/le-clairon-nouveau.fr\/wordpress\/blog\/author\/lenaw\/\" rel=\"author\">Lena Waag<\/a><\/span><span class=\"entry-date\"><span class=\"glyphicon glyphicon-calendar\"><\/span> <time datetime=\"2022-05-23T12:30:33+02:00\">23 mai 2022<\/time><\/span><\/div>\n<div class=\"pt-cv-content\">\u00ab\u00a0They don\u2019t want us to stay here, but they don\u2019t let us go to England\u201d. (Ils ne veulent pas que nous restions ici, mais ils ne nous laissent pas aller en Angleterre). Personne ne peut imaginer ce qui se passe \u00e0 Calais, \u00e0 moins de venir le voir de ses propres yeux. Il m\u2019a fallu du temps et du recul avant de pouvoir mettre des mots sur la situation l\u00e0-bas ; je ne savais pas par quoi commencer, et comment bien raconter, de la mani\u00e8re la plus juste qui soit, en accord avec tout ce que j\u2019ai vu, ressenti, et compris. Comment raconter l\u2019absurdit\u00e9 complexe d\u2019un syst\u00e8me, la preuve d\u2019un \u00e9chec tout entier dont personne ne veut assumer la responsabilit\u00e9\u00a0; ... <a href=\"https:\/\/le-clairon-nouveau.fr\/wordpress\/blog\/2022\/05\/23\/un-temoignage-sur-le-sort-des-emigrants-masses-a-calais\/\" class=\"_self pt-cv-readmore pt-cv-textlink cvplbd\" target=\"_self\">Lire la suite<\/a><\/div><\/div><\/div>\n<div class=\"col-md-12 col-sm-12 col-xs-12 pt-cv-content-item pt-cv-2-col\"  data-pid=\"26266\"><div class='pt-cv-ifield'><h4 class=\"pt-cv-title\"><a href=\"https:\/\/le-clairon-nouveau.fr\/wordpress\/blog\/2022\/04\/23\/chili-france-lextreme-droite-menace\/\" class=\"_self cvplbd\" target=\"_self\" >Chili \/ France : l\u2019extr\u00eame droite menace<\/a><\/h4>\n<div class=\"pt-cv-meta-fields\"><span class=\"author\"><span class=\"glyphicon glyphicon-user\"><\/span> <a href=\"https:\/\/le-clairon-nouveau.fr\/wordpress\/blog\/author\/lenaw\/\" rel=\"author\">Lena Waag<\/a><\/span><span class=\"entry-date\"><span class=\"glyphicon glyphicon-calendar\"><\/span> <time datetime=\"2022-04-23T12:30:43+02:00\">23 avril 2022<\/time><\/span><\/div>\n<div class=\"pt-cv-content\">Ce moi-ci Lena Waag nous pr\u00e9sente un texte d\u2019un ami chilien. Il lui a paru int\u00e9ressant de le publier dans le Clairon dans ces circonstances pr\u00e9cises d\u2019un 2\u00e8me tour des pr\u00e9sidentielles suivis des \u00e9lections l\u00e9gislatives en esp\u00e9rant que cela nous aide \u00e0 r\u00e9fl\u00e9chir ! Place aux jeunes ! La r\u00e9daction \u00a0manifestation Chili (image Mauro de Pixabay)\u00a0\u00a0\u00a0\u00a0\u00a0\u00a0\u00a0\u00a0\u00a0\u00a0\u00a0\u00a0\u00a0\u00a0 \u00a0\u00a0manifestation France (image Benjamin Bellier de Pixabay) Je m&rsquo;appelle Pedro Troncoso, j&rsquo;ai 22 ans. J\u2019ai pass\u00e9 20 ans de ma vie au Chili : j\u2019y suis n\u00e9 et j\u2019y ai grandi. Au Lyc\u00e9e Charles de Gaulle de Concepci\u00f3n, j&rsquo;ai \u00e9t\u00e9 initi\u00e9 pour la premi\u00e8re fois et pour longtemps \u00e0 la culture fran\u00e7aise, ce qui m&rsquo;a motiv\u00e9 \u00e0 venir vivre en France, dans la ville ... <a href=\"https:\/\/le-clairon-nouveau.fr\/wordpress\/blog\/2022\/04\/23\/chili-france-lextreme-droite-menace\/\" class=\"_self pt-cv-readmore pt-cv-textlink cvplbd\" target=\"_self\">Lire la suite<\/a><\/div><\/div><\/div>\n<div class=\"col-md-12 col-sm-12 col-xs-12 pt-cv-content-item pt-cv-2-col\"  data-pid=\"25845\"><div class='pt-cv-ifield'><h4 class=\"pt-cv-title\"><a href=\"https:\/\/le-clairon-nouveau.fr\/wordpress\/blog\/2022\/02\/23\/make-our-planet-great-again\/\" class=\"_self cvplbd\" target=\"_self\" >\u00ab Make our planet great again \u00bb<\/a><\/h4>\n<div class=\"pt-cv-meta-fields\"><span class=\"author\"><span class=\"glyphicon glyphicon-user\"><\/span> <a href=\"https:\/\/le-clairon-nouveau.fr\/wordpress\/blog\/author\/lenaw\/\" rel=\"author\">Lena Waag<\/a><\/span><span class=\"entry-date\"><span class=\"glyphicon glyphicon-calendar\"><\/span> <time datetime=\"2022-02-23T12:30:17+01:00\">23 f\u00e9vrier 2022<\/time><\/span><\/div>\n<div class=\"pt-cv-content\">La plan\u00e8te bleue et sa lune (image Arek Socha de Pixabay) En d\u00e9tournant le slogan de campagne de Donald Trump, Emmanuel Macron s\u2019\u00e9tait assur\u00e9 un succ\u00e8s \u00e9norme sur les r\u00e9seaux sociaux. \u00ab\u00a0Le climat doit \u00eatre au c\u0153ur du projet national et europ\u00e9en\u00a0\u00bb avait-il dit. On y croyait presque. Mais que s\u2019est-il r\u00e9ellement pass\u00e9 ces derni\u00e8res ann\u00e9es ? On sait le sabotage de la loi climat par les Lobbies et le gouvernement, et les propositions avort\u00e9es de la convention citoyenne qui avait pourtant pr\u00e9vu un ensemble de mesures coh\u00e9rent et complet. Ces m\u00eames Lobbies avaient aussi pouss\u00e9 \u00e0 la d\u00e9mission Nicolas Hulot, alors ministre de la transition \u00e9cologique. Le 15 d\u00e9cembre 2021, notre pr\u00e9sident dressait son bilan pendant 2h sur tf1, ... <a href=\"https:\/\/le-clairon-nouveau.fr\/wordpress\/blog\/2022\/02\/23\/make-our-planet-great-again\/\" class=\"_self pt-cv-readmore pt-cv-textlink cvplbd\" target=\"_self\">Lire la suite<\/a><\/div><\/div><\/div>\n<div class=\"col-md-12 col-sm-12 col-xs-12 pt-cv-content-item pt-cv-2-col\"  data-pid=\"25426\"><div class='pt-cv-ifield'><h4 class=\"pt-cv-title\"><a href=\"https:\/\/le-clairon-nouveau.fr\/wordpress\/blog\/2021\/11\/23\/lodeur-de-lessence-un-texte-politique-explosif-et-hautement-rhetorique\/\" class=\"_self cvplbd\" target=\"_self\" >\u00ab L\u2019odeur de l\u2019essence \u00bb &#8211; Un texte politique explosif et hautement rh\u00e9torique.<\/a><\/h4>\n<div class=\"pt-cv-meta-fields\"><span class=\"author\"><span class=\"glyphicon glyphicon-user\"><\/span> <a href=\"https:\/\/le-clairon-nouveau.fr\/wordpress\/blog\/author\/lenaw\/\" rel=\"author\">Lena Waag<\/a><\/span><span class=\"entry-date\"><span class=\"glyphicon glyphicon-calendar\"><\/span> <time datetime=\"2021-11-23T12:30:59+01:00\">23 novembre 2021<\/time><\/span><\/div>\n<div class=\"pt-cv-content\">essence Image par PublicDomainPictures de Pixabay Quatre ans apr\u00e8s son dernier album \u00ab La f\u00eate est finie \u00bb, qui avait remport\u00e9 trois Victoires de la musique en 2018, Orelsan a sorti vendredi 19 novembre son quatri\u00e8me album en solo : Civilisation. Alors que la pr\u00e9-campagne \u00e9lectorale pour la pr\u00e9sidentielle de 2022 bat son plein, le rappeur sort un texte cinglant intitul\u00e9 \u00abl\u2019odeur de l\u2019essence\u00bb, pure critique de tous les \u00ableaders\u00bb pyromanes, ceux qui agitent, selon lui, les leviers incendiaires de la nostalgie, de la peur, de la haine, de la m\u00e9fiance et du d\u00e9sespoir. Le rappeur d\u00e9bite toute sa col\u00e8re contre notre soci\u00e9t\u00e9 actuelle et le climat anxiog\u00e8ne qui y r\u00e8gne, et d\u00e9crypte les causes qui pourraient nous mener au ... <a href=\"https:\/\/le-clairon-nouveau.fr\/wordpress\/blog\/2021\/11\/23\/lodeur-de-lessence-un-texte-politique-explosif-et-hautement-rhetorique\/\" class=\"_self pt-cv-readmore pt-cv-textlink cvplbd\" target=\"_self\">Lire la suite<\/a><\/div><\/div><\/div>\n<div class=\"col-md-12 col-sm-12 col-xs-12 pt-cv-content-item pt-cv-2-col\"  data-pid=\"25346\"><div class='pt-cv-ifield'><h4 class=\"pt-cv-title\"><a href=\"https:\/\/le-clairon-nouveau.fr\/wordpress\/blog\/2021\/10\/23\/si-cest-moi-qui-suis-fou\/\" class=\"_self cvplbd\" target=\"_self\" >Si c\u2019est moi qui suis fou<\/a><\/h4>\n<div class=\"pt-cv-meta-fields\"><span class=\"author\"><span class=\"glyphicon glyphicon-user\"><\/span> <a href=\"https:\/\/le-clairon-nouveau.fr\/wordpress\/blog\/author\/redact\/\" rel=\"author\">La R\u00e9daction du Clairon de l'Atax<\/a><\/span><span class=\"entry-date\"><span class=\"glyphicon glyphicon-calendar\"><\/span> <time datetime=\"2021-10-23T12:30:40+02:00\">23 octobre 2021<\/time><\/span><\/div>\n<div class=\"pt-cv-content\">Voici un po\u00e8me d&rsquo;un jeune strasbourgeois, Alberto, originaire du Venezuela. Alberto fait des \u00e9tudes pour devenir \u00e9ducateur sp\u00e9cialis\u00e9; l&rsquo;\u00e9criture occupe une fonction cathartique dans sa vie. Sous formes d&rsquo;essais et de po\u00e8mes, il ext\u00e9riorise ses \u00e9motions et essaie de retranscrire sa vision de la soci\u00e9t\u00e9. Lena Waag Si c\u2019est moi qui suis fou Si c&rsquo;est moi qui suis bizarre dites le moi ! S\u2019il vous pla\u00eet dites le moi !\u00a0 Enterrez-moi dans une cellule ou dans le coma, si c&rsquo;est moi qui suis bizarre. Si c&rsquo;est juste moi qui suis triste, et trop sensible, dites le moi.\u00a0 Oui, le poids que porte ma pierre de sang, enfouie dans ma poitrine, est celui d&rsquo;une armure bris\u00e9e par une constante adolescence. Oui ... <a href=\"https:\/\/le-clairon-nouveau.fr\/wordpress\/blog\/2021\/10\/23\/si-cest-moi-qui-suis-fou\/\" class=\"_self pt-cv-readmore pt-cv-textlink cvplbd\" target=\"_self\">Lire la suite<\/a><\/div><\/div><\/div>\n<div class=\"col-md-12 col-sm-12 col-xs-12 pt-cv-content-item pt-cv-2-col\"  data-pid=\"25242\"><div class='pt-cv-ifield'><h4 class=\"pt-cv-title\"><a href=\"https:\/\/le-clairon-nouveau.fr\/wordpress\/blog\/2021\/09\/23\/cette-fois-ci-un-film-les-sorcieres-darkelare\/\" class=\"_self cvplbd\" target=\"_self\" >Cette fois-ci un film : Les sorci\u00e8res d\u2019Ark\u00e9lare<\/a><\/h4>\n<div class=\"pt-cv-meta-fields\"><span class=\"author\"><span class=\"glyphicon glyphicon-user\"><\/span> <a href=\"https:\/\/le-clairon-nouveau.fr\/wordpress\/blog\/author\/lenaw\/\" rel=\"author\">Lena Waag<\/a><\/span><span class=\"entry-date\"><span class=\"glyphicon glyphicon-calendar\"><\/span> <time datetime=\"2021-09-23T12:30:39+02:00\">23 septembre 2021<\/time><\/span><\/div>\n<div class=\"pt-cv-content\">Les sorci\u00e8res d\u2019Ark\u00e9lare \u00a0 Les Sorci\u00e8res d&rsquo;Akelarre\u00a0: 2021, film r\u00e9alis\u00e9 par Pablo Ag\u00fcero avec Alex Brendem\u00fchl, Amaia Aberasturi \u00c9nigmes de la nature et fantasmes masculins, les femmes insolentes dont il est question dans ce film, furent coupables de f\u00e9minit\u00e9 et de libert\u00e9. Voici une histoire vraie, durant l\u2019inquisition, puissante et envoutante, o\u00f9 l\u2019autorit\u00e9 patriarcale est bouscul\u00e9e ; dans un monde o\u00f9 les hommes craignent les femmes qui n\u2019ont pas peur. Terrifiant d\u2019actualit\u00e9. Sorci\u00e8re Image par silphatristis de Pixabay \u00ab\u00a0Les sorci\u00e8res d\u2019Akelarre\u00a0\u00bb (Un mot qui signifie sabbat en basque), est un film \u00e0 petit budget, qui a re\u00e7u de nombreuses nominations et r\u00e9compenses en Espagne. Un hymne f\u00e9ministe ensorcelant d\u2019\u00e9l\u00e9gance et de courage. \u00a0 L\u2019histoire se passe au pays basque, en ... <a href=\"https:\/\/le-clairon-nouveau.fr\/wordpress\/blog\/2021\/09\/23\/cette-fois-ci-un-film-les-sorcieres-darkelare\/\" class=\"_self pt-cv-readmore pt-cv-textlink cvplbd\" target=\"_self\">Lire la suite<\/a><\/div><\/div><\/div>\n<div class=\"col-md-12 col-sm-12 col-xs-12 pt-cv-content-item pt-cv-2-col\"  data-pid=\"25042\"><div class='pt-cv-ifield'><h4 class=\"pt-cv-title\"><a href=\"https:\/\/le-clairon-nouveau.fr\/wordpress\/blog\/2021\/07\/23\/coup-de-gueule-encore-contre-lincoherence-et-labsurdite\/\" class=\"_self cvplbd\" target=\"_self\" >Coup de gueule (encore) contre l\u2019incoh\u00e9rence et l\u2019absurdit\u00e9.<\/a><\/h4>\n<div class=\"pt-cv-meta-fields\"><span class=\"author\"><span class=\"glyphicon glyphicon-user\"><\/span> <a href=\"https:\/\/le-clairon-nouveau.fr\/wordpress\/blog\/author\/lenaw\/\" rel=\"author\">Lena Waag<\/a><\/span><span class=\"entry-date\"><span class=\"glyphicon glyphicon-calendar\"><\/span> <time datetime=\"2021-07-23T12:30:16+02:00\">23 juillet 2021<\/time><\/span><\/div>\n<div class=\"pt-cv-content\">Un soir, j\u2019\u00e9tais tranquillement install\u00e9e \u00e0 la terrasse d\u2019un bar avec des amis, lorsque St\u00e9phane, un homme d\u2019une quarantaine d\u2019ann\u00e9es, s\u2019installe \u00e0 notre table et entame, dans un langage \u00e0 peine compr\u00e9hensible, un discours interminable \u00e0 propos du vaccin anti-Covid 19&#8230; St\u00e9phane nous a servi les arguments si fr\u00e9quents \u00a0par les temps qui courent : \u00ab\u00a0On est en dictature\u00a0les jeunes, je vous le dis\u00a0!\u00bb\u00a0 \u00ab\u00a0Connard de Macron\u00a0\u00bb \u00ab\u00a0On est plus libres\u00a0\u00bb etc., etc.\u2026. St\u00e9phane avait l\u2019air vraiment en col\u00e8re (j\u2019ai pens\u00e9 plus tard que cette col\u00e8re \u00e9tait certainement li\u00e9e au fait que sa femme venait de le quitter deux jours plus t\u00f4t, comme il nous l\u2019apprit quelques instants plus tard). De grosses veines \u00e9paisses ressortaient de son front en sueur.\u00a0 ... <a href=\"https:\/\/le-clairon-nouveau.fr\/wordpress\/blog\/2021\/07\/23\/coup-de-gueule-encore-contre-lincoherence-et-labsurdite\/\" class=\"_self pt-cv-readmore pt-cv-textlink cvplbd\" target=\"_self\">Lire la suite<\/a><\/div><\/div><\/div>\n<div class=\"col-md-12 col-sm-12 col-xs-12 pt-cv-content-item pt-cv-2-col\"  data-pid=\"24906\"><div class='pt-cv-ifield'><h4 class=\"pt-cv-title\"><a href=\"https:\/\/le-clairon-nouveau.fr\/wordpress\/blog\/2021\/06\/23\/colere-et-revolte-pour-la-fete-de-la-musique\/\" class=\"_self cvplbd\" target=\"_self\" >Col\u00e8re et r\u00e9volte pour la f\u00eate de la musique.<\/a><\/h4>\n<div class=\"pt-cv-meta-fields\"><span class=\"author\"><span class=\"glyphicon glyphicon-user\"><\/span> <a href=\"https:\/\/le-clairon-nouveau.fr\/wordpress\/blog\/author\/lenaw\/\" rel=\"author\">Lena Waag<\/a><\/span><span class=\"entry-date\"><span class=\"glyphicon glyphicon-calendar\"><\/span> <time datetime=\"2021-06-23T12:30:25+02:00\">23 juin 2021<\/time><\/span><\/div>\n<div class=\"pt-cv-content\">Free Party, Image par Free-Photos de Pixabay Le 21 juin 2019, disparaissait Steve Maia Cani\u00e7o, animateur p\u00e9riscolaire de 24 ans, noy\u00e9 dans la Loire \u00e0 Nantes apr\u00e8s une violente charge de police sur le quai Wilson o\u00f9 se tenait un rassemblement libre et festif. Le jeune homme s\u2019\u00e9tait rendu \u00e0 une soir\u00e9e \u00e9lectro sur les bords de la Loire, et son corps avait \u00e9t\u00e9 retrouv\u00e9 sans vie dans le Fleuve plus d\u2019un mois plus tard. Deux ans sont pass\u00e9s, et le parquet de Rennes vient seulement d\u2019\u00e9tablir que Steve \u00e9tait tomb\u00e9 \u00e0 l\u2019eau dans le m\u00eame temps que l\u2019intervention des forces de l\u2019ordre, pour disperser le rassemblement auquel le jeune homme participait. Ce week-end \u00e0 Redon, lors s\u2019une free party ... <a href=\"https:\/\/le-clairon-nouveau.fr\/wordpress\/blog\/2021\/06\/23\/colere-et-revolte-pour-la-fete-de-la-musique\/\" class=\"_self pt-cv-readmore pt-cv-textlink cvplbd\" target=\"_self\">Lire la suite<\/a><\/div><\/div><\/div><\/div><\/div>\n<div class=\"text-left pt-cv-pagination-wrapper\"><ul class=\"pt-cv-pagination pt-cv-ajax pagination\" data-totalpages=\"2\" data-currentpage=\"1\" data-sid=\"94b53d6xv9\" data-unid=\"\" data-isblock=\"\" data-postid=\"\"><li class=\"active\"><a href=\"#\">1<\/a><\/li>\n\t<li ><a class=\"\" href=\"https:\/\/le-clairon-nouveau.fr\/wordpress\/wp-json\/wp\/v2\/pages\/24218\/?_page=2\">2<\/a><\/li>\n\t<li ><a class=\" \" href=\"https:\/\/le-clairon-nouveau.fr\/wordpress\/wp-json\/wp\/v2\/pages\/24218\/?_page=2\">&rsaquo;<\/a><\/li>\n\t<\/ul><img loading=\"lazy\" decoding=\"async\" width=\"15\" height=\"15\" class=\"pt-cv-spinner\" alt=\"Chargement\u2026\" src=\"data:image\/gif;base64,R0lGODlhDwAPALMPAMrKygwMDJOTkz09PZWVla+vr3p6euTk5M7OzuXl5TMzMwAAAJmZmWZmZszMzP\/\/\/yH\/C05FVFNDQVBFMi4wAwEAAAAh+QQFCgAPACwAAAAADwAPAAAEQvDJaZaZOIcV8iQK8VRX4iTYoAwZ4iCYoAjZ4RxejhVNoT+mRGP4cyF4Pp0N98sBGIBMEMOotl6YZ3S61Bmbkm4mAgAh+QQFCgAPACwAAAAADQANAAAENPDJSRSZeA418itN8QiK8BiLITVsFiyBBIoYqnoewAD4xPw9iY4XLGYSjkQR4UAUD45DLwIAIfkEBQoADwAsAAAAAA8ACQAABC\/wyVlamTi3nSdgwFNdhEJgTJoNyoB9ISYoQmdjiZPcj7EYCAeCF1gEDo4Dz2eIAAAh+QQFCgAPACwCAAAADQANAAAEM\/DJBxiYeLKdX3IJZT1FU0iIg2RNKx3OkZVnZ98ToRD4MyiDnkAh6BkNC0MvsAj0kMpHBAAh+QQFCgAPACwGAAAACQAPAAAEMDC59KpFDll73HkAA2wVY5KgiK5b0RRoI6MuzG6EQqCDMlSGheEhUAgqgUUAFRySIgAh+QQFCgAPACwCAAIADQANAAAEM\/DJKZNLND\/kkKaHc3xk+QAMYDKsiaqmZCxGVjSFFCxB1vwy2oOgIDxuucxAMTAJFAJNBAAh+QQFCgAPACwAAAYADwAJAAAEMNAs86q1yaWwwv2Ig0jUZx3OYa4XoRAfwADXoAwfo1+CIjyFRuEho60aSNYlOPxEAAAh+QQFCgAPACwAAAIADQANAAAENPA9s4y8+IUVcqaWJ4qEQozSoAzoIyhCK2NFU2SJk0hNnyEOhKR2AzAAj4Pj4GE4W0bkJQIAOw==\" \/><div class=\"clear pt-cv-clear-pagination\"><\/div><\/div><\/div>\t\t\t<style type=\"text\/css\" id=\"pt-cv-inline-style-d5a07a6aj4\">#pt-cv-view-94b53d6xv9  .pt-cv-ifield   { background-color: #fff8ed !important; }\n#pt-cv-view-94b53d6xv9.pt-cv-post-border { margin: 0; border-top-width: 1px; border-left-width: 1px }\n#pt-cv-view-94b53d6xv9.pt-cv-post-border { margin: 0; border-top-style: solid; border-left-style: solid }\n#pt-cv-view-94b53d6xv9.pt-cv-post-border .pt-cv-content-item   { border-right-width: 1px; border-bottom-width: 1px; border-right-style: solid; border-bottom-style: solid; }\n#pt-cv-view-94b53d6xv9 .pt-cv-title a, #pt-cv-view-94b53d6xv9  .panel-title { font-family: 'Oswald', Arial, serif !important; color: #a52e26 !important; font-weight: 600 !important; display: block !important; text-align: left !important; clear: both !important; }\n#pt-cv-view-94b53d6xv9  .pt-cv-title a:hover, #pt-cv-view-94b53d6xv9  .panel-title:hover   { color: rgba(165,46,38,0.5) !important; }\n#pt-cv-view-94b53d6xv9 .pt-cv-content , #pt-cv-view-94b53d6xv9  .pt-cv-content *:not(.pt-cv-readmore):not(style):not(script) { font-size: 12px !important; line-height: 1.3 !important; color: #a52e26 !important; display: block !important; text-align: justify !important; clear: both !important; }\n#pt-cv-view-94b53d6xv9 .pt-cv-meta-fields * { color: #a52e26 !important; }\n#pt-cv-view-94b53d6xv9 .pt-cv-readmore  { color: #ff0000 !important; font-weight: 600 !important; }\n#pt-cv-view-94b53d6xv9 .pt-cv-readmore:hover  { color: rgba(255,0,0,0.43) !important; }\n#pt-cv-view-94b53d6xv9  + .pt-cv-pagination-wrapper .pt-cv-more-inactive , #pt-cv-view-94b53d6xv9  + .pt-cv-pagination-wrapper .pagination a { color: rgba(165,46,38,0.5) !important; }\n#pt-cv-view-94b53d6xv9  + .pt-cv-pagination-wrapper .pt-cv-more , #pt-cv-view-94b53d6xv9  + .pt-cv-pagination-wrapper .pagination .active a { color: #a52e26 !important; background-color: #fff8ed !important; }\n#pt-cv-gls-94b53d6xv9 li a   { font-weight: 600 !important; }\n#pt-cv-gls-94b53d6xv9 li a.pt-active   { color: #fff !important; background-color: #ff5a5f !important; }<\/style>\r\n\t\t\t<link href='\/\/fonts.googleapis.com\/css?family=Oswald' rel='stylesheet' type='text\/css'>\n","protected":false},"excerpt":{"rendered":"","protected":false},"author":1,"featured_media":24165,"parent":8298,"menu_order":0,"comment_status":"closed","ping_status":"closed","template":"","meta":{"_acf_changed":false,"ngg_post_thumbnail":0,"footnotes":""},"coauthors":[8],"class_list":["post-24218","page","type-page","status-publish","has-post-thumbnail","hentry","has-thumb"],"acf":[],"jetpack_sharing_enabled":true,"jetpack_shortlink":"https:\/\/wp.me\/P9B5TM-6iC","_links":{"self":[{"href":"https:\/\/le-clairon-nouveau.fr\/wordpress\/wp-json\/wp\/v2\/pages\/24218","targetHints":{"allow":["GET"]}}],"collection":[{"href":"https:\/\/le-clairon-nouveau.fr\/wordpress\/wp-json\/wp\/v2\/pages"}],"about":[{"href":"https:\/\/le-clairon-nouveau.fr\/wordpress\/wp-json\/wp\/v2\/types\/page"}],"author":[{"embeddable":true,"href":"https:\/\/le-clairon-nouveau.fr\/wordpress\/wp-json\/wp\/v2\/users\/1"}],"replies":[{"embeddable":true,"href":"https:\/\/le-clairon-nouveau.fr\/wordpress\/wp-json\/wp\/v2\/comments?post=24218"}],"version-history":[{"count":0,"href":"https:\/\/le-clairon-nouveau.fr\/wordpress\/wp-json\/wp\/v2\/pages\/24218\/revisions"}],"up":[{"embeddable":true,"href":"https:\/\/le-clairon-nouveau.fr\/wordpress\/wp-json\/wp\/v2\/pages\/8298"}],"wp:featuredmedia":[{"embeddable":true,"href":"https:\/\/le-clairon-nouveau.fr\/wordpress\/wp-json\/wp\/v2\/media\/24165"}],"wp:attachment":[{"href":"https:\/\/le-clairon-nouveau.fr\/wordpress\/wp-json\/wp\/v2\/media?parent=24218"}],"wp:term":[{"taxonomy":"author","embeddable":true,"href":"https:\/\/le-clairon-nouveau.fr\/wordpress\/wp-json\/wp\/v2\/coauthors?post=24218"}],"curies":[{"name":"wp","href":"https:\/\/api.w.org\/{rel}","templated":true}]}}