{"id":25476,"date":"2021-11-22T17:35:54","date_gmt":"2021-11-22T16:35:54","guid":{"rendered":"https:\/\/le-clairon-nouveau.fr\/wordpress\/?page_id=25476"},"modified":"2021-11-22T23:12:25","modified_gmt":"2021-11-22T22:12:25","slug":"changer-institutions-politiques","status":"publish","type":"page","link":"https:\/\/le-clairon-nouveau.fr\/wordpress\/pages-visibles\/dossiers\/changer-institutions-politiques\/","title":{"rendered":"Changer nos Institutions Politiques"},"content":{"rendered":"<div id=\"pl-25476\"  class=\"panel-layout\" ><div id=\"pg-25476-0\"  class=\"panel-grid panel-no-style\" ><div id=\"pgc-25476-0-0\"  class=\"panel-grid-cell\" ><div id=\"panel-25476-0-0-0\" class=\"so-panel widget widget_black-studio-tinymce widget_black_studio_tinymce panel-first-child panel-last-child\" data-index=\"0\" ><div class=\"textwidget\"><p style=\"text-align: justify;\"><span style=\"color: #808080;\"><em>Cette page regroupe l'ensemble des articles portant sur le th\u00e8me \"Changer nos institutions politiques\", initi\u00e9 en novembre 2021, \u00e0 l'occasion (mais pas seulement) de la campagne 2022 pour l'\u00e9lection du Pr\u00e9sident la R\u00e9publique Fran\u00e7aise.<br \/>\n<\/em><\/span><\/p>\n<p><span style=\"color: #808080;\"><em>Les articles sont affich\u00e9s dans l'ordre chronologique croissant de parution<\/em>.<\/span><\/p>\n<\/div><\/div><\/div><div id=\"pgc-25476-0-1\"  class=\"panel-grid-cell\" ><div id=\"panel-25476-0-1-0\" class=\"so-panel widget widget_cl-popup widget-cl-popup panel-first-child panel-last-child\" data-index=\"1\" ><div class=\"cl-popup align_left\"><a href=\"javascript:void(0)\" class=\"cl-popup-trigger type_btn cl-btn\" style=\"color:#ffffff;background-color:#b58629;\"><span>Pourquoi ce dossier<\/span><\/a><div class=\"cl-popup-overlay\" style=\"background-color:rgba(0,0,0,0.75);\"><\/div><div class=\"cl-popup-wrap\"><div class=\"cl-popup-box size_l animation_flipVer\" style=\"border-radius:6px;\"><div class=\"cl-popup-box-h\"><div class=\"cl-popup-box-title\" style=\"color:#666666;background-color:#f2f2f2;\">Pourquoi envisager le changement de nos institutions politiques<\/div><div class=\"cl-popup-box-content\" style=\"color:#333333;background-color:#ffffff;\"><p style=\"text-align: justify;\">Nous sommes confront\u00e9s \u00e0 une crise \u00e9cologique majeure, dont les effets s\u2019acc\u00e9l\u00e8rent en impactant des populations croissantes, contraintes \u00e0 changer de mode de vie, d\u2019habitat, de pays. <strong>Personne ne sera \u00e9pargn\u00e9 : la crise climatique touche progressivement toute la plan\u00e8te<\/strong>.<\/p>\n<p style=\"text-align: justify;\">Pourtant, face \u00e0 cette situation in\u00e9dite dans l\u2019histoire de l\u2019humanit\u00e9, <strong>nos gouvernements ne semblent pas \u00e0 la hauteur des d\u00e9fis qui leurs sont pos\u00e9s<\/strong>. Comment limiter au mieux les effets de cette crise globale qui p\u00e8seront de plus en plus fort sur chacun d\u2019entre nous ? Les r\u00e9sultats de la r\u00e9cente COP 26 de Glasgow (Conf\u00e9rence mondiale 2021 sur le changement climatique) ne rendent gu\u00e8re optimiste : les gouvernements des principaux \u00e9tats pollueurs s\u2019av\u00e8rent incapables de mettre en place et en temps utile les mesures n\u00e9cessaires \u00e0 la protection de leurs propres populations et encore moins l\u2019aide aux populations d\u2019\u00e9tats d\u00e9j\u00e0 lourdement impact\u00e9s par le changement climatique.<\/p>\n<p style=\"text-align: justify;\"><strong>La question de l'aptitude de nos institutions politiques \u00e0 prendre en charge de tels d\u00e9fis se trouve ainsi pos\u00e9e<\/strong>. Quelle type de gouvernance faudrait-il pour faire face, au mieux et dans l\u2019int\u00e9r\u00eat du plus grand nombre, aux cons\u00e9quences de la crise \u00e9cologique ? Certains pensent que la d\u00e9mocratie n\u2019est pas la solution et que des r\u00e9gimes de type autoritaire, comme en Chine, seraient plus efficaces. Tout d\u00e9pend de quelle efficacit\u00e9 on parle : la carte des pays touch\u00e9s par l\u2019\u00e9pid\u00e9mie du Coronavirus r\u00e9v\u00e8le que les d\u00e9mocraties affaiblies ou d\u00e9voy\u00e9es ont \u00e9t\u00e9 particuli\u00e8rement meurtri\u00e8res pour leurs populations.<\/p>\n<p style=\"text-align: justify;\"><strong>Il devient donc urgent de r\u00e9fl\u00e9chir \u00e0 la forme de gouvernance la plus apte \u00e0 nous prot\u00e9ger.<\/strong> Mais ce travail ne peut \u00eatre laiss\u00e9 \u00e0 la seule classe politique, car celle-ci est soumise \u00e0 la pression d\u2019int\u00e9r\u00eats particuliers. Ce travail doit \u00eatre fait dans chaque pays, \u00e0 la base, par les citoyens. L\u2019heure est grave : la posture \u00ab<em>je ne me m\u00eale pas de politique, tous pourris<\/em>\u00bb, n\u2019est plus tenable. \u00c0 chacun de prendre ses responsabilit\u00e9s.<\/p>\n<p style=\"text-align: justify;\">Modestement et \u00e0 sa place, l\u2019\u00e9quipe de r\u00e9daction du Clairon de l\u2019Atax a d\u00e9cid\u00e9 de contribuer \u00e0 ce travail de d\u00e9finition et de mise en place d\u2019une nouvelle gouvernance. Nous publierons et diffuserons r\u00e9guli\u00e8rement des articles de notre \u00e9quipe, ainsi que des contributions de nos lecteurs qui rendront compte de nos r\u00e9flexions et des actions susceptibles d\u2019en d\u00e9couler.<\/p>\n<p style=\"text-align: justify;\">Bonnes lectures et, pour certain.e.s d'entre vous, bon travail !<\/p>\n<p style=\"text-align: right;\"><em>La r\u00e9daction du Clairon de l'Atax - Novembre 2021<\/em><\/p><\/div><div class=\"cl-popup-box-closer\" style=\"color:#666666;\"><\/div><\/div><\/div><div class=\"cl-popup-closer\"><\/div><\/div><\/div><\/div><\/div><\/div><div id=\"pg-25476-1\"  class=\"panel-grid panel-no-style\" ><div id=\"pgc-25476-1-0\"  class=\"panel-grid-cell\" ><div id=\"panel-25476-1-0-0\" class=\"so-panel widget widget_black-studio-tinymce widget_black_studio_tinymce panel-first-child panel-last-child\" data-index=\"2\" ><div class=\"textwidget\"><p><div class=\"pt-cv-wrapper\"><div class=\"pt-cv-view pt-cv-grid pt-cv-colsys pt-cv-post-border\" id=\"pt-cv-view-baca4edq5w\"><div data-id=\"pt-cv-page-1\" class=\"pt-cv-page\" data-cvc=\"1\"><div class=\"col-md-12 col-sm-12 col-xs-12 pt-cv-content-item pt-cv-2-col\"  data-pid=\"25460\"><div class='pt-cv-ifield'><a href=\"https:\/\/le-clairon-nouveau.fr\/wordpress\/blog\/2021\/11\/23\/democratie-aristocratie-technocratie\/\" class=\"pt-cv-window pt-cv-href-thumbnail pt-cv-thumb-left cvp-responsive-image img-shadow\" target=\"pt-cv-window\" data-width=\"1200\" data-height=\"600\" data-iw=\"150\" data-ih=\"150\"><img decoding=\"async\" width=\"150\" src=\"https:\/\/i0.wp.com\/le-clairon-nouveau.fr\/wordpress\/wp-content\/uploads\/2021\/11\/aristocrate-Image-par-Clker-Free-Vector-Images-de-Pixabay.png?resize=505%2C444&amp;ssl=1\" class=\"pt-cv-thumbnail img-shadow pull-left cvp-substitute no-lazyload \" alt=\"D\u00e9mocratie, aristocratie, technocratie\" title=\"\" data-no-lazy=\"1\" \/><\/a>\n<h4 class=\"pt-cv-title\"><a href=\"https:\/\/le-clairon-nouveau.fr\/wordpress\/blog\/2021\/11\/23\/democratie-aristocratie-technocratie\/\" class=\"pt-cv-window\" target=\"pt-cv-window\" data-width=\"1200\" data-height=\"600\" data-iw=\"150\" data-ih=\"150\">D\u00e9mocratie, aristocratie, technocratie<\/a><\/h4>\n<div class=\"pt-cv-meta-fields\"><span class=\"entry-date\"><span class=\"glyphicon glyphicon-calendar\"><\/span> <time datetime=\"2021-11-23T12:30:05+01:00\">23 novembre 2021<\/time><\/span><span class=\"author\"><span class=\"glyphicon glyphicon-user\"><\/span> <a href=\"https:\/\/le-clairon-nouveau.fr\/wordpress\/blog\/author\/laurent\/\" rel=\"author\">Laurent Fabas<\/a><\/span><span class=\"comments-link\"><span class=\"glyphicon glyphicon-comment\"><\/span> <a href=\"https:\/\/le-clairon-nouveau.fr\/wordpress\/blog\/2021\/11\/23\/democratie-aristocratie-technocratie\/#comments\">Un commentaire <span class=\"screen-reader-text\"> sur D\u00e9mocratie, aristocratie, technocratie<\/span><\/a><\/span><\/div>\n<div class=\"pt-cv-content\">Au del\u00e0 de la posture, porter la voix du peuple soul\u00e8ve de grandes difficult\u00e9s m\u00e9thodologiques ... <a href=\"https:\/\/le-clairon-nouveau.fr\/wordpress\/blog\/2021\/11\/23\/democratie-aristocratie-technocratie\/\" class=\"pt-cv-window pt-cv-readmore pt-cv-textlink\" target=\"pt-cv-window\" data-width=\"1200\" data-height=\"600\" data-iw=\"150\" data-ih=\"150\">Lire la suite<\/a><\/div><\/div><\/div>\n<div class=\"col-md-12 col-sm-12 col-xs-12 pt-cv-content-item pt-cv-2-col\"  data-pid=\"25423\"><div class='pt-cv-ifield'><a href=\"https:\/\/le-clairon-nouveau.fr\/wordpress\/blog\/2021\/11\/23\/democratie-directe-ou-democratie-representative\/\" class=\"pt-cv-window pt-cv-href-thumbnail pt-cv-thumb-left cvp-responsive-image img-shadow\" target=\"pt-cv-window\" data-width=\"1200\" data-height=\"600\" data-iw=\"150\" data-ih=\"150\"><img decoding=\"async\" width=\"150\" src=\"https:\/\/i0.wp.com\/le-clairon-nouveau.fr\/wordpress\/wp-content\/uploads\/2021\/11\/Agora-dAthenes-image-Pixabay.jpg?resize=513%2C332&amp;ssl=1\" class=\"pt-cv-thumbnail img-shadow pull-left cvp-substitute no-lazyload \" alt=\"D\u00e9mocratie directe ou d\u00e9mocratie repr\u00e9sentative ?\" title=\"\" data-no-lazy=\"1\" \/><\/a>\n<h4 class=\"pt-cv-title\"><a href=\"https:\/\/le-clairon-nouveau.fr\/wordpress\/blog\/2021\/11\/23\/democratie-directe-ou-democratie-representative\/\" class=\"pt-cv-window\" target=\"pt-cv-window\" data-width=\"1200\" data-height=\"600\" data-iw=\"150\" data-ih=\"150\">D\u00e9mocratie directe ou d\u00e9mocratie repr\u00e9sentative ?<\/a><\/h4>\n<div class=\"pt-cv-meta-fields\"><span class=\"entry-date\"><span class=\"glyphicon glyphicon-calendar\"><\/span> <time datetime=\"2021-11-23T12:30:11+01:00\">23 novembre 2021<\/time><\/span><span class=\"author\"><span class=\"glyphicon glyphicon-user\"><\/span> <a href=\"https:\/\/le-clairon-nouveau.fr\/wordpress\/blog\/author\/hubert\/\" rel=\"author\">Hubert Reys<\/a><\/span><span class=\"comments-link\"><span class=\"glyphicon glyphicon-comment\"><\/span> <a href=\"https:\/\/le-clairon-nouveau.fr\/wordpress\/blog\/2021\/11\/23\/democratie-directe-ou-democratie-representative\/#comments\">3 commentaires <span class=\"screen-reader-text\"> sur D\u00e9mocratie directe ou d\u00e9mocratie repr\u00e9sentative ?<\/span><\/a><\/span><\/div>\n<div class=\"pt-cv-content\">Le probl\u00e8me ce n\u2019est pas le d\u00e9sint\u00e9r\u00eat des citoyens pour la politique, c\u2019est la politique qui fonctionne dans un cadre p\u00e9rim\u00e9 ... <a href=\"https:\/\/le-clairon-nouveau.fr\/wordpress\/blog\/2021\/11\/23\/democratie-directe-ou-democratie-representative\/\" class=\"pt-cv-window pt-cv-readmore pt-cv-textlink\" target=\"pt-cv-window\" data-width=\"1200\" data-height=\"600\" data-iw=\"150\" data-ih=\"150\">Lire la suite<\/a><\/div><\/div><\/div>\n<div class=\"col-md-12 col-sm-12 col-xs-12 pt-cv-content-item pt-cv-2-col\"  data-pid=\"25435\"><div class='pt-cv-ifield'><a href=\"https:\/\/le-clairon-nouveau.fr\/wordpress\/blog\/2021\/11\/23\/v-eme-republique-jusquou-subirons-nous-ses-institutions-obsoletes\/\" class=\"pt-cv-window pt-cv-href-thumbnail pt-cv-thumb-left cvp-responsive-image img-shadow\" target=\"pt-cv-window\" data-width=\"1200\" data-height=\"600\" data-iw=\"150\" data-ih=\"150\"><img decoding=\"async\" width=\"150\" src=\"https:\/\/i0.wp.com\/le-clairon-nouveau.fr\/wordpress\/wp-content\/uploads\/2021\/11\/monarque-Image-par-Leonhard-Niederwimmer-de-Pixabay.jpg?resize=503%2C365&amp;ssl=1\" class=\"pt-cv-thumbnail img-shadow pull-left cvp-substitute no-lazyload \" alt=\"V \u00e8me R\u00e9publique : jusqu\u2019o\u00f9 subirons-nous ses institutions obsol\u00e8tes ?\" title=\"\" data-no-lazy=\"1\" \/><\/a>\n<h4 class=\"pt-cv-title\"><a href=\"https:\/\/le-clairon-nouveau.fr\/wordpress\/blog\/2021\/11\/23\/v-eme-republique-jusquou-subirons-nous-ses-institutions-obsoletes\/\" class=\"pt-cv-window\" target=\"pt-cv-window\" data-width=\"1200\" data-height=\"600\" data-iw=\"150\" data-ih=\"150\">V \u00e8me R\u00e9publique : jusqu\u2019o\u00f9 subirons-nous ses institutions obsol\u00e8tes ?<\/a><\/h4>\n<div class=\"pt-cv-meta-fields\"><span class=\"entry-date\"><span class=\"glyphicon glyphicon-calendar\"><\/span> <time datetime=\"2021-11-23T12:30:23+01:00\">23 novembre 2021<\/time><\/span><span class=\"author\"><span class=\"glyphicon glyphicon-user\"><\/span> <a href=\"https:\/\/le-clairon-nouveau.fr\/wordpress\/blog\/author\/hubert\/\" rel=\"author\">Hubert Reys<\/a><\/span><span class=\"comments-link\"><span class=\"glyphicon glyphicon-comment\"><\/span> <a href=\"https:\/\/le-clairon-nouveau.fr\/wordpress\/blog\/2021\/11\/23\/v-eme-republique-jusquou-subirons-nous-ses-institutions-obsoletes\/#respond\">Aucun commentaire<span class=\"screen-reader-text\"> sur V \u00e8me R\u00e9publique : jusqu\u2019o\u00f9 subirons-nous ses institutions obsol\u00e8tes ?<\/span><\/a><\/span><\/div>\n<div class=\"pt-cv-content\">Faut-il compter sur des catastrophes ou des crises majeures pour que s\u2019op\u00e8rent les changements de gouvernance qui s\u2019imposent ? ... <a href=\"https:\/\/le-clairon-nouveau.fr\/wordpress\/blog\/2021\/11\/23\/v-eme-republique-jusquou-subirons-nous-ses-institutions-obsoletes\/\" class=\"pt-cv-window pt-cv-readmore pt-cv-textlink\" target=\"pt-cv-window\" data-width=\"1200\" data-height=\"600\" data-iw=\"150\" data-ih=\"150\">Lire la suite<\/a><\/div><\/div><\/div>\n<div class=\"col-md-12 col-sm-12 col-xs-12 pt-cv-content-item pt-cv-2-col\"  data-pid=\"25656\"><div class='pt-cv-ifield'><a href=\"https:\/\/le-clairon-nouveau.fr\/wordpress\/blog\/2021\/12\/23\/democratie-directe-ou-democratie-representative-2\/\" class=\"pt-cv-window pt-cv-href-thumbnail pt-cv-thumb-left cvp-responsive-image img-shadow\" target=\"pt-cv-window\" data-width=\"1200\" data-height=\"600\" data-iw=\"150\" data-ih=\"150\"><img decoding=\"async\" width=\"150\" src=\"https:\/\/i0.wp.com\/le-clairon-nouveau.fr\/wordpress\/wp-content\/uploads\/2021\/11\/Agora-dAthenes-image-Pixabay.jpg?resize=487%2C315&amp;ssl=1\" class=\"pt-cv-thumbnail img-shadow pull-left cvp-substitute no-lazyload \" alt=\"D\u00e9mocratie directe ou d\u00e9mocratie repr\u00e9sentative ?\" title=\"\" data-no-lazy=\"1\" \/><\/a>\n<h4 class=\"pt-cv-title\"><a href=\"https:\/\/le-clairon-nouveau.fr\/wordpress\/blog\/2021\/12\/23\/democratie-directe-ou-democratie-representative-2\/\" class=\"pt-cv-window\" target=\"pt-cv-window\" data-width=\"1200\" data-height=\"600\" data-iw=\"150\" data-ih=\"150\">D\u00e9mocratie directe ou d\u00e9mocratie repr\u00e9sentative ?<\/a><\/h4>\n<div class=\"pt-cv-meta-fields\"><span class=\"entry-date\"><span class=\"glyphicon glyphicon-calendar\"><\/span> <time datetime=\"2021-12-23T12:30:37+01:00\">23 d\u00e9cembre 2021<\/time><\/span><span class=\"author\"><span class=\"glyphicon glyphicon-user\"><\/span> <a href=\"https:\/\/le-clairon-nouveau.fr\/wordpress\/blog\/author\/hubert\/\" rel=\"author\">Hubert Reys<\/a><\/span><span class=\"comments-link\"><span class=\"glyphicon glyphicon-comment\"><\/span> <a href=\"https:\/\/le-clairon-nouveau.fr\/wordpress\/blog\/2021\/12\/23\/democratie-directe-ou-democratie-representative-2\/#respond\">Aucun commentaire<span class=\"screen-reader-text\"> sur D\u00e9mocratie directe ou d\u00e9mocratie repr\u00e9sentative ?<\/span><\/a><\/span><\/div>\n<div class=\"pt-cv-content\">L\u2019\u00e9quation Elus = \u00e9lite est fausse et ne permet pas de fonder une quelconque l\u00e9gitimit\u00e9 politique ... <a href=\"https:\/\/le-clairon-nouveau.fr\/wordpress\/blog\/2021\/12\/23\/democratie-directe-ou-democratie-representative-2\/\" class=\"pt-cv-window pt-cv-readmore pt-cv-textlink\" target=\"pt-cv-window\" data-width=\"1200\" data-height=\"600\" data-iw=\"150\" data-ih=\"150\">Lire la suite<\/a><\/div><\/div><\/div>\n<div class=\"col-md-12 col-sm-12 col-xs-12 pt-cv-content-item pt-cv-2-col\"  data-pid=\"25781\"><div class='pt-cv-ifield'><a href=\"https:\/\/le-clairon-nouveau.fr\/wordpress\/blog\/2022\/01\/23\/allons-nous-reconduire-encore-longtemps-ce-systeme-politique-qui-nous-accable\/\" class=\"pt-cv-window pt-cv-href-thumbnail pt-cv-thumb-left cvp-responsive-image img-shadow\" target=\"pt-cv-window\" data-width=\"1200\" data-height=\"600\" data-iw=\"150\" data-ih=\"150\"><img decoding=\"async\" width=\"150\" src=\"https:\/\/i0.wp.com\/le-clairon-nouveau.fr\/wordpress\/wp-content\/uploads\/2022\/01\/elite-image-Macklay-Pixabay.png?resize=252%2C504&amp;ssl=1\" class=\"pt-cv-thumbnail img-shadow pull-left cvp-substitute no-lazyload \" alt=\"Allons-nous reconduire encore longtemps ce syst\u00e8me politique qui nous accable ?\" title=\"\" data-no-lazy=\"1\" \/><\/a>\n<h4 class=\"pt-cv-title\"><a href=\"https:\/\/le-clairon-nouveau.fr\/wordpress\/blog\/2022\/01\/23\/allons-nous-reconduire-encore-longtemps-ce-systeme-politique-qui-nous-accable\/\" class=\"pt-cv-window\" target=\"pt-cv-window\" data-width=\"1200\" data-height=\"600\" data-iw=\"150\" data-ih=\"150\">Allons-nous reconduire encore longtemps ce syst\u00e8me politique qui nous accable ?<\/a><\/h4>\n<div class=\"pt-cv-meta-fields\"><span class=\"entry-date\"><span class=\"glyphicon glyphicon-calendar\"><\/span> <time datetime=\"2022-01-23T12:30:18+01:00\">23 janvier 2022<\/time><\/span><span class=\"author\"><span class=\"glyphicon glyphicon-user\"><\/span> <a href=\"https:\/\/le-clairon-nouveau.fr\/wordpress\/blog\/author\/hubert\/\" rel=\"author\">Hubert Reys<\/a><\/span><span class=\"comments-link\"><span class=\"glyphicon glyphicon-comment\"><\/span> <a href=\"https:\/\/le-clairon-nouveau.fr\/wordpress\/blog\/2022\/01\/23\/allons-nous-reconduire-encore-longtemps-ce-systeme-politique-qui-nous-accable\/#respond\">Aucun commentaire<span class=\"screen-reader-text\"> sur Allons-nous reconduire encore longtemps ce syst\u00e8me politique qui nous accable ?<\/span><\/a><\/span><\/div>\n<div class=\"pt-cv-content\">Notre syst\u00e8me politique actuel, semble d\u00e9sormais vou\u00e9 \u00e0 une reproduction sans fin des m\u00eames errements. Pourtant le changement de ce syst\u00e8me ne fait pas actuellement le \"buzz\" dans la campagne des pr\u00e9sidentielles ... <a href=\"https:\/\/le-clairon-nouveau.fr\/wordpress\/blog\/2022\/01\/23\/allons-nous-reconduire-encore-longtemps-ce-systeme-politique-qui-nous-accable\/\" class=\"pt-cv-window pt-cv-readmore pt-cv-textlink\" target=\"pt-cv-window\" data-width=\"1200\" data-height=\"600\" data-iw=\"150\" data-ih=\"150\">Lire la suite<\/a><\/div><\/div><\/div>\n<div class=\"col-md-12 col-sm-12 col-xs-12 pt-cv-content-item pt-cv-2-col\"  data-pid=\"25732\"><div class='pt-cv-ifield'><a href=\"https:\/\/le-clairon-nouveau.fr\/wordpress\/blog\/2022\/01\/23\/carcassonne-ou-narbonne-pourquoi-choisir\/\" class=\"pt-cv-window pt-cv-href-thumbnail pt-cv-thumb-left cvp-responsive-image img-shadow\" target=\"pt-cv-window\" data-width=\"1200\" data-height=\"600\" data-iw=\"150\" data-ih=\"150\"><img decoding=\"async\" width=\"150\" src=\"https:\/\/i0.wp.com\/le-clairon-nouveau.fr\/wordpress\/wp-content\/uploads\/2022\/01\/Narbo-1.jpg?resize=574%2C323&amp;ssl=1\" class=\"pt-cv-thumbnail img-shadow pull-left cvp-substitute no-lazyload \" alt=\"Territoire des d\u00e9partements, un exemple : Carcassonne ou Narbonne, pourquoi choisir ?\" title=\"\" data-no-lazy=\"1\" \/><\/a>\n<h4 class=\"pt-cv-title\"><a href=\"https:\/\/le-clairon-nouveau.fr\/wordpress\/blog\/2022\/01\/23\/carcassonne-ou-narbonne-pourquoi-choisir\/\" class=\"pt-cv-window\" target=\"pt-cv-window\" data-width=\"1200\" data-height=\"600\" data-iw=\"150\" data-ih=\"150\">Territoire des d\u00e9partements, un exemple : Carcassonne ou Narbonne, pourquoi choisir ?<\/a><\/h4>\n<div class=\"pt-cv-meta-fields\"><span class=\"entry-date\"><span class=\"glyphicon glyphicon-calendar\"><\/span> <time datetime=\"2022-01-23T12:30:23+01:00\">23 janvier 2022<\/time><\/span><span class=\"author\"><span class=\"glyphicon glyphicon-user\"><\/span> <a href=\"https:\/\/le-clairon-nouveau.fr\/wordpress\/blog\/author\/laurent\/\" rel=\"author\">Laurent Fabas<\/a><\/span><span class=\"comments-link\"><span class=\"glyphicon glyphicon-comment\"><\/span> <a href=\"https:\/\/le-clairon-nouveau.fr\/wordpress\/blog\/2022\/01\/23\/carcassonne-ou-narbonne-pourquoi-choisir\/#respond\">Aucun commentaire<span class=\"screen-reader-text\"> sur Territoire des d\u00e9partements, un exemple : Carcassonne ou Narbonne, pourquoi choisir ?<\/span><\/a><\/span><\/div>\n<div class=\"pt-cv-content\">En 1790 l\u2019Assembl\u00e9e nationale constituante a cr\u00e9\u00e9 des d\u00e9partements en r\u00e9ponse aux dol\u00e9ances demandant la simplification et l\u2019homog\u00e9n\u00e9isation des divisions territoriales du pays. Les circonscriptions administratives, eccl\u00e9siastiques, judiciaires ou fiscales \u00e9taient alors toutes diff\u00e9rentes. Elles se chevauchaient, formaient des enclaves, disposaient de statuts sp\u00e9ciaux et de privil\u00e8<span class='tooltipsall tooltip_post_id_7232 classtoolTips161'>ges<\/span> ... <a href=\"https:\/\/le-clairon-nouveau.fr\/wordpress\/blog\/2022\/01\/23\/carcassonne-ou-narbonne-pourquoi-choisir\/\" class=\"pt-cv-window pt-cv-readmore pt-cv-textlink\" target=\"pt-cv-window\" data-width=\"1200\" data-height=\"600\" data-iw=\"150\" data-ih=\"150\">Lire la suite<\/a><\/div><\/div><\/div>\n<div class=\"col-md-12 col-sm-12 col-xs-12 pt-cv-content-item pt-cv-2-col\"  data-pid=\"25822\"><div class='pt-cv-ifield'><a href=\"https:\/\/le-clairon-nouveau.fr\/wordpress\/blog\/2022\/02\/23\/liberalisme-un-mot-employe-actuellement-a-toutes-les-sauces\/\" class=\"pt-cv-window pt-cv-href-thumbnail pt-cv-thumb-left cvp-responsive-image img-shadow\" target=\"pt-cv-window\" data-width=\"1200\" data-height=\"600\" data-iw=\"150\" data-ih=\"150\"><img decoding=\"async\" width=\"150\" src=\"https:\/\/i0.wp.com\/le-clairon-nouveau.fr\/wordpress\/wp-content\/uploads\/2022\/02\/refugies-solidarite-image-Peggy-Marco-Pixabay-1.jpg?resize=503%2C433&amp;ssl=1\" class=\"pt-cv-thumbnail img-shadow pull-left cvp-substitute no-lazyload \" alt=\"Lib\u00e9ralisme : un mot employ\u00e9 actuellement \u00e0 toutes les sauces\" title=\"\" data-no-lazy=\"1\" \/><\/a>\n<h4 class=\"pt-cv-title\"><a href=\"https:\/\/le-clairon-nouveau.fr\/wordpress\/blog\/2022\/02\/23\/liberalisme-un-mot-employe-actuellement-a-toutes-les-sauces\/\" class=\"pt-cv-window\" target=\"pt-cv-window\" data-width=\"1200\" data-height=\"600\" data-iw=\"150\" data-ih=\"150\">Lib\u00e9ralisme : un mot employ\u00e9 actuellement \u00e0 toutes les sauces<\/a><\/h4>\n<div class=\"pt-cv-meta-fields\"><span class=\"entry-date\"><span class=\"glyphicon glyphicon-calendar\"><\/span> <time datetime=\"2022-02-23T12:30:16+01:00\">23 f\u00e9vrier 2022<\/time><\/span><span class=\"author\"><span class=\"glyphicon glyphicon-user\"><\/span> <a href=\"https:\/\/le-clairon-nouveau.fr\/wordpress\/blog\/author\/laurent\/\" rel=\"author\">Laurent Fabas<\/a><\/span><span class=\"comments-link\"><span class=\"glyphicon glyphicon-comment\"><\/span> <a href=\"https:\/\/le-clairon-nouveau.fr\/wordpress\/blog\/2022\/02\/23\/liberalisme-un-mot-employe-actuellement-a-toutes-les-sauces\/#respond\">Aucun commentaire<span class=\"screen-reader-text\"> sur Lib\u00e9ralisme : un mot employ\u00e9 actuellement \u00e0 toutes les sauces<\/span><\/a><\/span><\/div>\n<div class=\"pt-cv-content\">Cessons de mettre en cause le lib\u00e9ralisme \u00e0 mauvais escient. Nous faisons le lit des d\u00e9magogues extr\u00e9mistes. D\u00e9battons plut\u00f4t sur le vrai sujet : Le Capitalisme financier ... <a href=\"https:\/\/le-clairon-nouveau.fr\/wordpress\/blog\/2022\/02\/23\/liberalisme-un-mot-employe-actuellement-a-toutes-les-sauces\/\" class=\"pt-cv-window pt-cv-readmore pt-cv-textlink\" target=\"pt-cv-window\" data-width=\"1200\" data-height=\"600\" data-iw=\"150\" data-ih=\"150\">Lire la suite<\/a><\/div><\/div><\/div>\n<div class=\"col-md-12 col-sm-12 col-xs-12 pt-cv-content-item pt-cv-2-col\"  data-pid=\"25983\"><div class='pt-cv-ifield'><a href=\"https:\/\/le-clairon-nouveau.fr\/wordpress\/blog\/2022\/03\/23\/a-la-tele-un-lundi-soir-poutine-est-il-un-dictateur\/\" class=\"pt-cv-window pt-cv-href-thumbnail pt-cv-thumb-left cvp-responsive-image img-shadow\" target=\"pt-cv-window\" data-width=\"1200\" data-height=\"600\" data-iw=\"150\" data-ih=\"150\"><img decoding=\"async\" width=\"150\" src=\"https:\/\/i0.wp.com\/le-clairon-nouveau.fr\/wordpress\/wp-content\/uploads\/2022\/03\/Brochette-de-dictateurs-Images-Wikilmageset-Tiburi-de-Pixabay.jpg?resize=600%2C234&amp;ssl=1\" class=\"pt-cv-thumbnail img-shadow pull-left cvp-substitute no-lazyload \" alt=\"A la t\u00e9l\u00e9 un lundi soir : &quot;Poutine est-il un dictateur ?&quot;\" title=\"\" data-no-lazy=\"1\" \/><\/a>\n<h4 class=\"pt-cv-title\"><a href=\"https:\/\/le-clairon-nouveau.fr\/wordpress\/blog\/2022\/03\/23\/a-la-tele-un-lundi-soir-poutine-est-il-un-dictateur\/\" class=\"pt-cv-window\" target=\"pt-cv-window\" data-width=\"1200\" data-height=\"600\" data-iw=\"150\" data-ih=\"150\">A la t\u00e9l\u00e9 un lundi soir : \u00ab\u00a0Poutine est-il un dictateur ?\u00a0\u00bb<\/a><\/h4>\n<div class=\"pt-cv-meta-fields\"><span class=\"entry-date\"><span class=\"glyphicon glyphicon-calendar\"><\/span> <time datetime=\"2022-03-23T12:30:08+01:00\">23 mars 2022<\/time><\/span><span class=\"author\"><span class=\"glyphicon glyphicon-user\"><\/span> <a href=\"https:\/\/le-clairon-nouveau.fr\/wordpress\/blog\/author\/redact\/\" rel=\"author\">La R\u00e9daction du Clairon de l'Atax<\/a><\/span><span class=\"comments-link\"><span class=\"glyphicon glyphicon-comment\"><\/span> <a href=\"https:\/\/le-clairon-nouveau.fr\/wordpress\/blog\/2022\/03\/23\/a-la-tele-un-lundi-soir-poutine-est-il-un-dictateur\/#respond\">Aucun commentaire<span class=\"screen-reader-text\"> sur A la t\u00e9l\u00e9 un lundi soir : \u00ab\u00a0Poutine est-il un dictateur ?\u00a0\u00bb<\/span><\/a><\/span><\/div>\n<div class=\"pt-cv-content\">\"En somme par les gains et les faveurs que l\u2019on re\u00e7oit des tyrans, on en arrive \u00e0 ce point qu\u2019ils se trouvent presque aussi nombreux, ceux auxquels la tyrannie profite, que ceux auxquels la libert\u00e9 plairait. \" ... <a href=\"https:\/\/le-clairon-nouveau.fr\/wordpress\/blog\/2022\/03\/23\/a-la-tele-un-lundi-soir-poutine-est-il-un-dictateur\/\" class=\"pt-cv-window pt-cv-readmore pt-cv-textlink\" target=\"pt-cv-window\" data-width=\"1200\" data-height=\"600\" data-iw=\"150\" data-ih=\"150\">Lire la suite<\/a><\/div><\/div><\/div>\n<div class=\"col-md-12 col-sm-12 col-xs-12 pt-cv-content-item pt-cv-2-col\"  data-pid=\"25993\"><div class='pt-cv-ifield'><a href=\"https:\/\/le-clairon-nouveau.fr\/wordpress\/blog\/2022\/03\/23\/presidentielles-2022-lettre-aux-lecteurs-circonspects\/\" class=\"pt-cv-window pt-cv-href-thumbnail pt-cv-thumb-left cvp-responsive-image img-shadow\" target=\"pt-cv-window\" data-width=\"1200\" data-height=\"600\" data-iw=\"150\" data-ih=\"150\"><img decoding=\"async\" width=\"150\" src=\"https:\/\/i0.wp.com\/le-clairon-nouveau.fr\/wordpress\/wp-content\/uploads\/2022\/03\/crocodile-image-MartinStr-de-Pixabay-.jpg?resize=484%2C363&amp;ssl=1\" class=\"pt-cv-thumbnail img-shadow pull-left cvp-substitute no-lazyload \" alt=\"Pr\u00e9sidentielles 2022 : lettre aux lecteurs circonspects\" title=\"\" data-no-lazy=\"1\" \/><\/a>\n<h4 class=\"pt-cv-title\"><a href=\"https:\/\/le-clairon-nouveau.fr\/wordpress\/blog\/2022\/03\/23\/presidentielles-2022-lettre-aux-lecteurs-circonspects\/\" class=\"pt-cv-window\" target=\"pt-cv-window\" data-width=\"1200\" data-height=\"600\" data-iw=\"150\" data-ih=\"150\">Pr\u00e9sidentielles 2022 : lettre aux lecteurs circonspects<\/a><\/h4>\n<div class=\"pt-cv-meta-fields\"><span class=\"entry-date\"><span class=\"glyphicon glyphicon-calendar\"><\/span> <time datetime=\"2022-03-23T12:30:09+01:00\">23 mars 2022<\/time><\/span><span class=\"author\"><span class=\"glyphicon glyphicon-user\"><\/span> <a href=\"https:\/\/le-clairon-nouveau.fr\/wordpress\/blog\/author\/hubert\/\" rel=\"author\">Hubert Reys<\/a><\/span><span class=\"comments-link\"><span class=\"glyphicon glyphicon-comment\"><\/span> <a href=\"https:\/\/le-clairon-nouveau.fr\/wordpress\/blog\/2022\/03\/23\/presidentielles-2022-lettre-aux-lecteurs-circonspects\/#respond\">Aucun commentaire<span class=\"screen-reader-text\"> sur Pr\u00e9sidentielles 2022 : lettre aux lecteurs circonspects<\/span><\/a><\/span><\/div>\n<div class=\"pt-cv-content\">Alors oui, il faut voter au second tour des pr\u00e9sidentielles comme au premier tour, mais que choisir pour ceux qui ne se reconnaissent dans aucun des candidats en lice : vote barrage, vote utile, ou vote blanc ? ... <a href=\"https:\/\/le-clairon-nouveau.fr\/wordpress\/blog\/2022\/03\/23\/presidentielles-2022-lettre-aux-lecteurs-circonspects\/\" class=\"pt-cv-window pt-cv-readmore pt-cv-textlink\" target=\"pt-cv-window\" data-width=\"1200\" data-height=\"600\" data-iw=\"150\" data-ih=\"150\">Lire la suite<\/a><\/div><\/div><\/div>\n<div class=\"col-md-12 col-sm-12 col-xs-12 pt-cv-content-item pt-cv-2-col\"  data-pid=\"26001\"><div class='pt-cv-ifield'><a href=\"https:\/\/le-clairon-nouveau.fr\/wordpress\/blog\/2022\/03\/23\/les-corps-intermediaires-emulent-ils-la-democratie\/\" class=\"pt-cv-window pt-cv-href-thumbnail pt-cv-thumb-left cvp-responsive-image img-shadow\" target=\"pt-cv-window\" data-width=\"1200\" data-height=\"600\" data-iw=\"150\" data-ih=\"150\"><img decoding=\"async\" width=\"150\" src=\"https:\/\/i0.wp.com\/le-clairon-nouveau.fr\/wordpress\/wp-content\/uploads\/2022\/03\/no-comment-image-Geralt-de-Pixabay.jpg?resize=491%2C323&amp;ssl=1\" class=\"pt-cv-thumbnail img-shadow pull-left cvp-substitute no-lazyload \" alt=\"Les corps interm\u00e9diaires \u00e9mulent-ils la d\u00e9mocratie ?\" title=\"\" data-no-lazy=\"1\" \/><\/a>\n<h4 class=\"pt-cv-title\"><a href=\"https:\/\/le-clairon-nouveau.fr\/wordpress\/blog\/2022\/03\/23\/les-corps-intermediaires-emulent-ils-la-democratie\/\" class=\"pt-cv-window\" target=\"pt-cv-window\" data-width=\"1200\" data-height=\"600\" data-iw=\"150\" data-ih=\"150\">Les <span class='tooltipsall tooltip_post_id_7841 classtoolTips4'>corps interm\u00e9diaires<\/span> \u00e9mulent-ils la d\u00e9mocratie ?<\/a><\/h4>\n<div class=\"pt-cv-meta-fields\"><span class=\"entry-date\"><span class=\"glyphicon glyphicon-calendar\"><\/span> <time datetime=\"2022-03-23T12:30:28+01:00\">23 mars 2022<\/time><\/span><span class=\"author\"><span class=\"glyphicon glyphicon-user\"><\/span> <a href=\"https:\/\/le-clairon-nouveau.fr\/wordpress\/blog\/author\/laurent\/\" rel=\"author\">Laurent Fabas<\/a><\/span><span class=\"comments-link\"><span class=\"glyphicon glyphicon-comment\"><\/span> <a href=\"https:\/\/le-clairon-nouveau.fr\/wordpress\/blog\/2022\/03\/23\/les-corps-intermediaires-emulent-ils-la-democratie\/#respond\">Aucun commentaire<span class=\"screen-reader-text\"> sur Les corps interm\u00e9diaires \u00e9mulent-ils la d\u00e9mocratie ?<\/span><\/a><\/span><\/div>\n<div class=\"pt-cv-content\">Les corps interm\u00e9diaires se r\u00e9v\u00e8lent indispensables pour contrebalancer les d\u00e9s\u00e9quilibres d\u2019un syst\u00e8me. Pourtant confondre leur consultation avec l\u2019expression de la volont\u00e9 g\u00e9n\u00e9rale ab\u00eeme la d\u00e9mocratie ... <a href=\"https:\/\/le-clairon-nouveau.fr\/wordpress\/blog\/2022\/03\/23\/les-corps-intermediaires-emulent-ils-la-democratie\/\" class=\"pt-cv-window pt-cv-readmore pt-cv-textlink\" target=\"pt-cv-window\" data-width=\"1200\" data-height=\"600\" data-iw=\"150\" data-ih=\"150\">Lire la suite<\/a><\/div><\/div><\/div>\n<div class=\"col-md-12 col-sm-12 col-xs-12 pt-cv-content-item pt-cv-2-col\"  data-pid=\"26043\"><div class='pt-cv-ifield'><a href=\"https:\/\/le-clairon-nouveau.fr\/wordpress\/blog\/2022\/03\/23\/technocratie-le-pouvoir-de-la-technique-au-detriment-de-celui-du-citoyen\/\" class=\"pt-cv-window pt-cv-href-thumbnail pt-cv-thumb-left cvp-responsive-image img-shadow\" target=\"pt-cv-window\" data-width=\"1200\" data-height=\"600\" data-iw=\"150\" data-ih=\"150\"><img decoding=\"async\" width=\"150\" src=\"https:\/\/i0.wp.com\/le-clairon-nouveau.fr\/wordpress\/wp-content\/uploads\/2022\/03\/Platon-confier-le-pouvoir-aux-philosophes-image-GDJ-de-Pixabay.png?resize=330%2C586&amp;ssl=1\" class=\"pt-cv-thumbnail img-shadow pull-left cvp-substitute no-lazyload \" alt=\"Technocratie : le pouvoir de la technique au d\u00e9triment de celui du citoyen.\" title=\"\" data-no-lazy=\"1\" \/><\/a>\n<h4 class=\"pt-cv-title\"><a href=\"https:\/\/le-clairon-nouveau.fr\/wordpress\/blog\/2022\/03\/23\/technocratie-le-pouvoir-de-la-technique-au-detriment-de-celui-du-citoyen\/\" class=\"pt-cv-window\" target=\"pt-cv-window\" data-width=\"1200\" data-height=\"600\" data-iw=\"150\" data-ih=\"150\">Technocratie : le pouvoir de la technique au d\u00e9triment de celui du citoyen.<\/a><\/h4>\n<div class=\"pt-cv-meta-fields\"><span class=\"entry-date\"><span class=\"glyphicon glyphicon-calendar\"><\/span> <time datetime=\"2022-03-23T12:30:31+01:00\">23 mars 2022<\/time><\/span><span class=\"author\"><span class=\"glyphicon glyphicon-user\"><\/span> <a href=\"https:\/\/le-clairon-nouveau.fr\/wordpress\/blog\/author\/patrick\/\" rel=\"author\">Patrick Chevalier<\/a><\/span><span class=\"comments-link\"><span class=\"glyphicon glyphicon-comment\"><\/span> <a href=\"https:\/\/le-clairon-nouveau.fr\/wordpress\/blog\/2022\/03\/23\/technocratie-le-pouvoir-de-la-technique-au-detriment-de-celui-du-citoyen\/#comments\">Un commentaire <span class=\"screen-reader-text\"> sur Technocratie : le pouvoir de la technique au d\u00e9triment de celui du citoyen.<\/span><\/a><\/span><\/div>\n<div class=\"pt-cv-content\">Alors que faire ? Comment r\u00e9soudre l\u2019impossible \u00e9quation r\u00e9publicaine ? Si l\u2019avis des experts n\u2019est plus la r\u00e9f\u00e9rence ne peut on ressusciter ou r\u00e9inventer quelques piliers de la d\u00e9mocratie, plus propres \u00e0 assurer \u00e9quilibre et harmonie ? ... <a href=\"https:\/\/le-clairon-nouveau.fr\/wordpress\/blog\/2022\/03\/23\/technocratie-le-pouvoir-de-la-technique-au-detriment-de-celui-du-citoyen\/\" class=\"pt-cv-window pt-cv-readmore pt-cv-textlink\" target=\"pt-cv-window\" data-width=\"1200\" data-height=\"600\" data-iw=\"150\" data-ih=\"150\">Lire la suite<\/a><\/div><\/div><\/div>\n<div class=\"col-md-12 col-sm-12 col-xs-12 pt-cv-content-item pt-cv-2-col\"  data-pid=\"26285\"><div class='pt-cv-ifield'><a href=\"https:\/\/le-clairon-nouveau.fr\/wordpress\/blog\/2022\/04\/23\/reflexions-au-lendemain-du-debat-entre-m-le-pen-et-e-macron\/\" class=\"pt-cv-window pt-cv-href-thumbnail pt-cv-thumb-left cvp-responsive-image img-shadow\" target=\"pt-cv-window\" data-width=\"1200\" data-height=\"600\" data-iw=\"150\" data-ih=\"150\"><img decoding=\"async\" width=\"150\" src=\"https:\/\/i0.wp.com\/le-clairon-nouveau.fr\/wordpress\/wp-content\/uploads\/2022\/04\/debar-au-moyen-age-Image-par-VStr-de-Pixabay.png?resize=377%2C377&amp;ssl=1\" class=\"pt-cv-thumbnail img-shadow pull-left cvp-substitute no-lazyload \" alt=\"R\u00e9flexions au lendemain du d\u00e9bat entre M. Le Pen et E. Macron\" title=\"\" data-no-lazy=\"1\" \/><\/a>\n<h4 class=\"pt-cv-title\"><a href=\"https:\/\/le-clairon-nouveau.fr\/wordpress\/blog\/2022\/04\/23\/reflexions-au-lendemain-du-debat-entre-m-le-pen-et-e-macron\/\" class=\"pt-cv-window\" target=\"pt-cv-window\" data-width=\"1200\" data-height=\"600\" data-iw=\"150\" data-ih=\"150\">R\u00e9flexions au lendemain du d\u00e9bat entre M. Le Pen et E. Macron<\/a><\/h4>\n<div class=\"pt-cv-meta-fields\"><span class=\"entry-date\"><span class=\"glyphicon glyphicon-calendar\"><\/span> <time datetime=\"2022-04-23T12:30:00+02:00\">23 avril 2022<\/time><\/span><span class=\"author\"><span class=\"glyphicon glyphicon-user\"><\/span> <a href=\"https:\/\/le-clairon-nouveau.fr\/wordpress\/blog\/author\/hubert\/\" rel=\"author\">Hubert Reys<\/a><\/span><span class=\"comments-link\"><span class=\"glyphicon glyphicon-comment\"><\/span> <a href=\"https:\/\/le-clairon-nouveau.fr\/wordpress\/blog\/2022\/04\/23\/reflexions-au-lendemain-du-debat-entre-m-le-pen-et-e-macron\/#respond\">Aucun commentaire<span class=\"screen-reader-text\"> sur R\u00e9flexions au lendemain du d\u00e9bat entre M. Le Pen et E. Macron<\/span><\/a><\/span><\/div>\n<div class=\"pt-cv-content\">La politique ne peut se r\u00e9duire \u00e0 des techniques de gouvernance, La question du sens est primordiale. Ne pas exposer les id\u00e9es qui pr\u00e9sident \u00e0 l'action politique engendre le conflit ... <a href=\"https:\/\/le-clairon-nouveau.fr\/wordpress\/blog\/2022\/04\/23\/reflexions-au-lendemain-du-debat-entre-m-le-pen-et-e-macron\/\" class=\"pt-cv-window pt-cv-readmore pt-cv-textlink\" target=\"pt-cv-window\" data-width=\"1200\" data-height=\"600\" data-iw=\"150\" data-ih=\"150\">Lire la suite<\/a><\/div><\/div><\/div>\n<div class=\"col-md-12 col-sm-12 col-xs-12 pt-cv-content-item pt-cv-2-col\"  data-pid=\"26323\"><div class='pt-cv-ifield'><a href=\"https:\/\/le-clairon-nouveau.fr\/wordpress\/blog\/2022\/04\/23\/lesprit-la-lettre-et-ladministration\/\" class=\"pt-cv-window pt-cv-href-thumbnail pt-cv-thumb-left cvp-responsive-image img-shadow\" target=\"pt-cv-window\" data-width=\"1200\" data-height=\"600\" data-iw=\"150\" data-ih=\"150\"><img decoding=\"async\" width=\"150\" src=\"https:\/\/i0.wp.com\/le-clairon-nouveau.fr\/wordpress\/wp-content\/uploads\/2020\/12\/Breves-du-Clairon-nvelle.jpg?resize=187%2C79&amp;ssl=1\" class=\"pt-cv-thumbnail img-shadow pull-left cvp-substitute no-lazyload \" alt=\"L&#039;esprit, la lettre et l&#039;administration\" title=\"\" data-no-lazy=\"1\" \/><\/a>\n<h4 class=\"pt-cv-title\"><a href=\"https:\/\/le-clairon-nouveau.fr\/wordpress\/blog\/2022\/04\/23\/lesprit-la-lettre-et-ladministration\/\" class=\"pt-cv-window\" target=\"pt-cv-window\" data-width=\"1200\" data-height=\"600\" data-iw=\"150\" data-ih=\"150\">L&rsquo;esprit, la lettre et l&rsquo;administration<\/a><\/h4>\n<div class=\"pt-cv-meta-fields\"><span class=\"entry-date\"><span class=\"glyphicon glyphicon-calendar\"><\/span> <time datetime=\"2022-04-23T12:30:19+02:00\">23 avril 2022<\/time><\/span><span class=\"author\"><span class=\"glyphicon glyphicon-user\"><\/span> <a href=\"https:\/\/le-clairon-nouveau.fr\/wordpress\/blog\/author\/laurent\/\" rel=\"author\">Laurent Fabas<\/a><\/span><span class=\"comments-link\"><span class=\"glyphicon glyphicon-comment\"><\/span> <a href=\"https:\/\/le-clairon-nouveau.fr\/wordpress\/blog\/2022\/04\/23\/lesprit-la-lettre-et-ladministration\/#respond\">Aucun commentaire<span class=\"screen-reader-text\"> sur L&rsquo;esprit, la lettre et l&rsquo;administration<\/span><\/a><\/span><\/div>\n<div class=\"pt-cv-content\">Il n&rsquo;est pas simple d&rsquo;appliquer la loi. Parfois, les constructions juridiques, aussi belles soient-elles, entrent en conflit avec la r\u00e9alit\u00e9 et le bien, voulu par le l\u00e9gislateur, se transforme en nuisance. Il devrait \u00eatre possible au membre de l&rsquo;administration, qui dispose des comp\u00e9tences techniques et de l&rsquo;autorit\u00e9 n\u00e9cessaires, de privil\u00e9gier dans ses d\u00e9cisions l&rsquo;esprit de telle loi au d\u00e9triment de sa lettre qui bloque un projet dont les bienfaits son d\u00e9montr\u00e9s et reconnus par les administr\u00e9s. Cela arrive, parfois, mais pas toujours pour de bonnes raisons. Voici une illustration de <span class='tooltipsall tooltip_post_id_29829 classtoolTips180'>ces<\/span> propos. La r\u00e9daction Ancienne usine de tuiles (Image par Dimitris Vetsikas) de Pixabay C\u2019est l\u2019histoire d\u2019une usine. Il y avait pr\u00e8s du Canal du Midi un gisement d\u2019argile de qualit\u00e9. Puis vint la voie ferr\u00e9e, longeant le canal. Une manufacture de tuiles en terre cuite s\u2019installa. Le transport pour les produits pond\u00e9reux \u00e9tait tr\u00e8s avantageux. Elle prosp\u00e9ra. L\u2019usine obtint un embranchement ferroviaire. Elle optimisa ses proc\u00e9d\u00e9s et son four \u00e9tait r\u00e9put\u00e9 pour sa grande performance. L\u2019autoroute vint longer la voie ferr\u00e9e. Mais le village \u00e9tait trop petit. Il n\u2019y eut pas de sortie. Les camions passaient. L\u2019embranchement ferroviaire fut d\u00e9mantel\u00e9. Il fallait rationaliser l\u2019activit\u00e9 fret de la compagnie ferroviaire nationale, disait une administration. Les barges de marchandises avaient disparu depuis longtemps sur le canal. Heureusement, les tuiles \u00e9taient trop lourdes pour venir d\u2019Asie. L\u2019usine ne fut pas d\u00e9localis\u00e9e, un petit d\u00e9tour en camion suffisait. Le prix de l\u2019\u00e9nergie montait. Il en fallait pour cuire les tuiles. Il en fallait ... <a href=\"https:\/\/le-clairon-nouveau.fr\/wordpress\/blog\/2022\/04\/23\/lesprit-la-lettre-et-ladministration\/\" class=\"pt-cv-window pt-cv-readmore pt-cv-textlink\" target=\"pt-cv-window\" data-width=\"1200\" data-height=\"600\" data-iw=\"150\" data-ih=\"150\">Lire la suite<\/a><\/div><\/div><\/div>\n<div class=\"col-md-12 col-sm-12 col-xs-12 pt-cv-content-item pt-cv-2-col\"  data-pid=\"26190\"><div class='pt-cv-ifield'><a href=\"https:\/\/le-clairon-nouveau.fr\/wordpress\/blog\/2022\/04\/23\/apres-les-presidentielles-les-legislatives-quels-choix-pour-la-gauche-narbonnaise\/\" class=\"pt-cv-window pt-cv-href-thumbnail pt-cv-thumb-left cvp-responsive-image img-shadow\" target=\"pt-cv-window\" data-width=\"1200\" data-height=\"600\" data-iw=\"150\" data-ih=\"150\"><img decoding=\"async\" width=\"150\" src=\"https:\/\/i0.wp.com\/le-clairon-nouveau.fr\/wordpress\/wp-content\/uploads\/2022\/04\/voter-pour-qui-pour-quoi-image-de-Succo-pour-Pixabay.jpg?resize=482%2C284&amp;ssl=1\" class=\"pt-cv-thumbnail img-shadow pull-left cvp-substitute no-lazyload \" alt=\"Apr\u00e8s les  pr\u00e9sidentielles, les l\u00e9gislatives : quels choix pour la gauche narbonnaise ?\" title=\"\" data-no-lazy=\"1\" \/><\/a>\n<h4 class=\"pt-cv-title\"><a href=\"https:\/\/le-clairon-nouveau.fr\/wordpress\/blog\/2022\/04\/23\/apres-les-presidentielles-les-legislatives-quels-choix-pour-la-gauche-narbonnaise\/\" class=\"pt-cv-window\" target=\"pt-cv-window\" data-width=\"1200\" data-height=\"600\" data-iw=\"150\" data-ih=\"150\">Apr\u00e8s les  pr\u00e9sidentielles, les l\u00e9gislatives : quels choix pour la gauche narbonnaise ?<\/a><\/h4>\n<div class=\"pt-cv-meta-fields\"><span class=\"entry-date\"><span class=\"glyphicon glyphicon-calendar\"><\/span> <time datetime=\"2022-04-23T12:30:24+02:00\">23 avril 2022<\/time><\/span><span class=\"author\"><span class=\"glyphicon glyphicon-user\"><\/span> <a href=\"https:\/\/le-clairon-nouveau.fr\/wordpress\/blog\/author\/albert\/\" rel=\"author\">Albert Cormary<\/a><\/span><span class=\"comments-link\"><span class=\"glyphicon glyphicon-comment\"><\/span> <a href=\"https:\/\/le-clairon-nouveau.fr\/wordpress\/blog\/2022\/04\/23\/apres-les-presidentielles-les-legislatives-quels-choix-pour-la-gauche-narbonnaise\/#respond\">Aucun commentaire<span class=\"screen-reader-text\"> sur Apr\u00e8s les  pr\u00e9sidentielles, les l\u00e9gislatives : quels choix pour la gauche narbonnaise ?<\/span><\/a><\/span><\/div>\n<div class=\"pt-cv-content\">Voter pour qui, pour quoi\u00a0 ? (image de Succo pour Pixabay) Au moment d\u2019\u00e9crire ces lignes, nous ne connaissons pas le r\u00e9sultat du deuxi\u00e8me tour des \u00e9lections pr\u00e9sidentielles. Macron\u00a0? Le Pen\u00a0? Peste ou Ebola ? Pour de nombreux fran\u00e7ais, le choix est plus que corn\u00e9lien. Entre une candidate qui a enfil\u00e9 un gant de velours sur une main toujours de fer et un pr\u00e9sident sortant, pr\u00eat \u00e0 se convertir Amish pour esp\u00e9rer glaner quelques voix, la confiance en l\u2019un et l\u2019autre est aux oubliettes. Quelque soit le r\u00e9sultat du vote de dimanche, un troisi\u00e8me tour est possible qui verrait l\u2019\u00e9mergence d\u2019une assembl\u00e9e (et un gouvernement) de cohabitation, v\u00e9ritable contre pouvoir au pr\u00e9sident.e \u00e9lu.e. Comme beaucoup d\u2019\u00e9lecteurs se reconnaissant dans les valeurs de la gauche et de l\u2019\u00e9cologie, c\u2019est pour moi un souhait et une esp\u00e9rance. Elaborer les conditions pour y parvenir est possible. La campagne des pr\u00e9sidentielles est termin\u00e9e, les noms d\u2019oiseaux et les anath\u00e8mes port\u00e9s sur les uns et les autres doivent \u00eatre rang\u00e9s au placard. Aboutir \u00e0 une assembl\u00e9 majoritairement port\u00e9e par la r\u00e9-union des gauches, dans le respect des diff\u00e9rences est la seule voie s\u00e9rieuse. Certains parlent de programme commun. Soyons lucides, nous avions cinq ans pour l\u2019\u00e9laborer et ceux qui pouvaient le conduire ont fait d\u2019autres choix. Ce n\u2019est pas quelques semaines avant le scrutin que nous y parviendrons. Pourtant, tous ceux que je rencontre me r\u00e9p\u00e8tent inlassablement cette injonction : unissez-vous ! Pour parler de ce que je connais, EELV et <span class='tooltipsall tooltip_post_id_27250 classtoolTips175'>LFI<\/span> ont beaucoup de ... <a href=\"https:\/\/le-clairon-nouveau.fr\/wordpress\/blog\/2022\/04\/23\/apres-les-presidentielles-les-legislatives-quels-choix-pour-la-gauche-narbonnaise\/\" class=\"pt-cv-window pt-cv-readmore pt-cv-textlink\" target=\"pt-cv-window\" data-width=\"1200\" data-height=\"600\" data-iw=\"150\" data-ih=\"150\">Lire la suite<\/a><\/div><\/div><\/div>\n<div class=\"col-md-12 col-sm-12 col-xs-12 pt-cv-content-item pt-cv-2-col\"  data-pid=\"26486\"><div class='pt-cv-ifield'><a href=\"https:\/\/le-clairon-nouveau.fr\/wordpress\/blog\/2022\/05\/23\/encourageons-les-petites-filles-a-aller-au-bout-de-leurs-reves-elisons-des-deputees\/\" class=\"pt-cv-window pt-cv-href-thumbnail pt-cv-thumb-left cvp-responsive-image img-shadow\" target=\"pt-cv-window\" data-width=\"1200\" data-height=\"600\" data-iw=\"150\" data-ih=\"150\"><img decoding=\"async\" width=\"150\" src=\"https:\/\/i0.wp.com\/le-clairon-nouveau.fr\/wordpress\/wp-content\/uploads\/2022\/05\/Parlement-bresilien-Image-par-Renato-Laky-de-Pixabay.jpg?resize=584%2C329&amp;ssl=1\" class=\"pt-cv-thumbnail img-shadow pull-left cvp-substitute no-lazyload \" alt=\"Encourageons les petites filles \u00e0 aller au bout de leurs r\u00eaves. \u00c9lisons des d\u00e9put\u00e9es.\" title=\"\" data-no-lazy=\"1\" \/><\/a>\n<h4 class=\"pt-cv-title\"><a href=\"https:\/\/le-clairon-nouveau.fr\/wordpress\/blog\/2022\/05\/23\/encourageons-les-petites-filles-a-aller-au-bout-de-leurs-reves-elisons-des-deputees\/\" class=\"pt-cv-window\" target=\"pt-cv-window\" data-width=\"1200\" data-height=\"600\" data-iw=\"150\" data-ih=\"150\">Encourageons les petites filles \u00e0 aller au bout de leurs r\u00eaves. \u00c9lisons des d\u00e9put\u00e9es.<\/a><\/h4>\n<div class=\"pt-cv-meta-fields\"><span class=\"entry-date\"><span class=\"glyphicon glyphicon-calendar\"><\/span> <time datetime=\"2022-05-23T12:30:21+02:00\">23 mai 2022<\/time><\/span><span class=\"author\"><span class=\"glyphicon glyphicon-user\"><\/span> <a href=\"https:\/\/le-clairon-nouveau.fr\/wordpress\/blog\/author\/laurent\/\" rel=\"author\">Laurent Fabas<\/a><\/span><span class=\"comments-link\"><span class=\"glyphicon glyphicon-comment\"><\/span> <a href=\"https:\/\/le-clairon-nouveau.fr\/wordpress\/blog\/2022\/05\/23\/encourageons-les-petites-filles-a-aller-au-bout-de-leurs-reves-elisons-des-deputees\/#respond\">Aucun commentaire<span class=\"screen-reader-text\"> sur Encourageons les petites filles \u00e0 aller au bout de leurs r\u00eaves. \u00c9lisons des d\u00e9put\u00e9es.<\/span><\/a><\/span><\/div>\n<div class=\"pt-cv-content\">Les \u00e9lections l\u00e9gislatives approchent. Voici une occasion d\u2019endosser collectivement\u00a0 la judicieuse injonction de notre premi\u00e8re ministre fra\u00eechement nomm\u00e9e. Encourageons les petites filles \u00e0 aller au bout de leurs r\u00eaves en \u00e9lisant leurs a\u00een\u00e9es d\u00e9put\u00e9es. Pour ma part, les r\u00eaves des petites filles qui m\u2019entourent tournent d\u2019avantage autour de l\u2019id\u00e9e d\u2019\u00eatre astronaute ou dresseuse de poneys. Peut-\u00eatre qu\u2019un rappel pour petits et grands du r\u00f4le de la d\u00e9put\u00e9e ferait na\u00eetre des vocations ... <a href=\"https:\/\/le-clairon-nouveau.fr\/wordpress\/blog\/2022\/05\/23\/encourageons-les-petites-filles-a-aller-au-bout-de-leurs-reves-elisons-des-deputees\/\" class=\"pt-cv-window pt-cv-readmore pt-cv-textlink\" target=\"pt-cv-window\" data-width=\"1200\" data-height=\"600\" data-iw=\"150\" data-ih=\"150\">Lire la suite<\/a><\/div><\/div><\/div>\n<div class=\"col-md-12 col-sm-12 col-xs-12 pt-cv-content-item pt-cv-2-col\"  data-pid=\"26374\"><div class='pt-cv-ifield'><a href=\"https:\/\/le-clairon-nouveau.fr\/wordpress\/blog\/2022\/05\/23\/la-macronie-peut-elle-changer\/\" class=\"pt-cv-window pt-cv-href-thumbnail pt-cv-thumb-left cvp-responsive-image img-shadow\" target=\"pt-cv-window\" data-width=\"1200\" data-height=\"600\" data-iw=\"150\" data-ih=\"150\"><img decoding=\"async\" width=\"150\" src=\"https:\/\/i0.wp.com\/le-clairon-nouveau.fr\/wordpress\/wp-content\/uploads\/2022\/05\/graphique-Image-par-Mediamodifier-de-Pixabay.png?resize=577%2C273&amp;ssl=1\" class=\"pt-cv-thumbnail img-shadow pull-left cvp-substitute no-lazyload \" alt=\"La Macronie peut elle changer ?\" title=\"\" data-no-lazy=\"1\" \/><\/a>\n<h4 class=\"pt-cv-title\"><a href=\"https:\/\/le-clairon-nouveau.fr\/wordpress\/blog\/2022\/05\/23\/la-macronie-peut-elle-changer\/\" class=\"pt-cv-window\" target=\"pt-cv-window\" data-width=\"1200\" data-height=\"600\" data-iw=\"150\" data-ih=\"150\">La Macronie peut elle changer ?<\/a><\/h4>\n<div class=\"pt-cv-meta-fields\"><span class=\"entry-date\"><span class=\"glyphicon glyphicon-calendar\"><\/span> <time datetime=\"2022-05-23T12:30:52+02:00\">23 mai 2022<\/time><\/span><span class=\"author\"><span class=\"glyphicon glyphicon-user\"><\/span> <a href=\"https:\/\/le-clairon-nouveau.fr\/wordpress\/blog\/author\/hubert\/\" rel=\"author\">Hubert Reys<\/a><\/span><span class=\"comments-link\"><span class=\"glyphicon glyphicon-comment\"><\/span> <a href=\"https:\/\/le-clairon-nouveau.fr\/wordpress\/blog\/2022\/05\/23\/la-macronie-peut-elle-changer\/#respond\">Aucun commentaire<span class=\"screen-reader-text\"> sur La Macronie peut elle changer ?<\/span><\/a><\/span><\/div>\n<div class=\"pt-cv-content\">Les appr\u00e9ciations p\u00e9joratives de sa gouvernance par une grande partie de l'opinion vont-elles inciter Macron \u00e0 changer de politique ? ... <a href=\"https:\/\/le-clairon-nouveau.fr\/wordpress\/blog\/2022\/05\/23\/la-macronie-peut-elle-changer\/\" class=\"pt-cv-window pt-cv-readmore pt-cv-textlink\" target=\"pt-cv-window\" data-width=\"1200\" data-height=\"600\" data-iw=\"150\" data-ih=\"150\">Lire la suite<\/a><\/div><\/div><\/div>\n<div class=\"col-md-12 col-sm-12 col-xs-12 pt-cv-content-item pt-cv-2-col\"  data-pid=\"26573\"><div class='pt-cv-ifield'><a href=\"https:\/\/le-clairon-nouveau.fr\/wordpress\/blog\/2022\/06\/23\/macron-de-lautocratie-a-la-democratie\/\" class=\"pt-cv-window pt-cv-href-thumbnail pt-cv-thumb-left cvp-responsive-image img-shadow\" target=\"pt-cv-window\" data-width=\"1200\" data-height=\"600\" data-iw=\"150\" data-ih=\"150\"><img decoding=\"async\" width=\"150\" src=\"https:\/\/i0.wp.com\/le-clairon-nouveau.fr\/wordpress\/wp-content\/uploads\/2022\/06\/Les-temps-peuvent-changer-images-de-mohamed-Hassan-de-Pixabay.jpg?resize=487%2C237&amp;ssl=1\" class=\"pt-cv-thumbnail img-shadow pull-left cvp-substitute no-lazyload \" alt=\"Macron : de l\u2019autocratie \u00e0 la d\u00e9mocratie ?\" title=\"\" data-no-lazy=\"1\" \/><\/a>\n<h4 class=\"pt-cv-title\"><a href=\"https:\/\/le-clairon-nouveau.fr\/wordpress\/blog\/2022\/06\/23\/macron-de-lautocratie-a-la-democratie\/\" class=\"pt-cv-window\" target=\"pt-cv-window\" data-width=\"1200\" data-height=\"600\" data-iw=\"150\" data-ih=\"150\">Macron : de l\u2019autocratie \u00e0 la d\u00e9mocratie ?<\/a><\/h4>\n<div class=\"pt-cv-meta-fields\"><span class=\"entry-date\"><span class=\"glyphicon glyphicon-calendar\"><\/span> <time datetime=\"2022-06-23T12:30:06+02:00\">23 juin 2022<\/time><\/span><span class=\"author\"><span class=\"glyphicon glyphicon-user\"><\/span> <a href=\"https:\/\/le-clairon-nouveau.fr\/wordpress\/blog\/author\/hubert\/\" rel=\"author\">Hubert Reys<\/a><\/span><span class=\"comments-link\"><span class=\"glyphicon glyphicon-comment\"><\/span> <a href=\"https:\/\/le-clairon-nouveau.fr\/wordpress\/blog\/2022\/06\/23\/macron-de-lautocratie-a-la-democratie\/#comments\">2 commentaires <span class=\"screen-reader-text\"> sur Macron : de l\u2019autocratie \u00e0 la d\u00e9mocratie ?<\/span><\/a><\/span><\/div>\n<div class=\"pt-cv-content\">. Consid\u00e9rer l\u2019autre en position d\u2019\u00e9galit\u00e9, constitue un plier incontournable de la d\u00e9mocratie ... <a href=\"https:\/\/le-clairon-nouveau.fr\/wordpress\/blog\/2022\/06\/23\/macron-de-lautocratie-a-la-democratie\/\" class=\"pt-cv-window pt-cv-readmore pt-cv-textlink\" target=\"pt-cv-window\" data-width=\"1200\" data-height=\"600\" data-iw=\"150\" data-ih=\"150\">Lire la suite<\/a><\/div><\/div><\/div>\n<div class=\"col-md-12 col-sm-12 col-xs-12 pt-cv-content-item pt-cv-2-col\"  data-pid=\"26544\"><div class='pt-cv-ifield'><a href=\"https:\/\/le-clairon-nouveau.fr\/wordpress\/blog\/2022\/06\/23\/legislatives-2022-le-debat-republicain-transforme-en-combat-sans-foi-ni-loi\/\" class=\"pt-cv-window pt-cv-href-thumbnail pt-cv-thumb-left cvp-responsive-image img-shadow\" target=\"pt-cv-window\" data-width=\"1200\" data-height=\"600\" data-iw=\"150\" data-ih=\"150\"><img decoding=\"async\" width=\"150\" src=\"https:\/\/i0.wp.com\/le-clairon-nouveau.fr\/wordpress\/wp-content\/uploads\/2022\/06\/lutte.jpg?resize=578%2C359&amp;ssl=1\" class=\"pt-cv-thumbnail img-shadow pull-left cvp-substitute no-lazyload \" alt=\"L\u00e9gislatives 2022 : le d\u00e9bat r\u00e9publicain transform\u00e9 en combat sans foi ni loi\u2026.\" title=\"\" data-no-lazy=\"1\" \/><\/a>\n<h4 class=\"pt-cv-title\"><a href=\"https:\/\/le-clairon-nouveau.fr\/wordpress\/blog\/2022\/06\/23\/legislatives-2022-le-debat-republicain-transforme-en-combat-sans-foi-ni-loi\/\" class=\"pt-cv-window\" target=\"pt-cv-window\" data-width=\"1200\" data-height=\"600\" data-iw=\"150\" data-ih=\"150\">L\u00e9gislatives 2022 : le d\u00e9bat r\u00e9publicain transform\u00e9 en combat sans foi ni loi\u2026.<\/a><\/h4>\n<div class=\"pt-cv-meta-fields\"><span class=\"entry-date\"><span class=\"glyphicon glyphicon-calendar\"><\/span> <time datetime=\"2022-06-23T12:30:22+02:00\">23 juin 2022<\/time><\/span><span class=\"author\"><span class=\"glyphicon glyphicon-user\"><\/span> <a href=\"https:\/\/le-clairon-nouveau.fr\/wordpress\/blog\/author\/hubert\/\" rel=\"author\">Hubert Reys<\/a><\/span><span class=\"comments-link\"><span class=\"glyphicon glyphicon-comment\"><\/span> <a href=\"https:\/\/le-clairon-nouveau.fr\/wordpress\/blog\/2022\/06\/23\/legislatives-2022-le-debat-republicain-transforme-en-combat-sans-foi-ni-loi\/#respond\">Aucun commentaire<span class=\"screen-reader-text\"> sur L\u00e9gislatives 2022 : le d\u00e9bat r\u00e9publicain transform\u00e9 en combat sans foi ni loi\u2026.<\/span><\/a><\/span><\/div>\n<div class=\"pt-cv-content\">\"Plus le mensonge est gros, plus il passe\" disait Joseph Goebbels : il avait tort. L'acharnement m\u00e9diatique contre la <span class='tooltipsall tooltip_post_id_27252 classtoolTips87'>NUPES<\/span> n'a pas profit\u00e9 \u00e0 la Macronie ... <a href=\"https:\/\/le-clairon-nouveau.fr\/wordpress\/blog\/2022\/06\/23\/legislatives-2022-le-debat-republicain-transforme-en-combat-sans-foi-ni-loi\/\" class=\"pt-cv-window pt-cv-readmore pt-cv-textlink\" target=\"pt-cv-window\" data-width=\"1200\" data-height=\"600\" data-iw=\"150\" data-ih=\"150\">Lire la suite<\/a><\/div><\/div><\/div>\n<div class=\"col-md-12 col-sm-12 col-xs-12 pt-cv-content-item pt-cv-2-col\"  data-pid=\"26590\"><div class='pt-cv-ifield'><a href=\"https:\/\/le-clairon-nouveau.fr\/wordpress\/blog\/2022\/06\/23\/politique-les-barrages-finissent-toujours-par-ceder\/\" class=\"pt-cv-window pt-cv-href-thumbnail pt-cv-thumb-left cvp-responsive-image img-shadow\" target=\"pt-cv-window\" data-width=\"1200\" data-height=\"600\" data-iw=\"150\" data-ih=\"150\"><img decoding=\"async\" width=\"150\" src=\"https:\/\/i0.wp.com\/le-clairon-nouveau.fr\/wordpress\/wp-content\/uploads\/2022\/06\/Barrage-de-Castors.jpg?resize=488%2C325&amp;ssl=1\" class=\"pt-cv-thumbnail img-shadow pull-left cvp-substitute no-lazyload \" alt=\"Politique : les barrages finissent toujours par c\u00e9der.\" title=\"\" data-no-lazy=\"1\" \/><\/a>\n<h4 class=\"pt-cv-title\"><a href=\"https:\/\/le-clairon-nouveau.fr\/wordpress\/blog\/2022\/06\/23\/politique-les-barrages-finissent-toujours-par-ceder\/\" class=\"pt-cv-window\" target=\"pt-cv-window\" data-width=\"1200\" data-height=\"600\" data-iw=\"150\" data-ih=\"150\">Politique : les barrages finissent toujours par c\u00e9der.<\/a><\/h4>\n<div class=\"pt-cv-meta-fields\"><span class=\"entry-date\"><span class=\"glyphicon glyphicon-calendar\"><\/span> <time datetime=\"2022-06-23T12:30:39+02:00\">23 juin 2022<\/time><\/span><span class=\"author\"><span class=\"glyphicon glyphicon-user\"><\/span> <a href=\"https:\/\/le-clairon-nouveau.fr\/wordpress\/blog\/author\/laurent\/\" rel=\"author\">Laurent Fabas<\/a><\/span><span class=\"comments-link\"><span class=\"glyphicon glyphicon-comment\"><\/span> <a href=\"https:\/\/le-clairon-nouveau.fr\/wordpress\/blog\/2022\/06\/23\/politique-les-barrages-finissent-toujours-par-ceder\/#comments\">Un commentaire <span class=\"screen-reader-text\"> sur Politique : les barrages finissent toujours par c\u00e9der.<\/span><\/a><\/span><\/div>\n<div class=\"pt-cv-content\">Le barrage n\u2019a pas tenu parce que nous l\u2019avons laiss\u00e9 s\u2019effondrer ... <a href=\"https:\/\/le-clairon-nouveau.fr\/wordpress\/blog\/2022\/06\/23\/politique-les-barrages-finissent-toujours-par-ceder\/\" class=\"pt-cv-window pt-cv-readmore pt-cv-textlink\" target=\"pt-cv-window\" data-width=\"1200\" data-height=\"600\" data-iw=\"150\" data-ih=\"150\">Lire la suite<\/a><\/div><\/div><\/div>\n<div class=\"col-md-12 col-sm-12 col-xs-12 pt-cv-content-item pt-cv-2-col\"  data-pid=\"26586\"><div class='pt-cv-ifield'><a href=\"https:\/\/le-clairon-nouveau.fr\/wordpress\/blog\/2022\/06\/23\/pour-yacou-et-momo-court-recit-dune-mobilisation-reussie\/\" class=\"pt-cv-window pt-cv-href-thumbnail pt-cv-thumb-left cvp-responsive-image img-shadow\" target=\"pt-cv-window\" data-width=\"1200\" data-height=\"600\" data-iw=\"150\" data-ih=\"150\"><img decoding=\"async\" width=\"150\" src=\"https:\/\/i0.wp.com\/le-clairon-nouveau.fr\/wordpress\/wp-content\/uploads\/2022\/06\/Manifestation-Yacou-et-Momo-edevant-la-sous-prefecture-de-Narbonne.jpg?resize=520%2C390&amp;ssl=1\" class=\"pt-cv-thumbnail img-shadow pull-left cvp-substitute no-lazyload \" alt=\"Pour Yacou et Momo : court r\u00e9cit d&#039;une mobilisation r\u00e9ussie\" title=\"\" data-no-lazy=\"1\" \/><\/a>\n<h4 class=\"pt-cv-title\"><a href=\"https:\/\/le-clairon-nouveau.fr\/wordpress\/blog\/2022\/06\/23\/pour-yacou-et-momo-court-recit-dune-mobilisation-reussie\/\" class=\"pt-cv-window\" target=\"pt-cv-window\" data-width=\"1200\" data-height=\"600\" data-iw=\"150\" data-ih=\"150\">Pour Yacou et Momo : court r\u00e9cit d&rsquo;une mobilisation r\u00e9ussie<\/a><\/h4>\n<div class=\"pt-cv-meta-fields\"><span class=\"entry-date\"><span class=\"glyphicon glyphicon-calendar\"><\/span> <time datetime=\"2022-06-23T12:30:55+02:00\">23 juin 2022<\/time><\/span><span class=\"author\"><span class=\"glyphicon glyphicon-user\"><\/span> <a href=\"https:\/\/le-clairon-nouveau.fr\/wordpress\/blog\/author\/redact\/\" rel=\"author\">La R\u00e9daction du Clairon de l'Atax<\/a><\/span><span class=\"comments-link\"><span class=\"glyphicon glyphicon-comment\"><\/span> <a href=\"https:\/\/le-clairon-nouveau.fr\/wordpress\/blog\/2022\/06\/23\/pour-yacou-et-momo-court-recit-dune-mobilisation-reussie\/#respond\">Aucun commentaire<span class=\"screen-reader-text\"> sur Pour Yacou et Momo : court r\u00e9cit d&rsquo;une mobilisation r\u00e9ussie<\/span><\/a><\/span><\/div>\n<div class=\"pt-cv-content\">Face \u00e0 certaines d\u00e9cisions de l'administration, o\u00f9 la r\u00e9f\u00e9rence sans nuance \u00e0 la loi et \u00e0 la r\u00e8glementation augmente les injustices au lieu de les r\u00e9soudre, la veille citoyenne, l\u2019engagement et la mobilisation de militants peuvent corriger les exc\u00e8s de l\u2019\u00c9tat ... <a href=\"https:\/\/le-clairon-nouveau.fr\/wordpress\/blog\/2022\/06\/23\/pour-yacou-et-momo-court-recit-dune-mobilisation-reussie\/\" class=\"pt-cv-window pt-cv-readmore pt-cv-textlink\" target=\"pt-cv-window\" data-width=\"1200\" data-height=\"600\" data-iw=\"150\" data-ih=\"150\">Lire la suite<\/a><\/div><\/div><\/div>\n<div class=\"col-md-12 col-sm-12 col-xs-12 pt-cv-content-item pt-cv-2-col\"  data-pid=\"26723\"><div class='pt-cv-ifield'><a href=\"https:\/\/le-clairon-nouveau.fr\/wordpress\/blog\/2022\/07\/23\/les-monnaies-locales-une-reponse-a-linflation\/\" class=\"pt-cv-window pt-cv-href-thumbnail pt-cv-thumb-left cvp-responsive-image img-shadow\" target=\"pt-cv-window\" data-width=\"1200\" data-height=\"600\" data-iw=\"150\" data-ih=\"150\"><img decoding=\"async\" width=\"150\" src=\"https:\/\/i0.wp.com\/le-clairon-nouveau.fr\/wordpress\/wp-content\/uploads\/2022\/07\/Monaie-Image-par-Steve-Buissinne-de-Pixabay.jpg?resize=584%2C389&amp;ssl=1\" class=\"pt-cv-thumbnail img-shadow pull-left cvp-substitute no-lazyload \" alt=\"Les monnaies locales une r\u00e9ponse \u00e0 l\u2019inflation ?\" title=\"\" data-no-lazy=\"1\" \/><\/a>\n<h4 class=\"pt-cv-title\"><a href=\"https:\/\/le-clairon-nouveau.fr\/wordpress\/blog\/2022\/07\/23\/les-monnaies-locales-une-reponse-a-linflation\/\" class=\"pt-cv-window\" target=\"pt-cv-window\" data-width=\"1200\" data-height=\"600\" data-iw=\"150\" data-ih=\"150\">Les monnaies locales une r\u00e9ponse \u00e0 l\u2019inflation ?<\/a><\/h4>\n<div class=\"pt-cv-meta-fields\"><span class=\"entry-date\"><span class=\"glyphicon glyphicon-calendar\"><\/span> <time datetime=\"2022-07-23T12:30:00+02:00\">23 juillet 2022<\/time><\/span><span class=\"author\"><span class=\"glyphicon glyphicon-user\"><\/span> <a href=\"https:\/\/le-clairon-nouveau.fr\/wordpress\/blog\/author\/redact\/\" rel=\"author\">La R\u00e9daction du Clairon de l'Atax<\/a><\/span><span class=\"comments-link\"><span class=\"glyphicon glyphicon-comment\"><\/span> <a href=\"https:\/\/le-clairon-nouveau.fr\/wordpress\/blog\/2022\/07\/23\/les-monnaies-locales-une-reponse-a-linflation\/#respond\">Aucun commentaire<span class=\"screen-reader-text\"> sur Les monnaies locales une r\u00e9ponse \u00e0 l\u2019inflation ?<\/span><\/a><\/span><\/div>\n<div class=\"pt-cv-content\">L\u2019usage des monnaies locales est d\u00e9j\u00e0 ancien et r\u00e9pandu dans nombre de pays de l\u2019Union Europ\u00e9enne, son int\u00e9r\u00eat \u00e9conomique est d\u00e9montr\u00e9 : qu'est ce qui freine leur d\u00e9veloppement ? ... <a href=\"https:\/\/le-clairon-nouveau.fr\/wordpress\/blog\/2022\/07\/23\/les-monnaies-locales-une-reponse-a-linflation\/\" class=\"pt-cv-window pt-cv-readmore pt-cv-textlink\" target=\"pt-cv-window\" data-width=\"1200\" data-height=\"600\" data-iw=\"150\" data-ih=\"150\">Lire la suite<\/a><\/div><\/div><\/div>\n<div class=\"col-md-12 col-sm-12 col-xs-12 pt-cv-content-item pt-cv-2-col\"  data-pid=\"26745\"><div class='pt-cv-ifield'><a href=\"https:\/\/le-clairon-nouveau.fr\/wordpress\/blog\/2022\/07\/23\/les-magiciens-qui-nous-gouvernent\/\" class=\"pt-cv-window pt-cv-href-thumbnail pt-cv-thumb-left cvp-responsive-image img-shadow\" target=\"pt-cv-window\" data-width=\"1200\" data-height=\"600\" data-iw=\"150\" data-ih=\"150\"><img decoding=\"async\" width=\"150\" src=\"https:\/\/i0.wp.com\/le-clairon-nouveau.fr\/wordpress\/wp-content\/uploads\/2022\/07\/Jen-de-des-Image-par-kalhh-de-Pixabay.jpg?resize=492%2C404&amp;ssl=1\" class=\"pt-cv-thumbnail img-shadow pull-left cvp-substitute no-lazyload \" alt=\"Les magiciens qui nous gouvernent\" title=\"\" data-no-lazy=\"1\" \/><\/a>\n<h4 class=\"pt-cv-title\"><a href=\"https:\/\/le-clairon-nouveau.fr\/wordpress\/blog\/2022\/07\/23\/les-magiciens-qui-nous-gouvernent\/\" class=\"pt-cv-window\" target=\"pt-cv-window\" data-width=\"1200\" data-height=\"600\" data-iw=\"150\" data-ih=\"150\">Les magiciens qui nous gouvernent<\/a><\/h4>\n<div class=\"pt-cv-meta-fields\"><span class=\"entry-date\"><span class=\"glyphicon glyphicon-calendar\"><\/span> <time datetime=\"2022-07-23T12:30:59+02:00\">23 juillet 2022<\/time><\/span><span class=\"author\"><span class=\"glyphicon glyphicon-user\"><\/span> <a href=\"https:\/\/le-clairon-nouveau.fr\/wordpress\/blog\/author\/hubert\/\" rel=\"author\">Hubert Reys<\/a><\/span><span class=\"comments-link\"><span class=\"glyphicon glyphicon-comment\"><\/span> <a href=\"https:\/\/le-clairon-nouveau.fr\/wordpress\/blog\/2022\/07\/23\/les-magiciens-qui-nous-gouvernent\/#comments\">Un commentaire <span class=\"screen-reader-text\"> sur Les magiciens qui nous gouvernent<\/span><\/a><\/span><\/div>\n<div class=\"pt-cv-content\">La lutte contre le d\u00e9r\u00e8glement climatique peut servir de pr\u00e9texte pour mieux nous manipuler, la question du pouvoir d'achat aussi ... <a href=\"https:\/\/le-clairon-nouveau.fr\/wordpress\/blog\/2022\/07\/23\/les-magiciens-qui-nous-gouvernent\/\" class=\"pt-cv-window pt-cv-readmore pt-cv-textlink\" target=\"pt-cv-window\" data-width=\"1200\" data-height=\"600\" data-iw=\"150\" data-ih=\"150\">Lire la suite<\/a><\/div><\/div><\/div>\n<div class=\"col-md-12 col-sm-12 col-xs-12 pt-cv-content-item pt-cv-2-col\"  data-pid=\"26877\"><div class='pt-cv-ifield'><a href=\"https:\/\/le-clairon-nouveau.fr\/wordpress\/blog\/2022\/09\/23\/et-si-on-parlait-un-peu-de-robespierre\/\" class=\"pt-cv-window pt-cv-href-thumbnail pt-cv-thumb-left cvp-responsive-image img-shadow\" target=\"pt-cv-window\" data-width=\"1200\" data-height=\"600\" data-iw=\"150\" data-ih=\"150\"><img decoding=\"async\" width=\"150\" src=\"https:\/\/i0.wp.com\/le-clairon-nouveau.fr\/wordpress\/wp-content\/uploads\/2022\/09\/maximilien-robespierre-Image-par-Vizetelly-de-Pixabay-.png?resize=477%2C496&amp;ssl=1\" class=\"pt-cv-thumbnail img-shadow pull-left cvp-substitute no-lazyload \" alt=\"Et si on parlait un peu de Robespierre ?\" title=\"\" data-no-lazy=\"1\" \/><\/a>\n<h4 class=\"pt-cv-title\"><a href=\"https:\/\/le-clairon-nouveau.fr\/wordpress\/blog\/2022\/09\/23\/et-si-on-parlait-un-peu-de-robespierre\/\" class=\"pt-cv-window\" target=\"pt-cv-window\" data-width=\"1200\" data-height=\"600\" data-iw=\"150\" data-ih=\"150\">Et si on parlait un peu de Robespierre ?<\/a><\/h4>\n<div class=\"pt-cv-meta-fields\"><span class=\"entry-date\"><span class=\"glyphicon glyphicon-calendar\"><\/span> <time datetime=\"2022-09-23T12:30:14+02:00\">23 septembre 2022<\/time><\/span><span class=\"author\"><span class=\"glyphicon glyphicon-user\"><\/span> <a href=\"https:\/\/le-clairon-nouveau.fr\/wordpress\/blog\/author\/patrick\/\" rel=\"author\">Patrick Chevalier<\/a><\/span><span class=\"comments-link\"><span class=\"glyphicon glyphicon-comment\"><\/span> <a href=\"https:\/\/le-clairon-nouveau.fr\/wordpress\/blog\/2022\/09\/23\/et-si-on-parlait-un-peu-de-robespierre\/#respond\">Aucun commentaire<span class=\"screen-reader-text\"> sur Et si on parlait un peu de Robespierre ?<\/span><\/a><\/span><\/div>\n<div class=\"pt-cv-content\">C'est fou tout ce qu'on met sur le dos de Robespierre, alors que l'Histoire fourmille d'exemples de monarques ou de crapules en tout genre qui ont fait bien pire et dont on ne parle presque jamais. Il est vrai que Robespierre \u00e9tait r\u00e9publicain et les autres pas, m\u00eame si certains essayaient de s'en coller l'\u00e9tiquette ... <a href=\"https:\/\/le-clairon-nouveau.fr\/wordpress\/blog\/2022\/09\/23\/et-si-on-parlait-un-peu-de-robespierre\/\" class=\"pt-cv-window pt-cv-readmore pt-cv-textlink\" target=\"pt-cv-window\" data-width=\"1200\" data-height=\"600\" data-iw=\"150\" data-ih=\"150\">Lire la suite<\/a><\/div><\/div><\/div>\n<div class=\"col-md-12 col-sm-12 col-xs-12 pt-cv-content-item pt-cv-2-col\"  data-pid=\"26925\"><div class='pt-cv-ifield'><a href=\"https:\/\/le-clairon-nouveau.fr\/wordpress\/blog\/2022\/09\/23\/aucun-chef-aucun-fuhrer-duce-ou-conducator-nous-protegera-de-la-crise-climatique\/\" class=\"pt-cv-window pt-cv-href-thumbnail pt-cv-thumb-left cvp-responsive-image img-shadow\" target=\"pt-cv-window\" data-width=\"1200\" data-height=\"600\" data-iw=\"150\" data-ih=\"150\"><img decoding=\"async\" width=\"150\" src=\"https:\/\/i0.wp.com\/le-clairon-nouveau.fr\/wordpress\/wp-content\/uploads\/2022\/09\/Incendie-la-nuit-Image-par-Valter-Cirillo-de-Pixabay.jpg?resize=583%2C365&amp;ssl=1\" class=\"pt-cv-thumbnail img-shadow pull-left cvp-substitute no-lazyload \" alt=\"Aucun chef, aucun f\u00fchrer, duce ou conducator, ne nous prot\u00e8gera de la crise climatique\" title=\"\" data-no-lazy=\"1\" \/><\/a>\n<h4 class=\"pt-cv-title\"><a href=\"https:\/\/le-clairon-nouveau.fr\/wordpress\/blog\/2022\/09\/23\/aucun-chef-aucun-fuhrer-duce-ou-conducator-nous-protegera-de-la-crise-climatique\/\" class=\"pt-cv-window\" target=\"pt-cv-window\" data-width=\"1200\" data-height=\"600\" data-iw=\"150\" data-ih=\"150\">Aucun chef, aucun f\u00fchrer, duce ou conducator, ne nous prot\u00e8gera de la crise climatique<\/a><\/h4>\n<div class=\"pt-cv-meta-fields\"><span class=\"entry-date\"><span class=\"glyphicon glyphicon-calendar\"><\/span> <time datetime=\"2022-09-23T12:30:32+02:00\">23 septembre 2022<\/time><\/span><span class=\"author\"><span class=\"glyphicon glyphicon-user\"><\/span> <a href=\"https:\/\/le-clairon-nouveau.fr\/wordpress\/blog\/author\/hubert\/\" rel=\"author\">Hubert Reys<\/a><\/span><span class=\"comments-link\"><span class=\"glyphicon glyphicon-comment\"><\/span> <a href=\"https:\/\/le-clairon-nouveau.fr\/wordpress\/blog\/2022\/09\/23\/aucun-chef-aucun-fuhrer-duce-ou-conducator-nous-protegera-de-la-crise-climatique\/#comments\">3 commentaires <span class=\"screen-reader-text\"> sur Aucun chef, aucun f\u00fchrer, duce ou conducator, ne nous prot\u00e8gera de la crise climatique<\/span><\/a><\/span><\/div>\n<div class=\"pt-cv-content\">Nous sommes \u00e0 un moment crucial : dans cette \u00e8re de changement climatique que nous subissons, le fonctionnement d\u00e9mocratique de nos soci\u00e9t\u00e9s est un besoin vital ... <a href=\"https:\/\/le-clairon-nouveau.fr\/wordpress\/blog\/2022\/09\/23\/aucun-chef-aucun-fuhrer-duce-ou-conducator-nous-protegera-de-la-crise-climatique\/\" class=\"pt-cv-window pt-cv-readmore pt-cv-textlink\" target=\"pt-cv-window\" data-width=\"1200\" data-height=\"600\" data-iw=\"150\" data-ih=\"150\">Lire la suite<\/a><\/div><\/div><\/div>\n<div class=\"col-md-12 col-sm-12 col-xs-12 pt-cv-content-item pt-cv-2-col\"  data-pid=\"26991\"><div class='pt-cv-ifield'><a href=\"https:\/\/le-clairon-nouveau.fr\/wordpress\/blog\/2022\/10\/23\/de-la-fabrication-des-elus\/\" class=\"pt-cv-window pt-cv-href-thumbnail pt-cv-thumb-left cvp-responsive-image img-shadow\" target=\"pt-cv-window\" data-width=\"1200\" data-height=\"600\" data-iw=\"150\" data-ih=\"150\"><img decoding=\"async\" width=\"150\" src=\"https:\/\/i0.wp.com\/le-clairon-nouveau.fr\/wordpress\/wp-content\/uploads\/2022\/10\/Alaska-fonte-des-glaces-image-par-David-Mark-de-Pixabay.jpg?resize=590%2C409&amp;ssl=1\" class=\"pt-cv-thumbnail img-shadow pull-left cvp-substitute no-lazyload \" alt=\"De la fabrication des \u00e9lus\" title=\"\" data-no-lazy=\"1\" \/><\/a>\n<h4 class=\"pt-cv-title\"><a href=\"https:\/\/le-clairon-nouveau.fr\/wordpress\/blog\/2022\/10\/23\/de-la-fabrication-des-elus\/\" class=\"pt-cv-window\" target=\"pt-cv-window\" data-width=\"1200\" data-height=\"600\" data-iw=\"150\" data-ih=\"150\">De la fabrication des \u00e9lus<\/a><\/h4>\n<div class=\"pt-cv-meta-fields\"><span class=\"entry-date\"><span class=\"glyphicon glyphicon-calendar\"><\/span> <time datetime=\"2022-10-23T12:30:16+02:00\">23 octobre 2022<\/time><\/span><span class=\"author\"><span class=\"glyphicon glyphicon-user\"><\/span> <a href=\"https:\/\/le-clairon-nouveau.fr\/wordpress\/blog\/author\/hubert\/\" rel=\"author\">Hubert Reys<\/a><\/span><span class=\"comments-link\"><span class=\"glyphicon glyphicon-comment\"><\/span> <a href=\"https:\/\/le-clairon-nouveau.fr\/wordpress\/blog\/2022\/10\/23\/de-la-fabrication-des-elus\/#respond\">Aucun commentaire<span class=\"screen-reader-text\"> sur De la fabrication des \u00e9lus<\/span><\/a><\/span><\/div>\n<div class=\"pt-cv-content\">Il nous faut des \u00e9lus dont la l\u00e9gitimit\u00e9 ne peut \u00eatre contest\u00e9e, cela suppose qu\u2019en l\u2019\u00e9tat actuel des partis, le choix d\u2019un candidat \u00e0 une responsabilit\u00e9 politique ne peut \u00eatre du seul ressort de l\u2019\u00e9tat-major ou du chef d\u2019un parti ... <a href=\"https:\/\/le-clairon-nouveau.fr\/wordpress\/blog\/2022\/10\/23\/de-la-fabrication-des-elus\/\" class=\"pt-cv-window pt-cv-readmore pt-cv-textlink\" target=\"pt-cv-window\" data-width=\"1200\" data-height=\"600\" data-iw=\"150\" data-ih=\"150\">Lire la suite<\/a><\/div><\/div><\/div>\n<div class=\"col-md-12 col-sm-12 col-xs-12 pt-cv-content-item pt-cv-2-col\"  data-pid=\"27231\"><div class='pt-cv-ifield'><a href=\"https:\/\/le-clairon-nouveau.fr\/wordpress\/blog\/2022\/11\/30\/narbonne-une-assemblee-populaire-reussie\/\" class=\"pt-cv-window pt-cv-href-thumbnail pt-cv-thumb-left cvp-responsive-image img-shadow\" target=\"pt-cv-window\" data-width=\"1200\" data-height=\"600\" data-iw=\"150\" data-ih=\"150\"><img decoding=\"async\" width=\"150\" src=\"https:\/\/i0.wp.com\/le-clairon-nouveau.fr\/wordpress\/wp-content\/uploads\/2022\/11\/Salle-251122-UPN-NI.jpg?resize=592%2C444&amp;ssl=1\" class=\"pt-cv-thumbnail img-shadow pull-left cvp-substitute no-lazyload \" alt=\"Narbonne : une assembl\u00e9e populaire r\u00e9ussie\" title=\"\" data-no-lazy=\"1\" \/><\/a>\n<h4 class=\"pt-cv-title\"><a href=\"https:\/\/le-clairon-nouveau.fr\/wordpress\/blog\/2022\/11\/30\/narbonne-une-assemblee-populaire-reussie\/\" class=\"pt-cv-window\" target=\"pt-cv-window\" data-width=\"1200\" data-height=\"600\" data-iw=\"150\" data-ih=\"150\">Narbonne : une assembl\u00e9e populaire r\u00e9ussie<\/a><\/h4>\n<div class=\"pt-cv-meta-fields\"><span class=\"entry-date\"><span class=\"glyphicon glyphicon-calendar\"><\/span> <time datetime=\"2022-11-30T22:51:51+01:00\">30 novembre 2022<\/time><\/span><span class=\"author\"><span class=\"glyphicon glyphicon-user\"><\/span> <a href=\"https:\/\/le-clairon-nouveau.fr\/wordpress\/blog\/author\/redact\/\" rel=\"author\">La R\u00e9daction du Clairon de l'Atax<\/a><\/span><span class=\"comments-link\"><span class=\"glyphicon glyphicon-comment\"><\/span> <a href=\"https:\/\/le-clairon-nouveau.fr\/wordpress\/blog\/2022\/11\/30\/narbonne-une-assemblee-populaire-reussie\/#respond\">Aucun commentaire<span class=\"screen-reader-text\"> sur Narbonne : une assembl\u00e9e populaire r\u00e9ussie<\/span><\/a><\/span><\/div>\n<div class=\"pt-cv-content\">l'implication politique ne se limite pas aux seules \u00e9<span class='tooltipsall tooltip_post_id_18357 classtoolTips220'>ch<\/span>\u00e9ances \u00e9lectorales, mais elle doit doit se poursuivre de fa\u00e7on permanente ... <a href=\"https:\/\/le-clairon-nouveau.fr\/wordpress\/blog\/2022\/11\/30\/narbonne-une-assemblee-populaire-reussie\/\" class=\"pt-cv-window pt-cv-readmore pt-cv-textlink\" target=\"pt-cv-window\" data-width=\"1200\" data-height=\"600\" data-iw=\"150\" data-ih=\"150\">Lire la suite<\/a><\/div><\/div><\/div>\n<div class=\"col-md-12 col-sm-12 col-xs-12 pt-cv-content-item pt-cv-2-col\"  data-pid=\"27411\"><div class='pt-cv-ifield'><a href=\"https:\/\/le-clairon-nouveau.fr\/wordpress\/blog\/2023\/01\/18\/narbonne-une-conference-de-presse-du-groupe-union-populaire-narbonne-et-narbonne-insoumise\/\" class=\"pt-cv-window pt-cv-href-thumbnail pt-cv-thumb-left cvp-responsive-image img-shadow\" target=\"pt-cv-window\" data-width=\"1200\" data-height=\"600\" data-iw=\"150\" data-ih=\"150\"><img decoding=\"async\" width=\"150\" src=\"https:\/\/i0.wp.com\/le-clairon-nouveau.fr\/wordpress\/wp-content\/uploads\/2023\/01\/Conf-UPN-NI.jpg?resize=580%2C327&amp;ssl=1\" class=\"pt-cv-thumbnail img-shadow pull-left cvp-substitute no-lazyload \" alt=\"Narbonne : une conf\u00e9rence de presse du groupe  Union Populaire Narbonne et Narbonne Insoumise\" title=\"\" data-no-lazy=\"1\" \/><\/a>\n<h4 class=\"pt-cv-title\"><a href=\"https:\/\/le-clairon-nouveau.fr\/wordpress\/blog\/2023\/01\/18\/narbonne-une-conference-de-presse-du-groupe-union-populaire-narbonne-et-narbonne-insoumise\/\" class=\"pt-cv-window\" target=\"pt-cv-window\" data-width=\"1200\" data-height=\"600\" data-iw=\"150\" data-ih=\"150\">Narbonne : une conf\u00e9rence de presse du groupe  Union Populaire Narbonne et Narbonne Insoumise<\/a><\/h4>\n<div class=\"pt-cv-meta-fields\"><span class=\"entry-date\"><span class=\"glyphicon glyphicon-calendar\"><\/span> <time datetime=\"2023-01-18T01:26:44+01:00\">18 janvier 2023<\/time><\/span><span class=\"author\"><span class=\"glyphicon glyphicon-user\"><\/span> <a href=\"https:\/\/le-clairon-nouveau.fr\/wordpress\/blog\/author\/redact\/\" rel=\"author\">La R\u00e9daction du Clairon de l'Atax<\/a><\/span><span class=\"comments-link\"><span class=\"glyphicon glyphicon-comment\"><\/span> <a href=\"https:\/\/le-clairon-nouveau.fr\/wordpress\/blog\/2023\/01\/18\/narbonne-une-conference-de-presse-du-groupe-union-populaire-narbonne-et-narbonne-insoumise\/#respond\">Aucun commentaire<span class=\"screen-reader-text\"> sur Narbonne : une conf\u00e9rence de presse du groupe  Union Populaire Narbonne et Narbonne Insoumise<\/span><\/a><\/span><\/div>\n<div class=\"pt-cv-content\">Les intervenant de Union Populaire Narbonne et Narbonne Insoumise \u00e0 la conf\u00e9rence de presse (photo HR) Ce mardi 17 janvier \u00a0\u00e0\u00a0 17h30 le groupe Union Populaire Narbonne \/ Narbonne Insoumise (UPN \/ NI) a tenu une conf\u00e9rence de presse devant l\u2019H\u00f4tel de Ville. Des membres du groupe se sont exprim\u00e9s \u00e0 tour de r\u00f4le sur le projet de r\u00e9forme du syst\u00e8me de retraites du gouvernement. Le groupe UPN \/ Ni r\u00e9cuse le projet de retraites du gouvernement et r\u00e9fute sur plusieurs points les arguments avanc\u00e9s par celui-ci pour justifier cette r\u00e9forme. Ainsi,selon le gouvernement, le syst\u00e8me de financement des retraites serait d\u00e9sormais en d\u00e9ficit parce qu\u2019il y aurait de moins en moins d\u2019actifs pour cotiser et payer les pensions de retrait\u00e9s de plus en plus nombreux. Mais ce qui est pass\u00e9 sous silence c\u2019est que cette diminution des actifs est en partie compens\u00e9e par l\u2019augmentation de la productivit\u00e9 : + 44% ces 20 derni\u00e8res ann\u00e9es. Or augmenter la productivit\u00e9, cela veuf dire cr\u00e9er de la richesse : mais cette richesse cr\u00e9\u00e9e a surtout profit\u00e9 aux actionnaires et pas au syst\u00e8me des retraites Par ailleurs la part des versements des entreprises au syst\u00e8me de retraite ne correspond pas \u00e0 l\u2019\u00e9volution de leurs profits. Ainsi un rapport de l\u2019<span class='tooltipsall tooltip_post_id_3579 classtoolTips210'>ONG<\/span> <span class='tooltipsall tooltip_post_id_3584 classtoolTips75'>OXFAM<\/span> r\u00e9cemment paru constate que la France compte actuellement 42 milliardaires dont la fortune a \u00e9t\u00e9 multipli\u00e9e par quatre\u00a0 en dix\u00a0ans. M\u00eame en tenant compte de l\u2019inflation, leur fortune a cr\u00fb de 59\u00a0% depuis 2020, soit 200 milliards d\u2019euros en plus. OXFAM affirme ... <a href=\"https:\/\/le-clairon-nouveau.fr\/wordpress\/blog\/2023\/01\/18\/narbonne-une-conference-de-presse-du-groupe-union-populaire-narbonne-et-narbonne-insoumise\/\" class=\"pt-cv-window pt-cv-readmore pt-cv-textlink\" target=\"pt-cv-window\" data-width=\"1200\" data-height=\"600\" data-iw=\"150\" data-ih=\"150\">Lire la suite<\/a><\/div><\/div><\/div>\n<div class=\"col-md-12 col-sm-12 col-xs-12 pt-cv-content-item pt-cv-2-col\"  data-pid=\"27828\"><div class='pt-cv-ifield'><a href=\"https:\/\/le-clairon-nouveau.fr\/wordpress\/blog\/2023\/03\/22\/la-retraite-une-conquete-ouvriere\/\" class=\"pt-cv-window pt-cv-href-thumbnail pt-cv-thumb-left cvp-responsive-image img-shadow\" target=\"pt-cv-window\" data-width=\"1200\" data-height=\"600\" data-iw=\"150\" data-ih=\"150\"><img decoding=\"async\" width=\"150\" src=\"https:\/\/i0.wp.com\/le-clairon-nouveau.fr\/wordpress\/wp-content\/uploads\/2023\/03\/Histoire-retraites.jpg?resize=577%2C402&amp;ssl=1\" class=\"pt-cv-thumbnail img-shadow pull-left cvp-substitute no-lazyload \" alt=\"La retraite : une conqu\u00eate ouvri\u00e8re.\" title=\"\" data-no-lazy=\"1\" \/><\/a>\n<h4 class=\"pt-cv-title\"><a href=\"https:\/\/le-clairon-nouveau.fr\/wordpress\/blog\/2023\/03\/22\/la-retraite-une-conquete-ouvriere\/\" class=\"pt-cv-window\" target=\"pt-cv-window\" data-width=\"1200\" data-height=\"600\" data-iw=\"150\" data-ih=\"150\">La retraite : une conqu\u00eate ouvri\u00e8re.<\/a><\/h4>\n<div class=\"pt-cv-meta-fields\"><span class=\"entry-date\"><span class=\"glyphicon glyphicon-calendar\"><\/span> <time datetime=\"2023-03-22T22:30:37+01:00\">22 mars 2023<\/time><\/span><span class=\"author\"><span class=\"glyphicon glyphicon-user\"><\/span> <a href=\"https:\/\/le-clairon-nouveau.fr\/wordpress\/blog\/author\/domisenac\/\" rel=\"author\">Dominique Senac<\/a><\/span><span class=\"comments-link\"><span class=\"glyphicon glyphicon-comment\"><\/span> <a href=\"https:\/\/le-clairon-nouveau.fr\/wordpress\/blog\/2023\/03\/22\/la-retraite-une-conquete-ouvriere\/#comments\">2 commentaires <span class=\"screen-reader-text\"> sur La retraite : une conqu\u00eate ouvri\u00e8re.<\/span><\/a><\/span><\/div>\n<div class=\"pt-cv-content\">Le projet de r\u00e9forme de la retraite a d\u00e9clench\u00e9 en France une grave crise politique qui interroge le fonctionnement de notre d\u00e9mocratie. La question des retraites est une histoire ancienne : il est utile de la conna\u00eetre. La r\u00e9daction du Clairon ... <a href=\"https:\/\/le-clairon-nouveau.fr\/wordpress\/blog\/2023\/03\/22\/la-retraite-une-conquete-ouvriere\/\" class=\"pt-cv-window pt-cv-readmore pt-cv-textlink\" target=\"pt-cv-window\" data-width=\"1200\" data-height=\"600\" data-iw=\"150\" data-ih=\"150\">Lire la suite<\/a><\/div><\/div><\/div>\n<div class=\"col-md-12 col-sm-12 col-xs-12 pt-cv-content-item pt-cv-2-col\"  data-pid=\"28019\"><div class='pt-cv-ifield'><a href=\"https:\/\/le-clairon-nouveau.fr\/wordpress\/blog\/2023\/04\/22\/le-jour-ou-la-constitution-de-1958-sexclama-pourquoi-voulez-vous-qua-67-ans-je-commence-une-carriere-de-dictateur\/\" class=\"pt-cv-window pt-cv-href-thumbnail pt-cv-thumb-left cvp-responsive-image img-shadow\" target=\"pt-cv-window\" data-width=\"1200\" data-height=\"600\" data-iw=\"150\" data-ih=\"150\"><img decoding=\"async\" width=\"150\" src=\"https:\/\/i0.wp.com\/le-clairon-nouveau.fr\/wordpress\/wp-content\/uploads\/2023\/04\/charles-de-gaulle-Image-par-Michael-Hourigan-de-Pixabay-.png?resize=345%2C491&amp;ssl=1\" class=\"pt-cv-thumbnail img-shadow pull-left cvp-substitute no-lazyload \" alt=\"Le jour o\u00f9 la constitution de 1958 s\u2019exclama : Pourquoi voulez-vous qu\u2019\u00e0 67 ans je commence une carri\u00e8re de dictateur ?\" title=\"\" data-no-lazy=\"1\" \/><\/a>\n<h4 class=\"pt-cv-title\"><a href=\"https:\/\/le-clairon-nouveau.fr\/wordpress\/blog\/2023\/04\/22\/le-jour-ou-la-constitution-de-1958-sexclama-pourquoi-voulez-vous-qua-67-ans-je-commence-une-carriere-de-dictateur\/\" class=\"pt-cv-window\" target=\"pt-cv-window\" data-width=\"1200\" data-height=\"600\" data-iw=\"150\" data-ih=\"150\">Le jour o\u00f9 la constitution de 1958 s\u2019exclama : Pourquoi voulez-vous qu\u2019\u00e0 67 ans je commence une carri\u00e8re de dictateur ?<\/a><\/h4>\n<div class=\"pt-cv-meta-fields\"><span class=\"entry-date\"><span class=\"glyphicon glyphicon-calendar\"><\/span> <time datetime=\"2023-04-22T22:00:30+02:00\">22 avril 2023<\/time><\/span><span class=\"author\"><span class=\"glyphicon glyphicon-user\"><\/span> <a href=\"https:\/\/le-clairon-nouveau.fr\/wordpress\/blog\/author\/laurent\/\" rel=\"author\">Laurent Fabas<\/a><\/span><span class=\"comments-link\"><span class=\"glyphicon glyphicon-comment\"><\/span> <a href=\"https:\/\/le-clairon-nouveau.fr\/wordpress\/blog\/2023\/04\/22\/le-jour-ou-la-constitution-de-1958-sexclama-pourquoi-voulez-vous-qua-67-ans-je-commence-une-carriere-de-dictateur\/#comments\">Un commentaire <span class=\"screen-reader-text\"> sur Le jour o\u00f9 la constitution de 1958 s\u2019exclama : Pourquoi voulez-vous qu\u2019\u00e0 67 ans je commence une carri\u00e8re de dictateur ?<\/span><\/a><\/span><\/div>\n<div class=\"pt-cv-content\">La Cinqui\u00e8me R\u00e9publique est un r\u00e9gime repr\u00e9sentatif. Le r\u00e9gime inaugur\u00e9 ce 14 avril 2023 s\u2019approche d\u2019un r\u00e9gime repr\u00e9sentatif \u00e0 unique repr\u00e9sentant, le Pr\u00e9sident ... <a href=\"https:\/\/le-clairon-nouveau.fr\/wordpress\/blog\/2023\/04\/22\/le-jour-ou-la-constitution-de-1958-sexclama-pourquoi-voulez-vous-qua-67-ans-je-commence-une-carriere-de-dictateur\/\" class=\"pt-cv-window pt-cv-readmore pt-cv-textlink\" target=\"pt-cv-window\" data-width=\"1200\" data-height=\"600\" data-iw=\"150\" data-ih=\"150\">Lire la suite<\/a><\/div><\/div><\/div>\n<div class=\"col-md-12 col-sm-12 col-xs-12 pt-cv-content-item pt-cv-2-col\"  data-pid=\"28324\"><div class='pt-cv-ifield'><a href=\"https:\/\/le-clairon-nouveau.fr\/wordpress\/blog\/2023\/05\/23\/de-la-detestation-a-la-violence-en-republique-francaise\/\" class=\"pt-cv-window pt-cv-href-thumbnail pt-cv-thumb-left cvp-responsive-image img-shadow\" target=\"pt-cv-window\" data-width=\"1200\" data-height=\"600\" data-iw=\"150\" data-ih=\"150\"><img decoding=\"async\" width=\"150\" src=\"https:\/\/i0.wp.com\/le-clairon-nouveau.fr\/wordpress\/wp-content\/uploads\/2023\/05\/Manif-130423-1.jpg?resize=494%2C326&amp;ssl=1\" class=\"pt-cv-thumbnail img-shadow pull-left cvp-substitute no-lazyload \" alt=\"De la d\u00e9testation \u00e0 la violence en R\u00e9publique fran\u00e7aise\" title=\"\" data-no-lazy=\"1\" \/><\/a>\n<h4 class=\"pt-cv-title\"><a href=\"https:\/\/le-clairon-nouveau.fr\/wordpress\/blog\/2023\/05\/23\/de-la-detestation-a-la-violence-en-republique-francaise\/\" class=\"pt-cv-window\" target=\"pt-cv-window\" data-width=\"1200\" data-height=\"600\" data-iw=\"150\" data-ih=\"150\">De la d\u00e9testation \u00e0 la violence en R\u00e9publique fran\u00e7aise<\/a><\/h4>\n<div class=\"pt-cv-meta-fields\"><span class=\"entry-date\"><span class=\"glyphicon glyphicon-calendar\"><\/span> <time datetime=\"2023-05-23T11:30:29+02:00\">23 mai 2023<\/time><\/span><span class=\"author\"><span class=\"glyphicon glyphicon-user\"><\/span> <a href=\"https:\/\/le-clairon-nouveau.fr\/wordpress\/blog\/author\/hubert\/\" rel=\"author\">Hubert Reys<\/a><\/span><span class=\"comments-link\"><span class=\"glyphicon glyphicon-comment\"><\/span> <a href=\"https:\/\/le-clairon-nouveau.fr\/wordpress\/blog\/2023\/05\/23\/de-la-detestation-a-la-violence-en-republique-francaise\/#comments\">2 commentaires <span class=\"screen-reader-text\"> sur De la d\u00e9testation \u00e0 la violence en R\u00e9publique fran\u00e7aise<\/span><\/a><\/span><\/div>\n<div class=\"pt-cv-content\">Photo HR Hier matin sur une radio publique, r\u00e9put\u00e9e pour la qualit\u00e9 \u00ab culturelle \u00bb de ses \u00e9missions, une brochette d\u2019experts, constitu\u00e9e d\u2019un sondeur d\u2019opinion, d\u2019un psychanalyste et d\u2019une journaliste, investis du titre de \u00a0\u00ab\u00a0macronologue\u00ab\u00a0 par l\u2019animateur de l\u2019\u00e9mission, \u00e9tait invit\u00e9e \u00e0 disserter sur la d\u00e9testation dont Emmanuel Macron, l\u2019actuel Pr\u00e9sident de la R\u00e9publique fran\u00e7aise \u00e9tait l\u2019objet. (1). Apr\u00e8s avoir compar\u00e9 l\u2019importance du rejet d\u2019E. Macron par les Fran\u00e7ais avec celui de ses pr\u00e9d\u00e9cesseurs, il a \u00e9t\u00e9 d\u00e9battu des raisons de ce rejet caract\u00e9ris\u00e9 par son intensit\u00e9. Ce d\u00e9bat fort int\u00e9ressant a mis en face, d\u2019une part une personnalit\u00e9 singuli\u00e8re, E. Macron, et d\u2019autre part le peuple fran\u00e7ais. Ont \u00e9t\u00e9 expos\u00e9s une s\u00e9rie de malentendus provoqu\u00e9s tant par E Macron que par les Fran\u00e7ais. D\u2019un c\u00f4t\u00e9 Macron n\u2019aurait pas compris que le peuple ne se r\u00e9sume pas \u00e0 un agr\u00e9gat d\u2019individus, mais qu\u2019il s\u2019agit d\u2019un \u00ab corps politique constitu\u00e9 dans une histoire de luttes sociales et de r\u00e9voltes\u00a0\u00bb\u00a0; de l\u2019autre les Fran\u00e7ais n\u2019auraient pas encore r\u00e9gl\u00e9 leur \u00ab\u00a0ambivalence par rapport au sacr\u00e9 du pouvoir : d\u2019un c\u00f4t\u00e9 il y a une aspiration \u00e0 la d\u00e9mocratie qui requiert un dialogue collectif, qui permet de s\u2019opposer par des arguments sans s\u2019exterminer, mais en m\u00eame temps, il y a chez les Fran\u00e7ais la nostalgie des rois thaumaturges qui gu\u00e9rissent les \u00e9crouelles\u00a0\u00bb selon le psychanalyste Roland Gori. Ce qui est apparu tout au long du d\u00e9bat, c\u2019est le r\u00f4le jou\u00e9 par la personnalit\u00e9 singuli\u00e8re d\u2019E. Macron dans \u00a0l\u2019intensit\u00e9 de son rejet par une grande ... <a href=\"https:\/\/le-clairon-nouveau.fr\/wordpress\/blog\/2023\/05\/23\/de-la-detestation-a-la-violence-en-republique-francaise\/\" class=\"pt-cv-window pt-cv-readmore pt-cv-textlink\" target=\"pt-cv-window\" data-width=\"1200\" data-height=\"600\" data-iw=\"150\" data-ih=\"150\">Lire la suite<\/a><\/div><\/div><\/div>\n<div class=\"col-md-12 col-sm-12 col-xs-12 pt-cv-content-item pt-cv-2-col\"  data-pid=\"28386\"><div class='pt-cv-ifield'><a href=\"https:\/\/le-clairon-nouveau.fr\/wordpress\/blog\/2023\/06\/09\/en-reaction-aux-manoeuvres-macronistes-le-serment-du-8-juin-de-la-nupes\/\" class=\"pt-cv-window pt-cv-href-thumbnail pt-cv-thumb-left cvp-responsive-image img-shadow\" target=\"pt-cv-window\" data-width=\"1200\" data-height=\"600\" data-iw=\"150\" data-ih=\"150\"><img decoding=\"async\" width=\"150\" src=\"https:\/\/i0.wp.com\/le-clairon-nouveau.fr\/wordpress\/wp-content\/uploads\/2020\/12\/Breves-du-Clairon-nvelle.jpg?resize=182%2C77&amp;ssl=1\" class=\"pt-cv-thumbnail img-shadow pull-left cvp-substitute no-lazyload \" alt=\"En r\u00e9action aux man\u0153uvres macronistes ; le serment du 8 juin de la NUPES\" title=\"\" data-no-lazy=\"1\" \/><\/a>\n<h4 class=\"pt-cv-title\"><a href=\"https:\/\/le-clairon-nouveau.fr\/wordpress\/blog\/2023\/06\/09\/en-reaction-aux-manoeuvres-macronistes-le-serment-du-8-juin-de-la-nupes\/\" class=\"pt-cv-window\" target=\"pt-cv-window\" data-width=\"1200\" data-height=\"600\" data-iw=\"150\" data-ih=\"150\">En r\u00e9action aux man\u0153uvres macronistes ; le serment du 8 juin de la NUPES<\/a><\/h4>\n<div class=\"pt-cv-meta-fields\"><span class=\"entry-date\"><span class=\"glyphicon glyphicon-calendar\"><\/span> <time datetime=\"2023-06-09T11:39:15+02:00\">9 juin 2023<\/time><\/span><span class=\"author\"><span class=\"glyphicon glyphicon-user\"><\/span> <a href=\"https:\/\/le-clairon-nouveau.fr\/wordpress\/blog\/author\/redact\/\" rel=\"author\">La R\u00e9daction du Clairon de l'Atax<\/a><\/span><span class=\"comments-link\"><span class=\"glyphicon glyphicon-comment\"><\/span> <a href=\"https:\/\/le-clairon-nouveau.fr\/wordpress\/blog\/2023\/06\/09\/en-reaction-aux-manoeuvres-macronistes-le-serment-du-8-juin-de-la-nupes\/#respond\">Aucun commentaire<span class=\"screen-reader-text\"> sur En r\u00e9action aux man\u0153uvres macronistes ; le serment du 8 juin de la NUPES<\/span><\/a><\/span><\/div>\n<div class=\"pt-cv-content\">Suite \u00e0 l&rsquo;irrecevabilit\u00e9 du <span class='tooltipsall tooltip_post_id_6375 classtoolTips9'>projet de loi<\/span> LIOT portant sur l&rsquo;abrogation de la r\u00e9forme des retraites, d\u00e9cr\u00e9t\u00e9e par Yael Braun-Pivet pr\u00e9sidente macroniste de l&rsquo;Assembl\u00e9e Nationale, Mathilde Panot, pr\u00e9sidente du groupe LFI, a brandi le texte d&rsquo;un serment sign\u00e9 par tous les groupes constitutifs de la NUPES. En voici le contenu ... <a href=\"https:\/\/le-clairon-nouveau.fr\/wordpress\/blog\/2023\/06\/09\/en-reaction-aux-manoeuvres-macronistes-le-serment-du-8-juin-de-la-nupes\/\" class=\"pt-cv-window pt-cv-readmore pt-cv-textlink\" target=\"pt-cv-window\" data-width=\"1200\" data-height=\"600\" data-iw=\"150\" data-ih=\"150\">Lire la suite<\/a><\/div><\/div><\/div>\n<div class=\"col-md-12 col-sm-12 col-xs-12 pt-cv-content-item pt-cv-2-col\"  data-pid=\"28396\"><div class='pt-cv-ifield'><a href=\"https:\/\/le-clairon-nouveau.fr\/wordpress\/blog\/2023\/06\/19\/a-propos-dune-proposition-de-loi-sur-les-deserts-medicaux\/\" class=\"pt-cv-window pt-cv-href-thumbnail pt-cv-thumb-left cvp-responsive-image img-shadow\" target=\"pt-cv-window\" data-width=\"1200\" data-height=\"600\" data-iw=\"150\" data-ih=\"150\"><img decoding=\"async\" width=\"150\" src=\"https:\/\/i0.wp.com\/le-clairon-nouveau.fr\/wordpress\/wp-content\/uploads\/2023\/06\/hopital-Image-par-Silas-Camargo-Silao-de-Pixabay.jpg?resize=598%2C397&amp;ssl=1\" class=\"pt-cv-thumbnail img-shadow pull-left cvp-substitute no-lazyload \" alt=\"A propos d&#039;une proposition de loi sur les d\u00e9serts m\u00e9dicaux\" title=\"\" data-no-lazy=\"1\" \/><\/a>\n<h4 class=\"pt-cv-title\"><a href=\"https:\/\/le-clairon-nouveau.fr\/wordpress\/blog\/2023\/06\/19\/a-propos-dune-proposition-de-loi-sur-les-deserts-medicaux\/\" class=\"pt-cv-window\" target=\"pt-cv-window\" data-width=\"1200\" data-height=\"600\" data-iw=\"150\" data-ih=\"150\">A propos d&rsquo;une <span class='tooltipsall tooltip_post_id_6375 classtoolTips9'>proposition de loi<\/span> sur les d\u00e9serts m\u00e9dicaux<\/a><\/h4>\n<div class=\"pt-cv-meta-fields\"><span class=\"entry-date\"><span class=\"glyphicon glyphicon-calendar\"><\/span> <time datetime=\"2023-06-19T01:09:10+02:00\">19 juin 2023<\/time><\/span><span class=\"author\"><span class=\"glyphicon glyphicon-user\"><\/span> <a href=\"https:\/\/le-clairon-nouveau.fr\/wordpress\/blog\/author\/domisenac\/\" rel=\"author\">Dominique Senac<\/a><\/span><span class=\"comments-link\"><span class=\"glyphicon glyphicon-comment\"><\/span> <a href=\"https:\/\/le-clairon-nouveau.fr\/wordpress\/blog\/2023\/06\/19\/a-propos-dune-proposition-de-loi-sur-les-deserts-medicaux\/#respond\">Aucun commentaire<span class=\"screen-reader-text\"> sur A propos d&rsquo;une proposition de loi sur les d\u00e9serts m\u00e9dicaux<\/span><\/a><\/span><\/div>\n<div class=\"pt-cv-content\">Dire : \u00ab d\u00e9serts m\u00e9dicaux \u00bb sugg\u00e8re qu\u2019il y aurait des territoires totalement d\u00e9laiss\u00e9s par les professionnels de sant\u00e9, particuli\u00e8rement les m\u00e9decins, et d\u2019autres pourvus correctement. Qu\u2019en est-il en r\u00e9alit\u00e9 ? Partons des faits : ... <a href=\"https:\/\/le-clairon-nouveau.fr\/wordpress\/blog\/2023\/06\/19\/a-propos-dune-proposition-de-loi-sur-les-deserts-medicaux\/\" class=\"pt-cv-window pt-cv-readmore pt-cv-textlink\" target=\"pt-cv-window\" data-width=\"1200\" data-height=\"600\" data-iw=\"150\" data-ih=\"150\">Lire la suite<\/a><\/div><\/div><\/div>\n<div class=\"col-md-12 col-sm-12 col-xs-12 pt-cv-content-item pt-cv-2-col\"  data-pid=\"29269\"><div class='pt-cv-ifield'><a href=\"https:\/\/le-clairon-nouveau.fr\/wordpress\/blog\/2023\/12\/23\/crise-du-doute-crise-de-la-democratie\/\" class=\"pt-cv-window pt-cv-href-thumbnail pt-cv-thumb-left cvp-responsive-image img-shadow\" target=\"pt-cv-window\" data-width=\"1200\" data-height=\"600\" data-iw=\"150\" data-ih=\"150\"><img decoding=\"async\" width=\"150\" src=\"https:\/\/i0.wp.com\/le-clairon-nouveau.fr\/wordpress\/wp-content\/uploads\/2023\/12\/Le-doute-Image-par-PublicDomainPictures-de-Pixabay.jpg?resize=518%2C414&amp;ssl=1\" class=\"pt-cv-thumbnail img-shadow pull-left cvp-substitute no-lazyload \" alt=\"Crise du doute, crise de la d\u00e9mocratie ?\" title=\"\" data-no-lazy=\"1\" \/><\/a>\n<h4 class=\"pt-cv-title\"><a href=\"https:\/\/le-clairon-nouveau.fr\/wordpress\/blog\/2023\/12\/23\/crise-du-doute-crise-de-la-democratie\/\" class=\"pt-cv-window\" target=\"pt-cv-window\" data-width=\"1200\" data-height=\"600\" data-iw=\"150\" data-ih=\"150\">Crise du doute, crise de la d\u00e9mocratie ?<\/a><\/h4>\n<div class=\"pt-cv-meta-fields\"><span class=\"entry-date\"><span class=\"glyphicon glyphicon-calendar\"><\/span> <time datetime=\"2023-12-23T12:30:11+01:00\">23 d\u00e9cembre 2023<\/time><\/span><span class=\"author\"><span class=\"glyphicon glyphicon-user\"><\/span> <a href=\"https:\/\/le-clairon-nouveau.fr\/wordpress\/blog\/author\/hubert\/\" rel=\"author\">Hubert Reys<\/a><\/span><span class=\"comments-link\"><span class=\"glyphicon glyphicon-comment\"><\/span> <a href=\"https:\/\/le-clairon-nouveau.fr\/wordpress\/blog\/2023\/12\/23\/crise-du-doute-crise-de-la-democratie\/#comments\">Un commentaire <span class=\"screen-reader-text\"> sur Crise du doute, crise de la d\u00e9mocratie ?<\/span><\/a><\/span><\/div>\n<div class=\"pt-cv-content\">Une tendance forte \u00e0 l\u2019occultation du doute et \u00e0 la manifestation de certitudes insuffisamment fond\u00e9es s\u2019\u00e9tend actuellement \u00e0 l\u2019ensemble des soci\u00e9t\u00e9s ... <a href=\"https:\/\/le-clairon-nouveau.fr\/wordpress\/blog\/2023\/12\/23\/crise-du-doute-crise-de-la-democratie\/\" class=\"pt-cv-window pt-cv-readmore pt-cv-textlink\" target=\"pt-cv-window\" data-width=\"1200\" data-height=\"600\" data-iw=\"150\" data-ih=\"150\">Lire la suite<\/a><\/div><\/div><\/div>\n<div class=\"col-md-12 col-sm-12 col-xs-12 pt-cv-content-item pt-cv-2-col\"  data-pid=\"29365\"><div class='pt-cv-ifield'><a href=\"https:\/\/le-clairon-nouveau.fr\/wordpress\/blog\/2024\/01\/23\/lorsque-la-%e2%80%b3com%e2%80%b3-remplace-la-politique\/\" class=\"pt-cv-window pt-cv-href-thumbnail pt-cv-thumb-left cvp-responsive-image img-shadow\" target=\"pt-cv-window\" data-width=\"1200\" data-height=\"600\" data-iw=\"150\" data-ih=\"150\"><img decoding=\"async\" width=\"150\" src=\"https:\/\/i0.wp.com\/le-clairon-nouveau.fr\/wordpress\/wp-content\/uploads\/2024\/01\/blah-blah-blah-Image-par-Gerd-Altmann-de-Pixabay.jpeg?resize=617%2C463&amp;ssl=1\" class=\"pt-cv-thumbnail img-shadow pull-left cvp-substitute no-lazyload \" alt=\"Lorsque la \u2033com\u2033 remplace la politique\" title=\"\" data-no-lazy=\"1\" \/><\/a>\n<h4 class=\"pt-cv-title\"><a href=\"https:\/\/le-clairon-nouveau.fr\/wordpress\/blog\/2024\/01\/23\/lorsque-la-%e2%80%b3com%e2%80%b3-remplace-la-politique\/\" class=\"pt-cv-window\" target=\"pt-cv-window\" data-width=\"1200\" data-height=\"600\" data-iw=\"150\" data-ih=\"150\">Lorsque la \u2033com\u2033 remplace la politique<\/a><\/h4>\n<div class=\"pt-cv-meta-fields\"><span class=\"entry-date\"><span class=\"glyphicon glyphicon-calendar\"><\/span> <time datetime=\"2024-01-23T12:30:48+01:00\">23 janvier 2024<\/time><\/span><span class=\"author\"><span class=\"glyphicon glyphicon-user\"><\/span> <a href=\"https:\/\/le-clairon-nouveau.fr\/wordpress\/blog\/author\/hubert\/\" rel=\"author\">Hubert Reys<\/a><\/span><span class=\"comments-link\"><span class=\"glyphicon glyphicon-comment\"><\/span> <a href=\"https:\/\/le-clairon-nouveau.fr\/wordpress\/blog\/2024\/01\/23\/lorsque-la-%e2%80%b3com%e2%80%b3-remplace-la-politique\/#comments\">2 commentaires <span class=\"screen-reader-text\"> sur Lorsque la \u2033com\u2033 remplace la politique<\/span><\/a><\/span><\/div>\n<div class=\"pt-cv-content\">blah blah blah (Image par Gerd Altmann de Pixabay) La plus grande confusion r\u00e8gne dans le monde politique fran\u00e7ais, alors que le second et dernier quinquennat d\u2019E. Macron est largement entam\u00e9. Il y a bien s\u00fbr la valse des ministres cens\u00e9s r\u00e9soudre les graves dysfonctionnements que connait la France : syst\u00e8me \u00e9ducatif, syst\u00e8me de sant\u00e9, s\u00e9curit\u00e9 publique, etc., mais elle celle-ci est temp\u00e9r\u00e9e par le fait que les grandes d\u00e9cisions se prennent \u00e0 l\u2019\u00c9lys\u00e9e. Or les informations remont\u00e9es du terrain par les services de minist\u00e8res semblent de peu de poids face aux convictions de la garde rapproch\u00e9e du pr\u00e9sident. Celui-ci, entour\u00e9 par des technocrates recrut\u00e9s pour leur proximit\u00e9 id\u00e9ologique, ne semble plus disposer dans une telle configuration de l\u2019ensemble des informations et conseils qui lui permettraient des prises de d\u00e9cision r\u00e9fl\u00e9chies, fond\u00e9es, coh\u00e9rentes et efficaces. Les injonctions politiques se heurtent aux r\u00e9alit\u00e9s Une telle configuration a rapidement conduit \u00e0 l\u2019impossibilit\u00e9 d\u2019une action politique efficace. Les d\u00e9clarations plus ou moins fracassantes se succ\u00e8dent en politique int\u00e9rieure comme ext\u00e9rieure, mais leurs effets se font attendre, lorsqu\u2019ils ne sont pas contreproductifs. On n\u2019a pas oubli\u00e9 dans le floril\u00e8ge des fautes diplomatiques, la proposition aussi aberrante que stupide d\u2019E Macron de mobiliser la Coalition internationale contre l\u2019EI pour \u00ab lutter contre le Hamas \u00bb : c\u2019est-\u00e0-dire de demander aux pays arabes de se battre aux c\u00f4t\u00e9s des Isra\u00e9liens contre un peuple arabe ! Il fut contraint pas la suite \u00e0 un discours plus r\u00e9aliste. En politique int\u00e9rieure les volte-face sont l\u00e9gion : en mati\u00e8re ... <a href=\"https:\/\/le-clairon-nouveau.fr\/wordpress\/blog\/2024\/01\/23\/lorsque-la-%e2%80%b3com%e2%80%b3-remplace-la-politique\/\" class=\"pt-cv-window pt-cv-readmore pt-cv-textlink\" target=\"pt-cv-window\" data-width=\"1200\" data-height=\"600\" data-iw=\"150\" data-ih=\"150\">Lire la suite<\/a><\/div><\/div><\/div>\n<div class=\"col-md-12 col-sm-12 col-xs-12 pt-cv-content-item pt-cv-2-col\"  data-pid=\"29485\"><div class='pt-cv-ifield'><a href=\"https:\/\/le-clairon-nouveau.fr\/wordpress\/blog\/2024\/02\/23\/ca-pantheonise-sec-sous-macron\/\" class=\"pt-cv-window pt-cv-href-thumbnail pt-cv-thumb-left cvp-responsive-image img-shadow\" target=\"pt-cv-window\" data-width=\"1200\" data-height=\"600\" data-iw=\"150\" data-ih=\"150\"><img decoding=\"async\" width=\"150\" src=\"https:\/\/i0.wp.com\/le-clairon-nouveau.fr\/wordpress\/wp-content\/uploads\/2024\/02\/Pantheon-Paris-2-Image-par-Soren-Laursen-de-Pixabay.jpg?resize=648%2C486&amp;ssl=1\" class=\"pt-cv-thumbnail img-shadow pull-left cvp-substitute no-lazyload \" alt=\"\u00c7a panth\u00e9onise sec sous Macron !\" title=\"\" data-no-lazy=\"1\" \/><\/a>\n<h4 class=\"pt-cv-title\"><a href=\"https:\/\/le-clairon-nouveau.fr\/wordpress\/blog\/2024\/02\/23\/ca-pantheonise-sec-sous-macron\/\" class=\"pt-cv-window\" target=\"pt-cv-window\" data-width=\"1200\" data-height=\"600\" data-iw=\"150\" data-ih=\"150\">\u00c7a panth\u00e9onise sec sous Macron !<\/a><\/h4>\n<div class=\"pt-cv-meta-fields\"><span class=\"entry-date\"><span class=\"glyphicon glyphicon-calendar\"><\/span> <time datetime=\"2024-02-23T12:30:50+01:00\">23 f\u00e9vrier 2024<\/time><\/span><span class=\"author\"><span class=\"glyphicon glyphicon-user\"><\/span> <a href=\"https:\/\/le-clairon-nouveau.fr\/wordpress\/blog\/author\/hubert\/\" rel=\"author\">Hubert Reys<\/a><\/span><span class=\"comments-link\"><span class=\"glyphicon glyphicon-comment\"><\/span> <a href=\"https:\/\/le-clairon-nouveau.fr\/wordpress\/blog\/2024\/02\/23\/ca-pantheonise-sec-sous-macron\/#respond\">Aucun commentaire<span class=\"screen-reader-text\"> sur \u00c7a panth\u00e9onise sec sous Macron !<\/span><\/a><\/span><\/div>\n<div class=\"pt-cv-content\">La sacralisation comme outil politique ... <a href=\"https:\/\/le-clairon-nouveau.fr\/wordpress\/blog\/2024\/02\/23\/ca-pantheonise-sec-sous-macron\/\" class=\"pt-cv-window pt-cv-readmore pt-cv-textlink\" target=\"pt-cv-window\" data-width=\"1200\" data-height=\"600\" data-iw=\"150\" data-ih=\"150\">Lire la suite<\/a><\/div><\/div><\/div>\n<div class=\"col-md-12 col-sm-12 col-xs-12 pt-cv-content-item pt-cv-2-col\"  data-pid=\"29817\"><div class='pt-cv-ifield'><a href=\"https:\/\/le-clairon-nouveau.fr\/wordpress\/blog\/2024\/04\/23\/la-proportionnelle-est-de-retour\/\" class=\"pt-cv-window pt-cv-href-thumbnail pt-cv-thumb-left cvp-responsive-image img-shadow\" target=\"pt-cv-window\" data-width=\"1200\" data-height=\"600\" data-iw=\"150\" data-ih=\"150\"><img decoding=\"async\" width=\"150\" src=\"https:\/\/i0.wp.com\/le-clairon-nouveau.fr\/wordpress\/wp-content\/uploads\/2024\/04\/urne-2-image-par-Art-Rose-de-Pixabay.png?resize=317%2C420&amp;ssl=1\" class=\"pt-cv-thumbnail img-shadow pull-left cvp-substitute no-lazyload \" alt=\"La proportionnelle est de retour !\" title=\"\" data-no-lazy=\"1\" \/><\/a>\n<h4 class=\"pt-cv-title\"><a href=\"https:\/\/le-clairon-nouveau.fr\/wordpress\/blog\/2024\/04\/23\/la-proportionnelle-est-de-retour\/\" class=\"pt-cv-window\" target=\"pt-cv-window\" data-width=\"1200\" data-height=\"600\" data-iw=\"150\" data-ih=\"150\">La <span class='tooltipsall tooltip_post_id_29822 classtoolTips1'>proportionnelle<\/span> est de retour !<\/a><\/h4>\n<div class=\"pt-cv-meta-fields\"><span class=\"entry-date\"><span class=\"glyphicon glyphicon-calendar\"><\/span> <time datetime=\"2024-04-23T12:30:00+02:00\">23 avril 2024<\/time><\/span><span class=\"author\"><span class=\"glyphicon glyphicon-user\"><\/span> <a href=\"https:\/\/le-clairon-nouveau.fr\/wordpress\/blog\/author\/hubert\/\" rel=\"author\">Hubert Reys<\/a><\/span><span class=\"comments-link\"><span class=\"glyphicon glyphicon-comment\"><\/span> <a href=\"https:\/\/le-clairon-nouveau.fr\/wordpress\/blog\/2024\/04\/23\/la-proportionnelle-est-de-retour\/#respond\">Aucun commentaire<span class=\"screen-reader-text\"> sur La proportionnelle est de retour !<\/span><\/a><\/span><\/div>\n<div class=\"pt-cv-content\">En politique les effets cosm\u00e9tiques ne r\u00e8glent jamais les crises, ils les aggravent ... <a href=\"https:\/\/le-clairon-nouveau.fr\/wordpress\/blog\/2024\/04\/23\/la-proportionnelle-est-de-retour\/\" class=\"pt-cv-window pt-cv-readmore pt-cv-textlink\" target=\"pt-cv-window\" data-width=\"1200\" data-height=\"600\" data-iw=\"150\" data-ih=\"150\">Lire la suite<\/a><\/div><\/div><\/div>\n<div class=\"col-md-12 col-sm-12 col-xs-12 pt-cv-content-item pt-cv-2-col\"  data-pid=\"29804\"><div class='pt-cv-ifield'><a href=\"https:\/\/le-clairon-nouveau.fr\/wordpress\/blog\/2024\/04\/23\/la-rsa-favorise-til-lassistanat-pour-une-evaluation-raisonnee-du-rsa\/\" class=\"pt-cv-window pt-cv-href-thumbnail pt-cv-thumb-left cvp-responsive-image img-shadow\" target=\"pt-cv-window\" data-width=\"1200\" data-height=\"600\" data-iw=\"150\" data-ih=\"150\"><img decoding=\"async\" width=\"150\" src=\"https:\/\/i0.wp.com\/le-clairon-nouveau.fr\/wordpress\/wp-content\/uploads\/2024\/04\/Mendiant-Image-par-Dean-Moriarty-de-Pixabay.jpg?resize=497%2C331&amp;ssl=1\" class=\"pt-cv-thumbnail img-shadow pull-left cvp-substitute no-lazyload \" alt=\"La RSA favorise-t-il l&#039;assistanat ? Pour une \u00e9valuation raisonn\u00e9e du RSA\" title=\"\" data-no-lazy=\"1\" \/><\/a>\n<h4 class=\"pt-cv-title\"><a href=\"https:\/\/le-clairon-nouveau.fr\/wordpress\/blog\/2024\/04\/23\/la-rsa-favorise-til-lassistanat-pour-une-evaluation-raisonnee-du-rsa\/\" class=\"pt-cv-window\" target=\"pt-cv-window\" data-width=\"1200\" data-height=\"600\" data-iw=\"150\" data-ih=\"150\">La <span class='tooltipsall tooltip_post_id_5651 classtoolTips154'>RSA<\/span> favorise-t-il l&rsquo;assistanat ? Pour une \u00e9valuation raisonn\u00e9e du RSA<\/a><\/h4>\n<div class=\"pt-cv-meta-fields\"><span class=\"entry-date\"><span class=\"glyphicon glyphicon-calendar\"><\/span> <time datetime=\"2024-04-23T12:30:58+02:00\">23 avril 2024<\/time><\/span><span class=\"author\"><span class=\"glyphicon glyphicon-user\"><\/span> <a href=\"https:\/\/le-clairon-nouveau.fr\/wordpress\/blog\/author\/domisenac\/\" rel=\"author\">Dominique Senac<\/a><\/span><span class=\"comments-link\"><span class=\"glyphicon glyphicon-comment\"><\/span> <a href=\"https:\/\/le-clairon-nouveau.fr\/wordpress\/blog\/2024\/04\/23\/la-rsa-favorise-til-lassistanat-pour-une-evaluation-raisonnee-du-rsa\/#respond\">Aucun commentaire<span class=\"screen-reader-text\"> sur La RSA favorise-t-il l&rsquo;assistanat ? Pour une \u00e9valuation raisonn\u00e9e du RSA<\/span><\/a><\/span><\/div>\n<div class=\"pt-cv-content\">Les gouvernements qui se succ\u00e8dent en France depuis pr\u00e8s d\u2019une cinquantaine d\u2019ann\u00e9es, mettent en \u0153uvre avec plus ou moins d\u2019efficacit\u00e9 des politiques inspir\u00e9es de la pens\u00e9e n\u00e9olib\u00e9rale. Les mesures qui en d\u00e9coulent visent \u00e0 provoquer et entretenir une croissance continue par une politique de l\u2019offre qui rendrait les produits et services fran\u00e7ais comp\u00e9titifs sur le march\u00e9 national et mondial. Pour y parvenir il s\u2019agirait de diminuer les co\u00fbts de production et particuli\u00e8rement un co\u00fbt du travail consid\u00e9r\u00e9 comme excessif, qu\u2019il s\u2018agisse des salaires vers\u00e9s directement aux travailleurs, ou des couts indirects provoqu\u00e9s par les prestations sociales. Cette politique appliqu\u00e9e avec constance n\u2019aboutit cependant pas aux r\u00e9sultats escompt\u00e9s, bien au contraire. Les crises et d\u00e9ficits s\u2019enchainent : loin de changer de logiciel, nos dirigeants s\u2019acharnent \u00e0 r\u00e9duire le co\u00fbt social du travail, responsable selon eux des \u00e9checs de l\u2019\u00e9conomie fran\u00e7aise. (1). Apr\u00e8s s\u2019\u00eatre attaqu\u00e9s aux retraites E. Macron et son gouvernement et ses alli\u00e9s s\u2019attaquent \u00e0 pr\u00e9sent au RSA (Revenu de Solidarit\u00e9 Active) une prestation sociale destin\u00e9e aux ch\u00f4meurs qui vise leur retour \u00e0 l\u2019emploi. La communication gouvernementale, relay\u00e9e par les m\u00e9dias de formatage, vise \u00e0 persuader l\u2019opinion, \u00e0 coup d\u2019approximations et de contrev\u00e9rit\u00e9s, du caract\u00e8re socialement et \u00e9conomiquement contre-productif de ce dispositif. Cette campagne de propagande connait actuellement un certain succ\u00e8s, il faut bien le reconnaitre. Rogner le financement du RSA contribuerait \u00e0 mieux r\u00e9duire la dette de la France plut\u00f4t que de taxer les superprofits des milliardaires du <span class='tooltipsall tooltip_post_id_30440 classtoolTips71'>CAC 40<\/span> ? C\u2019est ce qu\u2019ont l\u2019air de penser E. Macron ... <a href=\"https:\/\/le-clairon-nouveau.fr\/wordpress\/blog\/2024\/04\/23\/la-rsa-favorise-til-lassistanat-pour-une-evaluation-raisonnee-du-rsa\/\" class=\"pt-cv-window pt-cv-readmore pt-cv-textlink\" target=\"pt-cv-window\" data-width=\"1200\" data-height=\"600\" data-iw=\"150\" data-ih=\"150\">Lire la suite<\/a><\/div><\/div><\/div>\n<div class=\"col-md-12 col-sm-12 col-xs-12 pt-cv-content-item pt-cv-2-col\"  data-pid=\"29974\"><div class='pt-cv-ifield'><a href=\"https:\/\/le-clairon-nouveau.fr\/wordpress\/blog\/2024\/05\/23\/une-constance-dans-lerreur\/\" class=\"pt-cv-window pt-cv-href-thumbnail pt-cv-thumb-left cvp-responsive-image img-shadow\" target=\"pt-cv-window\" data-width=\"1200\" data-height=\"600\" data-iw=\"150\" data-ih=\"150\"><img decoding=\"async\" width=\"150\" src=\"https:\/\/i0.wp.com\/le-clairon-nouveau.fr\/wordpress\/wp-content\/uploads\/2024\/05\/prestidigitateur-Image-par-Mohamed-Hassan-de-Pixabay.jpg?resize=629%2C421&amp;ssl=1\" class=\"pt-cv-thumbnail img-shadow pull-left cvp-substitute no-lazyload \" alt=\"Une constance dans l\u2019erreur\" title=\"\" data-no-lazy=\"1\" \/><\/a>\n<h4 class=\"pt-cv-title\"><a href=\"https:\/\/le-clairon-nouveau.fr\/wordpress\/blog\/2024\/05\/23\/une-constance-dans-lerreur\/\" class=\"pt-cv-window\" target=\"pt-cv-window\" data-width=\"1200\" data-height=\"600\" data-iw=\"150\" data-ih=\"150\">Une constance dans l\u2019erreur<\/a><\/h4>\n<div class=\"pt-cv-meta-fields\"><span class=\"entry-date\"><span class=\"glyphicon glyphicon-calendar\"><\/span> <time datetime=\"2024-05-23T12:30:41+02:00\">23 mai 2024<\/time><\/span><span class=\"author\"><span class=\"glyphicon glyphicon-user\"><\/span> <a href=\"https:\/\/le-clairon-nouveau.fr\/wordpress\/blog\/author\/hubert\/\" rel=\"author\">Hubert Reys<\/a><\/span><span class=\"comments-link\"><span class=\"glyphicon glyphicon-comment\"><\/span> <a href=\"https:\/\/le-clairon-nouveau.fr\/wordpress\/blog\/2024\/05\/23\/une-constance-dans-lerreur\/#respond\">Aucun commentaire<span class=\"screen-reader-text\"> sur Une constance dans l\u2019erreur<\/span><\/a><\/span><\/div>\n<div class=\"pt-cv-content\">Qui peut encore croire, sinon Macron lui-m\u00eame, qu\u2019il peut incarner la raison et l\u2019int\u00e9r\u00eat commun ? ... <a href=\"https:\/\/le-clairon-nouveau.fr\/wordpress\/blog\/2024\/05\/23\/une-constance-dans-lerreur\/\" class=\"pt-cv-window pt-cv-readmore pt-cv-textlink\" target=\"pt-cv-window\" data-width=\"1200\" data-height=\"600\" data-iw=\"150\" data-ih=\"150\">Lire la suite<\/a><\/div><\/div><\/div>\n<div class=\"col-md-12 col-sm-12 col-xs-12 pt-cv-content-item pt-cv-2-col\"  data-pid=\"30165\"><div class='pt-cv-ifield'><a href=\"https:\/\/le-clairon-nouveau.fr\/wordpress\/blog\/2024\/07\/03\/legislatives-2024-a-narbonne-un-discours-remarquable-au-meeting-de-soutien-a-la-candidate-du-nouveau-front-populaire-du-24-juin\/\" class=\"pt-cv-window pt-cv-href-thumbnail pt-cv-thumb-left cvp-responsive-image img-shadow\" target=\"pt-cv-window\" data-width=\"1200\" data-height=\"600\" data-iw=\"150\" data-ih=\"150\"><img decoding=\"async\" width=\"150\" src=\"https:\/\/i0.wp.com\/le-clairon-nouveau.fr\/wordpress\/wp-content\/uploads\/2020\/12\/Breves-du-Clairon-nvelle.jpg?resize=125%2C53&amp;ssl=1\" class=\"pt-cv-thumbnail img-shadow pull-left cvp-substitute no-lazyload \" alt=\"Legislatives 2024 \u00e0 Narbonne : un discours remarquable au meeting de soutien \u00e0 la candidate du Nouveau Front Populaire du 24 juin.\" title=\"\" data-no-lazy=\"1\" \/><\/a>\n<h4 class=\"pt-cv-title\"><a href=\"https:\/\/le-clairon-nouveau.fr\/wordpress\/blog\/2024\/07\/03\/legislatives-2024-a-narbonne-un-discours-remarquable-au-meeting-de-soutien-a-la-candidate-du-nouveau-front-populaire-du-24-juin\/\" class=\"pt-cv-window\" target=\"pt-cv-window\" data-width=\"1200\" data-height=\"600\" data-iw=\"150\" data-ih=\"150\">Legislatives 2024 \u00e0 Narbonne : un discours remarquable au meeting de soutien \u00e0 la candidate du Nouveau Front Populaire du 24 juin.<\/a><\/h4>\n<div class=\"pt-cv-meta-fields\"><span class=\"entry-date\"><span class=\"glyphicon glyphicon-calendar\"><\/span> <time datetime=\"2024-07-03T07:51:17+02:00\">3 juillet 2024<\/time><\/span><span class=\"author\"><span class=\"glyphicon glyphicon-user\"><\/span> <a href=\"https:\/\/le-clairon-nouveau.fr\/wordpress\/blog\/author\/redact\/\" rel=\"author\">La R\u00e9daction du Clairon de l'Atax<\/a><\/span><span class=\"comments-link\"><span class=\"glyphicon glyphicon-comment\"><\/span> <a href=\"https:\/\/le-clairon-nouveau.fr\/wordpress\/blog\/2024\/07\/03\/legislatives-2024-a-narbonne-un-discours-remarquable-au-meeting-de-soutien-a-la-candidate-du-nouveau-front-populaire-du-24-juin\/#respond\">Aucun commentaire<span class=\"screen-reader-text\"> sur Legislatives 2024 \u00e0 Narbonne : un discours remarquable au meeting de soutien \u00e0 la candidate du Nouveau Front Populaire du 24 juin.<\/span><\/a><\/span><\/div>\n<div class=\"pt-cv-content\">Statue de la R\u00e9publique, Paris (Image par Laurence Gras de Pixabay) Parmi les diff\u00e9rentes interventions faites au cours de ce meeting, le Clairon a retenu ce discours qui avait selon nous une vraie dimension politique La r\u00e9daction Marcel Paul, Ambroise Croizat, Maurice Thorez, trois ministres du gouvernement provisoire de la R\u00e9publique, trois hommes qui \u2013parmi d\u2019autres- ont fond\u00e9, apr\u00e8s la guerre, le contrat social que nous connaissons aujourd&rsquo;hui : celui des jours heureux. Pour notre ind\u00e9pendance, Marcel Paul fit signer les d\u00e9crets nationalisant les industries \u00e9lectriques et gazi\u00e8res. Pour notre vie, Ambroise Croizat fit signer les d\u00e9crets mettant en place la s\u00e9curit\u00e9 sociale. Pour notre libert\u00e9, Maurice Thorez fit signer les d\u00e9crets mettant en place un statut des fonctionnaires. Lorsqu\u2019on dit que le <span class='tooltipsall tooltip_post_id_30593 classtoolTips214'>RN<\/span> souhaite liquider l\u2019h\u00e9ritage de la r\u00e9sistance, on ne dit pas seulement qu\u2019ils ont des fondateurs membres de la SS ou de l\u2019OAS, ou qu\u2019ils sont nostalgiques de P\u00e9tain, car les choses sont aujourd\u2019hui plus subtiles. Si le RN a su substituer -au moins partiellement- \u00e0 la brutalit\u00e9 idiote des partisans du GUD ou du Bloc Identitaire (1) l\u2019affichage arrogant des parlementaires aux cheveux gomin\u00e9s et aux costumes impeccables : la nature de leur projet politique reste inchang\u00e9e. Le contrat social ambitieux issu de des forces de la r\u00e9sistance et des mouvements pour la d\u00e9colonisation doit prendre fin ! Car ne nous y trompons pas, les d\u00e9crets du GPR (2), outre les garanties sociales l\u00e9gales et politiques qu\u2019ils \u00e9tablissent, sont indissociables de l\u2019esprit de la R\u00e9sistance et ... <a href=\"https:\/\/le-clairon-nouveau.fr\/wordpress\/blog\/2024\/07\/03\/legislatives-2024-a-narbonne-un-discours-remarquable-au-meeting-de-soutien-a-la-candidate-du-nouveau-front-populaire-du-24-juin\/\" class=\"pt-cv-window pt-cv-readmore pt-cv-textlink\" target=\"pt-cv-window\" data-width=\"1200\" data-height=\"600\" data-iw=\"150\" data-ih=\"150\">Lire la suite<\/a><\/div><\/div><\/div>\n<div class=\"col-md-12 col-sm-12 col-xs-12 pt-cv-content-item pt-cv-2-col\"  data-pid=\"30234\"><div class='pt-cv-ifield'><a href=\"https:\/\/le-clairon-nouveau.fr\/wordpress\/blog\/2024\/07\/23\/des-mots-separes-du-sens-en-route-vers-la-barbarie\/\" class=\"pt-cv-window pt-cv-href-thumbnail pt-cv-thumb-left cvp-responsive-image img-shadow\" target=\"pt-cv-window\" data-width=\"1200\" data-height=\"600\" data-iw=\"150\" data-ih=\"150\"><img decoding=\"async\" width=\"150\" src=\"https:\/\/i0.wp.com\/le-clairon-nouveau.fr\/wordpress\/wp-content\/uploads\/2024\/07\/oratrice-et-public-Image-par-Mohamed-Hassan-de-Pixabay.png?resize=601%2C601&amp;ssl=1\" class=\"pt-cv-thumbnail img-shadow pull-left cvp-substitute no-lazyload \" alt=\"Des mots s\u00e9par\u00e9s du sens : en route vers la barbarie ?\" title=\"\" data-no-lazy=\"1\" \/><\/a>\n<h4 class=\"pt-cv-title\"><a href=\"https:\/\/le-clairon-nouveau.fr\/wordpress\/blog\/2024\/07\/23\/des-mots-separes-du-sens-en-route-vers-la-barbarie\/\" class=\"pt-cv-window\" target=\"pt-cv-window\" data-width=\"1200\" data-height=\"600\" data-iw=\"150\" data-ih=\"150\">Des mots s\u00e9par\u00e9s du sens : en route vers la barbarie ?<\/a><\/h4>\n<div class=\"pt-cv-meta-fields\"><span class=\"entry-date\"><span class=\"glyphicon glyphicon-calendar\"><\/span> <time datetime=\"2024-07-23T12:30:36+02:00\">23 juillet 2024<\/time><\/span><span class=\"author\"><span class=\"glyphicon glyphicon-user\"><\/span> <a href=\"https:\/\/le-clairon-nouveau.fr\/wordpress\/blog\/author\/hubert\/\" rel=\"author\">Hubert Reys<\/a><\/span><span class=\"comments-link\"><span class=\"glyphicon glyphicon-comment\"><\/span> <a href=\"https:\/\/le-clairon-nouveau.fr\/wordpress\/blog\/2024\/07\/23\/des-mots-separes-du-sens-en-route-vers-la-barbarie\/#respond\">Aucun commentaire<span class=\"screen-reader-text\"> sur Des mots s\u00e9par\u00e9s du sens : en route vers la barbarie ?<\/span><\/a><\/span><\/div>\n<div class=\"pt-cv-content\">D\u00e9fendre les mots c\u2019est fondamental pour d\u00e9fendre notre d\u00e9mocratie ... <a href=\"https:\/\/le-clairon-nouveau.fr\/wordpress\/blog\/2024\/07\/23\/des-mots-separes-du-sens-en-route-vers-la-barbarie\/\" class=\"pt-cv-window pt-cv-readmore pt-cv-textlink\" target=\"pt-cv-window\" data-width=\"1200\" data-height=\"600\" data-iw=\"150\" data-ih=\"150\">Lire la suite<\/a><\/div><\/div><\/div>\n<div class=\"col-md-12 col-sm-12 col-xs-12 pt-cv-content-item pt-cv-2-col\"  data-pid=\"30402\"><div class='pt-cv-ifield'><a href=\"https:\/\/le-clairon-nouveau.fr\/wordpress\/blog\/2024\/09\/12\/trois-deputes-dextreme-droite\/\" class=\"pt-cv-window pt-cv-href-thumbnail pt-cv-thumb-left cvp-responsive-image img-shadow\" target=\"pt-cv-window\" data-width=\"1200\" data-height=\"600\" data-iw=\"150\" data-ih=\"150\"><img decoding=\"async\" width=\"150\" src=\"https:\/\/i0.wp.com\/le-clairon-nouveau.fr\/wordpress\/wp-content\/uploads\/2024\/09\/Mairie-Image-par-Fabien-de-Pixabay.jpg?resize=708%2C470&amp;ssl=1\" class=\"pt-cv-thumbnail img-shadow pull-left cvp-substitute no-lazyload \" alt=\"TROIS D\u00c9PUTES D\u2019EXTREME-DROITE\" title=\"\" data-no-lazy=\"1\" \/><\/a>\n<h4 class=\"pt-cv-title\"><a href=\"https:\/\/le-clairon-nouveau.fr\/wordpress\/blog\/2024\/09\/12\/trois-deputes-dextreme-droite\/\" class=\"pt-cv-window\" target=\"pt-cv-window\" data-width=\"1200\" data-height=\"600\" data-iw=\"150\" data-ih=\"150\">TROIS D\u00c9PUTES D\u2019EXTREME-DROITE<\/a><\/h4>\n<div class=\"pt-cv-meta-fields\"><span class=\"entry-date\"><span class=\"glyphicon glyphicon-calendar\"><\/span> <time datetime=\"2024-09-12T17:45:42+02:00\">12 septembre 2024<\/time><\/span><span class=\"author\"><span class=\"glyphicon glyphicon-user\"><\/span> <a href=\"https:\/\/le-clairon-nouveau.fr\/wordpress\/blog\/author\/laurent\/\" rel=\"author\">Laurent Fabas<\/a><\/span><span class=\"comments-link\"><span class=\"glyphicon glyphicon-comment\"><\/span> <a href=\"https:\/\/le-clairon-nouveau.fr\/wordpress\/blog\/2024\/09\/12\/trois-deputes-dextreme-droite\/#comments\">Un commentaire <span class=\"screen-reader-text\"> sur TROIS D\u00c9PUTES D\u2019EXTREME-DROITE<\/span><\/a><\/span><\/div>\n<div class=\"pt-cv-content\">Un consensus s'est \u00e9tabli au sein des sp\u00e9cialistes en science politique : il identifie trois \u00e9l\u00e9ments n\u00e9cessaires et suffisants pour caract\u00e9riser l\u2019extr\u00eame-droite : le nativisme, le populisme autoritaire et la x\u00e9nophobie ... <a href=\"https:\/\/le-clairon-nouveau.fr\/wordpress\/blog\/2024\/09\/12\/trois-deputes-dextreme-droite\/\" class=\"pt-cv-window pt-cv-readmore pt-cv-textlink\" target=\"pt-cv-window\" data-width=\"1200\" data-height=\"600\" data-iw=\"150\" data-ih=\"150\">Lire la suite<\/a><\/div><\/div><\/div>\n<div class=\"col-md-12 col-sm-12 col-xs-12 pt-cv-content-item pt-cv-2-col\"  data-pid=\"30457\"><div class='pt-cv-ifield'><a href=\"https:\/\/le-clairon-nouveau.fr\/wordpress\/blog\/2024\/09\/23\/peut-on-empecher-la-macronisation-de-la-france\/\" class=\"pt-cv-window pt-cv-href-thumbnail pt-cv-thumb-left cvp-responsive-image img-shadow\" target=\"pt-cv-window\" data-width=\"1200\" data-height=\"600\" data-iw=\"150\" data-ih=\"150\"><img decoding=\"async\" width=\"150\" src=\"https:\/\/i0.wp.com\/le-clairon-nouveau.fr\/wordpress\/wp-content\/uploads\/2024\/09\/Take-the-money-and-run-Image-par-Tumisu-de-Pixabay.jpg?resize=625%2C510&amp;ssl=1\" class=\"pt-cv-thumbnail img-shadow pull-left cvp-substitute no-lazyload \" alt=\"Peut-on emp\u00eacher la macronisation de la France ?\" title=\"\" data-no-lazy=\"1\" \/><\/a>\n<h4 class=\"pt-cv-title\"><a href=\"https:\/\/le-clairon-nouveau.fr\/wordpress\/blog\/2024\/09\/23\/peut-on-empecher-la-macronisation-de-la-france\/\" class=\"pt-cv-window\" target=\"pt-cv-window\" data-width=\"1200\" data-height=\"600\" data-iw=\"150\" data-ih=\"150\">Peut-on emp\u00eacher la macronisation de la France ?<\/a><\/h4>\n<div class=\"pt-cv-meta-fields\"><span class=\"entry-date\"><span class=\"glyphicon glyphicon-calendar\"><\/span> <time datetime=\"2024-09-23T12:30:29+02:00\">23 septembre 2024<\/time><\/span><span class=\"author\"><span class=\"glyphicon glyphicon-user\"><\/span> <a href=\"https:\/\/le-clairon-nouveau.fr\/wordpress\/blog\/author\/hubert\/\" rel=\"author\">Hubert Reys<\/a><\/span><span class=\"comments-link\"><span class=\"glyphicon glyphicon-comment\"><\/span> <a href=\"https:\/\/le-clairon-nouveau.fr\/wordpress\/blog\/2024\/09\/23\/peut-on-empecher-la-macronisation-de-la-france\/#respond\">Aucun commentaire<span class=\"screen-reader-text\"> sur Peut-on emp\u00eacher la macronisation de la France ?<\/span><\/a><\/span><\/div>\n<div class=\"pt-cv-content\">Un bilan aussi calamiteux peut-il \u00e9chapper \u00e0 la sanction des citoyens et ce qui l'a caus\u00e9 se poursuivre ? ... <a href=\"https:\/\/le-clairon-nouveau.fr\/wordpress\/blog\/2024\/09\/23\/peut-on-empecher-la-macronisation-de-la-france\/\" class=\"pt-cv-window pt-cv-readmore pt-cv-textlink\" target=\"pt-cv-window\" data-width=\"1200\" data-height=\"600\" data-iw=\"150\" data-ih=\"150\">Lire la suite<\/a><\/div><\/div><\/div>\n<div class=\"col-md-12 col-sm-12 col-xs-12 pt-cv-content-item pt-cv-2-col\"  data-pid=\"30434\"><div class='pt-cv-ifield'><a href=\"https:\/\/le-clairon-nouveau.fr\/wordpress\/blog\/2024\/09\/23\/le-pire-du-parlementarisme-le-pire-du-presidentialisme\/\" class=\"pt-cv-window pt-cv-href-thumbnail pt-cv-thumb-left cvp-responsive-image img-shadow\" target=\"pt-cv-window\" data-width=\"1200\" data-height=\"600\" data-iw=\"150\" data-ih=\"150\"><img decoding=\"async\" width=\"150\" src=\"https:\/\/i0.wp.com\/le-clairon-nouveau.fr\/wordpress\/wp-content\/uploads\/2024\/09\/Monopoly.png?resize=634%2C421&amp;ssl=1\" class=\"pt-cv-thumbnail img-shadow pull-left cvp-substitute no-lazyload \" alt=\"Le pire du parlementarisme, le pire du pr\u00e9sidentialisme.\" title=\"\" data-no-lazy=\"1\" \/><\/a>\n<h4 class=\"pt-cv-title\"><a href=\"https:\/\/le-clairon-nouveau.fr\/wordpress\/blog\/2024\/09\/23\/le-pire-du-parlementarisme-le-pire-du-presidentialisme\/\" class=\"pt-cv-window\" target=\"pt-cv-window\" data-width=\"1200\" data-height=\"600\" data-iw=\"150\" data-ih=\"150\">Le pire du parlementarisme, le pire du pr\u00e9sidentialisme.<\/a><\/h4>\n<div class=\"pt-cv-meta-fields\"><span class=\"entry-date\"><span class=\"glyphicon glyphicon-calendar\"><\/span> <time datetime=\"2024-09-23T12:30:36+02:00\">23 septembre 2024<\/time><\/span><span class=\"author\"><span class=\"glyphicon glyphicon-user\"><\/span> <a href=\"https:\/\/le-clairon-nouveau.fr\/wordpress\/blog\/author\/redact\/\" rel=\"author\">La R\u00e9daction du Clairon de l'Atax<\/a><\/span><span class=\"comments-link\"><span class=\"glyphicon glyphicon-comment\"><\/span> <a href=\"https:\/\/le-clairon-nouveau.fr\/wordpress\/blog\/2024\/09\/23\/le-pire-du-parlementarisme-le-pire-du-presidentialisme\/#respond\">Aucun commentaire<span class=\"screen-reader-text\"> sur Le pire du parlementarisme, le pire du pr\u00e9sidentialisme.<\/span><\/a><\/span><\/div>\n<div class=\"pt-cv-content\">Nous avons commis une erreur collective. C\u2019est de croire que le champion de la bourgeoisie nous octroierait un gouvernement avec 210 d\u00e9put\u00e9s au mieux ... <a href=\"https:\/\/le-clairon-nouveau.fr\/wordpress\/blog\/2024\/09\/23\/le-pire-du-parlementarisme-le-pire-du-presidentialisme\/\" class=\"pt-cv-window pt-cv-readmore pt-cv-textlink\" target=\"pt-cv-window\" data-width=\"1200\" data-height=\"600\" data-iw=\"150\" data-ih=\"150\">Lire la suite<\/a><\/div><\/div><\/div>\n<div class=\"col-md-12 col-sm-12 col-xs-12 pt-cv-content-item pt-cv-2-col\"  data-pid=\"30442\"><div class='pt-cv-ifield'><a href=\"https:\/\/le-clairon-nouveau.fr\/wordpress\/blog\/2024\/09\/23\/manifestations-du-21-septembre-a-narbonne-aussi-se-manifeste-le-rejet-de-la-politique-demmanuel-macron\/\" class=\"pt-cv-window pt-cv-href-thumbnail pt-cv-thumb-left cvp-responsive-image img-shadow\" target=\"pt-cv-window\" data-width=\"1200\" data-height=\"600\" data-iw=\"150\" data-ih=\"150\"><img decoding=\"async\" width=\"150\" src=\"https:\/\/i0.wp.com\/le-clairon-nouveau.fr\/wordpress\/wp-content\/uploads\/2024\/09\/Stand-LFI_UP.jpg?resize=660%2C495&amp;ssl=1\" class=\"pt-cv-thumbnail img-shadow pull-left cvp-substitute no-lazyload \" alt=\"Campagne pour la destitution du pr\u00e9sident : \u00e0 Narbonne aussi se manifeste le rejet de la politique d\u2019Emmanuel Macron\" title=\"\" data-no-lazy=\"1\" \/><\/a>\n<h4 class=\"pt-cv-title\"><a href=\"https:\/\/le-clairon-nouveau.fr\/wordpress\/blog\/2024\/09\/23\/manifestations-du-21-septembre-a-narbonne-aussi-se-manifeste-le-rejet-de-la-politique-demmanuel-macron\/\" class=\"pt-cv-window\" target=\"pt-cv-window\" data-width=\"1200\" data-height=\"600\" data-iw=\"150\" data-ih=\"150\">Campagne pour la destitution du pr\u00e9sident : \u00e0 Narbonne aussi se manifeste le rejet de la politique d\u2019Emmanuel Macron<\/a><\/h4>\n<div class=\"pt-cv-meta-fields\"><span class=\"entry-date\"><span class=\"glyphicon glyphicon-calendar\"><\/span> <time datetime=\"2024-09-23T12:30:36+02:00\">23 septembre 2024<\/time><\/span><span class=\"author\"><span class=\"glyphicon glyphicon-user\"><\/span> <a href=\"https:\/\/le-clairon-nouveau.fr\/wordpress\/blog\/author\/hubert\/\" rel=\"author\">Hubert Reys<\/a><\/span><span class=\"comments-link\"><span class=\"glyphicon glyphicon-comment\"><\/span> <a href=\"https:\/\/le-clairon-nouveau.fr\/wordpress\/blog\/2024\/09\/23\/manifestations-du-21-septembre-a-narbonne-aussi-se-manifeste-le-rejet-de-la-politique-demmanuel-macron\/#comments\">3 commentaires <span class=\"screen-reader-text\"> sur Campagne pour la destitution du pr\u00e9sident : \u00e0 Narbonne aussi se manifeste le rejet de la politique d\u2019Emmanuel Macron<\/span><\/a><\/span><\/div>\n<div class=\"pt-cv-content\">\u00a0\u00a0\u00a0 Alors que dans toutes la France une cinquantaine de cort\u00e8ges d\u00e9filaient pour d\u00e9noncer les man\u0153uvres du pr\u00e9sident Macron qui favorisent l\u2019installation d\u2019un gouvernement de droite, contraire aux choix des \u00e9lecteurs exprim\u00e9s lors des l\u00e9gislatives 2024, qu\u2019en \u00e9tait -il \u00e0 Narbonne ? \u00a0\u00a0\u00a0 Dans cette ville, la plus peupl\u00e9e du d\u00e9partement de l\u2019Aude qui a \u00e9lu des d\u00e9put\u00e9s du Rassemblement National dans ses 3 circonscriptions, les groupes d\u2019action locaux -LFI \/ Union populaire- avaient install\u00e9 un stand au centre-ville sur la promenade des Barques et invitaient les passants \u00e0 signer la p\u00e9tition nationale LFI r\u00e9clamant la destitution du pr\u00e9sident Macron. Le \u00ab\u00a0Clairon de l\u2019Atax\u00a0\u00bb a voulu en savoir plus en interrogeant Jean Luc Maury l\u2019un des animateurs des groupes d\u2019action. Le stand LFI \/ UP (image de F. Cazier) Le Clairon\u00a0: Vous \u00eates entrain de faire signer une p\u00e9tition r\u00e9clamant la destitution d\u2019Emmanuel Macron, qu\u2019attendez-vous de cette op\u00e9ration\u00a0? JL Maury\u00a0: Il y a une situation qui est vraiment extr\u00eamement grave dans le pays\u00a0: la d\u00e9mocratie est totalement bafou\u00e9e, c\u2019est la premi\u00e8re fois sous la 5\u00e8me R\u00e9publique que \u00e7a se passe\u00a0: on n\u2019a pas tenu compte du r\u00e9sultat du vote avec en t\u00eate le Nouveau Front Populaire et Macron refuse de nommer un premier ministre, issu de cette force qui arrive en t\u00eate. Donc nous consid\u00e9rons qu\u2019il ne joue pas son r\u00f4le, qu\u2019il ne respecte pas le fonctionnement normal conf\u00e9r\u00e9 par nos institutions. Autour de cette signature, il y a cette col\u00e8re qui enfle de plus en plus dans le pays ... <a href=\"https:\/\/le-clairon-nouveau.fr\/wordpress\/blog\/2024\/09\/23\/manifestations-du-21-septembre-a-narbonne-aussi-se-manifeste-le-rejet-de-la-politique-demmanuel-macron\/\" class=\"pt-cv-window pt-cv-readmore pt-cv-textlink\" target=\"pt-cv-window\" data-width=\"1200\" data-height=\"600\" data-iw=\"150\" data-ih=\"150\">Lire la suite<\/a><\/div><\/div><\/div>\n<div class=\"col-md-12 col-sm-12 col-xs-12 pt-cv-content-item pt-cv-2-col\"  data-pid=\"30946\"><div class='pt-cv-ifield'><a href=\"https:\/\/le-clairon-nouveau.fr\/wordpress\/blog\/2024\/12\/21\/electeur-mais-citoyen\/\" class=\"pt-cv-window pt-cv-href-thumbnail pt-cv-thumb-left cvp-responsive-image img-shadow\" target=\"pt-cv-window\" data-width=\"1200\" data-height=\"600\" data-iw=\"150\" data-ih=\"150\"><img decoding=\"async\" width=\"150\" src=\"https:\/\/i0.wp.com\/le-clairon-nouveau.fr\/wordpress\/wp-content\/uploads\/2024\/12\/Urne-Image-par-Tumisu-de-Pixabay.png?resize=642%2C454&amp;ssl=1\" class=\"pt-cv-thumbnail img-shadow pull-left cvp-substitute no-lazyload \" alt=\"\u00c9lecteur mais citoyen\" title=\"\" data-no-lazy=\"1\" \/><\/a>\n<h4 class=\"pt-cv-title\"><a href=\"https:\/\/le-clairon-nouveau.fr\/wordpress\/blog\/2024\/12\/21\/electeur-mais-citoyen\/\" class=\"pt-cv-window\" target=\"pt-cv-window\" data-width=\"1200\" data-height=\"600\" data-iw=\"150\" data-ih=\"150\">\u00c9lecteur mais citoyen<\/a><\/h4>\n<div class=\"pt-cv-meta-fields\"><span class=\"entry-date\"><span class=\"glyphicon glyphicon-calendar\"><\/span> <time datetime=\"2024-12-21T12:30:04+01:00\">21 d\u00e9cembre 2024<\/time><\/span><span class=\"author\"><span class=\"glyphicon glyphicon-user\"><\/span> <a href=\"https:\/\/le-clairon-nouveau.fr\/wordpress\/blog\/author\/laurent\/\" rel=\"author\">Laurent Fabas<\/a><\/span><span class=\"comments-link\"><span class=\"glyphicon glyphicon-comment\"><\/span> <a href=\"https:\/\/le-clairon-nouveau.fr\/wordpress\/blog\/2024\/12\/21\/electeur-mais-citoyen\/#comments\">Un commentaire <span class=\"screen-reader-text\"> sur \u00c9lecteur mais citoyen<\/span><\/a><\/span><\/div>\n<div class=\"pt-cv-content\">il s\u2019agit de repenser la participation citoyenne \u00e0 la lumi\u00e8re des exigences d'une d\u00e9lib\u00e9ration v\u00e9ritable et faire de l'espace public un v\u00e9ritable creuset de la d\u00e9cision d\u00e9mocratique ... <a href=\"https:\/\/le-clairon-nouveau.fr\/wordpress\/blog\/2024\/12\/21\/electeur-mais-citoyen\/\" class=\"pt-cv-window pt-cv-readmore pt-cv-textlink\" target=\"pt-cv-window\" data-width=\"1200\" data-height=\"600\" data-iw=\"150\" data-ih=\"150\">Lire la suite<\/a><\/div><\/div><\/div>\n<div class=\"col-md-12 col-sm-12 col-xs-12 pt-cv-content-item pt-cv-2-col\"  data-pid=\"30892\"><div class='pt-cv-ifield'><a href=\"https:\/\/le-clairon-nouveau.fr\/wordpress\/blog\/2024\/12\/21\/avec-du-vieux-on-fait-du-vieux\/\" class=\"pt-cv-window pt-cv-href-thumbnail pt-cv-thumb-left cvp-responsive-image img-shadow\" target=\"pt-cv-window\" data-width=\"1200\" data-height=\"600\" data-iw=\"150\" data-ih=\"150\"><img decoding=\"async\" width=\"150\" src=\"https:\/\/i0.wp.com\/le-clairon-nouveau.fr\/wordpress\/wp-content\/uploads\/2024\/12\/vieux-crocodiles-2-Image-par-Archimar-de-Pixabay.jpg?resize=631%2C473&amp;ssl=1\" class=\"pt-cv-thumbnail img-shadow pull-left cvp-substitute no-lazyload \" alt=\"Avec du vieux on fait du vieux\" title=\"\" data-no-lazy=\"1\" \/><\/a>\n<h4 class=\"pt-cv-title\"><a href=\"https:\/\/le-clairon-nouveau.fr\/wordpress\/blog\/2024\/12\/21\/avec-du-vieux-on-fait-du-vieux\/\" class=\"pt-cv-window\" target=\"pt-cv-window\" data-width=\"1200\" data-height=\"600\" data-iw=\"150\" data-ih=\"150\">Avec du vieux on fait du vieux<\/a><\/h4>\n<div class=\"pt-cv-meta-fields\"><span class=\"entry-date\"><span class=\"glyphicon glyphicon-calendar\"><\/span> <time datetime=\"2024-12-21T12:30:22+01:00\">21 d\u00e9cembre 2024<\/time><\/span><span class=\"author\"><span class=\"glyphicon glyphicon-user\"><\/span> <a href=\"https:\/\/le-clairon-nouveau.fr\/wordpress\/blog\/author\/hubert\/\" rel=\"author\">Hubert Reys<\/a><\/span><span class=\"comments-link\"><span class=\"glyphicon glyphicon-comment\"><\/span> <a href=\"https:\/\/le-clairon-nouveau.fr\/wordpress\/blog\/2024\/12\/21\/avec-du-vieux-on-fait-du-vieux\/#respond\">Aucun commentaire<span class=\"screen-reader-text\"> sur Avec du vieux on fait du vieux<\/span><\/a><\/span><\/div>\n<div class=\"pt-cv-content\">Quelques r\u00e9flexions autour du changement de premier ministre ... <a href=\"https:\/\/le-clairon-nouveau.fr\/wordpress\/blog\/2024\/12\/21\/avec-du-vieux-on-fait-du-vieux\/\" class=\"pt-cv-window pt-cv-readmore pt-cv-textlink\" target=\"pt-cv-window\" data-width=\"1200\" data-height=\"600\" data-iw=\"150\" data-ih=\"150\">Lire la suite<\/a><\/div><\/div><\/div>\n<div class=\"col-md-12 col-sm-12 col-xs-12 pt-cv-content-item pt-cv-2-col\"  data-pid=\"30932\"><div class='pt-cv-ifield'><a href=\"https:\/\/le-clairon-nouveau.fr\/wordpress\/blog\/2024\/12\/21\/la-france-un-systeme-politique-en-panne\/\" class=\"pt-cv-window pt-cv-href-thumbnail pt-cv-thumb-left cvp-responsive-image img-shadow\" target=\"pt-cv-window\" data-width=\"1200\" data-height=\"600\" data-iw=\"150\" data-ih=\"150\"><img decoding=\"async\" width=\"150\" src=\"https:\/\/i0.wp.com\/le-clairon-nouveau.fr\/wordpress\/wp-content\/uploads\/2024\/12\/mouvement-pour-la-democratier-place-Tien-En-Men-Pekin-1989-2-Image-par-Lola-Anamon-de-Pixabay.jpg?resize=787%2C438&amp;ssl=1\" class=\"pt-cv-thumbnail img-shadow pull-left cvp-substitute no-lazyload \" alt=\"La France, un syst\u00e8me politique en panne ?\" title=\"\" data-no-lazy=\"1\" \/><\/a>\n<h4 class=\"pt-cv-title\"><a href=\"https:\/\/le-clairon-nouveau.fr\/wordpress\/blog\/2024\/12\/21\/la-france-un-systeme-politique-en-panne\/\" class=\"pt-cv-window\" target=\"pt-cv-window\" data-width=\"1200\" data-height=\"600\" data-iw=\"150\" data-ih=\"150\">La France, un syst\u00e8me politique en panne ?<\/a><\/h4>\n<div class=\"pt-cv-meta-fields\"><span class=\"entry-date\"><span class=\"glyphicon glyphicon-calendar\"><\/span> <time datetime=\"2024-12-21T12:30:26+01:00\">21 d\u00e9cembre 2024<\/time><\/span><span class=\"author\"><span class=\"glyphicon glyphicon-user\"><\/span> <a href=\"https:\/\/le-clairon-nouveau.fr\/wordpress\/blog\/author\/redact\/\" rel=\"author\">La R\u00e9daction du Clairon de l'Atax<\/a><\/span><span class=\"comments-link\"><span class=\"glyphicon glyphicon-comment\"><\/span> <a href=\"https:\/\/le-clairon-nouveau.fr\/wordpress\/blog\/2024\/12\/21\/la-france-un-systeme-politique-en-panne\/#respond\">Aucun commentaire<span class=\"screen-reader-text\"> sur La France, un syst\u00e8me politique en panne ?<\/span><\/a><\/span><\/div>\n<div class=\"pt-cv-content\">Penser le fonctionnement d\u00e9mocratique de notre pays c\u2019est penser d\u2019abord \u00e0 sa d\u00e9centralisation et \u00e0 la d\u00e9concentration de ses pouvoirs de ses services et de son \u00e9conomie ... <a href=\"https:\/\/le-clairon-nouveau.fr\/wordpress\/blog\/2024\/12\/21\/la-france-un-systeme-politique-en-panne\/\" class=\"pt-cv-window pt-cv-readmore pt-cv-textlink\" target=\"pt-cv-window\" data-width=\"1200\" data-height=\"600\" data-iw=\"150\" data-ih=\"150\">Lire la suite<\/a><\/div><\/div><\/div>\n<div class=\"col-md-12 col-sm-12 col-xs-12 pt-cv-content-item pt-cv-2-col\"  data-pid=\"31015\"><div class='pt-cv-ifield'><a href=\"https:\/\/le-clairon-nouveau.fr\/wordpress\/blog\/2025\/01\/23\/federalisme-subsidiarite-interdependance\/\" class=\"pt-cv-window pt-cv-href-thumbnail pt-cv-thumb-left cvp-responsive-image img-shadow\" target=\"pt-cv-window\" data-width=\"1200\" data-height=\"600\" data-iw=\"150\" data-ih=\"150\"><img decoding=\"async\" width=\"150\" src=\"https:\/\/i0.wp.com\/le-clairon-nouveau.fr\/wordpress\/wp-content\/uploads\/2025\/01\/federal-building-Berne-2-Image-par-Daniel-Keller-de-Pixabay-1.jpg?resize=636%2C500&amp;ssl=1\" class=\"pt-cv-thumbnail img-shadow pull-left cvp-substitute no-lazyload \" alt=\"F\u00c9D\u00c9RALISME   SUBSIDIARIT\u00c9   INTERD\u00c9PENDANCE\" title=\"\" data-no-lazy=\"1\" \/><\/a>\n<h4 class=\"pt-cv-title\"><a href=\"https:\/\/le-clairon-nouveau.fr\/wordpress\/blog\/2025\/01\/23\/federalisme-subsidiarite-interdependance\/\" class=\"pt-cv-window\" target=\"pt-cv-window\" data-width=\"1200\" data-height=\"600\" data-iw=\"150\" data-ih=\"150\">F\u00c9D\u00c9RALISME   SUBSIDIARIT\u00c9   INTERD\u00c9PENDANCE<\/a><\/h4>\n<div class=\"pt-cv-meta-fields\"><span class=\"entry-date\"><span class=\"glyphicon glyphicon-calendar\"><\/span> <time datetime=\"2025-01-23T12:30:39+01:00\">23 janvier 2025<\/time><\/span><span class=\"author\"><span class=\"glyphicon glyphicon-user\"><\/span> <a href=\"https:\/\/le-clairon-nouveau.fr\/wordpress\/blog\/author\/domdrouet\/\" rel=\"author\">Dominique Drouet<\/a><\/span><span class=\"comments-link\"><span class=\"glyphicon glyphicon-comment\"><\/span> <a href=\"https:\/\/le-clairon-nouveau.fr\/wordpress\/blog\/2025\/01\/23\/federalisme-subsidiarite-interdependance\/#comments\">Un commentaire <span class=\"screen-reader-text\"> sur F\u00c9D\u00c9RALISME   SUBSIDIARIT\u00c9   INTERD\u00c9PENDANCE<\/span><\/a><\/span><\/div>\n<div class=\"pt-cv-content\">Parlement f\u00e9d\u00e9ral Suisse Berne (image par Daniel Keller de Pixabay) La crise institutionnelle couvait depuis longtemps, mais \u00e0 pr\u00e9sent 7 ans de gouvernance macroniste l&rsquo;on conduite \u00e0 son acm\u00e9. La question de son rem\u00e8de se pose avec urgence, mais aurons-nous les capacit\u00e9s intellectuelles, morales et politiques n\u00e9cessaires pour le trouver et l&rsquo;appliquer ? Le Clairon publie ici un texte qui, sous un apparent d\u00e9senchantement, nous invite \u00e0 r\u00e9fl\u00e9chir \u00e0 des formes d&rsquo;\u00c9tat susceptibles de permettre le d\u00e9passement de cette crise. \u00a0\u00a0\u00a0\u00a0\u00a0\u00a0\u00a0\u00a0\u00a0\u00a0\u00a0\u00a0\u00a0\u00a0\u00a0\u00a0\u00a0\u00a0\u00a0\u00a0\u00a0\u00a0\u00a0\u00a0\u00a0\u00a0\u00a0\u00a0\u00a0\u00a0\u00a0\u00a0\u00a0\u00a0\u00a0\u00a0\u00a0\u00a0\u00a0\u00a0\u00a0\u00a0\u00a0\u00a0\u00a0\u00a0\u00a0\u00a0\u00a0\u00a0\u00a0\u00a0\u00a0\u00a0\u00a0\u00a0\u00a0\u00a0\u00a0\u00a0\u00a0\u00a0\u00a0\u00a0\u00a0\u00a0\u00a0\u00a0\u00a0\u00a0\u00a0\u00a0\u00a0\u00a0\u00a0\u00a0\u00a0\u00a0\u00a0\u00a0\u00a0\u00a0\u00a0\u00a0\u00a0\u00a0\u00a0\u00a0\u00a0\u00a0\u00a0\u00a0\u00a0\u00a0\u00a0\u00a0\u00a0\u00a0\u00a0\u00a0\u00a0\u00a0\u00a0\u00a0\u00a0\u00a0\u00a0\u00a0\u00a0\u00a0\u00a0\u00a0\u00a0\u00a0\u00a0\u00a0\u00a0\u00a0\u00a0\u00a0\u00a0\u00a0\u00a0\u00a0\u00a0\u00a0\u00a0\u00a0\u00a0\u00a0\u00a0\u00a0\u00a0\u00a0\u00a0\u00a0\u00a0\u00a0\u00a0\u00a0\u00a0\u00a0\u00a0\u00a0\u00a0\u00a0\u00a0\u00a0\u00a0\u00a0\u00a0\u00a0\u00a0\u00a0\u00a0\u00a0\u00a0\u00a0\u00a0\u00a0\u00a0\u00a0\u00a0\u00a0\u00a0\u00a0\u00a0\u00a0\u00a0\u00a0\u00a0\u00a0 \u00a0 \u00a0 \u00a0 \u00a0 \u00a0 \u00a0 \u00a0 \u00a0 \u00a0 \u00a0 \u00a0 \u00a0 \u00a0 \u00a0 \u00a0 \u00a0 \u00a0 \u00a0 La r\u00e9daction \u00a0 \u00a0\u00a0 J\u2019aurais tant aim\u00e9 vivre dans une France qui soit la patrie des droits de l\u2019homme, et donc respectueuse des cultures, et des histoires qui l\u2019ont constitu\u00e9. \u00a0\u00a0 H\u00e9las les cultures de France sont ni\u00e9es, et peu \u00e0 peu oubli\u00e9es, ramen\u00e9es au rang de folklore, les langues de France ne sont ni reconnues, ni enseign\u00e9es, ni m\u00eame l\u00e9gales. Radio France interdit m\u00eame \u00e0 France Bleu Occitanie de passer de la musique en occitan, m\u00eame de quelqu\u2019un reconnu comme Francis Cabrel. \u00a0\u00a0 J\u2019aurais tant aim\u00e9 vivre dans une France o\u00f9 les gens soient entrepreneurs, aillent de l\u2019avant, ne soient pas dans une critique syst\u00e9matique, dans une victimisation, dans une d\u00e9ploration collective. Cela passe par le fait de confier des responsabilit\u00e9s globales aux \u00e9chelons municipaux et r\u00e9gionaux. Cela conduit \u00e0 supprimer les frustrations des partis politiques de l\u2019opposition qui exerceraient un vrai pouvoir dans ces \u00e9chelons. \u00a0\u00a0 H\u00e9las l\u2019autonomie, la ... <a href=\"https:\/\/le-clairon-nouveau.fr\/wordpress\/blog\/2025\/01\/23\/federalisme-subsidiarite-interdependance\/\" class=\"pt-cv-window pt-cv-readmore pt-cv-textlink\" target=\"pt-cv-window\" data-width=\"1200\" data-height=\"600\" data-iw=\"150\" data-ih=\"150\">Lire la suite<\/a><\/div><\/div><\/div>\n<div class=\"col-md-12 col-sm-12 col-xs-12 pt-cv-content-item pt-cv-2-col\"  data-pid=\"31862\"><div class='pt-cv-ifield'><a href=\"https:\/\/le-clairon-nouveau.fr\/wordpress\/blog\/2025\/05\/23\/un-trumpisme-a-la-francaise\/\" class=\"pt-cv-window pt-cv-href-thumbnail pt-cv-thumb-left cvp-responsive-image img-shadow\" target=\"pt-cv-window\" data-width=\"1200\" data-height=\"600\" data-iw=\"150\" data-ih=\"150\"><img decoding=\"async\" width=\"150\" src=\"https:\/\/i0.wp.com\/le-clairon-nouveau.fr\/wordpress\/wp-content\/uploads\/2025\/05\/The-golden-future-image-IA.jpg?resize=624%2C441&amp;ssl=1\" class=\"pt-cv-thumbnail img-shadow pull-left cvp-substitute no-lazyload \" alt=\"Un trumpisme \u00e0 la Fran\u00e7aise ?\" title=\"\" data-no-lazy=\"1\" \/><\/a>\n<h4 class=\"pt-cv-title\"><a href=\"https:\/\/le-clairon-nouveau.fr\/wordpress\/blog\/2025\/05\/23\/un-trumpisme-a-la-francaise\/\" class=\"pt-cv-window\" target=\"pt-cv-window\" data-width=\"1200\" data-height=\"600\" data-iw=\"150\" data-ih=\"150\">Un trumpisme \u00e0 la Fran\u00e7aise ?<\/a><\/h4>\n<div class=\"pt-cv-meta-fields\"><span class=\"entry-date\"><span class=\"glyphicon glyphicon-calendar\"><\/span> <time datetime=\"2025-05-23T12:30:57+02:00\">23 mai 2025<\/time><\/span><span class=\"author\"><span class=\"glyphicon glyphicon-user\"><\/span> <a href=\"https:\/\/le-clairon-nouveau.fr\/wordpress\/blog\/author\/hubert\/\" rel=\"author\">Hubert Reys<\/a><\/span><span class=\"comments-link\"><span class=\"glyphicon glyphicon-comment\"><\/span> <a href=\"https:\/\/le-clairon-nouveau.fr\/wordpress\/blog\/2025\/05\/23\/un-trumpisme-a-la-francaise\/#comments\">Un commentaire <span class=\"screen-reader-text\"> sur Un trumpisme \u00e0 la Fran\u00e7aise ?<\/span><\/a><\/span><\/div>\n<div class=\"pt-cv-content\">Futur de r\u00eave ou de cauchemar ? ... <a href=\"https:\/\/le-clairon-nouveau.fr\/wordpress\/blog\/2025\/05\/23\/un-trumpisme-a-la-francaise\/\" class=\"pt-cv-window pt-cv-readmore pt-cv-textlink\" target=\"pt-cv-window\" data-width=\"1200\" data-height=\"600\" data-iw=\"150\" data-ih=\"150\">Lire la suite<\/a><\/div><\/div><\/div>\n<div class=\"col-md-12 col-sm-12 col-xs-12 pt-cv-content-item pt-cv-2-col\"  data-pid=\"32161\"><div class='pt-cv-ifield'><a href=\"https:\/\/le-clairon-nouveau.fr\/wordpress\/blog\/2025\/06\/23\/une-riposte-au-rassemblement-national-que-personne-nattendait\/\" class=\"pt-cv-window pt-cv-href-thumbnail pt-cv-thumb-left cvp-responsive-image img-shadow\" target=\"pt-cv-window\" data-width=\"1200\" data-height=\"600\" data-iw=\"150\" data-ih=\"150\"><img decoding=\"async\" width=\"150\" src=\"https:\/\/i0.wp.com\/le-clairon-nouveau.fr\/wordpress\/wp-content\/uploads\/2025\/06\/allegorie-representant-sous-un-ciel-bleu-une-jeune-femme-souriante-tendant-des-fleurs-a-un-type-dextreme-droite-en-uniforme-oiffe-dun-bonnet-dane-image-IA.png?resize=697%2C697&amp;ssl=1\" class=\"pt-cv-thumbnail img-shadow pull-left cvp-substitute no-lazyload \" alt=\"Une riposte au Rassemblement National que personne n\u2019attendait\" title=\"\" data-no-lazy=\"1\" \/><\/a>\n<h4 class=\"pt-cv-title\"><a href=\"https:\/\/le-clairon-nouveau.fr\/wordpress\/blog\/2025\/06\/23\/une-riposte-au-rassemblement-national-que-personne-nattendait\/\" class=\"pt-cv-window\" target=\"pt-cv-window\" data-width=\"1200\" data-height=\"600\" data-iw=\"150\" data-ih=\"150\">Une riposte au Rassemblement National que personne n\u2019attendait<\/a><\/h4>\n<div class=\"pt-cv-meta-fields\"><span class=\"entry-date\"><span class=\"glyphicon glyphicon-calendar\"><\/span> <time datetime=\"2025-06-23T12:30:07+02:00\">23 juin 2025<\/time><\/span><span class=\"author\"><span class=\"glyphicon glyphicon-user\"><\/span> <a href=\"https:\/\/le-clairon-nouveau.fr\/wordpress\/blog\/author\/laurent\/\" rel=\"author\">Laurent Fabas<\/a><\/span><span class=\"comments-link\"><span class=\"glyphicon glyphicon-comment\"><\/span> <a href=\"https:\/\/le-clairon-nouveau.fr\/wordpress\/blog\/2025\/06\/23\/une-riposte-au-rassemblement-national-que-personne-nattendait\/#respond\">Aucun commentaire<span class=\"screen-reader-text\"> sur Une riposte au Rassemblement National que personne n\u2019attendait<\/span><\/a><\/span><\/div>\n<div class=\"pt-cv-content\">L'Humour, la culture, la f\u00eate, le d\u00e9bat, au secours de la d\u00e9mocratie ... <a href=\"https:\/\/le-clairon-nouveau.fr\/wordpress\/blog\/2025\/06\/23\/une-riposte-au-rassemblement-national-que-personne-nattendait\/\" class=\"pt-cv-window pt-cv-readmore pt-cv-textlink\" target=\"pt-cv-window\" data-width=\"1200\" data-height=\"600\" data-iw=\"150\" data-ih=\"150\">Lire la suite<\/a><\/div><\/div><\/div>\n<div class=\"col-md-12 col-sm-12 col-xs-12 pt-cv-content-item pt-cv-2-col\"  data-pid=\"32113\"><div class='pt-cv-ifield'><a href=\"https:\/\/le-clairon-nouveau.fr\/wordpress\/blog\/2025\/06\/23\/il-ny-a-pas-de-democratie-sans-information-impartiale-des-citoyens\/\" class=\"pt-cv-window pt-cv-href-thumbnail pt-cv-thumb-left cvp-responsive-image img-shadow\" target=\"pt-cv-window\" data-width=\"1200\" data-height=\"600\" data-iw=\"150\" data-ih=\"150\"><img decoding=\"async\" width=\"150\" src=\"https:\/\/i0.wp.com\/le-clairon-nouveau.fr\/wordpress\/wp-content\/uploads\/2025\/06\/Journaleux.jpg?resize=685%2C1028&amp;ssl=1\" class=\"pt-cv-thumbnail img-shadow pull-left cvp-substitute no-lazyload \" alt=\"Il n\u2019y a pas de d\u00e9mocratie sans information impartiale des citoyens\" title=\"\" data-no-lazy=\"1\" \/><\/a>\n<h4 class=\"pt-cv-title\"><a href=\"https:\/\/le-clairon-nouveau.fr\/wordpress\/blog\/2025\/06\/23\/il-ny-a-pas-de-democratie-sans-information-impartiale-des-citoyens\/\" class=\"pt-cv-window\" target=\"pt-cv-window\" data-width=\"1200\" data-height=\"600\" data-iw=\"150\" data-ih=\"150\">Il n\u2019y a pas de d\u00e9mocratie sans information impartiale des citoyens<\/a><\/h4>\n<div class=\"pt-cv-meta-fields\"><span class=\"entry-date\"><span class=\"glyphicon glyphicon-calendar\"><\/span> <time datetime=\"2025-06-23T12:30:25+02:00\">23 juin 2025<\/time><\/span><span class=\"author\"><span class=\"glyphicon glyphicon-user\"><\/span> <a href=\"https:\/\/le-clairon-nouveau.fr\/wordpress\/blog\/author\/hubert\/\" rel=\"author\">Hubert Reys<\/a><\/span><span class=\"comments-link\"><span class=\"glyphicon glyphicon-comment\"><\/span> <a href=\"https:\/\/le-clairon-nouveau.fr\/wordpress\/blog\/2025\/06\/23\/il-ny-a-pas-de-democratie-sans-information-impartiale-des-citoyens\/#respond\">Aucun commentaire<span class=\"screen-reader-text\"> sur Il n\u2019y a pas de d\u00e9mocratie sans information impartiale des citoyens<\/span><\/a><\/span><\/div>\n<div class=\"pt-cv-content\">\u00ab La propagande est \u00e0 la d\u00e9mocratie ce que la violence est \u00e0 un \u00c9tat totalitaire. \u00bb Noam Chomsky ... <a href=\"https:\/\/le-clairon-nouveau.fr\/wordpress\/blog\/2025\/06\/23\/il-ny-a-pas-de-democratie-sans-information-impartiale-des-citoyens\/\" class=\"pt-cv-window pt-cv-readmore pt-cv-textlink\" target=\"pt-cv-window\" data-width=\"1200\" data-height=\"600\" data-iw=\"150\" data-ih=\"150\">Lire la suite<\/a><\/div><\/div><\/div>\n<div class=\"col-md-12 col-sm-12 col-xs-12 pt-cv-content-item pt-cv-2-col\"  data-pid=\"32119\"><div class='pt-cv-ifield'><a href=\"https:\/\/le-clairon-nouveau.fr\/wordpress\/blog\/2025\/06\/23\/la-crise-des-subprimes-et-son-impact-sur-les-retraites-par-capitalisation\/\" class=\"pt-cv-window pt-cv-href-thumbnail pt-cv-thumb-left cvp-responsive-image img-shadow\" target=\"pt-cv-window\" data-width=\"1200\" data-height=\"600\" data-iw=\"150\" data-ih=\"150\"><img decoding=\"async\" width=\"150\" src=\"https:\/\/i0.wp.com\/le-clairon-nouveau.fr\/wordpress\/wp-content\/uploads\/2025\/06\/ruine-ai-generated-9018072_12801.jpg?resize=655%2C655&amp;ssl=1\" class=\"pt-cv-thumbnail img-shadow pull-left cvp-substitute no-lazyload \" alt=\"La crise des Subprimes et son impact sur les retraites par capitalisation\" title=\"\" data-no-lazy=\"1\" \/><\/a>\n<h4 class=\"pt-cv-title\"><a href=\"https:\/\/le-clairon-nouveau.fr\/wordpress\/blog\/2025\/06\/23\/la-crise-des-subprimes-et-son-impact-sur-les-retraites-par-capitalisation\/\" class=\"pt-cv-window\" target=\"pt-cv-window\" data-width=\"1200\" data-height=\"600\" data-iw=\"150\" data-ih=\"150\">La crise des Subprimes et son impact sur les retraites par capitalisation<\/a><\/h4>\n<div class=\"pt-cv-meta-fields\"><span class=\"entry-date\"><span class=\"glyphicon glyphicon-calendar\"><\/span> <time datetime=\"2025-06-23T12:30:55+02:00\">23 juin 2025<\/time><\/span><span class=\"author\"><span class=\"glyphicon glyphicon-user\"><\/span> <a href=\"https:\/\/le-clairon-nouveau.fr\/wordpress\/blog\/author\/domisenac\/\" rel=\"author\">Dominique Senac<\/a><\/span><span class=\"comments-link\"><span class=\"glyphicon glyphicon-comment\"><\/span> <a href=\"https:\/\/le-clairon-nouveau.fr\/wordpress\/blog\/2025\/06\/23\/la-crise-des-subprimes-et-son-impact-sur-les-retraites-par-capitalisation\/#respond\">Aucun commentaire<span class=\"screen-reader-text\"> sur La crise des Subprimes et son impact sur les retraites par capitalisation<\/span><\/a><\/span><\/div>\n<div class=\"pt-cv-content\">La retraite par capitalisation confie notre \u00e9pargne \u00e0 des op\u00e9rateurs financiers qui s\u2019enrichissent en nous laissant tous les risques ... <a href=\"https:\/\/le-clairon-nouveau.fr\/wordpress\/blog\/2025\/06\/23\/la-crise-des-subprimes-et-son-impact-sur-les-retraites-par-capitalisation\/\" class=\"pt-cv-window pt-cv-readmore pt-cv-textlink\" target=\"pt-cv-window\" data-width=\"1200\" data-height=\"600\" data-iw=\"150\" data-ih=\"150\">Lire la suite<\/a><\/div><\/div><\/div>\n<div class=\"col-md-12 col-sm-12 col-xs-12 pt-cv-content-item pt-cv-2-col\"  data-pid=\"32269\"><div class='pt-cv-ifield'><a href=\"https:\/\/le-clairon-nouveau.fr\/wordpress\/blog\/2025\/07\/23\/les-petites-manoeuvres-daccompagnement-de-la-loi-duplomb\/\" class=\"pt-cv-window pt-cv-href-thumbnail pt-cv-thumb-left cvp-responsive-image img-shadow\" target=\"pt-cv-window\" data-width=\"1200\" data-height=\"600\" data-iw=\"150\" data-ih=\"150\"><img decoding=\"async\" width=\"150\" src=\"https:\/\/i0.wp.com\/le-clairon-nouveau.fr\/wordpress\/wp-content\/uploads\/2020\/12\/Breves-du-Clairon-nvelle.jpg?resize=174%2C74&amp;ssl=1\" class=\"pt-cv-thumbnail img-shadow pull-left cvp-substitute no-lazyload \" alt=\"Les petites man\u0153uvres d\u2019accompagnement de la loi Duplomb\" title=\"\" data-no-lazy=\"1\" \/><\/a>\n<h4 class=\"pt-cv-title\"><a href=\"https:\/\/le-clairon-nouveau.fr\/wordpress\/blog\/2025\/07\/23\/les-petites-manoeuvres-daccompagnement-de-la-loi-duplomb\/\" class=\"pt-cv-window\" target=\"pt-cv-window\" data-width=\"1200\" data-height=\"600\" data-iw=\"150\" data-ih=\"150\">Les petites man\u0153uvres d\u2019accompagnement de la loi Duplomb<\/a><\/h4>\n<div class=\"pt-cv-meta-fields\"><span class=\"entry-date\"><span class=\"glyphicon glyphicon-calendar\"><\/span> <time datetime=\"2025-07-23T12:30:44+02:00\">23 juillet 2025<\/time><\/span><span class=\"author\"><span class=\"glyphicon glyphicon-user\"><\/span> <a href=\"https:\/\/le-clairon-nouveau.fr\/wordpress\/blog\/author\/redact\/\" rel=\"author\">La R\u00e9daction du Clairon de l'Atax<\/a><\/span><span class=\"comments-link\"><span class=\"glyphicon glyphicon-comment\"><\/span> <a href=\"https:\/\/le-clairon-nouveau.fr\/wordpress\/blog\/2025\/07\/23\/les-petites-manoeuvres-daccompagnement-de-la-loi-duplomb\/#respond\">Aucun commentaire<span class=\"screen-reader-text\"> sur Les petites man\u0153uvres d\u2019accompagnement de la loi Duplomb<\/span><\/a><\/span><\/div>\n<div class=\"pt-cv-content\">Vers un contr\u00f4le des travaux de l'<span class='tooltipsall tooltip_post_id_6881 classtoolTips95'>Anses<\/span>, \u00e9tablissement public \u00e0 caract\u00e8re scientifique, par le gouvernement ? ... <a href=\"https:\/\/le-clairon-nouveau.fr\/wordpress\/blog\/2025\/07\/23\/les-petites-manoeuvres-daccompagnement-de-la-loi-duplomb\/\" class=\"pt-cv-window pt-cv-readmore pt-cv-textlink\" target=\"pt-cv-window\" data-width=\"1200\" data-height=\"600\" data-iw=\"150\" data-ih=\"150\">Lire la suite<\/a><\/div><\/div><\/div>\n<div class=\"col-md-12 col-sm-12 col-xs-12 pt-cv-content-item pt-cv-2-col\"  data-pid=\"32240\"><div class='pt-cv-ifield'><a href=\"https:\/\/le-clairon-nouveau.fr\/wordpress\/blog\/2025\/07\/23\/budget-2026-le-%e2%80%b3coup%e2%80%b3-des-vacances\/\" class=\"pt-cv-window pt-cv-href-thumbnail pt-cv-thumb-left cvp-responsive-image img-shadow\" target=\"pt-cv-window\" data-width=\"1200\" data-height=\"600\" data-iw=\"150\" data-ih=\"150\"><img decoding=\"async\" width=\"150\" src=\"https:\/\/i0.wp.com\/le-clairon-nouveau.fr\/wordpress\/wp-content\/uploads\/2025\/07\/plage-Image-par-Manfred-Richter-de-Pixabay.jpg?resize=708%2C472&amp;ssl=1\" class=\"pt-cv-thumbnail img-shadow pull-left cvp-substitute no-lazyload \" alt=\"Budget 2026, le \u2033coup\u2033 des vacances\" title=\"\" data-no-lazy=\"1\" \/><\/a>\n<h4 class=\"pt-cv-title\"><a href=\"https:\/\/le-clairon-nouveau.fr\/wordpress\/blog\/2025\/07\/23\/budget-2026-le-%e2%80%b3coup%e2%80%b3-des-vacances\/\" class=\"pt-cv-window\" target=\"pt-cv-window\" data-width=\"1200\" data-height=\"600\" data-iw=\"150\" data-ih=\"150\">Budget 2026, le \u2033coup\u2033 des vacances<\/a><\/h4>\n<div class=\"pt-cv-meta-fields\"><span class=\"entry-date\"><span class=\"glyphicon glyphicon-calendar\"><\/span> <time datetime=\"2025-07-23T12:30:54+02:00\">23 juillet 2025<\/time><\/span><span class=\"author\"><span class=\"glyphicon glyphicon-user\"><\/span> <a href=\"https:\/\/le-clairon-nouveau.fr\/wordpress\/blog\/author\/hubert\/\" rel=\"author\">Hubert Reys<\/a><\/span><span class=\"comments-link\"><span class=\"glyphicon glyphicon-comment\"><\/span> <a href=\"https:\/\/le-clairon-nouveau.fr\/wordpress\/blog\/2025\/07\/23\/budget-2026-le-%e2%80%b3coup%e2%80%b3-des-vacances\/#respond\">Aucun commentaire<span class=\"screen-reader-text\"> sur Budget 2026, le \u2033coup\u2033 des vacances<\/span><\/a><\/span><\/div>\n<div class=\"pt-cv-content\">La question du rapport de la repr\u00e9sentation nationale avec son \u00e9lectorat se pose actuellement de fa\u00e7on aig\u00fce ... <a href=\"https:\/\/le-clairon-nouveau.fr\/wordpress\/blog\/2025\/07\/23\/budget-2026-le-%e2%80%b3coup%e2%80%b3-des-vacances\/\" class=\"pt-cv-window pt-cv-readmore pt-cv-textlink\" target=\"pt-cv-window\" data-width=\"1200\" data-height=\"600\" data-iw=\"150\" data-ih=\"150\">Lire la suite<\/a><\/div><\/div><\/div>\n<div class=\"col-md-12 col-sm-12 col-xs-12 pt-cv-content-item pt-cv-2-col\"  data-pid=\"32247\"><div class='pt-cv-ifield'><a href=\"https:\/\/le-clairon-nouveau.fr\/wordpress\/blog\/2025\/07\/23\/le-dogme-du-pire\/\" class=\"pt-cv-window pt-cv-href-thumbnail pt-cv-thumb-left cvp-responsive-image img-shadow\" target=\"pt-cv-window\" data-width=\"1200\" data-height=\"600\" data-iw=\"150\" data-ih=\"150\"><img decoding=\"async\" width=\"150\" src=\"https:\/\/i0.wp.com\/le-clairon-nouveau.fr\/wordpress\/wp-content\/uploads\/2025\/07\/debat-Image-AI-par-OpenClipart-Vectors-de-Pixabay.png?resize=628%2C668&amp;ssl=1\" class=\"pt-cv-thumbnail img-shadow pull-left cvp-substitute no-lazyload \" alt=\"Le dogme du pire\" title=\"\" data-no-lazy=\"1\" \/><\/a>\n<h4 class=\"pt-cv-title\"><a href=\"https:\/\/le-clairon-nouveau.fr\/wordpress\/blog\/2025\/07\/23\/le-dogme-du-pire\/\" class=\"pt-cv-window\" target=\"pt-cv-window\" data-width=\"1200\" data-height=\"600\" data-iw=\"150\" data-ih=\"150\">Le dogme du pire<\/a><\/h4>\n<div class=\"pt-cv-meta-fields\"><span class=\"entry-date\"><span class=\"glyphicon glyphicon-calendar\"><\/span> <time datetime=\"2025-07-23T12:30:57+02:00\">23 juillet 2025<\/time><\/span><span class=\"author\"><span class=\"glyphicon glyphicon-user\"><\/span> <a href=\"https:\/\/le-clairon-nouveau.fr\/wordpress\/blog\/author\/laurent\/\" rel=\"author\">Laurent Fabas<\/a><\/span><span class=\"comments-link\"><span class=\"glyphicon glyphicon-comment\"><\/span> <a href=\"https:\/\/le-clairon-nouveau.fr\/wordpress\/blog\/2025\/07\/23\/le-dogme-du-pire\/#respond\">Aucun commentaire<span class=\"screen-reader-text\"> sur Le dogme du pire<\/span><\/a><\/span><\/div>\n<div class=\"pt-cv-content\">La l\u00e9gitimit\u00e9 d'un programme politique vient de son processus d'\u00e9laboration autant que de son contenu ... <a href=\"https:\/\/le-clairon-nouveau.fr\/wordpress\/blog\/2025\/07\/23\/le-dogme-du-pire\/\" class=\"pt-cv-window pt-cv-readmore pt-cv-textlink\" target=\"pt-cv-window\" data-width=\"1200\" data-height=\"600\" data-iw=\"150\" data-ih=\"150\">Lire la suite<\/a><\/div><\/div><\/div>\n<div class=\"col-md-12 col-sm-12 col-xs-12 pt-cv-content-item pt-cv-2-col\"  data-pid=\"32296\"><div class='pt-cv-ifield'><a href=\"https:\/\/le-clairon-nouveau.fr\/wordpress\/blog\/2025\/07\/25\/loi-duplomb-une-communication-de-la-conference-paysanne\/\" class=\"pt-cv-window pt-cv-href-thumbnail pt-cv-thumb-left cvp-responsive-image img-shadow\" target=\"pt-cv-window\" data-width=\"1200\" data-height=\"600\" data-iw=\"150\" data-ih=\"150\"><img decoding=\"async\" width=\"150\" src=\"https:\/\/i0.wp.com\/le-clairon-nouveau.fr\/wordpress\/wp-content\/uploads\/2025\/07\/Capture-decran-2025-07-25-062318.png?resize=389%2C57&amp;ssl=1\" class=\"pt-cv-thumbnail img-shadow pull-left cvp-substitute no-lazyload \" alt=\"Loi Duplomb : une communication de la Conf\u00e9rence paysanne\" title=\"\" data-no-lazy=\"1\" \/><\/a>\n<h4 class=\"pt-cv-title\"><a href=\"https:\/\/le-clairon-nouveau.fr\/wordpress\/blog\/2025\/07\/25\/loi-duplomb-une-communication-de-la-conference-paysanne\/\" class=\"pt-cv-window\" target=\"pt-cv-window\" data-width=\"1200\" data-height=\"600\" data-iw=\"150\" data-ih=\"150\">Loi Duplomb : une communication de la Conf\u00e9rence paysanne<\/a><\/h4>\n<div class=\"pt-cv-meta-fields\"><span class=\"entry-date\"><span class=\"glyphicon glyphicon-calendar\"><\/span> <time datetime=\"2025-07-25T07:06:43+02:00\">25 juillet 2025<\/time><\/span><span class=\"author\"><span class=\"glyphicon glyphicon-user\"><\/span> <a href=\"https:\/\/le-clairon-nouveau.fr\/wordpress\/blog\/author\/redact\/\" rel=\"author\">La R\u00e9daction du Clairon de l'Atax<\/a><\/span><span class=\"comments-link\"><span class=\"glyphicon glyphicon-comment\"><\/span> <a href=\"https:\/\/le-clairon-nouveau.fr\/wordpress\/blog\/2025\/07\/25\/loi-duplomb-une-communication-de-la-conference-paysanne\/#respond\">Aucun commentaire<span class=\"screen-reader-text\"> sur Loi Duplomb : une communication de la Conf\u00e9rence paysanne<\/span><\/a><\/span><\/div>\n<div class=\"pt-cv-content\">la loi Duplomb n'a pas de l\u00e9gitimit\u00e9 d\u00e9mocratique ... <a href=\"https:\/\/le-clairon-nouveau.fr\/wordpress\/blog\/2025\/07\/25\/loi-duplomb-une-communication-de-la-conference-paysanne\/\" class=\"pt-cv-window pt-cv-readmore pt-cv-textlink\" target=\"pt-cv-window\" data-width=\"1200\" data-height=\"600\" data-iw=\"150\" data-ih=\"150\">Lire la suite<\/a><\/div><\/div><\/div>\n<div class=\"col-md-12 col-sm-12 col-xs-12 pt-cv-content-item pt-cv-2-col\"  data-pid=\"32412\"><div class='pt-cv-ifield'><a href=\"https:\/\/le-clairon-nouveau.fr\/wordpress\/blog\/2025\/09\/23\/entre-la-sante-publique-et-les-profits-de-lagro-industrie-que-choisir\/\" class=\"pt-cv-window pt-cv-href-thumbnail pt-cv-thumb-left cvp-responsive-image img-shadow\" target=\"pt-cv-window\" data-width=\"1200\" data-height=\"600\" data-iw=\"150\" data-ih=\"150\"><img decoding=\"async\" width=\"150\" src=\"https:\/\/i0.wp.com\/le-clairon-nouveau.fr\/wordpress\/wp-content\/uploads\/2025\/09\/Chevalier-dindustrie-Image-par-Clker-Free-Vector-Images-de-Pixabay.png?resize=510%2C400&amp;ssl=1\" class=\"pt-cv-thumbnail img-shadow pull-left cvp-substitute no-lazyload \" alt=\"Entre la sant\u00e9 publique et les profits de l\u2019agro-industrie :  que choisir ?\" title=\"\" data-no-lazy=\"1\" \/><\/a>\n<h4 class=\"pt-cv-title\"><a href=\"https:\/\/le-clairon-nouveau.fr\/wordpress\/blog\/2025\/09\/23\/entre-la-sante-publique-et-les-profits-de-lagro-industrie-que-choisir\/\" class=\"pt-cv-window\" target=\"pt-cv-window\" data-width=\"1200\" data-height=\"600\" data-iw=\"150\" data-ih=\"150\">Entre la sant\u00e9 publique et les profits de l\u2019agro-industrie :  que choisir ?<\/a><\/h4>\n<div class=\"pt-cv-meta-fields\"><span class=\"entry-date\"><span class=\"glyphicon glyphicon-calendar\"><\/span> <time datetime=\"2025-09-23T12:30:09+02:00\">23 septembre 2025<\/time><\/span><span class=\"author\"><span class=\"glyphicon glyphicon-user\"><\/span> <a href=\"https:\/\/le-clairon-nouveau.fr\/wordpress\/blog\/author\/hubert\/\" rel=\"author\">Hubert Reys<\/a><\/span><span class=\"comments-link\"><span class=\"glyphicon glyphicon-comment\"><\/span> <a href=\"https:\/\/le-clairon-nouveau.fr\/wordpress\/blog\/2025\/09\/23\/entre-la-sante-publique-et-les-profits-de-lagro-industrie-que-choisir\/#comments\">Un commentaire <span class=\"screen-reader-text\"> sur Entre la sant\u00e9 publique et les profits de l\u2019agro-industrie :  que choisir ?<\/span><\/a><\/span><\/div>\n<div class=\"pt-cv-content\">La protection des citoyens n\u2019est-elle plus la raison fondamentale de l\u2019existence de l\u2019\u00c9tat ? ... <a href=\"https:\/\/le-clairon-nouveau.fr\/wordpress\/blog\/2025\/09\/23\/entre-la-sante-publique-et-les-profits-de-lagro-industrie-que-choisir\/\" class=\"pt-cv-window pt-cv-readmore pt-cv-textlink\" target=\"pt-cv-window\" data-width=\"1200\" data-height=\"600\" data-iw=\"150\" data-ih=\"150\">Lire la suite<\/a><\/div><\/div><\/div>\n<div class=\"col-md-12 col-sm-12 col-xs-12 pt-cv-content-item pt-cv-2-col\"  data-pid=\"32543\"><div class='pt-cv-ifield'><a href=\"https:\/\/le-clairon-nouveau.fr\/wordpress\/blog\/2025\/10\/23\/narbonne-2026-la-gauche-entre-impasse-partisane-et-espoir-citoyen\/\" class=\"pt-cv-window pt-cv-href-thumbnail pt-cv-thumb-left cvp-responsive-image img-shadow\" target=\"pt-cv-window\" data-width=\"1200\" data-height=\"600\" data-iw=\"150\" data-ih=\"150\"><img decoding=\"async\" width=\"150\" src=\"https:\/\/i0.wp.com\/le-clairon-nouveau.fr\/wordpress\/wp-content\/uploads\/2025\/10\/Narbonne-image-Pixabay-1.jpg?resize=395%2C263&amp;ssl=1\" class=\"pt-cv-thumbnail img-shadow pull-left cvp-substitute no-lazyload \" alt=\"Narbonne 2026 : la Gauche, entre impasse partisane et espoir citoyen\" title=\"\" data-no-lazy=\"1\" \/><\/a>\n<h4 class=\"pt-cv-title\"><a href=\"https:\/\/le-clairon-nouveau.fr\/wordpress\/blog\/2025\/10\/23\/narbonne-2026-la-gauche-entre-impasse-partisane-et-espoir-citoyen\/\" class=\"pt-cv-window\" target=\"pt-cv-window\" data-width=\"1200\" data-height=\"600\" data-iw=\"150\" data-ih=\"150\">Narbonne 2026 : la Gauche, entre impasse partisane et espoir citoyen<\/a><\/h4>\n<div class=\"pt-cv-meta-fields\"><span class=\"entry-date\"><span class=\"glyphicon glyphicon-calendar\"><\/span> <time datetime=\"2025-10-23T12:30:02+02:00\">23 octobre 2025<\/time><\/span><span class=\"author\"><span class=\"glyphicon glyphicon-user\"><\/span> <a href=\"https:\/\/le-clairon-nouveau.fr\/wordpress\/blog\/author\/laurent\/\" rel=\"author\">Laurent Fabas<\/a><\/span><span class=\"comments-link\"><span class=\"glyphicon glyphicon-comment\"><\/span> <a href=\"https:\/\/le-clairon-nouveau.fr\/wordpress\/blog\/2025\/10\/23\/narbonne-2026-la-gauche-entre-impasse-partisane-et-espoir-citoyen\/#respond\">Aucun commentaire<span class=\"screen-reader-text\"> sur Narbonne 2026 : la Gauche, entre impasse partisane et espoir citoyen<\/span><\/a><\/span><\/div>\n<div class=\"pt-cv-content\">Dans le contexte politique actuel,, les choix \u00e9lectoraux ne peuvent se r\u00e9duire aux tractations entre partis ... <a href=\"https:\/\/le-clairon-nouveau.fr\/wordpress\/blog\/2025\/10\/23\/narbonne-2026-la-gauche-entre-impasse-partisane-et-espoir-citoyen\/\" class=\"pt-cv-window pt-cv-readmore pt-cv-textlink\" target=\"pt-cv-window\" data-width=\"1200\" data-height=\"600\" data-iw=\"150\" data-ih=\"150\">Lire la suite<\/a><\/div><\/div><\/div>\n<div class=\"col-md-12 col-sm-12 col-xs-12 pt-cv-content-item pt-cv-2-col\"  data-pid=\"32515\"><div class='pt-cv-ifield'><a href=\"https:\/\/le-clairon-nouveau.fr\/wordpress\/blog\/2025\/10\/23\/des-elites-et-des-gueux\/\" class=\"pt-cv-window pt-cv-href-thumbnail pt-cv-thumb-left cvp-responsive-image img-shadow\" target=\"pt-cv-window\" data-width=\"1200\" data-height=\"600\" data-iw=\"150\" data-ih=\"150\"><img decoding=\"async\" width=\"150\" src=\"https:\/\/i0.wp.com\/le-clairon-nouveau.fr\/wordpress\/wp-content\/uploads\/2025\/10\/Presentation-mod.jpg?resize=702%2C316&amp;ssl=1\" class=\"pt-cv-thumbnail img-shadow pull-left cvp-substitute no-lazyload \" alt=\"Des \u00e9lites et des gueux\" title=\"\" data-no-lazy=\"1\" \/><\/a>\n<h4 class=\"pt-cv-title\"><a href=\"https:\/\/le-clairon-nouveau.fr\/wordpress\/blog\/2025\/10\/23\/des-elites-et-des-gueux\/\" class=\"pt-cv-window\" target=\"pt-cv-window\" data-width=\"1200\" data-height=\"600\" data-iw=\"150\" data-ih=\"150\">Des \u00e9lites et des gueux<\/a><\/h4>\n<div class=\"pt-cv-meta-fields\"><span class=\"entry-date\"><span class=\"glyphicon glyphicon-calendar\"><\/span> <time datetime=\"2025-10-23T12:30:17+02:00\">23 octobre 2025<\/time><\/span><span class=\"author\"><span class=\"glyphicon glyphicon-user\"><\/span> <a href=\"https:\/\/le-clairon-nouveau.fr\/wordpress\/blog\/author\/hubert\/\" rel=\"author\">Hubert Reys<\/a><\/span><span class=\"comments-link\"><span class=\"glyphicon glyphicon-comment\"><\/span> <a href=\"https:\/\/le-clairon-nouveau.fr\/wordpress\/blog\/2025\/10\/23\/des-elites-et-des-gueux\/#respond\">Aucun commentaire<span class=\"screen-reader-text\"> sur Des \u00e9lites et des gueux<\/span><\/a><\/span><\/div>\n<div class=\"pt-cv-content\">Les peuples valent mieux que leurs \u00e9lites suppos\u00e9es (Georges Orwell) ... <a href=\"https:\/\/le-clairon-nouveau.fr\/wordpress\/blog\/2025\/10\/23\/des-elites-et-des-gueux\/\" class=\"pt-cv-window pt-cv-readmore pt-cv-textlink\" target=\"pt-cv-window\" data-width=\"1200\" data-height=\"600\" data-iw=\"150\" data-ih=\"150\">Lire la suite<\/a><\/div><\/div><\/div>\n<div class=\"col-md-12 col-sm-12 col-xs-12 pt-cv-content-item pt-cv-2-col\"  data-pid=\"32643\"><div class='pt-cv-ifield'><a href=\"https:\/\/le-clairon-nouveau.fr\/wordpress\/blog\/2025\/12\/05\/municipales-2026-a-narbonne-une-nouvelle-liste-se-constitue-a-gauche\/\" class=\"pt-cv-window pt-cv-href-thumbnail pt-cv-thumb-left cvp-responsive-image img-shadow\" target=\"pt-cv-window\" data-width=\"1200\" data-height=\"600\" data-iw=\"150\" data-ih=\"150\"><img decoding=\"async\" width=\"150\" src=\"https:\/\/i0.wp.com\/le-clairon-nouveau.fr\/wordpress\/wp-content\/uploads\/2025\/10\/Narbonne-image-Pixabay-1.jpg?resize=476%2C317&amp;ssl=1\" class=\"pt-cv-thumbnail img-shadow pull-left cvp-substitute no-lazyload \" alt=\"Municipales 2026 \u00e0 Narbonne : une nouvelle liste se constitue \u00e0 gauche\" title=\"\" data-no-lazy=\"1\" \/><\/a>\n<h4 class=\"pt-cv-title\"><a href=\"https:\/\/le-clairon-nouveau.fr\/wordpress\/blog\/2025\/12\/05\/municipales-2026-a-narbonne-une-nouvelle-liste-se-constitue-a-gauche\/\" class=\"pt-cv-window\" target=\"pt-cv-window\" data-width=\"1200\" data-height=\"600\" data-iw=\"150\" data-ih=\"150\">Municipales 2026 \u00e0 Narbonne : une nouvelle liste se constitue \u00e0 gauche<\/a><\/h4>\n<div class=\"pt-cv-meta-fields\"><span class=\"entry-date\"><span class=\"glyphicon glyphicon-calendar\"><\/span> <time datetime=\"2025-12-05T23:28:38+01:00\">5 d\u00e9cembre 2025<\/time><\/span><span class=\"author\"><span class=\"glyphicon glyphicon-user\"><\/span> <a href=\"https:\/\/le-clairon-nouveau.fr\/wordpress\/blog\/author\/redact\/\" rel=\"author\">La R\u00e9daction du Clairon de l'Atax<\/a><\/span><span class=\"comments-link\"><span class=\"glyphicon glyphicon-comment\"><\/span> <a href=\"https:\/\/le-clairon-nouveau.fr\/wordpress\/blog\/2025\/12\/05\/municipales-2026-a-narbonne-une-nouvelle-liste-se-constitue-a-gauche\/#respond\">Aucun commentaire<span class=\"screen-reader-text\"> sur Municipales 2026 \u00e0 Narbonne : une nouvelle liste se constitue \u00e0 gauche<\/span><\/a><\/span><\/div>\n<div class=\"pt-cv-content\">Le 12 d\u00e9cembre, nous inverserons la logique habituelle. Il n\u2019y aura pas de tribune pour les \u00e9gos ni de candidats autoproclam\u00e9s ... <a href=\"https:\/\/le-clairon-nouveau.fr\/wordpress\/blog\/2025\/12\/05\/municipales-2026-a-narbonne-une-nouvelle-liste-se-constitue-a-gauche\/\" class=\"pt-cv-window pt-cv-readmore pt-cv-textlink\" target=\"pt-cv-window\" data-width=\"1200\" data-height=\"600\" data-iw=\"150\" data-ih=\"150\">Lire la suite<\/a><\/div><\/div><\/div>\n<div class=\"col-md-12 col-sm-12 col-xs-12 pt-cv-content-item pt-cv-2-col\"  data-pid=\"32659\"><div class='pt-cv-ifield'><a href=\"https:\/\/le-clairon-nouveau.fr\/wordpress\/blog\/2025\/12\/13\/municipales-a-narbonne-une-nouvelle-liste-a-gauche\/\" class=\"pt-cv-window pt-cv-href-thumbnail pt-cv-thumb-left cvp-responsive-image img-shadow\" target=\"pt-cv-window\" data-width=\"1200\" data-height=\"600\" data-iw=\"150\" data-ih=\"150\"><img decoding=\"async\" width=\"150\" src=\"https:\/\/i0.wp.com\/le-clairon-nouveau.fr\/wordpress\/wp-content\/uploads\/2025\/12\/Lancement-Nous-sommes-N-1.jpg?resize=637%2C467&amp;ssl=1\" class=\"pt-cv-thumbnail img-shadow pull-left cvp-substitute no-lazyload \" alt=\"Municipales \u00e0 Narbonne : une nouvelle liste \u00e0 gauche\" title=\"\" data-no-lazy=\"1\" \/><\/a>\n<h4 class=\"pt-cv-title\"><a href=\"https:\/\/le-clairon-nouveau.fr\/wordpress\/blog\/2025\/12\/13\/municipales-a-narbonne-une-nouvelle-liste-a-gauche\/\" class=\"pt-cv-window\" target=\"pt-cv-window\" data-width=\"1200\" data-height=\"600\" data-iw=\"150\" data-ih=\"150\">Municipales \u00e0 Narbonne : une nouvelle liste \u00e0 gauche<\/a><\/h4>\n<div class=\"pt-cv-meta-fields\"><span class=\"entry-date\"><span class=\"glyphicon glyphicon-calendar\"><\/span> <time datetime=\"2025-12-13T16:54:03+01:00\">13 d\u00e9cembre 2025<\/time><\/span><span class=\"author\"><span class=\"glyphicon glyphicon-user\"><\/span> <a href=\"https:\/\/le-clairon-nouveau.fr\/wordpress\/blog\/author\/hubert\/\" rel=\"author\">Hubert Reys<\/a><\/span><span class=\"comments-link\"><span class=\"glyphicon glyphicon-comment\"><\/span> <a href=\"https:\/\/le-clairon-nouveau.fr\/wordpress\/blog\/2025\/12\/13\/municipales-a-narbonne-une-nouvelle-liste-a-gauche\/#comments\">5 commentaires <span class=\"screen-reader-text\"> sur Municipales \u00e0 Narbonne : une nouvelle liste \u00e0 gauche<\/span><\/a><\/span><\/div>\n<div class=\"pt-cv-content\">Cr\u00e9dit photo \u00ab\u00a0Ouss\u00a0\u00bb \u00a0\u00a0 Ils \u00e9taient une cinquantaine \u00e0 se r\u00e9unir ce vendredi 12 d\u00e9cembre 2025 \u00e0 la Maison des services du quartier Saint Jean-Saint Pierre, pour construire ensemble une proposition politique nouvelle dans le cadre de la campagne des municipales 2026. Ils venaient d&rsquo;<span class='tooltipsall tooltip_post_id_30595 classtoolTips45'>horizons<\/span> divers :\u00a0 simples citoyens, militants associatifs, militants ou sympathisants politiques du MCN (Mouvement Citoyen de Narbonne) ou du NPA (Nouveau parti anticapitaliste), ou encore membres de LFI pr\u00e9sents \u00e0 titre personnel, tous d\u00e9cid\u00e9s \u00e0 construire et proposer aux \u00e9lecteurs narbonnais un changement politique r\u00e9el, bas\u00e9 sur la mise en \u0153uvre d\u2019une d\u00e9marche de d\u00e9mocratie continue. La d\u00e9mocratie continue\u00a0: une id\u00e9e ancienne aux d\u00e9veloppements r\u00e9cents \u00a0\u00a0 Contrairement aux pratiques actuellement en vigueur dans toutes les formations politiques, il s\u2019agit d\u2019impliquer les citoyens \u00e0 tous les moments de la vie politique et pas seulement au moment des \u00e9lections. \u00a0\u00a0 C\u2019est ainsi que tous les citoyens peuvent\u00a0: Donner leur avis et contribuer aux d\u00e9cisions de leurs repr\u00e9sentants, pendant toute la dur\u00e9e de leur mandat . (Pour ce faire les citoyens disposent de divers moyens : consultations publiques, num\u00e9riques, assembl\u00e9es locales, etc.) Former leurs avis gr\u00e2ce \u00e0 des comptes-rendus des activit\u00e9s des institutions, r\u00e9guliers et accessibles, fournis par elles. Participer \u00e0 la co-construction des politiques publiques, dans un processus r\u00e9gulier de d\u00e9lib\u00e9rations collectives qui associent citoyens, experts et \u00e9lus. La d\u00e9mocratie continue est mise en acte d\u00e8s la cr\u00e9ation de cette nouvelle liste de gauche \u00a0\u00a0 Elle a commenc\u00e9 par la d\u00e9signation d\u2019une t\u00eate de liste par l\u2019assembl\u00e9e. Contrairement ... <a href=\"https:\/\/le-clairon-nouveau.fr\/wordpress\/blog\/2025\/12\/13\/municipales-a-narbonne-une-nouvelle-liste-a-gauche\/\" class=\"pt-cv-window pt-cv-readmore pt-cv-textlink\" target=\"pt-cv-window\" data-width=\"1200\" data-height=\"600\" data-iw=\"150\" data-ih=\"150\">Lire la suite<\/a><\/div><\/div><\/div>\n<div class=\"col-md-12 col-sm-12 col-xs-12 pt-cv-content-item pt-cv-2-col\"  data-pid=\"32676\"><div class='pt-cv-ifield'><a href=\"https:\/\/le-clairon-nouveau.fr\/wordpress\/blog\/2025\/12\/19\/elections-municipales-2026-a-narbonne-creation-dun-nouveau-groupe-daction-lfi\/\" class=\"pt-cv-window pt-cv-href-thumbnail pt-cv-thumb-left cvp-responsive-image img-shadow\" target=\"pt-cv-window\" data-width=\"1200\" data-height=\"600\" data-iw=\"150\" data-ih=\"150\"><img decoding=\"async\" width=\"150\" src=\"https:\/\/i0.wp.com\/le-clairon-nouveau.fr\/wordpress\/wp-content\/uploads\/2025\/12\/Narbonne-image-Pixabay.jpg?resize=490%2C326&amp;ssl=1\" class=\"pt-cv-thumbnail img-shadow pull-left cvp-substitute no-lazyload \" alt=\"\u00c9lections municipales 2026 \u00e0 Narbonne : cr\u00e9ation d\u2019un nouveau groupe d\u2019action LFI\" title=\"\" data-no-lazy=\"1\" \/><\/a>\n<h4 class=\"pt-cv-title\"><a href=\"https:\/\/le-clairon-nouveau.fr\/wordpress\/blog\/2025\/12\/19\/elections-municipales-2026-a-narbonne-creation-dun-nouveau-groupe-daction-lfi\/\" class=\"pt-cv-window\" target=\"pt-cv-window\" data-width=\"1200\" data-height=\"600\" data-iw=\"150\" data-ih=\"150\">\u00c9lections municipales 2026 \u00e0 Narbonne : cr\u00e9ation d\u2019un nouveau groupe d\u2019action LFI<\/a><\/h4>\n<div class=\"pt-cv-meta-fields\"><span class=\"entry-date\"><span class=\"glyphicon glyphicon-calendar\"><\/span> <time datetime=\"2025-12-19T17:47:38+01:00\">19 d\u00e9cembre 2025<\/time><\/span><span class=\"author\"><span class=\"glyphicon glyphicon-user\"><\/span> <a href=\"https:\/\/le-clairon-nouveau.fr\/wordpress\/blog\/author\/redact\/\" rel=\"author\">La R\u00e9daction du Clairon de l'Atax<\/a><\/span><span class=\"comments-link\"><span class=\"glyphicon glyphicon-comment\"><\/span> <a href=\"https:\/\/le-clairon-nouveau.fr\/wordpress\/blog\/2025\/12\/19\/elections-municipales-2026-a-narbonne-creation-dun-nouveau-groupe-daction-lfi\/#respond\">Aucun commentaire<span class=\"screen-reader-text\"> sur \u00c9lections municipales 2026 \u00e0 Narbonne : cr\u00e9ation d\u2019un nouveau groupe d\u2019action LFI<\/span><\/a><\/span><\/div>\n<div class=\"pt-cv-content\">Narbonne (image Pixabay) Nous avons re\u00e7u ce jour un communiqu\u00e9 de presse nous annon\u00e7ant la cr\u00e9ation \u00e0 Narbonne d&rsquo;un nouveau GA (Groupe d&rsquo;action) de la France Insoumise (LFI). Selon la charte de LFI qui se d\u00e9finit comme un mouvement r\u00e9seau, les groupes d&rsquo;action \u00ab se constituent par la volont\u00e9 des insoumis\u00b7es et disposent d\u2019une autonomie d\u2019action dans le respect du programme l\u2019Avenir en commun. \u00bb Ce nouveau GA s&rsquo;intitule \u00ab\u00a0Pour et avec Narbonne\u00a0\u00bb et affirme son soutien au collectif \u00ab Nous sommes Narbonne \u00bb candidat aux municipales 2026. La r\u00e9daction COMMUNIQU\u00c9 DE PRESSE \u00a0 DATE :\u00a019 D\u00e9cembre 2025 \u00c9METTEUR :\u00a0Groupe d&rsquo;Action LFI \u00ab Narbonne Populaire \u00bb CR\u00c9ATION DU GROUPE D\u2019ACTION \u00ab POUR ET AVEC NARBONNE \u00bb \u00a0 Dans la perspective des \u00e9lections municipales de 2026, des militantes et militants de La France Insoumise annoncent la constitution d&rsquo;un nouveau Groupe d&rsquo;Action (GA)\u00a0: \u00ab\u00a0Pour et avec Narbonne\u00a0\u00bb\u00a0 Cette cr\u00e9ation vise \u00e0 donner un cadre d&rsquo;expression aux insoumis attach\u00e9s au strict respect de nos principes fondateurs : la d\u00e9mocratie interne, la strat\u00e9gie de l&rsquo;Union Populaire et la coh\u00e9rence nationale de notre mouvement, loin des aventures individuelles. Accompagner l&rsquo;auto-organisation citoyenne La feuille de route de notre mouvement est claire : partout o\u00f9 les citoyens s&rsquo;auto-organisent pour l&rsquo;int\u00e9r\u00eat g\u00e9n\u00e9ral et la bifurcation \u00e9cologique, les insoumis doivent \u00eatre des appuis, et non des obstacles. \u00c0 Narbonne, nous constatons que cette dynamique de fond s&rsquo;incarne aujourd&rsquo;hui dans le collectif \u00ab Nous Sommes Narbonne \u00bb. Notre groupe se constitue pour participer \u00e0 cet effort collectif, en fid\u00e9lit\u00e9 avec ... <a href=\"https:\/\/le-clairon-nouveau.fr\/wordpress\/blog\/2025\/12\/19\/elections-municipales-2026-a-narbonne-creation-dun-nouveau-groupe-daction-lfi\/\" class=\"pt-cv-window pt-cv-readmore pt-cv-textlink\" target=\"pt-cv-window\" data-width=\"1200\" data-height=\"600\" data-iw=\"150\" data-ih=\"150\">Lire la suite<\/a><\/div><\/div><\/div>\n<div class=\"col-md-12 col-sm-12 col-xs-12 pt-cv-content-item pt-cv-2-col\"  data-pid=\"32723\"><div class='pt-cv-ifield'><a href=\"https:\/\/le-clairon-nouveau.fr\/wordpress\/blog\/2025\/12\/23\/narbonne-municipales-2026-la-question-du-logement\/\" class=\"pt-cv-window pt-cv-href-thumbnail pt-cv-thumb-left cvp-responsive-image img-shadow\" target=\"pt-cv-window\" data-width=\"1200\" data-height=\"600\" data-iw=\"150\" data-ih=\"150\"><img decoding=\"async\" width=\"150\" src=\"https:\/\/i0.wp.com\/le-clairon-nouveau.fr\/wordpress\/wp-content\/uploads\/2025\/12\/Narbonne-image-Pixabay-1.jpg?resize=455%2C303&amp;ssl=1\" class=\"pt-cv-thumbnail img-shadow pull-left cvp-substitute no-lazyload \" alt=\"Narbonne, municipales 2026 : la question du logement\" title=\"\" data-no-lazy=\"1\" \/><\/a>\n<h4 class=\"pt-cv-title\"><a href=\"https:\/\/le-clairon-nouveau.fr\/wordpress\/blog\/2025\/12\/23\/narbonne-municipales-2026-la-question-du-logement\/\" class=\"pt-cv-window\" target=\"pt-cv-window\" data-width=\"1200\" data-height=\"600\" data-iw=\"150\" data-ih=\"150\">Narbonne, municipales 2026 : la question du logement<\/a><\/h4>\n<div class=\"pt-cv-meta-fields\"><span class=\"entry-date\"><span class=\"glyphicon glyphicon-calendar\"><\/span> <time datetime=\"2025-12-23T12:30:06+01:00\">23 d\u00e9cembre 2025<\/time><\/span><span class=\"author\"><span class=\"glyphicon glyphicon-user\"><\/span> <a href=\"https:\/\/le-clairon-nouveau.fr\/wordpress\/blog\/author\/laurent\/\" rel=\"author\">Laurent Fabas<\/a><\/span><span class=\"comments-link\"><span class=\"glyphicon glyphicon-comment\"><\/span> <a href=\"https:\/\/le-clairon-nouveau.fr\/wordpress\/blog\/2025\/12\/23\/narbonne-municipales-2026-la-question-du-logement\/#respond\">Aucun commentaire<span class=\"screen-reader-text\"> sur Narbonne, municipales 2026 : la question du logement<\/span><\/a><\/span><\/div>\n<div class=\"pt-cv-content\">Le droit au logement est la pierre angulaire de la dignit\u00e9 humaine et le moteur d'un dynamisme \u00e9conomique partag\u00e9 par tous ... <a href=\"https:\/\/le-clairon-nouveau.fr\/wordpress\/blog\/2025\/12\/23\/narbonne-municipales-2026-la-question-du-logement\/\" class=\"pt-cv-window pt-cv-readmore pt-cv-textlink\" target=\"pt-cv-window\" data-width=\"1200\" data-height=\"600\" data-iw=\"150\" data-ih=\"150\">Lire la suite<\/a><\/div><\/div><\/div>\n<div class=\"col-md-12 col-sm-12 col-xs-12 pt-cv-content-item pt-cv-2-col\"  data-pid=\"32681\"><div class='pt-cv-ifield'><a href=\"https:\/\/le-clairon-nouveau.fr\/wordpress\/blog\/2025\/12\/23\/la-guerre-pour-quoi-pour-qui-contre-qui-comment\/\" class=\"pt-cv-window pt-cv-href-thumbnail pt-cv-thumb-left cvp-responsive-image img-shadow\" target=\"pt-cv-window\" data-width=\"1200\" data-height=\"600\" data-iw=\"150\" data-ih=\"150\"><img decoding=\"async\" width=\"150\" src=\"https:\/\/i0.wp.com\/le-clairon-nouveau.fr\/wordpress\/wp-content\/uploads\/2025\/12\/Fusil-Lebel-Modele-1886-image-IA.jpg?resize=734%2C550&amp;ssl=1\" class=\"pt-cv-thumbnail img-shadow pull-left cvp-substitute no-lazyload \" alt=\"La guerre ? Pour quoi, pour qui, contre qui, comment ?\" title=\"\" data-no-lazy=\"1\" \/><\/a>\n<h4 class=\"pt-cv-title\"><a href=\"https:\/\/le-clairon-nouveau.fr\/wordpress\/blog\/2025\/12\/23\/la-guerre-pour-quoi-pour-qui-contre-qui-comment\/\" class=\"pt-cv-window\" target=\"pt-cv-window\" data-width=\"1200\" data-height=\"600\" data-iw=\"150\" data-ih=\"150\">La guerre ? Pour quoi, pour qui, contre qui, comment ?<\/a><\/h4>\n<div class=\"pt-cv-meta-fields\"><span class=\"entry-date\"><span class=\"glyphicon glyphicon-calendar\"><\/span> <time datetime=\"2025-12-23T12:30:19+01:00\">23 d\u00e9cembre 2025<\/time><\/span><span class=\"author\"><span class=\"glyphicon glyphicon-user\"><\/span> <a href=\"https:\/\/le-clairon-nouveau.fr\/wordpress\/blog\/author\/hubert\/\" rel=\"author\">Hubert Reys<\/a><\/span><span class=\"comments-link\"><span class=\"glyphicon glyphicon-comment\"><\/span> <a href=\"https:\/\/le-clairon-nouveau.fr\/wordpress\/blog\/2025\/12\/23\/la-guerre-pour-quoi-pour-qui-contre-qui-comment\/#comments\">Un commentaire <span class=\"screen-reader-text\"> sur La guerre ? Pour quoi, pour qui, contre qui, comment ?<\/span><\/a><\/span><\/div>\n<div class=\"pt-cv-content\">L\u2019UE poss\u00e8de 27 arm\u00e9es diff\u00e9rentes, avec leurs industries et programmes correspondants et souvent concurrents ... <a href=\"https:\/\/le-clairon-nouveau.fr\/wordpress\/blog\/2025\/12\/23\/la-guerre-pour-quoi-pour-qui-contre-qui-comment\/\" class=\"pt-cv-window pt-cv-readmore pt-cv-textlink\" target=\"pt-cv-window\" data-width=\"1200\" data-height=\"600\" data-iw=\"150\" data-ih=\"150\">Lire la suite<\/a><\/div><\/div><\/div>\n<div class=\"col-md-12 col-sm-12 col-xs-12 pt-cv-content-item pt-cv-2-col\"  data-pid=\"32692\"><div class='pt-cv-ifield'><a href=\"https:\/\/le-clairon-nouveau.fr\/wordpress\/blog\/2025\/12\/23\/chronique-dune-emancipation-citoyenne\/\" class=\"pt-cv-window pt-cv-href-thumbnail pt-cv-thumb-left cvp-responsive-image img-shadow\" target=\"pt-cv-window\" data-width=\"1200\" data-height=\"600\" data-iw=\"150\" data-ih=\"150\"><img decoding=\"async\" width=\"150\" src=\"https:\/\/i0.wp.com\/le-clairon-nouveau.fr\/wordpress\/wp-content\/uploads\/2025\/12\/forum-lieu-de-la-democratieforum-Image-par-Adam-de-Pixabay.jpg?resize=696%2C436&amp;ssl=1\" class=\"pt-cv-thumbnail img-shadow pull-left cvp-substitute no-lazyload \" alt=\"Chronique d\u2019une \u00e9mancipation citoyenne\" title=\"\" data-no-lazy=\"1\" \/><\/a>\n<h4 class=\"pt-cv-title\"><a href=\"https:\/\/le-clairon-nouveau.fr\/wordpress\/blog\/2025\/12\/23\/chronique-dune-emancipation-citoyenne\/\" class=\"pt-cv-window\" target=\"pt-cv-window\" data-width=\"1200\" data-height=\"600\" data-iw=\"150\" data-ih=\"150\">Chronique d\u2019une \u00e9mancipation citoyenne<\/a><\/h4>\n<div class=\"pt-cv-meta-fields\"><span class=\"entry-date\"><span class=\"glyphicon glyphicon-calendar\"><\/span> <time datetime=\"2025-12-23T12:30:52+01:00\">23 d\u00e9cembre 2025<\/time><\/span><span class=\"author\"><span class=\"glyphicon glyphicon-user\"><\/span> <a href=\"https:\/\/le-clairon-nouveau.fr\/wordpress\/blog\/author\/redact\/\" rel=\"author\">La R\u00e9daction du Clairon de l'Atax<\/a><\/span><span class=\"comments-link\"><span class=\"glyphicon glyphicon-comment\"><\/span> <a href=\"https:\/\/le-clairon-nouveau.fr\/wordpress\/blog\/2025\/12\/23\/chronique-dune-emancipation-citoyenne\/#respond\">Aucun commentaire<span class=\"screen-reader-text\"> sur Chronique d\u2019une \u00e9mancipation citoyenne<\/span><\/a><\/span><\/div>\n<div class=\"pt-cv-content\">Cinquante-cinq ans apr\u00e8s l'irruption novatrice d'Hubert Mouly, la boucle est bouvl\u00e9e ! \"Nouveau Narbonne\" est devenue cette baronnie immobile, convaincue d\u2019\u00eatre d\u00e9positaire d\u2019un droit divin et us\u00e9e par le pouvoir ... <a href=\"https:\/\/le-clairon-nouveau.fr\/wordpress\/blog\/2025\/12\/23\/chronique-dune-emancipation-citoyenne\/\" class=\"pt-cv-window pt-cv-readmore pt-cv-textlink\" target=\"pt-cv-window\" data-width=\"1200\" data-height=\"600\" data-iw=\"150\" data-ih=\"150\">Lire la suite<\/a><\/div><\/div><\/div><\/div><\/div><\/div>\t\t\t<style type=\"text\/css\" id=\"pt-cv-inline-style-c1762136cq\">#pt-cv-view-baca4edq5w.pt-cv-post-border { margin: 0; border-top-width: 1px; border-left-width: 1px }\n#pt-cv-view-baca4edq5w.pt-cv-post-border { margin: 0; border-top-style: solid; border-left-style: solid }\n#pt-cv-view-baca4edq5w.pt-cv-post-border { margin: 0; border-top-color: rgba(221,194,150,0.37); border-left-color: rgba(221,194,150,0.37) }\n#pt-cv-view-baca4edq5w.pt-cv-post-border .pt-cv-content-item   { border-right-width: 1px; border-bottom-width: 1px; border-right-style: solid; border-bottom-style: solid; border-right-color: rgba(221,194,150,0.37); border-bottom-color: rgba(221,194,150,0.37); }\n#pt-cv-view-baca4edq5w .pt-cv-title a, #pt-cv-view-baca4edq5w  .panel-title { font-weight: 600 !important; }\n#pt-cv-view-baca4edq5w .pt-cv-readmore  { color: #dd3333 !important; font-weight: 600 !important; }\n#pt-cv-view-baca4edq5w .pt-cv-readmore:hover  { color: #ff7a7a !important; font-weight: 600 !important; }\n#pt-cv-view-baca4edq5w  + .pt-cv-pagination-wrapper .pt-cv-more , #pt-cv-view-baca4edq5w  + .pt-cv-pagination-wrapper .pagination .active a { color: #ffffff !important; background-color: #00aeef !important; }\n#pt-cv-gls-baca4edq5w li a   { font-weight: 600 !important; }\n#pt-cv-gls-baca4edq5w li a.pt-active   { color: #fff !important; background-color: #ff5a5f !important; }\n#pt-cv-view-baca4edq5w .cvp-responsive-image[style*=\"background-image\"] { width: 150px; height: 150px; }<\/style>\r\n\t\t\t<\/p>\n<\/div><\/div><\/div><\/div><\/div><script type=\"text\/javascript\"> var tt_store_content = \"\\<p style\\='text\\-align\\: center;'\\>\\<span style\\='font\\-size\\: 14pt;'\\>\\<strong\\>T\\<\\\/strong\\>raitement\\<strong\\> D\\<\\\/strong\\>es\\<strong\\> N\\<\\\/strong\\>itrates\\<strong\\> \\(<span class='tooltipsall tooltip_post_id_3610 classtoolTips37'>TDN<\/span>\\)<br\/>TH\\<\\\/strong\\>ermal\\<strong\\> O\\<\\\/strong\\>rganic\\<strong\\> R\\<\\\/strong\\>eduction\\<strong\\> \\(<span class='tooltipsall tooltip_post_id_3610 classtoolTips37'>THOR<\/span>\\)\\<\\\/strong\\>\\<\\\/span\\>\\<\\\/p\\><br\/>\\<p style\\='text\\-align\\: justify;'\\>Proc\u00e9d\u00e9 envisag\u00e9 par la soci\u00e9t\u00e9 AREVA pour retraiter les d\u00e9chets nitrat\u00e9s et radio\\-actifs issus de son activit\u00e9 d'enrichissement de l'uranium, phase I de la pr\u00e9paration du combustible des centrales nucl\u00e9aires\\.\\<\\\/p\\><br\/>\\<p style\\='text\\-align\\: justify;'\\>Cette activit\u00e9 est mise en \u0153uvre dans l'usine de Malv\u00e9si \u00e0 quelques kilom\u00e8tres de Narbonne\\.\\<\\\/p\\><br\/>\\<p style\\='text\\-align\\: justify;'\\>Ce proc\u00e9d\u00e9, potentiellement tr\u00e8s toxique pour la sant\u00e9 et l'environnement, est au centre d'une vive opposition de la part des riverains et \u00e0 laquelle le Clairon s'associe \\(\\<a href\\='https\\:\\\/\\\/le\\-clairon\\-nouveau\\.fr\\\/wordpress\\\/dossiers\\\/dossier\\-malvesi\\-areva\\\/' target\\='_blank' rel\\='noopener'\\>voir notre dossier\\<\\\/a\\> sur le sujet\\)\\.\\<\\\/p\\>\"; toolTips('.classtoolTips37',tt_store_content,'3610'); <\/script><script type=\"text\/javascript\"> var tt_store_content = \"\\<p style\\='text\\-align\\: center;'\\>\\<span style\\='font\\-size\\: 14pt;'\\>\\<strong\\>C\\<\\\/strong\\>entre \\<strong\\>C\\<\\\/strong\\>ommunal d'\\<strong\\>A\\<\\\/strong\\>ction \\<strong\\>S\\<\\\/strong\\>ociale\\<\\\/span\\>\\<\\\/p\\><br\/>\\<p style\\='text\\-align\\: justify;'\\>Un centre communal d'action sociale \\(<span class='tooltipsall tooltip_post_id_18100 classtoolTips132'>CCAS<\/span>\\) est, en France, un \u00e9tablissement public administr\u00e9 par un conseil d'administration pr\u00e9sid\u00e9 par le maire de la commune\\. Il a pour mission d'animer une action g\u00e9n\u00e9rale de pr\u00e9vention et de d\u00e9veloppement social au sein de la commune en liaison \u00e9troite avec les institutions publiques et priv\u00e9es\\<\\\/p\\>\"; toolTips('.classtoolTips132',tt_store_content,'18100'); <\/script><script type=\"text\/javascript\"> var tt_store_content = \"\\<p\\><span class='tooltipsall tooltip_post_id_19394 classtoolTips134'>SAGE<\/span> \\= \\<span class\\='st'\\> sch\u00e9ma d'am\u00e9nagement et de gestion de l'eau\\<\\\/span\\> , c'est un outil de planification qui concerne l'ensemble des eaux situ\u00e9es dans un bassin versant\\<\\\/p\\>\"; toolTips('.classtoolTips134',tt_store_content,'19394'); <\/script><script type=\"text\/javascript\"> var tt_store_content = \"\\<p style\\='text\\-align\\: center;'\\>\\<strong\\>\\<span style\\='font\\-size\\: 14pt;'\\>S\\<\\\/span\\>\\<\\\/strong\\>\\<span style\\='font\\-size\\: 14pt;'\\>oci\u00e9t\u00e9 d'\\<strong\\>\u00c9\\<\\\/strong\\>conomie \\<strong\\>M\\<\\\/strong\\>ixte\\<\\\/span\\>\\<\\\/p\\><br\/>\\<p style\\='text\\-align\\: justify;'\\>En France, une soci\u00e9t\u00e9 d'\u00e9conomie mixte est une soci\u00e9t\u00e9 anonyme dont le capital est majoritairement d\u00e9tenu par une ou plusieurs personnes publiques \\(\u00e0 savoir l'\u00c9tat, une Collectivit\u00e9 territoriale, ou tout autre \u00c9tablissement public\\)\\. Cette participation majoritaire publique est plafonn\u00e9e \u00e0 85&nbsp;% du capital depuis la Loi du 2 janvier 2002\\. Au moins une personne priv\u00e9e doit participer au capital de la <span class='tooltipsall tooltip_post_id_7168 classtoolTips142'>SEM<\/span>, sachant qu'il peut s'agir d'une autre SEM\\.\\<\\\/p\\><br\/>\\<p style\\='text\\-align\\: justify;'\\>\\<strong\\>Le recours \u00e0 la SEM garantit\\<\\\/strong\\> \u00e0 la collectivit\u00e9 publique actionnaire et cocontractante \\<strong\\>la prise en compte effective de l'int\u00e9r\u00eat g\u00e9n\u00e9ral\\<\\\/strong\\> dans les objectifs de l'entreprise \\<strong\\>et la souplesse de la soci\u00e9t\u00e9 de droit priv\u00e9\\<\\\/strong\\>\\.\\<\\\/p\\><br\/>\\<em\\>\\<a href\\='https\\:\\\/\\\/fr\\.wikipedia\\.org\\\/wiki\\\/Soci%C3%A9t%C3%A9_d%27%C3%A9conomie_mixte' target\\='_blank' rel\\='noopener'\\>Voir ici la page Wikipedia consacr\u00e9e aux SEM\\<\\\/a\\> \\<\\\/em\\><br\/><br\/>&nbsp;\"; toolTips('.classtoolTips142',tt_store_content,'7168'); <\/script><script type=\"text\/javascript\"> var tt_store_content = \"\\<p style\\='text\\-align\\: center;'\\>\\<span style\\='font\\-size\\: 14pt;'\\>\\<strong\\>I\\<\\\/strong\\>mp\u00f4t sur la \\<strong\\>F\\<\\\/strong\\>ortune \\<strong\\>I\\<\\\/strong\\>mmobili\u00e8re\\<\\\/span\\>\\<\\\/p\\>\"; toolTips('.classtoolTips148',tt_store_content,'5643'); <\/script><script type=\"text\/javascript\"> var tt_store_content = \"\\<p style\\='text\\-align\\: center;'\\>\\<span style\\='font\\-size\\: 14pt;'\\>\\<strong\\>R\\<\\\/strong\\>\u00e9pertoire \\<strong\\>N\\<\\\/strong\\>ational des \\<strong\\>A\\<\\\/strong\\>ssociations\\<\\\/span\\>\\<\\\/p\\>\"; toolTips('.classtoolTips159',tt_store_content,'24374'); <\/script><script type=\"text\/javascript\"> var tt_store_content = \"\\<p style\\='text\\-align\\: center;'\\>\\<strong\\>\\<span style\\='font\\-size\\: 14pt;'\\>G\\<\\\/span\\>\\<\\\/strong\\>\\<span style\\='font\\-size\\: 14pt;'\\>az \u00e0 \\<strong\\>E\\<\\\/strong\\>ffet de \\<strong\\>S\\<\\\/strong\\>erre\\<\\\/span\\>\\<\\\/p\\><br\/>\\<p style\\='text\\-align\\: justify;'\\>Les gaz \u00e0 effet de serre \\(GES\\) sont des composants gazeux qui absorbent le rayonnement infrarouge \u00e9mis par la surface terrestre et contribuent \u00e0 l'effet de serre\\. L'augmentation de leur concentration dans l'atmosph\u00e8re terrestre est l'un des facteurs \u00e0 l'origine du r\u00e9chauffement climatique\\.\\<\\\/p\\><br\/>\\<a href\\='https\\:\\\/\\\/fr\\.wikipedia\\.org\\\/wiki\\\/Gaz_%C3%A0_effet_de_serre' target\\='_blank' rel\\='noopener'\\>\\<em\\>Voir ici la fiche Wikipedia sur les gaz \u00e0 effet de serre\\<\\\/em\\>\\<\\\/a\\>\"; toolTips('.classtoolTips161',tt_store_content,'7232'); <\/script><script type=\"text\/javascript\"> var tt_store_content = \"\\<p style\\='text\\-align\\: justify'\\>La \u00ab\u00a0\\<b\\>programmation pluriannuelle de l'\u00e9nergie\\<\\\/b\\>\u00a0\u00bb \\(<span class='tooltipsall tooltip_post_id_7750 classtoolTips164'>PPE<\/span>\\) est, en France, un document strat\u00e9gique de pilotage de la transition \u00e9nerg\u00e9tique\\. Institu\u00e9e par l'article 176 de la \\<a title\\='Loi relative \u00e0 la transition \u00e9nerg\u00e9tique pour la croissance verte' href\\='https\\:\\\/\\\/fr\\.wikipedia\\.org\\\/wiki\\\/Loi_relative_%C3%A0_la_transition_%C3%A9nerg%C3%A9tique_pour_la_croissance_verte'\\>loi de transition \u00e9nerg\u00e9tique\\<\\\/a\\> \\(TECV\\), elle fixe une trajectoire pour le \\<a title\\='Mix \u00e9nerg\u00e9tique' href\\='https\\:\\\/\\\/fr\\.wikipedia\\.org\\\/wiki\\\/Mix_%C3%A9nerg%C3%A9tique'\\>mix \u00e9nerg\u00e9tique\\<\\\/a\\>, ainsi que \\<span class\\='citation'\\>\u00ab\u00a0les priorit\u00e9s d'action pour la gestion de l\u2019ensemble des formes d'\u00e9nergie sur le territoire m\u00e9tropolitain continental, afin d\u2019atteindre les objectifs nationaux fix\u00e9s par la loi\u00a0\u00bb\\<\\\/span\\>\\. \\(Wikip\u00e9dia\\)\\<\\\/p\\>\"; toolTips('.classtoolTips164',tt_store_content,'7750'); <\/script><script type=\"text\/javascript\"> var tt_store_content = \"\\<p style\\='text\\-align\\: justify'\\>La \u00ab\u00a0\\<b\\>programmation pluriannuelle de l'\u00e9nergie\\<\\\/b\\>\u00a0\u00bb \\(PPE\\) est, en France, un document strat\u00e9gique de pilotage de la transition \u00e9nerg\u00e9tique\\. Institu\u00e9e par l'article 176 de la \\<a title\\='Loi relative \u00e0 la transition \u00e9nerg\u00e9tique pour la croissance verte' href\\='https\\:\\\/\\\/fr\\.wikipedia\\.org\\\/wiki\\\/Loi_relative_%C3%A0_la_transition_%C3%A9nerg%C3%A9tique_pour_la_croissance_verte'\\>loi de transition \u00e9nerg\u00e9tique\\<\\\/a\\> \\(TECV\\), elle fixe une trajectoire pour le \\<a title\\='Mix \u00e9nerg\u00e9tique' href\\='https\\:\\\/\\\/fr\\.wikipedia\\.org\\\/wiki\\\/Mix_%C3%A9nerg%C3%A9tique'\\>mix \u00e9nerg\u00e9tique\\<\\\/a\\>, ainsi que \\<span class\\='citation'\\>\u00ab\u00a0les priorit\u00e9s d'action pour la gestion de l\u2019ensemble des formes d'\u00e9nergie sur le territoire m\u00e9tropolitain continental, afin d\u2019atteindre les objectifs nationaux fix\u00e9s par la loi\u00a0\u00bb\\<\\\/span\\>\\. \\(Wikip\u00e9dia\\)\\<\\\/p\\>\"; toolTips('.classtoolTips164',tt_store_content,'7750'); <\/script><script type=\"text\/javascript\"> var tt_store_content = \"\\<p style\\='text\\-align\\: justify;'\\>Le Conseil d'Orientation des Retraites est une instance qui r\u00e9unit &nbsp;\\<span class\\='st'\\>les principaux acteurs du champ des retraites\\<\\\/span\\> et effectue un travail d'\u00e9tudes et de concertation\\. Compos\u00e9 de parlementaires, de repr\u00e9sentants des organisations professionnelles et syndicales, des retrait\u00e9s et des familles, de membres de l'administration et d'experts, le Conseil d'orientation des retraites \\(<span class='tooltipsall tooltip_post_id_7751 classtoolTips165'>COR<\/span>\\) est plac\u00e9 aupr\u00e8s du Premier ministre\\.\\<\\\/p\\>\"; toolTips('.classtoolTips165',tt_store_content,'7751'); <\/script><script type=\"text\/javascript\"> var tt_store_content = \"\\<p style\\='text\\-align\\: center;'\\>\\<span style\\='font\\-size\\: 14pt;'\\>\\<strong\\>O\\<\\\/strong\\>rganisation \\<strong\\>M\\<\\\/strong\\>\u00e9t\u00e9orologique \\<strong\\>M\\<\\\/strong\\>ondiale<br\/>\\<strong\\>W\\<\\\/strong\\>orld \\<strong\\>M\\<\\\/strong\\>eteorological \\<strong\\>O\\<\\\/strong\\>rganization\\<\\\/span\\>\\<\\\/p\\><br\/>&nbsp;<br\/><br\/>\\<a href\\='https\\:\\\/\\\/public\\.wmo\\.int\\\/fr' target\\='_blank' rel\\='noopener'\\>\\<em\\>Acc\u00e9der ici au site de l'organisation\\<\\\/em\\>\\<\\\/a\\>\"; toolTips('.classtoolTips168',tt_store_content,'7763'); <\/script><script type=\"text\/javascript\"> var tt_store_content = \"\\<p style\\='text\\-align\\: center;'\\>\\<span style\\='font\\-size\\: 14pt;'\\>\\<strong\\>\u00c9\\<\\\/strong\\>cole \\<strong\\>N\\<\\\/strong\\>ationale d'\\<strong\\>A\\<\\\/strong\\>dministration\\<\\\/span\\>\\<\\\/p\\>\"; toolTips('.classtoolTips170',tt_store_content,'5213'); <\/script><script type=\"text\/javascript\"> var tt_store_content = \"\\<p style\\='text\\-align\\: justify'\\>\\<span class\\='ILfuVd'\\>La politique agricole commune \\(\\<b\\><span class='tooltipsall tooltip_post_id_11364 classtoolTips174'>PAC<\/span>\\<\\\/b\\>\\) est une politique mise en place \u00e0 l'\u00e9chelle de l'Union europ\u00e9enne\\. \u00c0 l'origine, elle est fond\u00e9e principalement sur des mesures de contr\u00f4le des prix et de subventionnement, visant \u00e0 moderniser et d\u00e9velopper l'agriculture\\.\\<\\\/span\\> \\(source Wikipedia\\)\\<\\\/p\\>\"; toolTips('.classtoolTips174',tt_store_content,'11364'); <\/script><script type=\"text\/javascript\"> var tt_store_content = \"\\<p style\\='text\\-align\\: center;'\\>\\<span style\\='font\\-size\\: 14pt;'\\>\\<strong\\>P\\<\\\/strong\\>\\<\\\/span\\>\\<span style\\='font\\-size\\: 14pt;'\\>lan \\<strong\\>L\\<\\\/strong\\>\\<\\\/span\\>\\<span style\\='font\\-size\\: 14pt;'\\>ocal d'\\<strong\\>U\\<\\\/strong\\>\\<\\\/span\\>\\<span style\\='font\\-size\\: 14pt;'\\>rbanisme\\<\\\/span\\>\\<\\\/p\\><br\/>&nbsp;\"; toolTips('.classtoolTips176',tt_store_content,'4979'); <\/script><script type=\"text\/javascript\"> var tt_store_content = \"\\<p\\>Conseil \u00c9conomique et Social\\<\\\/p\\>\"; toolTips('.classtoolTips180',tt_store_content,'29829'); <\/script><script type=\"text\/javascript\"> var tt_store_content = \"\\<p style\\='text\\-align\\: center;'\\>\\<span style\\='font\\-size\\: 14pt;'\\>\\<strong\\>G\\<\\\/strong\\>roupement \\<strong\\>H\\<\\\/strong\\>ospitalier de \\<strong\\>T\\<\\\/strong\\>erritoire\\<\\\/span\\>\\<\\\/p\\><br\/>\\<p style\\='text\\-align\\: justify;'\\>Les groupements hospitaliers de territoires, dispositif pr\u00e9vu par la loi de sant\u00e9 2016, sont un nouveau mode de coop\u00e9ration entre les \u00e9tablissements publics de sant\u00e9 \u00e0 l\u2019\u00e9chelle d\u2019un territoire\\<\\\/p\\>\"; toolTips('.classtoolTips189',tt_store_content,'18358'); <\/script><script type=\"text\/javascript\"> var tt_store_content = \"\\<p style\\='text\\-align\\: center;'\\>\\<span style\\='font\\-size\\: 14pt;'\\>\\<strong\\>C\\<\\\/strong\\>omit\u00e9 \\<strong\\>T\\<\\\/strong\\>echnique d'\\<strong\\>\u00c9\\<\\\/strong\\>tablissement\\<\\\/span\\>\\<\\\/p\\>\"; toolTips('.classtoolTips191',tt_store_content,'18359'); <\/script><script type=\"text\/javascript\"> var tt_store_content = \"\\<p style\\='text\\-align\\: center;'\\>\\<strong\\>\\<span style\\='font\\-size\\: 14pt;'\\>P\\<\\\/span\\>\\<\\\/strong\\>\\<span style\\='font\\-size\\: 14pt;'\\>rogrammation \\<strong\\>P\\<\\\/strong\\>luri\\-annuelle de l'\\<strong\\>\u00c9\\<\\\/strong\\>nergie\\<\\\/span\\>\\<\\\/p\\><br\/>La PPE est est en France un document strat\u00e9gique de pilotage de la transition \u00e9nerg\u00e9tique\\. Institu\u00e9e par l'article 176 de la loi transition \u00e9nerg\u00e9tique \\(TECV\\)\\. Elle fixe \\(par \u00e9nergie\\) une trajectoire pour le mix \u00e9nerg\u00e9tique, ainsi que \u00ab&nbsp;\\<em\\>les priorit\u00e9s d'action pour la gestion de l\u2019ensemble des formes d'\u00e9nergie sur le territoire m\u00e9tropolitain continental, afin d\u2019atteindre les objectifs nationaux fix\u00e9s par la loi\\<\\\/em\\>&nbsp;\u00bb\\.<br\/><br\/>Initi\u00e9e en 2016, elle est r\u00e9vis\u00e9e en 2018 puis ensuite tous les 5 ans\\.<br\/><br\/>\\<a href\\='https\\:\\\/\\\/fr\\.wikipedia\\.org\\\/wiki\\\/Programmation_pluriannuelle_de_l'\u00e9nergi' target\\='_blank' rel\\='noopener'\\>\\<em\\>Voir ici la page Wikipedia consacr\u00e9e \u00e0 la PPE\\<\\\/em\\>\\<\\\/a\\><br\/>\\<a href\\='https\\:\\\/\\\/ppe\\.debatpublic\\.fr\\\/' target\\='_blank' rel\\='noopener'\\>\\<em\\>Voir ici la page du site 'Commission du D\u00e9bat Public' consacr\u00e9e \u00e0 la PPE\\<\\\/em\\>\\<\\\/a\\>\"; toolTips('.classtoolTips193',tt_store_content,'7102'); <\/script><script type=\"text\/javascript\"> var tt_store_content = \"\\<p style\\='text\\-align\\: center;'\\>\\<span style\\='font\\-size\\: 14pt;'\\>\\<strong\\>E\\<\\\/strong\\>volutionary \\<strong\\>P\\<\\\/strong\\>ower \\<strong\\>R\\<\\\/strong\\>eactor\\<\\\/span\\>\\<\\\/p\\><br\/>\\<p style\\='text\\-align\\: justify;'\\>R\u00e9acteur nucl\u00e9aire de troisi\u00e8me g\u00e9n\u00e9ration \\(classification internationale\\), con\u00e7u et d\u00e9velopp\u00e9 par <span class='tooltipsall tooltip_post_id_5121 classtoolTips35'>Areva NP<\/span>&nbsp; au cours des ann\u00e9es 1990 et 2000\\. Il fait partie de la fili\u00e8re des r\u00e9acteurs \u00e0 eau pressuris\u00e9e\\.\\<\\\/p\\><br\/>\\<a href\\='https\\:\\\/\\\/fr\\.wikipedia\\.org\\\/wiki\\\/R%C3%A9acteur_pressuris%C3%A9_europ%C3%A9en' target\\='_blank' rel\\='noopener'\\>\\<em\\>Voir ici la fiche Wikipedia <span class='tooltipsall tooltip_post_id_5579 classtoolTips196'>EPR<\/span>\\<\\\/em\\>\\<\\\/a\\>\"; toolTips('.classtoolTips196',tt_store_content,'5579'); <\/script><script type=\"text\/javascript\"> var tt_store_content = \"\\<p\\><span class='tooltipsall tooltip_post_id_25844 classtoolTips208'>RTE<\/span> \\= R\u00e9seau de Transport d'Electricit\u00e9 est une filiale d'<span class='tooltipsall tooltip_post_id_7035 classtoolTips178'>EDF<\/span> qui est l'actionnaire majoritaire avec 50,1% des parts le reste \u00e9tant partag\u00e9 par la CDC et la CNP\\<\\\/p\\>\"; toolTips('.classtoolTips208',tt_store_content,'25844'); <\/script><script type=\"text\/javascript\"> var tt_store_content = \"\\<p style\\='text\\-align\\: center;'\\>\\<span style\\='font\\-size\\: 14pt;'\\>\\<strong\\>O\\<\\\/strong\\>rganisation\\<strong\\> N\\<\\\/strong\\>on\\<strong\\> G\\<\\\/strong\\>ouvernementale\\<\\\/span\\>\\<\\\/p\\><br\/>Une organisation non gouvernementale \\(ONG\\) est une \\<a title\\='Association \u00e0 but non lucratif' href\\='https\\:\\\/\\\/fr\\.wikipedia\\.org\\\/wiki\\\/Association_%C3%A0_but_non_lucratif' target\\='_blank' rel\\='noopener'\\>association \u00e0 but non lucratif\\<\\\/a\\>, d'int\u00e9r\u00eat public, qui ne rel\u00e8ve ni de l'\u00c9tat, ni d'institutions internationales\\<sup id\\='cite_ref\\-novethic_1\\-0' class\\='reference'\\>\\<\\\/sup\\>\\. Les ONG n'ont pas le statut de sujet de \\<a title\\='Droit international public' href\\='https\\:\\\/\\\/fr\\.wikipedia\\.org\\\/wiki\\\/Droit_international_public' target\\='_blank' rel\\='noopener'\\>droit international\\<\\\/a\\>\\.\"; toolTips('.classtoolTips210',tt_store_content,'3579'); <\/script><script type=\"text\/javascript\"> var tt_store_content = \"\\<p style\\='text\\-align\\: center;'\\>\\<span style\\='font\\-size\\: 14pt;'\\>\\<strong\\>O\\<\\\/strong\\>rganisation\\<strong\\> N\\<\\\/strong\\>on\\<strong\\> G\\<\\\/strong\\>ouvernementale\\<\\\/span\\>\\<\\\/p\\><br\/>Une organisation non gouvernementale \\(ONG\\) est une \\<a title\\='Association \u00e0 but non lucratif' href\\='https\\:\\\/\\\/fr\\.wikipedia\\.org\\\/wiki\\\/Association_%C3%A0_but_non_lucratif' target\\='_blank' rel\\='noopener'\\>association \u00e0 but non lucratif\\<\\\/a\\>, d'int\u00e9r\u00eat public, qui ne rel\u00e8ve ni de l'\u00c9tat, ni d'institutions internationales\\<sup id\\='cite_ref\\-novethic_1\\-0' class\\='reference'\\>\\<\\\/sup\\>\\. Les ONG n'ont pas le statut de sujet de \\<a title\\='Droit international public' href\\='https\\:\\\/\\\/fr\\.wikipedia\\.org\\\/wiki\\\/Droit_international_public' target\\='_blank' rel\\='noopener'\\>droit international\\<\\\/a\\>\\.\"; toolTips('.classtoolTips210',tt_store_content,'3579'); <\/script><script type=\"text\/javascript\"> var tt_store_content = \"\\<p\\><span class='tooltipsall tooltip_post_id_24572 classtoolTips211'>MIT<\/span> \\= Massachussets Institute of Technology, prestigieuse universit\u00e9 am\u00e9ricaine de la c\u00f4te est\\<\\\/p\\>\"; toolTips('.classtoolTips211',tt_store_content,'24572'); <\/script><script type=\"text\/javascript\"> var tt_store_content = \"\\<p\\>d\u00e9chets \u00e0 Vie Courte \\(classement <span class='tooltipsall tooltip_post_id_3612 classtoolTips79'>ANDRA<\/span>\\)\\<\\\/p\\>\"; toolTips('.classtoolTips212',tt_store_content,'19201'); <\/script><script type=\"text\/javascript\"> var tt_store_content = \"\\<p\\>RN \\= Rassemble National, c'est le parti d'extr\u00eame droite de Marine Le Pen qui succ\u00e8de au FN \\= Front National fond\u00e9 par son p\u00e8re Jean Marie Le Pen\\<\\\/p\\>\"; toolTips('.classtoolTips214',tt_store_content,'30593'); <\/script><script type=\"text\/javascript\"> var tt_store_content = \"<div class='tooltips_youtube_class' ><iframe width='100%' height='100%' src='http:\/\/www.youtube.com\/embed\/terawatt?rel=0&autoplay=1' frameborder='0' allowfullscreen><\/iframe><\/div>\\<p\\>\\<strong\\>TERAWATT \\(<span class='tooltipsall tooltip_post_id_30105 classtoolTips219'>TW<\/span>\\) \\= 1000 000 000 000 <span class='tooltipsall tooltip_post_id_30101 classtoolTips216'>KW<\/span>\\<\\\/strong\\>\\<\\\/p\\>\"; toolTips('.classtoolTips219',tt_store_content,'30105'); <\/script><script type=\"text\/javascript\"> var tt_store_content = \"\\<p style\\='text\\-align\\: center;'\\>\\<span style\\='font\\-size\\: 14pt;'\\>\\<strong\\>C\\<\\\/strong\\>entre \\<strong\\>H\\<\\\/strong\\>ospitalier\\<\\\/span\\>\\<\\\/p\\>\"; toolTips('.classtoolTips220',tt_store_content,'18357'); <\/script><script type=\"text\/javascript\"> var tt_store_content = \"\\<p style\\='text\\-align\\: center;'\\>\\<span style\\='font\\-size\\: 14pt;'\\>\\<strong\\><span class='tooltipsall tooltip_post_id_21736 classtoolTips222'>nm<\/span> \\= n\\<\\\/strong\\>ano\\<strong\\>m\\<\\\/strong\\>\u00e8tre \\<\\\/span\\>\\<\\\/p\\><br\/>\\<p style\\='text\\-align\\: justify;'\\>\\<em\\>le <span class='tooltipsall tooltip_post_id_21736 classtoolTips222'>nanom\u00e8tre<\/span>, de symbole nm, est une unit\u00e9 de longueur du Syst\u00e8me international\\. C'est un sous\\-multiple du m\u00e8tre, il vaut un milliardi\u00e8me de m\u00e8tre, soit un millioni\u00e8me de millim\u00e8tre\\.\\<\\\/em\\>\\<\\\/p\\><br\/>\\<p style\\='text\\-align\\: center;'\\>\\<strong\\>\\<em\\> 1 nm \\= 10\u207b\u00b3 \u00b5m \\= 10\\<sup\\>\u20136\\<\\\/sup\\> mm \\= 10\\<sup\\>\u20139\\<\\\/sup\\> m\\.\\<\\\/em\\>\\<\\\/strong\\>\\<\\\/p\\>\"; toolTips('.classtoolTips222',tt_store_content,'21736'); <\/script><script type=\"text\/javascript\"> var tt_store_content = \"\\<p\\>D\u00e9chets radioactifs \u00e0 Haute Activit\u00e9 \\(classement ANDRA\\)\\<\\\/p\\>\"; toolTips('.classtoolTips223',tt_store_content,'19196'); <\/script>","protected":false},"excerpt":{"rendered":"<p>Cette page regroupe l&rsquo;ensemble des articles portant sur le th\u00e8me \u00ab\u00a0Changer nos institutions politiques\u00a0\u00bb, initi\u00e9 en novembre 2021, \u00e0 l&rsquo;occasion (mais pas seulement) de la campagne 2022 pour l&rsquo;\u00e9lection du Pr\u00e9sident la R\u00e9publique Fran\u00e7aise. Les articles sont affich\u00e9s dans l&rsquo;ordre chronologique croissant de parution.<script type=\"text\/javascript\"> var tt_store_content = \"\\<\/p>\n<p style\\='text\\-align\\: center;'\\>\\<span style\\='font\\-size\\: 14pt;'\\>\\<strong\\>T\\<\\\/strong\\>raitement\\<strong\\> D\\<\\\/strong\\>es\\<strong\\> N\\<\\\/strong\\>itrates\\<strong\\> \\(<span class='tooltipsall tooltip_post_id_3610 classtoolTips37'>TDN<\/span>\\)<br \/>TH\\<\\\/strong\\>ermal\\<strong\\> O\\<\\\/strong\\>rganic\\<strong\\> R\\<\\\/strong\\>eduction\\<strong\\> \\(<span class='tooltipsall tooltip_post_id_3610 classtoolTips37'>THOR<\/span>\\)\\<\\\/strong\\>\\<\\\/span\\>\\<\\\/p\\><br \/>\\<\/p>\n<p style\\='text\\-align\\: justify;'\\>Proc\u00e9d\u00e9 envisag\u00e9 par la soci\u00e9t\u00e9 AREVA pour retraiter les d\u00e9chets nitrat\u00e9s et radio\\-actifs issus de son activit\u00e9 d'enrichissement de l'uranium, phase I de la pr\u00e9paration du combustible des centrales nucl\u00e9aires\\.\\<\\\/p\\><br \/>\\<\/p>\n<p style\\='text\\-align\\: justify;'\\>Cette activit\u00e9 est mise en \u0153uvre dans l'usine de Malv\u00e9si \u00e0 quelques kilom\u00e8tres de Narbonne\\.\\<\\\/p\\><br \/>\\<\/p>\n<p style\\='text\\-align\\: justify;'\\>Ce proc\u00e9d\u00e9, potentiellement tr\u00e8s toxique pour la sant\u00e9 et l'environnement, est au centre d'une vive opposition de la part des riverains et \u00e0 laquelle le Clairon s'associe \\(\\<a href\\='https\\:\\\/\\\/le\\-clairon\\-nouveau\\.fr\\\/wordpress\\\/dossiers\\\/dossier\\-malvesi\\-areva\\\/' target\\='_blank' rel\\='noopener'\\>voir notre dossier\\<\\\/a\\> sur le sujet\\)\\.\\<\\\/p\\>\"; toolTips('.classtoolTips37',tt_store_content,'3610'); <\/script><script type=\"text\/javascript\"> var tt_store_content = \"\\<\/p>\n<p style\\='text\\-align\\: center;'\\>\\<span style\\='font\\-size\\: 14pt;'\\>\\<strong\\>C\\<\\\/strong\\>entre \\<strong\\>C\\<\\\/strong\\>ommunal d'\\<strong\\>A\\<\\\/strong\\>ction \\<strong\\>S\\<\\\/strong\\>ociale\\<\\\/span\\>\\<\\\/p\\><br \/>\\<\/p>\n<p style\\='text\\-align\\: justify;'\\>Un centre communal d'action sociale \\(<span class='tooltipsall tooltip_post_id_18100 classtoolTips132'>CCAS<\/span>\\) est, en France, un \u00e9tablissement public administr\u00e9 par un conseil d'administration pr\u00e9sid\u00e9 par le maire de la commune\\. Il a pour mission d'animer une action g\u00e9n\u00e9rale de pr\u00e9vention et de d\u00e9veloppement social au sein de la commune en liaison \u00e9troite avec les institutions publiques et priv\u00e9es\\<\\\/p\\>\"; toolTips('.classtoolTips132',tt_store_content,'18100'); <\/script><script type=\"text\/javascript\"> var tt_store_content = \"\\<p\\><span class='tooltipsall tooltip_post_id_19394 classtoolTips134'>SAGE<\/span> \\= \\<span class\\='st'\\> sch\u00e9ma d'am\u00e9nagement et de gestion de l'eau\\<\\\/span\\> , c'est un outil de planification qui concerne l'ensemble des eaux situ\u00e9es dans un bassin versant\\<\\\/p\\>\"; toolTips('.classtoolTips134',tt_store_content,'19394'); <\/script><script type=\"text\/javascript\"> var tt_store_content = \"\\<\/p>\n<p style\\='text\\-align\\: center;'\\>\\<strong\\>\\<span style\\='font\\-size\\: 14pt;'\\>S\\<\\\/span\\>\\<\\\/strong\\>\\<span style\\='font\\-size\\: 14pt;'\\>oci\u00e9t\u00e9 d'\\<strong\\>\u00c9\\<\\\/strong\\>conomie \\<strong\\>M\\<\\\/strong\\>ixte\\<\\\/span\\>\\<\\\/p\\><br \/>\\<\/p>\n<p style\\='text\\-align\\: justify;'\\>En France, une soci\u00e9t\u00e9 d'\u00e9conomie mixte est une soci\u00e9t\u00e9 anonyme dont le capital est majoritairement d\u00e9tenu par une ou plusieurs personnes publiques \\(\u00e0 savoir l'\u00c9tat, une Collectivit\u00e9 territoriale, ou tout autre \u00c9tablissement public\\)\\. Cette participation majoritaire publique est plafonn\u00e9e \u00e0 85&nbsp;% du capital depuis la Loi du 2 janvier 2002\\. Au moins une personne priv\u00e9e doit participer au capital de la <span class='tooltipsall tooltip_post_id_7168 classtoolTips142'>SEM<\/span>, sachant qu'il peut s'agir d'une autre SEM\\.\\<\\\/p\\><br \/>\\<\/p>\n<p style\\='text\\-align\\: justify;'\\>\\<strong\\>Le recours \u00e0 la SEM garantit\\<\\\/strong\\> \u00e0 la collectivit\u00e9 publique actionnaire et cocontractante \\<strong\\>la prise en compte effective de l'int\u00e9r\u00eat g\u00e9n\u00e9ral\\<\\\/strong\\> dans les objectifs de l'entreprise \\<strong\\>et la souplesse de la soci\u00e9t\u00e9 de droit priv\u00e9\\<\\\/strong\\>\\.\\<\\\/p\\><br \/>\\<em\\>\\<a href\\='https\\:\\\/\\\/fr\\.wikipedia\\.org\\\/wiki\\\/Soci%C3%A9t%C3%A9_d%27%C3%A9conomie_mixte' target\\='_blank' rel\\='noopener'\\>Voir ici la page Wikipedia consacr\u00e9e aux SEM\\<\\\/a\\> \\<\\\/em\\><\/p>\n<p>&nbsp;\"; toolTips('.classtoolTips142',tt_store_content,'7168'); <\/script><script type=\"text\/javascript\"> var tt_store_content = \"\\<\/p>\n<p style\\='text\\-align\\: center;'\\>\\<span style\\='font\\-size\\: 14pt;'\\>\\<strong\\>I\\<\\\/strong\\>mp\u00f4t sur la \\<strong\\>F\\<\\\/strong\\>ortune \\<strong\\>I\\<\\\/strong\\>mmobili\u00e8re\\<\\\/span\\>\\<\\\/p\\>\"; toolTips('.classtoolTips148',tt_store_content,'5643'); <\/script><script type=\"text\/javascript\"> var tt_store_content = \"\\<\/p>\n<p style\\='text\\-align\\: center;'\\>\\<span style\\='font\\-size\\: 14pt;'\\>\\<strong\\>R\\<\\\/strong\\>\u00e9pertoire \\<strong\\>N\\<\\\/strong\\>ational des \\<strong\\>A\\<\\\/strong\\>ssociations\\<\\\/span\\>\\<\\\/p\\>\"; toolTips('.classtoolTips159',tt_store_content,'24374'); <\/script><script type=\"text\/javascript\"> var tt_store_content = \"\\<\/p>\n<p style\\='text\\-align\\: center;'\\>\\<strong\\>\\<span style\\='font\\-size\\: 14pt;'\\>G\\<\\\/span\\>\\<\\\/strong\\>\\<span style\\='font\\-size\\: 14pt;'\\>az \u00e0 \\<strong\\>E\\<\\\/strong\\>ffet de \\<strong\\>S\\<\\\/strong\\>erre\\<\\\/span\\>\\<\\\/p\\><br \/>\\<\/p>\n<p style\\='text\\-align\\: justify;'\\>Les gaz \u00e0 effet de serre \\(<span class='tooltipsall tooltip_post_id_7232 classtoolTips161'>GES<\/span>\\) sont des composants gazeux qui absorbent le rayonnement infrarouge \u00e9mis par la surface terrestre et contribuent \u00e0 l'effet de serre\\. L'augmentation de leur concentration dans l'atmosph\u00e8re terrestre est l'un des facteurs \u00e0 l'origine du r\u00e9chauffement climatique\\.\\<\\\/p\\><br \/>\\<a href\\='https\\:\\\/\\\/fr\\.wikipedia\\.org\\\/wiki\\\/Gaz_%C3%A0_effet_de_serre' target\\='_blank' rel\\='noopener'\\>\\<em\\>Voir ici la fiche Wikipedia sur les gaz \u00e0 effet de serre\\<\\\/em\\>\\<\\\/a\\>\"; toolTips('.classtoolTips161',tt_store_content,'7232'); <\/script><script type=\"text\/javascript\"> var tt_store_content = \"\\<\/p>\n<p style\\='text\\-align\\: justify'\\>La \u00ab\u00a0\\<b\\>programmation pluriannuelle de l'\u00e9nergie\\<\\\/b\\>\u00a0\u00bb \\(<span class='tooltipsall tooltip_post_id_7750 classtoolTips164'>PPE<\/span>\\) est, en France, un document strat\u00e9gique de pilotage de la transition \u00e9nerg\u00e9tique\\. Institu\u00e9e par l'article 176 de la \\<a title\\='Loi relative \u00e0 la transition \u00e9nerg\u00e9tique pour la croissance verte' href\\='https\\:\\\/\\\/fr\\.wikipedia\\.org\\\/wiki\\\/Loi_relative_%C3%A0_la_transition_%C3%A9nerg%C3%A9tique_pour_la_croissance_verte'\\>loi de transition \u00e9nerg\u00e9tique\\<\\\/a\\> \\(TECV\\), elle fixe une trajectoire pour le \\<a title\\='Mix \u00e9nerg\u00e9tique' href\\='https\\:\\\/\\\/fr\\.wikipedia\\.org\\\/wiki\\\/Mix_%C3%A9nerg%C3%A9tique'\\>mix \u00e9nerg\u00e9tique\\<\\\/a\\>, ainsi que \\<span class\\='citation'\\>\u00ab\u00a0les priorit\u00e9s d'action pour la gestion de l\u2019ensemble des formes d'\u00e9nergie sur le territoire m\u00e9tropolitain continental, afin d\u2019atteindre les objectifs nationaux fix\u00e9s par la loi\u00a0\u00bb\\<\\\/span\\>\\. \\(Wikip\u00e9dia\\)\\<\\\/p\\>\"; toolTips('.classtoolTips164',tt_store_content,'7750'); <\/script><script type=\"text\/javascript\"> var tt_store_content = \"\\<\/p>\n<p style\\='text\\-align\\: justify'\\>La \u00ab\u00a0\\<b\\>programmation pluriannuelle de l'\u00e9nergie\\<\\\/b\\>\u00a0\u00bb \\(PPE\\) est, en France, un document strat\u00e9gique de pilotage de la transition \u00e9nerg\u00e9tique\\. Institu\u00e9e par l'article 176 de la \\<a title\\='Loi relative \u00e0 la transition \u00e9nerg\u00e9tique pour la croissance verte' href\\='https\\:\\\/\\\/fr\\.wikipedia\\.org\\\/wiki\\\/Loi_relative_%C3%A0_la_transition_%C3%A9nerg%C3%A9tique_pour_la_croissance_verte'\\>loi de transition \u00e9nerg\u00e9tique\\<\\\/a\\> \\(TECV\\), elle fixe une trajectoire pour le \\<a title\\='Mix \u00e9nerg\u00e9tique' href\\='https\\:\\\/\\\/fr\\.wikipedia\\.org\\\/wiki\\\/Mix_%C3%A9nerg%C3%A9tique'\\>mix \u00e9nerg\u00e9tique\\<\\\/a\\>, ainsi que \\<span class\\='citation'\\>\u00ab\u00a0les priorit\u00e9s d'action pour la gestion de l\u2019ensemble des formes d'\u00e9nergie sur le territoire m\u00e9tropolitain continental, afin d\u2019atteindre les objectifs nationaux fix\u00e9s par la loi\u00a0\u00bb\\<\\\/span\\>\\. \\(Wikip\u00e9dia\\)\\<\\\/p\\>\"; toolTips('.classtoolTips164',tt_store_content,'7750'); <\/script><script type=\"text\/javascript\"> var tt_store_content = \"\\<\/p>\n<p style\\='text\\-align\\: justify;'\\>Le Conseil d'Orientation des Retraites est une instance qui r\u00e9unit &nbsp;\\<span class\\='st'\\>les principaux acteurs du champ des retraites\\<\\\/span\\> et effectue un travail d'\u00e9tudes et de concertation\\. Compos\u00e9 de parlementaires, de repr\u00e9sentants des organisations professionnelles et syndicales, des retrait\u00e9s et des familles, de membres de l'administration et d'experts, le Conseil d'orientation des retraites \\(<span class='tooltipsall tooltip_post_id_7751 classtoolTips165'>COR<\/span>\\) est plac\u00e9 aupr\u00e8s du Premier ministre\\.\\<\\\/p\\>\"; toolTips('.classtoolTips165',tt_store_content,'7751'); <\/script><script type=\"text\/javascript\"> var tt_store_content = \"\\<\/p>\n<p style\\='text\\-align\\: center;'\\>\\<span style\\='font\\-size\\: 14pt;'\\>\\<strong\\>O\\<\\\/strong\\>rganisation \\<strong\\>M\\<\\\/strong\\>\u00e9t\u00e9orologique \\<strong\\>M\\<\\\/strong\\>ondiale<br \/>\\<strong\\>W\\<\\\/strong\\>orld \\<strong\\>M\\<\\\/strong\\>eteorological \\<strong\\>O\\<\\\/strong\\>rganization\\<\\\/span\\>\\<\\\/p\\><br \/>&nbsp;<\/p>\n<p>\\<a href\\='https\\:\\\/\\\/public\\.wmo\\.int\\\/fr' target\\='_blank' rel\\='noopener'\\>\\<em\\>Acc\u00e9der ici au site de l'organisation\\<\\\/em\\>\\<\\\/a\\>\"; toolTips('.classtoolTips168',tt_store_content,'7763'); <\/script><script type=\"text\/javascript\"> var tt_store_content = \"\\<\/p>\n<p style\\='text\\-align\\: center;'\\>\\<span style\\='font\\-size\\: 14pt;'\\>\\<strong\\>\u00c9\\<\\\/strong\\>cole \\<strong\\>N\\<\\\/strong\\>ationale d'\\<strong\\>A\\<\\\/strong\\>dministration\\<\\\/span\\>\\<\\\/p\\>\"; toolTips('.classtoolTips170',tt_store_content,'5213'); <\/script><script type=\"text\/javascript\"> var tt_store_content = \"\\<\/p>\n<p style\\='text\\-align\\: justify'\\>\\<span class\\='ILfuVd'\\>La politique agricole commune \\(\\<b\\><span class='tooltipsall tooltip_post_id_11364 classtoolTips174'>PAC<\/span>\\<\\\/b\\>\\) est une politique mise en place \u00e0 l'\u00e9chelle de l'Union europ\u00e9enne\\. \u00c0 l'origine, elle est fond\u00e9e principalement sur des mesures de contr\u00f4le des prix et de subventionnement, visant \u00e0 moderniser et d\u00e9velopper l'agriculture\\.\\<\\\/span\\> \\(source Wikipedia\\)\\<\\\/p\\>\"; toolTips('.classtoolTips174',tt_store_content,'11364'); <\/script><script type=\"text\/javascript\"> var tt_store_content = \"\\<\/p>\n<p style\\='text\\-align\\: center;'\\>\\<span style\\='font\\-size\\: 14pt;'\\>\\<strong\\>P\\<\\\/strong\\>\\<\\\/span\\>\\<span style\\='font\\-size\\: 14pt;'\\>lan \\<strong\\>L\\<\\\/strong\\>\\<\\\/span\\>\\<span style\\='font\\-size\\: 14pt;'\\>ocal d'\\<strong\\>U\\<\\\/strong\\>\\<\\\/span\\>\\<span style\\='font\\-size\\: 14pt;'\\>rbanisme\\<\\\/span\\>\\<\\\/p\\><br \/>&nbsp;\"; toolTips('.classtoolTips176',tt_store_content,'4979'); <\/script><script type=\"text\/javascript\"> var tt_store_content = \"\\<p\\>Conseil \u00c9conomique et Social\\<\\\/p\\>\"; toolTips('.classtoolTips180',tt_store_content,'29829'); <\/script><script type=\"text\/javascript\"> var tt_store_content = \"\\<\/p>\n<p style\\='text\\-align\\: center;'\\>\\<span style\\='font\\-size\\: 14pt;'\\>\\<strong\\>G\\<\\\/strong\\>roupement \\<strong\\>H\\<\\\/strong\\>ospitalier de \\<strong\\>T\\<\\\/strong\\>erritoire\\<\\\/span\\>\\<\\\/p\\><br \/>\\<\/p>\n<p style\\='text\\-align\\: justify;'\\>Les groupements hospitaliers de territoires, dispositif pr\u00e9vu par la loi de sant\u00e9 2016, sont un nouveau mode de coop\u00e9ration entre les \u00e9tablissements publics de sant\u00e9 \u00e0 l\u2019\u00e9chelle d\u2019un territoire\\<\\\/p\\>\"; toolTips('.classtoolTips189',tt_store_content,'18358'); <\/script><script type=\"text\/javascript\"> var tt_store_content = \"\\<\/p>\n<p style\\='text\\-align\\: center;'\\>\\<span style\\='font\\-size\\: 14pt;'\\>\\<strong\\>C\\<\\\/strong\\>omit\u00e9 \\<strong\\>T\\<\\\/strong\\>echnique d'\\<strong\\>\u00c9\\<\\\/strong\\>tablissement\\<\\\/span\\>\\<\\\/p\\>\"; toolTips('.classtoolTips191',tt_store_content,'18359'); <\/script><script type=\"text\/javascript\"> var tt_store_content = \"\\<\/p>\n<p style\\='text\\-align\\: center;'\\>\\<strong\\>\\<span style\\='font\\-size\\: 14pt;'\\>P\\<\\\/span\\>\\<\\\/strong\\>\\<span style\\='font\\-size\\: 14pt;'\\>rogrammation \\<strong\\>P\\<\\\/strong\\>luri\\-annuelle de l'\\<strong\\>\u00c9\\<\\\/strong\\>nergie\\<\\\/span\\>\\<\\\/p\\><br \/>La PPE est est en France un document strat\u00e9gique de pilotage de la transition \u00e9nerg\u00e9tique\\. Institu\u00e9e par l'article 176 de la loi transition \u00e9nerg\u00e9tique \\(TECV\\)\\. Elle fixe \\(par \u00e9nergie\\) une trajectoire pour le mix \u00e9nerg\u00e9tique, ainsi que \u00ab&nbsp;\\<em\\>les priorit\u00e9s d'action pour la gestion de l\u2019ensemble des formes d'\u00e9nergie sur le territoire m\u00e9tropolitain continental, afin d\u2019atteindre les objectifs nationaux fix\u00e9s par la loi\\<\\\/em\\>&nbsp;\u00bb\\.<\/p>\n<p>Initi\u00e9e en 2016, elle est r\u00e9vis\u00e9e en 2018 puis ensuite tous les 5 ans\\.<\/p>\n<p>\\<a href\\='https\\:\\\/\\\/fr\\.wikipedia\\.org\\\/wiki\\\/Programmation_pluriannuelle_de_l'\u00e9nergi' target\\='_blank' rel\\='noopener'\\>\\<em\\>Voir ici la page Wikipedia consacr\u00e9e \u00e0 la PPE\\<\\\/em\\>\\<\\\/a\\><br \/>\\<a href\\='https\\:\\\/\\\/ppe\\.debatpublic\\.fr\\\/' target\\='_blank' rel\\='noopener'\\>\\<em\\>Voir ici la page du site 'Commission du D\u00e9bat Public' consacr\u00e9e \u00e0 la PPE\\<\\\/em\\>\\<\\\/a\\>\"; toolTips('.classtoolTips193',tt_store_content,'7102'); <\/script><script type=\"text\/javascript\"> var tt_store_content = \"\\<\/p>\n<p style\\='text\\-align\\: center;'\\>\\<span style\\='font\\-size\\: 14pt;'\\>\\<strong\\>E\\<\\\/strong\\>volutionary \\<strong\\>P\\<\\\/strong\\>ower \\<strong\\>R\\<\\\/strong\\>eactor\\<\\\/span\\>\\<\\\/p\\><br \/>\\<\/p>\n<p style\\='text\\-align\\: justify;'\\>R\u00e9acteur nucl\u00e9aire de troisi\u00e8me g\u00e9n\u00e9ration \\(classification internationale\\), con\u00e7u et d\u00e9velopp\u00e9 par <span class='tooltipsall tooltip_post_id_5121 classtoolTips35'>Areva NP<\/span>&nbsp; au cours des ann\u00e9es 1990 et 2000\\. Il fait partie de la fili\u00e8re des r\u00e9acteurs \u00e0 eau pressuris\u00e9e\\.\\<\\\/p\\><br \/>\\<a href\\='https\\:\\\/\\\/fr\\.wikipedia\\.org\\\/wiki\\\/R%C3%A9acteur_pressuris%C3%A9_europ%C3%A9en' target\\='_blank' rel\\='noopener'\\>\\<em\\>Voir ici la fiche Wikipedia <span class='tooltipsall tooltip_post_id_5579 classtoolTips196'>EPR<\/span>\\<\\\/em\\>\\<\\\/a\\>\"; toolTips('.classtoolTips196',tt_store_content,'5579'); <\/script><script type=\"text\/javascript\"> var tt_store_content = \"\\<p\\><span class='tooltipsall tooltip_post_id_25844 classtoolTips208'>RTE<\/span> \\= R\u00e9seau de Transport d'Electricit\u00e9 est une filiale d'<span class='tooltipsall tooltip_post_id_7035 classtoolTips178'>EDF<\/span> qui est l'actionnaire majoritaire avec 50,1% des parts le reste \u00e9tant partag\u00e9 par la CDC et la CNP\\<\\\/p\\>\"; toolTips('.classtoolTips208',tt_store_content,'25844'); <\/script><script type=\"text\/javascript\"> var tt_store_content = \"\\<\/p>\n<p style\\='text\\-align\\: center;'\\>\\<span style\\='font\\-size\\: 14pt;'\\>\\<strong\\>O\\<\\\/strong\\>rganisation\\<strong\\> N\\<\\\/strong\\>on\\<strong\\> G\\<\\\/strong\\>ouvernementale\\<\\\/span\\>\\<\\\/p\\><br \/>Une organisation non gouvernementale \\(<span class='tooltipsall tooltip_post_id_3579 classtoolTips210'>ONG<\/span>\\) est une \\<a title\\='Association \u00e0 but non lucratif' href\\='https\\:\\\/\\\/fr\\.wikipedia\\.org\\\/wiki\\\/Association_%C3%A0_but_non_lucratif' target\\='_blank' rel\\='noopener'\\>association \u00e0 but non lucratif\\<\\\/a\\>, d'int\u00e9r\u00eat public, qui ne rel\u00e8ve ni de l'\u00c9tat, ni d'institutions internationales\\<sup id\\='cite_ref\\-novethic_1\\-0' class\\='reference'\\>\\<\\\/sup\\>\\. Les ONG n'ont pas le statut de sujet de \\<a title\\='Droit international public' href\\='https\\:\\\/\\\/fr\\.wikipedia\\.org\\\/wiki\\\/Droit_international_public' target\\='_blank' rel\\='noopener'\\>droit international\\<\\\/a\\>\\.\"; toolTips('.classtoolTips210',tt_store_content,'3579'); <\/script><script type=\"text\/javascript\"> var tt_store_content = \"\\<\/p>\n<p style\\='text\\-align\\: center;'\\>\\<span style\\='font\\-size\\: 14pt;'\\>\\<strong\\>O\\<\\\/strong\\>rganisation\\<strong\\> N\\<\\\/strong\\>on\\<strong\\> G\\<\\\/strong\\>ouvernementale\\<\\\/span\\>\\<\\\/p\\><br \/>Une organisation non gouvernementale \\(ONG\\) est une \\<a title\\='Association \u00e0 but non lucratif' href\\='https\\:\\\/\\\/fr\\.wikipedia\\.org\\\/wiki\\\/Association_%C3%A0_but_non_lucratif' target\\='_blank' rel\\='noopener'\\>association \u00e0 but non lucratif\\<\\\/a\\>, d'int\u00e9r\u00eat public, qui ne rel\u00e8ve ni de l'\u00c9tat, ni d'institutions internationales\\<sup id\\='cite_ref\\-novethic_1\\-0' class\\='reference'\\>\\<\\\/sup\\>\\. Les ONG n'ont pas le statut de sujet de \\<a title\\='Droit international public' href\\='https\\:\\\/\\\/fr\\.wikipedia\\.org\\\/wiki\\\/Droit_international_public' target\\='_blank' rel\\='noopener'\\>droit international\\<\\\/a\\>\\.\"; toolTips('.classtoolTips210',tt_store_content,'3579'); <\/script><script type=\"text\/javascript\"> var tt_store_content = \"\\<p\\><span class='tooltipsall tooltip_post_id_24572 classtoolTips211'>MIT<\/span> \\= Massachussets Institute of Technology, prestigieuse universit\u00e9 am\u00e9ricaine de la c\u00f4te est\\<\\\/p\\>\"; toolTips('.classtoolTips211',tt_store_content,'24572'); <\/script><script type=\"text\/javascript\"> var tt_store_content = \"\\<p\\>d\u00e9chets \u00e0 Vie Courte \\(classement <span class='tooltipsall tooltip_post_id_3612 classtoolTips79'>ANDRA<\/span>\\)\\<\\\/p\\>\"; toolTips('.classtoolTips212',tt_store_content,'19201'); <\/script><script type=\"text\/javascript\"> var tt_store_content = \"\\<p\\><span class='tooltipsall tooltip_post_id_30593 classtoolTips214'>RN<\/span> \\= Rassemble National, c'est le parti d'extr\u00eame droite de Marine Le Pen qui succ\u00e8de au FN \\= Front National fond\u00e9 par son p\u00e8re Jean Marie Le Pen\\<\\\/p\\>\"; toolTips('.classtoolTips214',tt_store_content,'30593'); <\/script><script type=\"text\/javascript\"> var tt_store_content = \"<\/p>\n<div class='tooltips_youtube_class' ><iframe width='100%' height='100%' src='http:\/\/www.youtube.com\/embed\/terawatt?rel=0&autoplay=1' frameborder='0' allowfullscreen><\/iframe><\/div>\n<p>\\<p\\>\\<strong\\>TERAWATT \\(<span class='tooltipsall tooltip_post_id_30105 classtoolTips219'>TW<\/span>\\) \\= 1000 000 000 000 <span class='tooltipsall tooltip_post_id_30101 classtoolTips216'>KW<\/span>\\<\\\/strong\\>\\<\\\/p\\>\"; toolTips('.classtoolTips219',tt_store_content,'30105'); <\/script><script type=\"text\/javascript\"> var tt_store_content = \"\\<\/p>\n<p style\\='text\\-align\\: center;'\\>\\<span style\\='font\\-size\\: 14pt;'\\>\\<strong\\>C\\<\\\/strong\\>entre \\<strong\\>H\\<\\\/strong\\>ospitalier\\<\\\/span\\>\\<\\\/p\\>\"; toolTips('.classtoolTips220',tt_store_content,'18357'); <\/script><script type=\"text\/javascript\"> var tt_store_content = \"\\<\/p>\n<p style\\='text\\-align\\: center;'\\>\\<span style\\='font\\-size\\: 14pt;'\\>\\<strong\\><span class='tooltipsall tooltip_post_id_21736 classtoolTips222'>nm<\/span> \\= n\\<\\\/strong\\>ano\\<strong\\>m\\<\\\/strong\\>\u00e8tre \\<\\\/span\\>\\<\\\/p\\><br \/>\\<\/p>\n<p style\\='text\\-align\\: justify;'\\>\\<em\\>le <span class='tooltipsall tooltip_post_id_21736 classtoolTips222'>nanom\u00e8tre<\/span>, de symbole nm, est une unit\u00e9 de longueur du Syst\u00e8me international\\. C'est un sous\\-multiple du m\u00e8tre, il vaut un milliardi\u00e8me de m\u00e8tre, soit un millioni\u00e8me de millim\u00e8tre\\.\\<\\\/em\\>\\<\\\/p\\><br \/>\\<\/p>\n<p style\\='text\\-align\\: center;'\\>\\<strong\\>\\<em\\> 1 nm \\= 10\u207b\u00b3 \u00b5m \\= 10\\<sup\\>\u20136\\<\\\/sup\\> mm \\= 10\\<sup\\>\u20139\\<\\\/sup\\> m\\.\\<\\\/em\\>\\<\\\/strong\\>\\<\\\/p\\>\"; toolTips('.classtoolTips222',tt_store_content,'21736'); <\/script><script type=\"text\/javascript\"> var tt_store_content = \"\\<p\\>D\u00e9chets radioactifs \u00e0 Haute Activit\u00e9 \\(classement ANDRA\\)\\<\\\/p\\>\"; toolTips('.classtoolTips223',tt_store_content,'19196'); <\/script><\/p>\n","protected":false},"author":21,"featured_media":0,"parent":1981,"menu_order":0,"comment_status":"closed","ping_status":"closed","template":"","meta":{"_acf_changed":false,"ngg_post_thumbnail":0,"footnotes":""},"coauthors":[76],"class_list":["post-25476","page","type-page","status-publish","hentry","no-thumb"],"acf":[],"jetpack_sharing_enabled":true,"jetpack_shortlink":"https:\/\/wp.me\/P9B5TM-6CU","_links":{"self":[{"href":"https:\/\/le-clairon-nouveau.fr\/wordpress\/wp-json\/wp\/v2\/pages\/25476","targetHints":{"allow":["GET"]}}],"collection":[{"href":"https:\/\/le-clairon-nouveau.fr\/wordpress\/wp-json\/wp\/v2\/pages"}],"about":[{"href":"https:\/\/le-clairon-nouveau.fr\/wordpress\/wp-json\/wp\/v2\/types\/page"}],"author":[{"embeddable":true,"href":"https:\/\/le-clairon-nouveau.fr\/wordpress\/wp-json\/wp\/v2\/users\/21"}],"replies":[{"embeddable":true,"href":"https:\/\/le-clairon-nouveau.fr\/wordpress\/wp-json\/wp\/v2\/comments?post=25476"}],"version-history":[{"count":0,"href":"https:\/\/le-clairon-nouveau.fr\/wordpress\/wp-json\/wp\/v2\/pages\/25476\/revisions"}],"up":[{"embeddable":true,"href":"https:\/\/le-clairon-nouveau.fr\/wordpress\/wp-json\/wp\/v2\/pages\/1981"}],"wp:attachment":[{"href":"https:\/\/le-clairon-nouveau.fr\/wordpress\/wp-json\/wp\/v2\/media?parent=25476"}],"wp:term":[{"taxonomy":"author","embeddable":true,"href":"https:\/\/le-clairon-nouveau.fr\/wordpress\/wp-json\/wp\/v2\/coauthors?post=25476"}],"curies":[{"name":"wp","href":"https:\/\/api.w.org\/{rel}","templated":true}]}}