{"id":31774,"date":"2025-05-19T10:17:28","date_gmt":"2025-05-19T08:17:28","guid":{"rendered":"https:\/\/le-clairon-nouveau.fr\/wordpress\/?page_id=31774"},"modified":"2025-05-19T10:17:29","modified_gmt":"2025-05-19T08:17:29","slug":"rec-de-veyret","status":"publish","type":"page","link":"https:\/\/le-clairon-nouveau.fr\/wordpress\/pages-visibles\/dossiers\/rec-de-veyret\/","title":{"rendered":"Projet de barrage sur le Rec-de Veyret"},"content":{"rendered":"<div id=\"pl-31774\"  class=\"panel-layout\" ><div id=\"pg-31774-0\"  class=\"panel-grid panel-no-style\" ><div id=\"pgc-31774-0-0\"  class=\"panel-grid-cell\" ><div id=\"panel-31774-0-0-0\" class=\"so-panel widget widget_black-studio-tinymce widget_black_studio_tinymce panel-first-child panel-last-child\" data-index=\"0\" ><div class=\"textwidget\"><p style=\"text-align: justify;\"><span style=\"color: #808080;\"><em>Cette page regroupe l'ensemble des articles diffus\u00e9s par le Clairon et consacr\u00e9s au th\u00e8me du projet de barrage sur le Rec-de -Veyret \u00e0 Narbonne.<\/em><\/span><\/p>\n<p><span style=\"color: #808080;\"><em>Les articles sont affich\u00e9s dans l'ordre chronologique croissant de parution<\/em>.<\/span><\/p>\n<p><div class=\"pt-cv-wrapper\"><div class=\"pt-cv-view pt-cv-grid pt-cv-colsys pt-cv-post-border\" id=\"pt-cv-view-0905d900rx\"><div data-id=\"pt-cv-page-1\" class=\"pt-cv-page\" data-cvc=\"1\"><div class=\"col-md-12 col-sm-12 col-xs-12 pt-cv-content-item pt-cv-2-col\"  data-pid=\"25019\"><div class='pt-cv-ifield'><a href=\"https:\/\/le-clairon-nouveau.fr\/wordpress\/blog\/2021\/07\/23\/les-barrages-de-labsurde\/\" class=\"pt-cv-window pt-cv-href-thumbnail pt-cv-thumb-left cvp-responsive-image img-shadow\" target=\"pt-cv-window\" data-width=\"1200\" data-height=\"600\" data-iw=\"150\" data-ih=\"150\"><img decoding=\"async\" width=\"150\" src=\"https:\/\/i0.wp.com\/le-clairon-nouveau.fr\/wordpress\/wp-content\/uploads\/2021\/07\/barrage-Image-par-jotoya-de-Pixabay.jpg?resize=520%2C346&amp;ssl=1\" class=\"pt-cv-thumbnail img-shadow pull-left cvp-substitute no-lazyload \" alt=\"Les barrages de l\u2019absurde\" title=\"\" data-no-lazy=\"1\" \/><\/a>\n<h4 class=\"pt-cv-title\"><a href=\"https:\/\/le-clairon-nouveau.fr\/wordpress\/blog\/2021\/07\/23\/les-barrages-de-labsurde\/\" class=\"pt-cv-window\" target=\"pt-cv-window\" data-width=\"1200\" data-height=\"600\" data-iw=\"150\" data-ih=\"150\">Les barrages de l\u2019absurde<\/a><\/h4>\n<div class=\"pt-cv-meta-fields\"><span class=\"entry-date\"><span class=\"glyphicon glyphicon-calendar\"><\/span> <time datetime=\"2021-07-23T12:30:36+02:00\">23 juillet 2021<\/time><\/span><span class=\"author\"><span class=\"glyphicon glyphicon-user\"><\/span> <a href=\"https:\/\/le-clairon-nouveau.fr\/wordpress\/blog\/author\/laurent\/\" rel=\"author\">Laurent Fabas<\/a><\/span><span class=\"comments-link\"><span class=\"glyphicon glyphicon-comment\"><\/span> <a href=\"https:\/\/le-clairon-nouveau.fr\/wordpress\/blog\/2021\/07\/23\/les-barrages-de-labsurde\/#respond\">Aucun commentaire<span class=\"screen-reader-text\"> sur Les barrages de l\u2019absurde<\/span><\/a><\/span><\/div>\n<div class=\"pt-cv-content\">Entour\u00e9e de collines couvertes d\u2019une v\u00e9g\u00e9tation m\u00e9diterran\u00e9enne, la ville de Narbonne est non seulement expos\u00e9e aux risques d\u2019incendie, mais aussi aux inondations brutales, d\u00e9clench\u00e9es par des \u00e9pisodes pluvieux aussi soudains que massifs qui peuvent cr\u00e9er de graves probl\u00e8mes d\u2019\u00e9coulement. Les \u00ab\u00a0rec\u00a0\u00bb d\u00e9signent\u00a0 en langue locale de petits ruisseaux, qui strient les bassins versants. Souvent \u00e0 sec en \u00e9t\u00e9,\u00a0 ils se transforment parfois, suite des \u00e9pisodes de forts orages, en puissantes rivi\u00e8res qui d\u00e9vastent ce qui se trouve sur leur passage. Le Rec de Veyret est un ruisseau qui traverse la partie ouest de la ville de Narbonne. Celle-ci \u00a0comprend des zones d\u2019activit\u00e9s \u00e9conomiques et des zones \u00a0d\u2019habitat individuel et collectif. La r\u00e9daction du Clairon de l\u2019Atax Barrage, Image par jotoya de Pixabay Le mardi 6 juillet, la premi\u00e8re r\u00e9union publique sur l\u2019am\u00e9nagement du Rec de Veyret s\u2019est tenue \u00e0 Narbonne. Le propos \u00e9tait simple. Les experts ont d\u00e9termin\u00e9 avec les \u00e9lus la meilleure solution pour lutter contre les crues centennales qui menacent Narbonne, ayez confiance&#8230; La confiance se nourrit de l\u2019exp\u00e9rience, et l\u2019exp\u00e9rience des Narbonnais a consist\u00e9 \u00e0 subir la d\u00e9faillance du barrage de Cap de Pla en 1994 transformant une crue presque anodine en catastrophe. (Le barrage de Cap de Pla est un barrage excr\u00e9teur de crue qui, quelques ann\u00e9es \u00e0 peine apr\u00e8s sa mise en service, manquait d\u00e9j\u00e0 d\u2019entretien). La solution actuellement propos\u00e9e pour le Rec de Veyret consiste pour l\u2019essentiel \u00e0 construire deux immenses barrages \u00e9cr\u00eateurs de crue suppl\u00e9mentaires, au dessus de la ville de Narbonne. Le ... <a href=\"https:\/\/le-clairon-nouveau.fr\/wordpress\/blog\/2021\/07\/23\/les-barrages-de-labsurde\/\" class=\"pt-cv-window pt-cv-readmore pt-cv-textlink\" target=\"pt-cv-window\" data-width=\"1200\" data-height=\"600\" data-iw=\"150\" data-ih=\"150\">Lire la suite<\/a><\/div><\/div><\/div>\n<div class=\"col-md-12 col-sm-12 col-xs-12 pt-cv-content-item pt-cv-2-col\"  data-pid=\"25163\"><div class='pt-cv-ifield'><a href=\"https:\/\/le-clairon-nouveau.fr\/wordpress\/blog\/2021\/09\/23\/le-rec-de-veyret-a-narbonne-un-enjeu-durbanisme-et-damenagement\/\" class=\"pt-cv-window pt-cv-href-thumbnail pt-cv-thumb-left cvp-responsive-image img-shadow\" target=\"pt-cv-window\" data-width=\"1200\" data-height=\"600\" data-iw=\"150\" data-ih=\"150\"><img decoding=\"async\" width=\"150\" src=\"https:\/\/i0.wp.com\/le-clairon-nouveau.fr\/wordpress\/wp-content\/uploads\/2021\/09\/Barrage-Cap-de-Pla-1.jpg?resize=600%2C338&amp;ssl=1\" class=\"pt-cv-thumbnail img-shadow pull-left cvp-substitute no-lazyload \" alt=\"Le Rec de Veyret \u00e0 Narbonne : un enjeu d\u2019urbanisme et d\u2019am\u00e9nagement\" title=\"\" data-no-lazy=\"1\" \/><\/a>\n<h4 class=\"pt-cv-title\"><a href=\"https:\/\/le-clairon-nouveau.fr\/wordpress\/blog\/2021\/09\/23\/le-rec-de-veyret-a-narbonne-un-enjeu-durbanisme-et-damenagement\/\" class=\"pt-cv-window\" target=\"pt-cv-window\" data-width=\"1200\" data-height=\"600\" data-iw=\"150\" data-ih=\"150\">Le Rec de Veyret \u00e0 Narbonne : un enjeu d\u2019urbanisme et d\u2019am\u00e9nagement<\/a><\/h4>\n<div class=\"pt-cv-meta-fields\"><span class=\"entry-date\"><span class=\"glyphicon glyphicon-calendar\"><\/span> <time datetime=\"2021-09-23T12:30:33+02:00\">23 septembre 2021<\/time><\/span><span class=\"author\"><span class=\"glyphicon glyphicon-user\"><\/span> <a href=\"https:\/\/le-clairon-nouveau.fr\/wordpress\/blog\/author\/laurent\/\" rel=\"author\">Laurent Fabas<\/a><\/span><span class=\"comments-link\"><span class=\"glyphicon glyphicon-comment\"><\/span> <a href=\"https:\/\/le-clairon-nouveau.fr\/wordpress\/blog\/2021\/09\/23\/le-rec-de-veyret-a-narbonne-un-enjeu-durbanisme-et-damenagement\/#respond\">Aucun commentaire<span class=\"screen-reader-text\"> sur Le Rec de Veyret \u00e0 Narbonne : un enjeu d\u2019urbanisme et d\u2019am\u00e9nagement<\/span><\/a><\/span><\/div>\n<div class=\"pt-cv-content\">Entour\u00e9e de collines couvertes d\u2019une v\u00e9g\u00e9tation m\u00e9diterran\u00e9enne, la ville de Narbonne est non seulement expos\u00e9e aux risques d\u2019incendie, mais aussi aux inondations brutales, d\u00e9clench\u00e9es par des \u00e9pisodes pluvieux aussi soudains que massifs qui peuvent cr\u00e9er de graves probl\u00e8mes d\u2019\u00e9coulement. Les \u00ab\u00a0rec\u00a0\u00bb d\u00e9signent\u00a0 en langue locale de petits ruisseaux, qui strient les bassins versants. Souvent \u00e0 sec en \u00e9t\u00e9,\u00a0 ils se transforment parfois, suite \u00e0 des \u00e9pisodes de forts orages, en puissantes rivi\u00e8res qui d\u00e9vastent ce qui se trouve sur leur passage. Le Rec de Veyret traverse la partie ouest de la ville de Narbonne. Celle-ci\u00a0 comprend des zones d\u2019activit\u00e9s \u00e9conomiques et des zones\u00a0 d\u2019habitat individuel et collectif. La r\u00e9daction du Clairon de l\u2019Atax Deux barrages, vraiment ? Le Rec de Veyret est un cours d\u2019eau. Quand il pleut, beaucoup, de l\u2019eau coule pendant plusieurs heures, voire plusieurs jours, dans son lit. Pas tous les ans. Le cours d\u2019eau peut m\u00eame, lors d\u2019\u00e9pisodes exceptionnels, inonder les quartiers de Maraussan, la Mayole et de l\u2019Egassiairal \u00e0 Narbonne. Mais nous n\u2019avons pas vraiment la m\u00e9moire d\u2019un tel \u00e9v\u00e8nement puisque, lors de la derni\u00e8re crue centennale, <span class='tooltipsall tooltip_post_id_29829 classtoolTips180'>ces<\/span> quartiers n\u2019\u00e9taient pas construits. En effet, Narbonne est une ville en pleine expansion. Les d\u00e9g\u00e2ts importants qu\u2019un tel \u00e9pisode g\u00e9n\u00e8rerait justifient le financement de travaux importants pour r\u00e9duire le risque. La municipalit\u00e9 ne cache par ailleurs pas son intention d\u2019ouvrir \u00e0 l\u2019urbanisation les zones suppl\u00e9mentaires qui seraient prot\u00e9g\u00e9es, ce qui d\u00e9multiplie l\u2019enjeu \u00e9conomique de l\u2019op\u00e9ration. Le barrage du Cap de Pla (photo HR) Dans les ann\u00e9es 80 ... <a href=\"https:\/\/le-clairon-nouveau.fr\/wordpress\/blog\/2021\/09\/23\/le-rec-de-veyret-a-narbonne-un-enjeu-durbanisme-et-damenagement\/\" class=\"pt-cv-window pt-cv-readmore pt-cv-textlink\" target=\"pt-cv-window\" data-width=\"1200\" data-height=\"600\" data-iw=\"150\" data-ih=\"150\">Lire la suite<\/a><\/div><\/div><\/div>\n<div class=\"col-md-12 col-sm-12 col-xs-12 pt-cv-content-item pt-cv-2-col\"  data-pid=\"25324\"><div class='pt-cv-ifield'><a href=\"https:\/\/le-clairon-nouveau.fr\/wordpress\/blog\/2021\/10\/23\/le-rec-de-veyret-a-narbonne-un-enjeu-durbanisme-et-damenagement-suite\/\" class=\"pt-cv-window pt-cv-href-thumbnail pt-cv-thumb-left cvp-responsive-image img-shadow\" target=\"pt-cv-window\" data-width=\"1200\" data-height=\"600\" data-iw=\"150\" data-ih=\"150\"><img decoding=\"async\" width=\"150\" src=\"https:\/\/i0.wp.com\/le-clairon-nouveau.fr\/wordpress\/wp-content\/uploads\/2021\/10\/Panorama-sans-titre1.jpg?resize=757%2C227&amp;ssl=1\" class=\"pt-cv-thumbnail img-shadow pull-left cvp-substitute no-lazyload \" alt=\"Le Rec de Veyret \u00e0 Narbonne : un enjeu d\u2019urbanisme et d\u2019am\u00e9nagement (suite)\" title=\"\" data-no-lazy=\"1\" \/><\/a>\n<h4 class=\"pt-cv-title\"><a href=\"https:\/\/le-clairon-nouveau.fr\/wordpress\/blog\/2021\/10\/23\/le-rec-de-veyret-a-narbonne-un-enjeu-durbanisme-et-damenagement-suite\/\" class=\"pt-cv-window\" target=\"pt-cv-window\" data-width=\"1200\" data-height=\"600\" data-iw=\"150\" data-ih=\"150\">Le Rec de Veyret \u00e0 Narbonne : un enjeu d\u2019urbanisme et d\u2019am\u00e9nagement (suite)<\/a><\/h4>\n<div class=\"pt-cv-meta-fields\"><span class=\"entry-date\"><span class=\"glyphicon glyphicon-calendar\"><\/span> <time datetime=\"2021-10-23T12:30:44+02:00\">23 octobre 2021<\/time><\/span><span class=\"author\"><span class=\"glyphicon glyphicon-user\"><\/span> <a href=\"https:\/\/le-clairon-nouveau.fr\/wordpress\/blog\/author\/laurent\/\" rel=\"author\">Laurent Fabas<\/a><\/span><span class=\"comments-link\"><span class=\"glyphicon glyphicon-comment\"><\/span> <a href=\"https:\/\/le-clairon-nouveau.fr\/wordpress\/blog\/2021\/10\/23\/le-rec-de-veyret-a-narbonne-un-enjeu-durbanisme-et-damenagement-suite\/#comments\">2 commentaires <span class=\"screen-reader-text\"> sur Le Rec de Veyret \u00e0 Narbonne : un enjeu d\u2019urbanisme et d\u2019am\u00e9nagement (suite)<\/span><\/a><\/span><\/div>\n<div class=\"pt-cv-content\">Entour\u00e9e de collines couvertes d\u2019une v\u00e9g\u00e9tation m\u00e9diterran\u00e9enne, la ville de Narbonne est non seulement expos\u00e9e aux risques d\u2019incendie, mais aussi aux inondations brutales, d\u00e9clench\u00e9es par des \u00e9pisodes pluvieux aussi soudains que massifs qui peuvent cr\u00e9er de graves probl\u00e8mes d\u2019\u00e9coulement. Les \u00ab\u00a0rec \u00bb d\u00e9signent\u00a0 en langue locale de petits ruisseaux, qui strient les bassins versants. Souvent \u00e0 sec en \u00e9t\u00e9,\u00a0 ils se transforment parfois, suite des \u00e9pisodes de forts orages, en puissantes rivi\u00e8res qui d\u00e9vastent ce qui se trouve sur leur passage. Le rec de Veyret traverse la partie ouest de la ville de Narbonne. Celle-ci\u00a0 comprend des zones\u00a0 d\u2019activit\u00e9s \u00e9conomiques et des zones\u00a0 d\u2019habitat individuel et collectif. Un projet d\u2019am\u00e9nagement du rec est en cours, il vise \u00e0 prot\u00e9ger Narbonne de ses crues. Cet article est la suite de celui paru dans notre \u00e9dition 79 (1) La r\u00e9daction du Clairon de l\u2019Atax Barrage \u00e0 Montredon, la concertation s\u2019est mal pass\u00e9e. Un projet, \u00e9valu\u00e9 \u00e0 30 millions d\u2019euros (octobre 2021), propose de construire plusieurs ouvrages \u00e9cr\u00eateurs de crues pour prot\u00e9ger la ville de Narbonne d\u2019une crue centennale du rec de Veyret. La commune voisine de Montredon des Corbi\u00e8res a exprim\u00e9 massivement lors d\u2019une consultation publique son refus d\u2019accueillir l\u2019un de ces ouvrages. Chronique d\u2019une concertation publique sans garant. Vue panoramique du site retenu pour le barrage de Montredon (Photo D. Vexenat) Les mod\u00e8les hydrauliques ont confirm\u00e9 depuis 2002 que malgr\u00e9 les travaux pr\u00e9c\u00e9demment engag\u00e9s, 8500 narbonnais et 200 entreprises vivent sous la menace d\u2019une crue centennale de ce petit ruisseau. En ... <a href=\"https:\/\/le-clairon-nouveau.fr\/wordpress\/blog\/2021\/10\/23\/le-rec-de-veyret-a-narbonne-un-enjeu-durbanisme-et-damenagement-suite\/\" class=\"pt-cv-window pt-cv-readmore pt-cv-textlink\" target=\"pt-cv-window\" data-width=\"1200\" data-height=\"600\" data-iw=\"150\" data-ih=\"150\">Lire la suite<\/a><\/div><\/div><\/div>\n<div class=\"col-md-12 col-sm-12 col-xs-12 pt-cv-content-item pt-cv-2-col\"  data-pid=\"25597\"><div class='pt-cv-ifield'><a href=\"https:\/\/le-clairon-nouveau.fr\/wordpress\/blog\/2021\/12\/23\/le-rec-de-veyret-a-narbonne-un-enjeu-durbanisme-et-damenagement-suite-n2\/\" class=\"pt-cv-window pt-cv-href-thumbnail pt-cv-thumb-left cvp-responsive-image img-shadow\" target=\"pt-cv-window\" data-width=\"1200\" data-height=\"600\" data-iw=\"150\" data-ih=\"150\"><img decoding=\"async\" width=\"150\" src=\"https:\/\/i0.wp.com\/le-clairon-nouveau.fr\/wordpress\/wp-content\/uploads\/2021\/12\/LF-carte-rec-veyret1.png?resize=829%2C312&amp;ssl=1\" class=\"pt-cv-thumbnail img-shadow pull-left cvp-substitute no-lazyload \" alt=\"Le Rec de Veyret \u00e0 Narbonne : un enjeu d&#039;urbanisme et d&#039;am\u00e9nagement (suite n\u00b02)\" title=\"\" data-no-lazy=\"1\" \/><\/a>\n<h4 class=\"pt-cv-title\"><a href=\"https:\/\/le-clairon-nouveau.fr\/wordpress\/blog\/2021\/12\/23\/le-rec-de-veyret-a-narbonne-un-enjeu-durbanisme-et-damenagement-suite-n2\/\" class=\"pt-cv-window\" target=\"pt-cv-window\" data-width=\"1200\" data-height=\"600\" data-iw=\"150\" data-ih=\"150\">Le Rec de Veyret \u00e0 Narbonne : un enjeu d&rsquo;urbanisme et d&rsquo;am\u00e9nagement (suite n\u00b02)<\/a><\/h4>\n<div class=\"pt-cv-meta-fields\"><span class=\"entry-date\"><span class=\"glyphicon glyphicon-calendar\"><\/span> <time datetime=\"2021-12-23T12:30:14+01:00\">23 d\u00e9cembre 2021<\/time><\/span><span class=\"author\"><span class=\"glyphicon glyphicon-user\"><\/span> <a href=\"https:\/\/le-clairon-nouveau.fr\/wordpress\/blog\/author\/laurent\/\" rel=\"author\">Laurent Fabas<\/a><\/span><span class=\"comments-link\"><span class=\"glyphicon glyphicon-comment\"><\/span> <a href=\"https:\/\/le-clairon-nouveau.fr\/wordpress\/blog\/2021\/12\/23\/le-rec-de-veyret-a-narbonne-un-enjeu-durbanisme-et-damenagement-suite-n2\/#respond\">Aucun commentaire<span class=\"screen-reader-text\"> sur Le Rec de Veyret \u00e0 Narbonne : un enjeu d&rsquo;urbanisme et d&rsquo;am\u00e9nagement (suite n\u00b02)<\/span><\/a><\/span><\/div>\n<div class=\"pt-cv-content\">Pourtant, d\u2019autres territoires mettent en place des projets globaux d\u2019am\u00e9nagement inspirants. Ces projets cr\u00e9ent une perspective, un but partag\u00e9. L\u00e0 r\u00e9side la diff\u00e9rence entre un agglom\u00e9rat d\u2019humains et une cit\u00e9 ... <a href=\"https:\/\/le-clairon-nouveau.fr\/wordpress\/blog\/2021\/12\/23\/le-rec-de-veyret-a-narbonne-un-enjeu-durbanisme-et-damenagement-suite-n2\/\" class=\"pt-cv-window pt-cv-readmore pt-cv-textlink\" target=\"pt-cv-window\" data-width=\"1200\" data-height=\"600\" data-iw=\"150\" data-ih=\"150\">Lire la suite<\/a><\/div><\/div><\/div>\n<div class=\"col-md-12 col-sm-12 col-xs-12 pt-cv-content-item pt-cv-2-col\"  data-pid=\"25748\"><div class='pt-cv-ifield'><a href=\"https:\/\/le-clairon-nouveau.fr\/wordpress\/blog\/2022\/01\/23\/opposition-au-projet-rec-de-veyret-rubresus-et-coparec-communiquent\/\" class=\"pt-cv-window pt-cv-href-thumbnail pt-cv-thumb-left cvp-responsive-image img-shadow\" target=\"pt-cv-window\" data-width=\"1200\" data-height=\"600\" data-iw=\"150\" data-ih=\"150\"><img decoding=\"async\" width=\"150\" src=\"https:\/\/i0.wp.com\/le-clairon-nouveau.fr\/wordpress\/wp-content\/uploads\/2022\/01\/RubCOP-1.jpg?resize=592%2C850&amp;ssl=1\" class=\"pt-cv-thumbnail img-shadow pull-left cvp-substitute no-lazyload \" alt=\"Opposition au projet &quot;rec de Veyret&quot; ; RUBRESUS et COPAREC communiquent\" title=\"\" data-no-lazy=\"1\" \/><\/a>\n<h4 class=\"pt-cv-title\"><a href=\"https:\/\/le-clairon-nouveau.fr\/wordpress\/blog\/2022\/01\/23\/opposition-au-projet-rec-de-veyret-rubresus-et-coparec-communiquent\/\" class=\"pt-cv-window\" target=\"pt-cv-window\" data-width=\"1200\" data-height=\"600\" data-iw=\"150\" data-ih=\"150\">Opposition au projet \u00ab\u00a0rec de Veyret\u00a0\u00bb ; <span class='tooltipsall tooltip_post_id_7255 classtoolTips44'>RUBRESUS<\/span> et COPAREC communiquent<\/a><\/h4>\n<div class=\"pt-cv-meta-fields\"><span class=\"entry-date\"><span class=\"glyphicon glyphicon-calendar\"><\/span> <time datetime=\"2022-01-23T12:30:09+01:00\">23 janvier 2022<\/time><\/span><span class=\"author\"><span class=\"glyphicon glyphicon-user\"><\/span> <a href=\"https:\/\/le-clairon-nouveau.fr\/wordpress\/blog\/author\/redact\/\" rel=\"author\">La R\u00e9daction du Clairon de l'Atax<\/a><\/span><span class=\"comments-link\"><span class=\"glyphicon glyphicon-comment\"><\/span> <a href=\"https:\/\/le-clairon-nouveau.fr\/wordpress\/blog\/2022\/01\/23\/opposition-au-projet-rec-de-veyret-rubresus-et-coparec-communiquent\/#respond\">Aucun commentaire<span class=\"screen-reader-text\"> sur Opposition au projet \u00ab\u00a0rec de Veyret\u00a0\u00bb ; RUBRESUS et COPAREC communiquent<\/span><\/a><\/span><\/div>\n<div class=\"pt-cv-content\">L&rsquo;association RUBRESUS et le COllectif pour la Protection et l&rsquo;Am\u00e9nagement de REC de veyret (COPAREC) manifestent leur d\u00e9saccord apr\u00e8s la d\u00e9cision prise par le SMDA de poursuivre le projet de construction de barrages \u00e9cr\u00e9teurs visant \u00e0 r\u00e9guler le cours du rec de Veyret. Cette d\u00e9cision n&rsquo;a pas tenu compte d&rsquo;un consultation citoyenne organis\u00e9e par la commune de Montredon, situ\u00e9e avec Narbonne dans l&#8217;emprise du projet. lors de cette consultation une \u00e9crasante majorit\u00e9 des 400 votants s&rsquo;\u00e9tait exprim\u00e9e contre le projet. \u00a0\u00a0\u00a0\u00a0\u00a0\u00a0\u00a0\u00a0\u00a0\u00a0\u00a0\u00a0\u00a0\u00a0\u00a0\u00a0\u00a0\u00a0\u00a0\u00a0\u00a0\u00a0\u00a0\u00a0\u00a0\u00a0\u00a0\u00a0\u00a0\u00a0\u00a0\u00a0\u00a0\u00a0\u00a0\u00a0\u00a0\u00a0\u00a0\u00a0\u00a0\u00a0\u00a0\u00a0\u00a0\u00a0\u00a0\u00a0\u00a0\u00a0\u00a0\u00a0\u00a0\u00a0\u00a0\u00a0\u00a0\u00a0\u00a0\u00a0\u00a0\u00a0\u00a0\u00a0\u00a0\u00a0\u00a0\u00a0\u00a0\u00a0\u00a0\u00a0\u00a0\u00a0\u00a0\u00a0\u00a0\u00a0\u00a0\u00a0\u00a0\u00a0\u00a0\u00a0\u00a0\u00a0\u00a0\u00a0\u00a0\u00a0\u00a0\u00a0\u00a0\u00a0\u00a0\u00a0\u00a0\u00a0\u00a0\u00a0\u00a0\u00a0\u00a0\u00a0\u00a0\u00a0\u00a0\u00a0\u00a0\u00a0\u00a0\u00a0\u00a0\u00a0\u00a0\u00a0\u00a0\u00a0\u00a0\u00a0\u00a0\u00a0\u00a0\u00a0\u00a0\u00a0\u00a0\u00a0\u00a0\u00a0\u00a0\u00a0\u00a0\u00a0\u00a0\u00a0\u00a0 La r\u00e9daction ______________________________________________________________ ... <a href=\"https:\/\/le-clairon-nouveau.fr\/wordpress\/blog\/2022\/01\/23\/opposition-au-projet-rec-de-veyret-rubresus-et-coparec-communiquent\/\" class=\"pt-cv-window pt-cv-readmore pt-cv-textlink\" target=\"pt-cv-window\" data-width=\"1200\" data-height=\"600\" data-iw=\"150\" data-ih=\"150\">Lire la suite<\/a><\/div><\/div><\/div>\n<div class=\"col-md-12 col-sm-12 col-xs-12 pt-cv-content-item pt-cv-2-col\"  data-pid=\"25737\"><div class='pt-cv-ifield'><a href=\"https:\/\/le-clairon-nouveau.fr\/wordpress\/blog\/2022\/01\/23\/communique-de-lassociation-rubresus\/\" class=\"pt-cv-window pt-cv-href-thumbnail pt-cv-thumb-left cvp-responsive-image img-shadow\" target=\"pt-cv-window\" data-width=\"1200\" data-height=\"600\" data-iw=\"150\" data-ih=\"150\"><img decoding=\"async\" width=\"150\" src=\"https:\/\/i0.wp.com\/le-clairon-nouveau.fr\/wordpress\/wp-content\/uploads\/2021\/01\/Logo-Rubresus.jpg?resize=481%2C77&amp;ssl=1\" class=\"pt-cv-thumbnail img-shadow pull-left cvp-substitute no-lazyload \" alt=\"Communiqu\u00e9 de l&#039;association Rubresus\" title=\"\" data-no-lazy=\"1\" \/><\/a>\n<h4 class=\"pt-cv-title\"><a href=\"https:\/\/le-clairon-nouveau.fr\/wordpress\/blog\/2022\/01\/23\/communique-de-lassociation-rubresus\/\" class=\"pt-cv-window\" target=\"pt-cv-window\" data-width=\"1200\" data-height=\"600\" data-iw=\"150\" data-ih=\"150\">Communiqu\u00e9 de l&rsquo;association Rubresus<\/a><\/h4>\n<div class=\"pt-cv-meta-fields\"><span class=\"entry-date\"><span class=\"glyphicon glyphicon-calendar\"><\/span> <time datetime=\"2022-01-23T12:30:17+01:00\">23 janvier 2022<\/time><\/span><span class=\"author\"><span class=\"glyphicon glyphicon-user\"><\/span> <a href=\"https:\/\/le-clairon-nouveau.fr\/wordpress\/blog\/author\/redact\/\" rel=\"author\">La R\u00e9daction du Clairon de l'Atax<\/a><\/span><span class=\"comments-link\"><span class=\"glyphicon glyphicon-comment\"><\/span> <a href=\"https:\/\/le-clairon-nouveau.fr\/wordpress\/blog\/2022\/01\/23\/communique-de-lassociation-rubresus\/#respond\">Aucun commentaire<span class=\"screen-reader-text\"> sur Communiqu\u00e9 de l&rsquo;association Rubresus<\/span><\/a><\/span><\/div>\n<div class=\"pt-cv-content\">L&rsquo;association RUBRESUS pr\u00e9sente \u00e0 tous les adh\u00e9rents et sympathisants ses meilleurs v\u0153ux pour cette nouvelle ann\u00e9e.\u00a0 Apr\u00e8s les \u00e9preuves subies, nous vous souhaitons une excellente ann\u00e9e 2022 de joie, de bonheur et d&rsquo;espoir de retour \u00e0 vos libert\u00e9s d&rsquo;actions, de vie.\u00a0 Malgr\u00e9 les entraves sanitaires, RUBRESUS a poursuivi ses actions de protection de l&rsquo;environnement et 2022 sera une nouvelle belle ann\u00e9e. Nous d\u00e9masquerons encore et toujours les foyers de pollutions et d\u00e9gradations qui menacent notre environnement et cadre de vie. Nos piq\u00fbres de rappel tenteront d&rsquo;\u00e9radiquer les clusters les plus virulents. Avec son passif et la poursuite de rejets de polluants chimiques et d&rsquo;\u00e9missions radioactives, le site <span class='tooltipsall tooltip_post_id_5129 classtoolTips77'>Orano<\/span> Malv\u00e9si concentre des risques environnementaux et sanitaires. Les recours juridiques engag\u00e9s par RUBRESUS et COL.E.R.E, aujourd&rsquo;hui devant la Cour Administrative d&rsquo;Appel de Marseille, ont permis de bloquer les projets\u00a0<span class='tooltipsall tooltip_post_id_3610 classtoolTips37'>TDN<\/span> et NVH-Oxyde d&rsquo;uranium, gr\u00e2ce \u00e0 votre mobilisation et soutien actif.\u00a0 L&rsquo;installation TDN de traitement du stock historique de d\u00e9chets radioactifs nitrat\u00e9s n&rsquo;est toujours pas r\u00e9alis\u00e9e malgr\u00e9 l&rsquo;autorisation pr\u00e9fectorale accord\u00e9e \u00e0 Orano le 8 novembre 2017. Le jugement est attendu en cette ann\u00e9e 2022. La consistance du recours RUBRESUS\/COL.E.R.E porte un grand espoir d&rsquo;annulation de l&rsquo;autorisation de l&rsquo;installation exp\u00e9rimentale et sur-polluante TDN. De m\u00eame, notre requ\u00eate en annulation de l&rsquo;autorisation controvers\u00e9e de l&rsquo;installation NVH de production de dioxyde d&rsquo;uranium accord\u00e9e sans enqu\u00eate publique ni \u00e9tude d&rsquo;impact devrait \u00eatre jug\u00e9e en 2022 par la Cour Administrative d&rsquo;Appel de Marseille. Nous venons d&rsquo;enregistrer un soutien compl\u00e9mentaire d&rsquo;envergure qui nous permettra de mener ce recours jusqu&rsquo;au bout ... <a href=\"https:\/\/le-clairon-nouveau.fr\/wordpress\/blog\/2022\/01\/23\/communique-de-lassociation-rubresus\/\" class=\"pt-cv-window pt-cv-readmore pt-cv-textlink\" target=\"pt-cv-window\" data-width=\"1200\" data-height=\"600\" data-iw=\"150\" data-ih=\"150\">Lire la suite<\/a><\/div><\/div><\/div>\n<div class=\"col-md-12 col-sm-12 col-xs-12 pt-cv-content-item pt-cv-2-col\"  data-pid=\"25743\"><div class='pt-cv-ifield'><a href=\"https:\/\/le-clairon-nouveau.fr\/wordpress\/blog\/2022\/01\/23\/projet-de-barrages-rec-de-veyret-un-courrier-au-president-du-smda\/\" class=\"pt-cv-window pt-cv-href-thumbnail pt-cv-thumb-left cvp-responsive-image img-shadow\" target=\"pt-cv-window\" data-width=\"1200\" data-height=\"600\" data-iw=\"150\" data-ih=\"150\"><\/a>\n<h4 class=\"pt-cv-title\"><a href=\"https:\/\/le-clairon-nouveau.fr\/wordpress\/blog\/2022\/01\/23\/projet-de-barrages-rec-de-veyret-un-courrier-au-president-du-smda\/\" class=\"pt-cv-window\" target=\"pt-cv-window\" data-width=\"1200\" data-height=\"600\" data-iw=\"150\" data-ih=\"150\">Projet de barrages \/ rec de Veyret : un courrier au pr\u00e9sident du SMDA<\/a><\/h4>\n<div class=\"pt-cv-meta-fields\"><span class=\"entry-date\"><span class=\"glyphicon glyphicon-calendar\"><\/span> <time datetime=\"2022-01-23T12:30:35+01:00\">23 janvier 2022<\/time><\/span><span class=\"author\"><span class=\"glyphicon glyphicon-user\"><\/span> <a href=\"https:\/\/le-clairon-nouveau.fr\/wordpress\/blog\/author\/redact\/\" rel=\"author\">La R\u00e9daction du Clairon de l'Atax<\/a><\/span><span class=\"comments-link\"><span class=\"glyphicon glyphicon-comment\"><\/span> <a href=\"https:\/\/le-clairon-nouveau.fr\/wordpress\/blog\/2022\/01\/23\/projet-de-barrages-rec-de-veyret-un-courrier-au-president-du-smda\/#respond\">Aucun commentaire<span class=\"screen-reader-text\"> sur Projet de barrages \/ rec de Veyret : un courrier au pr\u00e9sident du SMDA<\/span><\/a><\/span><\/div>\n<div class=\"pt-cv-content\">Le d\u00e9bat sur le bien fond\u00e9 du projet de barrages visant \u00e0 prot\u00e9ger Narbonne d&rsquo;une inondation centennale provoqu\u00e9e par le rec de Veyret, diverses informations manquent pour \u00e9tablir la pertinence de ce projet, alors que d&rsquo;autres solutions pourraient pr\u00e9senter des avantages \u00e0 la fois en termes de co\u00fbt et d&rsquo;am\u00e9nagement urbain. C&rsquo;est l&rsquo;objet de cette lettre ouverte d&rsquo;un citoyen narbonnais L.Fabas au pr\u00e9sident du SMDA\u00a0 dont nous diffusons le fac-simile. \u00a0\u00a0\u00a0\u00a0\u00a0\u00a0\u00a0\u00a0\u00a0\u00a0\u00a0\u00a0\u00a0\u00a0\u00a0\u00a0\u00a0\u00a0\u00a0\u00a0\u00a0\u00a0\u00a0\u00a0\u00a0\u00a0\u00a0\u00a0\u00a0\u00a0\u00a0\u00a0\u00a0\u00a0\u00a0\u00a0\u00a0\u00a0\u00a0\u00a0\u00a0\u00a0\u00a0\u00a0\u00a0\u00a0\u00a0\u00a0\u00a0\u00a0\u00a0\u00a0\u00a0\u00a0\u00a0\u00a0\u00a0\u00a0\u00a0\u00a0\u00a0\u00a0\u00a0\u00a0\u00a0\u00a0\u00a0\u00a0\u00a0\u00a0\u00a0\u00a0\u00a0\u00a0\u00a0\u00a0\u00a0\u00a0\u00a0\u00a0\u00a0\u00a0\u00a0\u00a0\u00a0\u00a0\u00a0\u00a0\u00a0\u00a0\u00a0\u00a0\u00a0\u00a0\u00a0\u00a0\u00a0\u00a0\u00a0\u00a0\u00a0\u00a0\u00a0\u00a0\u00a0\u00a0\u00a0\u00a0\u00a0\u00a0\u00a0\u00a0\u00a0\u00a0\u00a0\u00a0\u00a0\u00a0\u00a0\u00a0\u00a0\u00a0\u00a0\u00a0\u00a0\u00a0\u00a0\u00a0\u00a0\u00a0\u00a0 La r\u00e9daction du Clairon _________________________________________________________________ Monsieur le Pr\u00e9sident du Syndicat Mixte du Delta de l\u2019Aude 3 Rue de Jonqui\u00e8res 11100 Narbonne Laurent FABAS XXXXXXXXXXXXX 11100 Narbonne lfabas@yahoo.fr XXXXXXXX Objet\u00a0: Projet d\u2019am\u00e9nagement du Rec de Veyret le 2 janvier 2022 Monsieur le Pr\u00e9sident, J\u2019ai lu avec attention la r\u00e9ponse de votre collaborateur du 20 d\u00e9cembre 2021 \u00e0 la lettre que je vous ai adress\u00e9e le 25 octobre 2021. Il y est confirm\u00e9 que l\u2019approfondissement et l\u2019\u00e9largissement du lit mineur a \u00e9t\u00e9 test\u00e9 dans les analyses hydrauliques du SMDA. Les difficult\u00e9s techniques sont correctement identifi\u00e9es, \u00e0 savoir les ponts et le remblai de la voie ferr\u00e9e, et les points durs qui fixent le fond du lit. Il n\u2019y a pourtant aucune trace des solutions techniques \u00e0 ces probl\u00e8mes. L\u2019objet de mon courrier \u00e9tait de conna\u00eetre le chiffrage de ces solutions qui vous a permis, monsieur le Pr\u00e9sident, de valider le fait que cette solution soit \u00e9cart\u00e9e. A mon grand regret, je suis contraint de r\u00e9it\u00e9rer ma demande. En outre, certains \u00e9l\u00e9ments m\u2019\u00e9chappent. Lors des \u00e9pisodes de crue, le Rec de Veyret ... <a href=\"https:\/\/le-clairon-nouveau.fr\/wordpress\/blog\/2022\/01\/23\/projet-de-barrages-rec-de-veyret-un-courrier-au-president-du-smda\/\" class=\"pt-cv-window pt-cv-readmore pt-cv-textlink\" target=\"pt-cv-window\" data-width=\"1200\" data-height=\"600\" data-iw=\"150\" data-ih=\"150\">Lire la suite<\/a><\/div><\/div><\/div>\n<div class=\"col-md-12 col-sm-12 col-xs-12 pt-cv-content-item pt-cv-2-col\"  data-pid=\"26026\"><div class='pt-cv-ifield'><a href=\"https:\/\/le-clairon-nouveau.fr\/wordpress\/blog\/2022\/03\/23\/barrage-sur-le-rec-de-veyret-lopposition-ne-faiblit-pas\/\" class=\"pt-cv-window pt-cv-href-thumbnail pt-cv-thumb-left cvp-responsive-image img-shadow\" target=\"pt-cv-window\" data-width=\"1200\" data-height=\"600\" data-iw=\"150\" data-ih=\"150\"><img decoding=\"async\" width=\"150\" src=\"https:\/\/i0.wp.com\/le-clairon-nouveau.fr\/wordpress\/wp-content\/uploads\/2022\/03\/barrage-4.jpg?resize=594%2C220&amp;ssl=1\" class=\"pt-cv-thumbnail img-shadow pull-left cvp-substitute no-lazyload \" alt=\"Barrage sur le rec de Veyret : l&#039;opposition ne faiblit pas\" title=\"\" data-no-lazy=\"1\" \/><\/a>\n<h4 class=\"pt-cv-title\"><a href=\"https:\/\/le-clairon-nouveau.fr\/wordpress\/blog\/2022\/03\/23\/barrage-sur-le-rec-de-veyret-lopposition-ne-faiblit-pas\/\" class=\"pt-cv-window\" target=\"pt-cv-window\" data-width=\"1200\" data-height=\"600\" data-iw=\"150\" data-ih=\"150\">Barrage sur le rec de Veyret : l&rsquo;opposition ne faiblit pas<\/a><\/h4>\n<div class=\"pt-cv-meta-fields\"><span class=\"entry-date\"><span class=\"glyphicon glyphicon-calendar\"><\/span> <time datetime=\"2022-03-23T12:30:40+01:00\">23 mars 2022<\/time><\/span><span class=\"author\"><span class=\"glyphicon glyphicon-user\"><\/span> <a href=\"https:\/\/le-clairon-nouveau.fr\/wordpress\/blog\/author\/redact\/\" rel=\"author\">La R\u00e9daction du Clairon de l'Atax<\/a><\/span><span class=\"comments-link\"><span class=\"glyphicon glyphicon-comment\"><\/span> <a href=\"https:\/\/le-clairon-nouveau.fr\/wordpress\/blog\/2022\/03\/23\/barrage-sur-le-rec-de-veyret-lopposition-ne-faiblit-pas\/#comments\">2 commentaires <span class=\"screen-reader-text\"> sur Barrage sur le rec de Veyret : l&rsquo;opposition ne faiblit pas<\/span><\/a><\/span><\/div>\n<div class=\"pt-cv-content\">Communiqu\u00e9 Le projet du SMDA de construction d&rsquo;un \u00e9norme barrage \u00e9cr\u00eateur \u00e0 Montredon d\u00e9montre au fur et \u00e0 mesure des analyses toute son aberration par ses multiples cons\u00e9quences n\u00e9fastes: environnementales, \u00e9cologiques, patrimoniales, financi\u00e8res. Malgr\u00e9 une lourde campagne de propagande (r\u00e9unions publiques, plaquettes, interventions aupr\u00e8s des \u00e9lus, articles presse et radio, &#8230;), le SMDA se garde bien de d\u00e9voiler publiquement les dessous du projet et ne livre au public que des informations tr\u00e8s superficielles, minimalistes. Serait-ce la crainte de montrer l&rsquo;\u00e9normit\u00e9, l&rsquo;absurdit\u00e9 d&rsquo;un projet inutile \u00e0 tout de m\u00eame 15 millions \u20ac qui va impacter irr\u00e9m\u00e9diablement tout un territoire du Narbonnais. COPAREC, le collectif Montredonnais, RURESUS avec maintenant le groupe local Greenpeace Narbonne ont men\u00e9 une enqu\u00eate sur les co\u00fbts de ce projet pharaonique et vous pr\u00e9sentent aujourd&rsquo;hui les chiffres non publi\u00e9s par le SMDA dans le document ci-joint et consultable avec le lien suivant : http:\/\/www.rubresus.org\/actualites\/le-barrage-smda-grand-narbonne-smmar-a-montredon-un-pognon-de-dingue\/ 30 millions \u20ac : c\u2019est l\u2019ardoise exorbitante du projet 2021 d\u2019am\u00e9nagement du rec de Veyret (ruisseau sec) du SMDA et du (nouveau) Grand Narbonne. Des millions \u20ac comme s\u2019il en pleuvait \u00e0 seaux ! Le barrage \u00e9cr\u00eateur \u00e0 Montredon des Corbi\u00e8res (1,5 million m3) engloutira \u00e0 lui seul 15 millions \u20ac, la moiti\u00e9 des d\u00e9penses totales. Cet ouvrage dispendieux ne retiendra que 12% d\u2019une crue centennale, d\u2019o\u00f9 son mauvais ratio efficacit\u00e9\/co\u00fbt. L\u2019\u00e9largissement de la section urbaine du Veyret pour la protection des quartiers Maraussan, Mayolle, 3 fois moins cher que le barrage (4,5 millions \u20ac), est pour nous ultra prioritaire car il doit \u00e9vacuer ... <a href=\"https:\/\/le-clairon-nouveau.fr\/wordpress\/blog\/2022\/03\/23\/barrage-sur-le-rec-de-veyret-lopposition-ne-faiblit-pas\/\" class=\"pt-cv-window pt-cv-readmore pt-cv-textlink\" target=\"pt-cv-window\" data-width=\"1200\" data-height=\"600\" data-iw=\"150\" data-ih=\"150\">Lire la suite<\/a><\/div><\/div><\/div>\n<div class=\"col-md-12 col-sm-12 col-xs-12 pt-cv-content-item pt-cv-2-col\"  data-pid=\"26434\"><div class='pt-cv-ifield'><a href=\"https:\/\/le-clairon-nouveau.fr\/wordpress\/blog\/2022\/05\/23\/narbonne-une-information-des-opposants-au-barrage-du-rec-de-veyret\/\" class=\"pt-cv-window pt-cv-href-thumbnail pt-cv-thumb-left cvp-responsive-image img-shadow\" target=\"pt-cv-window\" data-width=\"1200\" data-height=\"600\" data-iw=\"150\" data-ih=\"150\"><img decoding=\"async\" width=\"150\" src=\"https:\/\/i0.wp.com\/le-clairon-nouveau.fr\/wordpress\/wp-content\/uploads\/2022\/05\/flyer-fina-rec-87jpg.jpg?resize=606%2C845&amp;ssl=1\" class=\"pt-cv-thumbnail img-shadow pull-left cvp-substitute no-lazyload \" alt=\"Narbonne : une information des opposants au barrage du Rec de Veyret\" title=\"\" data-no-lazy=\"1\" \/><\/a>\n<h4 class=\"pt-cv-title\"><a href=\"https:\/\/le-clairon-nouveau.fr\/wordpress\/blog\/2022\/05\/23\/narbonne-une-information-des-opposants-au-barrage-du-rec-de-veyret\/\" class=\"pt-cv-window\" target=\"pt-cv-window\" data-width=\"1200\" data-height=\"600\" data-iw=\"150\" data-ih=\"150\">Narbonne : une information des opposants au barrage du Rec de Veyret<\/a><\/h4>\n<div class=\"pt-cv-meta-fields\"><span class=\"entry-date\"><span class=\"glyphicon glyphicon-calendar\"><\/span> <time datetime=\"2022-05-23T12:30:18+02:00\">23 mai 2022<\/time><\/span><span class=\"author\"><span class=\"glyphicon glyphicon-user\"><\/span> <a href=\"https:\/\/le-clairon-nouveau.fr\/wordpress\/blog\/author\/redact\/\" rel=\"author\">La R\u00e9daction du Clairon de l'Atax<\/a><\/span><span class=\"comments-link\"><span class=\"glyphicon glyphicon-comment\"><\/span> <a href=\"https:\/\/le-clairon-nouveau.fr\/wordpress\/blog\/2022\/05\/23\/narbonne-une-information-des-opposants-au-barrage-du-rec-de-veyret\/#respond\">Aucun commentaire<span class=\"screen-reader-text\"> sur Narbonne : une information des opposants au barrage du Rec de Veyret<\/span><\/a><\/span><\/div>\n<div class=\"pt-cv-content\">Une partie importante de Narbonne est expos\u00e9e aux d\u00e9bordements de crues centennales. Un projet d'am\u00e9nagement contest\u00e9 vise \u00e0 prot\u00e9ger les espaces b\u00e2tis ... <a href=\"https:\/\/le-clairon-nouveau.fr\/wordpress\/blog\/2022\/05\/23\/narbonne-une-information-des-opposants-au-barrage-du-rec-de-veyret\/\" class=\"pt-cv-window pt-cv-readmore pt-cv-textlink\" target=\"pt-cv-window\" data-width=\"1200\" data-height=\"600\" data-iw=\"150\" data-ih=\"150\">Lire la suite<\/a><\/div><\/div><\/div>\n<div class=\"col-md-12 col-sm-12 col-xs-12 pt-cv-content-item pt-cv-2-col\"  data-pid=\"26909\"><div class='pt-cv-ifield'><a href=\"https:\/\/le-clairon-nouveau.fr\/wordpress\/blog\/2022\/09\/23\/narbonne-le-canal-de-la-robine-se-meurt\/\" class=\"pt-cv-window pt-cv-href-thumbnail pt-cv-thumb-left cvp-responsive-image img-shadow\" target=\"pt-cv-window\" data-width=\"1200\" data-height=\"600\" data-iw=\"150\" data-ih=\"150\"><img decoding=\"async\" width=\"150\" src=\"https:\/\/i0.wp.com\/le-clairon-nouveau.fr\/wordpress\/wp-content\/uploads\/2020\/12\/Breves-du-Clairon-nvelle.jpg?resize=182%2C77&amp;ssl=1\" class=\"pt-cv-thumbnail img-shadow pull-left cvp-substitute no-lazyload \" alt=\"Narbonne : le canal de la Robine se meurt\" title=\"\" data-no-lazy=\"1\" \/><\/a>\n<h4 class=\"pt-cv-title\"><a href=\"https:\/\/le-clairon-nouveau.fr\/wordpress\/blog\/2022\/09\/23\/narbonne-le-canal-de-la-robine-se-meurt\/\" class=\"pt-cv-window\" target=\"pt-cv-window\" data-width=\"1200\" data-height=\"600\" data-iw=\"150\" data-ih=\"150\">Narbonne : le canal de la Robine se meurt<\/a><\/h4>\n<div class=\"pt-cv-meta-fields\"><span class=\"entry-date\"><span class=\"glyphicon glyphicon-calendar\"><\/span> <time datetime=\"2022-09-23T12:30:42+02:00\">23 septembre 2022<\/time><\/span><span class=\"author\"><span class=\"glyphicon glyphicon-user\"><\/span> <a href=\"https:\/\/le-clairon-nouveau.fr\/wordpress\/blog\/author\/redact\/\" rel=\"author\">La R\u00e9daction du Clairon de l'Atax<\/a><\/span><span class=\"comments-link\"><span class=\"glyphicon glyphicon-comment\"><\/span> <a href=\"https:\/\/le-clairon-nouveau.fr\/wordpress\/blog\/2022\/09\/23\/narbonne-le-canal-de-la-robine-se-meurt\/#respond\">Aucun commentaire<span class=\"screen-reader-text\"> sur Narbonne : le canal de la Robine se meurt<\/span><\/a><\/span><\/div>\n<div class=\"pt-cv-content\">Les canaux constituent incontestablement un plus dans l&rsquo;attractivit\u00e9 touristique de d\u00e9partement de l&rsquo;Aude. Que se soit \u00e0 pied ou \u00e0 v\u00e9lo le long de leur berges ou \u00e0 bord de bateaux les visiteurs subissent le charme de ces lieux paisibles. Pourtant certains endroits souffrent manifestement d&rsquo;un manque d&rsquo;entretien qui prend des proportions alarmantes. C&rsquo;est particuli\u00e8rement le cas du canal de la Robine en aval de Narbonne, vers Port la Nouvelle o\u00f9 la gravit\u00e9 de la situation \u00e0 mobilis\u00e9 l&rsquo;association de d\u00e9fense de l&rsquo;environnement \u00ab\u00a0<span class='tooltipsall tooltip_post_id_7255 classtoolTips44'>Rubr\u00e9sus<\/span>\u00a0\u00bb dont nous publions le communiqu\u00e9. \u00a0\u00a0\u00a0\u00a0\u00a0\u00a0\u00a0\u00a0\u00a0\u00a0\u00a0\u00a0\u00a0\u00a0\u00a0\u00a0\u00a0\u00a0\u00a0\u00a0\u00a0\u00a0\u00a0\u00a0\u00a0\u00a0\u00a0\u00a0\u00a0\u00a0\u00a0\u00a0\u00a0\u00a0\u00a0\u00a0\u00a0\u00a0\u00a0\u00a0\u00a0\u00a0\u00a0\u00a0\u00a0\u00a0\u00a0\u00a0\u00a0\u00a0\u00a0\u00a0\u00a0\u00a0\u00a0\u00a0\u00a0\u00a0\u00a0\u00a0\u00a0\u00a0\u00a0\u00a0\u00a0\u00a0\u00a0\u00a0\u00a0\u00a0\u00a0\u00a0\u00a0\u00a0\u00a0\u00a0\u00a0\u00a0\u00a0\u00a0\u00a0\u00a0\u00a0\u00a0\u00a0\u00a0\u00a0\u00a0\u00a0\u00a0\u00a0\u00a0\u00a0\u00a0\u00a0\u00a0\u00a0\u00a0\u00a0\u00a0\u00a0\u00a0\u00a0\u00a0\u00a0\u00a0\u00a0\u00a0\u00a0\u00a0\u00a0\u00a0\u00a0\u00a0\u00a0\u00a0\u00a0\u00a0\u00a0\u00a0\u00a0\u00a0\u00a0\u00a0\u00a0\u00a0\u00a0\u00a0\u00a0\u00a0\u00a0\u00a0\u00a0\u00a0\u00a0\u00a0\u00a0\u00a0\u00a0\u00a0\u00a0\u00a0\u00a0\u00a0\u00a0\u00a0\u00a0\u00a0\u00a0\u00a0\u00a0\u00a0\u00a0\u00a0 La r\u00e9daction COMMUNIQU\u00c9 Le canal de la Robine se meurt RUBRESUS salue la m\u00e9ritoire initiative de l\u2019association des amis de la Robine qui a sonn\u00e9 l\u2019alerte sur le lamentable \u00e9tat du Canal de la Robine (L\u2019Ind\u00e9pendant, 27 ao\u00fbt). Une balade entre les \u00e9cluses de Mandirac et de Sainte Lucie montre l\u2019ampleur de la catastrophe \u00e9cologique qui affecte le canal : les prolif\u00e9rations massives de lentilles d\u2019eau en tapissent la surface et de nombreuses plantes aquatiques l\u2019envahissent sur des km. La s\u00e9cheresse qui affecte notre pays est la goutte d\u2019eau qui fait d\u00e9border le canal de v\u00e9g\u00e9taux envahissants. Elle est surtout r\u00e9v\u00e9latrice d\u2019une situation chronique de pollutions du canal. Cet envahissement de v\u00e9g\u00e9taux aquatiques ne date pas d\u2019aujourd\u2019hui. Il s\u2019est d\u00e9velopp\u00e9 au cours des ann\u00e9es et atteint aujourd\u2019hui son paroxysme. Le canal de la Robine est un exutoire d\u2019eaux us\u00e9es urbaines et industrielles. Le d\u00e9versement des eaux us\u00e9es trait\u00e9es de la station d\u2019\u00e9puration de la ville de Narbonne (50 000 habitants, ... <a href=\"https:\/\/le-clairon-nouveau.fr\/wordpress\/blog\/2022\/09\/23\/narbonne-le-canal-de-la-robine-se-meurt\/\" class=\"pt-cv-window pt-cv-readmore pt-cv-textlink\" target=\"pt-cv-window\" data-width=\"1200\" data-height=\"600\" data-iw=\"150\" data-ih=\"150\">Lire la suite<\/a><\/div><\/div><\/div>\n<div class=\"col-md-12 col-sm-12 col-xs-12 pt-cv-content-item pt-cv-2-col\"  data-pid=\"26890\"><div class='pt-cv-ifield'><a href=\"https:\/\/le-clairon-nouveau.fr\/wordpress\/blog\/2022\/09\/23\/narbonnaise-amenagement-du-rec-de-veyret-le-coparec-ne-renonce-pas\/\" class=\"pt-cv-window pt-cv-href-thumbnail pt-cv-thumb-left cvp-responsive-image img-shadow\" target=\"pt-cv-window\" data-width=\"1200\" data-height=\"600\" data-iw=\"150\" data-ih=\"150\"><img decoding=\"async\" width=\"150\" src=\"https:\/\/i0.wp.com\/le-clairon-nouveau.fr\/wordpress\/wp-content\/uploads\/2022\/09\/Barrage-du-Cap-de-Pla-depuis-la-contournante-ouest-Photo-HR.jpg?resize=594%2C335&amp;ssl=1\" class=\"pt-cv-thumbnail img-shadow pull-left cvp-substitute no-lazyload \" alt=\"Narbonnaise, am\u00e9nagement du Rec de Veyret : le COPAREC ne renonce pas\" title=\"\" data-no-lazy=\"1\" \/><\/a>\n<h4 class=\"pt-cv-title\"><a href=\"https:\/\/le-clairon-nouveau.fr\/wordpress\/blog\/2022\/09\/23\/narbonnaise-amenagement-du-rec-de-veyret-le-coparec-ne-renonce-pas\/\" class=\"pt-cv-window\" target=\"pt-cv-window\" data-width=\"1200\" data-height=\"600\" data-iw=\"150\" data-ih=\"150\">Narbonnaise, am\u00e9nagement du Rec de Veyret : le COPAREC ne renonce pas<\/a><\/h4>\n<div class=\"pt-cv-meta-fields\"><span class=\"entry-date\"><span class=\"glyphicon glyphicon-calendar\"><\/span> <time datetime=\"2022-09-23T12:30:50+02:00\">23 septembre 2022<\/time><\/span><span class=\"author\"><span class=\"glyphicon glyphicon-user\"><\/span> <a href=\"https:\/\/le-clairon-nouveau.fr\/wordpress\/blog\/author\/redact\/\" rel=\"author\">La R\u00e9daction du Clairon de l'Atax<\/a><\/span><span class=\"comments-link\"><span class=\"glyphicon glyphicon-comment\"><\/span> <a href=\"https:\/\/le-clairon-nouveau.fr\/wordpress\/blog\/2022\/09\/23\/narbonnaise-amenagement-du-rec-de-veyret-le-coparec-ne-renonce-pas\/#comments\">2 commentaires <span class=\"screen-reader-text\"> sur Narbonnaise, am\u00e9nagement du Rec de Veyret : le COPAREC ne renonce pas<\/span><\/a><\/span><\/div>\n<div class=\"pt-cv-content\">il faudrait que les pouvoirs publics s'habituent \u00e0 l'id\u00e9e qu'ils ne sont pas les seuls \u00e0 pouvoir mobiliser de l'expertise, la soci\u00e9t\u00e9 civile dispose en son sein de comp\u00e9tences et d'exp\u00e9riences parfois \u00e9quivalents sinon plus appropri\u00e9es ... <a href=\"https:\/\/le-clairon-nouveau.fr\/wordpress\/blog\/2022\/09\/23\/narbonnaise-amenagement-du-rec-de-veyret-le-coparec-ne-renonce-pas\/\" class=\"pt-cv-window pt-cv-readmore pt-cv-textlink\" target=\"pt-cv-window\" data-width=\"1200\" data-height=\"600\" data-iw=\"150\" data-ih=\"150\">Lire la suite<\/a><\/div><\/div><\/div>\n<div class=\"col-md-12 col-sm-12 col-xs-12 pt-cv-content-item pt-cv-2-col\"  data-pid=\"27308\"><div class='pt-cv-ifield'><a href=\"https:\/\/le-clairon-nouveau.fr\/wordpress\/blog\/2022\/12\/23\/rubresus-narbonnaise-un-etat-des-lieux-en-fin-dannee\/\" class=\"pt-cv-window pt-cv-href-thumbnail pt-cv-thumb-left cvp-responsive-image img-shadow\" target=\"pt-cv-window\" data-width=\"1200\" data-height=\"600\" data-iw=\"150\" data-ih=\"150\"><img decoding=\"async\" width=\"150\" src=\"https:\/\/i0.wp.com\/le-clairon-nouveau.fr\/wordpress\/wp-content\/uploads\/2021\/09\/Barrage-Cap-de-Pla-1.jpg?resize=568%2C320&amp;ssl=1\" class=\"pt-cv-thumbnail img-shadow pull-left cvp-substitute no-lazyload \" alt=\"RUBRESUS : Narbonnaise, un \u00e9tat des lieux en fin d&#039;ann\u00e9e\" title=\"\" data-no-lazy=\"1\" \/><\/a>\n<h4 class=\"pt-cv-title\"><a href=\"https:\/\/le-clairon-nouveau.fr\/wordpress\/blog\/2022\/12\/23\/rubresus-narbonnaise-un-etat-des-lieux-en-fin-dannee\/\" class=\"pt-cv-window\" target=\"pt-cv-window\" data-width=\"1200\" data-height=\"600\" data-iw=\"150\" data-ih=\"150\">RUBRESUS : Narbonnaise, un \u00e9tat des lieux en fin d&rsquo;ann\u00e9e<\/a><\/h4>\n<div class=\"pt-cv-meta-fields\"><span class=\"entry-date\"><span class=\"glyphicon glyphicon-calendar\"><\/span> <time datetime=\"2022-12-23T12:30:26+01:00\">23 d\u00e9cembre 2022<\/time><\/span><span class=\"author\"><span class=\"glyphicon glyphicon-user\"><\/span> <a href=\"https:\/\/le-clairon-nouveau.fr\/wordpress\/blog\/author\/redact\/\" rel=\"author\">La R\u00e9daction du Clairon de l'Atax<\/a><\/span><span class=\"comments-link\"><span class=\"glyphicon glyphicon-comment\"><\/span> <a href=\"https:\/\/le-clairon-nouveau.fr\/wordpress\/blog\/2022\/12\/23\/rubresus-narbonnaise-un-etat-des-lieux-en-fin-dannee\/#respond\">Aucun commentaire<span class=\"screen-reader-text\"> sur RUBRESUS : Narbonnaise, un \u00e9tat des lieux en fin d&rsquo;ann\u00e9e<\/span><\/a><\/span><\/div>\n<div class=\"pt-cv-content\">L&rsquo;Aude est un d\u00e9partement particuli\u00e8rement sensible aux inondations qui a d\u00e9j\u00e0 pay\u00e9 un lourd tribu en vies humaines et en d\u00e9g\u00e2ts mat\u00e9riels. Aussi la protection contre les inondations est un sujet primordial, encore fait-il investir \u00e0 bon escient des ressources qui s&rsquo;av\u00e8rent limit\u00e9es dans des actions efficaces. Divers projets sont en cours d&rsquo;\u00e9laboration, leur bonne fin et leur efficacit\u00e9 d\u00e9pend du dialogue entre les techniciens, les politiques et la soci\u00e9t\u00e9 civile. Celle-ci dispose\u00a0 en son sein d&rsquo;excelentes capacit\u00e9s d&rsquo;expertise et s&rsquo;exprime localement dans des associations de d\u00e9fense de l&rsquo;environnement comme RUBRESUS, COPAREC, GREENPEACE groupe Narbonne, LA SOCI\u00c9T\u00c9 DE PROTECTION DE LA NATURE Section Aude, etc. Ces organismes ont \u00e9mis, apr\u00e8s analyse, des avis sur les projets et dispositifs relatifs \u00e0 la protection contre les inondations, qui m\u00e9riteraient d&rsquo;\u00eatre mieux pris en compte par les ma\u00eetres d&rsquo;\u0153uvre et les \u00e9lus. Nous publions ici un \u00e9tat des lieux en fin d&rsquo;ann\u00e9e que l&rsquo;association RUBRESUS adresse aux Narbonnaise et Narbonnais, ainsi qu&rsquo;un communiqu\u00e9 r\u00e9dig\u00e9 conjointement par les 4 organismes pr\u00e9-cit\u00e9s et, pour ceux qui veulent en savoir plus, le document du PAPI 3 (Programme d&rsquo;Action et de Pr\u00e9vention des Inondation du Bassin de l&rsquo;Aude et de la Berre 2023 \/2028). La r\u00e9daction du Clairon Barrage actuel du Cap de PLa sur le Rec de Veyret (Photo HR) \u00c9tat des lieux RUBRESUS Bonjour \u00e0 tous, La tr\u00eave de fin d&rsquo;ann\u00e9e approche, mais avant voici une derni\u00e8re salve de RUBRESUS en r\u00e9ponse \u00e0 l&rsquo;intense actualit\u00e9 autour de nos actions. Il s&rsquo;agit d&rsquo;un dossier \u00e0 75 ... <a href=\"https:\/\/le-clairon-nouveau.fr\/wordpress\/blog\/2022\/12\/23\/rubresus-narbonnaise-un-etat-des-lieux-en-fin-dannee\/\" class=\"pt-cv-window pt-cv-readmore pt-cv-textlink\" target=\"pt-cv-window\" data-width=\"1200\" data-height=\"600\" data-iw=\"150\" data-ih=\"150\">Lire la suite<\/a><\/div><\/div><\/div>\n<div class=\"col-md-12 col-sm-12 col-xs-12 pt-cv-content-item pt-cv-2-col\"  data-pid=\"27427\"><div class='pt-cv-ifield'><a href=\"https:\/\/le-clairon-nouveau.fr\/wordpress\/blog\/2023\/01\/23\/aude-risques-dinondation-des-associations-de-protection-de-lenvironnement-communiquent\/\" class=\"pt-cv-window pt-cv-href-thumbnail pt-cv-thumb-left cvp-responsive-image img-shadow\" target=\"pt-cv-window\" data-width=\"1200\" data-height=\"600\" data-iw=\"150\" data-ih=\"150\"><img decoding=\"async\" width=\"150\" src=\"https:\/\/i0.wp.com\/le-clairon-nouveau.fr\/wordpress\/wp-content\/uploads\/2023\/01\/Narbonne-pont-sur-le-ruisseau-Veyret-avenue-Leclerc-photo-HR.jpg?resize=579%2C326&amp;ssl=1\" class=\"pt-cv-thumbnail img-shadow pull-left cvp-substitute no-lazyload \" alt=\"Aude,  risques d\u2019inondation : des associations de protection de l\u2019environnement communiquent\" title=\"\" data-no-lazy=\"1\" \/><\/a>\n<h4 class=\"pt-cv-title\"><a href=\"https:\/\/le-clairon-nouveau.fr\/wordpress\/blog\/2023\/01\/23\/aude-risques-dinondation-des-associations-de-protection-de-lenvironnement-communiquent\/\" class=\"pt-cv-window\" target=\"pt-cv-window\" data-width=\"1200\" data-height=\"600\" data-iw=\"150\" data-ih=\"150\">Aude,  risques d\u2019inondation : des associations de protection de l\u2019environnement communiquent<\/a><\/h4>\n<div class=\"pt-cv-meta-fields\"><span class=\"entry-date\"><span class=\"glyphicon glyphicon-calendar\"><\/span> <time datetime=\"2023-01-23T12:30:04+01:00\">23 janvier 2023<\/time><\/span><span class=\"author\"><span class=\"glyphicon glyphicon-user\"><\/span> <a href=\"https:\/\/le-clairon-nouveau.fr\/wordpress\/blog\/author\/redact\/\" rel=\"author\">La R\u00e9daction du Clairon de l'Atax<\/a><\/span><span class=\"comments-link\"><span class=\"glyphicon glyphicon-comment\"><\/span> <a href=\"https:\/\/le-clairon-nouveau.fr\/wordpress\/blog\/2023\/01\/23\/aude-risques-dinondation-des-associations-de-protection-de-lenvironnement-communiquent\/#comments\">Un commentaire <span class=\"screen-reader-text\"> sur Aude,  risques d\u2019inondation : des associations de protection de l\u2019environnement communiquent<\/span><\/a><\/span><\/div>\n<div class=\"pt-cv-content\">Narbonne pont sur le ruisseau Veyret avenue Leclerc (photo HR) Communiqu\u00e9 : COPAREC\u00a0 : Collectif pour la Protection et l\u2019Am\u00e9nagement du rec de Veyret \u00e0 Montredon des Corbi\u00e8res Association RUBRESUS, protection de l\u2019environnement Basse Vall\u00e9e de l\u2019Aude Greenpeace, groupe Narbonne Soci\u00e9t\u00e9 de Protection de la Nature, Comit\u00e9 Aude SMMAR et SMDA s\u2019embourbent dans le rec de Veyret Apr\u00e8s les crues catastrophiques de 2018 qui ont lourdement frapp\u00e9 l\u2019Ouest audois (15 victimes), la pr\u00e9sentation par le SMMAR du 3\u00e8me Plan d\u2019Actions de Pr\u00e9vention des Inondations (PAPI 3, 2023-2029) devant la Commission Mixte Inondation relat\u00e9e par L\u2019ind\u00e9pendant le 10 d\u00e9cembre nous apporte son lot de surprises. Un PAPI 3 d\u00e9s\u00e9quilibr\u00e9, \u00e0 contre-sens Avec un budget du PAPI 3 sur-gonfl\u00e9 de 75 millions (M) \u20ac, le SMMAR a annonc\u00e9 en r\u00e9ponse \u00e0 la crue d\u2019octobre 2018 environ 50 M \u20ac de travaux (L\u2019Ind\u00e9pendant, 10\/12\/22). Or, c\u2019est vers le Grand Narbonne que la plus grosse part du budget travaux va avec 26 M \u20ac affect\u00e9s pour l\u2019am\u00e9nagement d\u2019un tout petit ruisseau sec\u00a0: le rec de Veyret. Totalement inconnu des audois, m\u00eame des plus f\u00e9rus en g\u00e9ographie, le cours sup\u00e9rieur du Veyret d\u2019\u00e0 peine 14 km s\u2019inscrit dans une topographie de l\u00e9ger relief (d\u00e9nivel\u00e9 200 m) des premi\u00e8res petites collines des Corbi\u00e8res Maritimes en bordure du delta de l\u2019Aude. Il n\u2019a jamais provoqu\u00e9 de d\u00e9g\u00e2ts d\u00e9vastateurs ni la moindre victime comme les archives en attestent, m\u00eame lors des pires \u00e9v\u00e8nements que l\u2019Aude a subis en 1999 et 2018.\u00a0 Le co\u00fbt total de l\u2019am\u00e9nagement du Veyret ... <a href=\"https:\/\/le-clairon-nouveau.fr\/wordpress\/blog\/2023\/01\/23\/aude-risques-dinondation-des-associations-de-protection-de-lenvironnement-communiquent\/\" class=\"pt-cv-window pt-cv-readmore pt-cv-textlink\" target=\"pt-cv-window\" data-width=\"1200\" data-height=\"600\" data-iw=\"150\" data-ih=\"150\">Lire la suite<\/a><\/div><\/div><\/div>\n<div class=\"col-md-12 col-sm-12 col-xs-12 pt-cv-content-item pt-cv-2-col\"  data-pid=\"28304\"><div class='pt-cv-ifield'><a href=\"https:\/\/le-clairon-nouveau.fr\/wordpress\/blog\/2023\/05\/23\/laqueduc-des-sources-de-fontfroide-pres-de-narbonne-une-richesse-patrimoniale-en-peril\/\" class=\"pt-cv-window pt-cv-href-thumbnail pt-cv-thumb-left cvp-responsive-image img-shadow\" target=\"pt-cv-window\" data-width=\"1200\" data-height=\"600\" data-iw=\"150\" data-ih=\"150\"><img decoding=\"async\" width=\"150\" src=\"https:\/\/i0.wp.com\/le-clairon-nouveau.fr\/wordpress\/wp-content\/uploads\/2023\/05\/LF-Castelas-H%C2%B20.jpg?resize=548%2C411&amp;ssl=1\" class=\"pt-cv-thumbnail img-shadow pull-left cvp-substitute no-lazyload \" alt=\"L\u2019aqueduc des sources de Fontfroide pr\u00e8s de Narbonne, une richesse patrimoniale en p\u00e9ril.\" title=\"\" data-no-lazy=\"1\" \/><\/a>\n<h4 class=\"pt-cv-title\"><a href=\"https:\/\/le-clairon-nouveau.fr\/wordpress\/blog\/2023\/05\/23\/laqueduc-des-sources-de-fontfroide-pres-de-narbonne-une-richesse-patrimoniale-en-peril\/\" class=\"pt-cv-window\" target=\"pt-cv-window\" data-width=\"1200\" data-height=\"600\" data-iw=\"150\" data-ih=\"150\">L\u2019aqueduc des sources de Fontfroide pr\u00e8s de Narbonne, une richesse patrimoniale en p\u00e9ril.<\/a><\/h4>\n<div class=\"pt-cv-meta-fields\"><span class=\"entry-date\"><span class=\"glyphicon glyphicon-calendar\"><\/span> <time datetime=\"2023-05-23T11:30:18+02:00\">23 mai 2023<\/time><\/span><span class=\"author\"><span class=\"glyphicon glyphicon-user\"><\/span> <a href=\"https:\/\/le-clairon-nouveau.fr\/wordpress\/blog\/author\/laurent\/\" rel=\"author\">Laurent Fabas<\/a><\/span><span class=\"comments-link\"><span class=\"glyphicon glyphicon-comment\"><\/span> <a href=\"https:\/\/le-clairon-nouveau.fr\/wordpress\/blog\/2023\/05\/23\/laqueduc-des-sources-de-fontfroide-pres-de-narbonne-une-richesse-patrimoniale-en-peril\/#comments\">5 commentaires <span class=\"screen-reader-text\"> sur L\u2019aqueduc des sources de Fontfroide pr\u00e8s de Narbonne, une richesse patrimoniale en p\u00e9ril.<\/span><\/a><\/span><\/div>\n<div class=\"pt-cv-content\">L\u2019aqueduc des sources de Fontfroide est un t\u00e9moignage tr\u00e8s lisible de la mani\u00e8re dont les anciens ont trait\u00e9 sur le long terme la probl\u00e9matique de l\u2019eau ... <a href=\"https:\/\/le-clairon-nouveau.fr\/wordpress\/blog\/2023\/05\/23\/laqueduc-des-sources-de-fontfroide-pres-de-narbonne-une-richesse-patrimoniale-en-peril\/\" class=\"pt-cv-window pt-cv-readmore pt-cv-textlink\" target=\"pt-cv-window\" data-width=\"1200\" data-height=\"600\" data-iw=\"150\" data-ih=\"150\">Lire la suite<\/a><\/div><\/div><\/div>\n<div class=\"col-md-12 col-sm-12 col-xs-12 pt-cv-content-item pt-cv-2-col\"  data-pid=\"28407\"><div class='pt-cv-ifield'><a href=\"https:\/\/le-clairon-nouveau.fr\/wordpress\/blog\/2023\/06\/23\/la-ronde-des-sources-a-montredon-corbieres\/\" class=\"pt-cv-window pt-cv-href-thumbnail pt-cv-thumb-left cvp-responsive-image img-shadow\" target=\"pt-cv-window\" data-width=\"1200\" data-height=\"600\" data-iw=\"150\" data-ih=\"150\"><img decoding=\"async\" width=\"150\" src=\"https:\/\/i0.wp.com\/le-clairon-nouveau.fr\/wordpress\/wp-content\/uploads\/2023\/06\/source-bis-acqueduc-99.jpg?resize=515%2C687&amp;ssl=1\" class=\"pt-cv-thumbnail img-shadow pull-left cvp-substitute no-lazyload \" alt=\"La Ronde des Sources \u00e0 Montredon-Corbi\u00e8res\" title=\"\" data-no-lazy=\"1\" \/><\/a>\n<h4 class=\"pt-cv-title\"><a href=\"https:\/\/le-clairon-nouveau.fr\/wordpress\/blog\/2023\/06\/23\/la-ronde-des-sources-a-montredon-corbieres\/\" class=\"pt-cv-window\" target=\"pt-cv-window\" data-width=\"1200\" data-height=\"600\" data-iw=\"150\" data-ih=\"150\">La Ronde des Sources \u00e0 Montredon-Corbi\u00e8res<\/a><\/h4>\n<div class=\"pt-cv-meta-fields\"><span class=\"entry-date\"><span class=\"glyphicon glyphicon-calendar\"><\/span> <time datetime=\"2023-06-23T12:30:54+02:00\">23 juin 2023<\/time><\/span><span class=\"author\"><span class=\"glyphicon glyphicon-user\"><\/span> <a href=\"https:\/\/le-clairon-nouveau.fr\/wordpress\/blog\/author\/laurent\/\" rel=\"author\">Laurent Fabas<\/a><\/span><span class=\"comments-link\"><span class=\"glyphicon glyphicon-comment\"><\/span> <a href=\"https:\/\/le-clairon-nouveau.fr\/wordpress\/blog\/2023\/06\/23\/la-ronde-des-sources-a-montredon-corbieres\/#comments\">4 commentaires <span class=\"screen-reader-text\"> sur La Ronde des Sources \u00e0 Montredon-Corbi\u00e8res<\/span><\/a><\/span><\/div>\n<div class=\"pt-cv-content\">un site exceptionnel \u00e0 haute valeur patrimoniale, menac\u00e9 par un projet pharaonique dont l'efficacit\u00e9 reste \u00e0 prouver ... <a href=\"https:\/\/le-clairon-nouveau.fr\/wordpress\/blog\/2023\/06\/23\/la-ronde-des-sources-a-montredon-corbieres\/\" class=\"pt-cv-window pt-cv-readmore pt-cv-textlink\" target=\"pt-cv-window\" data-width=\"1200\" data-height=\"600\" data-iw=\"150\" data-ih=\"150\">Lire la suite<\/a><\/div><\/div><\/div>\n<div class=\"col-md-12 col-sm-12 col-xs-12 pt-cv-content-item pt-cv-2-col\"  data-pid=\"28539\"><div class='pt-cv-ifield'><a href=\"https:\/\/le-clairon-nouveau.fr\/wordpress\/blog\/2023\/07\/23\/haute-tension-dans-la-garrigue\/\" class=\"pt-cv-window pt-cv-href-thumbnail pt-cv-thumb-left cvp-responsive-image img-shadow\" target=\"pt-cv-window\" data-width=\"1200\" data-height=\"600\" data-iw=\"150\" data-ih=\"150\"><img decoding=\"async\" width=\"150\" src=\"https:\/\/i0.wp.com\/le-clairon-nouveau.fr\/wordpress\/wp-content\/uploads\/2023\/07\/Incendie-montr-1-Copie.jpg?fit=1024%2C768&amp;ssl=1\" class=\"pt-cv-thumbnail img-shadow pull-left cvp-substitute no-lazyload \" alt=\"Haute tension dans la garrigue\" title=\"\" data-no-lazy=\"1\" \/><\/a>\n<h4 class=\"pt-cv-title\"><a href=\"https:\/\/le-clairon-nouveau.fr\/wordpress\/blog\/2023\/07\/23\/haute-tension-dans-la-garrigue\/\" class=\"pt-cv-window\" target=\"pt-cv-window\" data-width=\"1200\" data-height=\"600\" data-iw=\"150\" data-ih=\"150\">Haute tension dans la garrigue<\/a><\/h4>\n<div class=\"pt-cv-meta-fields\"><span class=\"entry-date\"><span class=\"glyphicon glyphicon-calendar\"><\/span> <time datetime=\"2023-07-23T12:30:40+02:00\">23 juillet 2023<\/time><\/span><span class=\"author\"><span class=\"glyphicon glyphicon-user\"><\/span> <a href=\"https:\/\/le-clairon-nouveau.fr\/wordpress\/blog\/author\/laurent\/\" rel=\"author\">Laurent Fabas<\/a><\/span><span class=\"comments-link\"><span class=\"glyphicon glyphicon-comment\"><\/span> <a href=\"https:\/\/le-clairon-nouveau.fr\/wordpress\/blog\/2023\/07\/23\/haute-tension-dans-la-garrigue\/#comments\">3 commentaires <span class=\"screen-reader-text\"> sur Haute tension dans la garrigue<\/span><\/a><\/span><\/div>\n<div class=\"pt-cv-content\">Un projet de barrage dans la vall\u00e9e du Castellas situ\u00e9e sur la commune de Montredon-des-Corbi\u00e8res provoque de vives r\u00e9actions au sein du public de la Narbonnaise alors qu'un incendie d\u00e9truit la garrigue sur l'un de ses versants ... <a href=\"https:\/\/le-clairon-nouveau.fr\/wordpress\/blog\/2023\/07\/23\/haute-tension-dans-la-garrigue\/\" class=\"pt-cv-window pt-cv-readmore pt-cv-textlink\" target=\"pt-cv-window\" data-width=\"1200\" data-height=\"600\" data-iw=\"150\" data-ih=\"150\">Lire la suite<\/a><\/div><\/div><\/div>\n<div class=\"col-md-12 col-sm-12 col-xs-12 pt-cv-content-item pt-cv-2-col\"  data-pid=\"28699\"><div class='pt-cv-ifield'><a href=\"https:\/\/le-clairon-nouveau.fr\/wordpress\/blog\/2023\/09\/23\/ces-barrages-qui-tuent\/\" class=\"pt-cv-window pt-cv-href-thumbnail pt-cv-thumb-left cvp-responsive-image img-shadow\" target=\"pt-cv-window\" data-width=\"1200\" data-height=\"600\" data-iw=\"150\" data-ih=\"150\"><img decoding=\"async\" width=\"150\" src=\"https:\/\/i0.wp.com\/le-clairon-nouveau.fr\/wordpress\/wp-content\/uploads\/2023\/09\/Inondation-Image-par-652234-de-Pixabay.jpg?resize=576%2C432&amp;ssl=1\" class=\"pt-cv-thumbnail img-shadow pull-left cvp-substitute no-lazyload \" alt=\"Ces barrages qui tuent.\" title=\"\" data-no-lazy=\"1\" \/><\/a>\n<h4 class=\"pt-cv-title\"><a href=\"https:\/\/le-clairon-nouveau.fr\/wordpress\/blog\/2023\/09\/23\/ces-barrages-qui-tuent\/\" class=\"pt-cv-window\" target=\"pt-cv-window\" data-width=\"1200\" data-height=\"600\" data-iw=\"150\" data-ih=\"150\">Ces barrages qui tuent.<\/a><\/h4>\n<div class=\"pt-cv-meta-fields\"><span class=\"entry-date\"><span class=\"glyphicon glyphicon-calendar\"><\/span> <time datetime=\"2023-09-23T12:30:22+02:00\">23 septembre 2023<\/time><\/span><span class=\"author\"><span class=\"glyphicon glyphicon-user\"><\/span> <a href=\"https:\/\/le-clairon-nouveau.fr\/wordpress\/blog\/author\/laurent\/\" rel=\"author\">Laurent Fabas<\/a><\/span><span class=\"comments-link\"><span class=\"glyphicon glyphicon-comment\"><\/span> <a href=\"https:\/\/le-clairon-nouveau.fr\/wordpress\/blog\/2023\/09\/23\/ces-barrages-qui-tuent\/#respond\">Aucun commentaire<span class=\"screen-reader-text\"> sur Ces barrages qui tuent.<\/span><\/a><\/span><\/div>\n<div class=\"pt-cv-content\">Saurons-nous \u00e0 Narbonne tirer la le\u00e7on de la catastrophe de Derna en Lybie ? ... <a href=\"https:\/\/le-clairon-nouveau.fr\/wordpress\/blog\/2023\/09\/23\/ces-barrages-qui-tuent\/\" class=\"pt-cv-window pt-cv-readmore pt-cv-textlink\" target=\"pt-cv-window\" data-width=\"1200\" data-height=\"600\" data-iw=\"150\" data-ih=\"150\">Lire la suite<\/a><\/div><\/div><\/div>\n<div class=\"col-md-12 col-sm-12 col-xs-12 pt-cv-content-item pt-cv-2-col\"  data-pid=\"30946\"><div class='pt-cv-ifield'><a href=\"https:\/\/le-clairon-nouveau.fr\/wordpress\/blog\/2024\/12\/21\/electeur-mais-citoyen\/\" class=\"pt-cv-window pt-cv-href-thumbnail pt-cv-thumb-left cvp-responsive-image img-shadow\" target=\"pt-cv-window\" data-width=\"1200\" data-height=\"600\" data-iw=\"150\" data-ih=\"150\"><img decoding=\"async\" width=\"150\" src=\"https:\/\/i0.wp.com\/le-clairon-nouveau.fr\/wordpress\/wp-content\/uploads\/2024\/12\/Urne-Image-par-Tumisu-de-Pixabay.png?resize=642%2C454&amp;ssl=1\" class=\"pt-cv-thumbnail img-shadow pull-left cvp-substitute no-lazyload \" alt=\"\u00c9lecteur mais citoyen\" title=\"\" data-no-lazy=\"1\" \/><\/a>\n<h4 class=\"pt-cv-title\"><a href=\"https:\/\/le-clairon-nouveau.fr\/wordpress\/blog\/2024\/12\/21\/electeur-mais-citoyen\/\" class=\"pt-cv-window\" target=\"pt-cv-window\" data-width=\"1200\" data-height=\"600\" data-iw=\"150\" data-ih=\"150\">\u00c9lecteur mais citoyen<\/a><\/h4>\n<div class=\"pt-cv-meta-fields\"><span class=\"entry-date\"><span class=\"glyphicon glyphicon-calendar\"><\/span> <time datetime=\"2024-12-21T12:30:04+01:00\">21 d\u00e9cembre 2024<\/time><\/span><span class=\"author\"><span class=\"glyphicon glyphicon-user\"><\/span> <a href=\"https:\/\/le-clairon-nouveau.fr\/wordpress\/blog\/author\/laurent\/\" rel=\"author\">Laurent Fabas<\/a><\/span><span class=\"comments-link\"><span class=\"glyphicon glyphicon-comment\"><\/span> <a href=\"https:\/\/le-clairon-nouveau.fr\/wordpress\/blog\/2024\/12\/21\/electeur-mais-citoyen\/#comments\">Un commentaire <span class=\"screen-reader-text\"> sur \u00c9lecteur mais citoyen<\/span><\/a><\/span><\/div>\n<div class=\"pt-cv-content\">il s\u2019agit de repenser la participation citoyenne \u00e0 la lumi\u00e8re des exigences d'une d\u00e9lib\u00e9ration v\u00e9ritable et faire de l'espace public un v\u00e9ritable creuset de la d\u00e9cision d\u00e9mocratique ... <a href=\"https:\/\/le-clairon-nouveau.fr\/wordpress\/blog\/2024\/12\/21\/electeur-mais-citoyen\/\" class=\"pt-cv-window pt-cv-readmore pt-cv-textlink\" target=\"pt-cv-window\" data-width=\"1200\" data-height=\"600\" data-iw=\"150\" data-ih=\"150\">Lire la suite<\/a><\/div><\/div><\/div>\n<div class=\"col-md-12 col-sm-12 col-xs-12 pt-cv-content-item pt-cv-2-col\"  data-pid=\"31193\"><div class='pt-cv-ifield'><a href=\"https:\/\/le-clairon-nouveau.fr\/wordpress\/blog\/2025\/02\/13\/projet-de-barrage-du-rec-de-veyret-un-choix-biaise-une-evaluation-independante-simpose\/\" class=\"pt-cv-window pt-cv-href-thumbnail pt-cv-thumb-left cvp-responsive-image img-shadow\" target=\"pt-cv-window\" data-width=\"1200\" data-height=\"600\" data-iw=\"150\" data-ih=\"150\"><img decoding=\"async\" width=\"150\" src=\"https:\/\/i0.wp.com\/le-clairon-nouveau.fr\/wordpress\/wp-content\/uploads\/2025\/02\/Inondation-Image-par-Hermann-Traub-de-Pixabay.jpg?resize=500%2C333&amp;ssl=1\" class=\"pt-cv-thumbnail img-shadow pull-left cvp-substitute no-lazyload \" alt=\"Projet de barrage du &quot;Rec de Veyret&quot; : un choix biais\u00e9, une \u00e9valuation ind\u00e9pendante s\u2019impose\" title=\"\" data-no-lazy=\"1\" \/><\/a>\n<h4 class=\"pt-cv-title\"><a href=\"https:\/\/le-clairon-nouveau.fr\/wordpress\/blog\/2025\/02\/13\/projet-de-barrage-du-rec-de-veyret-un-choix-biaise-une-evaluation-independante-simpose\/\" class=\"pt-cv-window\" target=\"pt-cv-window\" data-width=\"1200\" data-height=\"600\" data-iw=\"150\" data-ih=\"150\">Projet de barrage du \u00ab\u00a0Rec de Veyret\u00a0\u00bb : un choix biais\u00e9, une \u00e9valuation ind\u00e9pendante s\u2019impose<\/a><\/h4>\n<div class=\"pt-cv-meta-fields\"><span class=\"entry-date\"><span class=\"glyphicon glyphicon-calendar\"><\/span> <time datetime=\"2025-02-13T23:43:05+01:00\">13 f\u00e9vrier 2025<\/time><\/span><span class=\"author\"><span class=\"glyphicon glyphicon-user\"><\/span> <a href=\"https:\/\/le-clairon-nouveau.fr\/wordpress\/blog\/author\/laurent\/\" rel=\"author\">Laurent Fabas<\/a><\/span><span class=\"comments-link\"><span class=\"glyphicon glyphicon-comment\"><\/span> <a href=\"https:\/\/le-clairon-nouveau.fr\/wordpress\/blog\/2025\/02\/13\/projet-de-barrage-du-rec-de-veyret-un-choix-biaise-une-evaluation-independante-simpose\/#comments\">4 commentaires <span class=\"screen-reader-text\"> sur Projet de barrage du \u00ab\u00a0Rec de Veyret\u00a0\u00bb : un choix biais\u00e9, une \u00e9valuation ind\u00e9pendante s\u2019impose<\/span><\/a><\/span><\/div>\n<div class=\"pt-cv-content\">Les bonnes pratiques en ing\u00e9nierie imposent de r\u00e9\u00e9valuer les alternatives lorsque les param\u00e8tres \u00e9voluent de mani\u00e8re substantielle ... <a href=\"https:\/\/le-clairon-nouveau.fr\/wordpress\/blog\/2025\/02\/13\/projet-de-barrage-du-rec-de-veyret-un-choix-biaise-une-evaluation-independante-simpose\/\" class=\"pt-cv-window pt-cv-readmore pt-cv-textlink\" target=\"pt-cv-window\" data-width=\"1200\" data-height=\"600\" data-iw=\"150\" data-ih=\"150\">Lire la suite<\/a><\/div><\/div><\/div>\n<div class=\"col-md-12 col-sm-12 col-xs-12 pt-cv-content-item pt-cv-2-col\"  data-pid=\"31386\"><div class='pt-cv-ifield'><a href=\"https:\/\/le-clairon-nouveau.fr\/wordpress\/blog\/2025\/03\/23\/le-projet-dun-barrage-du-rec-de-veyret-a-narbonne-un-cas-decole\/\" class=\"pt-cv-window pt-cv-href-thumbnail pt-cv-thumb-left cvp-responsive-image img-shadow\" target=\"pt-cv-window\" data-width=\"1200\" data-height=\"600\" data-iw=\"150\" data-ih=\"150\"><img decoding=\"async\" width=\"150\" src=\"https:\/\/i0.wp.com\/le-clairon-nouveau.fr\/wordpress\/wp-content\/uploads\/2025\/03\/barrage-5.jpg?resize=692%2C417&amp;ssl=1\" class=\"pt-cv-thumbnail img-shadow pull-left cvp-substitute no-lazyload \" alt=\"Le projet d\u2019un barrage du Rec de Veyret \u00e0 Narbonne :  un cas d\u2019\u00e9cole ?\" title=\"\" data-no-lazy=\"1\" \/><\/a>\n<h4 class=\"pt-cv-title\"><a href=\"https:\/\/le-clairon-nouveau.fr\/wordpress\/blog\/2025\/03\/23\/le-projet-dun-barrage-du-rec-de-veyret-a-narbonne-un-cas-decole\/\" class=\"pt-cv-window\" target=\"pt-cv-window\" data-width=\"1200\" data-height=\"600\" data-iw=\"150\" data-ih=\"150\">Le projet d\u2019un barrage du Rec de Veyret \u00e0 Narbonne :  un cas d\u2019\u00e9cole ?<\/a><\/h4>\n<div class=\"pt-cv-meta-fields\"><span class=\"entry-date\"><span class=\"glyphicon glyphicon-calendar\"><\/span> <time datetime=\"2025-03-23T12:30:01+01:00\">23 mars 2025<\/time><\/span><span class=\"author\"><span class=\"glyphicon glyphicon-user\"><\/span> <a href=\"https:\/\/le-clairon-nouveau.fr\/wordpress\/blog\/author\/hubert\/\" rel=\"author\">Hubert Reys<\/a><\/span><span class=\"comments-link\"><span class=\"glyphicon glyphicon-comment\"><\/span> <a href=\"https:\/\/le-clairon-nouveau.fr\/wordpress\/blog\/2025\/03\/23\/le-projet-dun-barrage-du-rec-de-veyret-a-narbonne-un-cas-decole\/#comments\">7 commentaires <span class=\"screen-reader-text\"> sur Le projet d\u2019un barrage du Rec de Veyret \u00e0 Narbonne :  un cas d\u2019\u00e9cole ?<\/span><\/a><\/span><\/div>\n<div class=\"pt-cv-content\">Les projets d'am\u00e9nagement mobilisent des comp\u00e9tences particuli\u00e8res : la soci\u00e9t\u00e9 civile y a sa place ... <a href=\"https:\/\/le-clairon-nouveau.fr\/wordpress\/blog\/2025\/03\/23\/le-projet-dun-barrage-du-rec-de-veyret-a-narbonne-un-cas-decole\/\" class=\"pt-cv-window pt-cv-readmore pt-cv-textlink\" target=\"pt-cv-window\" data-width=\"1200\" data-height=\"600\" data-iw=\"150\" data-ih=\"150\">Lire la suite<\/a><\/div><\/div><\/div><\/div><\/div><\/div>\t\t\t<style type=\"text\/css\" id=\"pt-cv-inline-style-5d9c583mru\">#pt-cv-view-0905d900rx.pt-cv-post-border { margin: 0; border-top-width: 2px; border-left-width: 2px }\n#pt-cv-view-0905d900rx.pt-cv-post-border { margin: 0; border-top-style: groove; border-left-style: groove }\n#pt-cv-view-0905d900rx.pt-cv-post-border { margin: 0; border-top-color: rgba(158,158,158,0.4); border-left-color: rgba(158,158,158,0.4) }\n#pt-cv-view-0905d900rx.pt-cv-post-border .pt-cv-content-item   { border-right-width: 2px; border-bottom-width: 2px; border-right-style: groove; border-bottom-style: groove; border-right-color: rgba(158,158,158,0.4); border-bottom-color: rgba(158,158,158,0.4); }\n#pt-cv-view-0905d900rx .pt-cv-title a, #pt-cv-view-0905d900rx  .panel-title { font-weight: 600 !important; }\n#pt-cv-view-0905d900rx .pt-cv-readmore  { color: #dd3333 !important; font-weight: 600 !important; }\n#pt-cv-view-0905d900rx .pt-cv-readmore:hover  { color: #ff7a7a !important; font-weight: 600 !important; }\n#pt-cv-view-0905d900rx  + .pt-cv-pagination-wrapper .pt-cv-more , #pt-cv-view-0905d900rx  + .pt-cv-pagination-wrapper .pagination .active a { color: #ffffff !important; background-color: #00aeef !important; }\n#pt-cv-gls-0905d900rx li a   { font-weight: 600 !important; }\n#pt-cv-gls-0905d900rx li a.pt-active   { color: #fff !important; background-color: #ff5a5f !important; }\n#pt-cv-view-0905d900rx .cvp-responsive-image[style*=\"background-image\"] { width: 150px; height: 150px; }<\/style>\r\n\t\t\t<\/p>\n<\/div><\/div><\/div><\/div><\/div><script type=\"text\/javascript\"> var tt_store_content = \"\\<p style\\='text\\-align\\: center;'\\>\\<span style\\='font\\-size\\: 14pt;'\\>\\<strong\\>T\\<\\\/strong\\>raitement\\<strong\\> D\\<\\\/strong\\>es\\<strong\\> N\\<\\\/strong\\>itrates\\<strong\\> \\(TDN\\)<br\/>TH\\<\\\/strong\\>ermal\\<strong\\> O\\<\\\/strong\\>rganic\\<strong\\> R\\<\\\/strong\\>eduction\\<strong\\> \\(<span class='tooltipsall tooltip_post_id_3610 classtoolTips37'>THOR<\/span>\\)\\<\\\/strong\\>\\<\\\/span\\>\\<\\\/p\\><br\/>\\<p style\\='text\\-align\\: justify;'\\>Proc\u00e9d\u00e9 envisag\u00e9 par la soci\u00e9t\u00e9 AREVA pour retraiter les d\u00e9chets nitrat\u00e9s et radio\\-actifs issus de son activit\u00e9 d'enrichissement de l'uranium, phase I de la pr\u00e9paration du combustible des centrales nucl\u00e9aires\\.\\<\\\/p\\><br\/>\\<p style\\='text\\-align\\: justify;'\\>Cette activit\u00e9 est mise en \u0153uvre dans l'usine de Malv\u00e9si \u00e0 quelques kilom\u00e8tres de Narbonne\\.\\<\\\/p\\><br\/>\\<p style\\='text\\-align\\: justify;'\\>Ce proc\u00e9d\u00e9, potentiellement tr\u00e8s toxique pour la sant\u00e9 et l'environnement, est au centre d'une vive opposition de la part des riverains et \u00e0 laquelle le Clairon s'associe \\(\\<a href\\='https\\:\\\/\\\/le\\-clairon\\-nouveau\\.fr\\\/wordpress\\\/dossiers\\\/dossier\\-malvesi\\-areva\\\/' target\\='_blank' rel\\='noopener'\\>voir notre dossier\\<\\\/a\\> sur le sujet\\)\\.\\<\\\/p\\>\"; toolTips('.classtoolTips37',tt_store_content,'3610'); <\/script><script type=\"text\/javascript\"> var tt_store_content = \"\\<p style\\='text\\-align\\: center;'\\>\\<span style\\='font\\-size\\: 14pt;'\\>\\<strong\\>T\\<\\\/strong\\>raitement\\<strong\\> D\\<\\\/strong\\>es\\<strong\\> N\\<\\\/strong\\>itrates\\<strong\\> \\(TDN\\)<br\/>TH\\<\\\/strong\\>ermal\\<strong\\> O\\<\\\/strong\\>rganic\\<strong\\> R\\<\\\/strong\\>eduction\\<strong\\> \\(THOR\\)\\<\\\/strong\\>\\<\\\/span\\>\\<\\\/p\\><br\/>\\<p style\\='text\\-align\\: justify;'\\>Proc\u00e9d\u00e9 envisag\u00e9 par la soci\u00e9t\u00e9 AREVA pour retraiter les d\u00e9chets nitrat\u00e9s et radio\\-actifs issus de son activit\u00e9 d'enrichissement de l'uranium, phase I de la pr\u00e9paration du combustible des centrales nucl\u00e9aires\\.\\<\\\/p\\><br\/>\\<p style\\='text\\-align\\: justify;'\\>Cette activit\u00e9 est mise en \u0153uvre dans l'usine de Malv\u00e9si \u00e0 quelques kilom\u00e8tres de Narbonne\\.\\<\\\/p\\><br\/>\\<p style\\='text\\-align\\: justify;'\\>Ce proc\u00e9d\u00e9, potentiellement tr\u00e8s toxique pour la sant\u00e9 et l'environnement, est au centre d'une vive opposition de la part des riverains et \u00e0 laquelle le Clairon s'associe \\(\\<a href\\='https\\:\\\/\\\/le\\-clairon\\-nouveau\\.fr\\\/wordpress\\\/dossiers\\\/dossier\\-malvesi\\-areva\\\/' target\\='_blank' rel\\='noopener'\\>voir notre dossier\\<\\\/a\\> sur le sujet\\)\\.\\<\\\/p\\>\"; toolTips('.classtoolTips37',tt_store_content,'3610'); <\/script><script type=\"text\/javascript\"> var tt_store_content = \"\\<p\\>Association de protection et sauvegarde de l\u2019environnement des Basses Plaines de l\u2019Aude\\<\\\/p\\>\"; toolTips('.classtoolTips44',tt_store_content,'7255'); <\/script><script type=\"text\/javascript\"> var tt_store_content = \"\\<p\\>Association de protection et sauvegarde de l\u2019environnement des Basses Plaines de l\u2019Aude\\<\\\/p\\>\"; toolTips('.classtoolTips44',tt_store_content,'7255'); <\/script><script type=\"text\/javascript\"> var tt_store_content = \"\\<p\\>Association de protection et sauvegarde de l\u2019environnement des Basses Plaines de l\u2019Aude\\<\\\/p\\>\"; toolTips('.classtoolTips44',tt_store_content,'7255'); <\/script><script type=\"text\/javascript\"> var tt_store_content = \"Nouveau nom que s'est donn\u00e9, en 2018, l'entreprise AREVA\"; toolTips('.classtoolTips77',tt_store_content,'5129'); <\/script><script type=\"text\/javascript\"> var tt_store_content = \"\\<p\\><span class='tooltipsall tooltip_post_id_19394 classtoolTips134'>SAGE<\/span> \\= \\<span class\\='st'\\> sch\u00e9ma d'am\u00e9nagement et de gestion de l'eau\\<\\\/span\\> , c'est un outil de planification qui concerne l'ensemble des eaux situ\u00e9es dans un bassin versant\\<\\\/p\\>\"; toolTips('.classtoolTips134',tt_store_content,'19394'); <\/script><script type=\"text\/javascript\"> var tt_store_content = \"\\<p style\\='text\\-align\\: center;'\\>\\<strong\\>\\<span style\\='font\\-size\\: 14pt;'\\>S\\<\\\/span\\>\\<\\\/strong\\>\\<span style\\='font\\-size\\: 14pt;'\\>oci\u00e9t\u00e9 d'\\<strong\\>\u00c9\\<\\\/strong\\>conomie \\<strong\\>M\\<\\\/strong\\>ixte\\<\\\/span\\>\\<\\\/p\\><br\/>\\<p style\\='text\\-align\\: justify;'\\>En France, une soci\u00e9t\u00e9 d'\u00e9conomie mixte est une soci\u00e9t\u00e9 anonyme dont le capital est majoritairement d\u00e9tenu par une ou plusieurs personnes publiques \\(\u00e0 savoir l'\u00c9tat, une Collectivit\u00e9 territoriale, ou tout autre \u00c9tablissement public\\)\\. Cette participation majoritaire publique est plafonn\u00e9e \u00e0 85&nbsp;% du capital depuis la Loi du 2 janvier 2002\\. Au moins une personne priv\u00e9e doit participer au capital de la <span class='tooltipsall tooltip_post_id_7168 classtoolTips142'>SEM<\/span>, sachant qu'il peut s'agir d'une autre SEM\\.\\<\\\/p\\><br\/>\\<p style\\='text\\-align\\: justify;'\\>\\<strong\\>Le recours \u00e0 la SEM garantit\\<\\\/strong\\> \u00e0 la collectivit\u00e9 publique actionnaire et cocontractante \\<strong\\>la prise en compte effective de l'int\u00e9r\u00eat g\u00e9n\u00e9ral\\<\\\/strong\\> dans les objectifs de l'entreprise \\<strong\\>et la souplesse de la soci\u00e9t\u00e9 de droit priv\u00e9\\<\\\/strong\\>\\.\\<\\\/p\\><br\/>\\<em\\>\\<a href\\='https\\:\\\/\\\/fr\\.wikipedia\\.org\\\/wiki\\\/Soci%C3%A9t%C3%A9_d%27%C3%A9conomie_mixte' target\\='_blank' rel\\='noopener'\\>Voir ici la page Wikipedia consacr\u00e9e aux SEM\\<\\\/a\\> \\<\\\/em\\><br\/><br\/>&nbsp;\"; toolTips('.classtoolTips142',tt_store_content,'7168'); <\/script><script type=\"text\/javascript\"> var tt_store_content = \"\\<p style\\='text\\-align\\: center;'\\>\\<span style\\='font\\-size\\: 14pt;'\\>\\<strong\\>I\\<\\\/strong\\>mp\u00f4t sur la \\<strong\\>F\\<\\\/strong\\>ortune \\<strong\\>I\\<\\\/strong\\>mmobili\u00e8re\\<\\\/span\\>\\<\\\/p\\>\"; toolTips('.classtoolTips148',tt_store_content,'5643'); <\/script><script type=\"text\/javascript\"> var tt_store_content = \"\\<p style\\='text\\-align\\: center;'\\>\\<span style\\='font\\-size\\: 14pt;'\\>\\<strong\\>R\\<\\\/strong\\>evenu de \\<strong\\>S\\<\\\/strong\\>olidarit\u00e9 \\<strong\\>A\\<\\\/strong\\>ctive\\<\\\/span\\>\\<\\\/p\\><br\/>\\<p style\\='text\\-align\\: justify;'\\>Le revenu de solidarit\u00e9 active est une prestation sociale fran\u00e7aise, g\u00e9r\u00e9e par les conseils d\u00e9partementaux, vers\u00e9e par les <span class='tooltipsall tooltip_post_id_5652 classtoolTips155'>CAF<\/span> et les MSA et destin\u00e9e \u00e0 garantir \u00e0 ses b\u00e9n\u00e9ficiaires, qu'ils aient ou non la capacit\u00e9 de travailler, un revenu minimum, avec en contrepartie une obligation de chercher un emploi ou de d\u00e9finir et suivre un projet professionnel visant \u00e0 am\u00e9liorer sa situation financi\u00e8re\\.\\<\\\/p\\><br\/>\\<p style\\='text\\-align\\: justify;'\\>Cette prestation sociale a \u00e9t\u00e9 mise en place en 2009, en remplacement du RMI \\(revenu minimum d'insertion\\), mis en place en 1988\\.\\<\\\/p\\><br\/>\\<p style\\='text\\-align\\: justify;'\\>En 2016, 2,5 millions de personnes \u00e9taient b\u00e9n\u00e9ficiaires du <span class='tooltipsall tooltip_post_id_5651 classtoolTips154'>RSA<\/span>\\.\\<\\\/p\\><br\/>\\<em\\>\\<a href\\='https\\:\\\/\\\/fr\\.wikipedia\\.org\\\/wiki\\\/Revenu_de_solidarit%C3%A9_active' target\\='_blank' rel\\='noopener'\\>Acc\u00e9der ici \u00e0 la fiche Wikipedia traitant du RSA\\<\\\/a\\><br\/>\\<a href\\='https\\:\\\/\\\/www\\.insee\\.fr\\\/fr\\\/metadonnees\\\/definition\\\/c1718' target\\='_blank' rel\\='noopener'\\>Acc\u00e9der ici \u00e0 la d\u00e9finition du RSA fournie par l'<span class='tooltipsall tooltip_post_id_6978 classtoolTips82'>INSEE<\/span>\\<\\\/a\\>\\<\\\/em\\>\"; toolTips('.classtoolTips154',tt_store_content,'5651'); <\/script><script type=\"text\/javascript\"> var tt_store_content = \"\\<p style\\='text\\-align\\: center;'\\>\\<span style\\='font\\-size\\: 14pt;'\\>\\<strong\\>R\\<\\\/strong\\>\u00e9pertoire \\<strong\\>N\\<\\\/strong\\>ational des \\<strong\\>A\\<\\\/strong\\>ssociations\\<\\\/span\\>\\<\\\/p\\>\"; toolTips('.classtoolTips159',tt_store_content,'24374'); <\/script><script type=\"text\/javascript\"> var tt_store_content = \"\\<p style\\='text\\-align\\: center;'\\>\\<strong\\>\\<span style\\='font\\-size\\: 14pt;'\\>G\\<\\\/span\\>\\<\\\/strong\\>\\<span style\\='font\\-size\\: 14pt;'\\>az \u00e0 \\<strong\\>E\\<\\\/strong\\>ffet de \\<strong\\>S\\<\\\/strong\\>erre\\<\\\/span\\>\\<\\\/p\\><br\/>\\<p style\\='text\\-align\\: justify;'\\>Les gaz \u00e0 effet de serre \\(<span class='tooltipsall tooltip_post_id_7232 classtoolTips161'>GES<\/span>\\) sont des composants gazeux qui absorbent le rayonnement infrarouge \u00e9mis par la surface terrestre et contribuent \u00e0 l'effet de serre\\. L'augmentation de leur concentration dans l'atmosph\u00e8re terrestre est l'un des facteurs \u00e0 l'origine du r\u00e9chauffement climatique\\.\\<\\\/p\\><br\/>\\<a href\\='https\\:\\\/\\\/fr\\.wikipedia\\.org\\\/wiki\\\/Gaz_%C3%A0_effet_de_serre' target\\='_blank' rel\\='noopener'\\>\\<em\\>Voir ici la fiche Wikipedia sur les gaz \u00e0 effet de serre\\<\\\/em\\>\\<\\\/a\\>\"; toolTips('.classtoolTips161',tt_store_content,'7232'); <\/script><script type=\"text\/javascript\"> var tt_store_content = \"\\<p style\\='text\\-align\\: justify'\\>La \u00ab\u00a0\\<b\\>programmation pluriannuelle de l'\u00e9nergie\\<\\\/b\\>\u00a0\u00bb \\(<span class='tooltipsall tooltip_post_id_7750 classtoolTips164'>PPE<\/span>\\) est, en France, un document strat\u00e9gique de pilotage de la transition \u00e9nerg\u00e9tique\\. Institu\u00e9e par l'article 176 de la \\<a title\\='Loi relative \u00e0 la transition \u00e9nerg\u00e9tique pour la croissance verte' href\\='https\\:\\\/\\\/fr\\.wikipedia\\.org\\\/wiki\\\/Loi_relative_%C3%A0_la_transition_%C3%A9nerg%C3%A9tique_pour_la_croissance_verte'\\>loi de transition \u00e9nerg\u00e9tique\\<\\\/a\\> \\(TECV\\), elle fixe une trajectoire pour le \\<a title\\='Mix \u00e9nerg\u00e9tique' href\\='https\\:\\\/\\\/fr\\.wikipedia\\.org\\\/wiki\\\/Mix_%C3%A9nerg%C3%A9tique'\\>mix \u00e9nerg\u00e9tique\\<\\\/a\\>, ainsi que \\<span class\\='citation'\\>\u00ab\u00a0les priorit\u00e9s d'action pour la gestion de l\u2019ensemble des formes d'\u00e9nergie sur le territoire m\u00e9tropolitain continental, afin d\u2019atteindre les objectifs nationaux fix\u00e9s par la loi\u00a0\u00bb\\<\\\/span\\>\\. \\(Wikip\u00e9dia\\)\\<\\\/p\\>\"; toolTips('.classtoolTips164',tt_store_content,'7750'); <\/script><script type=\"text\/javascript\"> var tt_store_content = \"\\<p style\\='text\\-align\\: justify'\\>La \u00ab\u00a0\\<b\\>programmation pluriannuelle de l'\u00e9nergie\\<\\\/b\\>\u00a0\u00bb \\(PPE\\) est, en France, un document strat\u00e9gique de pilotage de la transition \u00e9nerg\u00e9tique\\. Institu\u00e9e par l'article 176 de la \\<a title\\='Loi relative \u00e0 la transition \u00e9nerg\u00e9tique pour la croissance verte' href\\='https\\:\\\/\\\/fr\\.wikipedia\\.org\\\/wiki\\\/Loi_relative_%C3%A0_la_transition_%C3%A9nerg%C3%A9tique_pour_la_croissance_verte'\\>loi de transition \u00e9nerg\u00e9tique\\<\\\/a\\> \\(TECV\\), elle fixe une trajectoire pour le \\<a title\\='Mix \u00e9nerg\u00e9tique' href\\='https\\:\\\/\\\/fr\\.wikipedia\\.org\\\/wiki\\\/Mix_%C3%A9nerg%C3%A9tique'\\>mix \u00e9nerg\u00e9tique\\<\\\/a\\>, ainsi que \\<span class\\='citation'\\>\u00ab\u00a0les priorit\u00e9s d'action pour la gestion de l\u2019ensemble des formes d'\u00e9nergie sur le territoire m\u00e9tropolitain continental, afin d\u2019atteindre les objectifs nationaux fix\u00e9s par la loi\u00a0\u00bb\\<\\\/span\\>\\. \\(Wikip\u00e9dia\\)\\<\\\/p\\>\"; toolTips('.classtoolTips164',tt_store_content,'7750'); <\/script><script type=\"text\/javascript\"> var tt_store_content = \"\\<p style\\='text\\-align\\: justify;'\\>Le Conseil d'Orientation des Retraites est une instance qui r\u00e9unit &nbsp;\\<span class\\='st'\\>les principaux acteurs du champ des retraites\\<\\\/span\\> et effectue un travail d'\u00e9tudes et de concertation\\. Compos\u00e9 de parlementaires, de repr\u00e9sentants des organisations professionnelles et syndicales, des retrait\u00e9s et des familles, de membres de l'administration et d'experts, le Conseil d'orientation des retraites \\(<span class='tooltipsall tooltip_post_id_7751 classtoolTips165'>COR<\/span>\\) est plac\u00e9 aupr\u00e8s du Premier ministre\\.\\<\\\/p\\>\"; toolTips('.classtoolTips165',tt_store_content,'7751'); <\/script><script type=\"text\/javascript\"> var tt_store_content = \"Energies Renouvelables\"; toolTips('.classtoolTips167',tt_store_content,'7758'); <\/script><script type=\"text\/javascript\"> var tt_store_content = \"Energies Renouvelables\"; toolTips('.classtoolTips167',tt_store_content,'7758'); <\/script><script type=\"text\/javascript\"> var tt_store_content = \"\\<p style\\='text\\-align\\: center;'\\>\\<span style\\='font\\-size\\: 14pt;'\\>\\<strong\\>O\\<\\\/strong\\>rganisation \\<strong\\>M\\<\\\/strong\\>\u00e9t\u00e9orologique \\<strong\\>M\\<\\\/strong\\>ondiale<br\/>\\<strong\\>W\\<\\\/strong\\>orld \\<strong\\>M\\<\\\/strong\\>eteorological \\<strong\\>O\\<\\\/strong\\>rganization\\<\\\/span\\>\\<\\\/p\\><br\/>&nbsp;<br\/><br\/>\\<a href\\='https\\:\\\/\\\/public\\.wmo\\.int\\\/fr' target\\='_blank' rel\\='noopener'\\>\\<em\\>Acc\u00e9der ici au site de l'organisation\\<\\\/em\\>\\<\\\/a\\>\"; toolTips('.classtoolTips168',tt_store_content,'7763'); <\/script><script type=\"text\/javascript\"> var tt_store_content = \"\\<p style\\='text\\-align\\: center;'\\>\\<span style\\='font\\-size\\: 14pt;'\\>\\<strong\\>\u00c9\\<\\\/strong\\>cole \\<strong\\>N\\<\\\/strong\\>ationale d'\\<strong\\>A\\<\\\/strong\\>dministration\\<\\\/span\\>\\<\\\/p\\>\"; toolTips('.classtoolTips170',tt_store_content,'5213'); <\/script><script type=\"text\/javascript\"> var tt_store_content = \"\\<p style\\='text\\-align\\: justify'\\>\\<span class\\='ILfuVd'\\>La politique agricole commune \\(\\<b\\><span class='tooltipsall tooltip_post_id_11364 classtoolTips174'>PAC<\/span>\\<\\\/b\\>\\) est une politique mise en place \u00e0 l'\u00e9chelle de l'Union europ\u00e9enne\\. \u00c0 l'origine, elle est fond\u00e9e principalement sur des mesures de contr\u00f4le des prix et de subventionnement, visant \u00e0 moderniser et d\u00e9velopper l'agriculture\\.\\<\\\/span\\> \\(source Wikipedia\\)\\<\\\/p\\>\"; toolTips('.classtoolTips174',tt_store_content,'11364'); <\/script><script type=\"text\/javascript\"> var tt_store_content = \"\\<p style\\='text\\-align\\: center;'\\>\\<span style\\='font\\-size\\: 14pt;'\\>\\<strong\\>P\\<\\\/strong\\>\\<\\\/span\\>\\<span style\\='font\\-size\\: 14pt;'\\>lan \\<strong\\>L\\<\\\/strong\\>\\<\\\/span\\>\\<span style\\='font\\-size\\: 14pt;'\\>ocal d'\\<strong\\>U\\<\\\/strong\\>\\<\\\/span\\>\\<span style\\='font\\-size\\: 14pt;'\\>rbanisme\\<\\\/span\\>\\<\\\/p\\><br\/>&nbsp;\"; toolTips('.classtoolTips176',tt_store_content,'4979'); <\/script><script type=\"text\/javascript\"> var tt_store_content = \"\\<p\\>Conseil \u00c9conomique et Social\\<\\\/p\\>\"; toolTips('.classtoolTips180',tt_store_content,'29829'); <\/script><script type=\"text\/javascript\"> var tt_store_content = \"\\<p style\\='text\\-align\\: center;'\\>\\<span style\\='font\\-size\\: 14pt;'\\>\\<strong\\>H\\<\\\/strong\\>ydrocarbure \\<strong\\>A\\<\\\/strong\\>romatique \\<strong\\>P\\<\\\/strong\\>olycyclique\\<\\\/span\\>\\<\\\/p\\><br\/>\\<p style\\='text\\-align\\: justify;'\\>Depuis de nombreuses ann\u00e9es, les <span class='tooltipsall tooltip_post_id_20397 classtoolTips184'>HAP<\/span> sont tr\u00e8s \u00e9tudi\u00e9s car ce sont des compos\u00e9s pr\u00e9sents dans tous les milieux environnementaux et qui montrent une forte toxicit\u00e9\\. On a pu \u00e9tablir la canc\u00e9rog\u00e9n\u00e8se de certains HPA, tels que le Benzo\\[a\\]anthrac\u00e8ne, le Chrys\u00e8ne et d'autres\\.\\<\\\/p\\><br\/>\\<p style\\='text\\-align\\: justify;'\\>Les HAP proviennent principalement de la combustion \u00e0 haute temp\u00e9rature \\(500\u00b0 C et plus\\) de mati\u00e8res fossiles telles que le bois, le charbon et le p\u00e9trole\\. Dans l'environnement, la production de HAP provient donc&nbsp; du chauffage domestique, de la circulation automobile, des centrales \u00e9lectriques fonctionnant au charbon ou au p\u00e9trole \\('fioul'\\), ainsi que des incin\u00e9rateurs\\.\\<\\\/p\\><br\/>\\<p\\>\\<a href\\='https\\:\\\/\\\/fr\\.wikipedia\\.org\\\/wiki\\\/Hydrocarbure_aromatique_polycyclique' target\\='_blank' rel\\='noopener noreferrer'\\>\\<em\\>Voir ici l'article Wikipedia consacr\u00e9 aux HAP\\<\\\/em\\>\\<\\\/a\\>\\<\\\/p\\>\"; toolTips('.classtoolTips184',tt_store_content,'20397'); <\/script><script type=\"text\/javascript\"> var tt_store_content = \"\\<p style\\='text\\-align\\: center;'\\>\\<span style\\='font\\-size\\: 14pt;'\\>\\<strong\\>A\\<\\\/strong\\>gence \\<strong\\>R\\<\\\/strong\\>\u00e9gionale de \\<strong\\>S\\<\\\/strong\\>ant\u00e9\\<\\\/span\\>\\<\\\/p\\>\"; toolTips('.classtoolTips188',tt_store_content,'18356'); <\/script><script type=\"text\/javascript\"> var tt_store_content = \"\\<p style\\='text\\-align\\: center;'\\>\\<span style\\='font\\-size\\: 14pt;'\\>\\<strong\\>G\\<\\\/strong\\>roupement \\<strong\\>H\\<\\\/strong\\>ospitalier de \\<strong\\>T\\<\\\/strong\\>erritoire\\<\\\/span\\>\\<\\\/p\\><br\/>\\<p style\\='text\\-align\\: justify;'\\>Les groupements hospitaliers de territoires, dispositif pr\u00e9vu par la loi de sant\u00e9 2016, sont un nouveau mode de coop\u00e9ration entre les \u00e9tablissements publics de sant\u00e9 \u00e0 l\u2019\u00e9chelle d\u2019un territoire\\<\\\/p\\>\"; toolTips('.classtoolTips189',tt_store_content,'18358'); <\/script><script type=\"text\/javascript\"> var tt_store_content = \"\\<p style\\='text\\-align\\: center;'\\>\\<span style\\='font\\-size\\: 14pt;'\\>\\<strong\\>C\\<\\\/strong\\>omit\u00e9 \\<strong\\>T\\<\\\/strong\\>echnique d'\\<strong\\>\u00c9\\<\\\/strong\\>tablissement\\<\\\/span\\>\\<\\\/p\\>\"; toolTips('.classtoolTips191',tt_store_content,'18359'); <\/script><script type=\"text\/javascript\"> var tt_store_content = \"\\<p style\\='text\\-align\\: center;'\\>\\<strong\\>\\<span style\\='font\\-size\\: 14pt;'\\>P\\<\\\/span\\>\\<\\\/strong\\>\\<span style\\='font\\-size\\: 14pt;'\\>rogrammation \\<strong\\>P\\<\\\/strong\\>luri\\-annuelle de l'\\<strong\\>\u00c9\\<\\\/strong\\>nergie\\<\\\/span\\>\\<\\\/p\\><br\/>La PPE est est en France un document strat\u00e9gique de pilotage de la transition \u00e9nerg\u00e9tique\\. Institu\u00e9e par l'article 176 de la loi transition \u00e9nerg\u00e9tique \\(TECV\\)\\. Elle fixe \\(par \u00e9nergie\\) une trajectoire pour le mix \u00e9nerg\u00e9tique, ainsi que \u00ab&nbsp;\\<em\\>les priorit\u00e9s d'action pour la gestion de l\u2019ensemble des formes d'\u00e9nergie sur le territoire m\u00e9tropolitain continental, afin d\u2019atteindre les objectifs nationaux fix\u00e9s par la loi\\<\\\/em\\>&nbsp;\u00bb\\.<br\/><br\/>Initi\u00e9e en 2016, elle est r\u00e9vis\u00e9e en 2018 puis ensuite tous les 5 ans\\.<br\/><br\/>\\<a href\\='https\\:\\\/\\\/fr\\.wikipedia\\.org\\\/wiki\\\/Programmation_pluriannuelle_de_l'\u00e9nergi' target\\='_blank' rel\\='noopener'\\>\\<em\\>Voir ici la page Wikipedia consacr\u00e9e \u00e0 la PPE\\<\\\/em\\>\\<\\\/a\\><br\/>\\<a href\\='https\\:\\\/\\\/ppe\\.debatpublic\\.fr\\\/' target\\='_blank' rel\\='noopener'\\>\\<em\\>Voir ici la page du site 'Commission du D\u00e9bat Public' consacr\u00e9e \u00e0 la PPE\\<\\\/em\\>\\<\\\/a\\>\"; toolTips('.classtoolTips193',tt_store_content,'7102'); <\/script><script type=\"text\/javascript\"> var tt_store_content = \"\\<p style\\='text\\-align\\: center;'\\>\\<span style\\='font\\-size\\: 14pt;'\\>\\<strong\\>E\\<\\\/strong\\>volutionary \\<strong\\>P\\<\\\/strong\\>ower \\<strong\\>R\\<\\\/strong\\>eactor\\<\\\/span\\>\\<\\\/p\\><br\/>\\<p style\\='text\\-align\\: justify;'\\>R\u00e9acteur nucl\u00e9aire de troisi\u00e8me g\u00e9n\u00e9ration \\(classification internationale\\), con\u00e7u et d\u00e9velopp\u00e9 par <span class='tooltipsall tooltip_post_id_5121 classtoolTips35'>Areva NP<\/span>&nbsp; au cours des ann\u00e9es 1990 et 2000\\. Il fait partie de la fili\u00e8re des r\u00e9acteurs \u00e0 eau pressuris\u00e9e\\.\\<\\\/p\\><br\/>\\<a href\\='https\\:\\\/\\\/fr\\.wikipedia\\.org\\\/wiki\\\/R%C3%A9acteur_pressuris%C3%A9_europ%C3%A9en' target\\='_blank' rel\\='noopener'\\>\\<em\\>Voir ici la fiche Wikipedia <span class='tooltipsall tooltip_post_id_5579 classtoolTips196'>EPR<\/span>\\<\\\/em\\>\\<\\\/a\\>\"; toolTips('.classtoolTips196',tt_store_content,'5579'); <\/script><script type=\"text\/javascript\"> var tt_store_content = \"\\<p style\\='text\\-align\\: center;'\\>\\<strong\\>R\\<\\\/strong\\>\u00e9seau \\<strong\\>A\\<\\\/strong\\>ction \\<strong\\>C\\<\\\/strong\\>limat\\<\\\/p\\><br\/>Le r\u00e9seau Action Climat '\\<em\\>f\u00e9d\u00e8re les associations impliqu\u00e9es dans la lutte contre les changements climatiques et pour une transition \u00e9cologique, solidaire et \u00e9quitable\\<\\\/em\\>'\\.<br\/><br\/>\\<a href\\='https\\:\\\/\\\/reseauactionclimat\\.org\\\/' target\\='_blank' rel\\='noopener'\\>Voir le site du <span class='tooltipsall tooltip_post_id_4309 classtoolTips200'>RAC<\/span>\\<\\\/a\\>\"; toolTips('.classtoolTips200',tt_store_content,'4309'); <\/script><script type=\"text\/javascript\"> var tt_store_content = \"\\<p style\\='text\\-align\\: center;'\\>\\<strong\\>\\<span style\\='font\\-size\\: 14pt;'\\>R\\<\\\/span\\>\\<\\\/strong\\>\\<span style\\='font\\-size\\: 14pt;'\\>eferendum d'\\<strong\\>I\\<\\\/strong\\>nitiative \\<strong\\>C\\<\\\/strong\\>itoyenne\\<\\\/span\\>\\<\\\/p\\>\"; toolTips('.classtoolTips205',tt_store_content,'12268'); <\/script><script type=\"text\/javascript\"> var tt_store_content = \"\\<p\\><span class='tooltipsall tooltip_post_id_25844 classtoolTips208'>RTE<\/span> \\= R\u00e9seau de Transport d'Electricit\u00e9 est une filiale d'<span class='tooltipsall tooltip_post_id_7035 classtoolTips178'>EDF<\/span> qui est l'actionnaire majoritaire avec 50,1% des parts le reste \u00e9tant partag\u00e9 par la CDC et la CNP\\<\\\/p\\>\"; toolTips('.classtoolTips208',tt_store_content,'25844'); <\/script><script type=\"text\/javascript\"> var tt_store_content = \"\\<p style\\='text\\-align\\: center;'\\>\\<span style\\='font\\-size\\: 14pt;'\\>\\<strong\\>O\\<\\\/strong\\>rganisation\\<strong\\> N\\<\\\/strong\\>on\\<strong\\> G\\<\\\/strong\\>ouvernementale\\<\\\/span\\>\\<\\\/p\\><br\/>Une organisation non gouvernementale \\(<span class='tooltipsall tooltip_post_id_3579 classtoolTips210'>ONG<\/span>\\) est une \\<a title\\='Association \u00e0 but non lucratif' href\\='https\\:\\\/\\\/fr\\.wikipedia\\.org\\\/wiki\\\/Association_%C3%A0_but_non_lucratif' target\\='_blank' rel\\='noopener'\\>association \u00e0 but non lucratif\\<\\\/a\\>, d'int\u00e9r\u00eat public, qui ne rel\u00e8ve ni de l'\u00c9tat, ni d'institutions internationales\\<sup id\\='cite_ref\\-novethic_1\\-0' class\\='reference'\\>\\<\\\/sup\\>\\. Les ONG n'ont pas le statut de sujet de \\<a title\\='Droit international public' href\\='https\\:\\\/\\\/fr\\.wikipedia\\.org\\\/wiki\\\/Droit_international_public' target\\='_blank' rel\\='noopener'\\>droit international\\<\\\/a\\>\\.\"; toolTips('.classtoolTips210',tt_store_content,'3579'); <\/script><script type=\"text\/javascript\"> var tt_store_content = \"\\<p style\\='text\\-align\\: center;'\\>\\<span style\\='font\\-size\\: 14pt;'\\>\\<strong\\>O\\<\\\/strong\\>rganisation\\<strong\\> N\\<\\\/strong\\>on\\<strong\\> G\\<\\\/strong\\>ouvernementale\\<\\\/span\\>\\<\\\/p\\><br\/>Une organisation non gouvernementale \\(ONG\\) est une \\<a title\\='Association \u00e0 but non lucratif' href\\='https\\:\\\/\\\/fr\\.wikipedia\\.org\\\/wiki\\\/Association_%C3%A0_but_non_lucratif' target\\='_blank' rel\\='noopener'\\>association \u00e0 but non lucratif\\<\\\/a\\>, d'int\u00e9r\u00eat public, qui ne rel\u00e8ve ni de l'\u00c9tat, ni d'institutions internationales\\<sup id\\='cite_ref\\-novethic_1\\-0' class\\='reference'\\>\\<\\\/sup\\>\\. Les ONG n'ont pas le statut de sujet de \\<a title\\='Droit international public' href\\='https\\:\\\/\\\/fr\\.wikipedia\\.org\\\/wiki\\\/Droit_international_public' target\\='_blank' rel\\='noopener'\\>droit international\\<\\\/a\\>\\.\"; toolTips('.classtoolTips210',tt_store_content,'3579'); <\/script><script type=\"text\/javascript\"> var tt_store_content = \"\\<p\\><span class='tooltipsall tooltip_post_id_24572 classtoolTips211'>MIT<\/span> \\= Massachussets Institute of Technology, prestigieuse universit\u00e9 am\u00e9ricaine de la c\u00f4te est\\<\\\/p\\>\"; toolTips('.classtoolTips211',tt_store_content,'24572'); <\/script><script type=\"text\/javascript\"> var tt_store_content = \"\\<p\\>d\u00e9chets \u00e0 Vie Courte \\(classement <span class='tooltipsall tooltip_post_id_3612 classtoolTips79'>ANDRA<\/span>\\)\\<\\\/p\\>\"; toolTips('.classtoolTips212',tt_store_content,'19201'); <\/script><script type=\"text\/javascript\"> var tt_store_content = \"\\<p style\\='text\\-align\\: center;'\\>\\<strong\\>J\\<\\\/strong\\>eux \\<strong\\>O\\<\\\/strong\\>lympiques<br\/>ou<br\/>\\<strong\\>J\\<\\\/strong\\>ournal \\<strong\\>O\\<\\\/strong\\>fficiel de la R\u00e9publique Fran\u00e7aise\\<\\\/p\\>\"; toolTips('.classtoolTips213',tt_store_content,'4451'); <\/script><script type=\"text\/javascript\"> var tt_store_content = \"\\<p\\><span class='tooltipsall tooltip_post_id_30593 classtoolTips214'>RN<\/span> \\= Rassemble National, c'est le parti d'extr\u00eame droite de Marine Le Pen qui succ\u00e8de au FN \\= Front National fond\u00e9 par son p\u00e8re Jean Marie Le Pen\\<\\\/p\\>\"; toolTips('.classtoolTips214',tt_store_content,'30593'); <\/script><script type=\"text\/javascript\"> var tt_store_content = \"<div class='tooltips_youtube_class' ><iframe width='100%' height='100%' src='http:\/\/www.youtube.com\/embed\/terawatt?rel=0&autoplay=1' frameborder='0' allowfullscreen><\/iframe><\/div>\\<p\\>\\<strong\\>TERAWATT \\(<span class='tooltipsall tooltip_post_id_30105 classtoolTips219'>TW<\/span>\\) \\= 1000 000 000 000 <span class='tooltipsall tooltip_post_id_30101 classtoolTips216'>KW<\/span>\\<\\\/strong\\>\\<\\\/p\\>\"; toolTips('.classtoolTips219',tt_store_content,'30105'); <\/script><script type=\"text\/javascript\"> var tt_store_content = \"\\<p style\\='text\\-align\\: center;'\\>\\<span style\\='font\\-size\\: 14pt;'\\>\\<strong\\>C\\<\\\/strong\\>entre \\<strong\\>H\\<\\\/strong\\>ospitalier\\<\\\/span\\>\\<\\\/p\\>\"; toolTips('.classtoolTips220',tt_store_content,'18357'); <\/script><script type=\"text\/javascript\"> var tt_store_content = \"\\<p style\\='text\\-align\\: center;'\\>\\<span style\\='font\\-size\\: 14pt;'\\>\\<strong\\><span class='tooltipsall tooltip_post_id_21736 classtoolTips222'>nm<\/span> \\= n\\<\\\/strong\\>ano\\<strong\\>m\\<\\\/strong\\>\u00e8tre \\<\\\/span\\>\\<\\\/p\\><br\/>\\<p style\\='text\\-align\\: justify;'\\>\\<em\\>le <span class='tooltipsall tooltip_post_id_21736 classtoolTips222'>nanom\u00e8tre<\/span>, de symbole nm, est une unit\u00e9 de longueur du Syst\u00e8me international\\. C'est un sous\\-multiple du m\u00e8tre, il vaut un milliardi\u00e8me de m\u00e8tre, soit un millioni\u00e8me de millim\u00e8tre\\.\\<\\\/em\\>\\<\\\/p\\><br\/>\\<p style\\='text\\-align\\: center;'\\>\\<strong\\>\\<em\\> 1 nm \\= 10\u207b\u00b3 \u00b5m \\= 10\\<sup\\>\u20136\\<\\\/sup\\> mm \\= 10\\<sup\\>\u20139\\<\\\/sup\\> m\\.\\<\\\/em\\>\\<\\\/strong\\>\\<\\\/p\\>\"; toolTips('.classtoolTips222',tt_store_content,'21736'); <\/script><script type=\"text\/javascript\"> var tt_store_content = \"\\<p\\>D\u00e9chets radioactifs \u00e0 Haute Activit\u00e9 \\(classement ANDRA\\)\\<\\\/p\\>\"; toolTips('.classtoolTips223',tt_store_content,'19196'); <\/script>","protected":false},"excerpt":{"rendered":"<p>Cette page regroupe l&rsquo;ensemble des articles diffus\u00e9s par le Clairon et consacr\u00e9s au th\u00e8me du projet de barrage sur le Rec-de -Veyret \u00e0 Narbonne. Les articles sont affich\u00e9s dans l&rsquo;ordre chronologique croissant de parution.<script type=\"text\/javascript\"> var tt_store_content = \"\\<\/p>\n<p style\\='text\\-align\\: center;'\\>\\<span style\\='font\\-size\\: 14pt;'\\>\\<strong\\>T\\<\\\/strong\\>raitement\\<strong\\> D\\<\\\/strong\\>es\\<strong\\> N\\<\\\/strong\\>itrates\\<strong\\> \\(<span class='tooltipsall tooltip_post_id_3610 classtoolTips37'>TDN<\/span>\\)<br \/>TH\\<\\\/strong\\>ermal\\<strong\\> O\\<\\\/strong\\>rganic\\<strong\\> R\\<\\\/strong\\>eduction\\<strong\\> \\(<span class='tooltipsall tooltip_post_id_3610 classtoolTips37'>THOR<\/span>\\)\\<\\\/strong\\>\\<\\\/span\\>\\<\\\/p\\><br \/>\\<\/p>\n<p style\\='text\\-align\\: justify;'\\>Proc\u00e9d\u00e9 envisag\u00e9 par la soci\u00e9t\u00e9 AREVA pour retraiter les d\u00e9chets nitrat\u00e9s et radio\\-actifs issus de son activit\u00e9 d'enrichissement de l'uranium, phase I de la pr\u00e9paration du combustible des centrales nucl\u00e9aires\\.\\<\\\/p\\><br \/>\\<\/p>\n<p style\\='text\\-align\\: justify;'\\>Cette activit\u00e9 est mise en \u0153uvre dans l'usine de Malv\u00e9si \u00e0 quelques kilom\u00e8tres de Narbonne\\.\\<\\\/p\\><br \/>\\<\/p>\n<p style\\='text\\-align\\: justify;'\\>Ce proc\u00e9d\u00e9, potentiellement tr\u00e8s toxique pour la sant\u00e9 et l'environnement, est au centre d'une vive opposition de la part des riverains et \u00e0 laquelle le Clairon s'associe \\(\\<a href\\='https\\:\\\/\\\/le\\-clairon\\-nouveau\\.fr\\\/wordpress\\\/dossiers\\\/dossier\\-malvesi\\-areva\\\/' target\\='_blank' rel\\='noopener'\\>voir notre dossier\\<\\\/a\\> sur le sujet\\)\\.\\<\\\/p\\>\"; toolTips('.classtoolTips37',tt_store_content,'3610'); <\/script><script type=\"text\/javascript\"> var tt_store_content = \"\\<\/p>\n<p style\\='text\\-align\\: center;'\\>\\<span style\\='font\\-size\\: 14pt;'\\>\\<strong\\>T\\<\\\/strong\\>raitement\\<strong\\> D\\<\\\/strong\\>es\\<strong\\> N\\<\\\/strong\\>itrates\\<strong\\> \\(TDN\\)<br \/>TH\\<\\\/strong\\>ermal\\<strong\\> O\\<\\\/strong\\>rganic\\<strong\\> R\\<\\\/strong\\>eduction\\<strong\\> \\(THOR\\)\\<\\\/strong\\>\\<\\\/span\\>\\<\\\/p\\><br \/>\\<\/p>\n<p style\\='text\\-align\\: justify;'\\>Proc\u00e9d\u00e9 envisag\u00e9 par la soci\u00e9t\u00e9 AREVA pour retraiter les d\u00e9chets nitrat\u00e9s et radio\\-actifs issus de son activit\u00e9 d'enrichissement de l'uranium, phase I de la pr\u00e9paration du combustible des centrales nucl\u00e9aires\\.\\<\\\/p\\><br \/>\\<\/p>\n<p style\\='text\\-align\\: justify;'\\>Cette activit\u00e9 est mise en \u0153uvre dans l'usine de Malv\u00e9si \u00e0 quelques kilom\u00e8tres de Narbonne\\.\\<\\\/p\\><br \/>\\<\/p>\n<p style\\='text\\-align\\: justify;'\\>Ce proc\u00e9d\u00e9, potentiellement tr\u00e8s toxique pour la sant\u00e9 et l'environnement, est au centre d'une vive opposition de la part des riverains et \u00e0 laquelle le Clairon s'associe \\(\\<a href\\='https\\:\\\/\\\/le\\-clairon\\-nouveau\\.fr\\\/wordpress\\\/dossiers\\\/dossier\\-malvesi\\-areva\\\/' target\\='_blank' rel\\='noopener'\\>voir notre dossier\\<\\\/a\\> sur le sujet\\)\\.\\<\\\/p\\>\"; toolTips('.classtoolTips37',tt_store_content,'3610'); <\/script><script type=\"text\/javascript\"> var tt_store_content = \"\\<p\\>Association de protection et sauvegarde de l\u2019environnement des Basses Plaines de l\u2019Aude\\<\\\/p\\>\"; toolTips('.classtoolTips44',tt_store_content,'7255'); <\/script><script type=\"text\/javascript\"> var tt_store_content = \"\\<p\\>Association de protection et sauvegarde de l\u2019environnement des Basses Plaines de l\u2019Aude\\<\\\/p\\>\"; toolTips('.classtoolTips44',tt_store_content,'7255'); <\/script><script type=\"text\/javascript\"> var tt_store_content = \"\\<p\\>Association de protection et sauvegarde de l\u2019environnement des Basses Plaines de l\u2019Aude\\<\\\/p\\>\"; toolTips('.classtoolTips44',tt_store_content,'7255'); <\/script><script type=\"text\/javascript\"> var tt_store_content = \"Nouveau nom que s'est donn\u00e9, en 2018, l'entreprise AREVA\"; toolTips('.classtoolTips77',tt_store_content,'5129'); <\/script><script type=\"text\/javascript\"> var tt_store_content = \"\\<p\\><span class='tooltipsall tooltip_post_id_19394 classtoolTips134'>SAGE<\/span> \\= \\<span class\\='st'\\> sch\u00e9ma d'am\u00e9nagement et de gestion de l'eau\\<\\\/span\\> , c'est un outil de planification qui concerne l'ensemble des eaux situ\u00e9es dans un bassin versant\\<\\\/p\\>\"; toolTips('.classtoolTips134',tt_store_content,'19394'); <\/script><script type=\"text\/javascript\"> var tt_store_content = \"\\<\/p>\n<p style\\='text\\-align\\: center;'\\>\\<strong\\>\\<span style\\='font\\-size\\: 14pt;'\\>S\\<\\\/span\\>\\<\\\/strong\\>\\<span style\\='font\\-size\\: 14pt;'\\>oci\u00e9t\u00e9 d'\\<strong\\>\u00c9\\<\\\/strong\\>conomie \\<strong\\>M\\<\\\/strong\\>ixte\\<\\\/span\\>\\<\\\/p\\><br \/>\\<\/p>\n<p style\\='text\\-align\\: justify;'\\>En France, une soci\u00e9t\u00e9 d'\u00e9conomie mixte est une soci\u00e9t\u00e9 anonyme dont le capital est majoritairement d\u00e9tenu par une ou plusieurs personnes publiques \\(\u00e0 savoir l'\u00c9tat, une Collectivit\u00e9 territoriale, ou tout autre \u00c9tablissement public\\)\\. Cette participation majoritaire publique est plafonn\u00e9e \u00e0 85&nbsp;% du capital depuis la Loi du 2 janvier 2002\\. Au moins une personne priv\u00e9e doit participer au capital de la <span class='tooltipsall tooltip_post_id_7168 classtoolTips142'>SEM<\/span>, sachant qu'il peut s'agir d'une autre SEM\\.\\<\\\/p\\><br \/>\\<\/p>\n<p style\\='text\\-align\\: justify;'\\>\\<strong\\>Le recours \u00e0 la SEM garantit\\<\\\/strong\\> \u00e0 la collectivit\u00e9 publique actionnaire et cocontractante \\<strong\\>la prise en compte effective de l'int\u00e9r\u00eat g\u00e9n\u00e9ral\\<\\\/strong\\> dans les objectifs de l'entreprise \\<strong\\>et la souplesse de la soci\u00e9t\u00e9 de droit priv\u00e9\\<\\\/strong\\>\\.\\<\\\/p\\><br \/>\\<em\\>\\<a href\\='https\\:\\\/\\\/fr\\.wikipedia\\.org\\\/wiki\\\/Soci%C3%A9t%C3%A9_d%27%C3%A9conomie_mixte' target\\='_blank' rel\\='noopener'\\>Voir ici la page Wikipedia consacr\u00e9e aux SEM\\<\\\/a\\> \\<\\\/em\\><\/p>\n<p>&nbsp;\"; toolTips('.classtoolTips142',tt_store_content,'7168'); <\/script><script type=\"text\/javascript\"> var tt_store_content = \"\\<\/p>\n<p style\\='text\\-align\\: center;'\\>\\<span style\\='font\\-size\\: 14pt;'\\>\\<strong\\>I\\<\\\/strong\\>mp\u00f4t sur la \\<strong\\>F\\<\\\/strong\\>ortune \\<strong\\>I\\<\\\/strong\\>mmobili\u00e8re\\<\\\/span\\>\\<\\\/p\\>\"; toolTips('.classtoolTips148',tt_store_content,'5643'); <\/script><script type=\"text\/javascript\"> var tt_store_content = \"\\<\/p>\n<p style\\='text\\-align\\: center;'\\>\\<span style\\='font\\-size\\: 14pt;'\\>\\<strong\\>R\\<\\\/strong\\>evenu de \\<strong\\>S\\<\\\/strong\\>olidarit\u00e9 \\<strong\\>A\\<\\\/strong\\>ctive\\<\\\/span\\>\\<\\\/p\\><br \/>\\<\/p>\n<p style\\='text\\-align\\: justify;'\\>Le revenu de solidarit\u00e9 active est une prestation sociale fran\u00e7aise, g\u00e9r\u00e9e par les conseils d\u00e9partementaux, vers\u00e9e par les <span class='tooltipsall tooltip_post_id_5652 classtoolTips155'>CAF<\/span> et les MSA et destin\u00e9e \u00e0 garantir \u00e0 ses b\u00e9n\u00e9ficiaires, qu'ils aient ou non la capacit\u00e9 de travailler, un revenu minimum, avec en contrepartie une obligation de chercher un emploi ou de d\u00e9finir et suivre un projet professionnel visant \u00e0 am\u00e9liorer sa situation financi\u00e8re\\.\\<\\\/p\\><br \/>\\<\/p>\n<p style\\='text\\-align\\: justify;'\\>Cette prestation sociale a \u00e9t\u00e9 mise en place en 2009, en remplacement du RMI \\(revenu minimum d'insertion\\), mis en place en 1988\\.\\<\\\/p\\><br \/>\\<\/p>\n<p style\\='text\\-align\\: justify;'\\>En 2016, 2,5 millions de personnes \u00e9taient b\u00e9n\u00e9ficiaires du <span class='tooltipsall tooltip_post_id_5651 classtoolTips154'>RSA<\/span>\\.\\<\\\/p\\><br \/>\\<em\\>\\<a href\\='https\\:\\\/\\\/fr\\.wikipedia\\.org\\\/wiki\\\/Revenu_de_solidarit%C3%A9_active' target\\='_blank' rel\\='noopener'\\>Acc\u00e9der ici \u00e0 la fiche Wikipedia traitant du RSA\\<\\\/a\\><br \/>\\<a href\\='https\\:\\\/\\\/www\\.insee\\.fr\\\/fr\\\/metadonnees\\\/definition\\\/c1718' target\\='_blank' rel\\='noopener'\\>Acc\u00e9der ici \u00e0 la d\u00e9finition du RSA fournie par l'<span class='tooltipsall tooltip_post_id_6978 classtoolTips82'>INSEE<\/span>\\<\\\/a\\>\\<\\\/em\\>\"; toolTips('.classtoolTips154',tt_store_content,'5651'); <\/script><script type=\"text\/javascript\"> var tt_store_content = \"\\<\/p>\n<p style\\='text\\-align\\: center;'\\>\\<span style\\='font\\-size\\: 14pt;'\\>\\<strong\\>R\\<\\\/strong\\>\u00e9pertoire \\<strong\\>N\\<\\\/strong\\>ational des \\<strong\\>A\\<\\\/strong\\>ssociations\\<\\\/span\\>\\<\\\/p\\>\"; toolTips('.classtoolTips159',tt_store_content,'24374'); <\/script><script type=\"text\/javascript\"> var tt_store_content = \"\\<\/p>\n<p style\\='text\\-align\\: center;'\\>\\<strong\\>\\<span style\\='font\\-size\\: 14pt;'\\>G\\<\\\/span\\>\\<\\\/strong\\>\\<span style\\='font\\-size\\: 14pt;'\\>az \u00e0 \\<strong\\>E\\<\\\/strong\\>ffet de \\<strong\\>S\\<\\\/strong\\>erre\\<\\\/span\\>\\<\\\/p\\><br \/>\\<\/p>\n<p style\\='text\\-align\\: justify;'\\>Les gaz \u00e0 effet de serre \\(<span class='tooltipsall tooltip_post_id_7232 classtoolTips161'>GES<\/span>\\) sont des composants gazeux qui absorbent le rayonnement infrarouge \u00e9mis par la surface terrestre et contribuent \u00e0 l'effet de serre\\. L'augmentation de leur concentration dans l'atmosph\u00e8re terrestre est l'un des facteurs \u00e0 l'origine du r\u00e9chauffement climatique\\.\\<\\\/p\\><br \/>\\<a href\\='https\\:\\\/\\\/fr\\.wikipedia\\.org\\\/wiki\\\/Gaz_%C3%A0_effet_de_serre' target\\='_blank' rel\\='noopener'\\>\\<em\\>Voir ici la fiche Wikipedia sur les gaz \u00e0 effet de serre\\<\\\/em\\>\\<\\\/a\\>\"; toolTips('.classtoolTips161',tt_store_content,'7232'); <\/script><script type=\"text\/javascript\"> var tt_store_content = \"\\<\/p>\n<p style\\='text\\-align\\: justify'\\>La \u00ab\u00a0\\<b\\>programmation pluriannuelle de l'\u00e9nergie\\<\\\/b\\>\u00a0\u00bb \\(<span class='tooltipsall tooltip_post_id_7750 classtoolTips164'>PPE<\/span>\\) est, en France, un document strat\u00e9gique de pilotage de la transition \u00e9nerg\u00e9tique\\. Institu\u00e9e par l'article 176 de la \\<a title\\='Loi relative \u00e0 la transition \u00e9nerg\u00e9tique pour la croissance verte' href\\='https\\:\\\/\\\/fr\\.wikipedia\\.org\\\/wiki\\\/Loi_relative_%C3%A0_la_transition_%C3%A9nerg%C3%A9tique_pour_la_croissance_verte'\\>loi de transition \u00e9nerg\u00e9tique\\<\\\/a\\> \\(TECV\\), elle fixe une trajectoire pour le \\<a title\\='Mix \u00e9nerg\u00e9tique' href\\='https\\:\\\/\\\/fr\\.wikipedia\\.org\\\/wiki\\\/Mix_%C3%A9nerg%C3%A9tique'\\>mix \u00e9nerg\u00e9tique\\<\\\/a\\>, ainsi que \\<span class\\='citation'\\>\u00ab\u00a0les priorit\u00e9s d'action pour la gestion de l\u2019ensemble des formes d'\u00e9nergie sur le territoire m\u00e9tropolitain continental, afin d\u2019atteindre les objectifs nationaux fix\u00e9s par la loi\u00a0\u00bb\\<\\\/span\\>\\. \\(Wikip\u00e9dia\\)\\<\\\/p\\>\"; toolTips('.classtoolTips164',tt_store_content,'7750'); <\/script><script type=\"text\/javascript\"> var tt_store_content = \"\\<\/p>\n<p style\\='text\\-align\\: justify'\\>La \u00ab\u00a0\\<b\\>programmation pluriannuelle de l'\u00e9nergie\\<\\\/b\\>\u00a0\u00bb \\(PPE\\) est, en France, un document strat\u00e9gique de pilotage de la transition \u00e9nerg\u00e9tique\\. Institu\u00e9e par l'article 176 de la \\<a title\\='Loi relative \u00e0 la transition \u00e9nerg\u00e9tique pour la croissance verte' href\\='https\\:\\\/\\\/fr\\.wikipedia\\.org\\\/wiki\\\/Loi_relative_%C3%A0_la_transition_%C3%A9nerg%C3%A9tique_pour_la_croissance_verte'\\>loi de transition \u00e9nerg\u00e9tique\\<\\\/a\\> \\(TECV\\), elle fixe une trajectoire pour le \\<a title\\='Mix \u00e9nerg\u00e9tique' href\\='https\\:\\\/\\\/fr\\.wikipedia\\.org\\\/wiki\\\/Mix_%C3%A9nerg%C3%A9tique'\\>mix \u00e9nerg\u00e9tique\\<\\\/a\\>, ainsi que \\<span class\\='citation'\\>\u00ab\u00a0les priorit\u00e9s d'action pour la gestion de l\u2019ensemble des formes d'\u00e9nergie sur le territoire m\u00e9tropolitain continental, afin d\u2019atteindre les objectifs nationaux fix\u00e9s par la loi\u00a0\u00bb\\<\\\/span\\>\\. \\(Wikip\u00e9dia\\)\\<\\\/p\\>\"; toolTips('.classtoolTips164',tt_store_content,'7750'); <\/script><script type=\"text\/javascript\"> var tt_store_content = \"\\<\/p>\n<p style\\='text\\-align\\: justify;'\\>Le Conseil d'Orientation des Retraites est une instance qui r\u00e9unit &nbsp;\\<span class\\='st'\\>les principaux acteurs du champ des retraites\\<\\\/span\\> et effectue un travail d'\u00e9tudes et de concertation\\. Compos\u00e9 de parlementaires, de repr\u00e9sentants des organisations professionnelles et syndicales, des retrait\u00e9s et des familles, de membres de l'administration et d'experts, le Conseil d'orientation des retraites \\(<span class='tooltipsall tooltip_post_id_7751 classtoolTips165'>COR<\/span>\\) est plac\u00e9 aupr\u00e8s du Premier ministre\\.\\<\\\/p\\>\"; toolTips('.classtoolTips165',tt_store_content,'7751'); <\/script><script type=\"text\/javascript\"> var tt_store_content = \"Energies Renouvelables\"; toolTips('.classtoolTips167',tt_store_content,'7758'); <\/script><script type=\"text\/javascript\"> var tt_store_content = \"Energies Renouvelables\"; toolTips('.classtoolTips167',tt_store_content,'7758'); <\/script><script type=\"text\/javascript\"> var tt_store_content = \"\\<\/p>\n<p style\\='text\\-align\\: center;'\\>\\<span style\\='font\\-size\\: 14pt;'\\>\\<strong\\>O\\<\\\/strong\\>rganisation \\<strong\\>M\\<\\\/strong\\>\u00e9t\u00e9orologique \\<strong\\>M\\<\\\/strong\\>ondiale<br \/>\\<strong\\>W\\<\\\/strong\\>orld \\<strong\\>M\\<\\\/strong\\>eteorological \\<strong\\>O\\<\\\/strong\\>rganization\\<\\\/span\\>\\<\\\/p\\><br \/>&nbsp;<\/p>\n<p>\\<a href\\='https\\:\\\/\\\/public\\.wmo\\.int\\\/fr' target\\='_blank' rel\\='noopener'\\>\\<em\\>Acc\u00e9der ici au site de l'organisation\\<\\\/em\\>\\<\\\/a\\>\"; toolTips('.classtoolTips168',tt_store_content,'7763'); <\/script><script type=\"text\/javascript\"> var tt_store_content = \"\\<\/p>\n<p style\\='text\\-align\\: center;'\\>\\<span style\\='font\\-size\\: 14pt;'\\>\\<strong\\>\u00c9\\<\\\/strong\\>cole \\<strong\\>N\\<\\\/strong\\>ationale d'\\<strong\\>A\\<\\\/strong\\>dministration\\<\\\/span\\>\\<\\\/p\\>\"; toolTips('.classtoolTips170',tt_store_content,'5213'); <\/script><script type=\"text\/javascript\"> var tt_store_content = \"\\<\/p>\n<p style\\='text\\-align\\: justify'\\>\\<span class\\='ILfuVd'\\>La politique agricole commune \\(\\<b\\><span class='tooltipsall tooltip_post_id_11364 classtoolTips174'>PAC<\/span>\\<\\\/b\\>\\) est une politique mise en place \u00e0 l'\u00e9chelle de l'Union europ\u00e9enne\\. \u00c0 l'origine, elle est fond\u00e9e principalement sur des mesures de contr\u00f4le des prix et de subventionnement, visant \u00e0 moderniser et d\u00e9velopper l'agriculture\\.\\<\\\/span\\> \\(source Wikipedia\\)\\<\\\/p\\>\"; toolTips('.classtoolTips174',tt_store_content,'11364'); <\/script><script type=\"text\/javascript\"> var tt_store_content = \"\\<\/p>\n<p style\\='text\\-align\\: center;'\\>\\<span style\\='font\\-size\\: 14pt;'\\>\\<strong\\>P\\<\\\/strong\\>\\<\\\/span\\>\\<span style\\='font\\-size\\: 14pt;'\\>lan \\<strong\\>L\\<\\\/strong\\>\\<\\\/span\\>\\<span style\\='font\\-size\\: 14pt;'\\>ocal d'\\<strong\\>U\\<\\\/strong\\>\\<\\\/span\\>\\<span style\\='font\\-size\\: 14pt;'\\>rbanisme\\<\\\/span\\>\\<\\\/p\\><br \/>&nbsp;\"; toolTips('.classtoolTips176',tt_store_content,'4979'); <\/script><script type=\"text\/javascript\"> var tt_store_content = \"\\<p\\>Conseil \u00c9conomique et Social\\<\\\/p\\>\"; toolTips('.classtoolTips180',tt_store_content,'29829'); <\/script><script type=\"text\/javascript\"> var tt_store_content = \"\\<\/p>\n<p style\\='text\\-align\\: center;'\\>\\<span style\\='font\\-size\\: 14pt;'\\>\\<strong\\>H\\<\\\/strong\\>ydrocarbure \\<strong\\>A\\<\\\/strong\\>romatique \\<strong\\>P\\<\\\/strong\\>olycyclique\\<\\\/span\\>\\<\\\/p\\><br \/>\\<\/p>\n<p style\\='text\\-align\\: justify;'\\>Depuis de nombreuses ann\u00e9es, les <span class='tooltipsall tooltip_post_id_20397 classtoolTips184'>HAP<\/span> sont tr\u00e8s \u00e9tudi\u00e9s car ce sont des compos\u00e9s pr\u00e9sents dans tous les milieux environnementaux et qui montrent une forte toxicit\u00e9\\. On a pu \u00e9tablir la canc\u00e9rog\u00e9n\u00e8se de certains HPA, tels que le Benzo\\[a\\]anthrac\u00e8ne, le Chrys\u00e8ne et d'autres\\.\\<\\\/p\\><br \/>\\<\/p>\n<p style\\='text\\-align\\: justify;'\\>Les HAP proviennent principalement de la combustion \u00e0 haute temp\u00e9rature \\(500\u00b0 C et plus\\) de mati\u00e8res fossiles telles que le bois, le charbon et le p\u00e9trole\\. Dans l'environnement, la production de HAP provient donc&nbsp; du chauffage domestique, de la circulation automobile, des centrales \u00e9lectriques fonctionnant au charbon ou au p\u00e9trole \\('fioul'\\), ainsi que des incin\u00e9rateurs\\.\\<\\\/p\\><br \/>\\<p\\>\\<a href\\='https\\:\\\/\\\/fr\\.wikipedia\\.org\\\/wiki\\\/Hydrocarbure_aromatique_polycyclique' target\\='_blank' rel\\='noopener noreferrer'\\>\\<em\\>Voir ici l'article Wikipedia consacr\u00e9 aux HAP\\<\\\/em\\>\\<\\\/a\\>\\<\\\/p\\>\"; toolTips('.classtoolTips184',tt_store_content,'20397'); <\/script><script type=\"text\/javascript\"> var tt_store_content = \"\\<\/p>\n<p style\\='text\\-align\\: center;'\\>\\<span style\\='font\\-size\\: 14pt;'\\>\\<strong\\>A\\<\\\/strong\\>gence \\<strong\\>R\\<\\\/strong\\>\u00e9gionale de \\<strong\\>S\\<\\\/strong\\>ant\u00e9\\<\\\/span\\>\\<\\\/p\\>\"; toolTips('.classtoolTips188',tt_store_content,'18356'); <\/script><script type=\"text\/javascript\"> var tt_store_content = \"\\<\/p>\n<p style\\='text\\-align\\: center;'\\>\\<span style\\='font\\-size\\: 14pt;'\\>\\<strong\\>G\\<\\\/strong\\>roupement \\<strong\\>H\\<\\\/strong\\>ospitalier de \\<strong\\>T\\<\\\/strong\\>erritoire\\<\\\/span\\>\\<\\\/p\\><br \/>\\<\/p>\n<p style\\='text\\-align\\: justify;'\\>Les groupements hospitaliers de territoires, dispositif pr\u00e9vu par la loi de sant\u00e9 2016, sont un nouveau mode de coop\u00e9ration entre les \u00e9tablissements publics de sant\u00e9 \u00e0 l\u2019\u00e9chelle d\u2019un territoire\\<\\\/p\\>\"; toolTips('.classtoolTips189',tt_store_content,'18358'); <\/script><script type=\"text\/javascript\"> var tt_store_content = \"\\<\/p>\n<p style\\='text\\-align\\: center;'\\>\\<span style\\='font\\-size\\: 14pt;'\\>\\<strong\\>C\\<\\\/strong\\>omit\u00e9 \\<strong\\>T\\<\\\/strong\\>echnique d'\\<strong\\>\u00c9\\<\\\/strong\\>tablissement\\<\\\/span\\>\\<\\\/p\\>\"; toolTips('.classtoolTips191',tt_store_content,'18359'); <\/script><script type=\"text\/javascript\"> var tt_store_content = \"\\<\/p>\n<p style\\='text\\-align\\: center;'\\>\\<strong\\>\\<span style\\='font\\-size\\: 14pt;'\\>P\\<\\\/span\\>\\<\\\/strong\\>\\<span style\\='font\\-size\\: 14pt;'\\>rogrammation \\<strong\\>P\\<\\\/strong\\>luri\\-annuelle de l'\\<strong\\>\u00c9\\<\\\/strong\\>nergie\\<\\\/span\\>\\<\\\/p\\><br \/>La PPE est est en France un document strat\u00e9gique de pilotage de la transition \u00e9nerg\u00e9tique\\. Institu\u00e9e par l'article 176 de la loi transition \u00e9nerg\u00e9tique \\(TECV\\)\\. Elle fixe \\(par \u00e9nergie\\) une trajectoire pour le mix \u00e9nerg\u00e9tique, ainsi que \u00ab&nbsp;\\<em\\>les priorit\u00e9s d'action pour la gestion de l\u2019ensemble des formes d'\u00e9nergie sur le territoire m\u00e9tropolitain continental, afin d\u2019atteindre les objectifs nationaux fix\u00e9s par la loi\\<\\\/em\\>&nbsp;\u00bb\\.<\/p>\n<p>Initi\u00e9e en 2016, elle est r\u00e9vis\u00e9e en 2018 puis ensuite tous les 5 ans\\.<\/p>\n<p>\\<a href\\='https\\:\\\/\\\/fr\\.wikipedia\\.org\\\/wiki\\\/Programmation_pluriannuelle_de_l'\u00e9nergi' target\\='_blank' rel\\='noopener'\\>\\<em\\>Voir ici la page Wikipedia consacr\u00e9e \u00e0 la PPE\\<\\\/em\\>\\<\\\/a\\><br \/>\\<a href\\='https\\:\\\/\\\/ppe\\.debatpublic\\.fr\\\/' target\\='_blank' rel\\='noopener'\\>\\<em\\>Voir ici la page du site 'Commission du D\u00e9bat Public' consacr\u00e9e \u00e0 la PPE\\<\\\/em\\>\\<\\\/a\\>\"; toolTips('.classtoolTips193',tt_store_content,'7102'); <\/script><script type=\"text\/javascript\"> var tt_store_content = \"\\<\/p>\n<p style\\='text\\-align\\: center;'\\>\\<span style\\='font\\-size\\: 14pt;'\\>\\<strong\\>E\\<\\\/strong\\>volutionary \\<strong\\>P\\<\\\/strong\\>ower \\<strong\\>R\\<\\\/strong\\>eactor\\<\\\/span\\>\\<\\\/p\\><br \/>\\<\/p>\n<p style\\='text\\-align\\: justify;'\\>R\u00e9acteur nucl\u00e9aire de troisi\u00e8me g\u00e9n\u00e9ration \\(classification internationale\\), con\u00e7u et d\u00e9velopp\u00e9 par <span class='tooltipsall tooltip_post_id_5121 classtoolTips35'>Areva NP<\/span>&nbsp; au cours des ann\u00e9es 1990 et 2000\\. Il fait partie de la fili\u00e8re des r\u00e9acteurs \u00e0 eau pressuris\u00e9e\\.\\<\\\/p\\><br \/>\\<a href\\='https\\:\\\/\\\/fr\\.wikipedia\\.org\\\/wiki\\\/R%C3%A9acteur_pressuris%C3%A9_europ%C3%A9en' target\\='_blank' rel\\='noopener'\\>\\<em\\>Voir ici la fiche Wikipedia <span class='tooltipsall tooltip_post_id_5579 classtoolTips196'>EPR<\/span>\\<\\\/em\\>\\<\\\/a\\>\"; toolTips('.classtoolTips196',tt_store_content,'5579'); <\/script><script type=\"text\/javascript\"> var tt_store_content = \"\\<\/p>\n<p style\\='text\\-align\\: center;'\\>\\<strong\\>R\\<\\\/strong\\>\u00e9seau \\<strong\\>A\\<\\\/strong\\>ction \\<strong\\>C\\<\\\/strong\\>limat\\<\\\/p\\><br \/>Le r\u00e9seau Action Climat '\\<em\\>f\u00e9d\u00e8re les associations impliqu\u00e9es dans la lutte contre les changements climatiques et pour une transition \u00e9cologique, solidaire et \u00e9quitable\\<\\\/em\\>'\\.<\/p>\n<p>\\<a href\\='https\\:\\\/\\\/reseauactionclimat\\.org\\\/' target\\='_blank' rel\\='noopener'\\>Voir le site du <span class='tooltipsall tooltip_post_id_4309 classtoolTips200'>RAC<\/span>\\<\\\/a\\>\"; toolTips('.classtoolTips200',tt_store_content,'4309'); <\/script><script type=\"text\/javascript\"> var tt_store_content = \"\\<\/p>\n<p style\\='text\\-align\\: center;'\\>\\<strong\\>\\<span style\\='font\\-size\\: 14pt;'\\>R\\<\\\/span\\>\\<\\\/strong\\>\\<span style\\='font\\-size\\: 14pt;'\\>eferendum d'\\<strong\\>I\\<\\\/strong\\>nitiative \\<strong\\>C\\<\\\/strong\\>itoyenne\\<\\\/span\\>\\<\\\/p\\>\"; toolTips('.classtoolTips205',tt_store_content,'12268'); <\/script><script type=\"text\/javascript\"> var tt_store_content = \"\\<p\\><span class='tooltipsall tooltip_post_id_25844 classtoolTips208'>RTE<\/span> \\= R\u00e9seau de Transport d'Electricit\u00e9 est une filiale d'<span class='tooltipsall tooltip_post_id_7035 classtoolTips178'>EDF<\/span> qui est l'actionnaire majoritaire avec 50,1% des parts le reste \u00e9tant partag\u00e9 par la CDC et la CNP\\<\\\/p\\>\"; toolTips('.classtoolTips208',tt_store_content,'25844'); <\/script><script type=\"text\/javascript\"> var tt_store_content = \"\\<\/p>\n<p style\\='text\\-align\\: center;'\\>\\<span style\\='font\\-size\\: 14pt;'\\>\\<strong\\>O\\<\\\/strong\\>rganisation\\<strong\\> N\\<\\\/strong\\>on\\<strong\\> G\\<\\\/strong\\>ouvernementale\\<\\\/span\\>\\<\\\/p\\><br \/>Une organisation non gouvernementale \\(<span class='tooltipsall tooltip_post_id_3579 classtoolTips210'>ONG<\/span>\\) est une \\<a title\\='Association \u00e0 but non lucratif' href\\='https\\:\\\/\\\/fr\\.wikipedia\\.org\\\/wiki\\\/Association_%C3%A0_but_non_lucratif' target\\='_blank' rel\\='noopener'\\>association \u00e0 but non lucratif\\<\\\/a\\>, d'int\u00e9r\u00eat public, qui ne rel\u00e8ve ni de l'\u00c9tat, ni d'institutions internationales\\<sup id\\='cite_ref\\-novethic_1\\-0' class\\='reference'\\>\\<\\\/sup\\>\\. Les ONG n'ont pas le statut de sujet de \\<a title\\='Droit international public' href\\='https\\:\\\/\\\/fr\\.wikipedia\\.org\\\/wiki\\\/Droit_international_public' target\\='_blank' rel\\='noopener'\\>droit international\\<\\\/a\\>\\.\"; toolTips('.classtoolTips210',tt_store_content,'3579'); <\/script><script type=\"text\/javascript\"> var tt_store_content = \"\\<\/p>\n<p style\\='text\\-align\\: center;'\\>\\<span style\\='font\\-size\\: 14pt;'\\>\\<strong\\>O\\<\\\/strong\\>rganisation\\<strong\\> N\\<\\\/strong\\>on\\<strong\\> G\\<\\\/strong\\>ouvernementale\\<\\\/span\\>\\<\\\/p\\><br \/>Une organisation non gouvernementale \\(ONG\\) est une \\<a title\\='Association \u00e0 but non lucratif' href\\='https\\:\\\/\\\/fr\\.wikipedia\\.org\\\/wiki\\\/Association_%C3%A0_but_non_lucratif' target\\='_blank' rel\\='noopener'\\>association \u00e0 but non lucratif\\<\\\/a\\>, d'int\u00e9r\u00eat public, qui ne rel\u00e8ve ni de l'\u00c9tat, ni d'institutions internationales\\<sup id\\='cite_ref\\-novethic_1\\-0' class\\='reference'\\>\\<\\\/sup\\>\\. Les ONG n'ont pas le statut de sujet de \\<a title\\='Droit international public' href\\='https\\:\\\/\\\/fr\\.wikipedia\\.org\\\/wiki\\\/Droit_international_public' target\\='_blank' rel\\='noopener'\\>droit international\\<\\\/a\\>\\.\"; toolTips('.classtoolTips210',tt_store_content,'3579'); <\/script><script type=\"text\/javascript\"> var tt_store_content = \"\\<p\\><span class='tooltipsall tooltip_post_id_24572 classtoolTips211'>MIT<\/span> \\= Massachussets Institute of Technology, prestigieuse universit\u00e9 am\u00e9ricaine de la c\u00f4te est\\<\\\/p\\>\"; toolTips('.classtoolTips211',tt_store_content,'24572'); <\/script><script type=\"text\/javascript\"> var tt_store_content = \"\\<p\\>d\u00e9chets \u00e0 Vie Courte \\(classement <span class='tooltipsall tooltip_post_id_3612 classtoolTips79'>ANDRA<\/span>\\)\\<\\\/p\\>\"; toolTips('.classtoolTips212',tt_store_content,'19201'); <\/script><script type=\"text\/javascript\"> var tt_store_content = \"\\<\/p>\n<p style\\='text\\-align\\: center;'\\>\\<strong\\>J\\<\\\/strong\\>eux \\<strong\\>O\\<\\\/strong\\>lympiques<br \/>ou<br \/>\\<strong\\>J\\<\\\/strong\\>ournal \\<strong\\>O\\<\\\/strong\\>fficiel de la R\u00e9publique Fran\u00e7aise\\<\\\/p\\>\"; toolTips('.classtoolTips213',tt_store_content,'4451'); <\/script><script type=\"text\/javascript\"> var tt_store_content = \"\\<p\\><span class='tooltipsall tooltip_post_id_30593 classtoolTips214'>RN<\/span> \\= Rassemble National, c'est le parti d'extr\u00eame droite de Marine Le Pen qui succ\u00e8de au FN \\= Front National fond\u00e9 par son p\u00e8re Jean Marie Le Pen\\<\\\/p\\>\"; toolTips('.classtoolTips214',tt_store_content,'30593'); <\/script><script type=\"text\/javascript\"> var tt_store_content = \"<\/p>\n<div class='tooltips_youtube_class' ><iframe width='100%' height='100%' src='http:\/\/www.youtube.com\/embed\/terawatt?rel=0&autoplay=1' frameborder='0' allowfullscreen><\/iframe><\/div>\n<p>\\<p\\>\\<strong\\>TERAWATT \\(<span class='tooltipsall tooltip_post_id_30105 classtoolTips219'>TW<\/span>\\) \\= 1000 000 000 000 <span class='tooltipsall tooltip_post_id_30101 classtoolTips216'>KW<\/span>\\<\\\/strong\\>\\<\\\/p\\>\"; toolTips('.classtoolTips219',tt_store_content,'30105'); <\/script><script type=\"text\/javascript\"> var tt_store_content = \"\\<\/p>\n<p style\\='text\\-align\\: center;'\\>\\<span style\\='font\\-size\\: 14pt;'\\>\\<strong\\>C\\<\\\/strong\\>entre \\<strong\\>H\\<\\\/strong\\>ospitalier\\<\\\/span\\>\\<\\\/p\\>\"; toolTips('.classtoolTips220',tt_store_content,'18357'); <\/script><script type=\"text\/javascript\"> var tt_store_content = \"\\<\/p>\n<p style\\='text\\-align\\: center;'\\>\\<span style\\='font\\-size\\: 14pt;'\\>\\<strong\\><span class='tooltipsall tooltip_post_id_21736 classtoolTips222'>nm<\/span> \\= n\\<\\\/strong\\>ano\\<strong\\>m\\<\\\/strong\\>\u00e8tre \\<\\\/span\\>\\<\\\/p\\><br \/>\\<\/p>\n<p style\\='text\\-align\\: justify;'\\>\\<em\\>le <span class='tooltipsall tooltip_post_id_21736 classtoolTips222'>nanom\u00e8tre<\/span>, de symbole nm, est une unit\u00e9 de longueur du Syst\u00e8me international\\. C'est un sous\\-multiple du m\u00e8tre, il vaut un milliardi\u00e8me de m\u00e8tre, soit un millioni\u00e8me de millim\u00e8tre\\.\\<\\\/em\\>\\<\\\/p\\><br \/>\\<\/p>\n<p style\\='text\\-align\\: center;'\\>\\<strong\\>\\<em\\> 1 nm \\= 10\u207b\u00b3 \u00b5m \\= 10\\<sup\\>\u20136\\<\\\/sup\\> mm \\= 10\\<sup\\>\u20139\\<\\\/sup\\> m\\.\\<\\\/em\\>\\<\\\/strong\\>\\<\\\/p\\>\"; toolTips('.classtoolTips222',tt_store_content,'21736'); <\/script><script type=\"text\/javascript\"> var tt_store_content = \"\\<p\\>D\u00e9chets radioactifs \u00e0 Haute Activit\u00e9 \\(classement ANDRA\\)\\<\\\/p\\>\"; toolTips('.classtoolTips223',tt_store_content,'19196'); <\/script><\/p>\n","protected":false},"author":21,"featured_media":0,"parent":1981,"menu_order":0,"comment_status":"closed","ping_status":"closed","template":"","meta":{"_acf_changed":false,"ngg_post_thumbnail":0,"footnotes":""},"coauthors":[76],"class_list":["post-31774","page","type-page","status-publish","hentry","no-thumb"],"acf":[],"jetpack_sharing_enabled":true,"jetpack_shortlink":"https:\/\/wp.me\/P9B5TM-8gu","_links":{"self":[{"href":"https:\/\/le-clairon-nouveau.fr\/wordpress\/wp-json\/wp\/v2\/pages\/31774","targetHints":{"allow":["GET"]}}],"collection":[{"href":"https:\/\/le-clairon-nouveau.fr\/wordpress\/wp-json\/wp\/v2\/pages"}],"about":[{"href":"https:\/\/le-clairon-nouveau.fr\/wordpress\/wp-json\/wp\/v2\/types\/page"}],"author":[{"embeddable":true,"href":"https:\/\/le-clairon-nouveau.fr\/wordpress\/wp-json\/wp\/v2\/users\/21"}],"replies":[{"embeddable":true,"href":"https:\/\/le-clairon-nouveau.fr\/wordpress\/wp-json\/wp\/v2\/comments?post=31774"}],"version-history":[{"count":2,"href":"https:\/\/le-clairon-nouveau.fr\/wordpress\/wp-json\/wp\/v2\/pages\/31774\/revisions"}],"predecessor-version":[{"id":31780,"href":"https:\/\/le-clairon-nouveau.fr\/wordpress\/wp-json\/wp\/v2\/pages\/31774\/revisions\/31780"}],"up":[{"embeddable":true,"href":"https:\/\/le-clairon-nouveau.fr\/wordpress\/wp-json\/wp\/v2\/pages\/1981"}],"wp:attachment":[{"href":"https:\/\/le-clairon-nouveau.fr\/wordpress\/wp-json\/wp\/v2\/media?parent=31774"}],"wp:term":[{"taxonomy":"author","embeddable":true,"href":"https:\/\/le-clairon-nouveau.fr\/wordpress\/wp-json\/wp\/v2\/coauthors?post=31774"}],"curies":[{"name":"wp","href":"https:\/\/api.w.org\/{rel}","templated":true}]}}