{"id":5909,"date":"2018-04-23T17:27:39","date_gmt":"2018-04-23T15:27:39","guid":{"rendered":"https:\/\/le-clairon-nouveau.fr\/wordpress\/?page_id=5909"},"modified":"2018-10-23T11:34:35","modified_gmt":"2018-10-23T09:34:35","slug":"nucleaire-desastre-annonce","status":"publish","type":"page","link":"https:\/\/le-clairon-nouveau.fr\/wordpress\/pages-visibles\/dossiers\/nucleaire-desastre-annonce\/","title":{"rendered":"Nucl\u00e9aire &#8211; Chronique d&rsquo;un d\u00e9sastre annonc\u00e9"},"content":{"rendered":"<div id=\"pl-5909\"  class=\"panel-layout\" ><div id=\"pg-5909-0\"  class=\"panel-grid panel-no-style\" ><div id=\"pgc-5909-0-0\"  class=\"panel-grid-cell\" ><div id=\"panel-5909-0-0-0\" class=\"so-panel widget widget_black-studio-tinymce widget_black_studio_tinymce panel-first-child panel-last-child\" data-index=\"0\" ><div class=\"textwidget\"><p style=\"text-align: justify;\"><span style=\"color: #808080;\"><em>Cette page regroupe l'ensemble des articles portant sur le th\u00e8me \"Nucl\u00e9aire - Chronique d'un D\u00e9sastre Annonc\u00e9\", diffus\u00e9s par le Clairon. Actuellement, seuls figurent les articles parus depuis Avril 2017, date de la mise en place de la nouvelle formule du Clairon. Avec le temps, nous l'enrichirons des articles parus dans la formule pr\u00e9c\u00e9dente.<\/em><\/span><\/p>\n<p><span style=\"color: #808080;\"><em>Les articles sont affich\u00e9s dans l'ordre chronologique croissant de parution<\/em>.<\/span><\/p>\n<p><div class=\"pt-cv-wrapper\"><div class=\"pt-cv-view pt-cv-grid pt-cv-colsys pt-cv-post-border\" id=\"pt-cv-view-738e680kln\"><div data-id=\"pt-cv-page-1\" class=\"pt-cv-page\" data-cvc=\"1\"><div class=\"col-md-12 col-sm-12 col-xs-12 pt-cv-content-item pt-cv-2-col\"  data-pid=\"18973\"><div class='pt-cv-ifield'><a href=\"https:\/\/le-clairon-nouveau.fr\/wordpress\/blog\/2019\/05\/23\/lindustrie-nucleaire-francaise-aurait-elle-perdu-son-savoir-faire\/\" class=\"pt-cv-window pt-cv-href-thumbnail pt-cv-thumb-left cvp-responsive-image img-shadow\" target=\"pt-cv-window\" data-width=\"1200\" data-height=\"600\" data-iw=\"150\" data-ih=\"150\"><img decoding=\"async\" width=\"150\" src=\"https:\/\/i0.wp.com\/le-clairon-nouveau.fr\/wordpress\/wp-content\/uploads\/2019\/05\/ASN-54.jpg?resize=300%2C163&amp;ssl=1\" class=\"pt-cv-thumbnail img-shadow pull-left cvp-substitute no-lazyload \" alt=\"L\u2019industrie nucl\u00e9aire fran\u00e7aise aurait-elle perdu son savoir faire ?\" title=\"\" data-no-lazy=\"1\" \/><\/a>\n<h4 class=\"pt-cv-title\"><a href=\"https:\/\/le-clairon-nouveau.fr\/wordpress\/blog\/2019\/05\/23\/lindustrie-nucleaire-francaise-aurait-elle-perdu-son-savoir-faire\/\" class=\"pt-cv-window\" target=\"pt-cv-window\" data-width=\"1200\" data-height=\"600\" data-iw=\"150\" data-ih=\"150\">L\u2019industrie nucl\u00e9aire fran\u00e7aise aurait-elle perdu son savoir faire ?<\/a><\/h4>\n<div class=\"pt-cv-meta-fields\"><span class=\"entry-date\"><span class=\"glyphicon glyphicon-calendar\"><\/span> <time datetime=\"2019-05-23T12:30:22+02:00\">23 mai 2019<\/time><\/span><span class=\"author\"><span class=\"glyphicon glyphicon-user\"><\/span> <a href=\"https:\/\/le-clairon-nouveau.fr\/wordpress\/blog\/author\/curly\/\" rel=\"author\">Curly Mc Toole<\/a><\/span><span class=\"comments-link\"><span class=\"glyphicon glyphicon-comment\"><\/span> <a href=\"https:\/\/le-clairon-nouveau.fr\/wordpress\/blog\/2019\/05\/23\/lindustrie-nucleaire-francaise-aurait-elle-perdu-son-savoir-faire\/#respond\">Aucun commentaire<span class=\"screen-reader-text\"> sur L\u2019industrie nucl\u00e9aire fran\u00e7aise aurait-elle perdu son savoir faire ?<\/span><\/a><\/span><\/div>\n<div class=\"pt-cv-content\">Cette fois ce qu'on savait depuis longtemps est devenu officiel : dans un rapport aux parlementaires, l'<span class='tooltipsall tooltip_post_id_3650 classtoolTips163'>ASN<\/span> le \"gendarme du nucl\u00e9aire\" s'inqui\u00e8te des pertes de comp\u00e9tence de l'industrie nucl\u00e9aire fran\u00e7aise qui seraient \u00e0 l'origine de nombreux incidents et retards ... <a href=\"https:\/\/le-clairon-nouveau.fr\/wordpress\/blog\/2019\/05\/23\/lindustrie-nucleaire-francaise-aurait-elle-perdu-son-savoir-faire\/\" class=\"pt-cv-window pt-cv-readmore pt-cv-textlink\" target=\"pt-cv-window\" data-width=\"1200\" data-height=\"600\" data-iw=\"150\" data-ih=\"150\">Lire la suite<\/a><\/div><\/div><\/div>\n<div class=\"col-md-12 col-sm-12 col-xs-12 pt-cv-content-item pt-cv-2-col\"  data-pid=\"19228\"><div class='pt-cv-ifield'><a href=\"https:\/\/le-clairon-nouveau.fr\/wordpress\/blog\/2019\/06\/23\/epr-de-flamanville-finalement-il-y-aurait-un-pilote-dans-lavion-asn\/\" class=\"pt-cv-window pt-cv-href-thumbnail pt-cv-thumb-left cvp-responsive-image img-shadow\" target=\"pt-cv-window\" data-width=\"1200\" data-height=\"600\" data-iw=\"150\" data-ih=\"150\"><img decoding=\"async\" width=\"150\" src=\"https:\/\/i0.wp.com\/le-clairon-nouveau.fr\/wordpress\/wp-content\/uploads\/2018\/01\/Clairon-01-Br%C3%A8ves-Relief.png?resize=173%2C99&amp;ssl=1\" class=\"pt-cv-thumbnail img-shadow pull-left cvp-substitute no-lazyload \" alt=\"EPR de Flamanville : finalement, il y aurait un pilote dans l&#039;avion ASN\" title=\"\" data-no-lazy=\"1\" \/><\/a>\n<h4 class=\"pt-cv-title\"><a href=\"https:\/\/le-clairon-nouveau.fr\/wordpress\/blog\/2019\/06\/23\/epr-de-flamanville-finalement-il-y-aurait-un-pilote-dans-lavion-asn\/\" class=\"pt-cv-window\" target=\"pt-cv-window\" data-width=\"1200\" data-height=\"600\" data-iw=\"150\" data-ih=\"150\"><span class='tooltipsall tooltip_post_id_5579 classtoolTips196'>EPR<\/span> de Flamanville : finalement, il y aurait un pilote dans l&rsquo;avion ASN<\/a><\/h4>\n<div class=\"pt-cv-meta-fields\"><span class=\"entry-date\"><span class=\"glyphicon glyphicon-calendar\"><\/span> <time datetime=\"2019-06-23T12:30:07+02:00\">23 juin 2019<\/time><\/span><span class=\"author\"><span class=\"glyphicon glyphicon-user\"><\/span> <a href=\"https:\/\/le-clairon-nouveau.fr\/wordpress\/blog\/author\/jean\/\" rel=\"author\">Jean Cordier<\/a><\/span><span class=\"comments-link\"><span class=\"glyphicon glyphicon-comment\"><\/span> <a href=\"https:\/\/le-clairon-nouveau.fr\/wordpress\/blog\/2019\/06\/23\/epr-de-flamanville-finalement-il-y-aurait-un-pilote-dans-lavion-asn\/#respond\">Aucun commentaire<span class=\"screen-reader-text\"> sur EPR de Flamanville : finalement, il y aurait un pilote dans l&rsquo;avion ASN<\/span><\/a><\/span><\/div>\n<div class=\"pt-cv-content\">Une fois n'est pas coutume, l'ASN vient de prendre une <span class='tooltipsall tooltip_post_id_19394 classtoolTips134'>sage<\/span> d\u00e9cision en s'opposant \u00e0 <span class='tooltipsall tooltip_post_id_7035 classtoolTips178'>EDF<\/span> \u00e0 propos des huit soudures d\u00e9fectueuses de l'EPR de Flamanville. Mais peut-on se r\u00e9jouir de voir ce lamentable projet consommer toujours plus d'argent public et prendre toujours plus de retard, alors que la vraie bonne d\u00e9cision serait d'y mettre fin purement et simplement ? ... <a href=\"https:\/\/le-clairon-nouveau.fr\/wordpress\/blog\/2019\/06\/23\/epr-de-flamanville-finalement-il-y-aurait-un-pilote-dans-lavion-asn\/\" class=\"pt-cv-window pt-cv-readmore pt-cv-textlink\" target=\"pt-cv-window\" data-width=\"1200\" data-height=\"600\" data-iw=\"150\" data-ih=\"150\">Lire la suite<\/a><\/div><\/div><\/div>\n<div class=\"col-md-12 col-sm-12 col-xs-12 pt-cv-content-item pt-cv-2-col\"  data-pid=\"19202\"><div class='pt-cv-ifield'><a href=\"https:\/\/le-clairon-nouveau.fr\/wordpress\/blog\/2019\/06\/23\/dechets-nucleaires-de-quoi-est-il-question\/\" class=\"pt-cv-window pt-cv-href-thumbnail pt-cv-thumb-left cvp-responsive-image img-shadow\" target=\"pt-cv-window\" data-width=\"1200\" data-height=\"600\" data-iw=\"150\" data-ih=\"150\"><\/a>\n<h4 class=\"pt-cv-title\"><a href=\"https:\/\/le-clairon-nouveau.fr\/wordpress\/blog\/2019\/06\/23\/dechets-nucleaires-de-quoi-est-il-question\/\" class=\"pt-cv-window\" target=\"pt-cv-window\" data-width=\"1200\" data-height=\"600\" data-iw=\"150\" data-ih=\"150\">D\u00e9chets nucl\u00e9aires : de quoi est-il question ?<\/a><\/h4>\n<div class=\"pt-cv-meta-fields\"><span class=\"entry-date\"><span class=\"glyphicon glyphicon-calendar\"><\/span> <time datetime=\"2019-06-23T12:30:40+02:00\">23 juin 2019<\/time><\/span><span class=\"author\"><span class=\"glyphicon glyphicon-user\"><\/span> <a href=\"https:\/\/le-clairon-nouveau.fr\/wordpress\/blog\/author\/curly\/\" rel=\"author\">Curly Mc Toole<\/a><\/span><span class=\"comments-link\"><span class=\"glyphicon glyphicon-comment\"><\/span> <a href=\"https:\/\/le-clairon-nouveau.fr\/wordpress\/blog\/2019\/06\/23\/dechets-nucleaires-de-quoi-est-il-question\/#respond\">Aucun commentaire<span class=\"screen-reader-text\"> sur D\u00e9chets nucl\u00e9aires : de quoi est-il question ?<\/span><\/a><\/span><\/div>\n<div class=\"pt-cv-content\">La situation des d\u00e9chets radioactifs est en l\u2019\u00e9tat actuel insuffisamment ma\u00eetris\u00e9e. Cela r\u00e9sulte d\u2019une longue histoire o\u00f9 soit la question des d\u00e9chets \u00e9tait minimis\u00e9e dans l\u2019espoir de trouver une solution technique pour r\u00e9duire leur radioactivit\u00e9 soit parce que la dangerosit\u00e9 d\u2019une partie d\u2019entre eux \u00e9tait sous-estim\u00e9e. L\u2019\u00e9volution de l\u2019opinion, mais aussi l\u2019importance prise par <span class='tooltipsall tooltip_post_id_29829 classtoolTips180'>ces<\/span> d\u00e9chets a cr\u00e9\u00e9 un probl\u00e8me qui ne peut plus \u00eatre trait\u00e9 \u00e0 la l\u00e9g\u00e8re ... <a href=\"https:\/\/le-clairon-nouveau.fr\/wordpress\/blog\/2019\/06\/23\/dechets-nucleaires-de-quoi-est-il-question\/\" class=\"pt-cv-window pt-cv-readmore pt-cv-textlink\" target=\"pt-cv-window\" data-width=\"1200\" data-height=\"600\" data-iw=\"150\" data-ih=\"150\">Lire la suite<\/a><\/div><\/div><\/div>\n<div class=\"col-md-12 col-sm-12 col-xs-12 pt-cv-content-item pt-cv-2-col\"  data-pid=\"19883\"><div class='pt-cv-ifield'><a href=\"https:\/\/le-clairon-nouveau.fr\/wordpress\/blog\/2019\/10\/23\/epr-la-filiere-nucleaire-francaise-a-encore-de-beaux-jours-devant-elle\/\" class=\"pt-cv-window pt-cv-href-thumbnail pt-cv-thumb-left cvp-responsive-image img-shadow\" target=\"pt-cv-window\" data-width=\"1200\" data-height=\"600\" data-iw=\"150\" data-ih=\"150\"><img decoding=\"async\" width=\"150\" src=\"https:\/\/i0.wp.com\/le-clairon-nouveau.fr\/wordpress\/wp-content\/uploads\/2022\/04\/Image-supprimee.png?resize=250%2C250&amp;ssl=1\" class=\"pt-cv-thumbnail img-shadow pull-left cvp-substitute no-lazyload \" alt=\"EPR : la fili\u00e8re nucl\u00e9aire fran\u00e7aise a encore de beaux jours devant elle\" title=\"\" data-no-lazy=\"1\" \/><\/a>\n<h4 class=\"pt-cv-title\"><a href=\"https:\/\/le-clairon-nouveau.fr\/wordpress\/blog\/2019\/10\/23\/epr-la-filiere-nucleaire-francaise-a-encore-de-beaux-jours-devant-elle\/\" class=\"pt-cv-window\" target=\"pt-cv-window\" data-width=\"1200\" data-height=\"600\" data-iw=\"150\" data-ih=\"150\">EPR : la fili\u00e8re nucl\u00e9aire fran\u00e7aise a encore de beaux jours devant elle<\/a><\/h4>\n<div class=\"pt-cv-meta-fields\"><span class=\"entry-date\"><span class=\"glyphicon glyphicon-calendar\"><\/span> <time datetime=\"2019-10-23T12:30:10+02:00\">23 octobre 2019<\/time><\/span><span class=\"author\"><span class=\"glyphicon glyphicon-user\"><\/span> <a href=\"https:\/\/le-clairon-nouveau.fr\/wordpress\/blog\/author\/curly\/\" rel=\"author\">Curly Mc Toole<\/a><\/span><span class=\"comments-link\"><span class=\"glyphicon glyphicon-comment\"><\/span> <a href=\"https:\/\/le-clairon-nouveau.fr\/wordpress\/blog\/2019\/10\/23\/epr-la-filiere-nucleaire-francaise-a-encore-de-beaux-jours-devant-elle\/#respond\">Aucun commentaire<span class=\"screen-reader-text\"> sur EPR : la fili\u00e8re nucl\u00e9aire fran\u00e7aise a encore de beaux jours devant elle<\/span><\/a><\/span><\/div>\n<div class=\"pt-cv-content\">Pourquoi se lancer maintenant dans ce programme de construction de 6 nouveaux EPR alors que la fili\u00e8re nucl\u00e9aire va si mal ? ... <a href=\"https:\/\/le-clairon-nouveau.fr\/wordpress\/blog\/2019\/10\/23\/epr-la-filiere-nucleaire-francaise-a-encore-de-beaux-jours-devant-elle\/\" class=\"pt-cv-window pt-cv-readmore pt-cv-textlink\" target=\"pt-cv-window\" data-width=\"1200\" data-height=\"600\" data-iw=\"150\" data-ih=\"150\">Lire la suite<\/a><\/div><\/div><\/div>\n<div class=\"col-md-12 col-sm-12 col-xs-12 pt-cv-content-item pt-cv-2-col\"  data-pid=\"20350\"><div class='pt-cv-ifield'><a href=\"https:\/\/le-clairon-nouveau.fr\/wordpress\/blog\/2019\/11\/23\/la-messe-est-dite-le-nucleaire-francais-a-encore-de-beaux-jours-devant-lui\/\" class=\"pt-cv-window pt-cv-href-thumbnail pt-cv-thumb-left cvp-responsive-image img-shadow\" target=\"pt-cv-window\" data-width=\"1200\" data-height=\"600\" data-iw=\"150\" data-ih=\"150\"><img decoding=\"async\" width=\"150\" src=\"https:\/\/i0.wp.com\/le-clairon-nouveau.fr\/wordpress\/wp-content\/uploads\/2019\/11\/nuclear-power-plantImage-parMarkus-Distelrath-de-Pixabay.jpg?resize=482%2C322&amp;ssl=1\" class=\"pt-cv-thumbnail img-shadow pull-left cvp-substitute no-lazyload \" alt=\"La messe est dite : le nucl\u00e9aire fran\u00e7ais a encore de beaux jours devant lui  !\" title=\"\" data-no-lazy=\"1\" \/><\/a>\n<h4 class=\"pt-cv-title\"><a href=\"https:\/\/le-clairon-nouveau.fr\/wordpress\/blog\/2019\/11\/23\/la-messe-est-dite-le-nucleaire-francais-a-encore-de-beaux-jours-devant-lui\/\" class=\"pt-cv-window\" target=\"pt-cv-window\" data-width=\"1200\" data-height=\"600\" data-iw=\"150\" data-ih=\"150\">La messe est dite : le nucl\u00e9aire fran\u00e7ais a encore de beaux jours devant lui  !<\/a><\/h4>\n<div class=\"pt-cv-meta-fields\"><span class=\"entry-date\"><span class=\"glyphicon glyphicon-calendar\"><\/span> <time datetime=\"2019-11-23T12:30:27+01:00\">23 novembre 2019<\/time><\/span><span class=\"author\"><span class=\"glyphicon glyphicon-user\"><\/span> <a href=\"https:\/\/le-clairon-nouveau.fr\/wordpress\/blog\/author\/curly\/\" rel=\"author\">Curly Mc Toole<\/a><\/span><span class=\"comments-link\"><span class=\"glyphicon glyphicon-comment\"><\/span> <a href=\"https:\/\/le-clairon-nouveau.fr\/wordpress\/blog\/2019\/11\/23\/la-messe-est-dite-le-nucleaire-francais-a-encore-de-beaux-jours-devant-lui\/#respond\">Aucun commentaire<span class=\"screen-reader-text\"> sur La messe est dite : le nucl\u00e9aire fran\u00e7ais a encore de beaux jours devant lui  !<\/span><\/a><\/span><\/div>\n<div class=\"pt-cv-content\">La messe est dite\u00a0! On ne peut que s\u2019inqui\u00e9ter du choix politique de poursuivre le d\u00e9veloppement de la fili\u00e8re nucl\u00e9aire fran\u00e7aise : les sommes qui y seront investies manqueront au financement des \u00e9conomies d\u2019\u00e9nergie et au d\u00e9veloppement des \u00e9nergies renouvelables, mais encore il serait vain de penser qu\u2019une \u00e9ventuelle expertise retrouv\u00e9e, permettrait d\u2019exporter le \u00ab savoir-faire \u00bb fran\u00e7ais dans un contexte mondial  ... <a href=\"https:\/\/le-clairon-nouveau.fr\/wordpress\/blog\/2019\/11\/23\/la-messe-est-dite-le-nucleaire-francais-a-encore-de-beaux-jours-devant-lui\/\" class=\"pt-cv-window pt-cv-readmore pt-cv-textlink\" target=\"pt-cv-window\" data-width=\"1200\" data-height=\"600\" data-iw=\"150\" data-ih=\"150\">Lire la suite<\/a><\/div><\/div><\/div>\n<div class=\"col-md-12 col-sm-12 col-xs-12 pt-cv-content-item pt-cv-2-col\"  data-pid=\"20531\"><div class='pt-cv-ifield'><a href=\"https:\/\/le-clairon-nouveau.fr\/wordpress\/blog\/2019\/12\/23\/bataille-pour-le-nucleaire-letat-macron-et-orano-aux-avant-postes\/\" class=\"pt-cv-window pt-cv-href-thumbnail pt-cv-thumb-left cvp-responsive-image img-shadow\" target=\"pt-cv-window\" data-width=\"1200\" data-height=\"600\" data-iw=\"150\" data-ih=\"150\"><img decoding=\"async\" width=\"150\" src=\"https:\/\/i0.wp.com\/le-clairon-nouveau.fr\/wordpress\/wp-content\/uploads\/2019\/12\/id%C3%A9es-re%C3%A7ues-Orano.jpg?resize=531%2C372&amp;ssl=1\" class=\"pt-cv-thumbnail img-shadow pull-left cvp-substitute no-lazyload \" alt=\"Bataille pour le nucl\u00e9aire, l\u2019Etat Macron et Orano aux avant-postes\u2026\" title=\"\" data-no-lazy=\"1\" \/><\/a>\n<h4 class=\"pt-cv-title\"><a href=\"https:\/\/le-clairon-nouveau.fr\/wordpress\/blog\/2019\/12\/23\/bataille-pour-le-nucleaire-letat-macron-et-orano-aux-avant-postes\/\" class=\"pt-cv-window\" target=\"pt-cv-window\" data-width=\"1200\" data-height=\"600\" data-iw=\"150\" data-ih=\"150\">Bataille pour le nucl\u00e9aire, l\u2019Etat Macron et <span class='tooltipsall tooltip_post_id_5129 classtoolTips77'>Orano<\/span> aux avant-postes\u2026<\/a><\/h4>\n<div class=\"pt-cv-meta-fields\"><span class=\"entry-date\"><span class=\"glyphicon glyphicon-calendar\"><\/span> <time datetime=\"2019-12-23T12:30:28+01:00\">23 d\u00e9cembre 2019<\/time><\/span><span class=\"author\"><span class=\"glyphicon glyphicon-user\"><\/span> <a href=\"https:\/\/le-clairon-nouveau.fr\/wordpress\/blog\/author\/hubert\/\" rel=\"author\">Hubert Reys<\/a><\/span><span class=\"comments-link\"><span class=\"glyphicon glyphicon-comment\"><\/span> <a href=\"https:\/\/le-clairon-nouveau.fr\/wordpress\/blog\/2019\/12\/23\/bataille-pour-le-nucleaire-letat-macron-et-orano-aux-avant-postes\/#respond\">Aucun commentaire<span class=\"screen-reader-text\"> sur Bataille pour le nucl\u00e9aire, l\u2019Etat Macron et Orano aux avant-postes\u2026<\/span><\/a><\/span><\/div>\n<div class=\"pt-cv-content\">La communication d\u2019E. Macron et d\u2019ORANO utilise ainsi la vieille ficelle qui consiste \u00e0 fabriquer une \u00ab preuve \u00bb en isolant un argument du contexte g\u00e9n\u00e9ral dans lequel il est produit. L\u2019id\u00e9e, pour faire la promotion du nucl\u00e9aire aupr\u00e8s de l\u2019opinion, c\u2019est d\u2019utiliser l\u2019argument de la faible \u00e9mission de CO\u00b2 en paravent pour masquer tout le reste ... <a href=\"https:\/\/le-clairon-nouveau.fr\/wordpress\/blog\/2019\/12\/23\/bataille-pour-le-nucleaire-letat-macron-et-orano-aux-avant-postes\/\" class=\"pt-cv-window pt-cv-readmore pt-cv-textlink\" target=\"pt-cv-window\" data-width=\"1200\" data-height=\"600\" data-iw=\"150\" data-ih=\"150\">Lire la suite<\/a><\/div><\/div><\/div>\n<div class=\"col-md-12 col-sm-12 col-xs-12 pt-cv-content-item pt-cv-2-col\"  data-pid=\"20871\"><div class='pt-cv-ifield'><a href=\"https:\/\/le-clairon-nouveau.fr\/wordpress\/blog\/2020\/01\/23\/le-gouvernement-apporte-des-precisions-en-matiere-de-nucleaire-civil\/\" class=\"pt-cv-window pt-cv-href-thumbnail pt-cv-thumb-left cvp-responsive-image img-shadow\" target=\"pt-cv-window\" data-width=\"1200\" data-height=\"600\" data-iw=\"150\" data-ih=\"150\"><img decoding=\"async\" width=\"150\" src=\"https:\/\/i0.wp.com\/le-clairon-nouveau.fr\/wordpress\/wp-content\/uploads\/2018\/07\/Br%C3%A8ves-du-Clairon-nvelle.jpg?resize=168%2C71&amp;ssl=1\" class=\"pt-cv-thumbnail img-shadow pull-left cvp-substitute no-lazyload \" alt=\"Le gouvernement apporte des pr\u00e9cisions en mati\u00e8re de nucl\u00e9aire civil\" title=\"\" data-no-lazy=\"1\" \/><\/a>\n<h4 class=\"pt-cv-title\"><a href=\"https:\/\/le-clairon-nouveau.fr\/wordpress\/blog\/2020\/01\/23\/le-gouvernement-apporte-des-precisions-en-matiere-de-nucleaire-civil\/\" class=\"pt-cv-window\" target=\"pt-cv-window\" data-width=\"1200\" data-height=\"600\" data-iw=\"150\" data-ih=\"150\">Le gouvernement apporte des pr\u00e9cisions en mati\u00e8re de nucl\u00e9aire civil<\/a><\/h4>\n<div class=\"pt-cv-meta-fields\"><span class=\"entry-date\"><span class=\"glyphicon glyphicon-calendar\"><\/span> <time datetime=\"2020-01-23T12:30:38+01:00\">23 janvier 2020<\/time><\/span><span class=\"author\"><span class=\"glyphicon glyphicon-user\"><\/span> <a href=\"https:\/\/le-clairon-nouveau.fr\/wordpress\/blog\/author\/curly\/\" rel=\"author\">Curly Mc Toole<\/a><\/span><span class=\"comments-link\"><span class=\"glyphicon glyphicon-comment\"><\/span> <a href=\"https:\/\/le-clairon-nouveau.fr\/wordpress\/blog\/2020\/01\/23\/le-gouvernement-apporte-des-precisions-en-matiere-de-nucleaire-civil\/#respond\">Aucun commentaire<span class=\"screen-reader-text\"> sur Le gouvernement apporte des pr\u00e9cisions en mati\u00e8re de nucl\u00e9aire civil<\/span><\/a><\/span><\/div>\n<div class=\"pt-cv-content\">Le projet de programmation pluriannuelle de l&rsquo;\u00e9nergie\u00a0(<span class='tooltipsall tooltip_post_id_7750 classtoolTips164'>PPE<\/span>) \u00e9labor\u00e9\u00a0 par le gouvernement est en fin de processus de consultation. Le gouvernement a apport\u00e9 des pr\u00e9cisions quant \u00e0 l\u2019\u00e9volution du parc nucl\u00e9aire fran\u00e7ais. Fermeture de r\u00e9acteurs : 14 r\u00e9acteurs devraient \u00eatre ferm\u00e9s pour r\u00e9aliser l\u2019objectif de la PPE d&rsquo;une part de \u00a050% de nucl\u00e9aire dans la production d\u2019\u00e9lectricit\u00e9 en 2035. \u00a0Ces fermetures r\u00e9pondraient \u00e0 2 principes. Le 1er principe retenu par le gouvernement c\u2019est que les r\u00e9acteurs ferment \u00e0 leur 5\u00e8me visite d\u00e9cennale, donc apr\u00e8s 50 ans de fonctionnement. Cela r\u00e9partirait les arr\u00eats entre 2029 et 2035. (Ndlr\u00a0: Les r\u00e9acteurs \u00e9tant alors amortis au plan comptable EDF ne devrait pas pouvoir refaire le coup de Fessenheim et demander une indemnisation) Ce principe impliquerait la fermeture de 2 r\u00e9acteurs \/ an entre 2030 et 2035, ce qui pose de nombreux probl\u00e8mes techniques, financiers et d\u2019impacts sur l\u2019emploi local, sans compter les r\u00e9percussions politiques. Il pourrait cependant y avoir anticipation de fermetures pour pouvoir les \u00e9taler sur un temps plus long, apr\u00e8s expertise de la CRE et de <span class='tooltipsall tooltip_post_id_25844 classtoolTips208'>RTE<\/span>\u2026 Le 2\u00e8me \u00a0principe viserait \u00e0 m\u00e9nager l\u2019environnement socio\u00e9conomique des centrales. Ainsi les fermetures de r\u00e9acteurs devraient dans la mesure du possible \u00e9viter la fermeture compl\u00e8te des sites. Elles doivent donc cibler des sites qui comportent 4 r\u00e9acteurs ou plus. C\u2019est pourquoi EDF a propos\u00e9 au gouvernement d\u2019\u00e9tudier la mise \u00e0 l\u2019arr\u00eat de r\u00e9acteurs sur les sites suivants\u00a0: Blayais = 2 r\u00e9acteurs en 2031 &amp; 2033\u00a0; Bugey en 2029 &amp; 2030\u00a0; Chinon en 2034\u00a0; Cruas en ... <a href=\"https:\/\/le-clairon-nouveau.fr\/wordpress\/blog\/2020\/01\/23\/le-gouvernement-apporte-des-precisions-en-matiere-de-nucleaire-civil\/\" class=\"pt-cv-window pt-cv-readmore pt-cv-textlink\" target=\"pt-cv-window\" data-width=\"1200\" data-height=\"600\" data-iw=\"150\" data-ih=\"150\">Lire la suite<\/a><\/div><\/div><\/div>\n<div class=\"col-md-12 col-sm-12 col-xs-12 pt-cv-content-item pt-cv-2-col\"  data-pid=\"20998\"><div class='pt-cv-ifield'><a href=\"https:\/\/le-clairon-nouveau.fr\/wordpress\/blog\/2020\/02\/23\/nucleaire-errare-humanum-est-perseverare-diabolicum\/\" class=\"pt-cv-window pt-cv-href-thumbnail pt-cv-thumb-left cvp-responsive-image img-shadow\" target=\"pt-cv-window\" data-width=\"1200\" data-height=\"600\" data-iw=\"150\" data-ih=\"150\"><img decoding=\"async\" width=\"150\" src=\"https:\/\/i0.wp.com\/le-clairon-nouveau.fr\/wordpress\/wp-content\/uploads\/2020\/02\/Image-par-enriquelopezgarre-de-Pixabay.jpg?resize=511%2C340&amp;ssl=1\" class=\"pt-cv-thumbnail img-shadow pull-left cvp-substitute no-lazyload \" alt=\"Nucl\u00e9aire : \u00ab errare humanum est ; perseverare diabolicum \u00bb\" title=\"\" data-no-lazy=\"1\" \/><\/a>\n<h4 class=\"pt-cv-title\"><a href=\"https:\/\/le-clairon-nouveau.fr\/wordpress\/blog\/2020\/02\/23\/nucleaire-errare-humanum-est-perseverare-diabolicum\/\" class=\"pt-cv-window\" target=\"pt-cv-window\" data-width=\"1200\" data-height=\"600\" data-iw=\"150\" data-ih=\"150\">Nucl\u00e9aire : \u00ab errare humanum est ; perseverare diabolicum \u00bb<\/a><\/h4>\n<div class=\"pt-cv-meta-fields\"><span class=\"entry-date\"><span class=\"glyphicon glyphicon-calendar\"><\/span> <time datetime=\"2020-02-23T12:30:51+01:00\">23 f\u00e9vrier 2020<\/time><\/span><span class=\"author\"><span class=\"glyphicon glyphicon-user\"><\/span> <a href=\"https:\/\/le-clairon-nouveau.fr\/wordpress\/blog\/author\/curly\/\" rel=\"author\">Curly Mc Toole<\/a><\/span><span class=\"comments-link\"><span class=\"glyphicon glyphicon-comment\"><\/span> <a href=\"https:\/\/le-clairon-nouveau.fr\/wordpress\/blog\/2020\/02\/23\/nucleaire-errare-humanum-est-perseverare-diabolicum\/#respond\">Aucun commentaire<span class=\"screen-reader-text\"> sur Nucl\u00e9aire : \u00ab errare humanum est ; perseverare diabolicum \u00bb<\/span><\/a><\/span><\/div>\n<div class=\"pt-cv-content\">La fermeture de la centrale de Fessenheim, arrach\u00e9e de haute lutte, ne marque nullement le d\u00e9but d'un repli de la fili\u00e8re nucl\u00e9aire fran\u00e7aise. Bien au contraire, alors que ce repli se manifeste partout dans le monde, le charme du nucl\u00e9aire instill\u00e9 par un influent lobby, semble avoir enchant\u00e9 Macron et une partie de nos gouvernants, qui malgr\u00e9 la kyrielle d'incidents, de retards et le manque \u00e9vident de savoir faire, envisagent la construction de 6 nouveaux EPR ... <a href=\"https:\/\/le-clairon-nouveau.fr\/wordpress\/blog\/2020\/02\/23\/nucleaire-errare-humanum-est-perseverare-diabolicum\/\" class=\"pt-cv-window pt-cv-readmore pt-cv-textlink\" target=\"pt-cv-window\" data-width=\"1200\" data-height=\"600\" data-iw=\"150\" data-ih=\"150\">Lire la suite<\/a><\/div><\/div><\/div>\n<div class=\"col-md-12 col-sm-12 col-xs-12 pt-cv-content-item pt-cv-2-col\"  data-pid=\"21163\"><div class='pt-cv-ifield'><a href=\"https:\/\/le-clairon-nouveau.fr\/wordpress\/blog\/2020\/03\/23\/electricite-nucleaire-sure-pas-chere-propre\/\" class=\"pt-cv-window pt-cv-href-thumbnail pt-cv-thumb-left cvp-responsive-image img-shadow\" target=\"pt-cv-window\" data-width=\"1200\" data-height=\"600\" data-iw=\"150\" data-ih=\"150\"><img decoding=\"async\" width=\"150\" src=\"https:\/\/i0.wp.com\/le-clairon-nouveau.fr\/wordpress\/wp-content\/uploads\/2020\/03\/Image-par-Free-Creative-Stuff-de-Pixabay.jpg?resize=599%2C397&amp;ssl=1\" class=\"pt-cv-thumbnail img-shadow pull-left cvp-substitute no-lazyload \" alt=\"Electricit\u00e9 nucl\u00e9aire : sure ?... pas ch\u00e8re ?... propre ?\" title=\"\" data-no-lazy=\"1\" \/><\/a>\n<h4 class=\"pt-cv-title\"><a href=\"https:\/\/le-clairon-nouveau.fr\/wordpress\/blog\/2020\/03\/23\/electricite-nucleaire-sure-pas-chere-propre\/\" class=\"pt-cv-window\" target=\"pt-cv-window\" data-width=\"1200\" data-height=\"600\" data-iw=\"150\" data-ih=\"150\">Electricit\u00e9 nucl\u00e9aire : sure ?&#8230; pas <span class='tooltipsall tooltip_post_id_18357 classtoolTips220'>ch<\/span>\u00e8re ?&#8230; propre ?<\/a><\/h4>\n<div class=\"pt-cv-meta-fields\"><span class=\"entry-date\"><span class=\"glyphicon glyphicon-calendar\"><\/span> <time datetime=\"2020-03-23T12:30:57+01:00\">23 mars 2020<\/time><\/span><span class=\"author\"><span class=\"glyphicon glyphicon-user\"><\/span> <a href=\"https:\/\/le-clairon-nouveau.fr\/wordpress\/blog\/author\/curly\/\" rel=\"author\">Curly Mc Toole<\/a><\/span><span class=\"comments-link\"><span class=\"glyphicon glyphicon-comment\"><\/span> <a href=\"https:\/\/le-clairon-nouveau.fr\/wordpress\/blog\/2020\/03\/23\/electricite-nucleaire-sure-pas-chere-propre\/#respond\">Aucun commentaire<span class=\"screen-reader-text\"> sur Electricit\u00e9 nucl\u00e9aire : sure ?&#8230; pas ch\u00e8re ?&#8230; propre ?<\/span><\/a><\/span><\/div>\n<div class=\"pt-cv-content\">Il semble indispensable que le public soit inform\u00e9 des \u00e9ventuels risques encourus par la fili\u00e8re nucl\u00e9aire en cas de pand\u00e9mie. La Cour des comptes, dans un rapport remis \u00e0 la commission des finances du S\u00e9nat le 4 mars dernier, constate que les obligations et directives relatives au d\u00e9mant\u00e8lement des centrales ne sont pas respect\u00e9es par les industriels du nucl\u00e9aire ... <a href=\"https:\/\/le-clairon-nouveau.fr\/wordpress\/blog\/2020\/03\/23\/electricite-nucleaire-sure-pas-chere-propre\/\" class=\"pt-cv-window pt-cv-readmore pt-cv-textlink\" target=\"pt-cv-window\" data-width=\"1200\" data-height=\"600\" data-iw=\"150\" data-ih=\"150\">Lire la suite<\/a><\/div><\/div><\/div>\n<div class=\"col-md-12 col-sm-12 col-xs-12 pt-cv-content-item pt-cv-2-col\"  data-pid=\"21380\"><div class='pt-cv-ifield'><a href=\"https:\/\/le-clairon-nouveau.fr\/wordpress\/blog\/2020\/04\/23\/epr-de-flamanville-nouveau-retard-dans-la-mise-en-service-la-surete-des-installations-nucleaires-est-remise-en-cause-par-la-pandemie-de-covid-19\/\" class=\"pt-cv-window pt-cv-href-thumbnail pt-cv-thumb-left cvp-responsive-image img-shadow\" target=\"pt-cv-window\" data-width=\"1200\" data-height=\"600\" data-iw=\"150\" data-ih=\"150\"><img decoding=\"async\" width=\"150\" src=\"https:\/\/i0.wp.com\/le-clairon-nouveau.fr\/wordpress\/wp-content\/uploads\/2020\/04\/Image-par-Eugen-Visan-de-Pixabay-1.jpg?resize=412%2C284&amp;ssl=1\" class=\"pt-cv-thumbnail img-shadow pull-left cvp-substitute no-lazyload \" alt=\"EPR de Flamanville : nouveau retard dans la mise en service. La s\u00fbret\u00e9 des installations nucl\u00e9aires est remise en cause par la pand\u00e9mie de Covid-19.\" title=\"\" data-no-lazy=\"1\" \/><\/a>\n<h4 class=\"pt-cv-title\"><a href=\"https:\/\/le-clairon-nouveau.fr\/wordpress\/blog\/2020\/04\/23\/epr-de-flamanville-nouveau-retard-dans-la-mise-en-service-la-surete-des-installations-nucleaires-est-remise-en-cause-par-la-pandemie-de-covid-19\/\" class=\"pt-cv-window\" target=\"pt-cv-window\" data-width=\"1200\" data-height=\"600\" data-iw=\"150\" data-ih=\"150\">EPR de Flamanville : nouveau retard dans la mise en service. La s\u00fbret\u00e9 des installations nucl\u00e9aires est remise en cause par la pand\u00e9mie de Covid-19.<\/a><\/h4>\n<div class=\"pt-cv-meta-fields\"><span class=\"entry-date\"><span class=\"glyphicon glyphicon-calendar\"><\/span> <time datetime=\"2020-04-23T12:30:31+02:00\">23 avril 2020<\/time><\/span><span class=\"author\"><span class=\"glyphicon glyphicon-user\"><\/span> <a href=\"https:\/\/le-clairon-nouveau.fr\/wordpress\/blog\/author\/curly\/\" rel=\"author\">Curly Mc Toole<\/a><\/span><span class=\"comments-link\"><span class=\"glyphicon glyphicon-comment\"><\/span> <a href=\"https:\/\/le-clairon-nouveau.fr\/wordpress\/blog\/2020\/04\/23\/epr-de-flamanville-nouveau-retard-dans-la-mise-en-service-la-surete-des-installations-nucleaires-est-remise-en-cause-par-la-pandemie-de-covid-19\/#respond\">Aucun commentaire<span class=\"screen-reader-text\"> sur EPR de Flamanville : nouveau retard dans la mise en service. La s\u00fbret\u00e9 des installations nucl\u00e9aires est remise en cause par la pand\u00e9mie de Covid-19.<\/span><\/a><\/span><\/div>\n<div class=\"pt-cv-content\">Pendant des ann\u00e9es le fl\u00e9chage des cr\u00e9dits public \u00e0 favoris\u00e9 le secteur du nucl\u00e9aire civil et militaire au d\u00e9triment du secteur public de la sant\u00e9. A pr\u00e9sent les cons\u00e9quences impr\u00e9vues de la pand\u00e9mie de Coronavirus impactent la fili\u00e8re nucl\u00e9aire, d\u2019autant plus que les moyens m\u00e9dicaux manquent \u00e0 pr\u00e9sent pour assurer son fonctionnement dans de bonnes conditions, notamment en termes de s\u00fbret\u00e9 ... <a href=\"https:\/\/le-clairon-nouveau.fr\/wordpress\/blog\/2020\/04\/23\/epr-de-flamanville-nouveau-retard-dans-la-mise-en-service-la-surete-des-installations-nucleaires-est-remise-en-cause-par-la-pandemie-de-covid-19\/\" class=\"pt-cv-window pt-cv-readmore pt-cv-textlink\" target=\"pt-cv-window\" data-width=\"1200\" data-height=\"600\" data-iw=\"150\" data-ih=\"150\">Lire la suite<\/a><\/div><\/div><\/div>\n<div class=\"col-md-12 col-sm-12 col-xs-12 pt-cv-content-item pt-cv-2-col\"  data-pid=\"21428\"><div class='pt-cv-ifield'><a href=\"https:\/\/le-clairon-nouveau.fr\/wordpress\/blog\/2020\/04\/23\/en-france-le-nucleaire-a-de-lavenir-grace-aux-radiateurs-electriques\/\" class=\"pt-cv-window pt-cv-href-thumbnail pt-cv-thumb-left cvp-responsive-image img-shadow\" target=\"pt-cv-window\" data-width=\"1200\" data-height=\"600\" data-iw=\"150\" data-ih=\"150\"><img decoding=\"async\" width=\"150\" src=\"https:\/\/i0.wp.com\/le-clairon-nouveau.fr\/wordpress\/wp-content\/uploads\/2020\/04\/radiateur-%C3%A9lec-64.jpg?resize=419%2C232&amp;ssl=1\" class=\"pt-cv-thumbnail img-shadow pull-left cvp-substitute no-lazyload \" alt=\"En France le nucl\u00e9aire a de l\u2019avenir gr\u00e2ce aux radiateurs \u00e9lectriques\" title=\"\" data-no-lazy=\"1\" \/><\/a>\n<h4 class=\"pt-cv-title\"><a href=\"https:\/\/le-clairon-nouveau.fr\/wordpress\/blog\/2020\/04\/23\/en-france-le-nucleaire-a-de-lavenir-grace-aux-radiateurs-electriques\/\" class=\"pt-cv-window\" target=\"pt-cv-window\" data-width=\"1200\" data-height=\"600\" data-iw=\"150\" data-ih=\"150\">En France le nucl\u00e9aire a de l\u2019avenir gr\u00e2ce aux radiateurs \u00e9lectriques<\/a><\/h4>\n<div class=\"pt-cv-meta-fields\"><span class=\"entry-date\"><span class=\"glyphicon glyphicon-calendar\"><\/span> <time datetime=\"2020-04-23T12:30:52+02:00\">23 avril 2020<\/time><\/span><span class=\"author\"><span class=\"glyphicon glyphicon-user\"><\/span> <a href=\"https:\/\/le-clairon-nouveau.fr\/wordpress\/blog\/author\/lbvp\/\" rel=\"author\">Louise B Velpeau<\/a><\/span><span class=\"comments-link\"><span class=\"glyphicon glyphicon-comment\"><\/span> <a href=\"https:\/\/le-clairon-nouveau.fr\/wordpress\/blog\/2020\/04\/23\/en-france-le-nucleaire-a-de-lavenir-grace-aux-radiateurs-electriques\/#respond\">Aucun commentaire<span class=\"screen-reader-text\"> sur En France le nucl\u00e9aire a de l\u2019avenir gr\u00e2ce aux radiateurs \u00e9lectriques<\/span><\/a><\/span><\/div>\n<div class=\"pt-cv-content\">Je vais avoir un logement class\u00e9 plus \u00e9conome en \u00e9nergie, mais payer plus cher ma facture de chauffage ! ... <a href=\"https:\/\/le-clairon-nouveau.fr\/wordpress\/blog\/2020\/04\/23\/en-france-le-nucleaire-a-de-lavenir-grace-aux-radiateurs-electriques\/\" class=\"pt-cv-window pt-cv-readmore pt-cv-textlink\" target=\"pt-cv-window\" data-width=\"1200\" data-height=\"600\" data-iw=\"150\" data-ih=\"150\">Lire la suite<\/a><\/div><\/div><\/div>\n<div class=\"col-md-12 col-sm-12 col-xs-12 pt-cv-content-item pt-cv-2-col\"  data-pid=\"22115\"><div class='pt-cv-ifield'><a href=\"https:\/\/le-clairon-nouveau.fr\/wordpress\/blog\/2020\/07\/23\/lavenir-problematique-de-la-filiere-nucleaire\/\" class=\"pt-cv-window pt-cv-href-thumbnail pt-cv-thumb-left cvp-responsive-image img-shadow\" target=\"pt-cv-window\" data-width=\"1200\" data-height=\"600\" data-iw=\"150\" data-ih=\"150\"><img decoding=\"async\" width=\"150\" src=\"https:\/\/i0.wp.com\/le-clairon-nouveau.fr\/wordpress\/wp-content\/uploads\/2020\/07\/centrale-nucl%C3%A9aire-de-Brockdorf-Image-par-Wolfgang-Claussen-de-PixabayBrockdorf.jpg?resize=512%2C341&amp;ssl=1\" class=\"pt-cv-thumbnail img-shadow pull-left cvp-substitute no-lazyload \" alt=\"L\u2019avenir probl\u00e9matique de la fili\u00e8re nucl\u00e9aire\" title=\"\" data-no-lazy=\"1\" \/><\/a>\n<h4 class=\"pt-cv-title\"><a href=\"https:\/\/le-clairon-nouveau.fr\/wordpress\/blog\/2020\/07\/23\/lavenir-problematique-de-la-filiere-nucleaire\/\" class=\"pt-cv-window\" target=\"pt-cv-window\" data-width=\"1200\" data-height=\"600\" data-iw=\"150\" data-ih=\"150\">L\u2019avenir probl\u00e9matique de la fili\u00e8re nucl\u00e9aire<\/a><\/h4>\n<div class=\"pt-cv-meta-fields\"><span class=\"entry-date\"><span class=\"glyphicon glyphicon-calendar\"><\/span> <time datetime=\"2020-07-23T12:30:44+02:00\">23 juillet 2020<\/time><\/span><span class=\"author\"><span class=\"glyphicon glyphicon-user\"><\/span> <a href=\"https:\/\/le-clairon-nouveau.fr\/wordpress\/blog\/author\/curly\/\" rel=\"author\">Curly Mc Toole<\/a><\/span><span class=\"comments-link\"><span class=\"glyphicon glyphicon-comment\"><\/span> <a href=\"https:\/\/le-clairon-nouveau.fr\/wordpress\/blog\/2020\/07\/23\/lavenir-problematique-de-la-filiere-nucleaire\/#respond\">Aucun commentaire<span class=\"screen-reader-text\"> sur L\u2019avenir probl\u00e9matique de la fili\u00e8re nucl\u00e9aire<\/span><\/a><\/span><\/div>\n<div class=\"pt-cv-content\">\u00abIl demeure une incertitude sur la capacit\u00e9 de la fili\u00e8re nucl\u00e9aire fran\u00e7aise (\u2026) \u00e0 construire de nouveaux r\u00e9acteurs \u00e9lectronucl\u00e9aires dans des d\u00e9lais et pour un co\u00fbt qui demeurent acceptables\u00bb Pierre Moscovici, Pr\u00e9sident de la Cour des comptes ... <a href=\"https:\/\/le-clairon-nouveau.fr\/wordpress\/blog\/2020\/07\/23\/lavenir-problematique-de-la-filiere-nucleaire\/\" class=\"pt-cv-window pt-cv-readmore pt-cv-textlink\" target=\"pt-cv-window\" data-width=\"1200\" data-height=\"600\" data-iw=\"150\" data-ih=\"150\">Lire la suite<\/a><\/div><\/div><\/div>\n<div class=\"col-md-12 col-sm-12 col-xs-12 pt-cv-content-item pt-cv-2-col\"  data-pid=\"22405\"><div class='pt-cv-ifield'><a href=\"https:\/\/le-clairon-nouveau.fr\/wordpress\/blog\/2020\/09\/22\/narbonne-malvesi-les-associations-rubresus-et-col-e-r-e-ne-lachent-rien\/\" class=\"pt-cv-window pt-cv-href-thumbnail pt-cv-thumb-left cvp-responsive-image img-shadow\" target=\"pt-cv-window\" data-width=\"1200\" data-height=\"600\" data-iw=\"150\" data-ih=\"150\"><img decoding=\"async\" width=\"150\" src=\"https:\/\/i0.wp.com\/le-clairon-nouveau.fr\/wordpress\/wp-content\/uploads\/2018\/07\/Br%C3%A8ves-du-Clairon-nvelle.jpg?resize=170%2C72&amp;ssl=1\" class=\"pt-cv-thumbnail img-shadow pull-left cvp-substitute no-lazyload \" alt=\"Narbonne \/ Malv\u00e9si : les associations RUBRESUS et COL.E.R.E ne l\u00e2chent rien\" title=\"\" data-no-lazy=\"1\" \/><\/a>\n<h4 class=\"pt-cv-title\"><a href=\"https:\/\/le-clairon-nouveau.fr\/wordpress\/blog\/2020\/09\/22\/narbonne-malvesi-les-associations-rubresus-et-col-e-r-e-ne-lachent-rien\/\" class=\"pt-cv-window\" target=\"pt-cv-window\" data-width=\"1200\" data-height=\"600\" data-iw=\"150\" data-ih=\"150\">Narbonne \/ Malv\u00e9si : les associations <span class='tooltipsall tooltip_post_id_7255 classtoolTips44'>RUBRESUS<\/span> et COL.E.R.E ne l\u00e2chent rien<\/a><\/h4>\n<div class=\"pt-cv-meta-fields\"><span class=\"entry-date\"><span class=\"glyphicon glyphicon-calendar\"><\/span> <time datetime=\"2020-09-22T12:28:54+02:00\">22 septembre 2020<\/time><\/span><span class=\"author\"><span class=\"glyphicon glyphicon-user\"><\/span> <a href=\"https:\/\/le-clairon-nouveau.fr\/wordpress\/blog\/author\/redact\/\" rel=\"author\">La R\u00e9daction du Clairon de l'Atax<\/a><\/span><span class=\"comments-link\"><span class=\"glyphicon glyphicon-comment\"><\/span> <a href=\"https:\/\/le-clairon-nouveau.fr\/wordpress\/blog\/2020\/09\/22\/narbonne-malvesi-les-associations-rubresus-et-col-e-r-e-ne-lachent-rien\/#comments\">2 commentaires <span class=\"screen-reader-text\"> sur Narbonne \/ Malv\u00e9si : les associations RUBRESUS et COL.E.R.E ne l\u00e2chent rien<\/span><\/a><\/span><\/div>\n<div class=\"pt-cv-content\">RUBRESUS &amp; COL.E.R.E ont d\u00e9pos\u00e9 un recours en appel envers l\u2019autorisation de l\u2019usine de dioxyde d\u2019uranium NVH RUBRESUS &amp; COL.E.R.E ne l\u00e2chent rien. Apr\u00e8s les recours ces derniers mois devant la cour administrative d\u2019appel de Marseille \u00e0 propos de l\u2019arr\u00eat\u00e9 pr\u00e9fectoral d\u2019autorisation de <span class='tooltipsall tooltip_post_id_3610 classtoolTips37'>TDN<\/span> et de l\u2019autorisation du permis de construire, les deux associations viennent de d\u00e9poser le 17 juillet un recours en appel contre l\u2019autorisation de la production de dioxyde d\u2019uranium \u00e0 Malv\u00e9si. Pour rappel, NVH serait la seule usine de production de dioxyde d\u2019uranium pour le combustible <span class='tooltipsall tooltip_post_id_7037 classtoolTips179'>MOX<\/span> plutonium\/uranium\u00a0 en Europe, autoris\u00e9e sans \u00e9tude d\u2019impacts, sans enqu\u00eate publique Encore une fois, c\u2019est gr\u00e2ce \u00e0 la mobilisation de la population qui a r\u00e9pondu \u00e0 nos appels en participant g\u00e9n\u00e9reusement \u00e0 la cagnotte en cours Helloasso, gr\u00e2ce aux m\u00e9c\u00e8nes qui contribuent eux aussi par leur fid\u00e8le et d\u00e9terminant concours, gr\u00e2ce aux op\u00e9rations solidaires (soir\u00e9e th\u00e9\u00e2trale Les Tamaritiens et Vignerons de La Clape). Cependant, c\u2019est financi\u00e8rement de plus en plus difficile compte tenu des dossiers approfondis constitu\u00e9s par nos avocats. Malgr\u00e9 la qualit\u00e9 et la pertinence ind\u00e9niables de nos requ\u00eates, le Tribunal administratif de Montpellier a rejet\u00e9 sans consid\u00e9ration plus d\u2019une centaine d\u2019arguments (moyens) \u00e9tablis dans nos recours et a syst\u00e9matiquement r\u00e9pondu en faveur d\u2019Orano et du pr\u00e9fet. L\u2019audience du 10 mars et le jugement ont cependant clairement fait appara\u00eetre que le dossier de RUBRESUS &amp; COL.E.R.E \u00e9tait en position la plus favorable pour la suite. Nous pourrions voir dans l\u2019attitude unilat\u00e9rale des jugements un risque de d\u00e9s\u00e9quilibre de la justice ... <a href=\"https:\/\/le-clairon-nouveau.fr\/wordpress\/blog\/2020\/09\/22\/narbonne-malvesi-les-associations-rubresus-et-col-e-r-e-ne-lachent-rien\/\" class=\"pt-cv-window pt-cv-readmore pt-cv-textlink\" target=\"pt-cv-window\" data-width=\"1200\" data-height=\"600\" data-iw=\"150\" data-ih=\"150\">Lire la suite<\/a><\/div><\/div><\/div>\n<div class=\"col-md-12 col-sm-12 col-xs-12 pt-cv-content-item pt-cv-2-col\"  data-pid=\"22365\"><div class='pt-cv-ifield'><a href=\"https:\/\/le-clairon-nouveau.fr\/wordpress\/blog\/2020\/09\/23\/apres-le-tour-de-france-et-grace-au-nucleaire-la-france-narrete-pas-de-pedaler\/\" class=\"pt-cv-window pt-cv-href-thumbnail pt-cv-thumb-left cvp-responsive-image img-shadow\" target=\"pt-cv-window\" data-width=\"1200\" data-height=\"600\" data-iw=\"150\" data-ih=\"150\"><img decoding=\"async\" width=\"150\" src=\"https:\/\/i0.wp.com\/le-clairon-nouveau.fr\/wordpress\/wp-content\/uploads\/2020\/09\/cycling-Image-par-skeeze-de-Pixabay.jpg?resize=502%2C358&amp;ssl=1\" class=\"pt-cv-thumbnail img-shadow pull-left cvp-substitute no-lazyload \" alt=\"Apr\u00e8s le Tour de France et gr\u00e2ce au nucl\u00e9aire la France n\u2019arr\u00eate pas de p\u00e9daler !\" title=\"\" data-no-lazy=\"1\" \/><\/a>\n<h4 class=\"pt-cv-title\"><a href=\"https:\/\/le-clairon-nouveau.fr\/wordpress\/blog\/2020\/09\/23\/apres-le-tour-de-france-et-grace-au-nucleaire-la-france-narrete-pas-de-pedaler\/\" class=\"pt-cv-window\" target=\"pt-cv-window\" data-width=\"1200\" data-height=\"600\" data-iw=\"150\" data-ih=\"150\">Apr\u00e8s le Tour de France et gr\u00e2ce au nucl\u00e9aire la France n\u2019arr\u00eate pas de p\u00e9daler !<\/a><\/h4>\n<div class=\"pt-cv-meta-fields\"><span class=\"entry-date\"><span class=\"glyphicon glyphicon-calendar\"><\/span> <time datetime=\"2020-09-23T12:30:22+02:00\">23 septembre 2020<\/time><\/span><span class=\"author\"><span class=\"glyphicon glyphicon-user\"><\/span> <a href=\"https:\/\/le-clairon-nouveau.fr\/wordpress\/blog\/author\/curly\/\" rel=\"author\">Curly Mc Toole<\/a><\/span><span class=\"comments-link\"><span class=\"glyphicon glyphicon-comment\"><\/span> <a href=\"https:\/\/le-clairon-nouveau.fr\/wordpress\/blog\/2020\/09\/23\/apres-le-tour-de-france-et-grace-au-nucleaire-la-france-narrete-pas-de-pedaler\/#respond\">Aucun commentaire<span class=\"screen-reader-text\"> sur Apr\u00e8s le Tour de France et gr\u00e2ce au nucl\u00e9aire la France n\u2019arr\u00eate pas de p\u00e9daler !<\/span><\/a><\/span><\/div>\n<div class=\"pt-cv-content\">Chronique d\u2019un d\u00e9sastre annonc\u00e9 (suite) P\u00e9daleurs-Image par skeeze de Pixabay \u00ab\u00a0Si je devais utiliser une image pour d\u00e9crire notre situation, ce serait celle d\u2019un cycliste qui, pour ne pas tomber, ne doit pas s\u2019arr\u00eater de p\u00e9daler.\u00a0\u00bb Jean Bernard Levy, PDG d\u2019EDF, audition sur le nucl\u00e9aire \u00e0 l\u2019Assembl\u00e9e Nationale, le 7 juin 2018 \u00a0 Quand deviendrons-nous raisonnables\u00a0? Dans notre \u00e9dition pr\u00e9c\u00e9dente, nous annoncions que le gouvernement avait command\u00e9 \u00e0 EDF un plan pour la construction de 6 nouveaux r\u00e9acteurs de type EPR (1). A l\u2019heure actuelle rien dans le fonctionnement de la fili\u00e8re nucl\u00e9aire fran\u00e7aise ne semble justifier une telle d\u00e9cision, les dysfonctionnements techniques et les retards ne sont pas r\u00e9gl\u00e9s, les incidents se poursuivent, les probl\u00e8mes financiers ne sont pas r\u00e9solus. Partout dans le monde, la construction de nouvelles centrales nucl\u00e9aires se ralentit. Et de nombreux projets sont abandonn\u00e9s. Chez nos voisins anglais, EDF est engag\u00e9e dans la construction des 2 EPR d\u2019Hinckley Point C en partenariat avec l\u2018entreprise chinoise CGN (2). Il s&rsquo;av\u00e8re que c&rsquo;est actuellement le seul projet mis en chantier par le Royaume-Uni, alors qu\u2019au d\u00e9part il y en avait 6. Ainsi les constructeurs japonais du nucl\u00e9aire ont jet\u00e9 l\u2019\u00e9ponge et ont abandonn\u00e9 : pour Hitachi 2 projets de centrales au pays de Galles et dans l\u2019ouest de l\u2019Angleterre (Wylfa et Oldbury)\u00a0 ; pour Toshiba un projet avec Engie dans le nord de l\u2019Angleterre. Il reste actuellement 2 autres projets de centrales, men\u00e9s respectivement par EDF et le Chinois CGN, mais ils se heurtent \u00e0 des probl\u00e8mes ... <a href=\"https:\/\/le-clairon-nouveau.fr\/wordpress\/blog\/2020\/09\/23\/apres-le-tour-de-france-et-grace-au-nucleaire-la-france-narrete-pas-de-pedaler\/\" class=\"pt-cv-window pt-cv-readmore pt-cv-textlink\" target=\"pt-cv-window\" data-width=\"1200\" data-height=\"600\" data-iw=\"150\" data-ih=\"150\">Lire la suite<\/a><\/div><\/div><\/div>\n<div class=\"col-md-12 col-sm-12 col-xs-12 pt-cv-content-item pt-cv-2-col\"  data-pid=\"22555\"><div class='pt-cv-ifield'><a href=\"https:\/\/le-clairon-nouveau.fr\/wordpress\/blog\/2020\/10\/23\/nucleaire-qui-maitrise-quoi\/\" class=\"pt-cv-window pt-cv-href-thumbnail pt-cv-thumb-left cvp-responsive-image img-shadow\" target=\"pt-cv-window\" data-width=\"1200\" data-height=\"600\" data-iw=\"150\" data-ih=\"150\"><img decoding=\"async\" width=\"150\" src=\"https:\/\/i0.wp.com\/le-clairon-nouveau.fr\/wordpress\/wp-content\/uploads\/2020\/10\/Dechets-nucleaires-Image-par-Dirk-Rabe-de-Pixabay.jpg?resize=592%2C306&amp;ssl=1\" class=\"pt-cv-thumbnail img-shadow pull-left cvp-substitute no-lazyload \" alt=\"Nucl\u00e9aire qui ma\u00eetrise quoi ?\" title=\"\" data-no-lazy=\"1\" \/><\/a>\n<h4 class=\"pt-cv-title\"><a href=\"https:\/\/le-clairon-nouveau.fr\/wordpress\/blog\/2020\/10\/23\/nucleaire-qui-maitrise-quoi\/\" class=\"pt-cv-window\" target=\"pt-cv-window\" data-width=\"1200\" data-height=\"600\" data-iw=\"150\" data-ih=\"150\">Nucl\u00e9aire qui ma\u00eetrise quoi ?<\/a><\/h4>\n<div class=\"pt-cv-meta-fields\"><span class=\"entry-date\"><span class=\"glyphicon glyphicon-calendar\"><\/span> <time datetime=\"2020-10-23T12:30:50+02:00\">23 octobre 2020<\/time><\/span><span class=\"author\"><span class=\"glyphicon glyphicon-user\"><\/span> <a href=\"https:\/\/le-clairon-nouveau.fr\/wordpress\/blog\/author\/curly\/\" rel=\"author\">Curly Mc Toole<\/a><\/span><span class=\"comments-link\"><span class=\"glyphicon glyphicon-comment\"><\/span> <a href=\"https:\/\/le-clairon-nouveau.fr\/wordpress\/blog\/2020\/10\/23\/nucleaire-qui-maitrise-quoi\/#respond\">Aucun commentaire<span class=\"screen-reader-text\"> sur Nucl\u00e9aire qui ma\u00eetrise quoi ?<\/span><\/a><\/span><\/div>\n<div class=\"pt-cv-content\">Du chantier de l\u2019EPR de Flamanville conduit par EDF, \u00e0 celui de la d\u00e9molition par Orano de l\u2019ancienne usine d\u2019enrichissement d\u2019uranium \u00ab Georges Besse \u00bb \u00e0 Pierrelatte, la perte de savoir faire des op\u00e9rateurs du nucl\u00e9aire d\u00e9nonc\u00e9e par l\u2019ASN, ne semble pas en cours de r\u00e9sorption ... <a href=\"https:\/\/le-clairon-nouveau.fr\/wordpress\/blog\/2020\/10\/23\/nucleaire-qui-maitrise-quoi\/\" class=\"pt-cv-window pt-cv-readmore pt-cv-textlink\" target=\"pt-cv-window\" data-width=\"1200\" data-height=\"600\" data-iw=\"150\" data-ih=\"150\">Lire la suite<\/a><\/div><\/div><\/div>\n<div class=\"col-md-12 col-sm-12 col-xs-12 pt-cv-content-item pt-cv-2-col\"  data-pid=\"23313\"><div class='pt-cv-ifield'><a href=\"https:\/\/le-clairon-nouveau.fr\/wordpress\/blog\/2020\/11\/23\/surete-nucleaire-un-imprevu\/\" class=\"pt-cv-window pt-cv-href-thumbnail pt-cv-thumb-left cvp-responsive-image img-shadow\" target=\"pt-cv-window\" data-width=\"1200\" data-height=\"600\" data-iw=\"150\" data-ih=\"150\"><img decoding=\"async\" width=\"150\" src=\"https:\/\/i0.wp.com\/le-clairon-nouveau.fr\/wordpress\/wp-content\/uploads\/2020\/11\/Seisme-Image-par-Tumisu-de-Pixabay.jpg?resize=504%2C343&amp;ssl=1\" class=\"pt-cv-thumbnail img-shadow pull-left cvp-substitute no-lazyload \" alt=\"Suret\u00e9 nucl\u00e9aire : un impr\u00e9vu ? !\" title=\"\" data-no-lazy=\"1\" \/><\/a>\n<h4 class=\"pt-cv-title\"><a href=\"https:\/\/le-clairon-nouveau.fr\/wordpress\/blog\/2020\/11\/23\/surete-nucleaire-un-imprevu\/\" class=\"pt-cv-window\" target=\"pt-cv-window\" data-width=\"1200\" data-height=\"600\" data-iw=\"150\" data-ih=\"150\">Suret\u00e9 nucl\u00e9aire : un impr\u00e9vu ? !<\/a><\/h4>\n<div class=\"pt-cv-meta-fields\"><span class=\"entry-date\"><span class=\"glyphicon glyphicon-calendar\"><\/span> <time datetime=\"2020-11-23T13:30:01+01:00\">23 novembre 2020<\/time><\/span><span class=\"author\"><span class=\"glyphicon glyphicon-user\"><\/span> <a href=\"https:\/\/le-clairon-nouveau.fr\/wordpress\/blog\/author\/curly\/\" rel=\"author\">Curly Mc Toole<\/a><\/span><span class=\"comments-link\"><span class=\"glyphicon glyphicon-comment\"><\/span> <a href=\"https:\/\/le-clairon-nouveau.fr\/wordpress\/blog\/2020\/11\/23\/surete-nucleaire-un-imprevu\/#respond\">Aucun commentaire<span class=\"screen-reader-text\"> sur Suret\u00e9 nucl\u00e9aire : un impr\u00e9vu ? !<\/span><\/a><\/span><\/div>\n<div class=\"pt-cv-content\">Qu\u2019est-il pr\u00e9vu actuellement pour faire face au risque sismique dans les centrales nucl\u00e9aires ? ... <a href=\"https:\/\/le-clairon-nouveau.fr\/wordpress\/blog\/2020\/11\/23\/surete-nucleaire-un-imprevu\/\" class=\"pt-cv-window pt-cv-readmore pt-cv-textlink\" target=\"pt-cv-window\" data-width=\"1200\" data-height=\"600\" data-iw=\"150\" data-ih=\"150\">Lire la suite<\/a><\/div><\/div><\/div>\n<div class=\"col-md-12 col-sm-12 col-xs-12 pt-cv-content-item pt-cv-2-col\"  data-pid=\"23512\"><div class='pt-cv-ifield'><a href=\"https:\/\/le-clairon-nouveau.fr\/wordpress\/blog\/2020\/12\/23\/le-nucleaire-termine-lannee-en-beaute-par-un-feu-dartifice-de-dysfonctionnements-et-de-turpitudes\/\" class=\"pt-cv-window pt-cv-href-thumbnail pt-cv-thumb-left cvp-responsive-image img-shadow\" target=\"pt-cv-window\" data-width=\"1200\" data-height=\"600\" data-iw=\"150\" data-ih=\"150\"><img decoding=\"async\" width=\"150\" src=\"https:\/\/i0.wp.com\/le-clairon-nouveau.fr\/wordpress\/wp-content\/uploads\/2020\/12\/nuke-bike.jpg?resize=521%2C257&amp;ssl=1\" class=\"pt-cv-thumbnail img-shadow pull-left cvp-substitute no-lazyload \" alt=\"Le nucl\u00e9aire termine l\u2019ann\u00e9e en beaut\u00e9 par un feu d\u2019artifice de dysfonctionnements et de turpitudes\" title=\"\" data-no-lazy=\"1\" \/><\/a>\n<h4 class=\"pt-cv-title\"><a href=\"https:\/\/le-clairon-nouveau.fr\/wordpress\/blog\/2020\/12\/23\/le-nucleaire-termine-lannee-en-beaute-par-un-feu-dartifice-de-dysfonctionnements-et-de-turpitudes\/\" class=\"pt-cv-window\" target=\"pt-cv-window\" data-width=\"1200\" data-height=\"600\" data-iw=\"150\" data-ih=\"150\">Le nucl\u00e9aire termine l\u2019ann\u00e9e en beaut\u00e9 par un feu d\u2019artifice de dysfonctionnements et de turpitudes<\/a><\/h4>\n<div class=\"pt-cv-meta-fields\"><span class=\"entry-date\"><span class=\"glyphicon glyphicon-calendar\"><\/span> <time datetime=\"2020-12-23T12:30:18+01:00\">23 d\u00e9cembre 2020<\/time><\/span><span class=\"author\"><span class=\"glyphicon glyphicon-user\"><\/span> <a href=\"https:\/\/le-clairon-nouveau.fr\/wordpress\/blog\/author\/curly\/\" rel=\"author\">Curly Mc Toole<\/a><\/span><span class=\"comments-link\"><span class=\"glyphicon glyphicon-comment\"><\/span> <a href=\"https:\/\/le-clairon-nouveau.fr\/wordpress\/blog\/2020\/12\/23\/le-nucleaire-termine-lannee-en-beaute-par-un-feu-dartifice-de-dysfonctionnements-et-de-turpitudes\/#respond\">Aucun commentaire<span class=\"screen-reader-text\"> sur Le nucl\u00e9aire termine l\u2019ann\u00e9e en beaut\u00e9 par un feu d\u2019artifice de dysfonctionnements et de turpitudes<\/span><\/a><\/span><\/div>\n<div class=\"pt-cv-content\">Dans la situation actuelle, o\u00f9 la fili\u00e8re nucl\u00e9aire encha\u00eene les probl\u00e8mes techniques et financiers, vouloir la relancer par la construction de nouveaux EPR apparait comme une totale aberration ... <a href=\"https:\/\/le-clairon-nouveau.fr\/wordpress\/blog\/2020\/12\/23\/le-nucleaire-termine-lannee-en-beaute-par-un-feu-dartifice-de-dysfonctionnements-et-de-turpitudes\/\" class=\"pt-cv-window pt-cv-readmore pt-cv-textlink\" target=\"pt-cv-window\" data-width=\"1200\" data-height=\"600\" data-iw=\"150\" data-ih=\"150\">Lire la suite<\/a><\/div><\/div><\/div>\n<div class=\"col-md-12 col-sm-12 col-xs-12 pt-cv-content-item pt-cv-2-col\"  data-pid=\"23707\"><div class='pt-cv-ifield'><a href=\"https:\/\/le-clairon-nouveau.fr\/wordpress\/blog\/2021\/01\/23\/doutes-sur-la-surete-des-reacteurs-nucleaires-prolonges-au-dela-de-40-ans\/\" class=\"pt-cv-window pt-cv-href-thumbnail pt-cv-thumb-left cvp-responsive-image img-shadow\" target=\"pt-cv-window\" data-width=\"1200\" data-height=\"600\" data-iw=\"150\" data-ih=\"150\"><img decoding=\"async\" width=\"150\" src=\"https:\/\/i0.wp.com\/le-clairon-nouveau.fr\/wordpress\/wp-content\/uploads\/2021\/01\/Tricastin-mage-par-falco-de-Pixabay.jpg?resize=535%2C401&amp;ssl=1\" class=\"pt-cv-thumbnail img-shadow pull-left cvp-substitute no-lazyload \" alt=\"Doutes sur la s\u00fbret\u00e9 des r\u00e9acteurs nucl\u00e9aires prolong\u00e9s au-del\u00e0  de 40 ans\" title=\"\" data-no-lazy=\"1\" \/><\/a>\n<h4 class=\"pt-cv-title\"><a href=\"https:\/\/le-clairon-nouveau.fr\/wordpress\/blog\/2021\/01\/23\/doutes-sur-la-surete-des-reacteurs-nucleaires-prolonges-au-dela-de-40-ans\/\" class=\"pt-cv-window\" target=\"pt-cv-window\" data-width=\"1200\" data-height=\"600\" data-iw=\"150\" data-ih=\"150\">Doutes sur la s\u00fbret\u00e9 des r\u00e9acteurs nucl\u00e9aires prolong\u00e9s au-del\u00e0  de 40 ans<\/a><\/h4>\n<div class=\"pt-cv-meta-fields\"><span class=\"entry-date\"><span class=\"glyphicon glyphicon-calendar\"><\/span> <time datetime=\"2021-01-23T12:30:11+01:00\">23 janvier 2021<\/time><\/span><span class=\"author\"><span class=\"glyphicon glyphicon-user\"><\/span> <a href=\"https:\/\/le-clairon-nouveau.fr\/wordpress\/blog\/author\/curly\/\" rel=\"author\">Curly Mc Toole<\/a><\/span><span class=\"comments-link\"><span class=\"glyphicon glyphicon-comment\"><\/span> <a href=\"https:\/\/le-clairon-nouveau.fr\/wordpress\/blog\/2021\/01\/23\/doutes-sur-la-surete-des-reacteurs-nucleaires-prolonges-au-dela-de-40-ans\/#respond\">Aucun commentaire<span class=\"screen-reader-text\"> sur Doutes sur la s\u00fbret\u00e9 des r\u00e9acteurs nucl\u00e9aires prolong\u00e9s au-del\u00e0  de 40 ans<\/span><\/a><\/span><\/div>\n<div class=\"pt-cv-content\">Selon Yves Marignac, un expert ind\u00e9pendant \u00e0 qui Greenpeace a command\u00e9 une \u00e9tude sur la prolongation de vie au-del\u00e0 de 40 ans des r\u00e9acteurs de 900 <span class='tooltipsall tooltip_post_id_30103 classtoolTips217'>MW<\/span>, le compte n\u2019y est pas, car le cahier de charges des travaux n\u00e9cessaires pour y arriver n\u2019est pas \u00e0 la hauteur des objectifs annonc\u00e9s ... <a href=\"https:\/\/le-clairon-nouveau.fr\/wordpress\/blog\/2021\/01\/23\/doutes-sur-la-surete-des-reacteurs-nucleaires-prolonges-au-dela-de-40-ans\/\" class=\"pt-cv-window pt-cv-readmore pt-cv-textlink\" target=\"pt-cv-window\" data-width=\"1200\" data-height=\"600\" data-iw=\"150\" data-ih=\"150\">Lire la suite<\/a><\/div><\/div><\/div>\n<div class=\"col-md-12 col-sm-12 col-xs-12 pt-cv-content-item pt-cv-2-col\"  data-pid=\"23736\"><div class='pt-cv-ifield'><a href=\"https:\/\/le-clairon-nouveau.fr\/wordpress\/blog\/2021\/01\/23\/centrale-nucleaire-du-tricastin-des-defaillances-graves-nombreuses-et-persistantes\/\" class=\"pt-cv-window pt-cv-href-thumbnail pt-cv-thumb-left cvp-responsive-image img-shadow\" target=\"pt-cv-window\" data-width=\"1200\" data-height=\"600\" data-iw=\"150\" data-ih=\"150\"><img decoding=\"async\" width=\"150\" src=\"https:\/\/i0.wp.com\/le-clairon-nouveau.fr\/wordpress\/wp-content\/uploads\/2021\/01\/Tricastin_Nuclear_Power_Plant-1280-mod.jpeg?resize=744%2C558&amp;ssl=1\" class=\"pt-cv-thumbnail img-shadow pull-left cvp-substitute no-lazyload \" alt=\"Centrale nucl\u00e9aire du Tricastin - Des d\u00e9faillances graves, nombreuses et persistantes\" title=\"\" data-no-lazy=\"1\" \/><\/a>\n<h4 class=\"pt-cv-title\"><a href=\"https:\/\/le-clairon-nouveau.fr\/wordpress\/blog\/2021\/01\/23\/centrale-nucleaire-du-tricastin-des-defaillances-graves-nombreuses-et-persistantes\/\" class=\"pt-cv-window\" target=\"pt-cv-window\" data-width=\"1200\" data-height=\"600\" data-iw=\"150\" data-ih=\"150\">Centrale nucl\u00e9aire du Tricastin &#8211; Des d\u00e9faillances graves, nombreuses et persistantes<\/a><\/h4>\n<div class=\"pt-cv-meta-fields\"><span class=\"entry-date\"><span class=\"glyphicon glyphicon-calendar\"><\/span> <time datetime=\"2021-01-23T12:30:45+01:00\">23 janvier 2021<\/time><\/span><span class=\"author\"><span class=\"glyphicon glyphicon-user\"><\/span> <a href=\"https:\/\/le-clairon-nouveau.fr\/wordpress\/blog\/author\/redact\/\" rel=\"author\">La R\u00e9daction du Clairon de l'Atax<\/a><\/span><span class=\"comments-link\"><span class=\"glyphicon glyphicon-comment\"><\/span> <a href=\"https:\/\/le-clairon-nouveau.fr\/wordpress\/blog\/2021\/01\/23\/centrale-nucleaire-du-tricastin-des-defaillances-graves-nombreuses-et-persistantes\/#respond\">Aucun commentaire<span class=\"screen-reader-text\"> sur Centrale nucl\u00e9aire du Tricastin &#8211; Des d\u00e9faillances graves, nombreuses et persistantes<\/span><\/a><\/span><\/div>\n<div class=\"pt-cv-content\">Une \u00e9tude r\u00e9cente, effectu\u00e9e \u00e0 la demande de l'association GreenPeace, met en \u00e9vidence de nombreuses d\u00e9faillances constat\u00e9es \u00e0 la centrale nucl\u00e9aire du Tricastin (Dr\u00f4me), \u00e0 l'aube de la quatri\u00e8me visite d\u00e9cennale de l'ASN. Certaines de ces d\u00e9faillances r\u00e9sultent de l'absence de prise en compte, par EDF, de signalements effectu\u00e9s par l'ASN depuis de nombreuses ann\u00e9es. Dans de telles conditions, peut-on s\u00e9rieusement envisager de prolonger de 10 voire 20 ans la dur\u00e9e d'activit\u00e9 de cette centrale au-del\u00e0 des 40 ans initialement pr\u00e9vus, comme le souhaite EDF ? ... <a href=\"https:\/\/le-clairon-nouveau.fr\/wordpress\/blog\/2021\/01\/23\/centrale-nucleaire-du-tricastin-des-defaillances-graves-nombreuses-et-persistantes\/\" class=\"pt-cv-window pt-cv-readmore pt-cv-textlink\" target=\"pt-cv-window\" data-width=\"1200\" data-height=\"600\" data-iw=\"150\" data-ih=\"150\">Lire la suite<\/a><\/div><\/div><\/div>\n<div class=\"col-md-12 col-sm-12 col-xs-12 pt-cv-content-item pt-cv-2-col\"  data-pid=\"23893\"><div class='pt-cv-ifield'><a href=\"https:\/\/le-clairon-nouveau.fr\/wordpress\/blog\/2021\/02\/23\/vers-un-demantelement-dedf\/\" class=\"pt-cv-window pt-cv-href-thumbnail pt-cv-thumb-left cvp-responsive-image img-shadow\" target=\"pt-cv-window\" data-width=\"1200\" data-height=\"600\" data-iw=\"150\" data-ih=\"150\"><img decoding=\"async\" width=\"150\" src=\"https:\/\/i0.wp.com\/le-clairon-nouveau.fr\/wordpress\/wp-content\/uploads\/2021\/02\/france-Image-par-falco-de-Pixabay.jpg?resize=603%2C453&amp;ssl=1\" class=\"pt-cv-thumbnail img-shadow pull-left cvp-substitute no-lazyload \" alt=\"Vers un d\u00e9mant\u00e8lement d\u2019EDF ?\" title=\"\" data-no-lazy=\"1\" \/><\/a>\n<h4 class=\"pt-cv-title\"><a href=\"https:\/\/le-clairon-nouveau.fr\/wordpress\/blog\/2021\/02\/23\/vers-un-demantelement-dedf\/\" class=\"pt-cv-window\" target=\"pt-cv-window\" data-width=\"1200\" data-height=\"600\" data-iw=\"150\" data-ih=\"150\">Vers un d\u00e9mant\u00e8lement d\u2019EDF ?<\/a><\/h4>\n<div class=\"pt-cv-meta-fields\"><span class=\"entry-date\"><span class=\"glyphicon glyphicon-calendar\"><\/span> <time datetime=\"2021-02-23T12:30:01+01:00\">23 f\u00e9vrier 2021<\/time><\/span><span class=\"author\"><span class=\"glyphicon glyphicon-user\"><\/span> <a href=\"https:\/\/le-clairon-nouveau.fr\/wordpress\/blog\/author\/curly\/\" rel=\"author\">Curly Mc Toole<\/a><\/span><span class=\"comments-link\"><span class=\"glyphicon glyphicon-comment\"><\/span> <a href=\"https:\/\/le-clairon-nouveau.fr\/wordpress\/blog\/2021\/02\/23\/vers-un-demantelement-dedf\/#respond\">Aucun commentaire<span class=\"screen-reader-text\"> sur Vers un d\u00e9mant\u00e8lement d\u2019EDF ?<\/span><\/a><\/span><\/div>\n<div class=\"pt-cv-content\">Le -plan Hercule- qui vise \u00e0 sauver EDF pr\u00e9sente dans sa forme actuelle de nombreuses incoh\u00e9rences et de nombreux risques, ce qui peut faire douter de sa r\u00e9alisation si on se place sur le plan de la raison, mais la situation de la fili\u00e8re nucl\u00e9aire et de son op\u00e9rateur EDF sont telles qu\u2019on ne peut pas parier \u00e0 coup s\u00fbr sur une victoire de la raison ... <a href=\"https:\/\/le-clairon-nouveau.fr\/wordpress\/blog\/2021\/02\/23\/vers-un-demantelement-dedf\/\" class=\"pt-cv-window pt-cv-readmore pt-cv-textlink\" target=\"pt-cv-window\" data-width=\"1200\" data-height=\"600\" data-iw=\"150\" data-ih=\"150\">Lire la suite<\/a><\/div><\/div><\/div>\n<div class=\"col-md-12 col-sm-12 col-xs-12 pt-cv-content-item pt-cv-2-col\"  data-pid=\"24118\"><div class='pt-cv-ifield'><a href=\"https:\/\/le-clairon-nouveau.fr\/wordpress\/blog\/2021\/03\/23\/la-fiabilite-de-la-filiere-nucleaire-francaise-ne-sameliore-pas\/\" class=\"pt-cv-window pt-cv-href-thumbnail pt-cv-thumb-left cvp-responsive-image img-shadow\" target=\"pt-cv-window\" data-width=\"1200\" data-height=\"600\" data-iw=\"150\" data-ih=\"150\"><img decoding=\"async\" width=\"150\" src=\"https:\/\/i0.wp.com\/le-clairon-nouveau.fr\/wordpress\/wp-content\/uploads\/2021\/03\/heavy-water-factory-Image-par-Eugen-Visan-de-Pixabay.jpg?resize=521%2C360&amp;ssl=1\" class=\"pt-cv-thumbnail img-shadow pull-left cvp-substitute no-lazyload \" alt=\"La fiabilit\u00e9 de la fili\u00e8re nucl\u00e9aire fran\u00e7aise ne s\u2019am\u00e9liore pas !\" title=\"\" data-no-lazy=\"1\" \/><\/a>\n<h4 class=\"pt-cv-title\"><a href=\"https:\/\/le-clairon-nouveau.fr\/wordpress\/blog\/2021\/03\/23\/la-fiabilite-de-la-filiere-nucleaire-francaise-ne-sameliore-pas\/\" class=\"pt-cv-window\" target=\"pt-cv-window\" data-width=\"1200\" data-height=\"600\" data-iw=\"150\" data-ih=\"150\">La fiabilit\u00e9 de la fili\u00e8re nucl\u00e9aire fran\u00e7aise ne s\u2019am\u00e9liore pas !<\/a><\/h4>\n<div class=\"pt-cv-meta-fields\"><span class=\"entry-date\"><span class=\"glyphicon glyphicon-calendar\"><\/span> <time datetime=\"2021-03-23T12:30:25+01:00\">23 mars 2021<\/time><\/span><span class=\"author\"><span class=\"glyphicon glyphicon-user\"><\/span> <a href=\"https:\/\/le-clairon-nouveau.fr\/wordpress\/blog\/author\/curly\/\" rel=\"author\">Curly Mc Toole<\/a><\/span><span class=\"comments-link\"><span class=\"glyphicon glyphicon-comment\"><\/span> <a href=\"https:\/\/le-clairon-nouveau.fr\/wordpress\/blog\/2021\/03\/23\/la-fiabilite-de-la-filiere-nucleaire-francaise-ne-sameliore-pas\/#respond\">Aucun commentaire<span class=\"screen-reader-text\"> sur La fiabilit\u00e9 de la fili\u00e8re nucl\u00e9aire fran\u00e7aise ne s\u2019am\u00e9liore pas !<\/span><\/a><\/span><\/div>\n<div class=\"pt-cv-content\">On pensait que les le\u00e7ons de la catastrophe de Fukushima avait \u00e9t\u00e9 retenues. Rien n'est moins s\u00fbr 10 ans apr\u00e8s ... <a href=\"https:\/\/le-clairon-nouveau.fr\/wordpress\/blog\/2021\/03\/23\/la-fiabilite-de-la-filiere-nucleaire-francaise-ne-sameliore-pas\/\" class=\"pt-cv-window pt-cv-readmore pt-cv-textlink\" target=\"pt-cv-window\" data-width=\"1200\" data-height=\"600\" data-iw=\"150\" data-ih=\"150\">Lire la suite<\/a><\/div><\/div><\/div>\n<div class=\"col-md-12 col-sm-12 col-xs-12 pt-cv-content-item pt-cv-2-col\"  data-pid=\"24406\"><div class='pt-cv-ifield'><a href=\"https:\/\/le-clairon-nouveau.fr\/wordpress\/blog\/2021\/04\/23\/demantelement-dedf-le-plan-hercule-est-mort-non-cest-juste-quil-ne-sappelle-plus-comme-ca\/\" class=\"pt-cv-window pt-cv-href-thumbnail pt-cv-thumb-left cvp-responsive-image img-shadow\" target=\"pt-cv-window\" data-width=\"1200\" data-height=\"600\" data-iw=\"150\" data-ih=\"150\"><img decoding=\"async\" width=\"150\" src=\"https:\/\/i0.wp.com\/le-clairon-nouveau.fr\/wordpress\/wp-content\/uploads\/2021\/04\/EDF-investissements-75.jpg?resize=603%2C215&amp;ssl=1\" class=\"pt-cv-thumbnail img-shadow pull-left cvp-substitute no-lazyload \" alt=\"D\u00e9mant\u00e8lement d\u2019EDF : le plan &quot;Hercule&quot; est mort ? Non, c\u2019est juste qu\u2019il ne s\u2019appelle plus comme \u00e7a.\" title=\"\" data-no-lazy=\"1\" \/><\/a>\n<h4 class=\"pt-cv-title\"><a href=\"https:\/\/le-clairon-nouveau.fr\/wordpress\/blog\/2021\/04\/23\/demantelement-dedf-le-plan-hercule-est-mort-non-cest-juste-quil-ne-sappelle-plus-comme-ca\/\" class=\"pt-cv-window\" target=\"pt-cv-window\" data-width=\"1200\" data-height=\"600\" data-iw=\"150\" data-ih=\"150\">D\u00e9mant\u00e8lement d\u2019EDF : le plan \u00ab\u00a0Hercule\u00a0\u00bb est mort ? Non, c\u2019est juste qu\u2019il ne s\u2019appelle plus comme \u00e7a.<\/a><\/h4>\n<div class=\"pt-cv-meta-fields\"><span class=\"entry-date\"><span class=\"glyphicon glyphicon-calendar\"><\/span> <time datetime=\"2021-04-23T12:30:07+02:00\">23 avril 2021<\/time><\/span><span class=\"author\"><span class=\"glyphicon glyphicon-user\"><\/span> <a href=\"https:\/\/le-clairon-nouveau.fr\/wordpress\/blog\/author\/curly\/\" rel=\"author\">Curly Mc Toole<\/a><\/span><span class=\"comments-link\"><span class=\"glyphicon glyphicon-comment\"><\/span> <a href=\"https:\/\/le-clairon-nouveau.fr\/wordpress\/blog\/2021\/04\/23\/demantelement-dedf-le-plan-hercule-est-mort-non-cest-juste-quil-ne-sappelle-plus-comme-ca\/#respond\">Aucun commentaire<span class=\"screen-reader-text\"> sur D\u00e9mant\u00e8lement d\u2019EDF : le plan \u00ab\u00a0Hercule\u00a0\u00bb est mort ? Non, c\u2019est juste qu\u2019il ne s\u2019appelle plus comme \u00e7a.<\/span><\/a><\/span><\/div>\n<div class=\"pt-cv-content\">Le projet de d\u00e9coupage d\u2019EDF n\u2019apporte aucune solution \u00e0 la situation de l\u2019entreprise mais risque, au contraire de l\u2019empirer ... <a href=\"https:\/\/le-clairon-nouveau.fr\/wordpress\/blog\/2021\/04\/23\/demantelement-dedf-le-plan-hercule-est-mort-non-cest-juste-quil-ne-sappelle-plus-comme-ca\/\" class=\"pt-cv-window pt-cv-readmore pt-cv-textlink\" target=\"pt-cv-window\" data-width=\"1200\" data-height=\"600\" data-iw=\"150\" data-ih=\"150\">Lire la suite<\/a><\/div><\/div><\/div>\n<div class=\"col-md-12 col-sm-12 col-xs-12 pt-cv-content-item pt-cv-2-col\"  data-pid=\"24723\"><div class='pt-cv-ifield'><a href=\"https:\/\/le-clairon-nouveau.fr\/wordpress\/blog\/2021\/05\/23\/les-wc-bouches-du-nucleaire-francais\/\" class=\"pt-cv-window pt-cv-href-thumbnail pt-cv-thumb-left cvp-responsive-image img-shadow\" target=\"pt-cv-window\" data-width=\"1200\" data-height=\"600\" data-iw=\"150\" data-ih=\"150\"><img decoding=\"async\" width=\"150\" src=\"https:\/\/i0.wp.com\/le-clairon-nouveau.fr\/wordpress\/wp-content\/uploads\/2021\/05\/dechets-nucleaires-Image-par-Dirk-Rabe-de-Pixabay-76.jpg?resize=538%2C278&amp;ssl=1\" class=\"pt-cv-thumbnail img-shadow pull-left cvp-substitute no-lazyload \" alt=\"Les  WC bouch\u00e9s du nucl\u00e9aire fran\u00e7ais\" title=\"\" data-no-lazy=\"1\" \/><\/a>\n<h4 class=\"pt-cv-title\"><a href=\"https:\/\/le-clairon-nouveau.fr\/wordpress\/blog\/2021\/05\/23\/les-wc-bouches-du-nucleaire-francais\/\" class=\"pt-cv-window\" target=\"pt-cv-window\" data-width=\"1200\" data-height=\"600\" data-iw=\"150\" data-ih=\"150\">Les  WC bouch\u00e9s du nucl\u00e9aire fran\u00e7ais<\/a><\/h4>\n<div class=\"pt-cv-meta-fields\"><span class=\"entry-date\"><span class=\"glyphicon glyphicon-calendar\"><\/span> <time datetime=\"2021-05-23T12:30:25+02:00\">23 mai 2021<\/time><\/span><span class=\"author\"><span class=\"glyphicon glyphicon-user\"><\/span> <a href=\"https:\/\/le-clairon-nouveau.fr\/wordpress\/blog\/author\/hubert\/\" rel=\"author\">Hubert Reys<\/a><\/span><span class=\"comments-link\"><span class=\"glyphicon glyphicon-comment\"><\/span> <a href=\"https:\/\/le-clairon-nouveau.fr\/wordpress\/blog\/2021\/05\/23\/les-wc-bouches-du-nucleaire-francais\/#respond\">Aucun commentaire<span class=\"screen-reader-text\"> sur Les  WC bouch\u00e9s du nucl\u00e9aire fran\u00e7ais<\/span><\/a><\/span><\/div>\n<div class=\"pt-cv-content\">En physique, l\u2019\u00e9nergie est ce qui r\u00e9sulte du changement d\u2019\u00e9tat d\u2019un corps ou d\u2019un syst\u00e8me. Ce changement peut exister dans la nature ou \u00eatre provoqu\u00e9 par l\u2019homme ... <a href=\"https:\/\/le-clairon-nouveau.fr\/wordpress\/blog\/2021\/05\/23\/les-wc-bouches-du-nucleaire-francais\/\" class=\"pt-cv-window pt-cv-readmore pt-cv-textlink\" target=\"pt-cv-window\" data-width=\"1200\" data-height=\"600\" data-iw=\"150\" data-ih=\"150\">Lire la suite<\/a><\/div><\/div><\/div>\n<div class=\"col-md-12 col-sm-12 col-xs-12 pt-cv-content-item pt-cv-2-col\"  data-pid=\"24773\"><div class='pt-cv-ifield'><a href=\"https:\/\/le-clairon-nouveau.fr\/wordpress\/blog\/2021\/05\/23\/edf-exit-le-projet-de-demantelement-hercule-bonjour-le-grand-edf\/\" class=\"pt-cv-window pt-cv-href-thumbnail pt-cv-thumb-left cvp-responsive-image img-shadow\" target=\"pt-cv-window\" data-width=\"1200\" data-height=\"600\" data-iw=\"150\" data-ih=\"150\"><img decoding=\"async\" width=\"150\" src=\"https:\/\/i0.wp.com\/le-clairon-nouveau.fr\/wordpress\/wp-content\/uploads\/2020\/12\/Breves-du-Clairon-nvelle.jpg?resize=166%2C70&amp;ssl=1\" class=\"pt-cv-thumbnail img-shadow pull-left cvp-substitute no-lazyload \" alt=\"EDF : exit le projet de d\u00e9mant\u00e8lement \u00ab Hercule \u00bb, bonjour le \u00ab Grand EDF \u00bb !\" title=\"\" data-no-lazy=\"1\" \/><\/a>\n<h4 class=\"pt-cv-title\"><a href=\"https:\/\/le-clairon-nouveau.fr\/wordpress\/blog\/2021\/05\/23\/edf-exit-le-projet-de-demantelement-hercule-bonjour-le-grand-edf\/\" class=\"pt-cv-window\" target=\"pt-cv-window\" data-width=\"1200\" data-height=\"600\" data-iw=\"150\" data-ih=\"150\">EDF : exit le projet de d\u00e9mant\u00e8lement \u00ab Hercule \u00bb, bonjour le \u00ab Grand EDF \u00bb !<\/a><\/h4>\n<div class=\"pt-cv-meta-fields\"><span class=\"entry-date\"><span class=\"glyphicon glyphicon-calendar\"><\/span> <time datetime=\"2021-05-23T12:30:59+02:00\">23 mai 2021<\/time><\/span><span class=\"author\"><span class=\"glyphicon glyphicon-user\"><\/span> <a href=\"https:\/\/le-clairon-nouveau.fr\/wordpress\/blog\/author\/curly\/\" rel=\"author\">Curly Mc Toole<\/a><\/span><span class=\"comments-link\"><span class=\"glyphicon glyphicon-comment\"><\/span> <a href=\"https:\/\/le-clairon-nouveau.fr\/wordpress\/blog\/2021\/05\/23\/edf-exit-le-projet-de-demantelement-hercule-bonjour-le-grand-edf\/#respond\">Aucun commentaire<span class=\"screen-reader-text\"> sur EDF : exit le projet de d\u00e9mant\u00e8lement \u00ab Hercule \u00bb, bonjour le \u00ab Grand EDF \u00bb !<\/span><\/a><\/span><\/div>\n<div class=\"pt-cv-content\">lignes \u00e9lectriques (Image par analogicus de Pixabay) Nous avions expliqu\u00e9 dans notre \u00e9dition d\u2019avril 2021 que le projet de d\u00e9mant\u00e8lement \u00ab Hercule \u00bb \u00e9cartelait le gouvernement et particuli\u00e8rement le ministre des finances entre, d&rsquo;un c\u00f4t\u00e9\u00a0 les pressions des syndicats et de l\u2019opposition qui rejetaient la s\u00e9paration d\u2019EDF en 3 unit\u00e9s financi\u00e8rement autonomes (1) et de l&rsquo;autre celles de la Commission europ\u00e9enne qui souhaitait la fin du monopole et une ouverture au march\u00e9. Il semble que le gouvernement a choisi d\u2019abandonner d\u00e9finitivement son projet de d\u00e9mant\u00e8lement. Compte tenu de l\u2019impasse dans laquelle s\u2019enfon\u00e7aient les n\u00e9gociations, le ministre des finances Bruno Le Maire semble pr\u00e9parer un nouveau projet dont la principale caract\u00e9ristique serait de pr\u00e9server l\u2019int\u00e9grit\u00e9 du groupe EDF. Ce groupe \u00e9nerg\u00e9tique europ\u00e9en, qui est aussi avec ses 56 r\u00e9acteurs le premier op\u00e9rateur nucl\u00e9aire du monde, conserverait la possibilit\u00e9, dans le nouveau projet d\u00e9j\u00e0 baptis\u00e9 \u00ab Grand EDF \u00bb (2) mais pas encore finalis\u00e9, de faire circuler les flux financiers et les salari\u00e9s entre les diff\u00e9rentes entit\u00e9s du groupe. Cela peut constituer un bien, compte tenu de la situation du groupe EDF, particuli\u00e8rement endett\u00e9 en raison des errements et dysfonctionnements li\u00e9es \u00e0 son activit\u00e9 nucl\u00e9aire. Il reste que le besoin de financements reste crucial pour le groupe EDF et si celui-ci ne peut pas trouver de financements priv\u00e9s, il faudra y injecter des financements publics, d\u2019autant plus qu\u2019aux sommes colossales n\u00e9cessaires \u00e0 la mise \u00e0 niveau et au d\u00e9veloppement du secteur nucl\u00e9aire voulu par le gouvernement, il faudra ajouter des capacit\u00e9s de ... <a href=\"https:\/\/le-clairon-nouveau.fr\/wordpress\/blog\/2021\/05\/23\/edf-exit-le-projet-de-demantelement-hercule-bonjour-le-grand-edf\/\" class=\"pt-cv-window pt-cv-readmore pt-cv-textlink\" target=\"pt-cv-window\" data-width=\"1200\" data-height=\"600\" data-iw=\"150\" data-ih=\"150\">Lire la suite<\/a><\/div><\/div><\/div>\n<div class=\"col-md-12 col-sm-12 col-xs-12 pt-cv-content-item pt-cv-2-col\"  data-pid=\"24899\"><div class='pt-cv-ifield'><a href=\"https:\/\/le-clairon-nouveau.fr\/wordpress\/blog\/2021\/06\/23\/le-nucleaire-cest-la-solutionsur-le-papier-mais-dans-la-vraie-vie\/\" class=\"pt-cv-window pt-cv-href-thumbnail pt-cv-thumb-left cvp-responsive-image img-shadow\" target=\"pt-cv-window\" data-width=\"1200\" data-height=\"600\" data-iw=\"150\" data-ih=\"150\"><img decoding=\"async\" width=\"150\" src=\"https:\/\/i0.wp.com\/le-clairon-nouveau.fr\/wordpress\/wp-content\/uploads\/2021\/06\/Crayons-de-combustible-nucleaire-Image-par-2427999-de-Pixabay.jpg?resize=595%2C396&amp;ssl=1\" class=\"pt-cv-thumbnail img-shadow pull-left cvp-substitute no-lazyload \" alt=\"Le nucl\u00e9aire c\u2019est la solution\u2026sur le papier\u2026 mais dans la vraie vie ?\" title=\"\" data-no-lazy=\"1\" \/><\/a>\n<h4 class=\"pt-cv-title\"><a href=\"https:\/\/le-clairon-nouveau.fr\/wordpress\/blog\/2021\/06\/23\/le-nucleaire-cest-la-solutionsur-le-papier-mais-dans-la-vraie-vie\/\" class=\"pt-cv-window\" target=\"pt-cv-window\" data-width=\"1200\" data-height=\"600\" data-iw=\"150\" data-ih=\"150\">Le nucl\u00e9aire c\u2019est la solution\u2026sur le papier\u2026 mais dans la vraie vie ?<\/a><\/h4>\n<div class=\"pt-cv-meta-fields\"><span class=\"entry-date\"><span class=\"glyphicon glyphicon-calendar\"><\/span> <time datetime=\"2021-06-23T12:30:10+02:00\">23 juin 2021<\/time><\/span><span class=\"author\"><span class=\"glyphicon glyphicon-user\"><\/span> <a href=\"https:\/\/le-clairon-nouveau.fr\/wordpress\/blog\/author\/hubert\/\" rel=\"author\">Hubert Reys<\/a><\/span><span class=\"comments-link\"><span class=\"glyphicon glyphicon-comment\"><\/span> <a href=\"https:\/\/le-clairon-nouveau.fr\/wordpress\/blog\/2021\/06\/23\/le-nucleaire-cest-la-solutionsur-le-papier-mais-dans-la-vraie-vie\/#respond\">Aucun commentaire<span class=\"screen-reader-text\"> sur Le nucl\u00e9aire c\u2019est la solution\u2026sur le papier\u2026 mais dans la vraie vie ?<\/span><\/a><\/span><\/div>\n<div class=\"pt-cv-content\">L\u2019incident de l'EPR chinois de Taishan qui s\u2019est produit dans un pays \u00e0 gouvernance autoritaire, appelle nos \u00ab premiers de cord\u00e9e \u00bb \u00e0 plus de modestie : il t\u00e9moigne que les d\u00e9boires du nucl\u00e9aire fran\u00e7ais n'est pas imputable au fonctionnement d\u00e9mocratique de nos institutions ... <a href=\"https:\/\/le-clairon-nouveau.fr\/wordpress\/blog\/2021\/06\/23\/le-nucleaire-cest-la-solutionsur-le-papier-mais-dans-la-vraie-vie\/\" class=\"pt-cv-window pt-cv-readmore pt-cv-textlink\" target=\"pt-cv-window\" data-width=\"1200\" data-height=\"600\" data-iw=\"150\" data-ih=\"150\">Lire la suite<\/a><\/div><\/div><\/div>\n<div class=\"col-md-12 col-sm-12 col-xs-12 pt-cv-content-item pt-cv-2-col\"  data-pid=\"24893\"><div class='pt-cv-ifield'><a href=\"https:\/\/le-clairon-nouveau.fr\/wordpress\/blog\/2021\/06\/23\/avenir-de-la-filiere-nucleaire-francaise-des-decisions-sont-a-prendre\/\" class=\"pt-cv-window pt-cv-href-thumbnail pt-cv-thumb-left cvp-responsive-image img-shadow\" target=\"pt-cv-window\" data-width=\"1200\" data-height=\"600\" data-iw=\"150\" data-ih=\"150\"><img decoding=\"async\" width=\"150\" src=\"https:\/\/i0.wp.com\/le-clairon-nouveau.fr\/wordpress\/wp-content\/uploads\/2020\/12\/Breves-du-Clairon-nvelle.jpg?resize=163%2C69&amp;ssl=1\" class=\"pt-cv-thumbnail img-shadow pull-left cvp-substitute no-lazyload \" alt=\"Avenir de la fili\u00e8re nucl\u00e9aire fran\u00e7aise : des d\u00e9cisions sont \u00e0 prendre\" title=\"\" data-no-lazy=\"1\" \/><\/a>\n<h4 class=\"pt-cv-title\"><a href=\"https:\/\/le-clairon-nouveau.fr\/wordpress\/blog\/2021\/06\/23\/avenir-de-la-filiere-nucleaire-francaise-des-decisions-sont-a-prendre\/\" class=\"pt-cv-window\" target=\"pt-cv-window\" data-width=\"1200\" data-height=\"600\" data-iw=\"150\" data-ih=\"150\">Avenir de la fili\u00e8re nucl\u00e9aire fran\u00e7aise : des d\u00e9cisions sont \u00e0 prendre<\/a><\/h4>\n<div class=\"pt-cv-meta-fields\"><span class=\"entry-date\"><span class=\"glyphicon glyphicon-calendar\"><\/span> <time datetime=\"2021-06-23T12:30:55+02:00\">23 juin 2021<\/time><\/span><span class=\"author\"><span class=\"glyphicon glyphicon-user\"><\/span> <a href=\"https:\/\/le-clairon-nouveau.fr\/wordpress\/blog\/author\/curly\/\" rel=\"author\">Curly Mc Toole<\/a><\/span><span class=\"comments-link\"><span class=\"glyphicon glyphicon-comment\"><\/span> <a href=\"https:\/\/le-clairon-nouveau.fr\/wordpress\/blog\/2021\/06\/23\/avenir-de-la-filiere-nucleaire-francaise-des-decisions-sont-a-prendre\/#respond\">Aucun commentaire<span class=\"screen-reader-text\"> sur Avenir de la fili\u00e8re nucl\u00e9aire fran\u00e7aise : des d\u00e9cisions sont \u00e0 prendre<\/span><\/a><\/span><\/div>\n<div class=\"pt-cv-content\">Lors de la pr\u00e9sentation de son bilan de l\u2019ann\u00e9e 2020, le jeudi 27 mai dernier, l\u2019ASN (Autorit\u00e9 de s\u00fbret\u00e9 nucl\u00e9aire) a alert\u00e9 les \u00e9lus de l\u2019Office Parlementaire d&rsquo;\u00c9valuation des Choix Scientifiques et Technologique (OPECST) sur la n\u00e9cessit\u00e9 de prendre rapidement certaines d\u00e9cisions strat\u00e9giques sur l\u2019avenir de la fili\u00e8re nucl\u00e9aire fran\u00e7aise. Centrale nucl\u00e9aire Image par Stefan Kuhn de Pixabay La question du prolongement de vie des centrales d\u2019EDF Selon Bernard Doroszczuk, l&rsquo;ASN a donn\u00e9 son accord pour le prolongement de vie au del\u00e0 des 40 ans pour 32 r\u00e9acteurs de 900 m\u00e9gawatts apr\u00e8s \u00e9valuation par l\u2019ASN, mais les moyens dont dispose actuellement la fili\u00e8re nucl\u00e9aire fran\u00e7aise semblent insuffisants pour r\u00e9aliser cette op\u00e9ration dans des d\u00e9lais respectueux de la r\u00e8glementation. Rappelons qu\u2019au bout de 40 ans, les r\u00e9acteurs doivent subir une visite d\u00e9cennale sous le contr\u00f4le de l\u2019ASN qui d\u00e9finit les travaux \u00e0 r\u00e9aliser. Or 4 visites d\u00e9cenales seront r\u00e9alis\u00e9es en 2021 et les travaux qui en d\u00e9couleront mobiliseront l\u2019ensemble de la fili\u00e8re. Les travaux de g\u00e9nie civil seront multipli\u00e9s par 3 et ceux de m\u00e9canique par 6, alors que les retards et probl\u00e8mes de soudure de l\u2019EPR de Flamanville r\u00e9v\u00e8lent une perte de comp\u00e9tence de certains acteurs. Le grand car\u00e9nage des r\u00e9acteurs de 900 MW ne pourra \u00eatre fait dans des conditions et d\u00e9lais satisfaisants, au vu des moyens actuellement disponibles. La situation est d\u2019autant plus complexe que les cuves de ces r\u00e9acteurs de 900 MW pr\u00e9sentent des signes de d\u00e9gradation qui, selon B. Doroszczuk, ne permettraient pas de prolonger leur ... <a href=\"https:\/\/le-clairon-nouveau.fr\/wordpress\/blog\/2021\/06\/23\/avenir-de-la-filiere-nucleaire-francaise-des-decisions-sont-a-prendre\/\" class=\"pt-cv-window pt-cv-readmore pt-cv-textlink\" target=\"pt-cv-window\" data-width=\"1200\" data-height=\"600\" data-iw=\"150\" data-ih=\"150\">Lire la suite<\/a><\/div><\/div><\/div>\n<div class=\"col-md-12 col-sm-12 col-xs-12 pt-cv-content-item pt-cv-2-col\"  data-pid=\"25024\"><div class='pt-cv-ifield'><a href=\"https:\/\/le-clairon-nouveau.fr\/wordpress\/blog\/2021\/07\/23\/filiere-des-epr-edf-ne-lache-rien\/\" class=\"pt-cv-window pt-cv-href-thumbnail pt-cv-thumb-left cvp-responsive-image img-shadow\" target=\"pt-cv-window\" data-width=\"1200\" data-height=\"600\" data-iw=\"150\" data-ih=\"150\"><img decoding=\"async\" width=\"150\" src=\"https:\/\/i0.wp.com\/le-clairon-nouveau.fr\/wordpress\/wp-content\/uploads\/2021\/07\/jolie-centrale-nucleaire-suisse-dArgovie-Image-par-ramboldheiner-de-Pixabay.jpg?resize=570%2C230&amp;ssl=1\" class=\"pt-cv-thumbnail img-shadow pull-left cvp-substitute no-lazyload \" alt=\"Fili\u00e8re des EPR : EDF ne l\u00e2che rien\" title=\"\" data-no-lazy=\"1\" \/><\/a>\n<h4 class=\"pt-cv-title\"><a href=\"https:\/\/le-clairon-nouveau.fr\/wordpress\/blog\/2021\/07\/23\/filiere-des-epr-edf-ne-lache-rien\/\" class=\"pt-cv-window\" target=\"pt-cv-window\" data-width=\"1200\" data-height=\"600\" data-iw=\"150\" data-ih=\"150\">Fili\u00e8re des EPR : EDF ne l\u00e2che rien<\/a><\/h4>\n<div class=\"pt-cv-meta-fields\"><span class=\"entry-date\"><span class=\"glyphicon glyphicon-calendar\"><\/span> <time datetime=\"2021-07-23T12:30:55+02:00\">23 juillet 2021<\/time><\/span><span class=\"author\"><span class=\"glyphicon glyphicon-user\"><\/span> <a href=\"https:\/\/le-clairon-nouveau.fr\/wordpress\/blog\/author\/curly\/\" rel=\"author\">Curly Mc Toole<\/a><\/span><span class=\"comments-link\"><span class=\"glyphicon glyphicon-comment\"><\/span> <a href=\"https:\/\/le-clairon-nouveau.fr\/wordpress\/blog\/2021\/07\/23\/filiere-des-epr-edf-ne-lache-rien\/#respond\">Aucun commentaire<span class=\"screen-reader-text\"> sur Fili\u00e8re des EPR : EDF ne l\u00e2che rien<\/span><\/a><\/span><\/div>\n<div class=\"pt-cv-content\">Si E. Macron est r\u00e9\u00e9lu en avril 2022, c'est tout bon pour le projet de 6 nouveaux EPR en France ... <a href=\"https:\/\/le-clairon-nouveau.fr\/wordpress\/blog\/2021\/07\/23\/filiere-des-epr-edf-ne-lache-rien\/\" class=\"pt-cv-window pt-cv-readmore pt-cv-textlink\" target=\"pt-cv-window\" data-width=\"1200\" data-height=\"600\" data-iw=\"150\" data-ih=\"150\">Lire la suite<\/a><\/div><\/div><\/div>\n<div class=\"col-md-12 col-sm-12 col-xs-12 pt-cv-content-item pt-cv-2-col\"  data-pid=\"25210\"><div class='pt-cv-ifield'><a href=\"https:\/\/le-clairon-nouveau.fr\/wordpress\/blog\/2021\/09\/23\/cigeo-enfouissons-ces-dechets-nucleaires-que-nous-ne-saurions-voir\/\" class=\"pt-cv-window pt-cv-href-thumbnail pt-cv-thumb-left cvp-responsive-image img-shadow\" target=\"pt-cv-window\" data-width=\"1200\" data-height=\"600\" data-iw=\"150\" data-ih=\"150\"><img decoding=\"async\" width=\"150\" src=\"https:\/\/i0.wp.com\/le-clairon-nouveau.fr\/wordpress\/wp-content\/uploads\/2021\/09\/nuclear-waste-Image-par-Dirk-Rabe-de-Pixabay.jpg?resize=595%2C308&amp;ssl=1\" class=\"pt-cv-thumbnail img-shadow pull-left cvp-substitute no-lazyload \" alt=\"Cigeo : enfouissons ces d\u00e9chets nucl\u00e9aires que  nous ne saurions voir ! (*)\" title=\"\" data-no-lazy=\"1\" \/><\/a>\n<h4 class=\"pt-cv-title\"><a href=\"https:\/\/le-clairon-nouveau.fr\/wordpress\/blog\/2021\/09\/23\/cigeo-enfouissons-ces-dechets-nucleaires-que-nous-ne-saurions-voir\/\" class=\"pt-cv-window\" target=\"pt-cv-window\" data-width=\"1200\" data-height=\"600\" data-iw=\"150\" data-ih=\"150\"><span class='tooltipsall tooltip_post_id_4298 classtoolTips91'>Cigeo<\/span> : enfouissons ces d\u00e9chets nucl\u00e9aires que  nous ne saurions voir ! (*)<\/a><\/h4>\n<div class=\"pt-cv-meta-fields\"><span class=\"entry-date\"><span class=\"glyphicon glyphicon-calendar\"><\/span> <time datetime=\"2021-09-23T12:30:00+02:00\">23 septembre 2021<\/time><\/span><span class=\"author\"><span class=\"glyphicon glyphicon-user\"><\/span> <a href=\"https:\/\/le-clairon-nouveau.fr\/wordpress\/blog\/author\/curly\/\" rel=\"author\">Curly Mc Toole<\/a><\/span><span class=\"comments-link\"><span class=\"glyphicon glyphicon-comment\"><\/span> <a href=\"https:\/\/le-clairon-nouveau.fr\/wordpress\/blog\/2021\/09\/23\/cigeo-enfouissons-ces-dechets-nucleaires-que-nous-ne-saurions-voir\/#respond\">Aucun commentaire<span class=\"screen-reader-text\"> sur Cigeo : enfouissons ces d\u00e9chets nucl\u00e9aires que  nous ne saurions voir ! (*)<\/span><\/a><\/span><\/div>\n<div class=\"pt-cv-content\">La France d\u00e9tient apr\u00e8s le Japon le record de densit\u00e9 de r\u00e9acteurs nucl\u00e9aires au Km\u00b2. Depuis 1963 ces r\u00e9acteurs produisent des d\u00e9chets de moyenne activit\u00e9 \u00e0 vie longue (<span class='tooltipsall tooltip_post_id_19197 classtoolTips99'>MA-VL<\/span>) et de haute activit\u00e9 \u00e0 vie longue (<span class='tooltipsall tooltip_post_id_19196 classtoolTips223'>HA<\/span>-VL). Ces d\u00e9chets ont \u00e9t\u00e9 entrepos\u00e9s dans des sites provisoires ; \u00e0 ce jour aucune solution de stockage d\u00e9finitif s\u00fbre et efficace n\u2019a \u00e9t\u00e9 trouv\u00e9e ... <a href=\"https:\/\/le-clairon-nouveau.fr\/wordpress\/blog\/2021\/09\/23\/cigeo-enfouissons-ces-dechets-nucleaires-que-nous-ne-saurions-voir\/\" class=\"pt-cv-window pt-cv-readmore pt-cv-textlink\" target=\"pt-cv-window\" data-width=\"1200\" data-height=\"600\" data-iw=\"150\" data-ih=\"150\">Lire la suite<\/a><\/div><\/div><\/div>\n<div class=\"col-md-12 col-sm-12 col-xs-12 pt-cv-content-item pt-cv-2-col\"  data-pid=\"25341\"><div class='pt-cv-ifield'><a href=\"https:\/\/le-clairon-nouveau.fr\/wordpress\/blog\/2021\/10\/23\/nucleaire-et-le-prestidigitateur-tira-de-son-chapeau-des-smr\/\" class=\"pt-cv-window pt-cv-href-thumbnail pt-cv-thumb-left cvp-responsive-image img-shadow\" target=\"pt-cv-window\" data-width=\"1200\" data-height=\"600\" data-iw=\"150\" data-ih=\"150\"><img decoding=\"async\" width=\"150\" src=\"https:\/\/i0.wp.com\/le-clairon-nouveau.fr\/wordpress\/wp-content\/uploads\/2021\/10\/rabbit-Image-par-Kranich17-de-Pixabay.jpg?resize=512%2C341&amp;ssl=1\" class=\"pt-cv-thumbnail img-shadow pull-left cvp-substitute no-lazyload \" alt=\"Nucl\u00e9aire : et le prestidigitateur tira de son chapeau \u2026\u2026..des SMR !\" title=\"\" data-no-lazy=\"1\" \/><\/a>\n<h4 class=\"pt-cv-title\"><a href=\"https:\/\/le-clairon-nouveau.fr\/wordpress\/blog\/2021\/10\/23\/nucleaire-et-le-prestidigitateur-tira-de-son-chapeau-des-smr\/\" class=\"pt-cv-window\" target=\"pt-cv-window\" data-width=\"1200\" data-height=\"600\" data-iw=\"150\" data-ih=\"150\">Nucl\u00e9aire : et le prestidigitateur tira de son chapeau \u2026\u2026..des SMR !<\/a><\/h4>\n<div class=\"pt-cv-meta-fields\"><span class=\"entry-date\"><span class=\"glyphicon glyphicon-calendar\"><\/span> <time datetime=\"2021-10-23T12:30:06+02:00\">23 octobre 2021<\/time><\/span><span class=\"author\"><span class=\"glyphicon glyphicon-user\"><\/span> <a href=\"https:\/\/le-clairon-nouveau.fr\/wordpress\/blog\/author\/curly\/\" rel=\"author\">Curly Mc Toole<\/a><\/span><span class=\"comments-link\"><span class=\"glyphicon glyphicon-comment\"><\/span> <a href=\"https:\/\/le-clairon-nouveau.fr\/wordpress\/blog\/2021\/10\/23\/nucleaire-et-le-prestidigitateur-tira-de-son-chapeau-des-smr\/#respond\">Aucun commentaire<span class=\"screen-reader-text\"> sur Nucl\u00e9aire : et le prestidigitateur tira de son chapeau \u2026\u2026..des SMR !<\/span><\/a><\/span><\/div>\n<div class=\"pt-cv-content\">Grace \u00e0 la magie des \u00e9lections pr\u00e9sidentielles les solutions pour remettre \u00e0 flot le nucl\u00e9aire fran\u00e7ais ne manquent pas d'imagination ... <a href=\"https:\/\/le-clairon-nouveau.fr\/wordpress\/blog\/2021\/10\/23\/nucleaire-et-le-prestidigitateur-tira-de-son-chapeau-des-smr\/\" class=\"pt-cv-window pt-cv-readmore pt-cv-textlink\" target=\"pt-cv-window\" data-width=\"1200\" data-height=\"600\" data-iw=\"150\" data-ih=\"150\">Lire la suite<\/a><\/div><\/div><\/div>\n<div class=\"col-md-12 col-sm-12 col-xs-12 pt-cv-content-item pt-cv-2-col\"  data-pid=\"25512\"><div class='pt-cv-ifield'><a href=\"https:\/\/le-clairon-nouveau.fr\/wordpress\/blog\/2021\/11\/23\/a-propos-de-letude-prospective-futurs-energetiques-2050-realisee-par-rte\/\" class=\"pt-cv-window pt-cv-href-thumbnail pt-cv-thumb-left cvp-responsive-image img-shadow\" target=\"pt-cv-window\" data-width=\"1200\" data-height=\"600\" data-iw=\"150\" data-ih=\"150\"><img decoding=\"async\" width=\"150\" src=\"https:\/\/i0.wp.com\/le-clairon-nouveau.fr\/wordpress\/wp-content\/uploads\/2020\/12\/Breves-du-Clairon-nvelle.jpg?resize=142%2C60&amp;ssl=1\" class=\"pt-cv-thumbnail img-shadow pull-left cvp-substitute no-lazyload \" alt=\"A propos de l&#039;\u00e9tude prospective &quot;Futurs \u00e9nerg\u00e9tiques 2050&quot; r\u00e9alis\u00e9e par RTE\" title=\"\" data-no-lazy=\"1\" \/><\/a>\n<h4 class=\"pt-cv-title\"><a href=\"https:\/\/le-clairon-nouveau.fr\/wordpress\/blog\/2021\/11\/23\/a-propos-de-letude-prospective-futurs-energetiques-2050-realisee-par-rte\/\" class=\"pt-cv-window\" target=\"pt-cv-window\" data-width=\"1200\" data-height=\"600\" data-iw=\"150\" data-ih=\"150\">A propos de l&rsquo;\u00e9tude prospective \u00ab\u00a0Futurs \u00e9nerg\u00e9tiques 2050\u00a0\u00bb r\u00e9alis\u00e9e par RTE<\/a><\/h4>\n<div class=\"pt-cv-meta-fields\"><span class=\"entry-date\"><span class=\"glyphicon glyphicon-calendar\"><\/span> <time datetime=\"2021-11-23T12:30:23+01:00\">23 novembre 2021<\/time><\/span><span class=\"author\"><span class=\"glyphicon glyphicon-user\"><\/span> <a href=\"https:\/\/le-clairon-nouveau.fr\/wordpress\/blog\/author\/curly\/\" rel=\"author\">Curly Mc Toole<\/a><\/span><span class=\"comments-link\"><span class=\"glyphicon glyphicon-comment\"><\/span> <a href=\"https:\/\/le-clairon-nouveau.fr\/wordpress\/blog\/2021\/11\/23\/a-propos-de-letude-prospective-futurs-energetiques-2050-realisee-par-rte\/#respond\">Aucun commentaire<span class=\"screen-reader-text\"> sur A propos de l&rsquo;\u00e9tude prospective \u00ab\u00a0Futurs \u00e9nerg\u00e9tiques 2050\u00a0\u00bb r\u00e9alis\u00e9e par RTE<\/span><\/a><\/span><\/div>\n<div class=\"pt-cv-content\">L\u2019un des fondements id\u00e9ologique qui oriente cette \u00e9tude prospective RTE, c\u2019est la foi en une croissance \u00e9conomique irr\u00e9guli\u00e8re mais continue o\u00f9 les progr\u00e8s technologiques permettent de d\u00e9passer les al\u00e9as de la crise climatique et environnementale ... <a href=\"https:\/\/le-clairon-nouveau.fr\/wordpress\/blog\/2021\/11\/23\/a-propos-de-letude-prospective-futurs-energetiques-2050-realisee-par-rte\/\" class=\"pt-cv-window pt-cv-readmore pt-cv-textlink\" target=\"pt-cv-window\" data-width=\"1200\" data-height=\"600\" data-iw=\"150\" data-ih=\"150\">Lire la suite<\/a><\/div><\/div><\/div>\n<div class=\"col-md-12 col-sm-12 col-xs-12 pt-cv-content-item pt-cv-2-col\"  data-pid=\"25634\"><div class='pt-cv-ifield'><a href=\"https:\/\/le-clairon-nouveau.fr\/wordpress\/blog\/2021\/12\/23\/nucleaire-2021-bilan-et-perspectives-inquietants\/\" class=\"pt-cv-window pt-cv-href-thumbnail pt-cv-thumb-left cvp-responsive-image img-shadow\" target=\"pt-cv-window\" data-width=\"1200\" data-height=\"600\" data-iw=\"150\" data-ih=\"150\"><img decoding=\"async\" width=\"150\" src=\"https:\/\/i0.wp.com\/le-clairon-nouveau.fr\/wordpress\/wp-content\/uploads\/2021\/12\/crayons-de-combustible-nucleaire-Image-par-2427999-de-Pixabay.jpg?resize=548%2C365&amp;ssl=1\" class=\"pt-cv-thumbnail img-shadow pull-left cvp-substitute no-lazyload \" alt=\"Nucl\u00e9aire 2021 : bilan et perspectives inqui\u00e9tants\" title=\"\" data-no-lazy=\"1\" \/><\/a>\n<h4 class=\"pt-cv-title\"><a href=\"https:\/\/le-clairon-nouveau.fr\/wordpress\/blog\/2021\/12\/23\/nucleaire-2021-bilan-et-perspectives-inquietants\/\" class=\"pt-cv-window\" target=\"pt-cv-window\" data-width=\"1200\" data-height=\"600\" data-iw=\"150\" data-ih=\"150\">Nucl\u00e9aire 2021 : bilan et perspectives inqui\u00e9tants<\/a><\/h4>\n<div class=\"pt-cv-meta-fields\"><span class=\"entry-date\"><span class=\"glyphicon glyphicon-calendar\"><\/span> <time datetime=\"2021-12-23T12:30:48+01:00\">23 d\u00e9cembre 2021<\/time><\/span><span class=\"author\"><span class=\"glyphicon glyphicon-user\"><\/span> <a href=\"https:\/\/le-clairon-nouveau.fr\/wordpress\/blog\/author\/curly\/\" rel=\"author\">Curly Mc Toole<\/a><\/span><span class=\"comments-link\"><span class=\"glyphicon glyphicon-comment\"><\/span> <a href=\"https:\/\/le-clairon-nouveau.fr\/wordpress\/blog\/2021\/12\/23\/nucleaire-2021-bilan-et-perspectives-inquietants\/#respond\">Aucun commentaire<span class=\"screen-reader-text\"> sur Nucl\u00e9aire 2021 : bilan et perspectives inqui\u00e9tants<\/span><\/a><\/span><\/div>\n<div class=\"pt-cv-content\">A l\u2019examen du fonctionnement de la fili\u00e8re nucl\u00e9aire au cours de l\u2019ann\u00e9e 2021, il n\u2019y a rien qui permette de penser qu\u2019on se rapproche d\u2019un savoir faire retrouv\u00e9 ... <a href=\"https:\/\/le-clairon-nouveau.fr\/wordpress\/blog\/2021\/12\/23\/nucleaire-2021-bilan-et-perspectives-inquietants\/\" class=\"pt-cv-window pt-cv-readmore pt-cv-textlink\" target=\"pt-cv-window\" data-width=\"1200\" data-height=\"600\" data-iw=\"150\" data-ih=\"150\">Lire la suite<\/a><\/div><\/div><\/div>\n<div class=\"col-md-12 col-sm-12 col-xs-12 pt-cv-content-item pt-cv-2-col\"  data-pid=\"25803\"><div class='pt-cv-ifield'><a href=\"https:\/\/le-clairon-nouveau.fr\/wordpress\/blog\/2022\/01\/23\/nucleaire-meme-pour-les-sous-cest-flou\/\" class=\"pt-cv-window pt-cv-href-thumbnail pt-cv-thumb-left cvp-responsive-image img-shadow\" target=\"pt-cv-window\" data-width=\"1200\" data-height=\"600\" data-iw=\"150\" data-ih=\"150\"><img decoding=\"async\" width=\"150\" src=\"https:\/\/i0.wp.com\/le-clairon-nouveau.fr\/wordpress\/wp-content\/uploads\/2022\/01\/Pylones-photo-analogicus-de-Pixabay.jpg?resize=598%2C399&amp;ssl=1\" class=\"pt-cv-thumbnail img-shadow pull-left cvp-substitute no-lazyload \" alt=\"Nucl\u00e9aire : m\u00eame pour les sous c\u2019est flou !\" title=\"\" data-no-lazy=\"1\" \/><\/a>\n<h4 class=\"pt-cv-title\"><a href=\"https:\/\/le-clairon-nouveau.fr\/wordpress\/blog\/2022\/01\/23\/nucleaire-meme-pour-les-sous-cest-flou\/\" class=\"pt-cv-window\" target=\"pt-cv-window\" data-width=\"1200\" data-height=\"600\" data-iw=\"150\" data-ih=\"150\">Nucl\u00e9aire : m\u00eame pour les sous c\u2019est flou !<\/a><\/h4>\n<div class=\"pt-cv-meta-fields\"><span class=\"entry-date\"><span class=\"glyphicon glyphicon-calendar\"><\/span> <time datetime=\"2022-01-23T12:30:38+01:00\">23 janvier 2022<\/time><\/span><span class=\"author\"><span class=\"glyphicon glyphicon-user\"><\/span> <a href=\"https:\/\/le-clairon-nouveau.fr\/wordpress\/blog\/author\/curly\/\" rel=\"author\">Curly Mc Toole<\/a><\/span><span class=\"comments-link\"><span class=\"glyphicon glyphicon-comment\"><\/span> <a href=\"https:\/\/le-clairon-nouveau.fr\/wordpress\/blog\/2022\/01\/23\/nucleaire-meme-pour-les-sous-cest-flou\/#respond\">Aucun commentaire<span class=\"screen-reader-text\"> sur Nucl\u00e9aire : m\u00eame pour les sous c\u2019est flou !<\/span><\/a><\/span><\/div>\n<div class=\"pt-cv-content\">Pour la Cour des Comptes, dans son rapport du 13\/11\/2021, le nucl\u00e9aire fran\u00e7ais \"est \u00e0 nouveau en phase d'apprentissage\" ... <a href=\"https:\/\/le-clairon-nouveau.fr\/wordpress\/blog\/2022\/01\/23\/nucleaire-meme-pour-les-sous-cest-flou\/\" class=\"pt-cv-window pt-cv-readmore pt-cv-textlink\" target=\"pt-cv-window\" data-width=\"1200\" data-height=\"600\" data-iw=\"150\" data-ih=\"150\">Lire la suite<\/a><\/div><\/div><\/div>\n<div class=\"col-md-12 col-sm-12 col-xs-12 pt-cv-content-item pt-cv-2-col\"  data-pid=\"25839\"><div class='pt-cv-ifield'><a href=\"https:\/\/le-clairon-nouveau.fr\/wordpress\/blog\/2022\/02\/23\/a-propos-de-laberrante-relance-du-nucleaire-par-e-macron\/\" class=\"pt-cv-window pt-cv-href-thumbnail pt-cv-thumb-left cvp-responsive-image img-shadow\" target=\"pt-cv-window\" data-width=\"1200\" data-height=\"600\" data-iw=\"150\" data-ih=\"150\"><img decoding=\"async\" width=\"150\" src=\"https:\/\/i0.wp.com\/le-clairon-nouveau.fr\/wordpress\/wp-content\/uploads\/2022\/02\/startup-nation.-image-Gerd-Altmann-de-Pixabay.png?resize=593%2C265&amp;ssl=1\" class=\"pt-cv-thumbnail img-shadow pull-left cvp-substitute no-lazyload \" alt=\"A PROPOS DE L\u2019ABERRANTE RELANCE DU NUCL\u00c9AIRE PAR E.MACRON\" title=\"\" data-no-lazy=\"1\" \/><\/a>\n<h4 class=\"pt-cv-title\"><a href=\"https:\/\/le-clairon-nouveau.fr\/wordpress\/blog\/2022\/02\/23\/a-propos-de-laberrante-relance-du-nucleaire-par-e-macron\/\" class=\"pt-cv-window\" target=\"pt-cv-window\" data-width=\"1200\" data-height=\"600\" data-iw=\"150\" data-ih=\"150\">A PROPOS DE L\u2019ABERRANTE RELANCE DU NUCL\u00c9AIRE PAR E.MACRON<\/a><\/h4>\n<div class=\"pt-cv-meta-fields\"><span class=\"entry-date\"><span class=\"glyphicon glyphicon-calendar\"><\/span> <time datetime=\"2022-02-23T12:30:21+01:00\">23 f\u00e9vrier 2022<\/time><\/span><span class=\"author\"><span class=\"glyphicon glyphicon-user\"><\/span> <a href=\"https:\/\/le-clairon-nouveau.fr\/wordpress\/blog\/author\/curly\/\" rel=\"author\">Curly Mc Toole<\/a><\/span><span class=\"comments-link\"><span class=\"glyphicon glyphicon-comment\"><\/span> <a href=\"https:\/\/le-clairon-nouveau.fr\/wordpress\/blog\/2022\/02\/23\/a-propos-de-laberrante-relance-du-nucleaire-par-e-macron\/#respond\">Aucun commentaire<span class=\"screen-reader-text\"> sur A PROPOS DE L\u2019ABERRANTE RELANCE DU NUCL\u00c9AIRE PAR E.MACRON<\/span><\/a><\/span><\/div>\n<div class=\"pt-cv-content\">Comment d\u00e9cider d\u2019un sujet aussi crucial que l'avenir \u00e9nerg\u00e9tique de la France dans un contexte de crise climatique sans l\u2019avoir soumis pr\u00e9alablement \u00e0 un d\u00e9bat public ? ... <a href=\"https:\/\/le-clairon-nouveau.fr\/wordpress\/blog\/2022\/02\/23\/a-propos-de-laberrante-relance-du-nucleaire-par-e-macron\/\" class=\"pt-cv-window pt-cv-readmore pt-cv-textlink\" target=\"pt-cv-window\" data-width=\"1200\" data-height=\"600\" data-iw=\"150\" data-ih=\"150\">Lire la suite<\/a><\/div><\/div><\/div>\n<div class=\"col-md-12 col-sm-12 col-xs-12 pt-cv-content-item pt-cv-2-col\"  data-pid=\"26034\"><div class='pt-cv-ifield'><a href=\"https:\/\/le-clairon-nouveau.fr\/wordpress\/blog\/2022\/03\/23\/est-il-raisonnable-de-relancer-le-nucleaire-alors-que-lexistant-ne-fonctionne-pas-bien\/\" class=\"pt-cv-window pt-cv-href-thumbnail pt-cv-thumb-left cvp-responsive-image img-shadow\" target=\"pt-cv-window\" data-width=\"1200\" data-height=\"600\" data-iw=\"150\" data-ih=\"150\"><img decoding=\"async\" width=\"150\" src=\"https:\/\/i0.wp.com\/le-clairon-nouveau.fr\/wordpress\/wp-content\/uploads\/2022\/03\/usines-et-dechets-ELG-21-de-Pixabay-.jpg?resize=515%2C343&amp;ssl=1\" class=\"pt-cv-thumbnail img-shadow pull-left cvp-substitute no-lazyload \" alt=\"Est-il raisonnable de relancer le nucl\u00e9aire alors que l\u2019existant ne fonctionne pas bien ?\" title=\"\" data-no-lazy=\"1\" \/><\/a>\n<h4 class=\"pt-cv-title\"><a href=\"https:\/\/le-clairon-nouveau.fr\/wordpress\/blog\/2022\/03\/23\/est-il-raisonnable-de-relancer-le-nucleaire-alors-que-lexistant-ne-fonctionne-pas-bien\/\" class=\"pt-cv-window\" target=\"pt-cv-window\" data-width=\"1200\" data-height=\"600\" data-iw=\"150\" data-ih=\"150\">Est-il raisonnable de relancer le nucl\u00e9aire alors que l\u2019existant ne fonctionne pas bien ?<\/a><\/h4>\n<div class=\"pt-cv-meta-fields\"><span class=\"entry-date\"><span class=\"glyphicon glyphicon-calendar\"><\/span> <time datetime=\"2022-03-23T12:30:43+01:00\">23 mars 2022<\/time><\/span><span class=\"author\"><span class=\"glyphicon glyphicon-user\"><\/span> <a href=\"https:\/\/le-clairon-nouveau.fr\/wordpress\/blog\/author\/curly\/\" rel=\"author\">Curly Mc Toole<\/a><\/span><span class=\"comments-link\"><span class=\"glyphicon glyphicon-comment\"><\/span> <a href=\"https:\/\/le-clairon-nouveau.fr\/wordpress\/blog\/2022\/03\/23\/est-il-raisonnable-de-relancer-le-nucleaire-alors-que-lexistant-ne-fonctionne-pas-bien\/#respond\">Aucun commentaire<span class=\"screen-reader-text\"> sur Est-il raisonnable de relancer le nucl\u00e9aire alors que l\u2019existant ne fonctionne pas bien ?<\/span><\/a><\/span><\/div>\n<div class=\"pt-cv-content\">Une fois de plus c\u2019est devant l\u2019obstacle qu\u2019on essaye de trouver la solution a question du traitement des combustibles us\u00e9s et du stockage des d\u00e9chets ... <a href=\"https:\/\/le-clairon-nouveau.fr\/wordpress\/blog\/2022\/03\/23\/est-il-raisonnable-de-relancer-le-nucleaire-alors-que-lexistant-ne-fonctionne-pas-bien\/\" class=\"pt-cv-window pt-cv-readmore pt-cv-textlink\" target=\"pt-cv-window\" data-width=\"1200\" data-height=\"600\" data-iw=\"150\" data-ih=\"150\">Lire la suite<\/a><\/div><\/div><\/div>\n<div class=\"col-md-12 col-sm-12 col-xs-12 pt-cv-content-item pt-cv-2-col\"  data-pid=\"26416\"><div class='pt-cv-ifield'><a href=\"https:\/\/le-clairon-nouveau.fr\/wordpress\/blog\/2022\/05\/23\/nucleaire-il-faut-cesser-de-rever-ou-de-mentir\/\" class=\"pt-cv-window pt-cv-href-thumbnail pt-cv-thumb-left cvp-responsive-image img-shadow\" target=\"pt-cv-window\" data-width=\"1200\" data-height=\"600\" data-iw=\"150\" data-ih=\"150\"><img decoding=\"async\" width=\"150\" src=\"https:\/\/i0.wp.com\/le-clairon-nouveau.fr\/wordpress\/wp-content\/uploads\/2022\/05\/nucleaire-Image-par-ELG21-de-Pixabay.jpg?resize=584%2C389&amp;ssl=1\" class=\"pt-cv-thumbnail img-shadow pull-left cvp-substitute no-lazyload \" alt=\"Nucl\u00e9aire : il faut cesser de r\u00eaver ou de mentir !\" title=\"\" data-no-lazy=\"1\" \/><\/a>\n<h4 class=\"pt-cv-title\"><a href=\"https:\/\/le-clairon-nouveau.fr\/wordpress\/blog\/2022\/05\/23\/nucleaire-il-faut-cesser-de-rever-ou-de-mentir\/\" class=\"pt-cv-window\" target=\"pt-cv-window\" data-width=\"1200\" data-height=\"600\" data-iw=\"150\" data-ih=\"150\">Nucl\u00e9aire : il faut cesser de r\u00eaver ou de mentir !<\/a><\/h4>\n<div class=\"pt-cv-meta-fields\"><span class=\"entry-date\"><span class=\"glyphicon glyphicon-calendar\"><\/span> <time datetime=\"2022-05-23T12:30:45+02:00\">23 mai 2022<\/time><\/span><span class=\"author\"><span class=\"glyphicon glyphicon-user\"><\/span> <a href=\"https:\/\/le-clairon-nouveau.fr\/wordpress\/blog\/author\/curly\/\" rel=\"author\">Curly Mc Toole<\/a><\/span><span class=\"comments-link\"><span class=\"glyphicon glyphicon-comment\"><\/span> <a href=\"https:\/\/le-clairon-nouveau.fr\/wordpress\/blog\/2022\/05\/23\/nucleaire-il-faut-cesser-de-rever-ou-de-mentir\/#respond\">Aucun commentaire<span class=\"screen-reader-text\"> sur Nucl\u00e9aire : il faut cesser de r\u00eaver ou de mentir !<\/span><\/a><\/span><\/div>\n<div class=\"pt-cv-content\">La fili\u00e8re nucl\u00e9aire fran\u00e7aise est dans un tel \u00e9tat qu'il semble incroyable qu'un \u00eatre dou\u00e9 de raison puisse envisager de la relancer ... <a href=\"https:\/\/le-clairon-nouveau.fr\/wordpress\/blog\/2022\/05\/23\/nucleaire-il-faut-cesser-de-rever-ou-de-mentir\/\" class=\"pt-cv-window pt-cv-readmore pt-cv-textlink\" target=\"pt-cv-window\" data-width=\"1200\" data-height=\"600\" data-iw=\"150\" data-ih=\"150\">Lire la suite<\/a><\/div><\/div><\/div>\n<div class=\"col-md-12 col-sm-12 col-xs-12 pt-cv-content-item pt-cv-2-col\"  data-pid=\"26609\"><div class='pt-cv-ifield'><a href=\"https:\/\/le-clairon-nouveau.fr\/wordpress\/blog\/2022\/06\/23\/nucleaire-petit-etat-des-lieux-a-la-mi-2022\/\" class=\"pt-cv-window pt-cv-href-thumbnail pt-cv-thumb-left cvp-responsive-image img-shadow\" target=\"pt-cv-window\" data-width=\"1200\" data-height=\"600\" data-iw=\"150\" data-ih=\"150\"><img decoding=\"async\" width=\"150\" src=\"https:\/\/i0.wp.com\/le-clairon-nouveau.fr\/wordpress\/wp-content\/uploads\/2022\/06\/Plombier_soudeur-un-metier-davenir-chez-EDF-300x200.jpg?resize=581%2C387&amp;ssl=1\" class=\"pt-cv-thumbnail img-shadow pull-left cvp-substitute no-lazyload \" alt=\"Nucl\u00e9aire : petit \u00e9tat des lieux \u00e0 la mi-2022\" title=\"\" data-no-lazy=\"1\" \/><\/a>\n<h4 class=\"pt-cv-title\"><a href=\"https:\/\/le-clairon-nouveau.fr\/wordpress\/blog\/2022\/06\/23\/nucleaire-petit-etat-des-lieux-a-la-mi-2022\/\" class=\"pt-cv-window\" target=\"pt-cv-window\" data-width=\"1200\" data-height=\"600\" data-iw=\"150\" data-ih=\"150\">Nucl\u00e9aire : petit \u00e9tat des lieux \u00e0 la mi-2022<\/a><\/h4>\n<div class=\"pt-cv-meta-fields\"><span class=\"entry-date\"><span class=\"glyphicon glyphicon-calendar\"><\/span> <time datetime=\"2022-06-23T12:30:11+02:00\">23 juin 2022<\/time><\/span><span class=\"author\"><span class=\"glyphicon glyphicon-user\"><\/span> <a href=\"https:\/\/le-clairon-nouveau.fr\/wordpress\/blog\/author\/curly\/\" rel=\"author\">Curly Mc Toole<\/a><\/span><span class=\"comments-link\"><span class=\"glyphicon glyphicon-comment\"><\/span> <a href=\"https:\/\/le-clairon-nouveau.fr\/wordpress\/blog\/2022\/06\/23\/nucleaire-petit-etat-des-lieux-a-la-mi-2022\/#respond\">Aucun commentaire<span class=\"screen-reader-text\"> sur Nucl\u00e9aire : petit \u00e9tat des lieux \u00e0 la mi-2022<\/span><\/a><\/span><\/div>\n<div class=\"pt-cv-content\">(Chronique d\u2019une catastrophe annonc\u00e9e) A l\u2019heure actuelle plus de la moiti\u00e9 du parc nucl\u00e9aire est \u00e0 l\u2019arr\u00eat et sa production d\u2019\u00e9lectricit\u00e9 est par moments inf\u00e9rieure \u00e0 la moiti\u00e9 de l\u2019\u00e9lectricit\u00e9 produite en France. Cette situation est due aux travaux n\u00e9cessaires \u00e0 la prolongation des r\u00e9acteurs au-del\u00e0 des 40 ans de fonctionnement initialement pr\u00e9vu,\u00a0 mais aussi \u00e0 la \u00ab\u00a0d\u00e9couverte\u00ab\u00a0 de fissures qui semblent\u00a0 concerner l\u2019ensemble du parc nucl\u00e9aire, quel que soit le type et la puissance des r\u00e9acteurs. Selon certains experts comme le physicien nucl\u00e9aire Bernard Laponche, ce probl\u00e8me dont on ne connait pas enti\u00e8rement les causes pourrait aussi affecter les EPR et remettre en cause le programme de construction de nouveaux r\u00e9acteurs. Plombier \/ soudeur : un m\u00e9tier d\u2019avenir chez EDF !(Image par siala de Pixabay) \u00a0 Ciel des fissures\u00a0! Il r\u00e8gne une grande confusion sur la date de leur d\u00e9couverte : ce qui est \u00e9tonnant lorsqu\u2019on consid\u00e8re tout les contr\u00f4les qui sont exerc\u00e9s par divers organismes sur l\u2019industrie nucl\u00e9aire. Ainsi c\u2019est en \u00e9t\u00e9 2021 qu\u2019EDF communique sur la d\u00e9couverte de fissures in\u00e9dites, concernant la tuyauterie de circuits d\u2019eau servant au refroidissement des r\u00e9acteurs. Or la litt\u00e9rature scientifique fait \u00e9tat en 1984 d\u2019un premier cas de corrosion sur un circuit d\u2019injection d\u2019eau du r\u00e9acteur N\u00b0 3 de la centrale du Bugey (Ain) et c\u2019est sur le m\u00eame type de circuit\u00a0 que des fissures d\u00e9clar\u00e9es \u00ab\u00a0in\u00e9dites\u00a0\u00bb ont \u00e9t\u00e9 d\u00e9couvertes par EDF \u00e0 la centrale de Civaux pendant l\u2019\u00e9t\u00e9 2021 ! Or depuis 2004 de nombreuse th\u00e8ses et \u00e9tudes scientifiques ont port\u00e9 ... <a href=\"https:\/\/le-clairon-nouveau.fr\/wordpress\/blog\/2022\/06\/23\/nucleaire-petit-etat-des-lieux-a-la-mi-2022\/\" class=\"pt-cv-window pt-cv-readmore pt-cv-textlink\" target=\"pt-cv-window\" data-width=\"1200\" data-height=\"600\" data-iw=\"150\" data-ih=\"150\">Lire la suite<\/a><\/div><\/div><\/div>\n<div class=\"col-md-12 col-sm-12 col-xs-12 pt-cv-content-item pt-cv-2-col\"  data-pid=\"26730\"><div class='pt-cv-ifield'><a href=\"https:\/\/le-clairon-nouveau.fr\/wordpress\/blog\/2022\/07\/23\/le-nucleaire-et-leau-font-ils-bon-menage-en-france\/\" class=\"pt-cv-window pt-cv-href-thumbnail pt-cv-thumb-left cvp-responsive-image img-shadow\" target=\"pt-cv-window\" data-width=\"1200\" data-height=\"600\" data-iw=\"150\" data-ih=\"150\"><img decoding=\"async\" width=\"150\" src=\"https:\/\/i0.wp.com\/le-clairon-nouveau.fr\/wordpress\/wp-content\/uploads\/2022\/07\/Nucleaire_tours-aerorefrigerantes-Image-par-Markus-Distelrath-de-Pixabay.jpg?resize=578%2C385&amp;ssl=1\" class=\"pt-cv-thumbnail img-shadow pull-left cvp-substitute no-lazyload \" alt=\"Le nucl\u00e9aire et l\u2019eau font-ils bon m\u00e9nage en France ?\" title=\"\" data-no-lazy=\"1\" \/><\/a>\n<h4 class=\"pt-cv-title\"><a href=\"https:\/\/le-clairon-nouveau.fr\/wordpress\/blog\/2022\/07\/23\/le-nucleaire-et-leau-font-ils-bon-menage-en-france\/\" class=\"pt-cv-window\" target=\"pt-cv-window\" data-width=\"1200\" data-height=\"600\" data-iw=\"150\" data-ih=\"150\">Le nucl\u00e9aire et l\u2019eau font-ils bon m\u00e9nage en France ?<\/a><\/h4>\n<div class=\"pt-cv-meta-fields\"><span class=\"entry-date\"><span class=\"glyphicon glyphicon-calendar\"><\/span> <time datetime=\"2022-07-23T12:30:20+02:00\">23 juillet 2022<\/time><\/span><span class=\"author\"><span class=\"glyphicon glyphicon-user\"><\/span> <a href=\"https:\/\/le-clairon-nouveau.fr\/wordpress\/blog\/author\/curly\/\" rel=\"author\">Curly Mc Toole<\/a><\/span><span class=\"comments-link\"><span class=\"glyphicon glyphicon-comment\"><\/span> <a href=\"https:\/\/le-clairon-nouveau.fr\/wordpress\/blog\/2022\/07\/23\/le-nucleaire-et-leau-font-ils-bon-menage-en-france\/#respond\">Aucun commentaire<span class=\"screen-reader-text\"> sur Le nucl\u00e9aire et l\u2019eau font-ils bon m\u00e9nage en France ?<\/span><\/a><\/span><\/div>\n<div class=\"pt-cv-content\">Pour fonctionner les centrales nucl\u00e9aires ont besoin d\u2019eau, de beaucoup d\u2019eau. Mais ce besoin en eau les expose \u00e0 2 types d\u2019al\u00e9as oppos\u00e9s : la s\u00e8cheresse ou les inondations ... <a href=\"https:\/\/le-clairon-nouveau.fr\/wordpress\/blog\/2022\/07\/23\/le-nucleaire-et-leau-font-ils-bon-menage-en-france\/\" class=\"pt-cv-window pt-cv-readmore pt-cv-textlink\" target=\"pt-cv-window\" data-width=\"1200\" data-height=\"600\" data-iw=\"150\" data-ih=\"150\">Lire la suite<\/a><\/div><\/div><\/div>\n<div class=\"col-md-12 col-sm-12 col-xs-12 pt-cv-content-item pt-cv-2-col\"  data-pid=\"26902\"><div class='pt-cv-ifield'><a href=\"https:\/\/le-clairon-nouveau.fr\/wordpress\/blog\/2022\/09\/23\/edf-on-renationalise-quoi-pourquoi\/\" class=\"pt-cv-window pt-cv-href-thumbnail pt-cv-thumb-left cvp-responsive-image img-shadow\" target=\"pt-cv-window\" data-width=\"1200\" data-height=\"600\" data-iw=\"150\" data-ih=\"150\"><img decoding=\"async\" width=\"150\" src=\"https:\/\/i0.wp.com\/le-clairon-nouveau.fr\/wordpress\/wp-content\/uploads\/2022\/09\/la-lumiere-ne-brille-pas-toujours-la-ou-elle-devrait-Image-par-Gordon-Johnson-de-Pixabay.png?resize=480%2C526&amp;ssl=1\" class=\"pt-cv-thumbnail img-shadow pull-left cvp-substitute no-lazyload \" alt=\"EDF : on renationalise quoi, pourquoi ?\" title=\"\" data-no-lazy=\"1\" \/><\/a>\n<h4 class=\"pt-cv-title\"><a href=\"https:\/\/le-clairon-nouveau.fr\/wordpress\/blog\/2022\/09\/23\/edf-on-renationalise-quoi-pourquoi\/\" class=\"pt-cv-window\" target=\"pt-cv-window\" data-width=\"1200\" data-height=\"600\" data-iw=\"150\" data-ih=\"150\">EDF : on renationalise quoi, pourquoi ?<\/a><\/h4>\n<div class=\"pt-cv-meta-fields\"><span class=\"entry-date\"><span class=\"glyphicon glyphicon-calendar\"><\/span> <time datetime=\"2022-09-23T12:30:19+02:00\">23 septembre 2022<\/time><\/span><span class=\"author\"><span class=\"glyphicon glyphicon-user\"><\/span> <a href=\"https:\/\/le-clairon-nouveau.fr\/wordpress\/blog\/author\/hubert\/\" rel=\"author\">Hubert Reys<\/a><\/span><span class=\"comments-link\"><span class=\"glyphicon glyphicon-comment\"><\/span> <a href=\"https:\/\/le-clairon-nouveau.fr\/wordpress\/blog\/2022\/09\/23\/edf-on-renationalise-quoi-pourquoi\/#comments\">Un commentaire <span class=\"screen-reader-text\"> sur EDF : on renationalise quoi, pourquoi ?<\/span><\/a><\/span><\/div>\n<div class=\"pt-cv-content\">Que l\u2019\u00c9tat d\u00e9tienne 100 % du capital d'EDF comme annonc\u00e9 par E Borne ne constitue pas une solution pour \"sauver\" EDF ... <a href=\"https:\/\/le-clairon-nouveau.fr\/wordpress\/blog\/2022\/09\/23\/edf-on-renationalise-quoi-pourquoi\/\" class=\"pt-cv-window pt-cv-readmore pt-cv-textlink\" target=\"pt-cv-window\" data-width=\"1200\" data-height=\"600\" data-iw=\"150\" data-ih=\"150\">Lire la suite<\/a><\/div><\/div><\/div>\n<div class=\"col-md-12 col-sm-12 col-xs-12 pt-cv-content-item pt-cv-2-col\"  data-pid=\"27059\"><div class='pt-cv-ifield'><a href=\"https:\/\/le-clairon-nouveau.fr\/wordpress\/blog\/2022\/10\/23\/relance-de-la-filiere-nucleaire-le-gouvernement-macroniste-confond-vitesse-et-precipitation\/\" class=\"pt-cv-window pt-cv-href-thumbnail pt-cv-thumb-left cvp-responsive-image img-shadow\" target=\"pt-cv-window\" data-width=\"1200\" data-height=\"600\" data-iw=\"150\" data-ih=\"150\"><img decoding=\"async\" width=\"150\" src=\"https:\/\/i0.wp.com\/le-clairon-nouveau.fr\/wordpress\/wp-content\/uploads\/2022\/10\/Eoliennes-et-centrale-nucleaire-Image-par-Markus-Distelrath-de-Pixabay.jpg?resize=578%2C386&amp;ssl=1\" class=\"pt-cv-thumbnail img-shadow pull-left cvp-substitute no-lazyload \" alt=\"Relance de la fili\u00e8re nucl\u00e9aire : le gouvernement macroniste confond vitesse et pr\u00e9cipitation !\" title=\"\" data-no-lazy=\"1\" \/><\/a>\n<h4 class=\"pt-cv-title\"><a href=\"https:\/\/le-clairon-nouveau.fr\/wordpress\/blog\/2022\/10\/23\/relance-de-la-filiere-nucleaire-le-gouvernement-macroniste-confond-vitesse-et-precipitation\/\" class=\"pt-cv-window\" target=\"pt-cv-window\" data-width=\"1200\" data-height=\"600\" data-iw=\"150\" data-ih=\"150\">Relance de la fili\u00e8re nucl\u00e9aire : le gouvernement macroniste confond vitesse et pr\u00e9cipitation !<\/a><\/h4>\n<div class=\"pt-cv-meta-fields\"><span class=\"entry-date\"><span class=\"glyphicon glyphicon-calendar\"><\/span> <time datetime=\"2022-10-23T12:30:11+02:00\">23 octobre 2022<\/time><\/span><span class=\"author\"><span class=\"glyphicon glyphicon-user\"><\/span> <a href=\"https:\/\/le-clairon-nouveau.fr\/wordpress\/blog\/author\/curly\/\" rel=\"author\">Curly Mc Toole<\/a><\/span><span class=\"comments-link\"><span class=\"glyphicon glyphicon-comment\"><\/span> <a href=\"https:\/\/le-clairon-nouveau.fr\/wordpress\/blog\/2022\/10\/23\/relance-de-la-filiere-nucleaire-le-gouvernement-macroniste-confond-vitesse-et-precipitation\/#respond\">Aucun commentaire<span class=\"screen-reader-text\"> sur Relance de la fili\u00e8re nucl\u00e9aire : le gouvernement macroniste confond vitesse et pr\u00e9cipitation !<\/span><\/a><\/span><\/div>\n<div class=\"pt-cv-content\">Que peuvent inventer des gens form\u00e9s \u00e0 l \"administration\" pour acc\u00e9l\u00e9rer la relance de la fili\u00e8re nucl\u00e9aire sinon des mesures administratives ? ... <a href=\"https:\/\/le-clairon-nouveau.fr\/wordpress\/blog\/2022\/10\/23\/relance-de-la-filiere-nucleaire-le-gouvernement-macroniste-confond-vitesse-et-precipitation\/\" class=\"pt-cv-window pt-cv-readmore pt-cv-textlink\" target=\"pt-cv-window\" data-width=\"1200\" data-height=\"600\" data-iw=\"150\" data-ih=\"150\">Lire la suite<\/a><\/div><\/div><\/div>\n<div class=\"col-md-12 col-sm-12 col-xs-12 pt-cv-content-item pt-cv-2-col\"  data-pid=\"27136\"><div class='pt-cv-ifield'><a href=\"https:\/\/le-clairon-nouveau.fr\/wordpress\/blog\/2022\/11\/23\/avenir-du-nucleaire-francais-des-debats-publics-fort-discrets\/\" class=\"pt-cv-window pt-cv-href-thumbnail pt-cv-thumb-left cvp-responsive-image img-shadow\" target=\"pt-cv-window\" data-width=\"1200\" data-height=\"600\" data-iw=\"150\" data-ih=\"150\"><img decoding=\"async\" width=\"150\" src=\"https:\/\/i0.wp.com\/le-clairon-nouveau.fr\/wordpress\/wp-content\/uploads\/2022\/11\/echande-didees-Image-par-Gerd-Altmann-de-Pixabay.jpg?resize=494%2C349&amp;ssl=1\" class=\"pt-cv-thumbnail img-shadow pull-left cvp-substitute no-lazyload \" alt=\"Avenir du nucl\u00e9aire fran\u00e7ais : des d\u00e9bats publics fort  discrets\" title=\"\" data-no-lazy=\"1\" \/><\/a>\n<h4 class=\"pt-cv-title\"><a href=\"https:\/\/le-clairon-nouveau.fr\/wordpress\/blog\/2022\/11\/23\/avenir-du-nucleaire-francais-des-debats-publics-fort-discrets\/\" class=\"pt-cv-window\" target=\"pt-cv-window\" data-width=\"1200\" data-height=\"600\" data-iw=\"150\" data-ih=\"150\">Avenir du nucl\u00e9aire fran\u00e7ais : des d\u00e9bats publics fort  discrets<\/a><\/h4>\n<div class=\"pt-cv-meta-fields\"><span class=\"entry-date\"><span class=\"glyphicon glyphicon-calendar\"><\/span> <time datetime=\"2022-11-23T11:30:02+01:00\">23 novembre 2022<\/time><\/span><span class=\"author\"><span class=\"glyphicon glyphicon-user\"><\/span> <a href=\"https:\/\/le-clairon-nouveau.fr\/wordpress\/blog\/author\/curly\/\" rel=\"author\">Curly Mc Toole<\/a><\/span><span class=\"comments-link\"><span class=\"glyphicon glyphicon-comment\"><\/span> <a href=\"https:\/\/le-clairon-nouveau.fr\/wordpress\/blog\/2022\/11\/23\/avenir-du-nucleaire-francais-des-debats-publics-fort-discrets\/#comments\">Un commentaire <span class=\"screen-reader-text\"> sur Avenir du nucl\u00e9aire fran\u00e7ais : des d\u00e9bats publics fort  discrets<\/span><\/a><\/span><\/div>\n<div class=\"pt-cv-content\">Une participation importante des citoyens \u00e0 des consultations \"libres et non fauss\u00e9es\" ne peut que renforcer la d\u00e9mocratie et aboutir \u00e0 des solutions plus raisonnables que celles issues d\u2019une petite minorit\u00e9 sous influence d\u2019int\u00e9r\u00eats particuliers ... <a href=\"https:\/\/le-clairon-nouveau.fr\/wordpress\/blog\/2022\/11\/23\/avenir-du-nucleaire-francais-des-debats-publics-fort-discrets\/\" class=\"pt-cv-window pt-cv-readmore pt-cv-textlink\" target=\"pt-cv-window\" data-width=\"1200\" data-height=\"600\" data-iw=\"150\" data-ih=\"150\">Lire la suite<\/a><\/div><\/div><\/div>\n<div class=\"col-md-12 col-sm-12 col-xs-12 pt-cv-content-item pt-cv-2-col\"  data-pid=\"27339\"><div class='pt-cv-ifield'><a href=\"https:\/\/le-clairon-nouveau.fr\/wordpress\/blog\/2022\/12\/23\/2022-la-filiere-nucleaire-francaise-se-delite\/\" class=\"pt-cv-window pt-cv-href-thumbnail pt-cv-thumb-left cvp-responsive-image img-shadow\" target=\"pt-cv-window\" data-width=\"1200\" data-height=\"600\" data-iw=\"150\" data-ih=\"150\"><img decoding=\"async\" width=\"150\" src=\"https:\/\/i0.wp.com\/le-clairon-nouveau.fr\/wordpress\/wp-content\/uploads\/2022\/12\/girouette-Image-par-Dominik-Hintz-de-Pixabay.jpg?resize=484%2C321&amp;ssl=1\" class=\"pt-cv-thumbnail img-shadow pull-left cvp-substitute no-lazyload \" alt=\"2022 : la fili\u00e8re nucl\u00e9aire fran\u00e7aise se d\u00e9lite ?\" title=\"\" data-no-lazy=\"1\" \/><\/a>\n<h4 class=\"pt-cv-title\"><a href=\"https:\/\/le-clairon-nouveau.fr\/wordpress\/blog\/2022\/12\/23\/2022-la-filiere-nucleaire-francaise-se-delite\/\" class=\"pt-cv-window\" target=\"pt-cv-window\" data-width=\"1200\" data-height=\"600\" data-iw=\"150\" data-ih=\"150\">2022 : la fili\u00e8re nucl\u00e9aire fran\u00e7aise se d\u00e9lite ?<\/a><\/h4>\n<div class=\"pt-cv-meta-fields\"><span class=\"entry-date\"><span class=\"glyphicon glyphicon-calendar\"><\/span> <time datetime=\"2022-12-23T12:30:31+01:00\">23 d\u00e9cembre 2022<\/time><\/span><span class=\"author\"><span class=\"glyphicon glyphicon-user\"><\/span> <a href=\"https:\/\/le-clairon-nouveau.fr\/wordpress\/blog\/author\/curly\/\" rel=\"author\">Curly Mc Toole<\/a><\/span><span class=\"comments-link\"><span class=\"glyphicon glyphicon-comment\"><\/span> <a href=\"https:\/\/le-clairon-nouveau.fr\/wordpress\/blog\/2022\/12\/23\/2022-la-filiere-nucleaire-francaise-se-delite\/#comments\">Un commentaire <span class=\"screen-reader-text\"> sur 2022 : la fili\u00e8re nucl\u00e9aire fran\u00e7aise se d\u00e9lite ?<\/span><\/a><\/span><\/div>\n<div class=\"pt-cv-content\">Comment imaginer que, devant une telle accumulation de faits, E. Macron qui se vante d'\u00eatre rationnel et pragmatique, puisse d\u00e9cider de relancer une fili\u00e8re nucl\u00e9aire en si mauvais \u00e9tat et lui fixer l\u2019objectif irr\u00e9alisable de mise en service pour 2035 de 6 nouveaux EPR ? ... <a href=\"https:\/\/le-clairon-nouveau.fr\/wordpress\/blog\/2022\/12\/23\/2022-la-filiere-nucleaire-francaise-se-delite\/\" class=\"pt-cv-window pt-cv-readmore pt-cv-textlink\" target=\"pt-cv-window\" data-width=\"1200\" data-height=\"600\" data-iw=\"150\" data-ih=\"150\">Lire la suite<\/a><\/div><\/div><\/div>\n<div class=\"col-md-12 col-sm-12 col-xs-12 pt-cv-content-item pt-cv-2-col\"  data-pid=\"27465\"><div class='pt-cv-ifield'><a href=\"https:\/\/le-clairon-nouveau.fr\/wordpress\/blog\/2023\/01\/23\/nucleaire-la-duplicite-au-secours-du-deraisonnable\/\" class=\"pt-cv-window pt-cv-href-thumbnail pt-cv-thumb-left cvp-responsive-image img-shadow\" target=\"pt-cv-window\" data-width=\"1200\" data-height=\"600\" data-iw=\"150\" data-ih=\"150\"><img decoding=\"async\" width=\"150\" src=\"https:\/\/i0.wp.com\/le-clairon-nouveau.fr\/wordpress\/wp-content\/uploads\/2023\/01\/atome-electrons-neutrons-Image-par-Gerd-Altmann-de-Pixabay.jpg?resize=584%2C412&amp;ssl=1\" class=\"pt-cv-thumbnail img-shadow pull-left cvp-substitute no-lazyload \" alt=\"Nucl\u00e9aire : la duplicit\u00e9 au secours du d\u00e9raisonnable\" title=\"\" data-no-lazy=\"1\" \/><\/a>\n<h4 class=\"pt-cv-title\"><a href=\"https:\/\/le-clairon-nouveau.fr\/wordpress\/blog\/2023\/01\/23\/nucleaire-la-duplicite-au-secours-du-deraisonnable\/\" class=\"pt-cv-window\" target=\"pt-cv-window\" data-width=\"1200\" data-height=\"600\" data-iw=\"150\" data-ih=\"150\">Nucl\u00e9aire : la duplicit\u00e9 au secours du d\u00e9raisonnable<\/a><\/h4>\n<div class=\"pt-cv-meta-fields\"><span class=\"entry-date\"><span class=\"glyphicon glyphicon-calendar\"><\/span> <time datetime=\"2023-01-23T12:30:53+01:00\">23 janvier 2023<\/time><\/span><span class=\"author\"><span class=\"glyphicon glyphicon-user\"><\/span> <a href=\"https:\/\/le-clairon-nouveau.fr\/wordpress\/blog\/author\/curly\/\" rel=\"author\">Curly Mc Toole<\/a><\/span><span class=\"comments-link\"><span class=\"glyphicon glyphicon-comment\"><\/span> <a href=\"https:\/\/le-clairon-nouveau.fr\/wordpress\/blog\/2023\/01\/23\/nucleaire-la-duplicite-au-secours-du-deraisonnable\/#respond\">Aucun commentaire<span class=\"screen-reader-text\"> sur Nucl\u00e9aire : la duplicit\u00e9 au secours du d\u00e9raisonnable<\/span><\/a><\/span><\/div>\n<div class=\"pt-cv-content\">La constitution pr\u00e9voit que la politique \u00e9nerg\u00e9tique qui a des incidences sur l\u2019environnement doit faire l\u2019objet de consultations permettant \u00e0 toute personne de participer \u00e0 l\u2019\u00e9laboration des d\u00e9cisions publiques ... <a href=\"https:\/\/le-clairon-nouveau.fr\/wordpress\/blog\/2023\/01\/23\/nucleaire-la-duplicite-au-secours-du-deraisonnable\/\" class=\"pt-cv-window pt-cv-readmore pt-cv-textlink\" target=\"pt-cv-window\" data-width=\"1200\" data-height=\"600\" data-iw=\"150\" data-ih=\"150\">Lire la suite<\/a><\/div><\/div><\/div>\n<div class=\"col-md-12 col-sm-12 col-xs-12 pt-cv-content-item pt-cv-2-col\"  data-pid=\"27891\"><div class='pt-cv-ifield'><a href=\"https:\/\/le-clairon-nouveau.fr\/wordpress\/blog\/2023\/03\/22\/projet-de-relance-du-nucleaire-ou-se-trouve-la-raison\/\" class=\"pt-cv-window pt-cv-href-thumbnail pt-cv-thumb-left cvp-responsive-image img-shadow\" target=\"pt-cv-window\" data-width=\"1200\" data-height=\"600\" data-iw=\"150\" data-ih=\"150\"><img decoding=\"async\" width=\"150\" src=\"https:\/\/i0.wp.com\/le-clairon-nouveau.fr\/wordpress\/wp-content\/uploads\/2023\/03\/nuke-warning.png?resize=236%2C206&amp;ssl=1\" class=\"pt-cv-thumbnail img-shadow pull-left cvp-substitute no-lazyload \" alt=\"Projet de relance du nucl\u00e9aire : o\u00f9 se trouve la raison ?\" title=\"\" data-no-lazy=\"1\" \/><\/a>\n<h4 class=\"pt-cv-title\"><a href=\"https:\/\/le-clairon-nouveau.fr\/wordpress\/blog\/2023\/03\/22\/projet-de-relance-du-nucleaire-ou-se-trouve-la-raison\/\" class=\"pt-cv-window\" target=\"pt-cv-window\" data-width=\"1200\" data-height=\"600\" data-iw=\"150\" data-ih=\"150\">Projet de relance du nucl\u00e9aire : o\u00f9 se trouve la raison ?<\/a><\/h4>\n<div class=\"pt-cv-meta-fields\"><span class=\"entry-date\"><span class=\"glyphicon glyphicon-calendar\"><\/span> <time datetime=\"2023-03-22T22:30:11+01:00\">22 mars 2023<\/time><\/span><span class=\"author\"><span class=\"glyphicon glyphicon-user\"><\/span> <a href=\"https:\/\/le-clairon-nouveau.fr\/wordpress\/blog\/author\/curly\/\" rel=\"author\">Curly Mc Toole<\/a><\/span><span class=\"comments-link\"><span class=\"glyphicon glyphicon-comment\"><\/span> <a href=\"https:\/\/le-clairon-nouveau.fr\/wordpress\/blog\/2023\/03\/22\/projet-de-relance-du-nucleaire-ou-se-trouve-la-raison\/#comments\">Un commentaire <span class=\"screen-reader-text\"> sur Projet de relance du nucl\u00e9aire : o\u00f9 se trouve la raison ?<\/span><\/a><\/span><\/div>\n<div class=\"pt-cv-content\">Peut-on dans un domaine aussi sensible que le nucl\u00e9aire, appliquer ce qui semble \u00eatre la philosophie de base du macronisme : c\u2019est \u00ab en marche \u00bb que l\u2019on r\u00e9soudra tous les probl\u00e8mes qu\u2019on n\u2019a pas anticip\u00e9s ? ... <a href=\"https:\/\/le-clairon-nouveau.fr\/wordpress\/blog\/2023\/03\/22\/projet-de-relance-du-nucleaire-ou-se-trouve-la-raison\/\" class=\"pt-cv-window pt-cv-readmore pt-cv-textlink\" target=\"pt-cv-window\" data-width=\"1200\" data-height=\"600\" data-iw=\"150\" data-ih=\"150\">Lire la suite<\/a><\/div><\/div><\/div>\n<div class=\"col-md-12 col-sm-12 col-xs-12 pt-cv-content-item pt-cv-2-col\"  data-pid=\"28142\"><div class='pt-cv-ifield'><a href=\"https:\/\/le-clairon-nouveau.fr\/wordpress\/blog\/2023\/04\/23\/un-rapport-parlementaire-renforce-linquietude-sur-lavenir-de-la-filiere-nucleaire-francaise\/\" class=\"pt-cv-window pt-cv-href-thumbnail pt-cv-thumb-left cvp-responsive-image img-shadow\" target=\"pt-cv-window\" data-width=\"1200\" data-height=\"600\" data-iw=\"150\" data-ih=\"150\"><img decoding=\"async\" width=\"150\" src=\"https:\/\/i0.wp.com\/le-clairon-nouveau.fr\/wordpress\/wp-content\/uploads\/2020\/12\/Breves-du-Clairon-nvelle.jpg?resize=156%2C66&amp;ssl=1\" class=\"pt-cv-thumbnail img-shadow pull-left cvp-substitute no-lazyload \" alt=\"Un rapport parlementaire renforce l\u2019inqui\u00e9tude sur l\u2019avenir de la fili\u00e8re nucl\u00e9aire fran\u00e7aise\" title=\"\" data-no-lazy=\"1\" \/><\/a>\n<h4 class=\"pt-cv-title\"><a href=\"https:\/\/le-clairon-nouveau.fr\/wordpress\/blog\/2023\/04\/23\/un-rapport-parlementaire-renforce-linquietude-sur-lavenir-de-la-filiere-nucleaire-francaise\/\" class=\"pt-cv-window\" target=\"pt-cv-window\" data-width=\"1200\" data-height=\"600\" data-iw=\"150\" data-ih=\"150\">Un rapport parlementaire renforce l\u2019inqui\u00e9tude sur l\u2019avenir de la fili\u00e8re nucl\u00e9aire fran\u00e7aise<\/a><\/h4>\n<div class=\"pt-cv-meta-fields\"><span class=\"entry-date\"><span class=\"glyphicon glyphicon-calendar\"><\/span> <time datetime=\"2023-04-23T11:11:54+02:00\">23 avril 2023<\/time><\/span><span class=\"author\"><span class=\"glyphicon glyphicon-user\"><\/span> <a href=\"https:\/\/le-clairon-nouveau.fr\/wordpress\/blog\/author\/curly\/\" rel=\"author\">Curly Mc Toole<\/a><\/span><span class=\"comments-link\"><span class=\"glyphicon glyphicon-comment\"><\/span> <a href=\"https:\/\/le-clairon-nouveau.fr\/wordpress\/blog\/2023\/04\/23\/un-rapport-parlementaire-renforce-linquietude-sur-lavenir-de-la-filiere-nucleaire-francaise\/#respond\">Aucun commentaire<span class=\"screen-reader-text\"> sur Un rapport parlementaire renforce l\u2019inqui\u00e9tude sur l\u2019avenir de la fili\u00e8re nucl\u00e9aire fran\u00e7aise<\/span><\/a><\/span><\/div>\n<div class=\"pt-cv-content\">Le rapport de la Commission parlementaire d\u2019enqu\u00eate sur l\u2019\u00e9nergie n\u2019est pas \u00e0 l\u2019optimisme ... <a href=\"https:\/\/le-clairon-nouveau.fr\/wordpress\/blog\/2023\/04\/23\/un-rapport-parlementaire-renforce-linquietude-sur-lavenir-de-la-filiere-nucleaire-francaise\/\" class=\"pt-cv-window pt-cv-readmore pt-cv-textlink\" target=\"pt-cv-window\" data-width=\"1200\" data-height=\"600\" data-iw=\"150\" data-ih=\"150\">Lire la suite<\/a><\/div><\/div><\/div>\n<div class=\"col-md-12 col-sm-12 col-xs-12 pt-cv-content-item pt-cv-2-col\"  data-pid=\"28281\"><div class='pt-cv-ifield'><a href=\"https:\/\/le-clairon-nouveau.fr\/wordpress\/blog\/2023\/05\/23\/nucleaire-la-magie-du-verbe-ne-fait-pas-tout\/\" class=\"pt-cv-window pt-cv-href-thumbnail pt-cv-thumb-left cvp-responsive-image img-shadow\" target=\"pt-cv-window\" data-width=\"1200\" data-height=\"600\" data-iw=\"150\" data-ih=\"150\"><img decoding=\"async\" width=\"150\" src=\"https:\/\/i0.wp.com\/le-clairon-nouveau.fr\/wordpress\/wp-content\/uploads\/2023\/05\/La-magie-du-verbe-Image-par-%E6%84%9A%E6%9C%A8%E6%B7%B7%E6%A0%AA-Cdd20-de-Pixabay.jpg?resize=501%2C501&amp;ssl=1\" class=\"pt-cv-thumbnail img-shadow pull-left cvp-substitute no-lazyload \" alt=\"Nucl\u00e9aire : la magie du verbe ne fait pas tout\" title=\"\" data-no-lazy=\"1\" \/><\/a>\n<h4 class=\"pt-cv-title\"><a href=\"https:\/\/le-clairon-nouveau.fr\/wordpress\/blog\/2023\/05\/23\/nucleaire-la-magie-du-verbe-ne-fait-pas-tout\/\" class=\"pt-cv-window\" target=\"pt-cv-window\" data-width=\"1200\" data-height=\"600\" data-iw=\"150\" data-ih=\"150\">Nucl\u00e9aire : la magie du verbe ne fait pas tout<\/a><\/h4>\n<div class=\"pt-cv-meta-fields\"><span class=\"entry-date\"><span class=\"glyphicon glyphicon-calendar\"><\/span> <time datetime=\"2023-05-23T11:30:20+02:00\">23 mai 2023<\/time><\/span><span class=\"author\"><span class=\"glyphicon glyphicon-user\"><\/span> <a href=\"https:\/\/le-clairon-nouveau.fr\/wordpress\/blog\/author\/curly\/\" rel=\"author\">Curly Mc Toole<\/a><\/span><span class=\"comments-link\"><span class=\"glyphicon glyphicon-comment\"><\/span> <a href=\"https:\/\/le-clairon-nouveau.fr\/wordpress\/blog\/2023\/05\/23\/nucleaire-la-magie-du-verbe-ne-fait-pas-tout\/#respond\">Aucun commentaire<span class=\"screen-reader-text\"> sur Nucl\u00e9aire : la magie du verbe ne fait pas tout<\/span><\/a><\/span><\/div>\n<div class=\"pt-cv-content\">En tout cas l\u2019efficacit\u00e9 de la loi \"sur l'acc\u00e9l\u00e9ration des proc\u00e9dures, etc.\" est au moins assur\u00e9e sur un point, celui des d\u00e9rogations \u00e0 la r\u00e8glementation de protection de l\u2019environnement ... <a href=\"https:\/\/le-clairon-nouveau.fr\/wordpress\/blog\/2023\/05\/23\/nucleaire-la-magie-du-verbe-ne-fait-pas-tout\/\" class=\"pt-cv-window pt-cv-readmore pt-cv-textlink\" target=\"pt-cv-window\" data-width=\"1200\" data-height=\"600\" data-iw=\"150\" data-ih=\"150\">Lire la suite<\/a><\/div><\/div><\/div>\n<div class=\"col-md-12 col-sm-12 col-xs-12 pt-cv-content-item pt-cv-2-col\"  data-pid=\"28411\"><div class='pt-cv-ifield'><a href=\"https:\/\/le-clairon-nouveau.fr\/wordpress\/blog\/2023\/06\/23\/relancer-le-nucleaire-jusquou\/\" class=\"pt-cv-window pt-cv-href-thumbnail pt-cv-thumb-left cvp-responsive-image img-shadow\" target=\"pt-cv-window\" data-width=\"1200\" data-height=\"600\" data-iw=\"150\" data-ih=\"150\"><img decoding=\"async\" width=\"150\" src=\"https:\/\/i0.wp.com\/le-clairon-nouveau.fr\/wordpress\/wp-content\/uploads\/2023\/06\/lancer-du-marteau-Image-par-Kevin-McIver-de-Pixabay.jpg?resize=575%2C383&amp;ssl=1\" class=\"pt-cv-thumbnail img-shadow pull-left cvp-substitute no-lazyload \" alt=\"Relancer le nucl\u00e9aire, jusqu\u2019o\u00f9 ?\" title=\"\" data-no-lazy=\"1\" \/><\/a>\n<h4 class=\"pt-cv-title\"><a href=\"https:\/\/le-clairon-nouveau.fr\/wordpress\/blog\/2023\/06\/23\/relancer-le-nucleaire-jusquou\/\" class=\"pt-cv-window\" target=\"pt-cv-window\" data-width=\"1200\" data-height=\"600\" data-iw=\"150\" data-ih=\"150\">Relancer le nucl\u00e9aire, jusqu\u2019o\u00f9 ?<\/a><\/h4>\n<div class=\"pt-cv-meta-fields\"><span class=\"entry-date\"><span class=\"glyphicon glyphicon-calendar\"><\/span> <time datetime=\"2023-06-23T12:30:11+02:00\">23 juin 2023<\/time><\/span><span class=\"author\"><span class=\"glyphicon glyphicon-user\"><\/span> <a href=\"https:\/\/le-clairon-nouveau.fr\/wordpress\/blog\/author\/curly\/\" rel=\"author\">Curly Mc Toole<\/a><\/span><span class=\"comments-link\"><span class=\"glyphicon glyphicon-comment\"><\/span> <a href=\"https:\/\/le-clairon-nouveau.fr\/wordpress\/blog\/2023\/06\/23\/relancer-le-nucleaire-jusquou\/#respond\">Aucun commentaire<span class=\"screen-reader-text\"> sur Relancer le nucl\u00e9aire, jusqu\u2019o\u00f9 ?<\/span><\/a><\/span><\/div>\n<div class=\"pt-cv-content\">Proclamer la relance du nucl\u00e9aire est facile. Faire cela avec si peu de r\u00e9flexion pr\u00e9alable est irresponsable et rend sa r\u00e9alisation al\u00e9atoire ... <a href=\"https:\/\/le-clairon-nouveau.fr\/wordpress\/blog\/2023\/06\/23\/relancer-le-nucleaire-jusquou\/\" class=\"pt-cv-window pt-cv-readmore pt-cv-textlink\" target=\"pt-cv-window\" data-width=\"1200\" data-height=\"600\" data-iw=\"150\" data-ih=\"150\">Lire la suite<\/a><\/div><\/div><\/div>\n<div class=\"col-md-12 col-sm-12 col-xs-12 pt-cv-content-item pt-cv-2-col\"  data-pid=\"29231\"><div class='pt-cv-ifield'><a href=\"https:\/\/le-clairon-nouveau.fr\/wordpress\/blog\/2023\/12\/23\/tandis-que-macron-veut-tripler-les-capacites-nucleaires-partout-dans-le-monde-lenergie-nucleaire-connait-une-baisse-spectaculaire\/\" class=\"pt-cv-window pt-cv-href-thumbnail pt-cv-thumb-left cvp-responsive-image img-shadow\" target=\"pt-cv-window\" data-width=\"1200\" data-height=\"600\" data-iw=\"150\" data-ih=\"150\"><img decoding=\"async\" width=\"150\" src=\"https:\/\/i0.wp.com\/le-clairon-nouveau.fr\/wordpress\/wp-content\/uploads\/2023\/12\/electricite-nucleaire-dans-le-brouillard-Image-par-Tom-de-Pixabay.jpg?resize=686%2C458&amp;ssl=1\" class=\"pt-cv-thumbnail img-shadow pull-left cvp-substitute no-lazyload \" alt=\"Tandis qu\u2019E. Macron veut tripler les capacit\u00e9s nucl\u00e9aires, partout dans le monde l\u2019\u00e9nergie nucl\u00e9aire connait une baisse spectaculaire\" title=\"\" data-no-lazy=\"1\" \/><\/a>\n<h4 class=\"pt-cv-title\"><a href=\"https:\/\/le-clairon-nouveau.fr\/wordpress\/blog\/2023\/12\/23\/tandis-que-macron-veut-tripler-les-capacites-nucleaires-partout-dans-le-monde-lenergie-nucleaire-connait-une-baisse-spectaculaire\/\" class=\"pt-cv-window\" target=\"pt-cv-window\" data-width=\"1200\" data-height=\"600\" data-iw=\"150\" data-ih=\"150\">Tandis qu\u2019E. Macron veut tripler les capacit\u00e9s nucl\u00e9aires, partout dans le monde l\u2019\u00e9nergie nucl\u00e9aire connait une baisse spectaculaire<\/a><\/h4>\n<div class=\"pt-cv-meta-fields\"><span class=\"entry-date\"><span class=\"glyphicon glyphicon-calendar\"><\/span> <time datetime=\"2023-12-23T12:30:34+01:00\">23 d\u00e9cembre 2023<\/time><\/span><span class=\"author\"><span class=\"glyphicon glyphicon-user\"><\/span> <a href=\"https:\/\/le-clairon-nouveau.fr\/wordpress\/blog\/author\/curly\/\" rel=\"author\">Curly Mc Toole<\/a><\/span><span class=\"comments-link\"><span class=\"glyphicon glyphicon-comment\"><\/span> <a href=\"https:\/\/le-clairon-nouveau.fr\/wordpress\/blog\/2023\/12\/23\/tandis-que-macron-veut-tripler-les-capacites-nucleaires-partout-dans-le-monde-lenergie-nucleaire-connait-une-baisse-spectaculaire\/#respond\">Aucun commentaire<span class=\"screen-reader-text\"> sur Tandis qu\u2019E. Macron veut tripler les capacit\u00e9s nucl\u00e9aires, partout dans le monde l\u2019\u00e9nergie nucl\u00e9aire connait une baisse spectaculaire<\/span><\/a><\/span><\/div>\n<div class=\"pt-cv-content\">Rien dans le monde r\u00e9el ne permet d\u2019esp\u00e9rer le triplement de la production d\u2019\u00e9lectricit\u00e9 nucl\u00e9aire en 2050 ... <a href=\"https:\/\/le-clairon-nouveau.fr\/wordpress\/blog\/2023\/12\/23\/tandis-que-macron-veut-tripler-les-capacites-nucleaires-partout-dans-le-monde-lenergie-nucleaire-connait-une-baisse-spectaculaire\/\" class=\"pt-cv-window pt-cv-readmore pt-cv-textlink\" target=\"pt-cv-window\" data-width=\"1200\" data-height=\"600\" data-iw=\"150\" data-ih=\"150\">Lire la suite<\/a><\/div><\/div><\/div>\n<div class=\"col-md-12 col-sm-12 col-xs-12 pt-cv-content-item pt-cv-2-col\"  data-pid=\"29339\"><div class='pt-cv-ifield'><a href=\"https:\/\/le-clairon-nouveau.fr\/wordpress\/blog\/2024\/01\/23\/nucleaire-une-nouvelle-consultation-sur-la-prolongation-du-fonctionnement-de-reacteurs\/\" class=\"pt-cv-window pt-cv-href-thumbnail pt-cv-thumb-left cvp-responsive-image img-shadow\" target=\"pt-cv-window\" data-width=\"1200\" data-height=\"600\" data-iw=\"150\" data-ih=\"150\"><img decoding=\"async\" width=\"150\" src=\"https:\/\/i0.wp.com\/le-clairon-nouveau.fr\/wordpress\/wp-content\/uploads\/2020\/12\/Breves-du-Clairon-nvelle.jpg?resize=158%2C67&amp;ssl=1\" class=\"pt-cv-thumbnail img-shadow pull-left cvp-substitute no-lazyload \" alt=\"Nucl\u00e9aire : une nouvelle consultation sur la prolongation du fonctionnement de r\u00e9acteurs\" title=\"\" data-no-lazy=\"1\" \/><\/a>\n<h4 class=\"pt-cv-title\"><a href=\"https:\/\/le-clairon-nouveau.fr\/wordpress\/blog\/2024\/01\/23\/nucleaire-une-nouvelle-consultation-sur-la-prolongation-du-fonctionnement-de-reacteurs\/\" class=\"pt-cv-window\" target=\"pt-cv-window\" data-width=\"1200\" data-height=\"600\" data-iw=\"150\" data-ih=\"150\">Nucl\u00e9aire : une nouvelle consultation sur la prolongation du fonctionnement de r\u00e9acteurs<\/a><\/h4>\n<div class=\"pt-cv-meta-fields\"><span class=\"entry-date\"><span class=\"glyphicon glyphicon-calendar\"><\/span> <time datetime=\"2024-01-23T12:30:00+01:00\">23 janvier 2024<\/time><\/span><span class=\"author\"><span class=\"glyphicon glyphicon-user\"><\/span> <a href=\"https:\/\/le-clairon-nouveau.fr\/wordpress\/blog\/author\/curly\/\" rel=\"author\">Curly Mc Toole<\/a><\/span><span class=\"comments-link\"><span class=\"glyphicon glyphicon-comment\"><\/span> <a href=\"https:\/\/le-clairon-nouveau.fr\/wordpress\/blog\/2024\/01\/23\/nucleaire-une-nouvelle-consultation-sur-la-prolongation-du-fonctionnement-de-reacteurs\/#respond\">Aucun commentaire<span class=\"screen-reader-text\"> sur Nucl\u00e9aire : une nouvelle consultation sur la prolongation du fonctionnement de r\u00e9acteurs<\/span><\/a><\/span><\/div>\n<div class=\"pt-cv-content\">Allemagne tuyauterie centrale nucl\u00e9aire de Lubmin (Image par 2427999 de Pixabay) Cette fois il s\u2019agit des 20 r\u00e9acteurs de 1300 MV\u00a0: une nouvelle concertation publique est lanc\u00e9e. Il s\u2019agit de d\u00e9battre de leur prolongation apr\u00e8s leur quaranti\u00e8me ann\u00e9e de service. Une concertation identique avait eu lieu il y a 6 ans pour les 3\u00e9 r\u00e9acteurs de 900 MW encore en service. Il est difficile de comprendre le sens de cette concertation puisque les objectifs de relance du nucl\u00e9aire et la strat\u00e9gie impliquent en l\u2019\u00e9tat actuel la poursuite du fonctionnement de ces 20 r\u00e9acteurs. S\u2019agit-il d\u2019une tentative de mod\u00e9ration de la politique de relance, d\u2019une simple op\u00e9ration de \u2033com\u2033 d\u00e9sormais habituelle \u00e0 la gouvernance macroniste, ou plus machiav\u00e9lique, d\u2019obtenir le consentement du public pour se pr\u00e9munir de porter seul le chapeau en cas d\u2019accident sur ce type de r\u00e9acteur \u00e0 la vie prolong\u00e9e\u00a0? En tout cas cette concertation est lanc\u00e9e par la pr\u00e9sidente du <span class='tooltipsall tooltip_post_id_7036 classtoolTips65'>HCTISN<\/span> (Haut Comit\u00e9 pour la transparence et l&rsquo;information sur la s\u00e9curit\u00e9 nucl\u00e9aire) qui proclame\u00a0: \u00ab\u00a0Le public doit \u00eatre inform\u00e9 et pouvoir donner son avis sur si et comment la prolongation de nos r\u00e9acteurs, au-del\u00e0 de quarante ann\u00e9es d&rsquo;activit\u00e9, doit \u00eatre abord\u00e9e\u00a0\u00bb. La d\u00e9marche sera pilot\u00e9e par le \u00a0HCTISN sous le contr\u00f4le de 2 repr\u00e9sentants de la <span class='tooltipsall tooltip_post_id_4067 classtoolTips139'>CNDP<\/span> charg\u00e9s de garantir la bonne marche des d\u00e9bats. La concertation se d\u00e9roulera du 18 janvier au 30 juin 2024. Pour y participer\u00a0: (1) Ce sera \u00e0 l\u2019ASN de d\u00e9cider de la prolongation de vie des r\u00e9acteurs. Celle-ci ne s\u2019obtient qu\u2019apr\u00e8s ... <a href=\"https:\/\/le-clairon-nouveau.fr\/wordpress\/blog\/2024\/01\/23\/nucleaire-une-nouvelle-consultation-sur-la-prolongation-du-fonctionnement-de-reacteurs\/\" class=\"pt-cv-window pt-cv-readmore pt-cv-textlink\" target=\"pt-cv-window\" data-width=\"1200\" data-height=\"600\" data-iw=\"150\" data-ih=\"150\">Lire la suite<\/a><\/div><\/div><\/div>\n<div class=\"col-md-12 col-sm-12 col-xs-12 pt-cv-content-item pt-cv-2-col\"  data-pid=\"29334\"><div class='pt-cv-ifield'><a href=\"https:\/\/le-clairon-nouveau.fr\/wordpress\/blog\/2024\/01\/23\/on-met-le-paquet-sur-le-nucleaire-pour-le-reste\/\" class=\"pt-cv-window pt-cv-href-thumbnail pt-cv-thumb-left cvp-responsive-image img-shadow\" target=\"pt-cv-window\" data-width=\"1200\" data-height=\"600\" data-iw=\"150\" data-ih=\"150\"><img decoding=\"async\" width=\"150\" src=\"https:\/\/i0.wp.com\/le-clairon-nouveau.fr\/wordpress\/wp-content\/uploads\/2024\/01\/Machine-a-fric-Image-par-Mykhailo-Kolisnyk-de-Pixabay-1.jpeg?resize=522%2C461&amp;ssl=1\" class=\"pt-cv-thumbnail img-shadow pull-left cvp-substitute no-lazyload \" alt=\"On met le paquet sur le nucl\u00e9aire, pour le reste\u2026.\" title=\"\" data-no-lazy=\"1\" \/><\/a>\n<h4 class=\"pt-cv-title\"><a href=\"https:\/\/le-clairon-nouveau.fr\/wordpress\/blog\/2024\/01\/23\/on-met-le-paquet-sur-le-nucleaire-pour-le-reste\/\" class=\"pt-cv-window\" target=\"pt-cv-window\" data-width=\"1200\" data-height=\"600\" data-iw=\"150\" data-ih=\"150\">On met le paquet sur le nucl\u00e9aire, pour le reste\u2026.<\/a><\/h4>\n<div class=\"pt-cv-meta-fields\"><span class=\"entry-date\"><span class=\"glyphicon glyphicon-calendar\"><\/span> <time datetime=\"2024-01-23T12:30:10+01:00\">23 janvier 2024<\/time><\/span><span class=\"author\"><span class=\"glyphicon glyphicon-user\"><\/span> <a href=\"https:\/\/le-clairon-nouveau.fr\/wordpress\/blog\/author\/curly\/\" rel=\"author\">Curly Mc Toole<\/a><\/span><span class=\"comments-link\"><span class=\"glyphicon glyphicon-comment\"><\/span> <a href=\"https:\/\/le-clairon-nouveau.fr\/wordpress\/blog\/2024\/01\/23\/on-met-le-paquet-sur-le-nucleaire-pour-le-reste\/#respond\">Aucun commentaire<span class=\"screen-reader-text\"> sur On met le paquet sur le nucl\u00e9aire, pour le reste\u2026.<\/span><\/a><\/span><\/div>\n<div class=\"pt-cv-content\">Comment financer la r\u00e9alisation de nos objectifs \u00e9nerg\u00e9tiques, la relance du nucl\u00e9aire par Macron est-ce bien s\u00e9rieux ? ... <a href=\"https:\/\/le-clairon-nouveau.fr\/wordpress\/blog\/2024\/01\/23\/on-met-le-paquet-sur-le-nucleaire-pour-le-reste\/\" class=\"pt-cv-window pt-cv-readmore pt-cv-textlink\" target=\"pt-cv-window\" data-width=\"1200\" data-height=\"600\" data-iw=\"150\" data-ih=\"150\">Lire la suite<\/a><\/div><\/div><\/div>\n<div class=\"col-md-12 col-sm-12 col-xs-12 pt-cv-content-item pt-cv-2-col\"  data-pid=\"29639\"><div class='pt-cv-ifield'><a href=\"https:\/\/le-clairon-nouveau.fr\/wordpress\/blog\/2024\/03\/23\/pour-un-nucleaire-au-service-du-president\/\" class=\"pt-cv-window pt-cv-href-thumbnail pt-cv-thumb-left cvp-responsive-image img-shadow\" target=\"pt-cv-window\" data-width=\"1200\" data-height=\"600\" data-iw=\"150\" data-ih=\"150\"><img decoding=\"async\" width=\"150\" src=\"https:\/\/i0.wp.com\/le-clairon-nouveau.fr\/wordpress\/wp-content\/uploads\/2024\/03\/Joilie-centrale-nucleaire-suisse-de-Leibstadt-canton-dAargovie-Image-par-Heiner-de-Pixabay.jpg?resize=754%2C304&amp;ssl=1\" class=\"pt-cv-thumbnail img-shadow pull-left cvp-substitute no-lazyload \" alt=\"Pour un nucl\u00e9aire au service du pr\u00e9sident\" title=\"\" data-no-lazy=\"1\" \/><\/a>\n<h4 class=\"pt-cv-title\"><a href=\"https:\/\/le-clairon-nouveau.fr\/wordpress\/blog\/2024\/03\/23\/pour-un-nucleaire-au-service-du-president\/\" class=\"pt-cv-window\" target=\"pt-cv-window\" data-width=\"1200\" data-height=\"600\" data-iw=\"150\" data-ih=\"150\">Pour un nucl\u00e9aire au service du pr\u00e9sident<\/a><\/h4>\n<div class=\"pt-cv-meta-fields\"><span class=\"entry-date\"><span class=\"glyphicon glyphicon-calendar\"><\/span> <time datetime=\"2024-03-23T12:30:08+01:00\">23 mars 2024<\/time><\/span><span class=\"author\"><span class=\"glyphicon glyphicon-user\"><\/span> <a href=\"https:\/\/le-clairon-nouveau.fr\/wordpress\/blog\/author\/hubert\/\" rel=\"author\">Hubert Reys<\/a><\/span><span class=\"comments-link\"><span class=\"glyphicon glyphicon-comment\"><\/span> <a href=\"https:\/\/le-clairon-nouveau.fr\/wordpress\/blog\/2024\/03\/23\/pour-un-nucleaire-au-service-du-president\/#comments\">2 commentaires <span class=\"screen-reader-text\"> sur Pour un nucl\u00e9aire au service du pr\u00e9sident<\/span><\/a><\/span><\/div>\n<div class=\"pt-cv-content\">Fusion de l'ASN et de l'<span class='tooltipsall tooltip_post_id_3613 classtoolTips105'>IRSN<\/span> : une r\u00e9forme peu justifiable ... <a href=\"https:\/\/le-clairon-nouveau.fr\/wordpress\/blog\/2024\/03\/23\/pour-un-nucleaire-au-service-du-president\/\" class=\"pt-cv-window pt-cv-readmore pt-cv-textlink\" target=\"pt-cv-window\" data-width=\"1200\" data-height=\"600\" data-iw=\"150\" data-ih=\"150\">Lire la suite<\/a><\/div><\/div><\/div>\n<div class=\"col-md-12 col-sm-12 col-xs-12 pt-cv-content-item pt-cv-2-col\"  data-pid=\"29830\"><div class='pt-cv-ifield'><a href=\"https:\/\/le-clairon-nouveau.fr\/wordpress\/blog\/2024\/04\/23\/nucleaire-le-plan-de-relance-de-macron-est-juge-irrealiste\/\" class=\"pt-cv-window pt-cv-href-thumbnail pt-cv-thumb-left cvp-responsive-image img-shadow\" target=\"pt-cv-window\" data-width=\"1200\" data-height=\"600\" data-iw=\"150\" data-ih=\"150\"><img decoding=\"async\" width=\"150\" src=\"https:\/\/i0.wp.com\/le-clairon-nouveau.fr\/wordpress\/wp-content\/uploads\/2024\/04\/Energies-alternaticves-Image-par-OpenClipart-Vectors-de-Pixabay.png?resize=567%2C542&amp;ssl=1\" class=\"pt-cv-thumbnail img-shadow pull-left cvp-substitute no-lazyload \" alt=\"Nucl\u00e9aire : le plan de relance d\u2019E. Macron est jug\u00e9 \u00ab irr\u00e9aliste \u00bb\" title=\"\" data-no-lazy=\"1\" \/><\/a>\n<h4 class=\"pt-cv-title\"><a href=\"https:\/\/le-clairon-nouveau.fr\/wordpress\/blog\/2024\/04\/23\/nucleaire-le-plan-de-relance-de-macron-est-juge-irrealiste\/\" class=\"pt-cv-window\" target=\"pt-cv-window\" data-width=\"1200\" data-height=\"600\" data-iw=\"150\" data-ih=\"150\">Nucl\u00e9aire : le plan de relance d\u2019E. Macron est jug\u00e9 \u00ab irr\u00e9aliste \u00bb<\/a><\/h4>\n<div class=\"pt-cv-meta-fields\"><span class=\"entry-date\"><span class=\"glyphicon glyphicon-calendar\"><\/span> <time datetime=\"2024-04-23T12:30:50+02:00\">23 avril 2024<\/time><\/span><span class=\"author\"><span class=\"glyphicon glyphicon-user\"><\/span> <a href=\"https:\/\/le-clairon-nouveau.fr\/wordpress\/blog\/author\/curly\/\" rel=\"author\">Curly Mc Toole<\/a><\/span><span class=\"comments-link\"><span class=\"glyphicon glyphicon-comment\"><\/span> <a href=\"https:\/\/le-clairon-nouveau.fr\/wordpress\/blog\/2024\/04\/23\/nucleaire-le-plan-de-relance-de-macron-est-juge-irrealiste\/#respond\">Aucun commentaire<span class=\"screen-reader-text\"> sur Nucl\u00e9aire : le plan de relance d\u2019E. Macron est jug\u00e9 \u00ab irr\u00e9aliste \u00bb<\/span><\/a><\/span><\/div>\n<div class=\"pt-cv-content\">Le projet de relance du nucl\u00e9aire \u00e9tudi\u00e9 par un centre de recherche US ... <a href=\"https:\/\/le-clairon-nouveau.fr\/wordpress\/blog\/2024\/04\/23\/nucleaire-le-plan-de-relance-de-macron-est-juge-irrealiste\/\" class=\"pt-cv-window pt-cv-readmore pt-cv-textlink\" target=\"pt-cv-window\" data-width=\"1200\" data-height=\"600\" data-iw=\"150\" data-ih=\"150\">Lire la suite<\/a><\/div><\/div><\/div>\n<div class=\"col-md-12 col-sm-12 col-xs-12 pt-cv-content-item pt-cv-2-col\"  data-pid=\"29999\"><div class='pt-cv-ifield'><a href=\"https:\/\/le-clairon-nouveau.fr\/wordpress\/blog\/2024\/05\/23\/lepr-de-flamanville-est-mis-en-route-malgre-son-couvercle-defectueux\/\" class=\"pt-cv-window pt-cv-href-thumbnail pt-cv-thumb-left cvp-responsive-image img-shadow\" target=\"pt-cv-window\" data-width=\"1200\" data-height=\"600\" data-iw=\"150\" data-ih=\"150\"><img decoding=\"async\" width=\"150\" src=\"https:\/\/i0.wp.com\/le-clairon-nouveau.fr\/wordpress\/wp-content\/uploads\/2020\/12\/Breves-du-Clairon-nvelle.jpg?resize=156%2C66&amp;ssl=1\" class=\"pt-cv-thumbnail img-shadow pull-left cvp-substitute no-lazyload \" alt=\"L\u2019EPR de Flamanville est mis en route malgr\u00e9 son couvercle d\u00e9fectueux\" title=\"\" data-no-lazy=\"1\" \/><\/a>\n<h4 class=\"pt-cv-title\"><a href=\"https:\/\/le-clairon-nouveau.fr\/wordpress\/blog\/2024\/05\/23\/lepr-de-flamanville-est-mis-en-route-malgre-son-couvercle-defectueux\/\" class=\"pt-cv-window\" target=\"pt-cv-window\" data-width=\"1200\" data-height=\"600\" data-iw=\"150\" data-ih=\"150\">L\u2019EPR de Flamanville est mis en route malgr\u00e9 son couvercle d\u00e9fectueux<\/a><\/h4>\n<div class=\"pt-cv-meta-fields\"><span class=\"entry-date\"><span class=\"glyphicon glyphicon-calendar\"><\/span> <time datetime=\"2024-05-23T12:30:54+02:00\">23 mai 2024<\/time><\/span><span class=\"author\"><span class=\"glyphicon glyphicon-user\"><\/span> <a href=\"https:\/\/le-clairon-nouveau.fr\/wordpress\/blog\/author\/curly\/\" rel=\"author\">Curly Mc Toole<\/a><\/span><span class=\"comments-link\"><span class=\"glyphicon glyphicon-comment\"><\/span> <a href=\"https:\/\/le-clairon-nouveau.fr\/wordpress\/blog\/2024\/05\/23\/lepr-de-flamanville-est-mis-en-route-malgre-son-couvercle-defectueux\/#comments\">Un commentaire <span class=\"screen-reader-text\"> sur L\u2019EPR de Flamanville est mis en route malgr\u00e9 son couvercle d\u00e9fectueux<\/span><\/a><\/span><\/div>\n<div class=\"pt-cv-content\">D\u00e9chets nucl\u00e9aires (Image par Dirk Rabe de Pixabay) L\u2019ASN a autoris\u00e9 le 7 mai 2024 la mise en service de l\u2019EPR de Flamanville, ce qui a d\u00e9clench\u00e9 le 8 mai le chargement du r\u00e9acteur en combustible. Ce chargement a \u00e9t\u00e9 effectu\u00e9 par EDF malgr\u00e9 le fait que la cuve du r\u00e9acteur, o\u00f9 se r\u00e9alise la fission nucl\u00e9aire, soit surmont\u00e9e d\u2019un couvercle d\u00e9fectueux. Un couvercle de remplacement, en cours de fabrication, devrait \u00eatre livr\u00e9 d\u00e8s cet \u00e9t\u00e9. Cette mise en service pr\u00e9cipit\u00e9e expose le couvercle d\u00e9fectueux aux rayonnements radioactifs jusqu\u2019\u00e0 son remplacement pr\u00e9vu pour fin 2025. De nombreux sp\u00e9cialistes du nucl\u00e9aire, mais aussi des associations s\u2019interrogent sur le caract\u00e8re pr\u00e9cipit\u00e9 de la mise en place de ce couvercle d\u00e9fectueux alors qu\u2019il suffisait d\u2019attendre 2 mois, aux maximum 3 pour installer un couvercle aux normes. Le choix fait par EDF de h\u00e2ter ainsi le d\u00e9marrage de l\u2019EPR\u00a0 a cr\u00e9\u00e9 de nouveaux probl\u00e8mes : Le remplacement du couvercle d\u00e9fectueux en 2025 va cr\u00e9er un nouveau d\u00e9chet irradi\u00e9 dont on aurait pu se passer et qui va poser des probl\u00e8mes de stockage. Il n\u00e9cessite dans un premier temps la construction sur site, en 2024, d\u2019un b\u00e2timent de stockage o\u00f9 il sera entrepos\u00e9 jusqu\u2019au moment o\u00f9 il pourra \u00eatre transport\u00e9 au centre de stockage sp\u00e9cialis\u00e9 de l\u2019<span class='tooltipsall tooltip_post_id_3612 classtoolTips79'>ANDRA<\/span>, situ\u00e9 dans le d\u00e9partement de l\u2019Aube Lors du remplacement du couvercle d\u00e9fectueux, les personnels intervenant sur le site seront expos\u00e9s aux rayons ionis\u00e9s. EDF assure que des \u00e9tudes ont \u00e9t\u00e9 r\u00e9alis\u00e9es pour mettre au point des proc\u00e9dures qui ... <a href=\"https:\/\/le-clairon-nouveau.fr\/wordpress\/blog\/2024\/05\/23\/lepr-de-flamanville-est-mis-en-route-malgre-son-couvercle-defectueux\/\" class=\"pt-cv-window pt-cv-readmore pt-cv-textlink\" target=\"pt-cv-window\" data-width=\"1200\" data-height=\"600\" data-iw=\"150\" data-ih=\"150\">Lire la suite<\/a><\/div><\/div><\/div>\n<div class=\"col-md-12 col-sm-12 col-xs-12 pt-cv-content-item pt-cv-2-col\"  data-pid=\"30068\"><div class='pt-cv-ifield'><a href=\"https:\/\/le-clairon-nouveau.fr\/wordpress\/blog\/2024\/06\/23\/incertitudes-sur-les-capacites-de-cigeo-bure-a-stocker-les-dechets-radioactifs-de-haute-activite-et-a-vie-longue\/\" class=\"pt-cv-window pt-cv-href-thumbnail pt-cv-thumb-left cvp-responsive-image img-shadow\" target=\"pt-cv-window\" data-width=\"1200\" data-height=\"600\" data-iw=\"150\" data-ih=\"150\"><img decoding=\"async\" width=\"150\" src=\"https:\/\/i0.wp.com\/le-clairon-nouveau.fr\/wordpress\/wp-content\/uploads\/2020\/12\/Breves-du-Clairon-nvelle.jpg?resize=184%2C78&amp;ssl=1\" class=\"pt-cv-thumbnail img-shadow pull-left cvp-substitute no-lazyload \" alt=\"Incertitudes sur les capacit\u00e9s de CIGEO\/Bure \u00e0 stocker les d\u00e9chets radioactifs de haute activit\u00e9 et \u00e0 vie longue\" title=\"\" data-no-lazy=\"1\" \/><\/a>\n<h4 class=\"pt-cv-title\"><a href=\"https:\/\/le-clairon-nouveau.fr\/wordpress\/blog\/2024\/06\/23\/incertitudes-sur-les-capacites-de-cigeo-bure-a-stocker-les-dechets-radioactifs-de-haute-activite-et-a-vie-longue\/\" class=\"pt-cv-window\" target=\"pt-cv-window\" data-width=\"1200\" data-height=\"600\" data-iw=\"150\" data-ih=\"150\">Incertitudes sur les capacit\u00e9s de CIGEO\/Bure \u00e0 stocker les d\u00e9chets radioactifs de haute activit\u00e9 et \u00e0 vie longue<\/a><\/h4>\n<div class=\"pt-cv-meta-fields\"><span class=\"entry-date\"><span class=\"glyphicon glyphicon-calendar\"><\/span> <time datetime=\"2024-06-23T00:30:45+02:00\">23 juin 2024<\/time><\/span><span class=\"author\"><span class=\"glyphicon glyphicon-user\"><\/span> <a href=\"https:\/\/le-clairon-nouveau.fr\/wordpress\/blog\/author\/curly\/\" rel=\"author\">Curly Mc Toole<\/a><\/span><span class=\"comments-link\"><span class=\"glyphicon glyphicon-comment\"><\/span> <a href=\"https:\/\/le-clairon-nouveau.fr\/wordpress\/blog\/2024\/06\/23\/incertitudes-sur-les-capacites-de-cigeo-bure-a-stocker-les-dechets-radioactifs-de-haute-activite-et-a-vie-longue\/#respond\">Aucun commentaire<span class=\"screen-reader-text\"> sur Incertitudes sur les capacit\u00e9s de CIGEO\/Bure \u00e0 stocker les d\u00e9chets radioactifs de haute activit\u00e9 et \u00e0 vie longue<\/span><\/a><\/span><\/div>\n<div class=\"pt-cv-content\">CIGEO ne sera pas capable d'accueillir les d\u00e9crets HAVL produits par les r\u00e9acteurs du plan de relance du nucl\u00e9aire ... <a href=\"https:\/\/le-clairon-nouveau.fr\/wordpress\/blog\/2024\/06\/23\/incertitudes-sur-les-capacites-de-cigeo-bure-a-stocker-les-dechets-radioactifs-de-haute-activite-et-a-vie-longue\/\" class=\"pt-cv-window pt-cv-readmore pt-cv-textlink\" target=\"pt-cv-window\" data-width=\"1200\" data-height=\"600\" data-iw=\"150\" data-ih=\"150\">Lire la suite<\/a><\/div><\/div><\/div>\n<div class=\"col-md-12 col-sm-12 col-xs-12 pt-cv-content-item pt-cv-2-col\"  data-pid=\"30271\"><div class='pt-cv-ifield'><a href=\"https:\/\/le-clairon-nouveau.fr\/wordpress\/blog\/2024\/07\/23\/iter-le-reve-de-realiser-la-fusion-nucleaire-seloigne\/\" class=\"pt-cv-window pt-cv-href-thumbnail pt-cv-thumb-left cvp-responsive-image img-shadow\" target=\"pt-cv-window\" data-width=\"1200\" data-height=\"600\" data-iw=\"150\" data-ih=\"150\"><img decoding=\"async\" width=\"150\" src=\"https:\/\/i0.wp.com\/le-clairon-nouveau.fr\/wordpress\/wp-content\/uploads\/2024\/07\/Soleil-Image-par-Alexander-Antropov-de-Pixabay.jpg?resize=678%2C384&amp;ssl=1\" class=\"pt-cv-thumbnail img-shadow pull-left cvp-substitute no-lazyload \" alt=\"ITER : le r\u00eave de r\u00e9aliser la fusion nucl\u00e9aire s\u2019\u00e9loigne\" title=\"\" data-no-lazy=\"1\" \/><\/a>\n<h4 class=\"pt-cv-title\"><a href=\"https:\/\/le-clairon-nouveau.fr\/wordpress\/blog\/2024\/07\/23\/iter-le-reve-de-realiser-la-fusion-nucleaire-seloigne\/\" class=\"pt-cv-window\" target=\"pt-cv-window\" data-width=\"1200\" data-height=\"600\" data-iw=\"150\" data-ih=\"150\">ITER : le r\u00eave de r\u00e9aliser la fusion nucl\u00e9aire s\u2019\u00e9loigne<\/a><\/h4>\n<div class=\"pt-cv-meta-fields\"><span class=\"entry-date\"><span class=\"glyphicon glyphicon-calendar\"><\/span> <time datetime=\"2024-07-23T12:30:11+02:00\">23 juillet 2024<\/time><\/span><span class=\"author\"><span class=\"glyphicon glyphicon-user\"><\/span> <a href=\"https:\/\/le-clairon-nouveau.fr\/wordpress\/blog\/author\/curly\/\" rel=\"author\">Curly Mc Toole<\/a><\/span><span class=\"comments-link\"><span class=\"glyphicon glyphicon-comment\"><\/span> <a href=\"https:\/\/le-clairon-nouveau.fr\/wordpress\/blog\/2024\/07\/23\/iter-le-reve-de-realiser-la-fusion-nucleaire-seloigne\/#respond\">Aucun commentaire<span class=\"screen-reader-text\"> sur ITER : le r\u00eave de r\u00e9aliser la fusion nucl\u00e9aire s\u2019\u00e9loigne<\/span><\/a><\/span><\/div>\n<div class=\"pt-cv-content\">Soleil (Image par Alexander Antropov de Pixabay) Avoir une \u00e9nergie nucl\u00e9aire \u00ab propre \u00bb et sans d\u00e9chets, c\u2019est \u00e0 la fois le r\u00eave et l\u2019espoir de nombreux scientifiques et politiques. Pour le moment le d\u00e9veloppement de la fili\u00e8re nucl\u00e9aire, bas\u00e9 sur la technologie de la fission (1) avec les 14 nouveau EPR 2 projet\u00e9s dans le cadre de la relance du nucl\u00e9aire, conduit \u00e0 produire beaucoup de mat\u00e9riaux et de d\u00e9chets radioactifs, dont certains \u00e0 haute intensit\u00e9 radioactive et \u00e0 vie tr\u00e8s longue. La fusion nucl\u00e9aire n&rsquo;aurait pas ces inconv\u00e9nients : elle vise \u00e0 reconstituer la r\u00e9action physique qui se produit dans le soleil et les \u00e9toiles, o\u00f9 2 noyaux atomiques s\u2019assemblent pour former un noyau lourd dans un d\u00e9gagement colossal d\u2019\u00e9nergie. Le processus de fusion\u00a0 Principe de lafusion nucl\u00e9aire (Image par Greta de Pixabay) Il s\u2019agit de chauffer du deut\u00e9rium (2) produit \u00e0 partir d\u2019eau de mer, associ\u00e9 \u00e0 quelques kilos de tritium (3) \u00e0 une temp\u00e9rature entre 150 et 200 millions de degr\u00e9s Celsius isol\u00e9e au sein d\u2019un cocon magn\u00e9tique appel\u00e9 tokamak. La fusion atomique ainsi obtenue est estim\u00e9e g\u00e9n\u00e9rer 4 x plus d\u2019\u00e9nergie \/ kilo combustible que la fission et 4 millions de x plus que le p\u00e9trole. Une r\u00e9action exp\u00e9rimentale de fusion a \u00e9t\u00e9 produite en laboratoire pendant quelques secondes. L\u2019objectif du tokamak d\u2019ITER est de r\u00e9ussir \u00e0 confiner un plasme pendant 4 minutes pour v\u00e9rifier qu\u2019une r\u00e9action de fusion auto-entretenue serait alors d\u00e9clench\u00e9e. Ce qui est alors attendu c\u2019est que 50 MW d\u2019\u00e9nergie inject\u00e9e produisent ... <a href=\"https:\/\/le-clairon-nouveau.fr\/wordpress\/blog\/2024\/07\/23\/iter-le-reve-de-realiser-la-fusion-nucleaire-seloigne\/\" class=\"pt-cv-window pt-cv-readmore pt-cv-textlink\" target=\"pt-cv-window\" data-width=\"1200\" data-height=\"600\" data-iw=\"150\" data-ih=\"150\">Lire la suite<\/a><\/div><\/div><\/div>\n<div class=\"col-md-12 col-sm-12 col-xs-12 pt-cv-content-item pt-cv-2-col\"  data-pid=\"30449\"><div class='pt-cv-ifield'><a href=\"https:\/\/le-clairon-nouveau.fr\/wordpress\/blog\/2024\/09\/23\/nucleaire-francais-en-marche-dans-la-mauvaise-direction\/\" class=\"pt-cv-window pt-cv-href-thumbnail pt-cv-thumb-left cvp-responsive-image img-shadow\" target=\"pt-cv-window\" data-width=\"1200\" data-height=\"600\" data-iw=\"150\" data-ih=\"150\"><img decoding=\"async\" width=\"150\" src=\"https:\/\/i0.wp.com\/le-clairon-nouveau.fr\/wordpress\/wp-content\/uploads\/2024\/09\/Non-au-nucleaire-oui-aux-ENR-Image-par-OpenClipart-Vectors-de-Pixabay.png?resize=627%2C600&amp;ssl=1\" class=\"pt-cv-thumbnail img-shadow pull-left cvp-substitute no-lazyload \" alt=\"Nucl\u00e9aire fran\u00e7ais : &quot;en marche&quot; dans la mauvaise direction\" title=\"\" data-no-lazy=\"1\" \/><\/a>\n<h4 class=\"pt-cv-title\"><a href=\"https:\/\/le-clairon-nouveau.fr\/wordpress\/blog\/2024\/09\/23\/nucleaire-francais-en-marche-dans-la-mauvaise-direction\/\" class=\"pt-cv-window\" target=\"pt-cv-window\" data-width=\"1200\" data-height=\"600\" data-iw=\"150\" data-ih=\"150\">Nucl\u00e9aire fran\u00e7ais : \u00ab\u00a0en marche\u00a0\u00bb dans la mauvaise direction<\/a><\/h4>\n<div class=\"pt-cv-meta-fields\"><span class=\"entry-date\"><span class=\"glyphicon glyphicon-calendar\"><\/span> <time datetime=\"2024-09-23T12:30:12+02:00\">23 septembre 2024<\/time><\/span><span class=\"author\"><span class=\"glyphicon glyphicon-user\"><\/span> <a href=\"https:\/\/le-clairon-nouveau.fr\/wordpress\/blog\/author\/curly\/\" rel=\"author\">Curly Mc Toole<\/a><\/span><span class=\"comments-link\"><span class=\"glyphicon glyphicon-comment\"><\/span> <a href=\"https:\/\/le-clairon-nouveau.fr\/wordpress\/blog\/2024\/09\/23\/nucleaire-francais-en-marche-dans-la-mauvaise-direction\/#respond\">Aucun commentaire<span class=\"screen-reader-text\"> sur Nucl\u00e9aire fran\u00e7ais : \u00ab\u00a0en marche\u00a0\u00bb dans la mauvaise direction<\/span><\/a><\/span><\/div>\n<div class=\"pt-cv-content\">Ce qui va au nucl\u00e9aire ne va pas aux \u00e9nergies renouvelables ... <a href=\"https:\/\/le-clairon-nouveau.fr\/wordpress\/blog\/2024\/09\/23\/nucleaire-francais-en-marche-dans-la-mauvaise-direction\/\" class=\"pt-cv-window pt-cv-readmore pt-cv-textlink\" target=\"pt-cv-window\" data-width=\"1200\" data-height=\"600\" data-iw=\"150\" data-ih=\"150\">Lire la suite<\/a><\/div><\/div><\/div>\n<div class=\"col-md-12 col-sm-12 col-xs-12 pt-cv-content-item pt-cv-2-col\"  data-pid=\"30615\"><div class='pt-cv-ifield'><a href=\"https:\/\/le-clairon-nouveau.fr\/wordpress\/blog\/2024\/10\/23\/opacite-dans-linformation-sur-le-nucleaire-ca-continue\/\" class=\"pt-cv-window pt-cv-href-thumbnail pt-cv-thumb-left cvp-responsive-image img-shadow\" target=\"pt-cv-window\" data-width=\"1200\" data-height=\"600\" data-iw=\"150\" data-ih=\"150\"><img decoding=\"async\" width=\"150\" src=\"https:\/\/i0.wp.com\/le-clairon-nouveau.fr\/wordpress\/wp-content\/uploads\/2024\/10\/inondation-Image-par-Jacques-GAIMARD-de-Pixabay.jpg?resize=445%2C596&amp;ssl=1\" class=\"pt-cv-thumbnail img-shadow pull-left cvp-substitute no-lazyload \" alt=\"Opacit\u00e9 dans l\u2019information sur le nucl\u00e9aire : \u00e7a continue !\" title=\"\" data-no-lazy=\"1\" \/><\/a>\n<h4 class=\"pt-cv-title\"><a href=\"https:\/\/le-clairon-nouveau.fr\/wordpress\/blog\/2024\/10\/23\/opacite-dans-linformation-sur-le-nucleaire-ca-continue\/\" class=\"pt-cv-window\" target=\"pt-cv-window\" data-width=\"1200\" data-height=\"600\" data-iw=\"150\" data-ih=\"150\">Opacit\u00e9 dans l\u2019information sur le nucl\u00e9aire : \u00e7a continue !<\/a><\/h4>\n<div class=\"pt-cv-meta-fields\"><span class=\"entry-date\"><span class=\"glyphicon glyphicon-calendar\"><\/span> <time datetime=\"2024-10-23T12:30:15+02:00\">23 octobre 2024<\/time><\/span><span class=\"author\"><span class=\"glyphicon glyphicon-user\"><\/span> <a href=\"https:\/\/le-clairon-nouveau.fr\/wordpress\/blog\/author\/curly\/\" rel=\"author\">Curly Mc Toole<\/a><\/span><span class=\"comments-link\"><span class=\"glyphicon glyphicon-comment\"><\/span> <a href=\"https:\/\/le-clairon-nouveau.fr\/wordpress\/blog\/2024\/10\/23\/opacite-dans-linformation-sur-le-nucleaire-ca-continue\/#respond\">Aucun commentaire<span class=\"screen-reader-text\"> sur Opacit\u00e9 dans l\u2019information sur le nucl\u00e9aire : \u00e7a continue !<\/span><\/a><\/span><\/div>\n<div class=\"pt-cv-content\">Les proc\u00e9dures de participation semblent plus relever de la communication que d'un processus participatif d'information des citoyens ... <a href=\"https:\/\/le-clairon-nouveau.fr\/wordpress\/blog\/2024\/10\/23\/opacite-dans-linformation-sur-le-nucleaire-ca-continue\/\" class=\"pt-cv-window pt-cv-readmore pt-cv-textlink\" target=\"pt-cv-window\" data-width=\"1200\" data-height=\"600\" data-iw=\"150\" data-ih=\"150\">Lire la suite<\/a><\/div><\/div><\/div>\n<div class=\"col-md-12 col-sm-12 col-xs-12 pt-cv-content-item pt-cv-2-col\"  data-pid=\"30861\"><div class='pt-cv-ifield'><a href=\"https:\/\/le-clairon-nouveau.fr\/wordpress\/blog\/2024\/11\/23\/incertitudes-sur-le-financement-du-nucleaire-francais\/\" class=\"pt-cv-window pt-cv-href-thumbnail pt-cv-thumb-left cvp-responsive-image img-shadow\" target=\"pt-cv-window\" data-width=\"1200\" data-height=\"600\" data-iw=\"150\" data-ih=\"150\"><img decoding=\"async\" width=\"150\" src=\"https:\/\/i0.wp.com\/le-clairon-nouveau.fr\/wordpress\/wp-content\/uploads\/2024\/11\/Presentation2.jpg?resize=778%2C254&amp;ssl=1\" class=\"pt-cv-thumbnail img-shadow pull-left cvp-substitute no-lazyload \" alt=\"Incertitudes sur le financement du nucl\u00e9aire fran\u00e7ais\" title=\"\" data-no-lazy=\"1\" \/><\/a>\n<h4 class=\"pt-cv-title\"><a href=\"https:\/\/le-clairon-nouveau.fr\/wordpress\/blog\/2024\/11\/23\/incertitudes-sur-le-financement-du-nucleaire-francais\/\" class=\"pt-cv-window\" target=\"pt-cv-window\" data-width=\"1200\" data-height=\"600\" data-iw=\"150\" data-ih=\"150\">Incertitudes sur le financement du nucl\u00e9aire fran\u00e7ais<\/a><\/h4>\n<div class=\"pt-cv-meta-fields\"><span class=\"entry-date\"><span class=\"glyphicon glyphicon-calendar\"><\/span> <time datetime=\"2024-11-23T12:30:45+01:00\">23 novembre 2024<\/time><\/span><span class=\"author\"><span class=\"glyphicon glyphicon-user\"><\/span> <a href=\"https:\/\/le-clairon-nouveau.fr\/wordpress\/blog\/author\/curly\/\" rel=\"author\">Curly Mc Toole<\/a><\/span><span class=\"comments-link\"><span class=\"glyphicon glyphicon-comment\"><\/span> <a href=\"https:\/\/le-clairon-nouveau.fr\/wordpress\/blog\/2024\/11\/23\/incertitudes-sur-le-financement-du-nucleaire-francais\/#comments\">Un commentaire <span class=\"screen-reader-text\"> sur Incertitudes sur le financement du nucl\u00e9aire fran\u00e7ais<\/span><\/a><\/span><\/div>\n<div class=\"pt-cv-content\">Mais o\u00f9 trouver l\u2019argent n\u00e9cessaire\u00a0? ... <a href=\"https:\/\/le-clairon-nouveau.fr\/wordpress\/blog\/2024\/11\/23\/incertitudes-sur-le-financement-du-nucleaire-francais\/\" class=\"pt-cv-window pt-cv-readmore pt-cv-textlink\" target=\"pt-cv-window\" data-width=\"1200\" data-height=\"600\" data-iw=\"150\" data-ih=\"150\">Lire la suite<\/a><\/div><\/div><\/div>\n<div class=\"col-md-12 col-sm-12 col-xs-12 pt-cv-content-item pt-cv-2-col\"  data-pid=\"30980\"><div class='pt-cv-ifield'><a href=\"https:\/\/le-clairon-nouveau.fr\/wordpress\/blog\/2024\/12\/23\/le-nucleaire-une-energie-pilotablevraiment\/\" class=\"pt-cv-window pt-cv-href-thumbnail pt-cv-thumb-left cvp-responsive-image img-shadow\" target=\"pt-cv-window\" data-width=\"1200\" data-height=\"600\" data-iw=\"150\" data-ih=\"150\"><img decoding=\"async\" width=\"150\" src=\"https:\/\/i0.wp.com\/le-clairon-nouveau.fr\/wordpress\/wp-content\/uploads\/2020\/12\/Breves-du-Clairon-nvelle.jpg?resize=172%2C73&amp;ssl=1\" class=\"pt-cv-thumbnail img-shadow pull-left cvp-substitute no-lazyload \" alt=\"Le nucl\u00e9aire : une \u00e9nergie pilotable\u2026Vraiment ?\" title=\"\" data-no-lazy=\"1\" \/><\/a>\n<h4 class=\"pt-cv-title\"><a href=\"https:\/\/le-clairon-nouveau.fr\/wordpress\/blog\/2024\/12\/23\/le-nucleaire-une-energie-pilotablevraiment\/\" class=\"pt-cv-window\" target=\"pt-cv-window\" data-width=\"1200\" data-height=\"600\" data-iw=\"150\" data-ih=\"150\">Le nucl\u00e9aire : une \u00e9nergie pilotable\u2026Vraiment ?<\/a><\/h4>\n<div class=\"pt-cv-meta-fields\"><span class=\"entry-date\"><span class=\"glyphicon glyphicon-calendar\"><\/span> <time datetime=\"2024-12-23T01:33:04+01:00\">23 d\u00e9cembre 2024<\/time><\/span><span class=\"author\"><span class=\"glyphicon glyphicon-user\"><\/span> <a href=\"https:\/\/le-clairon-nouveau.fr\/wordpress\/blog\/author\/curly\/\" rel=\"author\">Curly Mc Toole<\/a><\/span><span class=\"comments-link\"><span class=\"glyphicon glyphicon-comment\"><\/span> <a href=\"https:\/\/le-clairon-nouveau.fr\/wordpress\/blog\/2024\/12\/23\/le-nucleaire-une-energie-pilotablevraiment\/#respond\">Aucun commentaire<span class=\"screen-reader-text\"> sur Le nucl\u00e9aire : une \u00e9nergie pilotable\u2026Vraiment ?<\/span><\/a><\/span><\/div>\n<div class=\"pt-cv-content\">En cette fin d'ann\u00e9e et de f\u00eates, on peut aussi parler d'un ton un peu badin de la situation du nucl\u00e9aire et de l'aberration de sa relance par E.Macron ... <a href=\"https:\/\/le-clairon-nouveau.fr\/wordpress\/blog\/2024\/12\/23\/le-nucleaire-une-energie-pilotablevraiment\/\" class=\"pt-cv-window pt-cv-readmore pt-cv-textlink\" target=\"pt-cv-window\" data-width=\"1200\" data-height=\"600\" data-iw=\"150\" data-ih=\"150\">Lire la suite<\/a><\/div><\/div><\/div>\n<div class=\"col-md-12 col-sm-12 col-xs-12 pt-cv-content-item pt-cv-2-col\"  data-pid=\"31011\"><div class='pt-cv-ifield'><a href=\"https:\/\/le-clairon-nouveau.fr\/wordpress\/blog\/2025\/01\/23\/lepr-de-flamanville-fonctionne-mais-a-quel-prix-et-pour-quel-avenir-des-epr-2\/\" class=\"pt-cv-window pt-cv-href-thumbnail pt-cv-thumb-left cvp-responsive-image img-shadow\" target=\"pt-cv-window\" data-width=\"1200\" data-height=\"600\" data-iw=\"150\" data-ih=\"150\"><img decoding=\"async\" width=\"150\" src=\"https:\/\/i0.wp.com\/le-clairon-nouveau.fr\/wordpress\/wp-content\/uploads\/2025\/01\/Fission-nucleaire-Image-par-OpenClipart-Vectors-de-Pixabay-1.jpg?resize=565%2C623&amp;ssl=1\" class=\"pt-cv-thumbnail img-shadow pull-left cvp-substitute no-lazyload \" alt=\"L\u2019EPR de Flamanville fonctionne, mais \u00e0 quel prix et pour quel avenir des EPR 2  ?\" title=\"\" data-no-lazy=\"1\" \/><\/a>\n<h4 class=\"pt-cv-title\"><a href=\"https:\/\/le-clairon-nouveau.fr\/wordpress\/blog\/2025\/01\/23\/lepr-de-flamanville-fonctionne-mais-a-quel-prix-et-pour-quel-avenir-des-epr-2\/\" class=\"pt-cv-window\" target=\"pt-cv-window\" data-width=\"1200\" data-height=\"600\" data-iw=\"150\" data-ih=\"150\">L\u2019EPR de Flamanville fonctionne, mais \u00e0 quel prix et pour quel avenir des EPR 2  ?<\/a><\/h4>\n<div class=\"pt-cv-meta-fields\"><span class=\"entry-date\"><span class=\"glyphicon glyphicon-calendar\"><\/span> <time datetime=\"2025-01-23T12:30:01+01:00\">23 janvier 2025<\/time><\/span><span class=\"author\"><span class=\"glyphicon glyphicon-user\"><\/span> <a href=\"https:\/\/le-clairon-nouveau.fr\/wordpress\/blog\/author\/curly\/\" rel=\"author\">Curly Mc Toole<\/a><\/span><span class=\"comments-link\"><span class=\"glyphicon glyphicon-comment\"><\/span> <a href=\"https:\/\/le-clairon-nouveau.fr\/wordpress\/blog\/2025\/01\/23\/lepr-de-flamanville-fonctionne-mais-a-quel-prix-et-pour-quel-avenir-des-epr-2\/#respond\">Aucun commentaire<span class=\"screen-reader-text\"> sur L\u2019EPR de Flamanville fonctionne, mais \u00e0 quel prix et pour quel avenir des EPR 2  ?<\/span><\/a><\/span><\/div>\n<div class=\"pt-cv-content\">La Coure des Comptes s'inqui\u00e8te de la situation de l'industrie nucl\u00e9aire fran\u00e7aise ... <a href=\"https:\/\/le-clairon-nouveau.fr\/wordpress\/blog\/2025\/01\/23\/lepr-de-flamanville-fonctionne-mais-a-quel-prix-et-pour-quel-avenir-des-epr-2\/\" class=\"pt-cv-window pt-cv-readmore pt-cv-textlink\" target=\"pt-cv-window\" data-width=\"1200\" data-height=\"600\" data-iw=\"150\" data-ih=\"150\">Lire la suite<\/a><\/div><\/div><\/div>\n<div class=\"col-md-12 col-sm-12 col-xs-12 pt-cv-content-item pt-cv-2-col\"  data-pid=\"31282\"><div class='pt-cv-ifield'><a href=\"https:\/\/le-clairon-nouveau.fr\/wordpress\/blog\/2025\/02\/23\/futur-du-nucleaire-lagence-internationale-de-lenergie-est-optimiste\/\" class=\"pt-cv-window pt-cv-href-thumbnail pt-cv-thumb-left cvp-responsive-image img-shadow\" target=\"pt-cv-window\" data-width=\"1200\" data-height=\"600\" data-iw=\"150\" data-ih=\"150\"><img decoding=\"async\" width=\"150\" src=\"https:\/\/i0.wp.com\/le-clairon-nouveau.fr\/wordpress\/wp-content\/uploads\/2020\/12\/Breves-du-Clairon-nvelle.jpg?resize=149%2C63&amp;ssl=1\" class=\"pt-cv-thumbnail img-shadow pull-left cvp-substitute no-lazyload \" alt=\"Futur du nucl\u00e9aire : l\u2019Agence internationale de l\u2019\u00e9nergie est optimiste\" title=\"\" data-no-lazy=\"1\" \/><\/a>\n<h4 class=\"pt-cv-title\"><a href=\"https:\/\/le-clairon-nouveau.fr\/wordpress\/blog\/2025\/02\/23\/futur-du-nucleaire-lagence-internationale-de-lenergie-est-optimiste\/\" class=\"pt-cv-window\" target=\"pt-cv-window\" data-width=\"1200\" data-height=\"600\" data-iw=\"150\" data-ih=\"150\">Futur du nucl\u00e9aire : l\u2019Agence internationale de l\u2019\u00e9nergie est optimiste<\/a><\/h4>\n<div class=\"pt-cv-meta-fields\"><span class=\"entry-date\"><span class=\"glyphicon glyphicon-calendar\"><\/span> <time datetime=\"2025-02-23T12:30:26+01:00\">23 f\u00e9vrier 2025<\/time><\/span><span class=\"author\"><span class=\"glyphicon glyphicon-user\"><\/span> <a href=\"https:\/\/le-clairon-nouveau.fr\/wordpress\/blog\/author\/curly\/\" rel=\"author\">Curly Mc Toole<\/a><\/span><span class=\"comments-link\"><span class=\"glyphicon glyphicon-comment\"><\/span> <a href=\"https:\/\/le-clairon-nouveau.fr\/wordpress\/blog\/2025\/02\/23\/futur-du-nucleaire-lagence-internationale-de-lenergie-est-optimiste\/#respond\">Aucun commentaire<span class=\"screen-reader-text\"> sur Futur du nucl\u00e9aire : l\u2019Agence internationale de l\u2019\u00e9nergie est optimiste<\/span><\/a><\/span><\/div>\n<div class=\"pt-cv-content\">Un retour en faveur du nucl\u00e9aire dans le Monde ? ... <a href=\"https:\/\/le-clairon-nouveau.fr\/wordpress\/blog\/2025\/02\/23\/futur-du-nucleaire-lagence-internationale-de-lenergie-est-optimiste\/\" class=\"pt-cv-window pt-cv-readmore pt-cv-textlink\" target=\"pt-cv-window\" data-width=\"1200\" data-height=\"600\" data-iw=\"150\" data-ih=\"150\">Lire la suite<\/a><\/div><\/div><\/div>\n<div class=\"col-md-12 col-sm-12 col-xs-12 pt-cv-content-item pt-cv-2-col\"  data-pid=\"31417\"><div class='pt-cv-ifield'><a href=\"https:\/\/le-clairon-nouveau.fr\/wordpress\/blog\/2025\/03\/23\/nucleaire-les-difficultes-a-mettre-en-oeuvre-le-plan-de-relance-du-nucleaire-se-confirment\/\" class=\"pt-cv-window pt-cv-href-thumbnail pt-cv-thumb-left cvp-responsive-image img-shadow\" target=\"pt-cv-window\" data-width=\"1200\" data-height=\"600\" data-iw=\"150\" data-ih=\"150\"><img decoding=\"async\" width=\"150\" src=\"https:\/\/i0.wp.com\/le-clairon-nouveau.fr\/wordpress\/wp-content\/uploads\/2020\/12\/Breves-du-Clairon-nvelle.jpg?resize=177%2C75&amp;ssl=1\" class=\"pt-cv-thumbnail img-shadow pull-left cvp-substitute no-lazyload \" alt=\"Nucl\u00e9aire, les difficult\u00e9s \u00e0 mettre en \u0153uvre le plan de relance du nucl\u00e9aire se confirment\" title=\"\" data-no-lazy=\"1\" \/><\/a>\n<h4 class=\"pt-cv-title\"><a href=\"https:\/\/le-clairon-nouveau.fr\/wordpress\/blog\/2025\/03\/23\/nucleaire-les-difficultes-a-mettre-en-oeuvre-le-plan-de-relance-du-nucleaire-se-confirment\/\" class=\"pt-cv-window\" target=\"pt-cv-window\" data-width=\"1200\" data-height=\"600\" data-iw=\"150\" data-ih=\"150\">Nucl\u00e9aire, les difficult\u00e9s \u00e0 mettre en \u0153uvre le plan de relance du nucl\u00e9aire se confirment<\/a><\/h4>\n<div class=\"pt-cv-meta-fields\"><span class=\"entry-date\"><span class=\"glyphicon glyphicon-calendar\"><\/span> <time datetime=\"2025-03-23T12:30:22+01:00\">23 mars 2025<\/time><\/span><span class=\"author\"><span class=\"glyphicon glyphicon-user\"><\/span> <a href=\"https:\/\/le-clairon-nouveau.fr\/wordpress\/blog\/author\/curly\/\" rel=\"author\">Curly Mc Toole<\/a><\/span><span class=\"comments-link\"><span class=\"glyphicon glyphicon-comment\"><\/span> <a href=\"https:\/\/le-clairon-nouveau.fr\/wordpress\/blog\/2025\/03\/23\/nucleaire-les-difficultes-a-mettre-en-oeuvre-le-plan-de-relance-du-nucleaire-se-confirment\/#comments\">2 commentaires <span class=\"screen-reader-text\"> sur Nucl\u00e9aire, les difficult\u00e9s \u00e0 mettre en \u0153uvre le plan de relance du nucl\u00e9aire se confirment<\/span><\/a><\/span><\/div>\n<div class=\"pt-cv-content\">Dans un article publi\u00e9 en janvier dernier que nous avions consacr\u00e9 \u00e0 l\u2019EPR de Flamanville et \u00e0 l\u2019avenir des 6 EPR2 programm\u00e9s dans le cadre du plan de relance du nucl\u00e9aire, nous \u00e9mettions des doutes sur les capacit\u00e9s techniques et financi\u00e8res de la France \u00e0 tenir les d\u00e9lais annonc\u00e9s. A l&rsquo;\u00e9poque, la Cour des comptes \u00e9mettait d\u00e9j\u00e0 des r\u00e9serves sur le calendrier\u00a0 et son chiffrage annonc\u00e9s par la \u00ab\u00a0com\u00a0\u00bb macroniste : ces doutes sont \u00e0 pr\u00e9sent confirm\u00e9s. \u00a0 Un premier d\u00e9rapage du calendrier officiellement reconnu Le CPN (Conseil de politique nucl\u00e9aire) s\u2019est r\u00e9uni le 17 mars dernier \u00e0 l\u2019\u00c9lys\u00e9e, sous la pr\u00e9sidence d&rsquo;Emmanuel Macron. Ce conseil restreint a act\u00e9 le fait que les d\u00e9lais pr\u00e9vus pour la mise en service du premier EPR 2,\u00e0 Penly en 2035, ne seraient pas tenus. D\u00e9sormais il est question de 2038. Si la \u00ab com \u00bb de l\u2019\u00c9lys\u00e9e annon\u00e7ait encore il y a quelques jours la date de 2035, un audit gouvernemental avait d\u00e9j\u00e0 \u00e9voqu\u00e9 un retard de 2 ans. M\u00eames causes, m\u00eames effets\u00a0? Sommes-nous en pr\u00e9sence du m\u00eame enchainement de dysfonctionnements que pour l\u2019EPR de Flamanville ? On pourrait le croire au vu des incidents qui marquent d\u00e9j\u00e0 le d\u00e9but de la construction . En effet, le b\u00e9ton coul\u00e9 pour conforter l\u2019ilot nucl\u00e9aire cens\u00e9 abriter le c\u0153ur du r\u00e9acteur vient d\u2019\u00eatre reconnu comme \u00ab non conforme \u00bb. Il s\u2019agit d\u2019un probl\u00e8me de granulats entrant dans la composition du b\u00e9ton. L\u2019ilot situ\u00e9 en bord de mer est expos\u00e9 aux embruns et le b\u00e9ton cens\u00e9 ... <a href=\"https:\/\/le-clairon-nouveau.fr\/wordpress\/blog\/2025\/03\/23\/nucleaire-les-difficultes-a-mettre-en-oeuvre-le-plan-de-relance-du-nucleaire-se-confirment\/\" class=\"pt-cv-window pt-cv-readmore pt-cv-textlink\" target=\"pt-cv-window\" data-width=\"1200\" data-height=\"600\" data-iw=\"150\" data-ih=\"150\">Lire la suite<\/a><\/div><\/div><\/div>\n<div class=\"col-md-12 col-sm-12 col-xs-12 pt-cv-content-item pt-cv-2-col\"  data-pid=\"31837\"><div class='pt-cv-ifield'><a href=\"https:\/\/le-clairon-nouveau.fr\/wordpress\/blog\/2025\/05\/23\/nucleaire-francais-les-limites-de-la-parole-performative\/\" class=\"pt-cv-window pt-cv-href-thumbnail pt-cv-thumb-left cvp-responsive-image img-shadow\" target=\"pt-cv-window\" data-width=\"1200\" data-height=\"600\" data-iw=\"150\" data-ih=\"150\"><img decoding=\"async\" width=\"150\" src=\"https:\/\/i0.wp.com\/le-clairon-nouveau.fr\/wordpress\/wp-content\/uploads\/2025\/05\/Dechets-nucleaires-Image-par-OpenClipart-Vectors-de-Pixabay.jpg?resize=334%2C414&amp;ssl=1\" class=\"pt-cv-thumbnail img-shadow pull-left cvp-substitute no-lazyload \" alt=\"Nucl\u00e9aire fran\u00e7ais : les limites de la parole performative\" title=\"\" data-no-lazy=\"1\" \/><\/a>\n<h4 class=\"pt-cv-title\"><a href=\"https:\/\/le-clairon-nouveau.fr\/wordpress\/blog\/2025\/05\/23\/nucleaire-francais-les-limites-de-la-parole-performative\/\" class=\"pt-cv-window\" target=\"pt-cv-window\" data-width=\"1200\" data-height=\"600\" data-iw=\"150\" data-ih=\"150\">Nucl\u00e9aire fran\u00e7ais : les limites de la parole performative<\/a><\/h4>\n<div class=\"pt-cv-meta-fields\"><span class=\"entry-date\"><span class=\"glyphicon glyphicon-calendar\"><\/span> <time datetime=\"2025-05-23T12:30:46+02:00\">23 mai 2025<\/time><\/span><span class=\"author\"><span class=\"glyphicon glyphicon-user\"><\/span> <a href=\"https:\/\/le-clairon-nouveau.fr\/wordpress\/blog\/author\/redact\/\" rel=\"author\">La R\u00e9daction du Clairon de l'Atax<\/a><\/span><span class=\"comments-link\"><span class=\"glyphicon glyphicon-comment\"><\/span> <a href=\"https:\/\/le-clairon-nouveau.fr\/wordpress\/blog\/2025\/05\/23\/nucleaire-francais-les-limites-de-la-parole-performative\/#respond\">Aucun commentaire<span class=\"screen-reader-text\"> sur Nucl\u00e9aire fran\u00e7ais : les limites de la parole performative<\/span><\/a><\/span><\/div>\n<div class=\"pt-cv-content\">Mais sur quoi et comment s\u2019est fond\u00e9e la d\u00e9cision de relance du nucl\u00e9aire ? ... <a href=\"https:\/\/le-clairon-nouveau.fr\/wordpress\/blog\/2025\/05\/23\/nucleaire-francais-les-limites-de-la-parole-performative\/\" class=\"pt-cv-window pt-cv-readmore pt-cv-textlink\" target=\"pt-cv-window\" data-width=\"1200\" data-height=\"600\" data-iw=\"150\" data-ih=\"150\">Lire la suite<\/a><\/div><\/div><\/div>\n<div class=\"col-md-12 col-sm-12 col-xs-12 pt-cv-content-item pt-cv-2-col\"  data-pid=\"32168\"><div class='pt-cv-ifield'><a href=\"https:\/\/le-clairon-nouveau.fr\/wordpress\/blog\/2025\/06\/23\/le-nucleaire-quoiquil-en-coute\/\" class=\"pt-cv-window pt-cv-href-thumbnail pt-cv-thumb-left cvp-responsive-image img-shadow\" target=\"pt-cv-window\" data-width=\"1200\" data-height=\"600\" data-iw=\"150\" data-ih=\"150\"><img decoding=\"async\" width=\"150\" src=\"https:\/\/i0.wp.com\/le-clairon-nouveau.fr\/wordpress\/wp-content\/uploads\/2025\/06\/French-frog-tirant-un-sac-deuros-Image-par-Alexa-de-Pixabay.jpg?resize=724%2C480&amp;ssl=1\" class=\"pt-cv-thumbnail img-shadow pull-left cvp-substitute no-lazyload \" alt=\"Le nucl\u00e9aire quoiqu\u2019il en co\u00fbte\" title=\"\" data-no-lazy=\"1\" \/><\/a>\n<h4 class=\"pt-cv-title\"><a href=\"https:\/\/le-clairon-nouveau.fr\/wordpress\/blog\/2025\/06\/23\/le-nucleaire-quoiquil-en-coute\/\" class=\"pt-cv-window\" target=\"pt-cv-window\" data-width=\"1200\" data-height=\"600\" data-iw=\"150\" data-ih=\"150\">Le nucl\u00e9aire quoiqu\u2019il en co\u00fbte<\/a><\/h4>\n<div class=\"pt-cv-meta-fields\"><span class=\"entry-date\"><span class=\"glyphicon glyphicon-calendar\"><\/span> <time datetime=\"2025-06-23T12:30:47+02:00\">23 juin 2025<\/time><\/span><span class=\"author\"><span class=\"glyphicon glyphicon-user\"><\/span> <a href=\"https:\/\/le-clairon-nouveau.fr\/wordpress\/blog\/author\/curly\/\" rel=\"author\">Curly Mc Toole<\/a><\/span><span class=\"comments-link\"><span class=\"glyphicon glyphicon-comment\"><\/span> <a href=\"https:\/\/le-clairon-nouveau.fr\/wordpress\/blog\/2025\/06\/23\/le-nucleaire-quoiquil-en-coute\/#respond\">Aucun commentaire<span class=\"screen-reader-text\"> sur Le nucl\u00e9aire quoiqu\u2019il en co\u00fbte<\/span><\/a><\/span><\/div>\n<div class=\"pt-cv-content\">La relace du nucl\u00e9aire va-t'elle produire un \u00e9l\u00e9phant blanc ? ... <a href=\"https:\/\/le-clairon-nouveau.fr\/wordpress\/blog\/2025\/06\/23\/le-nucleaire-quoiquil-en-coute\/\" class=\"pt-cv-window pt-cv-readmore pt-cv-textlink\" target=\"pt-cv-window\" data-width=\"1200\" data-height=\"600\" data-iw=\"150\" data-ih=\"150\">Lire la suite<\/a><\/div><\/div><\/div>\n<div class=\"col-md-12 col-sm-12 col-xs-12 pt-cv-content-item pt-cv-2-col\"  data-pid=\"32274\"><div class='pt-cv-ifield'><a href=\"https:\/\/le-clairon-nouveau.fr\/wordpress\/blog\/2025\/07\/23\/nucleaire-vers-la-prolongation-du-fonctionnement-de-20-reacteurs-au-dela-de-40-ans\/\" class=\"pt-cv-window pt-cv-href-thumbnail pt-cv-thumb-left cvp-responsive-image img-shadow\" target=\"pt-cv-window\" data-width=\"1200\" data-height=\"600\" data-iw=\"150\" data-ih=\"150\"><img decoding=\"async\" width=\"150\" src=\"https:\/\/i0.wp.com\/le-clairon-nouveau.fr\/wordpress\/wp-content\/uploads\/2025\/07\/Allemangne-coeur-du-reacteur-de-la-centrale-de-Lubmin-en-cours-de-demontahe-image-pixabay.jpg?resize=632%2C425&amp;ssl=1\" class=\"pt-cv-thumbnail img-shadow pull-left cvp-substitute no-lazyload \" alt=\"Nucl\u00e9aire : vers la prolongation du fonctionnement de 20 r\u00e9acteurs au-del\u00e0 de 40 ans\" title=\"\" data-no-lazy=\"1\" \/><\/a>\n<h4 class=\"pt-cv-title\"><a href=\"https:\/\/le-clairon-nouveau.fr\/wordpress\/blog\/2025\/07\/23\/nucleaire-vers-la-prolongation-du-fonctionnement-de-20-reacteurs-au-dela-de-40-ans\/\" class=\"pt-cv-window\" target=\"pt-cv-window\" data-width=\"1200\" data-height=\"600\" data-iw=\"150\" data-ih=\"150\">Nucl\u00e9aire : vers la prolongation du fonctionnement de 20 r\u00e9acteurs au-del\u00e0 de 40 ans<\/a><\/h4>\n<div class=\"pt-cv-meta-fields\"><span class=\"entry-date\"><span class=\"glyphicon glyphicon-calendar\"><\/span> <time datetime=\"2025-07-23T12:30:25+02:00\">23 juillet 2025<\/time><\/span><span class=\"author\"><span class=\"glyphicon glyphicon-user\"><\/span> <a href=\"https:\/\/le-clairon-nouveau.fr\/wordpress\/blog\/author\/curly\/\" rel=\"author\">Curly Mc Toole<\/a><\/span><span class=\"comments-link\"><span class=\"glyphicon glyphicon-comment\"><\/span> <a href=\"https:\/\/le-clairon-nouveau.fr\/wordpress\/blog\/2025\/07\/23\/nucleaire-vers-la-prolongation-du-fonctionnement-de-20-reacteurs-au-dela-de-40-ans\/#respond\">Aucun commentaire<span class=\"screen-reader-text\"> sur Nucl\u00e9aire : vers la prolongation du fonctionnement de 20 r\u00e9acteurs au-del\u00e0 de 40 ans<\/span><\/a><\/span><\/div>\n<div class=\"pt-cv-content\">Avons nous les moyens de notre politique nucl\u00e9aire ? ... <a href=\"https:\/\/le-clairon-nouveau.fr\/wordpress\/blog\/2025\/07\/23\/nucleaire-vers-la-prolongation-du-fonctionnement-de-20-reacteurs-au-dela-de-40-ans\/\" class=\"pt-cv-window pt-cv-readmore pt-cv-textlink\" target=\"pt-cv-window\" data-width=\"1200\" data-height=\"600\" data-iw=\"150\" data-ih=\"150\">Lire la suite<\/a><\/div><\/div><\/div>\n<div class=\"col-md-12 col-sm-12 col-xs-12 pt-cv-content-item pt-cv-2-col\"  data-pid=\"32407\"><div class='pt-cv-ifield'><a href=\"https:\/\/le-clairon-nouveau.fr\/wordpress\/blog\/2025\/09\/23\/le-fonctionnement-a-pleine-puissance-de-lepr-de-flamanville-repousse\/\" class=\"pt-cv-window pt-cv-href-thumbnail pt-cv-thumb-left cvp-responsive-image img-shadow\" target=\"pt-cv-window\" data-width=\"1200\" data-height=\"600\" data-iw=\"150\" data-ih=\"150\"><img decoding=\"async\" width=\"150\" src=\"https:\/\/i0.wp.com\/le-clairon-nouveau.fr\/wordpress\/wp-content\/uploads\/2020\/12\/Breves-du-Clairon-nvelle.jpg?resize=165%2C70&amp;ssl=1\" class=\"pt-cv-thumbnail img-shadow pull-left cvp-substitute no-lazyload \" alt=\"Le fonctionnement \u00e0 pleine puissance de l&#039;EPR de Flamanville repouss\u00e9...\" title=\"\" data-no-lazy=\"1\" \/><\/a>\n<h4 class=\"pt-cv-title\"><a href=\"https:\/\/le-clairon-nouveau.fr\/wordpress\/blog\/2025\/09\/23\/le-fonctionnement-a-pleine-puissance-de-lepr-de-flamanville-repousse\/\" class=\"pt-cv-window\" target=\"pt-cv-window\" data-width=\"1200\" data-height=\"600\" data-iw=\"150\" data-ih=\"150\">Le fonctionnement \u00e0 pleine puissance de l&rsquo;EPR de Flamanville repouss\u00e9&#8230;<\/a><\/h4>\n<div class=\"pt-cv-meta-fields\"><span class=\"entry-date\"><span class=\"glyphicon glyphicon-calendar\"><\/span> <time datetime=\"2025-09-23T12:30:17+02:00\">23 septembre 2025<\/time><\/span><span class=\"author\"><span class=\"glyphicon glyphicon-user\"><\/span> <a href=\"https:\/\/le-clairon-nouveau.fr\/wordpress\/blog\/author\/curly\/\" rel=\"author\">Curly Mc Toole<\/a><\/span><span class=\"comments-link\"><span class=\"glyphicon glyphicon-comment\"><\/span> <a href=\"https:\/\/le-clairon-nouveau.fr\/wordpress\/blog\/2025\/09\/23\/le-fonctionnement-a-pleine-puissance-de-lepr-de-flamanville-repousse\/#respond\">Aucun commentaire<span class=\"screen-reader-text\"> sur Le fonctionnement \u00e0 pleine puissance de l&rsquo;EPR de Flamanville repouss\u00e9&#8230;<\/span><\/a><\/span><\/div>\n<div class=\"pt-cv-content\">encore des bavures ? ... <a href=\"https:\/\/le-clairon-nouveau.fr\/wordpress\/blog\/2025\/09\/23\/le-fonctionnement-a-pleine-puissance-de-lepr-de-flamanville-repousse\/\" class=\"pt-cv-window pt-cv-readmore pt-cv-textlink\" target=\"pt-cv-window\" data-width=\"1200\" data-height=\"600\" data-iw=\"150\" data-ih=\"150\">Lire la suite<\/a><\/div><\/div><\/div>\n<div class=\"col-md-12 col-sm-12 col-xs-12 pt-cv-content-item pt-cv-2-col\"  data-pid=\"32506\"><div class='pt-cv-ifield'><a href=\"https:\/\/le-clairon-nouveau.fr\/wordpress\/blog\/2025\/10\/22\/le-plan-de-relance-du-nucleaire-a-la-recherche-de-financements\/\" class=\"pt-cv-window pt-cv-href-thumbnail pt-cv-thumb-left cvp-responsive-image img-shadow\" target=\"pt-cv-window\" data-width=\"1200\" data-height=\"600\" data-iw=\"150\" data-ih=\"150\"><img decoding=\"async\" width=\"150\" src=\"https:\/\/i0.wp.com\/le-clairon-nouveau.fr\/wordpress\/wp-content\/uploads\/2025\/10\/puzzle-Image-par-Gerd-Altmann-de-Pixabay.png?resize=638%2C638&amp;ssl=1\" class=\"pt-cv-thumbnail img-shadow pull-left cvp-substitute no-lazyload \" alt=\"Le plan de relance du nucl\u00e9aire \u00e0 la recherche de financements\" title=\"\" data-no-lazy=\"1\" \/><\/a>\n<h4 class=\"pt-cv-title\"><a href=\"https:\/\/le-clairon-nouveau.fr\/wordpress\/blog\/2025\/10\/22\/le-plan-de-relance-du-nucleaire-a-la-recherche-de-financements\/\" class=\"pt-cv-window\" target=\"pt-cv-window\" data-width=\"1200\" data-height=\"600\" data-iw=\"150\" data-ih=\"150\">Le plan de relance du nucl\u00e9aire \u00e0 la recherche de financements<\/a><\/h4>\n<div class=\"pt-cv-meta-fields\"><span class=\"entry-date\"><span class=\"glyphicon glyphicon-calendar\"><\/span> <time datetime=\"2025-10-22T23:21:36+02:00\">22 octobre 2025<\/time><\/span><span class=\"author\"><span class=\"glyphicon glyphicon-user\"><\/span> <a href=\"https:\/\/le-clairon-nouveau.fr\/wordpress\/blog\/author\/curly\/\" rel=\"author\">Curly Mc Toole<\/a><\/span><span class=\"comments-link\"><span class=\"glyphicon glyphicon-comment\"><\/span> <a href=\"https:\/\/le-clairon-nouveau.fr\/wordpress\/blog\/2025\/10\/22\/le-plan-de-relance-du-nucleaire-a-la-recherche-de-financements\/#respond\">Aucun commentaire<span class=\"screen-reader-text\"> sur Le plan de relance du nucl\u00e9aire \u00e0 la recherche de financements<\/span><\/a><\/span><\/div>\n<div class=\"pt-cv-content\">Entre une politique \u00e9nerg\u00e9tique mal maitris\u00e9e et la satisfaction d'un besoin \u00e9l\u00e9mentaire, se loger : qui choisit quoi ? ... <a href=\"https:\/\/le-clairon-nouveau.fr\/wordpress\/blog\/2025\/10\/22\/le-plan-de-relance-du-nucleaire-a-la-recherche-de-financements\/\" class=\"pt-cv-window pt-cv-readmore pt-cv-textlink\" target=\"pt-cv-window\" data-width=\"1200\" data-height=\"600\" data-iw=\"150\" data-ih=\"150\">Lire la suite<\/a><\/div><\/div><\/div>\n<div class=\"col-md-12 col-sm-12 col-xs-12 pt-cv-content-item pt-cv-2-col\"  data-pid=\"32599\"><div class='pt-cv-ifield'><a href=\"https:\/\/le-clairon-nouveau.fr\/wordpress\/blog\/2025\/11\/23\/parc-nucleaire-francais-etat-de-lieux-et-perspectives\/\" class=\"pt-cv-window pt-cv-href-thumbnail pt-cv-thumb-left cvp-responsive-image img-shadow\" target=\"pt-cv-window\" data-width=\"1200\" data-height=\"600\" data-iw=\"150\" data-ih=\"150\"><img decoding=\"async\" width=\"150\" src=\"https:\/\/i0.wp.com\/le-clairon-nouveau.fr\/wordpress\/wp-content\/uploads\/2025\/11\/Image-par-Alexandra_Koch-de-Pixabay.jpg?resize=675%2C522&amp;ssl=1\" class=\"pt-cv-thumbnail img-shadow pull-left cvp-substitute no-lazyload \" alt=\"Parc nucl\u00e9aire fran\u00e7ais : \u00e9tat de lieux et perspectives\" title=\"\" data-no-lazy=\"1\" \/><\/a>\n<h4 class=\"pt-cv-title\"><a href=\"https:\/\/le-clairon-nouveau.fr\/wordpress\/blog\/2025\/11\/23\/parc-nucleaire-francais-etat-de-lieux-et-perspectives\/\" class=\"pt-cv-window\" target=\"pt-cv-window\" data-width=\"1200\" data-height=\"600\" data-iw=\"150\" data-ih=\"150\">Parc nucl\u00e9aire fran\u00e7ais : \u00e9tat de lieux et perspectives<\/a><\/h4>\n<div class=\"pt-cv-meta-fields\"><span class=\"entry-date\"><span class=\"glyphicon glyphicon-calendar\"><\/span> <time datetime=\"2025-11-23T12:30:47+01:00\">23 novembre 2025<\/time><\/span><span class=\"author\"><span class=\"glyphicon glyphicon-user\"><\/span> <a href=\"https:\/\/le-clairon-nouveau.fr\/wordpress\/blog\/author\/curly\/\" rel=\"author\">Curly Mc Toole<\/a><\/span><span class=\"comments-link\"><span class=\"glyphicon glyphicon-comment\"><\/span> <a href=\"https:\/\/le-clairon-nouveau.fr\/wordpress\/blog\/2025\/11\/23\/parc-nucleaire-francais-etat-de-lieux-et-perspectives\/#comments\">3 commentaires <span class=\"screen-reader-text\"> sur Parc nucl\u00e9aire fran\u00e7ais : \u00e9tat de lieux et perspectives<\/span><\/a><\/span><\/div>\n<div class=\"pt-cv-content\">Quels sont nos besoins\u00a0? Avons-nous les capacit\u00e9s techniques et financi\u00e8res pour accorder une part pr\u00e9pond\u00e9rante au nucl\u00e9aire\u00a0? ... <a href=\"https:\/\/le-clairon-nouveau.fr\/wordpress\/blog\/2025\/11\/23\/parc-nucleaire-francais-etat-de-lieux-et-perspectives\/\" class=\"pt-cv-window pt-cv-readmore pt-cv-textlink\" target=\"pt-cv-window\" data-width=\"1200\" data-height=\"600\" data-iw=\"150\" data-ih=\"150\">Lire la suite<\/a><\/div><\/div><\/div>\n<div class=\"col-md-12 col-sm-12 col-xs-12 pt-cv-content-item pt-cv-2-col\"  data-pid=\"32714\"><div class='pt-cv-ifield'><a href=\"https:\/\/le-clairon-nouveau.fr\/wordpress\/blog\/2025\/12\/23\/plan-de-relance-du-nucleaire-le-devis-des-6-futurs-epr2-a-de-nouveau-augmente\/\" class=\"pt-cv-window pt-cv-href-thumbnail pt-cv-thumb-left cvp-responsive-image img-shadow\" target=\"pt-cv-window\" data-width=\"1200\" data-height=\"600\" data-iw=\"150\" data-ih=\"150\"><img decoding=\"async\" width=\"150\" src=\"https:\/\/i0.wp.com\/le-clairon-nouveau.fr\/wordpress\/wp-content\/uploads\/2020\/12\/Breves-du-Clairon-nvelle.jpg?resize=175%2C74&amp;ssl=1\" class=\"pt-cv-thumbnail img-shadow pull-left cvp-substitute no-lazyload \" alt=\"Plan de relance du nucl\u00e9aire : le devis des 6 futurs EPR2 a de nouveau augment\u00e9\" title=\"\" data-no-lazy=\"1\" \/><\/a>\n<h4 class=\"pt-cv-title\"><a href=\"https:\/\/le-clairon-nouveau.fr\/wordpress\/blog\/2025\/12\/23\/plan-de-relance-du-nucleaire-le-devis-des-6-futurs-epr2-a-de-nouveau-augmente\/\" class=\"pt-cv-window\" target=\"pt-cv-window\" data-width=\"1200\" data-height=\"600\" data-iw=\"150\" data-ih=\"150\">Plan de relance du nucl\u00e9aire : le devis des 6 futurs EPR2 a de nouveau augment\u00e9<\/a><\/h4>\n<div class=\"pt-cv-meta-fields\"><span class=\"entry-date\"><span class=\"glyphicon glyphicon-calendar\"><\/span> <time datetime=\"2025-12-23T12:30:42+01:00\">23 d\u00e9cembre 2025<\/time><\/span><span class=\"author\"><span class=\"glyphicon glyphicon-user\"><\/span> <a href=\"https:\/\/le-clairon-nouveau.fr\/wordpress\/blog\/author\/curly\/\" rel=\"author\">Curly Mc Toole<\/a><\/span><span class=\"comments-link\"><span class=\"glyphicon glyphicon-comment\"><\/span> <a href=\"https:\/\/le-clairon-nouveau.fr\/wordpress\/blog\/2025\/12\/23\/plan-de-relance-du-nucleaire-le-devis-des-6-futurs-epr2-a-de-nouveau-augmente\/#respond\">Aucun commentaire<span class=\"screen-reader-text\"> sur Plan de relance du nucl\u00e9aire : le devis des 6 futurs EPR2 a de nouveau augment\u00e9<\/span><\/a><\/span><\/div>\n<div class=\"pt-cv-content\">\"\u00e7a co\u00fbte un pognon de dingue\" ... <a href=\"https:\/\/le-clairon-nouveau.fr\/wordpress\/blog\/2025\/12\/23\/plan-de-relance-du-nucleaire-le-devis-des-6-futurs-epr2-a-de-nouveau-augmente\/\" class=\"pt-cv-window pt-cv-readmore pt-cv-textlink\" target=\"pt-cv-window\" data-width=\"1200\" data-height=\"600\" data-iw=\"150\" data-ih=\"150\">Lire la suite<\/a><\/div><\/div><\/div><\/div><\/div><\/div>\t\t\t<style type=\"text\/css\" id=\"pt-cv-inline-style-50e3ee0ic4\">#pt-cv-view-738e680kln.pt-cv-post-border { margin: 0; border-top-width: 2px; border-left-width: 2px }\n#pt-cv-view-738e680kln.pt-cv-post-border { margin: 0; border-top-style: groove; border-left-style: groove }\n#pt-cv-view-738e680kln.pt-cv-post-border { margin: 0; border-top-color: rgba(158,158,158,0.4); border-left-color: rgba(158,158,158,0.4) }\n#pt-cv-view-738e680kln.pt-cv-post-border .pt-cv-content-item   { border-right-width: 2px; border-bottom-width: 2px; border-right-style: groove; border-bottom-style: groove; border-right-color: rgba(158,158,158,0.4); border-bottom-color: rgba(158,158,158,0.4); }\n#pt-cv-view-738e680kln .pt-cv-title a, #pt-cv-view-738e680kln  .panel-title { font-weight: 600 !important; }\n#pt-cv-view-738e680kln .pt-cv-readmore  { color: #dd3333 !important; font-weight: 600 !important; }\n#pt-cv-view-738e680kln .pt-cv-readmore:hover  { color: #ff7a7a !important; font-weight: 600 !important; }\n#pt-cv-view-738e680kln  + .pt-cv-pagination-wrapper .pt-cv-more , #pt-cv-view-738e680kln  + .pt-cv-pagination-wrapper .pagination .active a { color: #ffffff !important; background-color: #00aeef !important; }\n#pt-cv-gls-738e680kln li a   { font-weight: 600 !important; }\n#pt-cv-gls-738e680kln li a.pt-active   { color: #fff !important; background-color: #ff5a5f !important; }\n#pt-cv-view-738e680kln .cvp-responsive-image[style*=\"background-image\"] { width: 150px; height: 150px; }<\/style>\r\n\t\t\t<\/p>\n<\/div><\/div><\/div><\/div><\/div><script type=\"text\/javascript\"> var tt_store_content = \"\\<p style\\='text\\-align\\: center;'\\>\\<span style\\='font\\-size\\: 14pt;'\\>\\<strong\\>A\\<\\\/strong\\>REVA \\<strong\\>N\\<\\\/strong\\>\\<\\\/span\\>\\<span style\\='font\\-size\\: 14pt;'\\>uclear \\<strong\\>P\\<\\\/strong\\>\\<\\\/span\\>\\<span style\\='font\\-size\\: 14pt;'\\>ower\\<\\\/span\\>\\<\\\/p\\><br\/>Nouveau nom, donn\u00e9 en 2006, \u00e0 l'entreprise franco\\-am\u00e9ricaine \\<em\\>\\<strong\\>Framatome\\<\\\/strong\\>\\<\\\/em\\>, cr\u00e9\u00e9e en 1958\\.<br\/>En 2018, \u00e0 la suite de la reprise par EDF de cette ancienne filiale d'AREVA, elle reprend le nom de \\<em\\>Framatome\\<\\\/em\\>\\.\"; toolTips('.classtoolTips35',tt_store_content,'5121'); <\/script><script type=\"text\/javascript\"> var tt_store_content = \"\\<p style\\='text\\-align\\: center;'\\>\\<span style\\='font\\-size\\: 14pt;'\\>\\<strong\\>T\\<\\\/strong\\>raitement\\<strong\\> D\\<\\\/strong\\>es\\<strong\\> N\\<\\\/strong\\>itrates\\<strong\\> \\(TDN\\)<br\/>TH\\<\\\/strong\\>ermal\\<strong\\> O\\<\\\/strong\\>rganic\\<strong\\> R\\<\\\/strong\\>eduction\\<strong\\> \\(<span class='tooltipsall tooltip_post_id_3610 classtoolTips37'>THOR<\/span>\\)\\<\\\/strong\\>\\<\\\/span\\>\\<\\\/p\\><br\/>\\<p style\\='text\\-align\\: justify;'\\>Proc\u00e9d\u00e9 envisag\u00e9 par la soci\u00e9t\u00e9 AREVA pour retraiter les d\u00e9chets nitrat\u00e9s et radio\\-actifs issus de son activit\u00e9 d'enrichissement de l'uranium, phase I de la pr\u00e9paration du combustible des centrales nucl\u00e9aires\\.\\<\\\/p\\><br\/>\\<p style\\='text\\-align\\: justify;'\\>Cette activit\u00e9 est mise en \u0153uvre dans l'usine de Malv\u00e9si \u00e0 quelques kilom\u00e8tres de Narbonne\\.\\<\\\/p\\><br\/>\\<p style\\='text\\-align\\: justify;'\\>Ce proc\u00e9d\u00e9, potentiellement tr\u00e8s toxique pour la sant\u00e9 et l'environnement, est au centre d'une vive opposition de la part des riverains et \u00e0 laquelle le Clairon s'associe \\(\\<a href\\='https\\:\\\/\\\/le\\-clairon\\-nouveau\\.fr\\\/wordpress\\\/dossiers\\\/dossier\\-malvesi\\-areva\\\/' target\\='_blank' rel\\='noopener'\\>voir notre dossier\\<\\\/a\\> sur le sujet\\)\\.\\<\\\/p\\>\"; toolTips('.classtoolTips37',tt_store_content,'3610'); <\/script><script type=\"text\/javascript\"> var tt_store_content = \"\\<p\\><span class='tooltipsall tooltip_post_id_21205 classtoolTips69'>PNGMDR<\/span> \\= \\<span class\\='st'\\>Plan national de gestion des mati\u00e8res et d\u00e9chets radioactifs\\<\\\/span\\>\\<\\\/p\\>\"; toolTips('.classtoolTips69',tt_store_content,'21205'); <\/script><script type=\"text\/javascript\"> var tt_store_content = \"\\<p\\>PNGMDR \\= \\<span class\\='st'\\>Plan national de gestion des mati\u00e8res et d\u00e9chets radioactifs\\<\\\/span\\>\\<\\\/p\\>\"; toolTips('.classtoolTips69',tt_store_content,'21205'); <\/script><script type=\"text\/javascript\"> var tt_store_content = \"Nouveau nom que s'est donn\u00e9, en 2018, l'entreprise AREVA\"; toolTips('.classtoolTips77',tt_store_content,'5129'); <\/script><script type=\"text\/javascript\"> var tt_store_content = \"\\<p style\\='text\\-align\\: center;'\\>\\<strong\\>Centre Industriel de stockage GEOlogique\\<\\\/strong\\>\\<\\\/p\\><br\/>Projet fran\u00e7ais de centre de \\<strong\\>stockage\\<\\\/strong\\> des \\<strong\\>d\u00e9chets radioactifs\\<\\\/strong\\> en couche g\u00e9ologique profonde<br\/><br\/>\\<a href\\='https\\:\\\/\\\/fr\\.wikipedia\\.org\\\/wiki\\\/Cig%C3%A9o' target\\='_blank' rel\\='noopener'\\>Voir la fiche Wikipedia\\<\\\/a\\><br\/>\\<a href\\='http\\:\\\/\\\/cigeo\\.com\\\/' target\\='_blank' rel\\='noopener'\\>Voir le site du projet\\<\\\/a\\>\"; toolTips('.classtoolTips91',tt_store_content,'4298'); <\/script><script type=\"text\/javascript\"> var tt_store_content = \"\\<p style\\='text\\-align\\: center;'\\>\\<strong\\>A\\<\\\/strong\\>gence\\<strong\\> D\\<\\\/strong\\>e l'\\<strong\\>E\\<\\\/strong\\>nvironnement et de la \\<strong\\>M\\<\\\/strong\\>a\u00eetrise de l'\\<strong\\>E\\<\\\/strong\\>nergie\\<\\\/p\\><br\/>La mission de l'<span class='tooltipsall tooltip_post_id_4303 classtoolTips92'>ADEME<\/span> est de susciter, animer, coordonner, faciliter ou r\u00e9aliser des op\u00e9rations ayant pour objet la protection de l'environnement et la ma\u00eetrise de l'\u00e9nergie\\.<br\/><br\/>\\<a href\\='http\\:\\\/\\\/www\\.ademe\\.fr\\\/' target\\='_blank' rel\\='noopener'\\>Voir le site de l'Agence\\<\\\/a\\><br\/>\\<a href\\='https\\:\\\/\\\/fr\\.wikipedia\\.org\\\/wiki\\\/Agence_de_l%27environnement_et_de_la_ma%C3%AEtrise_de_l%27%C3%A9nergie' target\\='_blank' rel\\='noopener'\\>Voir la fiche Wikipedia de l'Agence\\<\\\/a\\>\"; toolTips('.classtoolTips92',tt_store_content,'4303'); <\/script><script type=\"text\/javascript\"> var tt_store_content = \"\\<p style\\='text\\-align\\: center;'\\>\\<span style\\='font\\-size\\: 14pt;'\\>\\<strong\\>I\\<\\\/strong\\>nstitut \\<strong\\>N\\<\\\/strong\\>ational de \\<strong\\>R\\<\\\/strong\\>adioprotection\\<\\\/span\\><br\/>\\<span style\\='font\\-size\\: 14pt;'\\> et de \\<strong\\>S\\<\\\/strong\\>\u00fbret\u00e9 \\<strong\\>N\\<\\\/strong\\>ucl\u00e9aire\\<\\\/span\\>\\<\\\/p\\>\"; toolTips('.classtoolTips105',tt_store_content,'3613'); <\/script><script type=\"text\/javascript\"> var tt_store_content = \"Le <span class='tooltipsall tooltip_post_id_3743 classtoolTips128'>CIRC<\/span> est le&nbsp; \\<a href\\='https\\:\\\/\\\/fr\\.wikipedia\\.org\\\/wiki\\\/Centre_international_de_recherche_sur_le_cancer' target\\='_blank' rel\\='noopener'\\>Centre international de Recherche sur le Cancer\\<\\\/a\\>, cr\u00e9\u00e9 en 1965 par l\u2019\\<a href\\='https\\:\\\/\\\/fr\\.wikipedia\\.org\\\/wiki\\\/Organisation_mondiale_de_la_sant%C3%A9' target\\='_blank' rel\\='noopener'\\>Organisation Mondiale de la Sant\u00e9\\<\\\/a\\> \\(OMS\\) des \\<a href\\='https\\:\\\/\\\/fr\\.wikipedia\\.org\\\/wiki\\\/Organisation_des_Nations_unies' target\\='_blank' rel\\='noopener'\\>Nations Unies\\<\\\/a\\>\\.\"; toolTips('.classtoolTips128',tt_store_content,'3743'); <\/script><script type=\"text\/javascript\"> var tt_store_content = \"\\<p style\\='text\\-align\\: center;'\\>\\<strong\\>\\<span style\\='font\\-size\\: 14pt;'\\>S\\<\\\/span\\>\\<\\\/strong\\>\\<span style\\='font\\-size\\: 14pt;'\\>oci\u00e9t\u00e9 d'\\<strong\\>\u00c9\\<\\\/strong\\>conomie \\<strong\\>M\\<\\\/strong\\>ixte\\<\\\/span\\>\\<\\\/p\\><br\/>\\<p style\\='text\\-align\\: justify;'\\>En France, une soci\u00e9t\u00e9 d'\u00e9conomie mixte est une soci\u00e9t\u00e9 anonyme dont le capital est majoritairement d\u00e9tenu par une ou plusieurs personnes publiques \\(\u00e0 savoir l'\u00c9tat, une Collectivit\u00e9 territoriale, ou tout autre \u00c9tablissement public\\)\\. Cette participation majoritaire publique est plafonn\u00e9e \u00e0 85&nbsp;% du capital depuis la Loi du 2 janvier 2002\\. Au moins une personne priv\u00e9e doit participer au capital de la <span class='tooltipsall tooltip_post_id_7168 classtoolTips142'>SEM<\/span>, sachant qu'il peut s'agir d'une autre SEM\\.\\<\\\/p\\><br\/>\\<p style\\='text\\-align\\: justify;'\\>\\<strong\\>Le recours \u00e0 la SEM garantit\\<\\\/strong\\> \u00e0 la collectivit\u00e9 publique actionnaire et cocontractante \\<strong\\>la prise en compte effective de l'int\u00e9r\u00eat g\u00e9n\u00e9ral\\<\\\/strong\\> dans les objectifs de l'entreprise \\<strong\\>et la souplesse de la soci\u00e9t\u00e9 de droit priv\u00e9\\<\\\/strong\\>\\.\\<\\\/p\\><br\/>\\<em\\>\\<a href\\='https\\:\\\/\\\/fr\\.wikipedia\\.org\\\/wiki\\\/Soci%C3%A9t%C3%A9_d%27%C3%A9conomie_mixte' target\\='_blank' rel\\='noopener'\\>Voir ici la page Wikipedia consacr\u00e9e aux SEM\\<\\\/a\\> \\<\\\/em\\><br\/><br\/>&nbsp;\"; toolTips('.classtoolTips142',tt_store_content,'7168'); <\/script><script type=\"text\/javascript\"> var tt_store_content = \"\\<p style\\='text\\-align\\: center;'\\>\\<span style\\='font\\-size\\: 14pt;'\\>\\<strong\\>I\\<\\\/strong\\>mp\u00f4t sur la \\<strong\\>F\\<\\\/strong\\>ortune \\<strong\\>I\\<\\\/strong\\>mmobili\u00e8re\\<\\\/span\\>\\<\\\/p\\>\"; toolTips('.classtoolTips148',tt_store_content,'5643'); <\/script><script type=\"text\/javascript\"> var tt_store_content = \"\\<p\\><span class='tooltipsall tooltip_post_id_21007 classtoolTips152'>MWh<\/span> \\= \\<span class\\='ILfuVd'\\>\\<span class\\='e24Kjd'\\>unit\u00e9 de mesure de l'\u00e9nergie, qui correspond \u00e0 la puissance d'un <span class='tooltipsall tooltip_post_id_30103 classtoolTips217'>m\u00e9gawatt<\/span> actif pendant une heure\\. Exemple \\: 1 \\<b\\>MWh\\<\\\/b\\> \u00e9quivaut \u00e0 1000 kWh\\<\\\/span\\>\\<\\\/span\\>\\<\\\/p\\>\"; toolTips('.classtoolTips152',tt_store_content,'21007'); <\/script><script type=\"text\/javascript\"> var tt_store_content = \"\\<p\\>MWh \\= \\<span class\\='ILfuVd'\\>\\<span class\\='e24Kjd'\\>unit\u00e9 de mesure de l'\u00e9nergie, qui correspond \u00e0 la puissance d'un m\u00e9gawatt actif pendant une heure\\. Exemple \\: 1 \\<b\\>MWh\\<\\\/b\\> \u00e9quivaut \u00e0 1000 kWh\\<\\\/span\\>\\<\\\/span\\>\\<\\\/p\\>\"; toolTips('.classtoolTips152',tt_store_content,'21007'); <\/script><script type=\"text\/javascript\"> var tt_store_content = \"\\<p style\\='text\\-align\\: center;'\\>\\<span style\\='font\\-size\\: 14pt;'\\>\\<strong\\>R\\<\\\/strong\\>\u00e9pertoire \\<strong\\>N\\<\\\/strong\\>ational des \\<strong\\>A\\<\\\/strong\\>ssociations\\<\\\/span\\>\\<\\\/p\\>\"; toolTips('.classtoolTips159',tt_store_content,'24374'); <\/script><script type=\"text\/javascript\"> var tt_store_content = \"\\<p style\\='text\\-align\\: center;'\\>\\<strong\\>\\<span style\\='font\\-size\\: 14pt;'\\>G\\<\\\/span\\>\\<\\\/strong\\>\\<span style\\='font\\-size\\: 14pt;'\\>az \u00e0 \\<strong\\>E\\<\\\/strong\\>ffet de \\<strong\\>S\\<\\\/strong\\>erre\\<\\\/span\\>\\<\\\/p\\><br\/>\\<p style\\='text\\-align\\: justify;'\\>Les gaz \u00e0 effet de serre \\(<span class='tooltipsall tooltip_post_id_7232 classtoolTips161'>GES<\/span>\\) sont des composants gazeux qui absorbent le rayonnement infrarouge \u00e9mis par la surface terrestre et contribuent \u00e0 l'effet de serre\\. L'augmentation de leur concentration dans l'atmosph\u00e8re terrestre est l'un des facteurs \u00e0 l'origine du r\u00e9chauffement climatique\\.\\<\\\/p\\><br\/>\\<a href\\='https\\:\\\/\\\/fr\\.wikipedia\\.org\\\/wiki\\\/Gaz_%C3%A0_effet_de_serre' target\\='_blank' rel\\='noopener'\\>\\<em\\>Voir ici la fiche Wikipedia sur les gaz \u00e0 effet de serre\\<\\\/em\\>\\<\\\/a\\>\"; toolTips('.classtoolTips161',tt_store_content,'7232'); <\/script><script type=\"text\/javascript\"> var tt_store_content = \"\\<p style\\='text\\-align\\: center;'\\>\\<strong\\>Autorit\u00e9 de S\u00fbret\u00e9 Nucl\u00e9aire\\<\\\/strong\\>\\<\\\/p\\>\"; toolTips('.classtoolTips163',tt_store_content,'3650'); <\/script><script type=\"text\/javascript\"> var tt_store_content = \"\\<p style\\='text\\-align\\: justify'\\>La \u00ab\u00a0\\<b\\>programmation pluriannuelle de l'\u00e9nergie\\<\\\/b\\>\u00a0\u00bb \\(PPE\\) est, en France, un document strat\u00e9gique de pilotage de la transition \u00e9nerg\u00e9tique\\. Institu\u00e9e par l'article 176 de la \\<a title\\='Loi relative \u00e0 la transition \u00e9nerg\u00e9tique pour la croissance verte' href\\='https\\:\\\/\\\/fr\\.wikipedia\\.org\\\/wiki\\\/Loi_relative_%C3%A0_la_transition_%C3%A9nerg%C3%A9tique_pour_la_croissance_verte'\\>loi de transition \u00e9nerg\u00e9tique\\<\\\/a\\> \\(TECV\\), elle fixe une trajectoire pour le \\<a title\\='Mix \u00e9nerg\u00e9tique' href\\='https\\:\\\/\\\/fr\\.wikipedia\\.org\\\/wiki\\\/Mix_%C3%A9nerg%C3%A9tique'\\>mix \u00e9nerg\u00e9tique\\<\\\/a\\>, ainsi que \\<span class\\='citation'\\>\u00ab\u00a0les priorit\u00e9s d'action pour la gestion de l\u2019ensemble des formes d'\u00e9nergie sur le territoire m\u00e9tropolitain continental, afin d\u2019atteindre les objectifs nationaux fix\u00e9s par la loi\u00a0\u00bb\\<\\\/span\\>\\. \\(Wikip\u00e9dia\\)\\<\\\/p\\>\"; toolTips('.classtoolTips164',tt_store_content,'7750'); <\/script><script type=\"text\/javascript\"> var tt_store_content = \"\\<p style\\='text\\-align\\: justify'\\>La \u00ab\u00a0\\<b\\>programmation pluriannuelle de l'\u00e9nergie\\<\\\/b\\>\u00a0\u00bb \\(PPE\\) est, en France, un document strat\u00e9gique de pilotage de la transition \u00e9nerg\u00e9tique\\. Institu\u00e9e par l'article 176 de la \\<a title\\='Loi relative \u00e0 la transition \u00e9nerg\u00e9tique pour la croissance verte' href\\='https\\:\\\/\\\/fr\\.wikipedia\\.org\\\/wiki\\\/Loi_relative_%C3%A0_la_transition_%C3%A9nerg%C3%A9tique_pour_la_croissance_verte'\\>loi de transition \u00e9nerg\u00e9tique\\<\\\/a\\> \\(TECV\\), elle fixe une trajectoire pour le \\<a title\\='Mix \u00e9nerg\u00e9tique' href\\='https\\:\\\/\\\/fr\\.wikipedia\\.org\\\/wiki\\\/Mix_%C3%A9nerg%C3%A9tique'\\>mix \u00e9nerg\u00e9tique\\<\\\/a\\>, ainsi que \\<span class\\='citation'\\>\u00ab\u00a0les priorit\u00e9s d'action pour la gestion de l\u2019ensemble des formes d'\u00e9nergie sur le territoire m\u00e9tropolitain continental, afin d\u2019atteindre les objectifs nationaux fix\u00e9s par la loi\u00a0\u00bb\\<\\\/span\\>\\. \\(Wikip\u00e9dia\\)\\<\\\/p\\>\"; toolTips('.classtoolTips164',tt_store_content,'7750'); <\/script><script type=\"text\/javascript\"> var tt_store_content = \"\\<p style\\='text\\-align\\: justify;'\\>Le Conseil d'Orientation des Retraites est une instance qui r\u00e9unit &nbsp;\\<span class\\='st'\\>les principaux acteurs du champ des retraites\\<\\\/span\\> et effectue un travail d'\u00e9tudes et de concertation\\. Compos\u00e9 de parlementaires, de repr\u00e9sentants des organisations professionnelles et syndicales, des retrait\u00e9s et des familles, de membres de l'administration et d'experts, le Conseil d'orientation des retraites \\(<span class='tooltipsall tooltip_post_id_7751 classtoolTips165'>COR<\/span>\\) est plac\u00e9 aupr\u00e8s du Premier ministre\\.\\<\\\/p\\>\"; toolTips('.classtoolTips165',tt_store_content,'7751'); <\/script><script type=\"text\/javascript\"> var tt_store_content = \"Energies Renouvelables\"; toolTips('.classtoolTips167',tt_store_content,'7758'); <\/script><script type=\"text\/javascript\"> var tt_store_content = \"Energies Renouvelables\"; toolTips('.classtoolTips167',tt_store_content,'7758'); <\/script><script type=\"text\/javascript\"> var tt_store_content = \"\\<p style\\='text\\-align\\: center;'\\>\\<span style\\='font\\-size\\: 14pt;'\\>\\<strong\\>O\\<\\\/strong\\>rganisation \\<strong\\>M\\<\\\/strong\\>\u00e9t\u00e9orologique \\<strong\\>M\\<\\\/strong\\>ondiale<br\/>\\<strong\\>W\\<\\\/strong\\>orld \\<strong\\>M\\<\\\/strong\\>eteorological \\<strong\\>O\\<\\\/strong\\>rganization\\<\\\/span\\>\\<\\\/p\\><br\/>&nbsp;<br\/><br\/>\\<a href\\='https\\:\\\/\\\/public\\.wmo\\.int\\\/fr' target\\='_blank' rel\\='noopener'\\>\\<em\\>Acc\u00e9der ici au site de l'organisation\\<\\\/em\\>\\<\\\/a\\>\"; toolTips('.classtoolTips168',tt_store_content,'7763'); <\/script><script type=\"text\/javascript\"> var tt_store_content = \"\\<p style\\='text\\-align\\: center;'\\>\\<span style\\='font\\-size\\: 14pt;'\\>\\<strong\\>\u00c9\\<\\\/strong\\>cole \\<strong\\>N\\<\\\/strong\\>ationale d'\\<strong\\>A\\<\\\/strong\\>dministration\\<\\\/span\\>\\<\\\/p\\>\"; toolTips('.classtoolTips170',tt_store_content,'5213'); <\/script><script type=\"text\/javascript\"> var tt_store_content = \"\\<p style\\='text\\-align\\: justify'\\>\\<span class\\='ILfuVd'\\>La politique agricole commune \\(\\<b\\><span class='tooltipsall tooltip_post_id_11364 classtoolTips174'>PAC<\/span>\\<\\\/b\\>\\) est une politique mise en place \u00e0 l'\u00e9chelle de l'Union europ\u00e9enne\\. \u00c0 l'origine, elle est fond\u00e9e principalement sur des mesures de contr\u00f4le des prix et de subventionnement, visant \u00e0 moderniser et d\u00e9velopper l'agriculture\\.\\<\\\/span\\> \\(source Wikipedia\\)\\<\\\/p\\>\"; toolTips('.classtoolTips174',tt_store_content,'11364'); <\/script><script type=\"text\/javascript\"> var tt_store_content = \"\\<p style\\='text\\-align\\: center;'\\>\\<span style\\='font\\-size\\: 14pt;'\\>\\<strong\\>P\\<\\\/strong\\>\\<\\\/span\\>\\<span style\\='font\\-size\\: 14pt;'\\>lan \\<strong\\>L\\<\\\/strong\\>\\<\\\/span\\>\\<span style\\='font\\-size\\: 14pt;'\\>ocal d'\\<strong\\>U\\<\\\/strong\\>\\<\\\/span\\>\\<span style\\='font\\-size\\: 14pt;'\\>rbanisme\\<\\\/span\\>\\<\\\/p\\><br\/>&nbsp;\"; toolTips('.classtoolTips176',tt_store_content,'4979'); <\/script><script type=\"text\/javascript\"> var tt_store_content = \"\\<p style\\='text\\-align\\: center;'\\>\\<strong\\>\\<span style\\='font\\-size\\: 14pt;'\\>E\\<\\\/span\\>\\<\\\/strong\\>\\<span style\\='font\\-size\\: 14pt;'\\>lectricit\u00e9 \\<strong\\>d\\<\\\/strong\\>e \\<strong\\>F\\<\\\/strong\\>rance\\<\\\/span\\>\\<\\\/p\\>\"; toolTips('.classtoolTips178',tt_store_content,'7035'); <\/script><script type=\"text\/javascript\"> var tt_store_content = \"\\<p style\\='text\\-align\\: center;'\\>\\<strong\\>\\<span style\\='font\\-size\\: 14pt;'\\>E\\<\\\/span\\>\\<\\\/strong\\>\\<span style\\='font\\-size\\: 14pt;'\\>lectricit\u00e9 \\<strong\\>d\\<\\\/strong\\>e \\<strong\\>F\\<\\\/strong\\>rance\\<\\\/span\\>\\<\\\/p\\>\"; toolTips('.classtoolTips178',tt_store_content,'7035'); <\/script><script type=\"text\/javascript\"> var tt_store_content = \"\\<p\\>Conseil \u00c9conomique et Social\\<\\\/p\\>\"; toolTips('.classtoolTips180',tt_store_content,'29829'); <\/script><script type=\"text\/javascript\"> var tt_store_content = \"\\<p style\\='text\\-align\\: center;'\\>\\<span style\\='font\\-size\\: 14pt;'\\>\\<strong\\>H\\<\\\/strong\\>ydrocarbure \\<strong\\>A\\<\\\/strong\\>romatique \\<strong\\>P\\<\\\/strong\\>olycyclique\\<\\\/span\\>\\<\\\/p\\><br\/>\\<p style\\='text\\-align\\: justify;'\\>Depuis de nombreuses ann\u00e9es, les <span class='tooltipsall tooltip_post_id_20397 classtoolTips184'>HAP<\/span> sont tr\u00e8s \u00e9tudi\u00e9s car ce sont des compos\u00e9s pr\u00e9sents dans tous les milieux environnementaux et qui montrent une forte toxicit\u00e9\\. On a pu \u00e9tablir la canc\u00e9rog\u00e9n\u00e8se de certains HPA, tels que le Benzo\\[a\\]anthrac\u00e8ne, le Chrys\u00e8ne et d'autres\\.\\<\\\/p\\><br\/>\\<p style\\='text\\-align\\: justify;'\\>Les HAP proviennent principalement de la combustion \u00e0 haute temp\u00e9rature \\(500\u00b0 C et plus\\) de mati\u00e8res fossiles telles que le bois, le charbon et le p\u00e9trole\\. Dans l'environnement, la production de HAP provient donc&nbsp; du chauffage domestique, de la circulation automobile, des centrales \u00e9lectriques fonctionnant au charbon ou au p\u00e9trole \\('fioul'\\), ainsi que des incin\u00e9rateurs\\.\\<\\\/p\\><br\/>\\<p\\>\\<a href\\='https\\:\\\/\\\/fr\\.wikipedia\\.org\\\/wiki\\\/Hydrocarbure_aromatique_polycyclique' target\\='_blank' rel\\='noopener noreferrer'\\>\\<em\\>Voir ici l'article Wikipedia consacr\u00e9 aux HAP\\<\\\/em\\>\\<\\\/a\\>\\<\\\/p\\>\"; toolTips('.classtoolTips184',tt_store_content,'20397'); <\/script><script type=\"text\/javascript\"> var tt_store_content = \"\\<p style\\='text\\-align\\: center;'\\>\\<span style\\='font\\-size\\: 14pt;'\\>\\<strong\\>A\\<\\\/strong\\>gence \\<strong\\>R\\<\\\/strong\\>\u00e9gionale de \\<strong\\>S\\<\\\/strong\\>ant\u00e9\\<\\\/span\\>\\<\\\/p\\>\"; toolTips('.classtoolTips188',tt_store_content,'18356'); <\/script><script type=\"text\/javascript\"> var tt_store_content = \"\\<p style\\='text\\-align\\: center;'\\>\\<span style\\='font\\-size\\: 14pt;'\\>\\<strong\\>G\\<\\\/strong\\>roupement \\<strong\\>H\\<\\\/strong\\>ospitalier de \\<strong\\>T\\<\\\/strong\\>erritoire\\<\\\/span\\>\\<\\\/p\\><br\/>\\<p style\\='text\\-align\\: justify;'\\>Les groupements hospitaliers de territoires, dispositif pr\u00e9vu par la loi de sant\u00e9 2016, sont un nouveau mode de coop\u00e9ration entre les \u00e9tablissements publics de sant\u00e9 \u00e0 l\u2019\u00e9chelle d\u2019un territoire\\<\\\/p\\>\"; toolTips('.classtoolTips189',tt_store_content,'18358'); <\/script><script type=\"text\/javascript\"> var tt_store_content = \"\\<p style\\='text\\-align\\: center;'\\>\\<span style\\='font\\-size\\: 14pt;'\\>\\<strong\\>C\\<\\\/strong\\>omit\u00e9 \\<strong\\>T\\<\\\/strong\\>echnique d'\\<strong\\>\u00c9\\<\\\/strong\\>tablissement\\<\\\/span\\>\\<\\\/p\\>\"; toolTips('.classtoolTips191',tt_store_content,'18359'); <\/script><script type=\"text\/javascript\"> var tt_store_content = \"\\<p style\\='text\\-align\\: center;'\\>\\<strong\\>\\<span style\\='font\\-size\\: 14pt;'\\>P\\<\\\/span\\>\\<\\\/strong\\>\\<span style\\='font\\-size\\: 14pt;'\\>rogrammation \\<strong\\>P\\<\\\/strong\\>luri\\-annuelle de l'\\<strong\\>\u00c9\\<\\\/strong\\>nergie\\<\\\/span\\>\\<\\\/p\\><br\/>La PPE est est en France un document strat\u00e9gique de pilotage de la transition \u00e9nerg\u00e9tique\\. Institu\u00e9e par l'article 176 de la loi transition \u00e9nerg\u00e9tique \\(TECV\\)\\. Elle fixe \\(par \u00e9nergie\\) une trajectoire pour le mix \u00e9nerg\u00e9tique, ainsi que \u00ab&nbsp;\\<em\\>les priorit\u00e9s d'action pour la gestion de l\u2019ensemble des formes d'\u00e9nergie sur le territoire m\u00e9tropolitain continental, afin d\u2019atteindre les objectifs nationaux fix\u00e9s par la loi\\<\\\/em\\>&nbsp;\u00bb\\.<br\/><br\/>Initi\u00e9e en 2016, elle est r\u00e9vis\u00e9e en 2018 puis ensuite tous les 5 ans\\.<br\/><br\/>\\<a href\\='https\\:\\\/\\\/fr\\.wikipedia\\.org\\\/wiki\\\/Programmation_pluriannuelle_de_l'\u00e9nergi' target\\='_blank' rel\\='noopener'\\>\\<em\\>Voir ici la page Wikipedia consacr\u00e9e \u00e0 la PPE\\<\\\/em\\>\\<\\\/a\\><br\/>\\<a href\\='https\\:\\\/\\\/ppe\\.debatpublic\\.fr\\\/' target\\='_blank' rel\\='noopener'\\>\\<em\\>Voir ici la page du site 'Commission du D\u00e9bat Public' consacr\u00e9e \u00e0 la PPE\\<\\\/em\\>\\<\\\/a\\>\"; toolTips('.classtoolTips193',tt_store_content,'7102'); <\/script><script type=\"text\/javascript\"> var tt_store_content = \"\\<p style\\='text\\-align\\: center;'\\>\\<span style\\='font\\-size\\: 14pt;'\\>\\<strong\\>E\\<\\\/strong\\>volutionary \\<strong\\>P\\<\\\/strong\\>ower \\<strong\\>R\\<\\\/strong\\>eactor\\<\\\/span\\>\\<\\\/p\\><br\/>\\<p style\\='text\\-align\\: justify;'\\>R\u00e9acteur nucl\u00e9aire de troisi\u00e8me g\u00e9n\u00e9ration \\(classification internationale\\), con\u00e7u et d\u00e9velopp\u00e9 par <span class='tooltipsall tooltip_post_id_5121 classtoolTips35'>Areva NP<\/span>&nbsp; au cours des ann\u00e9es 1990 et 2000\\. Il fait partie de la fili\u00e8re des r\u00e9acteurs \u00e0 eau pressuris\u00e9e\\.\\<\\\/p\\><br\/>\\<a href\\='https\\:\\\/\\\/fr\\.wikipedia\\.org\\\/wiki\\\/R%C3%A9acteur_pressuris%C3%A9_europ%C3%A9en' target\\='_blank' rel\\='noopener'\\>\\<em\\>Voir ici la fiche Wikipedia EPR\\<\\\/em\\>\\<\\\/a\\>\"; toolTips('.classtoolTips196',tt_store_content,'5579'); <\/script><script type=\"text\/javascript\"> var tt_store_content = \"\\<p style\\='text\\-align\\: center;'\\>\\<strong\\>\\<span style\\='font\\-size\\: 14pt;'\\>R\\<\\\/span\\>\\<\\\/strong\\>\\<span style\\='font\\-size\\: 14pt;'\\>eferendum d'\\<strong\\>I\\<\\\/strong\\>nitiative \\<strong\\>C\\<\\\/strong\\>itoyenne\\<\\\/span\\>\\<\\\/p\\>\"; toolTips('.classtoolTips205',tt_store_content,'12268'); <\/script><script type=\"text\/javascript\"> var tt_store_content = \"\\<p\\>RTE \\= R\u00e9seau de Transport d'Electricit\u00e9 est une filiale d'EDF qui est l'actionnaire majoritaire avec 50,1% des parts le reste \u00e9tant partag\u00e9 par la CDC et la CNP\\<\\\/p\\>\"; toolTips('.classtoolTips208',tt_store_content,'25844'); <\/script><script type=\"text\/javascript\"> var tt_store_content = \"\\<p style\\='text\\-align\\: center;'\\>\\<span style\\='font\\-size\\: 14pt;'\\>\\<strong\\>O\\<\\\/strong\\>rganisation\\<strong\\> N\\<\\\/strong\\>on\\<strong\\> G\\<\\\/strong\\>ouvernementale\\<\\\/span\\>\\<\\\/p\\><br\/>Une organisation non gouvernementale \\(<span class='tooltipsall tooltip_post_id_3579 classtoolTips210'>ONG<\/span>\\) est une \\<a title\\='Association \u00e0 but non lucratif' href\\='https\\:\\\/\\\/fr\\.wikipedia\\.org\\\/wiki\\\/Association_%C3%A0_but_non_lucratif' target\\='_blank' rel\\='noopener'\\>association \u00e0 but non lucratif\\<\\\/a\\>, d'int\u00e9r\u00eat public, qui ne rel\u00e8ve ni de l'\u00c9tat, ni d'institutions internationales\\<sup id\\='cite_ref\\-novethic_1\\-0' class\\='reference'\\>\\<\\\/sup\\>\\. Les ONG n'ont pas le statut de sujet de \\<a title\\='Droit international public' href\\='https\\:\\\/\\\/fr\\.wikipedia\\.org\\\/wiki\\\/Droit_international_public' target\\='_blank' rel\\='noopener'\\>droit international\\<\\\/a\\>\\.\"; toolTips('.classtoolTips210',tt_store_content,'3579'); <\/script><script type=\"text\/javascript\"> var tt_store_content = \"\\<p style\\='text\\-align\\: center;'\\>\\<span style\\='font\\-size\\: 14pt;'\\>\\<strong\\>O\\<\\\/strong\\>rganisation\\<strong\\> N\\<\\\/strong\\>on\\<strong\\> G\\<\\\/strong\\>ouvernementale\\<\\\/span\\>\\<\\\/p\\><br\/>Une organisation non gouvernementale \\(ONG\\) est une \\<a title\\='Association \u00e0 but non lucratif' href\\='https\\:\\\/\\\/fr\\.wikipedia\\.org\\\/wiki\\\/Association_%C3%A0_but_non_lucratif' target\\='_blank' rel\\='noopener'\\>association \u00e0 but non lucratif\\<\\\/a\\>, d'int\u00e9r\u00eat public, qui ne rel\u00e8ve ni de l'\u00c9tat, ni d'institutions internationales\\<sup id\\='cite_ref\\-novethic_1\\-0' class\\='reference'\\>\\<\\\/sup\\>\\. Les ONG n'ont pas le statut de sujet de \\<a title\\='Droit international public' href\\='https\\:\\\/\\\/fr\\.wikipedia\\.org\\\/wiki\\\/Droit_international_public' target\\='_blank' rel\\='noopener'\\>droit international\\<\\\/a\\>\\.\"; toolTips('.classtoolTips210',tt_store_content,'3579'); <\/script><script type=\"text\/javascript\"> var tt_store_content = \"\\<p\\><span class='tooltipsall tooltip_post_id_24572 classtoolTips211'>MIT<\/span> \\= Massachussets Institute of Technology, prestigieuse universit\u00e9 am\u00e9ricaine de la c\u00f4te est\\<\\\/p\\>\"; toolTips('.classtoolTips211',tt_store_content,'24572'); <\/script><script type=\"text\/javascript\"> var tt_store_content = \"\\<p\\>d\u00e9chets \u00e0 Vie Courte \\(classement ANDRA\\)\\<\\\/p\\>\"; toolTips('.classtoolTips212',tt_store_content,'19201'); <\/script><script type=\"text\/javascript\"> var tt_store_content = \"\\<p style\\='text\\-align\\: center;'\\>\\<strong\\>J\\<\\\/strong\\>eux \\<strong\\>O\\<\\\/strong\\>lympiques<br\/>ou<br\/>\\<strong\\>J\\<\\\/strong\\>ournal \\<strong\\>O\\<\\\/strong\\>fficiel de la R\u00e9publique Fran\u00e7aise\\<\\\/p\\>\"; toolTips('.classtoolTips213',tt_store_content,'4451'); <\/script><script type=\"text\/javascript\"> var tt_store_content = \"\\<p\\><span class='tooltipsall tooltip_post_id_30593 classtoolTips214'>RN<\/span> \\= Rassemble National, c'est le parti d'extr\u00eame droite de Marine Le Pen qui succ\u00e8de au FN \\= Front National fond\u00e9 par son p\u00e8re Jean Marie Le Pen\\<\\\/p\\>\"; toolTips('.classtoolTips214',tt_store_content,'30593'); <\/script><script type=\"text\/javascript\"> var tt_store_content = \"<div class='tooltips_youtube_class' ><iframe width='100%' height='100%' src='http:\/\/www.youtube.com\/embed\/m\u00e9gawatt?rel=0&autoplay=1' frameborder='0' allowfullscreen><\/iframe><\/div>\\<p\\>\\<strong\\>MEGAWATT \\(MW\\) \\= 1\\.000\\.000 watts\\<\\\/strong\\>\\<\\\/p\\>\"; toolTips('.classtoolTips217',tt_store_content,'30103'); <\/script><script type=\"text\/javascript\"> var tt_store_content = \"<div class='tooltips_youtube_class' ><iframe width='100%' height='100%' src='http:\/\/www.youtube.com\/embed\/m\u00e9gawatt?rel=0&autoplay=1' frameborder='0' allowfullscreen><\/iframe><\/div>\\<p\\>\\<strong\\>MEGAWATT \\(MW\\) \\= 1\\.000\\.000 watts\\<\\\/strong\\>\\<\\\/p\\>\"; toolTips('.classtoolTips217',tt_store_content,'30103'); <\/script><script type=\"text\/javascript\"> var tt_store_content = \"<div class='tooltips_youtube_class' ><iframe width='100%' height='100%' src='http:\/\/www.youtube.com\/embed\/terawatt?rel=0&autoplay=1' frameborder='0' allowfullscreen><\/iframe><\/div>\\<p\\>\\<strong\\>TERAWATT \\(<span class='tooltipsall tooltip_post_id_30105 classtoolTips219'>TW<\/span>\\) \\= 1000 000 000 000 <span class='tooltipsall tooltip_post_id_30101 classtoolTips216'>KW<\/span>\\<\\\/strong\\>\\<\\\/p\\>\"; toolTips('.classtoolTips219',tt_store_content,'30105'); <\/script><script type=\"text\/javascript\"> var tt_store_content = \"\\<p style\\='text\\-align\\: center;'\\>\\<span style\\='font\\-size\\: 14pt;'\\>\\<strong\\>C\\<\\\/strong\\>entre \\<strong\\>H\\<\\\/strong\\>ospitalier\\<\\\/span\\>\\<\\\/p\\>\"; toolTips('.classtoolTips220',tt_store_content,'18357'); <\/script><script type=\"text\/javascript\"> var tt_store_content = \"\\<p style\\='text\\-align\\: center;'\\>\\<span style\\='font\\-size\\: 14pt;'\\>\\<strong\\><span class='tooltipsall tooltip_post_id_21736 classtoolTips222'>nm<\/span> \\= n\\<\\\/strong\\>ano\\<strong\\>m\\<\\\/strong\\>\u00e8tre \\<\\\/span\\>\\<\\\/p\\><br\/>\\<p style\\='text\\-align\\: justify;'\\>\\<em\\>le <span class='tooltipsall tooltip_post_id_21736 classtoolTips222'>nanom\u00e8tre<\/span>, de symbole nm, est une unit\u00e9 de longueur du Syst\u00e8me international\\. C'est un sous\\-multiple du m\u00e8tre, il vaut un milliardi\u00e8me de m\u00e8tre, soit un millioni\u00e8me de millim\u00e8tre\\.\\<\\\/em\\>\\<\\\/p\\><br\/>\\<p style\\='text\\-align\\: center;'\\>\\<strong\\>\\<em\\> 1 nm \\= 10\u207b\u00b3 \u00b5m \\= 10\\<sup\\>\u20136\\<\\\/sup\\> mm \\= 10\\<sup\\>\u20139\\<\\\/sup\\> m\\.\\<\\\/em\\>\\<\\\/strong\\>\\<\\\/p\\>\"; toolTips('.classtoolTips222',tt_store_content,'21736'); <\/script><script type=\"text\/javascript\"> var tt_store_content = \"\\<p\\>D\u00e9chets radioactifs \u00e0 Haute Activit\u00e9 \\(classement ANDRA\\)\\<\\\/p\\>\"; toolTips('.classtoolTips223',tt_store_content,'19196'); <\/script>","protected":false},"excerpt":{"rendered":"<p>Cette page regroupe l&rsquo;ensemble des articles portant sur le th\u00e8me \u00ab\u00a0Nucl\u00e9aire &#8211; Chronique d&rsquo;un D\u00e9sastre Annonc\u00e9\u00a0\u00bb, diffus\u00e9s par le Clairon. Actuellement, seuls figurent les articles parus depuis Avril 2017, date de la mise en place de la nouvelle formule du Clairon. Avec le temps, nous l&rsquo;enrichirons des articles parus dans la formule pr\u00e9c\u00e9dente. Les articlesLire la suite &rarr;<script type=\"text\/javascript\"> var tt_store_content = \"\\<\/p>\n<p style\\='text\\-align\\: center;'\\>\\<span style\\='font\\-size\\: 14pt;'\\>\\<strong\\>A\\<\\\/strong\\>REVA \\<strong\\>N\\<\\\/strong\\>\\<\\\/span\\>\\<span style\\='font\\-size\\: 14pt;'\\>uclear \\<strong\\>P\\<\\\/strong\\>\\<\\\/span\\>\\<span style\\='font\\-size\\: 14pt;'\\>ower\\<\\\/span\\>\\<\\\/p\\><br \/>Nouveau nom, donn\u00e9 en 2006, \u00e0 l'entreprise franco\\-am\u00e9ricaine \\<em\\>\\<strong\\>Framatome\\<\\\/strong\\>\\<\\\/em\\>, cr\u00e9\u00e9e en 1958\\.<br \/>En 2018, \u00e0 la suite de la reprise par <span class='tooltipsall tooltip_post_id_7035 classtoolTips178'>EDF<\/span> de cette ancienne filiale d'AREVA, elle reprend le nom de \\<em\\>Framatome\\<\\\/em\\>\\.\"; toolTips('.classtoolTips35',tt_store_content,'5121'); <\/script><script type=\"text\/javascript\"> var tt_store_content = \"\\<\/p>\n<p style\\='text\\-align\\: center;'\\>\\<span style\\='font\\-size\\: 14pt;'\\>\\<strong\\>T\\<\\\/strong\\>raitement\\<strong\\> D\\<\\\/strong\\>es\\<strong\\> N\\<\\\/strong\\>itrates\\<strong\\> \\(<span class='tooltipsall tooltip_post_id_3610 classtoolTips37'>TDN<\/span>\\)<br \/>TH\\<\\\/strong\\>ermal\\<strong\\> O\\<\\\/strong\\>rganic\\<strong\\> R\\<\\\/strong\\>eduction\\<strong\\> \\(<span class='tooltipsall tooltip_post_id_3610 classtoolTips37'>THOR<\/span>\\)\\<\\\/strong\\>\\<\\\/span\\>\\<\\\/p\\><br \/>\\<\/p>\n<p style\\='text\\-align\\: justify;'\\>Proc\u00e9d\u00e9 envisag\u00e9 par la soci\u00e9t\u00e9 AREVA pour retraiter les d\u00e9chets nitrat\u00e9s et radio\\-actifs issus de son activit\u00e9 d'enrichissement de l'uranium, phase I de la pr\u00e9paration du combustible des centrales nucl\u00e9aires\\.\\<\\\/p\\><br \/>\\<\/p>\n<p style\\='text\\-align\\: justify;'\\>Cette activit\u00e9 est mise en \u0153uvre dans l'usine de Malv\u00e9si \u00e0 quelques kilom\u00e8tres de Narbonne\\.\\<\\\/p\\><br \/>\\<\/p>\n<p style\\='text\\-align\\: justify;'\\>Ce proc\u00e9d\u00e9, potentiellement tr\u00e8s toxique pour la sant\u00e9 et l'environnement, est au centre d'une vive opposition de la part des riverains et \u00e0 laquelle le Clairon s'associe \\(\\<a href\\='https\\:\\\/\\\/le\\-clairon\\-nouveau\\.fr\\\/wordpress\\\/dossiers\\\/dossier\\-malvesi\\-areva\\\/' target\\='_blank' rel\\='noopener'\\>voir notre dossier\\<\\\/a\\> sur le sujet\\)\\.\\<\\\/p\\>\"; toolTips('.classtoolTips37',tt_store_content,'3610'); <\/script><script type=\"text\/javascript\"> var tt_store_content = \"\\<p\\><span class='tooltipsall tooltip_post_id_21205 classtoolTips69'>PNGMDR<\/span> \\= \\<span class\\='st'\\>Plan national de gestion des mati\u00e8res et d\u00e9chets radioactifs\\<\\\/span\\>\\<\\\/p\\>\"; toolTips('.classtoolTips69',tt_store_content,'21205'); <\/script><script type=\"text\/javascript\"> var tt_store_content = \"\\<p\\>PNGMDR \\= \\<span class\\='st'\\>Plan national de gestion des mati\u00e8res et d\u00e9chets radioactifs\\<\\\/span\\>\\<\\\/p\\>\"; toolTips('.classtoolTips69',tt_store_content,'21205'); <\/script><script type=\"text\/javascript\"> var tt_store_content = \"Nouveau nom que s'est donn\u00e9, en 2018, l'entreprise AREVA\"; toolTips('.classtoolTips77',tt_store_content,'5129'); <\/script><script type=\"text\/javascript\"> var tt_store_content = \"\\<\/p>\n<p style\\='text\\-align\\: center;'\\>\\<strong\\>Centre Industriel de stockage GEOlogique\\<\\\/strong\\>\\<\\\/p\\><br \/>Projet fran\u00e7ais de centre de \\<strong\\>stockage\\<\\\/strong\\> des \\<strong\\>d\u00e9chets radioactifs\\<\\\/strong\\> en couche g\u00e9ologique profonde<\/p>\n<p>\\<a href\\='https\\:\\\/\\\/fr\\.wikipedia\\.org\\\/wiki\\\/Cig%C3%A9o' target\\='_blank' rel\\='noopener'\\>Voir la fiche Wikipedia\\<\\\/a\\><br \/>\\<a href\\='http\\:\\\/\\\/cigeo\\.com\\\/' target\\='_blank' rel\\='noopener'\\>Voir le site du projet\\<\\\/a\\>\"; toolTips('.classtoolTips91',tt_store_content,'4298'); <\/script><script type=\"text\/javascript\"> var tt_store_content = \"\\<\/p>\n<p style\\='text\\-align\\: center;'\\>\\<strong\\>A\\<\\\/strong\\>gence\\<strong\\> D\\<\\\/strong\\>e l'\\<strong\\>E\\<\\\/strong\\>nvironnement et de la \\<strong\\>M\\<\\\/strong\\>a\u00eetrise de l'\\<strong\\>E\\<\\\/strong\\>nergie\\<\\\/p\\><br \/>La mission de l'<span class='tooltipsall tooltip_post_id_4303 classtoolTips92'>ADEME<\/span> est de susciter, animer, coordonner, faciliter ou r\u00e9aliser des op\u00e9rations ayant pour objet la protection de l'environnement et la ma\u00eetrise de l'\u00e9nergie\\.<\/p>\n<p>\\<a href\\='http\\:\\\/\\\/www\\.ademe\\.fr\\\/' target\\='_blank' rel\\='noopener'\\>Voir le site de l'Agence\\<\\\/a\\><br \/>\\<a href\\='https\\:\\\/\\\/fr\\.wikipedia\\.org\\\/wiki\\\/Agence_de_l%27environnement_et_de_la_ma%C3%AEtrise_de_l%27%C3%A9nergie' target\\='_blank' rel\\='noopener'\\>Voir la fiche Wikipedia de l'Agence\\<\\\/a\\>\"; toolTips('.classtoolTips92',tt_store_content,'4303'); <\/script><script type=\"text\/javascript\"> var tt_store_content = \"\\<\/p>\n<p style\\='text\\-align\\: center;'\\>\\<span style\\='font\\-size\\: 14pt;'\\>\\<strong\\>I\\<\\\/strong\\>nstitut \\<strong\\>N\\<\\\/strong\\>ational de \\<strong\\>R\\<\\\/strong\\>adioprotection\\<\\\/span\\><br \/>\\<span style\\='font\\-size\\: 14pt;'\\> et de \\<strong\\>S\\<\\\/strong\\>\u00fbret\u00e9 \\<strong\\>N\\<\\\/strong\\>ucl\u00e9aire\\<\\\/span\\>\\<\\\/p\\>\"; toolTips('.classtoolTips105',tt_store_content,'3613'); <\/script><script type=\"text\/javascript\"> var tt_store_content = \"Le <span class='tooltipsall tooltip_post_id_3743 classtoolTips128'>CIRC<\/span> est le&nbsp; \\<a href\\='https\\:\\\/\\\/fr\\.wikipedia\\.org\\\/wiki\\\/Centre_international_de_recherche_sur_le_cancer' target\\='_blank' rel\\='noopener'\\>Centre international de Recherche sur le Cancer\\<\\\/a\\>, cr\u00e9\u00e9 en 1965 par l\u2019\\<a href\\='https\\:\\\/\\\/fr\\.wikipedia\\.org\\\/wiki\\\/Organisation_mondiale_de_la_sant%C3%A9' target\\='_blank' rel\\='noopener'\\>Organisation Mondiale de la Sant\u00e9\\<\\\/a\\> \\(OMS\\) des \\<a href\\='https\\:\\\/\\\/fr\\.wikipedia\\.org\\\/wiki\\\/Organisation_des_Nations_unies' target\\='_blank' rel\\='noopener'\\>Nations Unies\\<\\\/a\\>\\.\"; toolTips('.classtoolTips128',tt_store_content,'3743'); <\/script><script type=\"text\/javascript\"> var tt_store_content = \"\\<\/p>\n<p style\\='text\\-align\\: center;'\\>\\<strong\\>\\<span style\\='font\\-size\\: 14pt;'\\>S\\<\\\/span\\>\\<\\\/strong\\>\\<span style\\='font\\-size\\: 14pt;'\\>oci\u00e9t\u00e9 d'\\<strong\\>\u00c9\\<\\\/strong\\>conomie \\<strong\\>M\\<\\\/strong\\>ixte\\<\\\/span\\>\\<\\\/p\\><br \/>\\<\/p>\n<p style\\='text\\-align\\: justify;'\\>En France, une soci\u00e9t\u00e9 d'\u00e9conomie mixte est une soci\u00e9t\u00e9 anonyme dont le capital est majoritairement d\u00e9tenu par une ou plusieurs personnes publiques \\(\u00e0 savoir l'\u00c9tat, une Collectivit\u00e9 territoriale, ou tout autre \u00c9tablissement public\\)\\. Cette participation majoritaire publique est plafonn\u00e9e \u00e0 85&nbsp;% du capital depuis la Loi du 2 janvier 2002\\. Au moins une personne priv\u00e9e doit participer au capital de la <span class='tooltipsall tooltip_post_id_7168 classtoolTips142'>SEM<\/span>, sachant qu'il peut s'agir d'une autre SEM\\.\\<\\\/p\\><br \/>\\<\/p>\n<p style\\='text\\-align\\: justify;'\\>\\<strong\\>Le recours \u00e0 la SEM garantit\\<\\\/strong\\> \u00e0 la collectivit\u00e9 publique actionnaire et cocontractante \\<strong\\>la prise en compte effective de l'int\u00e9r\u00eat g\u00e9n\u00e9ral\\<\\\/strong\\> dans les objectifs de l'entreprise \\<strong\\>et la souplesse de la soci\u00e9t\u00e9 de droit priv\u00e9\\<\\\/strong\\>\\.\\<\\\/p\\><br \/>\\<em\\>\\<a href\\='https\\:\\\/\\\/fr\\.wikipedia\\.org\\\/wiki\\\/Soci%C3%A9t%C3%A9_d%27%C3%A9conomie_mixte' target\\='_blank' rel\\='noopener'\\>Voir ici la page Wikipedia consacr\u00e9e aux SEM\\<\\\/a\\> \\<\\\/em\\><\/p>\n<p>&nbsp;\"; toolTips('.classtoolTips142',tt_store_content,'7168'); <\/script><script type=\"text\/javascript\"> var tt_store_content = \"\\<\/p>\n<p style\\='text\\-align\\: center;'\\>\\<span style\\='font\\-size\\: 14pt;'\\>\\<strong\\>I\\<\\\/strong\\>mp\u00f4t sur la \\<strong\\>F\\<\\\/strong\\>ortune \\<strong\\>I\\<\\\/strong\\>mmobili\u00e8re\\<\\\/span\\>\\<\\\/p\\>\"; toolTips('.classtoolTips148',tt_store_content,'5643'); <\/script><script type=\"text\/javascript\"> var tt_store_content = \"\\<p\\><span class='tooltipsall tooltip_post_id_21007 classtoolTips152'>MWh<\/span> \\= \\<span class\\='ILfuVd'\\>\\<span class\\='e24Kjd'\\>unit\u00e9 de mesure de l'\u00e9nergie, qui correspond \u00e0 la puissance d'un <span class='tooltipsall tooltip_post_id_30103 classtoolTips217'>m\u00e9gawatt<\/span> actif pendant une heure\\. Exemple \\: 1 \\<b\\>MWh\\<\\\/b\\> \u00e9quivaut \u00e0 1000 kWh\\<\\\/span\\>\\<\\\/span\\>\\<\\\/p\\>\"; toolTips('.classtoolTips152',tt_store_content,'21007'); <\/script><script type=\"text\/javascript\"> var tt_store_content = \"\\<p\\>MWh \\= \\<span class\\='ILfuVd'\\>\\<span class\\='e24Kjd'\\>unit\u00e9 de mesure de l'\u00e9nergie, qui correspond \u00e0 la puissance d'un m\u00e9gawatt actif pendant une heure\\. Exemple \\: 1 \\<b\\>MWh\\<\\\/b\\> \u00e9quivaut \u00e0 1000 kWh\\<\\\/span\\>\\<\\\/span\\>\\<\\\/p\\>\"; toolTips('.classtoolTips152',tt_store_content,'21007'); <\/script><script type=\"text\/javascript\"> var tt_store_content = \"\\<\/p>\n<p style\\='text\\-align\\: center;'\\>\\<span style\\='font\\-size\\: 14pt;'\\>\\<strong\\>R\\<\\\/strong\\>\u00e9pertoire \\<strong\\>N\\<\\\/strong\\>ational des \\<strong\\>A\\<\\\/strong\\>ssociations\\<\\\/span\\>\\<\\\/p\\>\"; toolTips('.classtoolTips159',tt_store_content,'24374'); <\/script><script type=\"text\/javascript\"> var tt_store_content = \"\\<\/p>\n<p style\\='text\\-align\\: center;'\\>\\<strong\\>\\<span style\\='font\\-size\\: 14pt;'\\>G\\<\\\/span\\>\\<\\\/strong\\>\\<span style\\='font\\-size\\: 14pt;'\\>az \u00e0 \\<strong\\>E\\<\\\/strong\\>ffet de \\<strong\\>S\\<\\\/strong\\>erre\\<\\\/span\\>\\<\\\/p\\><br \/>\\<\/p>\n<p style\\='text\\-align\\: justify;'\\>Les gaz \u00e0 effet de serre \\(<span class='tooltipsall tooltip_post_id_7232 classtoolTips161'>GES<\/span>\\) sont des composants gazeux qui absorbent le rayonnement infrarouge \u00e9mis par la surface terrestre et contribuent \u00e0 l'effet de serre\\. L'augmentation de leur concentration dans l'atmosph\u00e8re terrestre est l'un des facteurs \u00e0 l'origine du r\u00e9chauffement climatique\\.\\<\\\/p\\><br \/>\\<a href\\='https\\:\\\/\\\/fr\\.wikipedia\\.org\\\/wiki\\\/Gaz_%C3%A0_effet_de_serre' target\\='_blank' rel\\='noopener'\\>\\<em\\>Voir ici la fiche Wikipedia sur les gaz \u00e0 effet de serre\\<\\\/em\\>\\<\\\/a\\>\"; toolTips('.classtoolTips161',tt_store_content,'7232'); <\/script><script type=\"text\/javascript\"> var tt_store_content = \"\\<\/p>\n<p style\\='text\\-align\\: center;'\\>\\<strong\\>Autorit\u00e9 de S\u00fbret\u00e9 Nucl\u00e9aire\\<\\\/strong\\>\\<\\\/p\\>\"; toolTips('.classtoolTips163',tt_store_content,'3650'); <\/script><script type=\"text\/javascript\"> var tt_store_content = \"\\<\/p>\n<p style\\='text\\-align\\: justify'\\>La \u00ab\u00a0\\<b\\>programmation pluriannuelle de l'\u00e9nergie\\<\\\/b\\>\u00a0\u00bb \\(<span class='tooltipsall tooltip_post_id_7750 classtoolTips164'>PPE<\/span>\\) est, en France, un document strat\u00e9gique de pilotage de la transition \u00e9nerg\u00e9tique\\. Institu\u00e9e par l'article 176 de la \\<a title\\='Loi relative \u00e0 la transition \u00e9nerg\u00e9tique pour la croissance verte' href\\='https\\:\\\/\\\/fr\\.wikipedia\\.org\\\/wiki\\\/Loi_relative_%C3%A0_la_transition_%C3%A9nerg%C3%A9tique_pour_la_croissance_verte'\\>loi de transition \u00e9nerg\u00e9tique\\<\\\/a\\> \\(TECV\\), elle fixe une trajectoire pour le \\<a title\\='Mix \u00e9nerg\u00e9tique' href\\='https\\:\\\/\\\/fr\\.wikipedia\\.org\\\/wiki\\\/Mix_%C3%A9nerg%C3%A9tique'\\>mix \u00e9nerg\u00e9tique\\<\\\/a\\>, ainsi que \\<span class\\='citation'\\>\u00ab\u00a0les priorit\u00e9s d'action pour la gestion de l\u2019ensemble des formes d'\u00e9nergie sur le territoire m\u00e9tropolitain continental, afin d\u2019atteindre les objectifs nationaux fix\u00e9s par la loi\u00a0\u00bb\\<\\\/span\\>\\. \\(Wikip\u00e9dia\\)\\<\\\/p\\>\"; toolTips('.classtoolTips164',tt_store_content,'7750'); <\/script><script type=\"text\/javascript\"> var tt_store_content = \"\\<\/p>\n<p style\\='text\\-align\\: justify'\\>La \u00ab\u00a0\\<b\\>programmation pluriannuelle de l'\u00e9nergie\\<\\\/b\\>\u00a0\u00bb \\(PPE\\) est, en France, un document strat\u00e9gique de pilotage de la transition \u00e9nerg\u00e9tique\\. Institu\u00e9e par l'article 176 de la \\<a title\\='Loi relative \u00e0 la transition \u00e9nerg\u00e9tique pour la croissance verte' href\\='https\\:\\\/\\\/fr\\.wikipedia\\.org\\\/wiki\\\/Loi_relative_%C3%A0_la_transition_%C3%A9nerg%C3%A9tique_pour_la_croissance_verte'\\>loi de transition \u00e9nerg\u00e9tique\\<\\\/a\\> \\(TECV\\), elle fixe une trajectoire pour le \\<a title\\='Mix \u00e9nerg\u00e9tique' href\\='https\\:\\\/\\\/fr\\.wikipedia\\.org\\\/wiki\\\/Mix_%C3%A9nerg%C3%A9tique'\\>mix \u00e9nerg\u00e9tique\\<\\\/a\\>, ainsi que \\<span class\\='citation'\\>\u00ab\u00a0les priorit\u00e9s d'action pour la gestion de l\u2019ensemble des formes d'\u00e9nergie sur le territoire m\u00e9tropolitain continental, afin d\u2019atteindre les objectifs nationaux fix\u00e9s par la loi\u00a0\u00bb\\<\\\/span\\>\\. \\(Wikip\u00e9dia\\)\\<\\\/p\\>\"; toolTips('.classtoolTips164',tt_store_content,'7750'); <\/script><script type=\"text\/javascript\"> var tt_store_content = \"\\<\/p>\n<p style\\='text\\-align\\: justify;'\\>Le Conseil d'Orientation des Retraites est une instance qui r\u00e9unit &nbsp;\\<span class\\='st'\\>les principaux acteurs du champ des retraites\\<\\\/span\\> et effectue un travail d'\u00e9tudes et de concertation\\. Compos\u00e9 de parlementaires, de repr\u00e9sentants des organisations professionnelles et syndicales, des retrait\u00e9s et des familles, de membres de l'administration et d'experts, le Conseil d'orientation des retraites \\(<span class='tooltipsall tooltip_post_id_7751 classtoolTips165'>COR<\/span>\\) est plac\u00e9 aupr\u00e8s du Premier ministre\\.\\<\\\/p\\>\"; toolTips('.classtoolTips165',tt_store_content,'7751'); <\/script><script type=\"text\/javascript\"> var tt_store_content = \"Energies Renouvelables\"; toolTips('.classtoolTips167',tt_store_content,'7758'); <\/script><script type=\"text\/javascript\"> var tt_store_content = \"Energies Renouvelables\"; toolTips('.classtoolTips167',tt_store_content,'7758'); <\/script><script type=\"text\/javascript\"> var tt_store_content = \"\\<\/p>\n<p style\\='text\\-align\\: center;'\\>\\<span style\\='font\\-size\\: 14pt;'\\>\\<strong\\>O\\<\\\/strong\\>rganisation \\<strong\\>M\\<\\\/strong\\>\u00e9t\u00e9orologique \\<strong\\>M\\<\\\/strong\\>ondiale<br \/>\\<strong\\>W\\<\\\/strong\\>orld \\<strong\\>M\\<\\\/strong\\>eteorological \\<strong\\>O\\<\\\/strong\\>rganization\\<\\\/span\\>\\<\\\/p\\><br \/>&nbsp;<\/p>\n<p>\\<a href\\='https\\:\\\/\\\/public\\.wmo\\.int\\\/fr' target\\='_blank' rel\\='noopener'\\>\\<em\\>Acc\u00e9der ici au site de l'organisation\\<\\\/em\\>\\<\\\/a\\>\"; toolTips('.classtoolTips168',tt_store_content,'7763'); <\/script><script type=\"text\/javascript\"> var tt_store_content = \"\\<\/p>\n<p style\\='text\\-align\\: center;'\\>\\<span style\\='font\\-size\\: 14pt;'\\>\\<strong\\>\u00c9\\<\\\/strong\\>cole \\<strong\\>N\\<\\\/strong\\>ationale d'\\<strong\\>A\\<\\\/strong\\>dministration\\<\\\/span\\>\\<\\\/p\\>\"; toolTips('.classtoolTips170',tt_store_content,'5213'); <\/script><script type=\"text\/javascript\"> var tt_store_content = \"\\<\/p>\n<p style\\='text\\-align\\: justify'\\>\\<span class\\='ILfuVd'\\>La politique agricole commune \\(\\<b\\><span class='tooltipsall tooltip_post_id_11364 classtoolTips174'>PAC<\/span>\\<\\\/b\\>\\) est une politique mise en place \u00e0 l'\u00e9chelle de l'Union europ\u00e9enne\\. \u00c0 l'origine, elle est fond\u00e9e principalement sur des mesures de contr\u00f4le des prix et de subventionnement, visant \u00e0 moderniser et d\u00e9velopper l'agriculture\\.\\<\\\/span\\> \\(source Wikipedia\\)\\<\\\/p\\>\"; toolTips('.classtoolTips174',tt_store_content,'11364'); <\/script><script type=\"text\/javascript\"> var tt_store_content = \"\\<\/p>\n<p style\\='text\\-align\\: center;'\\>\\<span style\\='font\\-size\\: 14pt;'\\>\\<strong\\>P\\<\\\/strong\\>\\<\\\/span\\>\\<span style\\='font\\-size\\: 14pt;'\\>lan \\<strong\\>L\\<\\\/strong\\>\\<\\\/span\\>\\<span style\\='font\\-size\\: 14pt;'\\>ocal d'\\<strong\\>U\\<\\\/strong\\>\\<\\\/span\\>\\<span style\\='font\\-size\\: 14pt;'\\>rbanisme\\<\\\/span\\>\\<\\\/p\\><br \/>&nbsp;\"; toolTips('.classtoolTips176',tt_store_content,'4979'); <\/script><script type=\"text\/javascript\"> var tt_store_content = \"\\<\/p>\n<p style\\='text\\-align\\: center;'\\>\\<strong\\>\\<span style\\='font\\-size\\: 14pt;'\\>E\\<\\\/span\\>\\<\\\/strong\\>\\<span style\\='font\\-size\\: 14pt;'\\>lectricit\u00e9 \\<strong\\>d\\<\\\/strong\\>e \\<strong\\>F\\<\\\/strong\\>rance\\<\\\/span\\>\\<\\\/p\\>\"; toolTips('.classtoolTips178',tt_store_content,'7035'); <\/script><script type=\"text\/javascript\"> var tt_store_content = \"\\<\/p>\n<p style\\='text\\-align\\: center;'\\>\\<strong\\>\\<span style\\='font\\-size\\: 14pt;'\\>E\\<\\\/span\\>\\<\\\/strong\\>\\<span style\\='font\\-size\\: 14pt;'\\>lectricit\u00e9 \\<strong\\>d\\<\\\/strong\\>e \\<strong\\>F\\<\\\/strong\\>rance\\<\\\/span\\>\\<\\\/p\\>\"; toolTips('.classtoolTips178',tt_store_content,'7035'); <\/script><script type=\"text\/javascript\"> var tt_store_content = \"\\<p\\>Conseil \u00c9conomique et Social\\<\\\/p\\>\"; toolTips('.classtoolTips180',tt_store_content,'29829'); <\/script><script type=\"text\/javascript\"> var tt_store_content = \"\\<\/p>\n<p style\\='text\\-align\\: center;'\\>\\<span style\\='font\\-size\\: 14pt;'\\>\\<strong\\>H\\<\\\/strong\\>ydrocarbure \\<strong\\>A\\<\\\/strong\\>romatique \\<strong\\>P\\<\\\/strong\\>olycyclique\\<\\\/span\\>\\<\\\/p\\><br \/>\\<\/p>\n<p style\\='text\\-align\\: justify;'\\>Depuis de nombreuses ann\u00e9es, les <span class='tooltipsall tooltip_post_id_20397 classtoolTips184'>HAP<\/span> sont tr\u00e8s \u00e9tudi\u00e9s car ce sont des compos\u00e9s pr\u00e9sents dans tous les milieux environnementaux et qui montrent une forte toxicit\u00e9\\. On a pu \u00e9tablir la canc\u00e9rog\u00e9n\u00e8se de certains HPA, tels que le Benzo\\[a\\]anthrac\u00e8ne, le Chrys\u00e8ne et d'autres\\.\\<\\\/p\\><br \/>\\<\/p>\n<p style\\='text\\-align\\: justify;'\\>Les HAP proviennent principalement de la combustion \u00e0 haute temp\u00e9rature \\(500\u00b0 C et plus\\) de mati\u00e8res fossiles telles que le bois, le charbon et le p\u00e9trole\\. Dans l'environnement, la production de HAP provient donc&nbsp; du chauffage domestique, de la circulation automobile, des centrales \u00e9lectriques fonctionnant au charbon ou au p\u00e9trole \\('fioul'\\), ainsi que des incin\u00e9rateurs\\.\\<\\\/p\\><br \/>\\<p\\>\\<a href\\='https\\:\\\/\\\/fr\\.wikipedia\\.org\\\/wiki\\\/Hydrocarbure_aromatique_polycyclique' target\\='_blank' rel\\='noopener noreferrer'\\>\\<em\\>Voir ici l'article Wikipedia consacr\u00e9 aux HAP\\<\\\/em\\>\\<\\\/a\\>\\<\\\/p\\>\"; toolTips('.classtoolTips184',tt_store_content,'20397'); <\/script><script type=\"text\/javascript\"> var tt_store_content = \"\\<\/p>\n<p style\\='text\\-align\\: center;'\\>\\<span style\\='font\\-size\\: 14pt;'\\>\\<strong\\>A\\<\\\/strong\\>gence \\<strong\\>R\\<\\\/strong\\>\u00e9gionale de \\<strong\\>S\\<\\\/strong\\>ant\u00e9\\<\\\/span\\>\\<\\\/p\\>\"; toolTips('.classtoolTips188',tt_store_content,'18356'); <\/script><script type=\"text\/javascript\"> var tt_store_content = \"\\<\/p>\n<p style\\='text\\-align\\: center;'\\>\\<span style\\='font\\-size\\: 14pt;'\\>\\<strong\\>G\\<\\\/strong\\>roupement \\<strong\\>H\\<\\\/strong\\>ospitalier de \\<strong\\>T\\<\\\/strong\\>erritoire\\<\\\/span\\>\\<\\\/p\\><br \/>\\<\/p>\n<p style\\='text\\-align\\: justify;'\\>Les groupements hospitaliers de territoires, dispositif pr\u00e9vu par la loi de sant\u00e9 2016, sont un nouveau mode de coop\u00e9ration entre les \u00e9tablissements publics de sant\u00e9 \u00e0 l\u2019\u00e9chelle d\u2019un territoire\\<\\\/p\\>\"; toolTips('.classtoolTips189',tt_store_content,'18358'); <\/script><script type=\"text\/javascript\"> var tt_store_content = \"\\<\/p>\n<p style\\='text\\-align\\: center;'\\>\\<span style\\='font\\-size\\: 14pt;'\\>\\<strong\\>C\\<\\\/strong\\>omit\u00e9 \\<strong\\>T\\<\\\/strong\\>echnique d'\\<strong\\>\u00c9\\<\\\/strong\\>tablissement\\<\\\/span\\>\\<\\\/p\\>\"; toolTips('.classtoolTips191',tt_store_content,'18359'); <\/script><script type=\"text\/javascript\"> var tt_store_content = \"\\<\/p>\n<p style\\='text\\-align\\: center;'\\>\\<strong\\>\\<span style\\='font\\-size\\: 14pt;'\\>P\\<\\\/span\\>\\<\\\/strong\\>\\<span style\\='font\\-size\\: 14pt;'\\>rogrammation \\<strong\\>P\\<\\\/strong\\>luri\\-annuelle de l'\\<strong\\>\u00c9\\<\\\/strong\\>nergie\\<\\\/span\\>\\<\\\/p\\><br \/>La PPE est est en France un document strat\u00e9gique de pilotage de la transition \u00e9nerg\u00e9tique\\. Institu\u00e9e par l'article 176 de la loi transition \u00e9nerg\u00e9tique \\(TECV\\)\\. Elle fixe \\(par \u00e9nergie\\) une trajectoire pour le mix \u00e9nerg\u00e9tique, ainsi que \u00ab&nbsp;\\<em\\>les priorit\u00e9s d'action pour la gestion de l\u2019ensemble des formes d'\u00e9nergie sur le territoire m\u00e9tropolitain continental, afin d\u2019atteindre les objectifs nationaux fix\u00e9s par la loi\\<\\\/em\\>&nbsp;\u00bb\\.<\/p>\n<p>Initi\u00e9e en 2016, elle est r\u00e9vis\u00e9e en 2018 puis ensuite tous les 5 ans\\.<\/p>\n<p>\\<a href\\='https\\:\\\/\\\/fr\\.wikipedia\\.org\\\/wiki\\\/Programmation_pluriannuelle_de_l'\u00e9nergi' target\\='_blank' rel\\='noopener'\\>\\<em\\>Voir ici la page Wikipedia consacr\u00e9e \u00e0 la PPE\\<\\\/em\\>\\<\\\/a\\><br \/>\\<a href\\='https\\:\\\/\\\/ppe\\.debatpublic\\.fr\\\/' target\\='_blank' rel\\='noopener'\\>\\<em\\>Voir ici la page du site 'Commission du D\u00e9bat Public' consacr\u00e9e \u00e0 la PPE\\<\\\/em\\>\\<\\\/a\\>\"; toolTips('.classtoolTips193',tt_store_content,'7102'); <\/script><script type=\"text\/javascript\"> var tt_store_content = \"\\<\/p>\n<p style\\='text\\-align\\: center;'\\>\\<span style\\='font\\-size\\: 14pt;'\\>\\<strong\\>E\\<\\\/strong\\>volutionary \\<strong\\>P\\<\\\/strong\\>ower \\<strong\\>R\\<\\\/strong\\>eactor\\<\\\/span\\>\\<\\\/p\\><br \/>\\<\/p>\n<p style\\='text\\-align\\: justify;'\\>R\u00e9acteur nucl\u00e9aire de troisi\u00e8me g\u00e9n\u00e9ration \\(classification internationale\\), con\u00e7u et d\u00e9velopp\u00e9 par <span class='tooltipsall tooltip_post_id_5121 classtoolTips35'>Areva NP<\/span>&nbsp; au cours des ann\u00e9es 1990 et 2000\\. Il fait partie de la fili\u00e8re des r\u00e9acteurs \u00e0 eau pressuris\u00e9e\\.\\<\\\/p\\><br \/>\\<a href\\='https\\:\\\/\\\/fr\\.wikipedia\\.org\\\/wiki\\\/R%C3%A9acteur_pressuris%C3%A9_europ%C3%A9en' target\\='_blank' rel\\='noopener'\\>\\<em\\>Voir ici la fiche Wikipedia <span class='tooltipsall tooltip_post_id_5579 classtoolTips196'>EPR<\/span>\\<\\\/em\\>\\<\\\/a\\>\"; toolTips('.classtoolTips196',tt_store_content,'5579'); <\/script><script type=\"text\/javascript\"> var tt_store_content = \"\\<\/p>\n<p style\\='text\\-align\\: center;'\\>\\<strong\\>\\<span style\\='font\\-size\\: 14pt;'\\>R\\<\\\/span\\>\\<\\\/strong\\>\\<span style\\='font\\-size\\: 14pt;'\\>eferendum d'\\<strong\\>I\\<\\\/strong\\>nitiative \\<strong\\>C\\<\\\/strong\\>itoyenne\\<\\\/span\\>\\<\\\/p\\>\"; toolTips('.classtoolTips205',tt_store_content,'12268'); <\/script><script type=\"text\/javascript\"> var tt_store_content = \"\\<p\\><span class='tooltipsall tooltip_post_id_25844 classtoolTips208'>RTE<\/span> \\= R\u00e9seau de Transport d'Electricit\u00e9 est une filiale d'EDF qui est l'actionnaire majoritaire avec 50,1% des parts le reste \u00e9tant partag\u00e9 par la CDC et la CNP\\<\\\/p\\>\"; toolTips('.classtoolTips208',tt_store_content,'25844'); <\/script><script type=\"text\/javascript\"> var tt_store_content = \"\\<\/p>\n<p style\\='text\\-align\\: center;'\\>\\<span style\\='font\\-size\\: 14pt;'\\>\\<strong\\>O\\<\\\/strong\\>rganisation\\<strong\\> N\\<\\\/strong\\>on\\<strong\\> G\\<\\\/strong\\>ouvernementale\\<\\\/span\\>\\<\\\/p\\><br \/>Une organisation non gouvernementale \\(<span class='tooltipsall tooltip_post_id_3579 classtoolTips210'>ONG<\/span>\\) est une \\<a title\\='Association \u00e0 but non lucratif' href\\='https\\:\\\/\\\/fr\\.wikipedia\\.org\\\/wiki\\\/Association_%C3%A0_but_non_lucratif' target\\='_blank' rel\\='noopener'\\>association \u00e0 but non lucratif\\<\\\/a\\>, d'int\u00e9r\u00eat public, qui ne rel\u00e8ve ni de l'\u00c9tat, ni d'institutions internationales\\<sup id\\='cite_ref\\-novethic_1\\-0' class\\='reference'\\>\\<\\\/sup\\>\\. Les ONG n'ont pas le statut de sujet de \\<a title\\='Droit international public' href\\='https\\:\\\/\\\/fr\\.wikipedia\\.org\\\/wiki\\\/Droit_international_public' target\\='_blank' rel\\='noopener'\\>droit international\\<\\\/a\\>\\.\"; toolTips('.classtoolTips210',tt_store_content,'3579'); <\/script><script type=\"text\/javascript\"> var tt_store_content = \"\\<\/p>\n<p style\\='text\\-align\\: center;'\\>\\<span style\\='font\\-size\\: 14pt;'\\>\\<strong\\>O\\<\\\/strong\\>rganisation\\<strong\\> N\\<\\\/strong\\>on\\<strong\\> G\\<\\\/strong\\>ouvernementale\\<\\\/span\\>\\<\\\/p\\><br \/>Une organisation non gouvernementale \\(ONG\\) est une \\<a title\\='Association \u00e0 but non lucratif' href\\='https\\:\\\/\\\/fr\\.wikipedia\\.org\\\/wiki\\\/Association_%C3%A0_but_non_lucratif' target\\='_blank' rel\\='noopener'\\>association \u00e0 but non lucratif\\<\\\/a\\>, d'int\u00e9r\u00eat public, qui ne rel\u00e8ve ni de l'\u00c9tat, ni d'institutions internationales\\<sup id\\='cite_ref\\-novethic_1\\-0' class\\='reference'\\>\\<\\\/sup\\>\\. Les ONG n'ont pas le statut de sujet de \\<a title\\='Droit international public' href\\='https\\:\\\/\\\/fr\\.wikipedia\\.org\\\/wiki\\\/Droit_international_public' target\\='_blank' rel\\='noopener'\\>droit international\\<\\\/a\\>\\.\"; toolTips('.classtoolTips210',tt_store_content,'3579'); <\/script><script type=\"text\/javascript\"> var tt_store_content = \"\\<p\\><span class='tooltipsall tooltip_post_id_24572 classtoolTips211'>MIT<\/span> \\= Massachussets Institute of Technology, prestigieuse universit\u00e9 am\u00e9ricaine de la c\u00f4te est\\<\\\/p\\>\"; toolTips('.classtoolTips211',tt_store_content,'24572'); <\/script><script type=\"text\/javascript\"> var tt_store_content = \"\\<p\\>d\u00e9chets \u00e0 Vie Courte \\(classement <span class='tooltipsall tooltip_post_id_3612 classtoolTips79'>ANDRA<\/span>\\)\\<\\\/p\\>\"; toolTips('.classtoolTips212',tt_store_content,'19201'); <\/script><script type=\"text\/javascript\"> var tt_store_content = \"\\<\/p>\n<p style\\='text\\-align\\: center;'\\>\\<strong\\>J\\<\\\/strong\\>eux \\<strong\\>O\\<\\\/strong\\>lympiques<br \/>ou<br \/>\\<strong\\>J\\<\\\/strong\\>ournal \\<strong\\>O\\<\\\/strong\\>fficiel de la R\u00e9publique Fran\u00e7aise\\<\\\/p\\>\"; toolTips('.classtoolTips213',tt_store_content,'4451'); <\/script><script type=\"text\/javascript\"> var tt_store_content = \"\\<p\\><span class='tooltipsall tooltip_post_id_30593 classtoolTips214'>RN<\/span> \\= Rassemble National, c'est le parti d'extr\u00eame droite de Marine Le Pen qui succ\u00e8de au FN \\= Front National fond\u00e9 par son p\u00e8re Jean Marie Le Pen\\<\\\/p\\>\"; toolTips('.classtoolTips214',tt_store_content,'30593'); <\/script><script type=\"text\/javascript\"> var tt_store_content = \"<\/p>\n<div class='tooltips_youtube_class' ><iframe width='100%' height='100%' src='http:\/\/www.youtube.com\/embed\/m\u00e9gawatt?rel=0&autoplay=1' frameborder='0' allowfullscreen><\/iframe><\/div>\n<p>\\<p\\>\\<strong\\>MEGAWATT \\(<span class='tooltipsall tooltip_post_id_30103 classtoolTips217'>MW<\/span>\\) \\= 1\\.000\\.000 watts\\<\\\/strong\\>\\<\\\/p\\>\"; toolTips('.classtoolTips217',tt_store_content,'30103'); <\/script><script type=\"text\/javascript\"> var tt_store_content = \"<\/p>\n<div class='tooltips_youtube_class' ><iframe width='100%' height='100%' src='http:\/\/www.youtube.com\/embed\/m\u00e9gawatt?rel=0&autoplay=1' frameborder='0' allowfullscreen><\/iframe><\/div>\n<p>\\<p\\>\\<strong\\>MEGAWATT \\(MW\\) \\= 1\\.000\\.000 watts\\<\\\/strong\\>\\<\\\/p\\>\"; toolTips('.classtoolTips217',tt_store_content,'30103'); <\/script><script type=\"text\/javascript\"> var tt_store_content = \"<\/p>\n<div class='tooltips_youtube_class' ><iframe width='100%' height='100%' src='http:\/\/www.youtube.com\/embed\/terawatt?rel=0&autoplay=1' frameborder='0' allowfullscreen><\/iframe><\/div>\n<p>\\<p\\>\\<strong\\>TERAWATT \\(<span class='tooltipsall tooltip_post_id_30105 classtoolTips219'>TW<\/span>\\) \\= 1000 000 000 000 <span class='tooltipsall tooltip_post_id_30101 classtoolTips216'>KW<\/span>\\<\\\/strong\\>\\<\\\/p\\>\"; toolTips('.classtoolTips219',tt_store_content,'30105'); <\/script><script type=\"text\/javascript\"> var tt_store_content = \"\\<\/p>\n<p style\\='text\\-align\\: center;'\\>\\<span style\\='font\\-size\\: 14pt;'\\>\\<strong\\>C\\<\\\/strong\\>entre \\<strong\\>H\\<\\\/strong\\>ospitalier\\<\\\/span\\>\\<\\\/p\\>\"; toolTips('.classtoolTips220',tt_store_content,'18357'); <\/script><script type=\"text\/javascript\"> var tt_store_content = \"\\<\/p>\n<p style\\='text\\-align\\: center;'\\>\\<span style\\='font\\-size\\: 14pt;'\\>\\<strong\\><span class='tooltipsall tooltip_post_id_21736 classtoolTips222'>nm<\/span> \\= n\\<\\\/strong\\>ano\\<strong\\>m\\<\\\/strong\\>\u00e8tre \\<\\\/span\\>\\<\\\/p\\><br \/>\\<\/p>\n<p style\\='text\\-align\\: justify;'\\>\\<em\\>le <span class='tooltipsall tooltip_post_id_21736 classtoolTips222'>nanom\u00e8tre<\/span>, de symbole nm, est une unit\u00e9 de longueur du Syst\u00e8me international\\. C'est un sous\\-multiple du m\u00e8tre, il vaut un milliardi\u00e8me de m\u00e8tre, soit un millioni\u00e8me de millim\u00e8tre\\.\\<\\\/em\\>\\<\\\/p\\><br \/>\\<\/p>\n<p style\\='text\\-align\\: center;'\\>\\<strong\\>\\<em\\> 1 nm \\= 10\u207b\u00b3 \u00b5m \\= 10\\<sup\\>\u20136\\<\\\/sup\\> mm \\= 10\\<sup\\>\u20139\\<\\\/sup\\> m\\.\\<\\\/em\\>\\<\\\/strong\\>\\<\\\/p\\>\"; toolTips('.classtoolTips222',tt_store_content,'21736'); <\/script><script type=\"text\/javascript\"> var tt_store_content = \"\\<p\\>D\u00e9chets radioactifs \u00e0 Haute Activit\u00e9 \\(classement ANDRA\\)\\<\\\/p\\>\"; toolTips('.classtoolTips223',tt_store_content,'19196'); <\/script><\/p>\n","protected":false},"author":21,"featured_media":0,"parent":1981,"menu_order":0,"comment_status":"closed","ping_status":"closed","template":"","meta":{"_acf_changed":false,"ngg_post_thumbnail":0,"footnotes":""},"coauthors":[76],"class_list":["post-5909","page","type-page","status-publish","hentry","no-thumb"],"acf":[],"jetpack_sharing_enabled":true,"jetpack_shortlink":"https:\/\/wp.me\/P9B5TM-1xj","_links":{"self":[{"href":"https:\/\/le-clairon-nouveau.fr\/wordpress\/wp-json\/wp\/v2\/pages\/5909","targetHints":{"allow":["GET"]}}],"collection":[{"href":"https:\/\/le-clairon-nouveau.fr\/wordpress\/wp-json\/wp\/v2\/pages"}],"about":[{"href":"https:\/\/le-clairon-nouveau.fr\/wordpress\/wp-json\/wp\/v2\/types\/page"}],"author":[{"embeddable":true,"href":"https:\/\/le-clairon-nouveau.fr\/wordpress\/wp-json\/wp\/v2\/users\/21"}],"replies":[{"embeddable":true,"href":"https:\/\/le-clairon-nouveau.fr\/wordpress\/wp-json\/wp\/v2\/comments?post=5909"}],"version-history":[{"count":0,"href":"https:\/\/le-clairon-nouveau.fr\/wordpress\/wp-json\/wp\/v2\/pages\/5909\/revisions"}],"up":[{"embeddable":true,"href":"https:\/\/le-clairon-nouveau.fr\/wordpress\/wp-json\/wp\/v2\/pages\/1981"}],"wp:attachment":[{"href":"https:\/\/le-clairon-nouveau.fr\/wordpress\/wp-json\/wp\/v2\/media?parent=5909"}],"wp:term":[{"taxonomy":"author","embeddable":true,"href":"https:\/\/le-clairon-nouveau.fr\/wordpress\/wp-json\/wp\/v2\/coauthors?post=5909"}],"curies":[{"name":"wp","href":"https:\/\/api.w.org\/{rel}","templated":true}]}}